{"id":36613,"date":"2026-03-23T10:27:06","date_gmt":"2026-03-23T09:27:06","guid":{"rendered":"https:\/\/www.kern-unternehmensnachfolge.com\/?page_id=36613"},"modified":"2026-03-23T10:35:51","modified_gmt":"2026-03-23T09:35:51","slug":"nuernberg","status":"publish","type":"page","link":"https:\/\/www.kern-unternehmensnachfolge.com\/pt\/standort\/nuernberg\/","title":{"rendered":"<span class=\"caps\">KERN<\/span> \u2013 Stand\u00adort N\u00fcrnberg"},"content":{"rendered":"<p><a target=\"_blank\" href=\"https:\/\/www.kern-unternehmensnachfolge.com\/pt\/\" data-id-d=\"0\" data-img-style=\"width: 100%;\"><img decoding=\"async\" src=\"https:\/\/www.kern-unternehmensnachfolge.com\/wp-content\/uploads\/2023\/05\/kern_logo2023_rgb_farbig_transparent.png\" height=\"502\" width=\"1317\" alt=\"Log\u00f3tipo KERN\" style=\"width: 100%;\" loading=\"lazy\"><\/a><\/p>\n<h2 style=\"text-align: left;\">Suces\u00ads\u00e3o de empre\u00adsas, venda de empre\u00adsas, mudan\u00ad\u00e7a de gera\u00e7\u00e3o<\/h2>\n<h1>Treffen Sie die Spezia\u00adlis\u00adten f\u00fcr Unternehmens\u00adnachfolge in N\u00fcrnberg<\/h1>\n<h3 style=\"text-align: left;\">Ihr <span class=\"caps\">KERN<\/span> Partner in N\u00fcrnberg<\/h3>\n<h3 style>Wolfgang A. B\u00fcrger<\/h3>\n<p>Jahrgang 1971, Bankkauf\u00admann, FH-Studi\u00adum <span class=\"caps\">BWL<\/span> in der Fachrich\u00adtung Banken\/Finanzierung, zerti\u00adfi\u00adzier\u00adter syste\u00admi\u00adscher Berater und Coach mit den Schwer\u00adpunk\u00adten Strate\u00adgie\u00adent\u00adwick\u00adlung, Change-Manage\u00adment und Nachfolgeprozesse.<\/p>\n<p><span style=\"width: 100%;\"><img decoding=\"async\" alt=\"Wolfgang Buerger - Kern\" title=\"Wolfgang Buerger - Kern\" data-id=\"32566\" src=\"https:\/\/www.kern-unternehmensnachfolge.com\/wp-content\/uploads\/2025\/01\/Wolfgang-Buerger-Kern.jpg\" style=\"aspect-ratio: auto 1680 \/ 945;\" width=\"493\" height=\"277\" data-width=\"493\" data-height=\"277\" data-init-width=\"1680\" data-init-height=\"945\" mt-d=\"0\" ml-d=\"0\" center-v-d=\"false\" mt-t=\"0\" ml-t=\"0\" loading=\"lazy\"><\/span><\/p>\n<h3 style>Reto Faulen\u00adbach<\/h3>\n<p>Jahrgang 1974, Sport\u00f6ko\u00adnom und Spezia\u00adlist f\u00fcr Nachfol\u00adge\u00adl\u00f6\u00adsun\u00adgen. In seinen F\u00fchrungs\u00adauf\u00adga\u00adben hat er mehrfach erfolg\u00adreich selbst den Prozess des Verkaufs erlebt und gestaltet.<\/p>\n<p><span style=\"width: 100%;\"><img decoding=\"async\" alt title=\"unternehmensnachfolge-bayreuth-faulenbach\" data-id=\"29946\" src=\"https:\/\/www.kern-unternehmensnachfolge.com\/wp-content\/uploads\/2024\/02\/unternehmensnachfolge-bayreuth-faulenbach.jpeg\" style=\"aspect-ratio: auto 1280 \/ 720;\" width=\"493\" height=\"277\" data-width=\"493\" data-height=\"277\" data-init-width=\"1280\" data-init-height=\"720\" mt-d=\"0\" ml-d=\"0\" center-v-d=\"false\" mt-t=\"0\" ml-t=\"-21.625\" loading=\"lazy\"><\/span><\/p>\n<h3 style=\"text-align: center;\">Conno\u00adsco, \u00e9 muito mais do que um simples cliente. A suces\u00ads\u00e3o da sua empre\u00adsa est\u00e1 no nosso cora\u00e7\u00e3o.<\/h3>\n<p>Sie sind auf der Suche nach einem Partner, der Ihre Unternehmens\u00adnachfolge vertrau\u00adens\u00advoll, kompe\u00adtent und engagiert beglei\u00adtet. Bei <span class=\"caps\">KERN<\/span> treffen Sie Menschen, f\u00fcr die Sie mehr sind als eine Beratungs\u00adkun\u00adde. Menschen, die Sie verste\u00adhen und die wissen, was dieser gro\u00dfe Schritt f\u00fcr Sie ganz pers\u00f6n\u00adlich bedeutet.<\/p>\n<p>Oft handelt es sich um hohe und sehr wichti\u00adge Verm\u00f6\u00adgens\u00adwer\u00adte. Es geht um Ihre pers\u00f6n\u00adli\u00adche Absiche\u00adrung, die Zukunft Ihrer Mitar\u00adbei\u00adter oder auch um Wachs\u00adtum und die konkre\u00adte Identi\u00adfi\u00adzie\u00adrung des passen\u00adden K\u00e4ufers oder Verk\u00e4ufers.<\/p>\n<p>Die Erfah\u00adrung und Exper\u00adti\u00adse Ihres <span class=\"caps\">KERN<\/span> Beraters kann Sie vor teuren und schwer\u00adwie\u00adgen\u00adden Fehlern sch\u00fct\u00adzen. Machen Sie jetzt den n\u00e4chs\u00adten Schritt bei Ihrer Unternehmens\u00adnachfolge, dem <a href=\"https:\/\/www.kern-unternehmensnachfolge.com\/pt\/venda-de-uma-empresa-4\/\" target=\"_blank\" style=\"outline: none;\">Venda da empre\u00adsa<\/a> aquisi\u00ad\u00e7\u00e3o de empre\u00adsa ou mudan\u00ad\u00e7a de gera\u00e7\u00e3o.<\/p>\n<p><strong><span class=\"caps\">KERN<\/span> Unternehmens\u00adnachfolge N\u00fcrnberg<\/strong><br> (alle Partner sind recht\u00adlich eigen\u00adst\u00e4n\u00addig) <br>Gebert\u00adstra\u00ad\u00dfe 9<br>90411 N\u00fcrnberg&nbsp;<\/p>\n<p><a href=\"mailto:nuernberg@kern-unternehmensnachfolge.com\" target=\"_blank\" style=\"outline: none;\">nuernberg@kern-unternehmensnachfolge.com<\/a><\/p>","protected":false},"excerpt":{"rendered":"<p>Unternehmensnachfolge, Unternehmensverkauf, Generationswechsel Treffen Sie die Spezialisten f\u00fcr Unternehmensnachfolge in N\u00fcrnberg Ihr KERN Partner in N\u00fcrnberg Wolfgang A. B\u00fcrger Jahrgang [&hellip;]<\/p>\n","protected":false},"author":84,"featured_media":0,"parent":27709,"menu_order":0,"comment_status":"closed","ping_status":"closed","template":"","meta":{"wp_typography_post_enhancements_disabled":false,"_kad_blocks_custom_css":"","_kad_blocks_head_custom_js":"","_kad_blocks_body_custom_js":"","_kad_blocks_footer_custom_js":"","site-sidebar-layout":"no-sidebar","site-content-layout":"page-builder","ast-site-content-layout":"full-width-container","site-content-style":"unboxed","site-sidebar-style":"unboxed","ast-global-header-display":"disabled","ast-banner-title-visibility":"disabled","ast-main-header-display":"","ast-hfb-above-header-display":"","ast-hfb-below-header-display":"","ast-hfb-mobile-header-display":"","site-post-title":"","ast-breadcrumbs-content":"","ast-featured-img":"","footer-sml-layout":"disabled","ast-disable-related-posts":"","theme-transparent-header-meta":"","adv-header-id-meta":"","stick-header-meta":"","header-above-stick-meta":"","header-main-stick-meta":"","header-below-stick-meta":"","astra-migrate-meta-layouts":"set","ast-page-background-enabled":"default","ast-page-background-meta":{"desktop":{"background-color":"","background-image":"","background-repeat":"repeat","background-position":"center center","background-size":"auto","background-attachment":"scroll","background-type":"","background-media":"","overlay-type":"","overlay-color":"","overlay-opacity":"","overlay-gradient":""},"tablet":{"background-color":"","background-image":"","background-repeat":"repeat","background-position":"center center","background-size":"auto","background-attachment":"scroll","background-type":"","background-media":"","overlay-type":"","overlay-color":"","overlay-opacity":"","overlay-gradient":""},"mobile":{"background-color":"","background-image":"","background-repeat":"repeat","background-position":"center center","background-size":"auto","background-attachment":"scroll","background-type":"","background-media":"","overlay-type":"","overlay-color":"","overlay-opacity":"","overlay-gradient":""}},"ast-content-background-meta":{"desktop":{"background-color":"var(--ast-global-color-5)","background-image":"","background-repeat":"repeat","background-position":"center center","background-size":"auto","background-attachment":"scroll","background-type":"","background-media":"","overlay-type":"","overlay-color":"","overlay-opacity":"","overlay-gradient":""},"tablet":{"background-color":"var(--ast-global-color-5)","background-image":"","background-repeat":"repeat","background-position":"center center","background-size":"auto","background-attachment":"scroll","background-type":"","background-media":"","overlay-type":"","overlay-color":"","overlay-opacity":"","overlay-gradient":""},"mobile":{"background-color":"var(--ast-global-color-5)","background-image":"","background-repeat":"repeat","background-position":"center center","background-size":"auto","background-attachment":"scroll","background-type":"","background-media":"","overlay-type":"","overlay-color":"","overlay-opacity":"","overlay-gradient":""}},"iawp_total_views":11,"footnotes":""},"class_list":["post-36613","page","type-page","status-publish","hentry"],"taxonomy_info":[],"featured_image_src_large":false,"author_info":{"display_name":"Benjamin","author_link":"https:\/\/www.kern-unternehmensnachfolge.com\/pt\/author\/benjamin-onestop\/"},"comment_info":0,"_links":{"self":[{"href":"https:\/\/www.kern-unternehmensnachfolge.com\/pt\/wp-json\/wp\/v2\/pages\/36613","targetHints":{"allow":["GET"]}}],"collection":[{"href":"https:\/\/www.kern-unternehmensnachfolge.com\/pt\/wp-json\/wp\/v2\/pages"}],"about":[{"href":"https:\/\/www.kern-unternehmensnachfolge.com\/pt\/wp-json\/wp\/v2\/types\/page"}],"author":[{"embeddable":true,"href":"https:\/\/www.kern-unternehmensnachfolge.com\/pt\/wp-json\/wp\/v2\/users\/84"}],"replies":[{"embeddable":true,"href":"https:\/\/www.kern-unternehmensnachfolge.com\/pt\/wp-json\/wp\/v2\/comments?post=36613"}],"version-history":[{"count":0,"href":"https:\/\/www.kern-unternehmensnachfolge.com\/pt\/wp-json\/wp\/v2\/pages\/36613\/revisions"}],"up":[{"embeddable":true,"href":"https:\/\/www.kern-unternehmensnachfolge.com\/pt\/wp-json\/wp\/v2\/pages\/27709"}],"wp:attachment":[{"href":"https:\/\/www.kern-unternehmensnachfolge.com\/pt\/wp-json\/wp\/v2\/media?parent=36613"}],"curies":[{"name":"wp","href":"https:\/\/api.w.org\/{rel}","templated":true}]}}