{"id":36424,"date":"2026-03-06T18:53:33","date_gmt":"2026-03-06T17:53:33","guid":{"rendered":"https:\/\/www.kern-unternehmensnachfolge.com\/?page_id=36424"},"modified":"2026-03-06T19:32:13","modified_gmt":"2026-03-06T18:32:13","slug":"palma-koerber","status":"publish","type":"page","link":"https:\/\/www.kern-unternehmensnachfolge.com\/pt\/standort\/palma-koerber\/","title":{"rendered":"<span class=\"caps\">KERN<\/span> \u2013 Unternehmens\u00adnachfolge <span class=\"amp\">&amp;<\/span> Unter\u00adnehmens\u00adverkauf in Palma \u2013 Koerber"},"content":{"rendered":"<p><a target=\"_blank\" href=\"https:\/\/www.kern-unternehmensnachfolge.com\" data-id-d=\"0\" data-img-style=\"width: 100%;\"><img decoding=\"async\" src=\"https:\/\/www.kern-unternehmensnachfolge.com\/wp-content\/uploads\/2023\/05\/kern_logo2023_rgb_farbig_transparent.png\" height=\"502\" width=\"1317\" alt=\"KERN Logo\" style=\"width: 100%;\" loading=\"lazy\"><\/img><\/a><\/p>\n<h2>Ihr Lebenswerk sichern? Ihre Firma verkaufen?<\/h2>\n<h1>Nils Koerber \u2013 Gr\u00fcnder von KERN &#8211; begleitet auf Mallorca Unternehmer aus der DACH-Region in der Nachfolgeregelung<\/h1>\n<p>[tcb-script type=&#8220;application\/ld+json&#8220;]{  &#8222;@context&#8220;: &#8222;https:\/\/schema.org&#8220;,  &#8222;@type&#8220;: &#8222;LocalBusiness&#8220;,  &#8222;name&#8220;: &#8222;KERN \u2013 M&amp;A Beratung f\u00fcr Unternehmensnachfolge &amp; Unternehmensverkauf Bremen&#8220;,  &#8222;image&#8220;: &#8222;https:\/\/www.kern-unternehmensnachfolge.com\/wp-content\/uploads\/2023\/05\/kern_logo2023_rgb_farbig_transparent.png&#8220;,  &#8222;@id&#8220;: &#8222;&#8220;,  &#8222;url&#8220;: &#8222;https:\/\/www.kern-unternehmensnachfolge.com\/standort\/bremen-koerber\/&#8220;,  &#8222;telephone&#8220;: &#8222;+49 421 69208840&#8220;,  &#8222;address&#8220;: {    &#8222;@type&#8220;: &#8222;PostalAddress&#8220;,    &#8222;streetAddress&#8220;: &#8222;Heinrich-Heine-Stra\u00dfe 111&#8220;,    &#8222;addressLocality&#8220;: &#8222;Bremen&#8220;,    &#8222;postalCode&#8220;: &#8222;28211&#8220;,    &#8222;addressCountry&#8220;: &#8222;DE&#8220;  },  &#8222;geo&#8220;: {    &#8222;@type&#8220;: &#8222;GeoCoordinates&#8220;,    &#8222;latitude&#8220;: 53.08456289999999,    &#8222;longitude&#8220;: 8.8713269  },  &#8222;openingHoursSpecification&#8220;: {    &#8222;@type&#8220;: &#8222;OpeningHoursSpecification&#8220;,    &#8222;dayOfWeek&#8220;: [      &#8222;Monday&#8220;,      &#8222;Tuesday&#8220;,      &#8222;Wednesday&#8220;,      &#8222;Thursday&#8220;,      &#8222;Friday&#8220;    ],    &#8222;opens&#8220;: &#8222;09:00&#8220;,    &#8222;closes&#8220;: &#8222;18:00&#8220;  },  &#8222;sameAs&#8220;: &#8222;https:\/\/www.linkedin.com\/in\/nils-koerber-52449661&#8220; }[\/tcb-script]<\/p>\n<h4 style=\"text-align: center;\"><a href=\"https:\/\/www.kern-unternehmensnachfolge.com\/erfolgsgarantie\/\" style=\"outline: none;\">\u2605\u2605\u2605\u2605\u2605 &nbsp;5.0 Sterne aus 156 &nbsp;Bewertungen auf Provenexpert<\/a><\/h4>\n<p><span><a href=\"https:\/\/www.kern-unternehmensnachfolge.com\/erfolgsgarantie\" rel=\"\" target=\"_blank\"><img decoding=\"async\" alt=\"\" data-id=\"31496\" width=\"177\" data-init-width=\"481\" height=\"171\" data-init-height=\"464\" title=\"KERN_Erfolgsgarantie_RGB_weiss_08.24\" src=\"https:\/\/www.kern-unternehmensnachfolge.com\/wp-content\/uploads\/2024\/08\/KERN_Erfolgsgarantie_RGB_weiss_08.24.png\" data-width=\"177\" data-link-wrap=\"true\" style=\"aspect-ratio: auto 481 \/ 464;\" data-height=\"171\" loading=\"lazy\"><\/a><\/span><\/p>\n<p style=\"\">Kennenlern-Video starten<\/p>\n<p>     <!-- Original logos -->  <a href=\"#lightbox-1\" data-lightbox=\"lightbox-1\" data-img=\"https:\/\/www.kern-unternehmensnachfolge.com\/wp-content\/uploads\/2025\/03\/UDZ-Siegel_Nils-Koerber.webp\" target=\"_blank\" > <img decoding=\"async\" src=\"https:\/\/www.kern-unternehmensnachfolge.com\/wp-content\/uploads\/2025\/03\/UDZ-Siegel_Nils-Koerber.webp\" alt=\"UDZ Siegel Nils K\u00f6rber\" \/> <\/a>   <a href=\"#lightbox-2\" data-lightbox=\"lightbox-2\" data-img=\"https:\/\/www.kern-unternehmensnachfolge.com\/wp-content\/uploads\/2024\/05\/german-customer-arwards2024-150x150.jpeg\" target=\"_blank\" > <img decoding=\"async\" src=\"https:\/\/www.kern-unternehmensnachfolge.com\/wp-content\/uploads\/2024\/05\/german-customer-arwards2024-150x150.jpeg\" alt=\"German Customer Awards 2024\" \/> <\/a>   <a href=\"https:\/\/www.provenexpert.com\/kern-zukunft-fuer-lebenswerke\/\" target=\"_blank\" rel=\"noopener\"> <img decoding=\"async\" src=\"https:\/\/www.kern-unternehmensnachfolge.com\/wp-content\/uploads\/2025\/10\/Proven-Expert-Von-Kunden-Empfohlen-2025.webp\" alt=\"Proven Expert - Von Kunden Empfohlen 2025\" \/> <\/a>   <a href=\"https:\/\/die-deutsche-wirtschaft.de\/top-mittelstand-deutschland-kern-zukunft-fuer-lebenswerke\/\" target=\"_blank\" rel=\"noopener\"> <img decoding=\"async\" src=\"https:\/\/www.kern-unternehmensnachfolge.com\/wp-content\/uploads\/2025\/08\/Top-Branche-Siegel-KERN.webp\" alt=\"TOP mittelst\u00e4ndisches Unternehmen\" \/> <\/a>   <a href=\"https:\/\/die-deutsche-wirtschaft.de\/exzellenzberater\/kern-unternehmensnachfolge-erfolgreicher\/\" target=\"_blank\" rel=\"noopener\"> <img decoding=\"async\" src=\"https:\/\/www.kern-unternehmensnachfolge.com\/wp-content\/uploads\/2025\/03\/Exzellenzberater-Deutscher-Mittelstand-2023.webp\" alt=\"Exzellenzberater 2023\" \/> <\/a>   <a href=\"https:\/\/die-deutsche-wirtschaft.de\/exzellenzberater\/kern-unternehmensnachfolge-erfolgreicher\/\" target=\"_blank\" rel=\"noopener\"> <img decoding=\"async\" src=\"https:\/\/www.kern-unternehmensnachfolge.com\/wp-content\/uploads\/2025\/03\/Exzellenzberater-Deutscher-Mittelstand-2024.webp\" alt=\"Exzellenzberater 2024\" \/> <\/a>   <a href=\"#lightbox-6\" data-lightbox=\"lightbox-6\" data-img=\"https:\/\/www.kern-unternehmensnachfolge.com\/wp-content\/uploads\/2025\/09\/Exzellenter-Nachfolgeberater-Award-2025.webp\" target=\"_blank\" > <img decoding=\"async\" src=\"https:\/\/www.kern-unternehmensnachfolge.com\/wp-content\/uploads\/2025\/09\/Exzellenter-Nachfolgeberater-Award-2025.webp\" alt=\"Exzellenter Nachfolgeberater Award 2025\" \/> <\/a>   <a href=\"https:\/\/vimeo.com\/775891851\" target=\"_blank\" rel=\"noopener\"> <img decoding=\"async\" src=\"https:\/\/www.kern-unternehmensnachfolge.com\/wp-content\/uploads\/2023\/07\/kern-german-brand-award-2021-132x300.jpeg\" alt=\"German Brand Award 2021\" \/> <\/a>   <a href=\"https:\/\/vimeo.com\/787837024\" target=\"_blank\" rel=\"noopener\"> <img decoding=\"async\" src=\"https:\/\/www.kern-unternehmensnachfolge.com\/wp-content\/uploads\/2025\/03\/Innovator-des-Jahres-2021.webp\" alt=\"Innovator 2021\" \/> <\/a>   <a href=\"#lightbox-3\" data-lightbox=\"lightbox-3\" data-img=\"https:\/\/www.kern-unternehmensnachfolge.com\/wp-content\/uploads\/2023\/06\/TC_19_Member_Strich-211x300.jpg\" target=\"_blank\" > <img decoding=\"async\" src=\"https:\/\/www.kern-unternehmensnachfolge.com\/wp-content\/uploads\/2023\/06\/TC_19_Member_Strich-211x300.jpg\" alt=\"TC 19 Member\" \/> <\/a>   <a href=\"https:\/\/vimeo.com\/775920300\" target=\"_blank\" rel=\"noopener\"> <img decoding=\"async\" src=\"https:\/\/www.kern-unternehmensnachfolge.com\/wp-content\/uploads\/2023\/06\/TC_20_Member_Strich-210x300.jpg\" alt=\"TC 20 Member\" \/> <\/a>   <a href=\"https:\/\/www.top-consultant.de\/kern-unternehmensnachfolge-erfolgreicher-2023\/\" target=\"_blank\" rel=\"noopener\"> <img decoding=\"async\" src=\"https:\/\/www.kern-unternehmensnachfolge.com\/wp-content\/uploads\/2023\/06\/tc_23_member_strich-210x300.jpg\" alt=\"TC 23 Member\" \/> <\/a>   <a href=\"#lightbox-4\" data-lightbox=\"lightbox-4\" data-img=\"https:\/\/www.kern-unternehmensnachfolge.com\/wp-content\/uploads\/2025\/04\/SZ-Institut-Beste-Berater-Mittelstand.webp\" target=\"_blank\" > <img decoding=\"async\" src=\"https:\/\/www.kern-unternehmensnachfolge.com\/wp-content\/uploads\/2025\/04\/SZ-Institut-Beste-Berater-Mittelstand.webp\" alt=\"SZ Beste Berater Mittelstand\" \/> <\/a>   <a href=\"#lightbox-5\" data-lightbox=\"lightbox-5\" data-img=\"https:\/\/www.kern-unternehmensnachfolge.com\/wp-content\/uploads\/2025\/06\/WirtschaftsWoche-Beste-Berater-Mittelstand.webp\" target=\"_blank\" > <img decoding=\"async\" src=\"https:\/\/www.kern-unternehmensnachfolge.com\/wp-content\/uploads\/2025\/06\/WirtschaftsWoche-Beste-Berater-Mittelstand.webp\" alt=\"WirtschaftsWoche Beste Berater Mittelstand\" \/> <\/a>  <!-- Duplicate logos for seamless loop -->  <a href=\"#lightbox-1\" data-lightbox=\"lightbox-1\" data-img=\"https:\/\/www.kern-unternehmensnachfolge.com\/wp-content\/uploads\/2025\/03\/UDZ-Siegel_Nils-Koerber.webp\" target=\"_blank\" > <img decoding=\"async\" src=\"https:\/\/www.kern-unternehmensnachfolge.com\/wp-content\/uploads\/2025\/03\/UDZ-Siegel_Nils-Koerber.webp\" alt=\"UDZ Siegel Nils K\u00f6rber\" \/> <\/a>   <a href=\"#lightbox-2\" data-lightbox=\"lightbox-2\" data-img=\"https:\/\/www.kern-unternehmensnachfolge.com\/wp-content\/uploads\/2024\/05\/german-customer-arwards2024-150x150.jpeg\" target=\"_blank\" > <img decoding=\"async\" src=\"https:\/\/www.kern-unternehmensnachfolge.com\/wp-content\/uploads\/2024\/05\/german-customer-arwards2024-150x150.jpeg\" alt=\"German Customer Awards 2024\" \/> <\/a>   <a href=\"https:\/\/www.provenexpert.com\/kern-zukunft-fuer-lebenswerke\/\" target=\"_blank\" rel=\"noopener\"> <img decoding=\"async\" src=\"https:\/\/www.kern-unternehmensnachfolge.com\/wp-content\/uploads\/2025\/10\/Proven-Expert-Von-Kunden-Empfohlen-2025.webp\" alt=\"Proven Expert - Von Kunden Empfohlen 2025\" \/> <\/a>   <a href=\"https:\/\/die-deutsche-wirtschaft.de\/top-mittelstand-deutschland-kern-zukunft-fuer-lebenswerke\/\" target=\"_blank\" rel=\"noopener\"> <img decoding=\"async\" src=\"https:\/\/www.kern-unternehmensnachfolge.com\/wp-content\/uploads\/2025\/08\/Top-Branche-Siegel-KERN.webp\" alt=\"TOP mittelst\u00e4ndisches Unternehmen\" \/> <\/a>   <a href=\"https:\/\/die-deutsche-wirtschaft.de\/exzellenzberater\/kern-unternehmensnachfolge-erfolgreicher\/\" target=\"_blank\" rel=\"noopener\"> <img decoding=\"async\" src=\"https:\/\/www.kern-unternehmensnachfolge.com\/wp-content\/uploads\/2025\/03\/Exzellenzberater-Deutscher-Mittelstand-2023.webp\" alt=\"Exzellenzberater 2023\" \/> <\/a>   <a href=\"https:\/\/die-deutsche-wirtschaft.de\/exzellenzberater\/kern-unternehmensnachfolge-erfolgreicher\/\" target=\"_blank\" rel=\"noopener\"> <img decoding=\"async\" src=\"https:\/\/www.kern-unternehmensnachfolge.com\/wp-content\/uploads\/2025\/03\/Exzellenzberater-Deutscher-Mittelstand-2024.webp\" alt=\"Exzellenzberater 2024\" \/> <\/a>   <a href=\"#lightbox-6\" data-lightbox=\"lightbox-6\" data-img=\"https:\/\/www.kern-unternehmensnachfolge.com\/wp-content\/uploads\/2025\/09\/Exzellenter-Nachfolgeberater-Award-2025.webp\" target=\"_blank\" > <img decoding=\"async\" src=\"https:\/\/www.kern-unternehmensnachfolge.com\/wp-content\/uploads\/2025\/09\/Exzellenter-Nachfolgeberater-Award-2025.webp\" alt=\"Exzellenter Nachfolgeberater Award 2025\" \/> <\/a>   <a href=\"https:\/\/vimeo.com\/775891851\" target=\"_blank\" rel=\"noopener\"> <img decoding=\"async\" src=\"https:\/\/www.kern-unternehmensnachfolge.com\/wp-content\/uploads\/2023\/07\/kern-german-brand-award-2021-132x300.jpeg\" alt=\"German Brand Award 2021\" \/> <\/a>   <a href=\"https:\/\/vimeo.com\/787837024\" target=\"_blank\" rel=\"noopener\"> <img decoding=\"async\" src=\"https:\/\/www.kern-unternehmensnachfolge.com\/wp-content\/uploads\/2025\/03\/Innovator-des-Jahres-2021.webp\" alt=\"Innovator 2021\" \/> <\/a>   <a href=\"#lightbox-3\" data-lightbox=\"lightbox-3\" data-img=\"https:\/\/www.kern-unternehmensnachfolge.com\/wp-content\/uploads\/2023\/06\/TC_19_Member_Strich-211x300.jpg\" target=\"_blank\" > <img decoding=\"async\" src=\"https:\/\/www.kern-unternehmensnachfolge.com\/wp-content\/uploads\/2023\/06\/TC_19_Member_Strich-211x300.jpg\" alt=\"TC 19 Member\" \/> <\/a>   <a href=\"https:\/\/vimeo.com\/775920300\" target=\"_blank\" rel=\"noopener\"> <img decoding=\"async\" src=\"https:\/\/www.kern-unternehmensnachfolge.com\/wp-content\/uploads\/2023\/06\/TC_20_Member_Strich-210x300.jpg\" alt=\"TC 20 Member\" \/> <\/a>   <a href=\"https:\/\/www.top-consultant.de\/kern-unternehmensnachfolge-erfolgreicher-2023\/\" target=\"_blank\" rel=\"noopener\"> <img decoding=\"async\" src=\"https:\/\/www.kern-unternehmensnachfolge.com\/wp-content\/uploads\/2023\/06\/tc_23_member_strich-210x300.jpg\" alt=\"TC 23 Member\" \/> <\/a>   <a href=\"#lightbox-4\" data-lightbox=\"lightbox-4\" data-img=\"https:\/\/www.kern-unternehmensnachfolge.com\/wp-content\/uploads\/2025\/04\/SZ-Institut-Beste-Berater-Mittelstand.webp\" target=\"_blank\" > <img decoding=\"async\" src=\"https:\/\/www.kern-unternehmensnachfolge.com\/wp-content\/uploads\/2025\/04\/SZ-Institut-Beste-Berater-Mittelstand.webp\" alt=\"SZ Beste Berater Mittelstand\" \/> <\/a>   <a href=\"#lightbox-5\" data-lightbox=\"lightbox-5\" data-img=\"https:\/\/www.kern-unternehmensnachfolge.com\/wp-content\/uploads\/2025\/06\/WirtschaftsWoche-Beste-Berater-Mittelstand.webp\" target=\"_blank\" > <img decoding=\"async\" src=\"https:\/\/www.kern-unternehmensnachfolge.com\/wp-content\/uploads\/2025\/06\/WirtschaftsWoche-Beste-Berater-Mittelstand.webp\" alt=\"WirtschaftsWoche Beste Berater Mittelstand\" \/> <\/a>    <!-- Lightbox containers -->   <span>\u2715<\/span> <img decoding=\"async\" src=\"https:\/\/www.kern-unternehmensnachfolge.com\/wp-content\/uploads\/2025\/03\/UDZ-Siegel_Nils-Koerber.webp\" alt=\"UDZ Siegel Nils K\u00f6rber\" \/> UDZ Siegel Nils K\u00f6rber     <span>\u2715<\/span> <img decoding=\"async\" src=\"https:\/\/www.kern-unternehmensnachfolge.com\/wp-content\/uploads\/2024\/05\/german-customer-arwards2024-150x150.jpeg\" alt=\"German Customer Awards 2024\" \/> German Customer Awards 2024     <span>\u2715<\/span> <img decoding=\"async\" src=\"https:\/\/www.kern-unternehmensnachfolge.com\/wp-content\/uploads\/2023\/06\/TC_19_Member_Strich-211x300.jpg\" alt=\"TC 19 Member\" \/> TC 19 Member     <span>\u2715<\/span> <img decoding=\"async\" src=\"https:\/\/www.kern-unternehmensnachfolge.com\/wp-content\/uploads\/2025\/04\/SZ-Institut-Beste-Berater-Mittelstand.webp\" alt=\"SZ - Beste Berater Mittelstand\" \/>  Beste Berater Mittelstand &#8211; SZ Institut      <span>\u2715<\/span> <img decoding=\"async\" src=\"https:\/\/www.kern-unternehmensnachfolge.com\/wp-content\/uploads\/2025\/06\/WirtschaftsWoche-Beste-Berater-Mittelstand.webp\" alt=\"WirtschaftsWoche - Beste Berater Mittelstand\" \/>  Beste Berater Mittelstand &#8211; WirtschaftsWoche      <span>\u2715<\/span> <img decoding=\"async\" src=\"https:\/\/www.kern-unternehmensnachfolge.com\/wp-content\/uploads\/2025\/09\/Exzellenter-Nachfolgeberater-Award-2025.webp\" alt=\"Exzellenter Nachfolgeberater Award 2025\" \/>  Exzellenter Nachfolgeberater Award 2025    <!-- JavaScript for lightbox functionality -->  <\/p>\n<h2 style=\"text-align: left;\">Starten Sie Ihr Projekt Unternehmensnachfolge auf Mallorca<\/h2>\n<p>Nils Koerber, Gr\u00fcnder von KERN, ist selbst oft auf der Insel und steht Unternehmern und Unternehmerinnen aus Deutschland, \u00d6sterreich und der Schweiz f\u00fcr die Vorbereitung der Unternehmensnachfolge pers\u00f6nlich zur Verf\u00fcgung.Die Projektierung und Umsetzung erfolgt dann in Ihrem Land an Ihrem Firmenstandort durch unsere \u00fcber 40 Experten in Ihre N\u00e4he.<\/p>\n<p>Nils Koerber ist Jahrgang 1964, Ausbildung und Studium als Kaufmann und Betriebswirt, zertifizierter Coach und Trainer f\u00fcr Nachfolgeprozesse in Familienunternehmen, ausgebildeter Mediator (Wirtschaftsmediation) und M&amp;A-Experte. Selbst ist er Familienunternehmer seit \u00fcber 35 Jahren.<\/p>\n<p>Mit Gr\u00fcndung der hoch spezialisierten Beratergruppe KERN, begleitet er seit \u00fcber 20 Jahren erfolgreich Familienunternehmen f\u00fcr eine Zukunft durch einen Verkauf, den innerfamili\u00e4ren Generationenwechsel oder den Kauf einer Firma.Er selbst lebt und arbeitet auch viel auf Mallorca und ist damit vor Ort, in einer entspannten Umgebung, Ihr pers\u00f6nlicher Ansprechpartner f\u00fcr die vertrauliche Vorbereitung Ihrer Nachfolgel\u00f6sung.Die \u00fcber 40 Spezialisten in Deutschland, \u00d6sterreich und der Schweiz setzen anschlie\u00dfend Ihre Wunschl\u00f6sung konkret und erfolgreich um.Nutzen Sie den besonderen Rahmen auf der spanischen Insel f\u00fcr eines Ihrer vermutlich wichtigsten, unternehmerischen Projekt.F\u00fcllen Sie einfach hier unten das Kontaktformular aus und lernen Sie die beste L\u00f6sung f\u00fcr Ihr Lebenswerk kennen.<\/p>\n<p><span><img decoding=\"async\" alt=\"Exzellenter Nachfolgeberater Award 2025\" data-id=\"35007\" width=\"200\" data-init-width=\"0\" height=\"200\" data-init-height=\"0\" title=\"Exzellenter Nachfolgeberater Award 2025\" src=\"https:\/\/www.kern-unternehmensnachfolge.com\/wp-content\/uploads\/2025\/10\/Exzellenter-Nachfolgeberater-Award-2025.svg\" data-width=\"200\" data-height=\"200\" style=\"aspect-ratio: auto 0 \/ 0;\" loading=\"lazy\"><\/span><\/p>\n<p style=\"text-align: center;\">Expertentipp starten<\/p>\n<p><span style=\"width: 100%;\"><img decoding=\"async\" alt=\"\" title=\"Nils-Koerber-kerngruender-300x300\" data-id=\"32620\" src=\"https:\/\/www.kern-unternehmensnachfolge.com\/wp-content\/uploads\/2025\/01\/Nils-Koerber-kerngruender-300x300-1.jpg\" style=\"aspect-ratio: auto 300 \/ 300;\" width=\"110\" height=\"110\" data-width=\"110\" data-height=\"110\" data-init-width=\"300\" data-init-height=\"300\" loading=\"lazy\"><\/span><\/p>\n<h2 data-hide=\"true\" id=\"t-1654808931768\" style=\"text-align: center;\">Sie haben vertrauliche Fragen?&nbsp;<\/h2>\n<h2 data-hide=\"true\" style=\"text-align: center;\">Buchen Sie direkt online Ihren Gratis-Wunschtermin<\/h2>\n<h4>&#8230; ist es uns gelungen, genau das richtige Unternehmen f\u00fcr unsere besondere Nische zu finden<\/h4>\n<p>Wir haben unsere Wachstumsstrategie durch die Spezialisten von KERN begleiten lassen. Mit einer genauen Target-Analyse und der detaillierten Marktrecherche ist es uns gelungen, genau das richtige Unternehmen f\u00fcr unsere besondere Nische zu finden. Dabei ist nicht zu untersch\u00e4tzen, mit welchem Aufwand ein solcher Schritt verbunden ist. Mit KERN haben wir eine professionelle Unterst\u00fctzung gefunden. Gleichzeitig konnte das Nachfolgeproblem des zu \u00fcbernehmenden Unternehmens langfristig und substantiell gel\u00f6st werden.<\/p>\n<p><span>W.S., Gesch\u00e4ftsf\u00fchrer aus dem Raum Frankfurt\/Main<\/span><span>,Entsorgungsdienstleister, Marktf\u00fchrer in einem Nischensegment<\/span><\/p>\n<h4>Ohne den Blick von au\u00dfen w\u00e4ren wir wohl nie so schnell und sicher zum Ziel gekommen<\/h4>\n<p><p align=\"justify\">Im Rahmen meiner Unternehmensnachfolge war die Fusion mit einem Wettbewerbsunternehmen die ideale L\u00f6sung. Das KERN-Team, und ganz besonders Herr Koerber, hat uns als Moderator und Prozessbegleiter sensibel begleitet und die Interessen beider Verhandlungspartner gut miteinander verbunden. Ohne den Blick von au\u00dfen und die Verhandlungserfahrung, w\u00e4ren wir wohl nie so schnell und sicher zum Ziel gekommen!<\/p>\n<\/p>\n<p><span>J.K. Unternehmer aus Berlin<\/span><span>,Handel und Dienstleistungen<\/span><\/p>\n<h4>Endlich Zeit f\u00fcr eine neue Lebensplanung<\/h4>\n<p>Auf stets angenehme und sehr kompetente Art und Weise hat mich Herr Greppmair von KERN beim Verkauf meines Hausmeisterservices in M\u00fcnchen begleitet. In nur neun Monaten ist es Ihm trotz fallender Ums\u00e4tzen und Corona-Krise gelungen mein Unternehmen zu einem zufriedenstellenden Preis an den Mann zu bringen. Damit hat er einen entscheidenden Beitrag zu einer seit langem herbeigesehnten neuen Lebensplanung geleistet. Herzlichen Dank daf\u00fcr!<\/p>\n<p><span>Stefan Krebs<\/span><span>,GEON-Geb\u00e4udemanagement<\/span><\/p>\n<h4>Ich hoffe, dass sich die Familienunternehmen Ihre Empfehlungen zunutze machen<\/h4>\n<p>Selten war das Feedback aus dem Publikum so einhellig positiv! Sie haben das Thema in jeder Hinsicht authentisch und mit Herz vermittelt. Ich hoffe, dass sich die Familienunternehmen Ihre Empfehlungen zunutze machen werden.<\/p>\n<p><span>Ingrid Marten<\/span><span>,Wirtschaftsf\u00f6rderung Wesermarsch<\/span><\/p>\n<h4>Besonders die Seriosit\u00e4t und Professionalit\u00e4t haben mir jederzeit ein sicheres Gef\u00fchl gegeben<\/h4>\n<p>Meine Entscheidung in der Vor-Auswahl hat sich zu 100% als richtig erwiesen. KERN hat von der Aufbereitung meines Unternehmens in einem Expos\u00e9, \u00fcber die K\u00e4ufersuche, bis hin zur Verhandlungsmoderation und der kompletten Umsetzung meiner Nachfolge, wirklich gute Arbeit geleistet. Besonders die Seriosit\u00e4t und Professionalit\u00e4t haben mir jederzeit ein sicheres Gef\u00fchl gegeben. In gut 8 Monaten war unser Ziel erfolgreich erreicht. Ich empfehle KERN gerne weiter.<\/p>\n<p><span>G.O.K., Unternehmer aus Hamburg<\/span><span>,Dienstleister mit eigenen Filialstandorten<\/span><\/p>\n<h4>Zusammenarbeit der letzten Monate war gepr\u00e4gt von Professionalit\u00e4t und Vertrauen<\/h4>\n<p>Die Zusammenarbeit der letzten Monate war gepr\u00e4gt von Professionalit\u00e4t und Vertrauen; auch ich habe mich von Ihnen stets gut vertreten gef\u00fchlt, obwohl ich <strong>nicht<\/strong> Ihr Auftraggeber war. Umso gr\u00f6\u00dfer das Kompliment! VIELEN DANK!<\/p>\n<p><span>U.S., Unternehmer und K\u00e4ufer einer Firma in Bayern<\/span><span>,IT-Dienstleistungen<\/span><\/p>\n<h4>Geschwindigkeit beeindruckend,\u00a0Form immer der Situation angebracht, Verhalten ehrlich &#8230;<\/h4>\n<p>Ich m\u00f6chte mich ganz herzlich f\u00fcr die Begleitung des Unternehmensverkaufs bedanken. Geschwindigkeit beeindruckend, Form immer der Situation angebracht, Verhalten ehrlich und unaufgesetzt \u2013 es h\u00e4tte nicht besser passen k\u00f6nnen! Dank Ihrer Unterst\u00fctzung konnten wir dieses Projekt f\u00fcr uns alle zufrieden stellend abschlie\u00dfen.<\/p>\n<p><span>C.K., Unternehmer aus dem Weser-Ems-Raum<\/span><span>,Produktionsbetrieb und Handelsunternehmen<\/span><\/p>\n<h4>Ich habe\u00a0die Zusammenarbeit mit KERN sehr genossen<\/h4>\n<p><p align=\"justify\">Ich habe die Zusammenarbeit mit KERN sehr genossen und freue mich als Vertreter der K\u00e4uferseite immer, wenn Verk\u00e4ufer \u2013 insbesondere Familienunternehmen \u2013 ganzheitlich beraten werden und gezielt auf einen Verkauf vorbereitet werden.<\/p>\n<\/p>\n<p><span>F.H., verantwortl. M&#038;A-Manager in NRW<\/span><span>,Internationaler Dienstleistungskonzern<\/span><\/p>\n<h4>Professionell und zuverl\u00e4ssig bis zum erfolgreichen Abschluss<\/h4>\n<p>Gerade in den schwierigen Phasen hat mein Berater die L\u00fccken geschlossen und einer Weiterverhandlung den Weg bereitet .Alles war professionell und zuverl\u00e4ssig , Besprechungen auch au\u00dferhalb der gew\u00f6hnlichen Gesch\u00e4ftszeiten waren jeder Zeit m\u00f6glich .Fachlich f\u00fchle ich mich umfangreich und gut aufgehoben, der erfolgreiche Abschluss ist Ausdruck der KERN-Kompetenz!<\/p>\n<p><span>J.M.<\/span><span><\/span><\/p>\n<h4>Spannende Methode f\u00fcr einen nachhaltigen F\u00fchrungswechsel<\/h4>\n<p><p dir=\"ltr\">MeinSTABWECHSEL ist eine spannende Methode f\u00fcr einen nachhaltigen F\u00fchrungswechsel in Familienunternehmen. Mit erstaunlicher Leichtigkeit findet man zu eigenen Werten und Bed\u00fcrfnissen.Ziel, Weg und Zeitrahmen erschienen mir am Ende der Reise als 3D-Vision f\u00fcr meinen pers\u00f6nlichen Stabwechsel. So habe ich mir in bester Atmosph\u00e4re und Begleitung durch KERN meine \u201eto do-Liste\u201c selbst erarbeitet.<\/p>\n<\/p>\n<p><span>Klaus-Peter Gust<\/span><span>,Unternehmer<\/span><\/p>\n<h4>&#8230; wie wichtig Ihre Themen sind und dass Sie als Referent sehr \u00fcberzeugt haben.<\/h4>\n<p>Herzlichen Dank f\u00fcr Ihren Vortrag auf unserer Tagung. Das einhellig positive Feedback der 150 Zuh\u00f6rer hat uns best\u00e4tigt, wie wichtig Ihre Themen sind und dass Sie als Referent von KERN sehr \u00fcberzeugt haben.<\/p>\n<p><span>Lothar Sand<\/span><span>,B\u00f6rsenverein des Deutschen Buchhandels<\/span><\/p>\n<h4>KERN hat meinem Sohn ganz klar einen Weg ge\u00f6ffnet<\/h4>\n<p>Das Coaching von KERN hat meinem Sohn ganz klar einen Weg ge\u00f6ffnet, mit dem wir uns heute gemeinsam dem Projekt Generationswechsel, im Sinne einer Fortf\u00fchrung des Familienunternehmens, widmen k\u00f6nnen. Wir als Eltern k\u00f6nnen manche Dinge einfach nicht so \u00fcbermitteln und helfen zu erkennen, wie es ein professioneller Coach kann.<\/p>\n<p><span>K.V., Unternehmer aus Frankfurt<\/span><span>,H\u00e4ndler und Dienstleister im IT-Segment<\/span><\/p>\n<h4>&#8230; unser Ziel erreicht und k\u00f6nnen eine Zusammenarbeit mit KERN unbedingt empfehlen<\/h4>\n<p><p align=\"justify\">Mir wurde im Rahmen unseres Unternehmensverkaufs das Team von KERN empfohlen und wir sind im R\u00fcckblick sehr froh, diesen Tipp bekommen zu haben. Der Verhandlungsprozess beim Verkauf war komplex, langwierig und manchmal von emotionalen Missverst\u00e4ndnissen im Ergebnis bedroht. Dank der gro\u00dfen Erfahrung und dem Geschick unseres KERN-Beraters haben wir jedoch unser Ziel erreicht und k\u00f6nnen eine Zusammenarbeit mit KERN unbedingt empfehlen.<\/p>\n<\/p>\n<p><span>J.F.\u00a0, Unternehmer im Raum Osnabr\u00fcck<\/span><span>,Handel und technische Dienstleistungen<\/span><\/p>\n<h4>Auch die besonders schwierigen Aufgabenstellungen &#8230; wurden optimal gel\u00f6st<\/h4>\n<p>Ich bin froh, mich f\u00fcr KERN als Berater in meinem Nachfolgeprozess entschieden zu haben. Im Vorfeld habe ich auch andere Angebote gepr\u00fcft und f\u00fcr mich war ganz besonders die Seriosit\u00e4t und und Sicherheit bei KERN das ausschlaggebende Kriterium. Ich f\u00fchlte mich zu jedem Zeitpunkt von meinem KERN \u2013 Berater optimal betreut. Auch die besonders schwierigen Aufgabenstellungen, bei Finanzierungsfragen und der Vertragsgestaltung, wurden optimal gel\u00f6st. Von mir aus immer wieder!<\/p>\n<p><span>M.M., Unternehmer im Raum Hanau bei Frankfurt<\/span><span>,Marktf\u00fchrer f\u00fcr Spezialdienstleistungen und Online-Handelshaus<\/span><\/p>\n<h4>&#8230; sind \u00fcberrascht, welch tolle Energien in allen von uns freigesetzt worden sind<\/h4>\n<p><p align=\"justify\">Ver\u00e4nderungen bedingungen auch, sich mit der Kultur, den Zielen, der Veranwortung und den \u201eSpielregeln\u201c in einem Unternehmen auseinander zusetzen. Mit KERN haben wir uns auf den spannenden Weg einer eigenen, individuellen Unternehmensphilosophie begeben und sind \u00fcberrascht, welch tolle Energien in allen von uns freigesetzt worden sind. Zum Wohle unserer Kunden, Mitarbeiter und des gesamten Unternehmens. Danke an KERN f\u00fcr die zielgerichtete und professionelle Moderation und Entwicklung.<\/p>\n<\/p>\n<p><span>G-O.B, Unternehmer aus Koblenz<\/span><span>,H\u00e4ndler und Dienstleister Hard- und Softwarebereich<\/span><\/p>\n<h4>Unternehmensverkauf vom Anfang bis zum Ende professionell begleitet und umgesetzt<\/h4>\n<p><p align=\"justify\">KERN hat meinen Unternehmensverkauf vom Anfang bis zum Ende professionell begleitet und umgesetzt. Die K\u00e4uferfindung war erstaunlich schnell und der anschlie\u00dfende Nachfolgeprozess wurde zu jedem Zeitpunkt kompetent begleitet und moderiert.<\/p>\n<\/p>\n<p><span>H-J. N., Unternehmer aus Neuss<\/span><span>,gr\u00f6\u00dfter deutscher H\u00e4ndler einer Premiummarke f\u00fcr Kopierer und DMS<\/span><span><\/span><span><\/span><\/p>\n<h4>&#8230; unser Ziel erreicht und k\u00f6nnen eine Zusammenarbeit mit KERN unbedingt empfehlen<\/h4>\n<p><span>J.F.\u00a0, Unternehmer im Raum Osnabr\u00fcck<\/span><span>Handel und technische Dienstleistungen<\/span><\/p>\n<p><p align=\"justify\">Mir wurde im Rahmen unseres Unternehmensverkaufs das Team von KERN empfohlen und wir sind im R\u00fcckblick sehr froh, diesen Tipp bekommen zu haben. Der Verhandlungsprozess beim Verkauf war komplex, langwierig und manchmal von emotionalen Missverst\u00e4ndnissen im Ergebnis bedroht. Dank der gro\u00dfen Erfahrung und dem Geschick unseres KERN-Beraters haben wir jedoch unser Ziel erreicht und k\u00f6nnen eine Zusammenarbeit mit KERN unbedingt empfehlen.<\/p>\n<\/p>\n<h4>Besonders die Seriosit\u00e4t und Professionalit\u00e4t haben mir jederzeit ein sicheres Gef\u00fchl gegeben<\/h4>\n<p><span>G.O.K., Unternehmer aus Hamburg<\/span><span>Dienstleister mit eigenen Filialstandorten<\/span><\/p>\n<p>Meine Entscheidung in der Vor-Auswahl hat sich zu 100% als richtig erwiesen. KERN hat von der Aufbereitung meines Unternehmens in einem Expos\u00e9, \u00fcber die K\u00e4ufersuche, bis hin zur Verhandlungsmoderation und der kompletten Umsetzung meiner Nachfolge, wirklich gute Arbeit geleistet. Besonders die Seriosit\u00e4t und Professionalit\u00e4t haben mir jederzeit ein sicheres Gef\u00fchl gegeben. In gut 8 Monaten war unser Ziel erfolgreich erreicht. Ich empfehle KERN gerne weiter.<\/p>\n<h4>Ich hoffe, dass sich die Familienunternehmen Ihre Empfehlungen zunutze machen<\/h4>\n<p><span>Ingrid Marten<\/span><span>Wirtschaftsf\u00f6rderung Wesermarsch<\/span><\/p>\n<p>Selten war das Feedback aus dem Publikum so einhellig positiv! Sie haben das Thema in jeder Hinsicht authentisch und mit Herz vermittelt. Ich hoffe, dass sich die Familienunternehmen Ihre Empfehlungen zunutze machen werden.<\/p>\n<h2 style=\"text-align: left;\">Was k\u00f6nnen wir f\u00fcr Sie tun?<\/h2>\n<p>Nils Koerber ist Ihr kompetenter Experte f\u00fcr Unternehmensnachfolge auf Mallorca. Mit \u00fcber 40 Standorten in der gesamten DACH-Region und Europa sind wir seit \u00fcber 20 Jahren die Spezialisten f\u00fcr den Mittelstand.Wir verkaufen Ihr Lebenswerk, begleiten innerfamili\u00e4re Prozesse im Generationswechsel oder sind beim Kauf von Firmen an Ihrer Seite.Lassen Sie uns zu Ihren Anliegen jetzt in den Austausch kommen.<\/p>\n<p><span style=\"width: 100%;\"><img decoding=\"async\" alt=\"\" title=\"Koerber-22\" data-id=\"32444\" src=\"https:\/\/www.kern-unternehmensnachfolge.com\/wp-content\/uploads\/2025\/01\/Koerber-22.jpg\" style=\"aspect-ratio: auto 800 \/ 394;\" width=\"335\" height=\"165\" data-width=\"335\" data-height=\"165\" data-init-width=\"800\" data-init-height=\"394\" loading=\"lazy\"><\/span><\/p>\n<p style=\"text-align: left;\"><strong><span data-sheets-formula=\"=&quot;KERN \u2013 M&amp;A Beratung f\u00fcr Unternehmensnachfolge &amp; Unternehmensverkauf&quot;&amp;&quot; &quot;&amp;R[0]C[-4]\" data-sheets-userformat=\"{&quot;2&quot;:2,&quot;4&quot;:{&quot;1&quot;:2,&quot;2&quot;:65280}}\" data-sheets-value=\"{&quot;1&quot;:2,&quot;2&quot;:&quot;KERN \u2013 M&amp;A Beratung f\u00fcr Unternehmensnachfolge &amp; Unternehmensverkauf Bremen&quot;}\">KERN-M&amp;A-Beratung f\u00fcr Firmen zur Unternehmensnachfolge aus Deutschland, \u00d6sterreich und der Schweiz auf Mallorca<\/span><\/strong>Nils Koerber, KERN-Unternehmensnachfolge S.L.c\/o Cowork BIT, Calle Galileo Galilei 2,Parc BIT, Edificio U, Local 1007120 Palma de Mallorca<a href=\"tel:+49%20172%2042%2074%20314\" target=\"_blank\" style=\"outline: none;\">+49 172 42 74 314<\/a><a href=\"mailto:koerber@kern-unternehmensnachfolge.com\" style=\"outline: none;\" target=\"_blank\">koerber@kern-unternehmensnachfolge.com<\/a><\/p>\n<p style=\"text-align: left;\"><span style=\"font-size: 14px;\">Weitere Informationen zum Standort:- Radio Bremen, Bremen Deutschland- Bremen, Schwachhausen- Bremen Ost, N\u00e4he B\u00fcrgermeister-Spitta-Allee<\/span><\/p>\n<p><span style=\"width: 100%;\"><a href=\"https:\/\/search.google.com\/local\/writereview?placeid=ChIJ86jwfA8osUcRcS9K9urRvNE\" target=\"_blank\" rel=\"noopener\"><img decoding=\"async\" alt=\"\" title=\"bewerten Sie mich - Google\" data-id=\"32554\" src=\"https:\/\/www.kern-unternehmensnachfolge.com\/wp-content\/uploads\/2025\/01\/bewerten-Sie-mich-Google.png\" style=\"aspect-ratio: auto 300 \/ 300;\" width=\"220\" height=\"220\" data-width=\"220\" data-height=\"220\" data-init-width=\"300\" data-init-height=\"300\" loading=\"lazy\"><\/a><\/span><a href=\"https:\/\/www.xing.com\/profile\/Nils_Koerber\/portfolio\" target=\"_blank\" rel=\"noopener\"><\/a><a href=\"https:\/\/www.linkedin.com\/in\/nils-koerber-52449661\" target=\"_blank\" rel=\"noopener\"><\/a><a href=\"https:\/\/www.facebook.com\/nils.koerber.9\" target=\"_blank\" rel=\"noopener\"><\/a><\/p>\n","protected":false},"excerpt":{"rendered":"<p>Ihr Lebenswerk sichern? Ihre Firma verkaufen? Nils Koerber \u2013 Gr\u00fcnder von KERN &#8211; begleitet auf Mallorca Unternehmer aus der DACH-Region [&hellip;]<\/p>\n","protected":false},"author":84,"featured_media":0,"parent":27709,"menu_order":0,"comment_status":"closed","ping_status":"closed","template":"","meta":{"wp_typography_post_enhancements_disabled":false,"_kad_blocks_custom_css":"","_kad_blocks_head_custom_js":"","_kad_blocks_body_custom_js":"","_kad_blocks_footer_custom_js":"","site-sidebar-layout":"no-sidebar","site-content-layout":"page-builder","ast-site-content-layout":"full-width-container","site-content-style":"unboxed","site-sidebar-style":"unboxed","ast-global-header-display":"disabled","ast-banner-title-visibility":"disabled","ast-main-header-display":"","ast-hfb-above-header-display":"","ast-hfb-below-header-display":"","ast-hfb-mobile-header-display":"","site-post-title":"","ast-breadcrumbs-content":"","ast-featured-img":"","footer-sml-layout":"disabled","ast-disable-related-posts":"","theme-transparent-header-meta":"","adv-header-id-meta":"","stick-header-meta":"","header-above-stick-meta":"","header-main-stick-meta":"","header-below-stick-meta":"","astra-migrate-meta-layouts":"set","ast-page-background-enabled":"default","ast-page-background-meta":{"desktop":{"background-color":"","background-image":"","background-repeat":"repeat","background-position":"center center","background-size":"auto","background-attachment":"scroll","background-type":"","background-media":"","overlay-type":"","overlay-color":"","overlay-opacity":"","overlay-gradient":""},"tablet":{"background-color":"","background-image":"","background-repeat":"repeat","background-position":"center center","background-size":"auto","background-attachment":"scroll","background-type":"","background-media":"","overlay-type":"","overlay-color":"","overlay-opacity":"","overlay-gradient":""},"mobile":{"background-color":"","background-image":"","background-repeat":"repeat","background-position":"center center","background-size":"auto","background-attachment":"scroll","background-type":"","background-media":"","overlay-type":"","overlay-color":"","overlay-opacity":"","overlay-gradient":""}},"ast-content-background-meta":{"desktop":{"background-color":"var(--ast-global-color-5)","background-image":"","background-repeat":"repeat","background-position":"center center","background-size":"auto","background-attachment":"scroll","background-type":"","background-media":"","overlay-type":"","overlay-color":"","overlay-opacity":"","overlay-gradient":""},"tablet":{"background-color":"var(--ast-global-color-5)","background-image":"","background-repeat":"repeat","background-position":"center center","background-size":"auto","background-attachment":"scroll","background-type":"","background-media":"","overlay-type":"","overlay-color":"","overlay-opacity":"","overlay-gradient":""},"mobile":{"background-color":"var(--ast-global-color-5)","background-image":"","background-repeat":"repeat","background-position":"center center","background-size":"auto","background-attachment":"scroll","background-type":"","background-media":"","overlay-type":"","overlay-color":"","overlay-opacity":"","overlay-gradient":""}},"iawp_total_views":65,"footnotes":""},"class_list":["post-36424","page","type-page","status-publish","hentry"],"taxonomy_info":[],"featured_image_src_large":false,"author_info":{"display_name":"Benjamin","author_link":"https:\/\/www.kern-unternehmensnachfolge.com\/pt\/author\/benjamin-onestop\/"},"comment_info":0,"_links":{"self":[{"href":"https:\/\/www.kern-unternehmensnachfolge.com\/pt\/wp-json\/wp\/v2\/pages\/36424","targetHints":{"allow":["GET"]}}],"collection":[{"href":"https:\/\/www.kern-unternehmensnachfolge.com\/pt\/wp-json\/wp\/v2\/pages"}],"about":[{"href":"https:\/\/www.kern-unternehmensnachfolge.com\/pt\/wp-json\/wp\/v2\/types\/page"}],"author":[{"embeddable":true,"href":"https:\/\/www.kern-unternehmensnachfolge.com\/pt\/wp-json\/wp\/v2\/users\/84"}],"replies":[{"embeddable":true,"href":"https:\/\/www.kern-unternehmensnachfolge.com\/pt\/wp-json\/wp\/v2\/comments?post=36424"}],"version-history":[{"count":0,"href":"https:\/\/www.kern-unternehmensnachfolge.com\/pt\/wp-json\/wp\/v2\/pages\/36424\/revisions"}],"up":[{"embeddable":true,"href":"https:\/\/www.kern-unternehmensnachfolge.com\/pt\/wp-json\/wp\/v2\/pages\/27709"}],"wp:attachment":[{"href":"https:\/\/www.kern-unternehmensnachfolge.com\/pt\/wp-json\/wp\/v2\/media?parent=36424"}],"curies":[{"name":"wp","href":"https:\/\/api.w.org\/{rel}","templated":true}]}}