{"id":29944,"date":"2024-02-26T10:35:41","date_gmt":"2024-02-26T09:35:41","guid":{"rendered":"https:\/\/kern-unternehmensnachfolge.com\/?page_id=29944"},"modified":"2026-02-27T10:53:33","modified_gmt":"2026-02-27T09:53:33","slug":"sucessao-de-empresas-wiesbaden3-46","status":"publish","type":"page","link":"https:\/\/www.kern-unternehmensnachfolge.com\/pt\/standort\/bayreuth-faulenbach\/","title":{"rendered":"<span class=\"caps\">KERN<\/span> Unternehmens\u00adnachfolge in Bayreuth \u2013 M<span class=\"amp\">&amp;<\/span>A Beratung, Unter\u00adnehmens\u00adkauf Reto Faulenbach"},"content":{"rendered":"<p><a target=\"_blank\" href=\"https:\/\/www.kern-unternehmensnachfolge.com\/pt\/\" data-id-d=\"0\" data-img-style=\"width: 100%;\"><img decoding=\"async\" src=\"https:\/\/www.kern-unternehmensnachfolge.com\/wp-content\/uploads\/2023\/05\/kern_logo2023_rgb_farbig_transparent.png\" height=\"502\" width=\"1317\" alt=\"Log\u00f3tipo KERN\" style=\"width: 100%;\" loading=\"lazy\"><\/a><\/p>\n<h2>Firmen\u00adnach\u00adfol\u00adger gesucht?&nbsp; <span class=\"caps\">KERN<\/span> ist Ihr zuver\u00adl\u00e4s\u00adsi\u00adger Partner<\/h2>\n<h1><a href=\"https:\/\/www.kern-unternehmensnachfolge.com\/pt\/garantia-de-sucesso\/\" target=\"_blank\" style=\"outline: none;\">Reto Faulen\u00adbach \u2013 M<span class=\"amp\">&amp;<\/span>A Beratung f\u00fcr Unternehmens\u00adnachfolge <span class=\"amp\">&amp;<\/span> Unter\u00adnehmens\u00adverkauf in Bayreuth<\/a><\/h1>\n<h4 style=\"text-align: left;\"><a href=\"https:\/\/www.provenexpert.com\/kern-zukunft-fuer-lebenswerke\/\" style=\"outline: none;\" target=\"_blank\" rel=\"noopener\">\u2605\u2605\u2605\u2605\u2605 &nbsp;5.0 Sterne aus Kunden\u00adbe\u00adwer\u00adtun\u00adgen auf Proven\u00adex\u00adpert<\/a>&nbsp;<\/h4>\n<p><span><a href=\"https:\/\/www.kern-unternehmensnachfolge.com\/pt\/garantia-de-sucesso\/\" rel target=\"_blank\"><img decoding=\"async\" alt data-id=\"31496\" width=\"177\" data-init-width=\"481\" height=\"171\" data-init-height=\"464\" title=\"KERN_Erfolgsgarantie_RGB_weiss_08.24\" src=\"https:\/\/www.kern-unternehmensnachfolge.com\/wp-content\/uploads\/2024\/08\/KERN_Erfolgsgarantie_RGB_weiss_08.24.png\" data-width=\"177\" data-link-wrap=\"true\" style=\"aspect-ratio: auto 481 \/ 464;\" data-height=\"171\" loading=\"lazy\"><\/a><\/span><\/p>\n<p style>Inici\u00adar o v\u00eddeo de introdu\u00e7\u00e3o<\/p>\n<p>     <!-- Original logos -->  <a href=\"#lightbox-1\" data-lightbox=\"lightbox-1\" data-img=\"https:\/\/www.kern-unternehmensnachfolge.com\/wp-content\/uploads\/2025\/03\/UDZ-Siegel_Nils-Koerber.webp\" target=\"_blank\"> <img decoding=\"async\" src=\"https:\/\/www.kern-unternehmensnachfolge.com\/wp-content\/uploads\/2025\/03\/UDZ-Siegel_Nils-Koerber.webp\" alt=\"UDZ Selo Nils K\u00f6rber\"> <\/a>   <a href=\"#lightbox-2\" data-lightbox=\"lightbox-2\" data-img=\"https:\/\/www.kern-unternehmensnachfolge.com\/wp-content\/uploads\/2024\/05\/german-customer-arwards2024-150x150.jpeg\" target=\"_blank\"> <img decoding=\"async\" src=\"https:\/\/www.kern-unternehmensnachfolge.com\/wp-content\/uploads\/2024\/05\/german-customer-arwards2024-150x150.jpeg\" alt=\"Pr\u00e9mios de clientes alem\u00e3es 2024\"> <\/a>   <a href=\"https:\/\/www.provenexpert.com\/kern-zukunft-fuer-lebenswerke\/\" target=\"_blank\" rel=\"noopener\"> <img decoding=\"async\" src=\"https:\/\/www.kern-unternehmensnachfolge.com\/wp-content\/uploads\/2025\/10\/Proven-Expert-Von-Kunden-Empfohlen-2025.webp\" alt=\"Especialista comprovado - Recomendado pelos clientes 2025\"> <\/a>   <a href=\"https:\/\/die-deutsche-wirtschaft.de\/top-mittelstand-deutschland-kern-zukunft-fuer-lebenswerke\/\" target=\"_blank\" rel=\"noopener\"> <img decoding=\"async\" src=\"https:\/\/www.kern-unternehmensnachfolge.com\/wp-content\/uploads\/2025\/08\/Top-Branche-Siegel-KERN.webp\" alt=\"Empresa de m\u00e9dio porte de ponta\"> <\/a>   <a href=\"https:\/\/die-deutsche-wirtschaft.de\/exzellenzberater\/kern-unternehmensnachfolge-erfolgreicher\/\" target=\"_blank\" rel=\"noopener\"> <img decoding=\"async\" src=\"https:\/\/www.kern-unternehmensnachfolge.com\/wp-content\/uploads\/2025\/03\/Exzellenzberater-Deutscher-Mittelstand-2023.webp\" alt=\"Consultor de Excel\u00eancia 2023\"> <\/a>   <a href=\"https:\/\/die-deutsche-wirtschaft.de\/exzellenzberater\/kern-unternehmensnachfolge-erfolgreicher\/\" target=\"_blank\" rel=\"noopener\"> <img decoding=\"async\" src=\"https:\/\/www.kern-unternehmensnachfolge.com\/wp-content\/uploads\/2025\/03\/Exzellenzberater-Deutscher-Mittelstand-2024.webp\" alt=\"Consultor de Excel\u00eancia 2024\"> <\/a>   <a href=\"#lightbox-6\" data-lightbox=\"lightbox-6\" data-img=\"https:\/\/www.kern-unternehmensnachfolge.com\/wp-content\/uploads\/2025\/09\/Exzellenter-Nachfolgeberater-Award-2025.webp\" target=\"_blank\"> <img decoding=\"async\" src=\"https:\/\/www.kern-unternehmensnachfolge.com\/wp-content\/uploads\/2025\/09\/Exzellenter-Nachfolgeberater-Award-2025.webp\" alt=\"Exzellenter Nachfolgeberater Award 2025\"> <\/a>   <a href=\"https:\/\/vimeo.com\/775891851\" target=\"_blank\" rel=\"noopener\"> <img decoding=\"async\" src=\"https:\/\/www.kern-unternehmensnachfolge.com\/wp-content\/uploads\/2023\/07\/kern-german-brand-award-2021-132x300.jpeg\" alt=\"Pr\u00e9mio Marca Alem\u00e3 2021\"> <\/a>   <a href=\"https:\/\/vimeo.com\/787837024\" target=\"_blank\" rel=\"noopener\"> <img decoding=\"async\" src=\"https:\/\/www.kern-unternehmensnachfolge.com\/wp-content\/uploads\/2025\/03\/Innovator-des-Jahres-2021.webp\" alt=\"Inovador 2021\"> <\/a>   <a href=\"#lightbox-3\" data-lightbox=\"lightbox-3\" data-img=\"https:\/\/www.kern-unternehmensnachfolge.com\/wp-content\/uploads\/2023\/06\/TC_19_Member_Strich-211x300.jpg\" target=\"_blank\"> <img decoding=\"async\" src=\"https:\/\/www.kern-unternehmensnachfolge.com\/wp-content\/uploads\/2023\/06\/TC_19_Member_Strich-211x300.jpg\" alt=\"TC 19 Membro\"> <\/a>   <a href=\"https:\/\/vimeo.com\/775920300\" target=\"_blank\" rel=\"noopener\"> <img decoding=\"async\" src=\"https:\/\/www.kern-unternehmensnachfolge.com\/wp-content\/uploads\/2023\/06\/TC_20_Member_Strich-210x300.jpg\" alt=\"TC 20 Membro\"> <\/a>   <a href=\"https:\/\/www.top-consultant.de\/kern-unternehmensnachfolge-erfolgreicher-2023\/\" target=\"_blank\" rel=\"noopener\"> <img decoding=\"async\" src=\"https:\/\/www.kern-unternehmensnachfolge.com\/wp-content\/uploads\/2023\/06\/tc_23_member_strich-210x300.jpg\" alt=\"TC 23 Membro\"> <\/a>   <a href=\"#lightbox-4\" data-lightbox=\"lightbox-4\" data-img=\"https:\/\/www.kern-unternehmensnachfolge.com\/wp-content\/uploads\/2025\/04\/SZ-Institut-Beste-Berater-Mittelstand.webp\" target=\"_blank\"> <img decoding=\"async\" src=\"https:\/\/www.kern-unternehmensnachfolge.com\/wp-content\/uploads\/2025\/04\/SZ-Institut-Beste-Berater-Mittelstand.webp\" alt=\"SZ Melhores consultores para pequenas e m\u00e9dias empresas\"> <\/a>   <a href=\"#lightbox-5\" data-lightbox=\"lightbox-5\" data-img=\"https:\/\/www.kern-unternehmensnachfolge.com\/wp-content\/uploads\/2025\/06\/WirtschaftsWoche-Beste-Berater-Mittelstand.webp\" target=\"_blank\"> <img decoding=\"async\" src=\"https:\/\/www.kern-unternehmensnachfolge.com\/wp-content\/uploads\/2025\/06\/WirtschaftsWoche-Beste-Berater-Mittelstand.webp\" alt=\"WirtschaftsWoche Melhores consultores para m\u00e9dias empresas\"> <\/a>  <!-- Duplicate logos for seamless loop -->  <a href=\"#lightbox-1\" data-lightbox=\"lightbox-1\" data-img=\"https:\/\/www.kern-unternehmensnachfolge.com\/wp-content\/uploads\/2025\/03\/UDZ-Siegel_Nils-Koerber.webp\" target=\"_blank\"> <img decoding=\"async\" src=\"https:\/\/www.kern-unternehmensnachfolge.com\/wp-content\/uploads\/2025\/03\/UDZ-Siegel_Nils-Koerber.webp\" alt=\"UDZ Selo Nils K\u00f6rber\"> <\/a>   <a href=\"#lightbox-2\" data-lightbox=\"lightbox-2\" data-img=\"https:\/\/www.kern-unternehmensnachfolge.com\/wp-content\/uploads\/2024\/05\/german-customer-arwards2024-150x150.jpeg\" target=\"_blank\"> <img decoding=\"async\" src=\"https:\/\/www.kern-unternehmensnachfolge.com\/wp-content\/uploads\/2024\/05\/german-customer-arwards2024-150x150.jpeg\" alt=\"Pr\u00e9mios de clientes alem\u00e3es 2024\"> <\/a>   <a href=\"https:\/\/www.provenexpert.com\/kern-zukunft-fuer-lebenswerke\/\" target=\"_blank\" rel=\"noopener\"> <img decoding=\"async\" src=\"https:\/\/www.kern-unternehmensnachfolge.com\/wp-content\/uploads\/2025\/10\/Proven-Expert-Von-Kunden-Empfohlen-2025.webp\" alt=\"Especialista comprovado - Recomendado pelos clientes 2025\"> <\/a>   <a href=\"https:\/\/die-deutsche-wirtschaft.de\/top-mittelstand-deutschland-kern-zukunft-fuer-lebenswerke\/\" target=\"_blank\" rel=\"noopener\"> <img decoding=\"async\" src=\"https:\/\/www.kern-unternehmensnachfolge.com\/wp-content\/uploads\/2025\/08\/Top-Branche-Siegel-KERN.webp\" alt=\"Empresa de m\u00e9dio porte de ponta\"> <\/a>   <a href=\"https:\/\/die-deutsche-wirtschaft.de\/exzellenzberater\/kern-unternehmensnachfolge-erfolgreicher\/\" target=\"_blank\" rel=\"noopener\"> <img decoding=\"async\" src=\"https:\/\/www.kern-unternehmensnachfolge.com\/wp-content\/uploads\/2025\/03\/Exzellenzberater-Deutscher-Mittelstand-2023.webp\" alt=\"Consultor de Excel\u00eancia 2023\"> <\/a>   <a href=\"https:\/\/die-deutsche-wirtschaft.de\/exzellenzberater\/kern-unternehmensnachfolge-erfolgreicher\/\" target=\"_blank\" rel=\"noopener\"> <img decoding=\"async\" src=\"https:\/\/www.kern-unternehmensnachfolge.com\/wp-content\/uploads\/2025\/03\/Exzellenzberater-Deutscher-Mittelstand-2024.webp\" alt=\"Consultor de Excel\u00eancia 2024\"> <\/a>   <a href=\"#lightbox-6\" data-lightbox=\"lightbox-6\" data-img=\"https:\/\/www.kern-unternehmensnachfolge.com\/wp-content\/uploads\/2025\/09\/Exzellenter-Nachfolgeberater-Award-2025.webp\" target=\"_blank\"> <img decoding=\"async\" src=\"https:\/\/www.kern-unternehmensnachfolge.com\/wp-content\/uploads\/2025\/09\/Exzellenter-Nachfolgeberater-Award-2025.webp\" alt=\"Exzellenter Nachfolgeberater Award 2025\"> <\/a>   <a href=\"https:\/\/vimeo.com\/775891851\" target=\"_blank\" rel=\"noopener\"> <img decoding=\"async\" src=\"https:\/\/www.kern-unternehmensnachfolge.com\/wp-content\/uploads\/2023\/07\/kern-german-brand-award-2021-132x300.jpeg\" alt=\"Pr\u00e9mio Marca Alem\u00e3 2021\"> <\/a>   <a href=\"https:\/\/vimeo.com\/787837024\" target=\"_blank\" rel=\"noopener\"> <img decoding=\"async\" src=\"https:\/\/www.kern-unternehmensnachfolge.com\/wp-content\/uploads\/2025\/03\/Innovator-des-Jahres-2021.webp\" alt=\"Inovador 2021\"> <\/a>   <a href=\"#lightbox-3\" data-lightbox=\"lightbox-3\" data-img=\"https:\/\/www.kern-unternehmensnachfolge.com\/wp-content\/uploads\/2023\/06\/TC_19_Member_Strich-211x300.jpg\" target=\"_blank\"> <img decoding=\"async\" src=\"https:\/\/www.kern-unternehmensnachfolge.com\/wp-content\/uploads\/2023\/06\/TC_19_Member_Strich-211x300.jpg\" alt=\"TC 19 Membro\"> <\/a>   <a href=\"https:\/\/vimeo.com\/775920300\" target=\"_blank\" rel=\"noopener\"> <img decoding=\"async\" src=\"https:\/\/www.kern-unternehmensnachfolge.com\/wp-content\/uploads\/2023\/06\/TC_20_Member_Strich-210x300.jpg\" alt=\"TC 20 Membro\"> <\/a>   <a href=\"https:\/\/www.top-consultant.de\/kern-unternehmensnachfolge-erfolgreicher-2023\/\" target=\"_blank\" rel=\"noopener\"> <img decoding=\"async\" src=\"https:\/\/www.kern-unternehmensnachfolge.com\/wp-content\/uploads\/2023\/06\/tc_23_member_strich-210x300.jpg\" alt=\"TC 23 Membro\"> <\/a>   <a href=\"#lightbox-4\" data-lightbox=\"lightbox-4\" data-img=\"https:\/\/www.kern-unternehmensnachfolge.com\/wp-content\/uploads\/2025\/04\/SZ-Institut-Beste-Berater-Mittelstand.webp\" target=\"_blank\"> <img decoding=\"async\" src=\"https:\/\/www.kern-unternehmensnachfolge.com\/wp-content\/uploads\/2025\/04\/SZ-Institut-Beste-Berater-Mittelstand.webp\" alt=\"SZ Melhores consultores para pequenas e m\u00e9dias empresas\"> <\/a>   <a href=\"#lightbox-5\" data-lightbox=\"lightbox-5\" data-img=\"https:\/\/www.kern-unternehmensnachfolge.com\/wp-content\/uploads\/2025\/06\/WirtschaftsWoche-Beste-Berater-Mittelstand.webp\" target=\"_blank\"> <img decoding=\"async\" src=\"https:\/\/www.kern-unternehmensnachfolge.com\/wp-content\/uploads\/2025\/06\/WirtschaftsWoche-Beste-Berater-Mittelstand.webp\" alt=\"WirtschaftsWoche Melhores consultores para m\u00e9dias empresas\"> <\/a>    <!-- Lightbox containers -->   <span>\u2715<\/span> <img decoding=\"async\" src=\"https:\/\/www.kern-unternehmensnachfolge.com\/wp-content\/uploads\/2025\/03\/UDZ-Siegel_Nils-Koerber.webp\" alt=\"UDZ Selo Nils K\u00f6rber\"> <span class=\"caps\">UDZ<\/span> Selo Nils K\u00f6rber     <span>\u2715<\/span> <img decoding=\"async\" src=\"https:\/\/www.kern-unternehmensnachfolge.com\/wp-content\/uploads\/2024\/05\/german-customer-arwards2024-150x150.jpeg\" alt=\"Pr\u00e9mios de clientes alem\u00e3es 2024\"> Pr\u00e9mi\u00ados de clientes alem\u00e3es 2024     <span>\u2715<\/span> <img decoding=\"async\" src=\"https:\/\/www.kern-unternehmensnachfolge.com\/wp-content\/uploads\/2023\/06\/TC_19_Member_Strich-211x300.jpg\" alt=\"TC 19 Membro\"> <span class=\"caps\">TC<\/span> 19 Membro     <span>\u2715<\/span> <img decoding=\"async\" src=\"https:\/\/www.kern-unternehmensnachfolge.com\/wp-content\/uploads\/2025\/04\/SZ-Institut-Beste-Berater-Mittelstand.webp\" alt=\"SZ - Melhores consultores para pequenas e m\u00e9dias empresas\">  Beste Berater Mittel\u00adstand \u2013 <span class=\"caps\">SZ<\/span> Insti\u00adtut      <span>\u2715<\/span> <img decoding=\"async\" src=\"https:\/\/www.kern-unternehmensnachfolge.com\/wp-content\/uploads\/2025\/06\/WirtschaftsWoche-Beste-Berater-Mittelstand.webp\" alt=\"WirtschaftsWoche - Melhores consultores para pequenas e m\u00e9dias empresas\">  Beste Berater Mittel\u00adstand \u2013 Wirtschafts\u00adWo\u00adche      <span>\u2715<\/span> <img decoding=\"async\" src=\"https:\/\/www.kern-unternehmensnachfolge.com\/wp-content\/uploads\/2025\/09\/Exzellenter-Nachfolgeberater-Award-2025.webp\" alt=\"Exzellenter Nachfolgeberater Award 2025\">  Exzel\u00adlen\u00adter Nachfol\u00adge\u00adbe\u00adra\u00adter Award 2025    <!-- JavaScript for lightbox functionality -->  <\/p>\n<h2 style=\"text-align: left;\">Reto Faulen\u00adbach \u2013 Fachli\u00adche Kompe\u00adtenz f\u00fcr ihren Unternehmensverkauf<\/h2>\n<p>Jahrgang 1974, Sport\u00f6ko\u00adnom und Spezia\u00adlist f\u00fcr Nachfol\u00adge\u00adl\u00f6\u00adsun\u00adgen. In seinen F\u00fchrungs\u00adauf\u00adga\u00adben hat er mehrfach erfolg\u00adreich selbst den Prozess des Verkaufs erlebt und gestal\u00adtet. Urspr\u00fcng\u00adlich aus dem Rhein\u00adland ist er ber\u00fcch\u00adtigt von der Ostsee bis ins Franken gewan\u00addert und hat \u00fcberall seine Fu\u00dfspu\u00adren hinterlassen.<\/p>\n<p>Seine Arbeit wurde 2013 mit dem IHK-Gr\u00fcnder\u00adpreis ausge\u00adzeich\u00adnet. Umfang\u00adrei\u00adche Erfah\u00adrung im Bereich der Unter\u00adneh\u00admens\ufb01nan\u00adzie\u00adrung und im Contro\u00adling. Reto Faulen\u00adbach ist ihr M<span class=\"amp\">&amp;<\/span>A-Experte von <span class=\"caps\">KERN<\/span> in Bayreuth und der Region N\u00fcrnberg.<\/p>\n<p><span><img decoding=\"async\" alt=\"Exzellenter Nachfolgeberater Award 2025\" data-id=\"35007\" width=\"240\" data-init-width=\"0\" height=\"240\" data-init-height=\"0\" title=\"Exzellenter Nachfolgeberater Award 2025\" loading=\"lazy\" src=\"https:\/\/www.kern-unternehmensnachfolge.com\/wp-content\/uploads\/2025\/10\/Exzellenter-Nachfolgeberater-Award-2025.svg\" data-width=\"240\" data-height=\"240\" style=\"aspect-ratio: auto 0 \/ 0;\"><\/span><\/p>\n<p style>Inici\u00adar dica de especialista<\/p>\n<p><span style=\"width: 100%;\"><img decoding=\"async\" alt title=\"reto-faulenbach-perfil-quadrado\" data-id=\"29952\" src=\"https:\/\/www.kern-unternehmensnachfolge.com\/wp-content\/uploads\/2024\/02\/reto-faulenbach-profil-quadratisch.jpg\" style=\"aspect-ratio: auto 500 \/ 500;\" width=\"110\" height=\"110\" data-width=\"110\" data-height=\"110\" data-init-width=\"500\" data-init-height=\"500\" loading=\"lazy\"><\/span><\/p>\n<h2 data-hide=\"true\" id=\"t-1654808931768\" style=\"text-align: center;\">Sie haben vertrau\u00adli\u00adche Fragen?&nbsp; Buchen Sie direkt online Ihren Gratis-Wunschtermin<\/h2>\n<h4>Zusam\u00admen\u00adar\u00adbeit der letzten Monate war gepr\u00e4gt von Profes\u00adsio\u00adna\u00adli\u00adt\u00e4t und Vertrauen<\/h4>\n<p>Die Zusam\u00admen\u00adar\u00adbeit der letzten Monate war gepr\u00e4gt von Profes\u00adsio\u00adna\u00adli\u00adt\u00e4t und Vertrau\u00aden; auch ich habe mich von Ihnen stets gut vertre\u00adten gef\u00fchlt, obwohl ich <strong>n\u00e3o<\/strong> Ihr Auftrag\u00adge\u00adber war. Umso gr\u00f6\u00dfer das Kompli\u00adment! <span class=\"caps\">VIELEN<\/span> <span class=\"caps\">DANK<\/span>!<\/p>\n<p><span>U.S., Unter\u00adneh\u00admer und K\u00e4ufer einer Firma in Bayern<\/span><span>Servi\u00ad\u00e7os inform\u00e1ticos<\/span><\/p>\n<h4>Espero que as empre\u00adsas familia\u00adres tirem partido das vossas recomenda\u00e7\u00f5es<\/h4>\n<p>Raramen\u00adte o feedback do p\u00fabli\u00adco foi t\u00e3o unani\u00adme\u00admen\u00adte positivo! Trans\u00admi\u00adt\u00adiu o tema de forma aut\u00ean\u00adti\u00adca e sincera em todos os aspec\u00adtos. Espero que as empre\u00adsas familia\u00adres tirem partido das vossas recomenda\u00e7\u00f5es.<\/p>\n<p><span>Ingrid Marten<\/span><span>,Wirtschafts\u00adf\u00f6r\u00adde\u00adrung Wesermarsch<\/span><\/p>\n<h4>Spannen\u00adde Metho\u00adde f\u00fcr einen nachhal\u00adti\u00adgen F\u00fchrungswechsel<\/h4>\n<p><\/p><p dir=\"ltr\">MeinST\u00adABWECH\u00adSEL ist eine spannen\u00adde Metho\u00adde f\u00fcr einen nachhal\u00adti\u00adgen F\u00fchrungs\u00adwech\u00adsel in Famili\u00aden\u00adun\u00adter\u00adneh\u00admen. Mit erstaun\u00adli\u00adcher Leich\u00adtig\u00adkeit findet man zu eigenen Werten und Bed\u00fcrfnissen.Ziel, Weg und Zeitrah\u00admen erschie\u00adnen mir am Ende der Reise als 3D-Vision f\u00fcr meinen pers\u00f6n\u00adli\u00adchen Stabwech\u00adsel. So habe ich mir in bester Atmosph\u00e4\u00adre und Beglei\u00adtung durch <span class=\"caps\">KERN<\/span> meine \u201eto do-Liste\u201c selbst erarbeitet.<\/p>\n\n<p><span>Klaus-Peter Gust<\/span><span>Empres\u00e1\u00adrio<\/span><\/p>\n<h4>Venda da empre\u00adsa acomp\u00adanha\u00adda e realizada profi\u00ads\u00adsio\u00adnal\u00admen\u00adte do in\u00edcio ao&nbsp;fim<\/h4>\n<p><\/p><p align=\"justify\"><span class=\"caps\">KERN<\/span> hat meinen Unter\u00adnehmens\u00adverkauf vom Anfang bis zum Ende profes\u00adsio\u00adnell beglei\u00adtet und umgesetzt. Die K\u00e4ufer\u00adfin\u00addung war erstaun\u00adlich schnell und der anschlie\u00ad\u00dfen\u00adde Nachfol\u00adge\u00adpro\u00adzess wurde zu jedem Zeitpunkt kompe\u00adtent beglei\u00adtet und moderiert.<\/p>\n\n<p><span>H-J. N., empres\u00e1\u00adrio de Neuss<\/span><span>,gr\u00f6\u00dfter deutscher H\u00e4ndler einer Premi\u00adum\u00admar\u00adke f\u00fcr Kopie\u00adrer und&nbsp;<span class=\"caps\">DMS<\/span><\/span><\/p>\n<h4>Ich habe&nbsp;die Zusam\u00admen\u00adar\u00adbeit mit <span class=\"caps\">KERN<\/span> sehr genossen<\/h4>\n<p><\/p><p align=\"justify\">Ich habe die Zusam\u00admen\u00adar\u00adbeit mit <span class=\"caps\">KERN<\/span> sehr genos\u00adsen und freue mich als Vertre\u00adter der K\u00e4ufer\u00adsei\u00adte immer, wenn Verk\u00e4u\u00adfer \u2013 insbe\u00adson\u00adde\u00adre Famili\u00aden\u00adun\u00adter\u00adneh\u00admen \u2013 ganzheit\u00adlich beraten werden und gezielt auf einen Verkauf vorbe\u00adrei\u00adtet werden.<\/p>\n\n<p><span>F.H., verant\u00adwortl. M<span class=\"amp\">&amp;<\/span>A-Manager in <span class=\"caps\">NRW<\/span><\/span><span>Grupo de servi\u00ad\u00e7os internacionais<\/span><\/p>\n<h4>\u2026 ist es uns gelun\u00adgen, genau das richti\u00adge Unter\u00adneh\u00admen f\u00fcr unsere beson\u00adde\u00adre Nische zu finden<\/h4>\n<p>Cont\u00e1\u00admos com o apoio dos especia\u00adlis\u00adtas da <span class=\"caps\">KERN<\/span> na nossa estra\u00adt\u00e9\u00adgia de cresci\u00admen\u00adto. Com uma an\u00e1li\u00adse precisa dos objetivos e uma pesqui\u00adsa de merca\u00addo detalha\u00adda, conse\u00adgu\u00adi\u00admos encon\u00adtrar a empre\u00adsa certa para o nosso nicho espec\u00ed\u00adfi\u00adco. N\u00e3o se deve subesti\u00admar o esfor\u00ad\u00e7o que uma medida como essa exige. Com a <span class=\"caps\">KERN<\/span>, encon\u00adtr\u00e1\u00admos um apoio profi\u00ads\u00adsio\u00adnal. Ao mesmo tempo, foi poss\u00ed\u00advel resol\u00adver de forma substancial e a longo prazo o proble\u00adma da suces\u00ads\u00e3o da empre\u00adsa a adquirir.<\/p>\n<p><span>W.S., diretor execu\u00adtivo da regi\u00e3o de Frankfurt\/Main<\/span><span>,Entsor\u00adgungs\u00addienst\u00adleis\u00adter, Markt\u00adf\u00fch\u00adrer in einem Nischensegment<\/span><\/p>\n<h4>\u2026 unser Ziel erreicht und k\u00f6nnen eine Zusam\u00admen\u00adar\u00adbeit mit <span class=\"caps\">KERN<\/span> unbedingt empfehlen<\/h4>\n<p><\/p><p align=\"justify\">A equipa da <span class=\"caps\">KERN<\/span> foi-me recomendada no \u00e2mbito da venda da nossa empre\u00adsa e, olhan\u00addo para tr\u00e1s, estamos muito conten\u00adtes por ter recebi\u00addo essa dica. O proces\u00adso de negocia\u00ad\u00e7\u00e3o da venda foi complexo, moroso e, por vezes, amea\u00e7a\u00addo por mal-enten\u00addi\u00addos emocio\u00adnais. No entan\u00adto, gra\u00e7as \u00e0 vasta experi\u00ean\u00adcia e habil\u00adida\u00adde do nosso consul\u00adtor da <span class=\"caps\">KERN<\/span>, alcan\u00ad\u00e7\u00e1\u00admos o nosso objetivo e recomen\u00adda\u00admos vivamen\u00adte a colabora\u00ad\u00e7\u00e3o com a&nbsp;<span class=\"caps\">KERN<\/span>.<\/p>\n\n<p><span>J.F., empres\u00e1\u00adrio na regi\u00e3o de Osnabr\u00fcck<\/span><span>Com\u00e9rcio e servi\u00ad\u00e7os t\u00e9cnicos<\/span><\/p>\n<h4>Final\u00admen\u00adte tempo para um novo plano de&nbsp;vida<\/h4>\n<p>De forma sempre agrad\u00e1\u00advel e muito compe\u00adten\u00adte, o Sr. Grepp\u00admair, da <span class=\"caps\">KERN<\/span>, acomp\u00adan\u00adhou-me na venda do meu servi\u00ad\u00e7o de zelado\u00adria em Munique. Em apenas nove meses, apesar da queda nas receitas e da crise do corona\u00adv\u00ed\u00adrus, ele conse\u00adguiu vender a minha empre\u00adsa por um pre\u00e7o satis\u00adfa\u00adt\u00f3rio. Com isso, ele contri\u00adbuiu de forma decisi\u00adva para um novo plano de vida h\u00e1 muito espera\u00addo. Muito obriga\u00addo por&nbsp;isso!<\/p>\n<p><span>Stefan Krebs<\/span><span>,GEON-Geb\u00e4u\u00adde\u00adma\u00adnage\u00adment<\/span><\/p>\n<h4>Beson\u00adders beein\u00addruckt hat mich die Schnel\u00adlig\u00adkeit und Zielstre\u00adbig\u00adkeit des gesam\u00adten Prozesses<\/h4>\n<p><\/p><p>Der Verkauf der <b>Formtei\u00adle B\u00e4rmann<\/b> inklu\u00adsi\u00adve Immobi\u00adlie und Solar\u00adan\u00adla\u00adge war f\u00fcr mich als Unter\u00adneh\u00admer und Mensch ein sehr gro\u00dfer Schritt. Umso wichti\u00adger war es f\u00fcr mich, einen Berater an meiner Seite zu haben, dem ich voll und ganz vertrau\u00aden konnte.<\/p>\n<p>Mit <b>Reto Faulen\u00adbach<\/b> de <b><span class=\"caps\">KERN<\/span> <\/b>habe ich genau diese Unter\u00adst\u00fct\u00adzung gefun\u00adden. Seine hohe fachli\u00adche Kompe\u00adtenz, die klare Struk\u00adtur im Prozess und sein Gesp\u00fcr f\u00fcr die richti\u00adgen L\u00f6sun\u00adgen haben mir von Anfang an Sicher\u00adheit gegeben.<\/p>\n<p>Beson\u00adders beein\u00addruckt hat mich die Schnel\u00adlig\u00adkeit und Zielstre\u00adbig\u00adkeit des gesam\u00adten Prozes\u00adses: Vom Start der Zusam\u00admen\u00adar\u00adbeit bis zum erfolg\u00adrei\u00adchen Closing vergin\u00adgen ledig\u00adlich <b>sieben Monate<\/b>. In dieser Zeit habe ich mich jeder\u00adzeit bestens beglei\u00adtet, verstan\u00adden und vertre\u00adten gef\u00fchlt.<\/p>\n<p>Dank der profes\u00adsio\u00adnel\u00adlen Vorbe\u00adrei\u00adtung und der souve\u00adr\u00e4\u00adnen Verhand\u00adlungs\u00adf\u00fch\u00adrung konnte ein passen\u00adder priva\u00adter Inves\u00adtor gefun\u00adden werden, der das Unter\u00adneh\u00admen in meinem Sinne weiter\u00adf\u00fchrt. R\u00fcckbli\u00adckend bin ich sehr dankbar f\u00fcr diese Zusam\u00admen\u00adar\u00adbeit und kann <span class=\"caps\">KERN<\/span> unein\u00adge\u00adschr\u00e4nkt weiterempfehlen.<\/p>\n\n<p><span>Marco B\u00e4rmann<\/span><span><\/span><\/p>\n<h4>\u2026 wie wichtig Ihre Themen sind und dass Sie als Referent sehr \u00fcberzeugt haben.<\/h4>\n<p>Muito obriga\u00addo pela sua pales\u00adtra na nossa confer\u00ean\u00adcia. O feedback unani\u00adme\u00admen\u00adte positivo dos 150 ouvin\u00adtes confirm\u00adou-nos a impor\u00adt\u00e2n\u00adcia dos seus temas e que, como orador da <span class=\"caps\">KERN<\/span>, foi muito convincente.<\/p>\n<p><span>Lothar Sand<\/span><span>,B\u00f6rsen\u00adver\u00adein des Deutschen Buchhandels<\/span><\/p>\n<h4>A serie\u00adda\u00adde e o profi\u00ads\u00adsio\u00adna\u00adlis\u00admo, em parti\u00adcu\u00adlar, sempre me deram uma sensa\u00ad\u00e7\u00e3o de seguran\u00e7a.<\/h4>\n<p>A minha decis\u00ad\u00e3o na pr\u00e9-sele\u00e7\u00e3o revelou-se acertada. A <span class=\"caps\">KERN<\/span> fez um excelen\u00adte trabal\u00adho, desde a prepa\u00adra\u00ad\u00e7\u00e3o da minha empre\u00adsa num expos\u00e9, passan\u00addo pela procu\u00adra de compra\u00addo\u00adres, at\u00e9 \u00e0 modera\u00ad\u00e7\u00e3o das negocia\u00ad\u00e7\u00f5es e \u00e0 imple\u00admen\u00adta\u00ad\u00e7\u00e3o comple\u00adta da minha suces\u00ads\u00e3o. Em parti\u00adcu\u00adlar, a serie\u00adda\u00adde e o profi\u00ads\u00adsio\u00adna\u00adlis\u00admo demons\u00adtra\u00adram-me sempre uma sensa\u00ad\u00e7\u00e3o de seguran\u00ad\u00e7a. Em pouco mais de 8 meses, o nosso objetivo foi alcan\u00ad\u00e7a\u00addo com suces\u00adso. Recomen\u00addo a <span class=\"caps\">KERN<\/span> com todo o&nbsp;gosto.<\/p>\n<p><span>G.O.K., empres\u00e1\u00adrio de Hambur\u00adgo<\/span><span>Presta\u00addo\u00adres de servi\u00ad\u00e7os com sucur\u00adsais pr\u00f3prias<\/span><\/p>\n<h4>Auch die beson\u00adders schwie\u00adri\u00adgen Aufga\u00adben\u00adstel\u00adlun\u00adgen \u2026 wurden optimal gel\u00f6st<\/h4>\n<p>Ich bin froh, mich f\u00fcr <span class=\"caps\">KERN<\/span> als Berater in meinem Nachfol\u00adge\u00adpro\u00adzess entschie\u00adden zu haben. Im Vorfeld habe ich auch andere Angebo\u00adte gepr\u00fcft und f\u00fcr mich war ganz beson\u00adders die Serio\u00adsi\u00adt\u00e4t und und Sicher\u00adheit bei <span class=\"caps\">KERN<\/span> das ausschlag\u00adge\u00adben\u00adde Krite\u00adri\u00adum. Ich f\u00fchlte mich zu jedem Zeitpunkt von meinem <span class=\"caps\">KERN<\/span> \u2013 Berater optimal betreut. Auch die beson\u00adders schwie\u00adri\u00adgen Aufga\u00adben\u00adstel\u00adlun\u00adgen, bei Finan\u00adzie\u00adrungs\u00adfra\u00adgen und der Vertrags\u00adge\u00adstal\u00adtung, wurden optimal gel\u00f6st. Von mir aus immer wieder!<\/p>\n<p><span>M.M., empres\u00e1\u00adrio na zona de Hanau, perto de Frank\u00adfurt<\/span><span>,Markt\u00adf\u00fch\u00adrer f\u00fcr Spezi\u00adal\u00addienst\u00adleis\u00adtun\u00adgen und Online-Handelshaus<\/span><\/p>\n<h4><span class=\"caps\">KERN<\/span> hat meinem Sohn ganz klar einen Weg ge\u00f6ffnet<\/h4>\n<p>Das Coaching von <span class=\"caps\">KERN<\/span> hat meinem Sohn ganz klar einen Weg ge\u00f6ff\u00adnet, mit dem wir uns heute gemein\u00adsam dem Projekt Generations\u00adwechsel, im Sinne einer Fortf\u00fch\u00adrung des Famili\u00aden\u00adun\u00adter\u00adneh\u00admens, widmen k\u00f6nnen. Wir als Eltern k\u00f6nnen manche Dinge einfach nicht so \u00fcbermit\u00adteln und helfen zu erken\u00adnen, wie es ein profes\u00adsio\u00adnel\u00adler Coach&nbsp;kann.<\/p>\n<p><span>K.V., empres\u00e1\u00adrio de Frank\u00adfurt<\/span><span>,H\u00e4ndler und Dienst\u00adleis\u00adter im IT-Segment<\/span><\/p>\n<h4>Ohne den Blick von au\u00dfen w\u00e4ren wir wohl nie so schnell und sicher zum Ziel gekommen<\/h4>\n<p><\/p><p align=\"justify\">Im Rahmen meiner Unternehmens\u00adnachfolge war die Fusion mit einem Wettbe\u00adwerbs\u00adun\u00adter\u00adneh\u00admen die ideale L\u00f6sung. Das KERN-Team, und ganz beson\u00adders Herr Koerber, hat uns als Modera\u00adtor und Prozess\u00adbe\u00adglei\u00adter sensi\u00adbel beglei\u00adtet und die Inter\u00ades\u00adsen beider Verhand\u00adlungs\u00adpart\u00adner gut mitein\u00adan\u00adder verbun\u00adden. Ohne den Blick von au\u00dfen und die Verhand\u00adlungs\u00ader\u00adfah\u00adrung, w\u00e4ren wir wohl nie so schnell und sicher zum Ziel gekommen!<\/p>\n\n<p><span>J.K. Empres\u00e1\u00adrio de Berlim<\/span><span>Com\u00e9rcio e servi\u00e7os<\/span><\/p>\n<h4>Profes\u00adsio\u00adnell und zuver\u00adl\u00e4s\u00adsig bis zum erfolg\u00adrei\u00adchen Abschluss<\/h4>\n<p>Gerade in den schwie\u00adri\u00adgen Phasen hat mein Berater die L\u00fccken geschlos\u00adsen und einer Weiter\u00adver\u00adhand\u00adlung den Weg berei\u00adtet .Alles war profes\u00adsio\u00adnell und zuver\u00adl\u00e4s\u00adsig , Bespre\u00adchun\u00adgen auch au\u00dfer\u00adhalb der gew\u00f6hn\u00adli\u00adchen Gesch\u00e4fts\u00adzei\u00adten waren jeder Zeit m\u00f6glich .Fachlich f\u00fchle ich mich umfang\u00adreich und gut aufge\u00adho\u00adben, der erfolg\u00adrei\u00adche Abschluss ist Ausdruck der KERN-Kompetenz!<\/p>\n<p><span>J.M.<\/span><span><\/span><\/p>\n<h4>Geschwin\u00addig\u00adkeit beein\u00addru\u00adckend,&nbsp;Form immer der Situa\u00adti\u00adon angebracht, Verhal\u00adten ehrlich&nbsp;\u2026<\/h4>\n<p>Ich m\u00f6chte mich ganz herzlich f\u00fcr die Beglei\u00adtung des Unter\u00adneh\u00admens\u00adver\u00adkaufs bedan\u00adken. Geschwin\u00addig\u00adkeit beein\u00addru\u00adckend, Form immer der Situa\u00adti\u00adon angebracht, Verhal\u00adten ehrlich und unauf\u00adge\u00adsetzt \u2013 es h\u00e4tte nicht besser passen k\u00f6nnen! Dank Ihrer Unter\u00adst\u00fct\u00adzung konnten wir dieses Projekt f\u00fcr uns alle zufrie\u00adden stellend abschlie\u00dfen.<\/p>\n<p><span>C.K., empres\u00e1\u00adrio da regi\u00e3o de Weser-Ems<\/span><span>Empre\u00adsa de fabri\u00adco e com\u00e9rcio<\/span><\/p>\n<h4>\u2026 sind \u00fcberrascht, welch tolle Energien in allen von uns freige\u00adsetzt worden sind<\/h4>\n<p><\/p><p align=\"justify\">Ver\u00e4n\u00adde\u00adrun\u00adgen bedin\u00adgun\u00adgen auch, sich mit der Kultur, den Zielen, der Veran\u00adwor\u00adtung und den \u201eSpiel\u00adre\u00adgeln\u201c in einem Unter\u00adneh\u00admen ausein\u00adan\u00adder zuset\u00adzen. Mit <span class=\"caps\">KERN<\/span> haben wir uns auf den spannen\u00adden Weg einer eigenen, indivi\u00addu\u00adel\u00adlen Unter\u00adneh\u00admens\u00adphi\u00adlo\u00adso\u00adphie begeben und sind \u00fcberrascht, welch tolle Energien in allen von uns freige\u00adsetzt worden sind. Zum Wohle unserer Kunden, Mitar\u00adbei\u00adter und des gesam\u00adten Unter\u00adneh\u00admens. Danke an <span class=\"caps\">KERN<\/span> f\u00fcr die zielge\u00adrich\u00adte\u00adte und profes\u00adsio\u00adnel\u00adle Modera\u00adti\u00adon und Entwicklung.<\/p>\n\n<p><span>G-O.B, empres\u00e1\u00adrio de Koblenz<\/span><span>,H\u00e4ndler und Dienst\u00adleis\u00adter Hard- und Softwarebereich<\/span><span><\/span><span><\/span><\/p>\n<h4>Ich habe&nbsp;die Zusam\u00admen\u00adar\u00adbeit mit <span class=\"caps\">KERN<\/span> sehr genossen<\/h4>\n<p><span>F.H., verant\u00adwortl. M<span class=\"amp\">&amp;<\/span>A-Manager in <span class=\"caps\">NRW<\/span><\/span><span>Inter\u00adna\u00adtio\u00adna\u00adler Dienstleistungskonzern<\/span><\/p>\n<p><\/p><p align=\"justify\">Ich habe die Zusam\u00admen\u00adar\u00adbeit mit <span class=\"caps\">KERN<\/span> sehr genos\u00adsen und freue mich als Vertre\u00adter der K\u00e4ufer\u00adsei\u00adte immer, wenn Verk\u00e4u\u00adfer \u2013 insbe\u00adson\u00adde\u00adre Famili\u00aden\u00adun\u00adter\u00adneh\u00admen \u2013 ganzheit\u00adlich beraten werden und gezielt auf einen Verkauf vorbe\u00adrei\u00adtet werden.<\/p>\n\n<h4>Zusam\u00admen\u00adar\u00adbeit der letzten Monate war gepr\u00e4gt von Profes\u00adsio\u00adna\u00adli\u00adt\u00e4t und Vertrauen<\/h4>\n<p><span>U.S., Unter\u00adneh\u00admer und K\u00e4ufer einer Firma in Bayern<\/span><span>Servi\u00ad\u00e7os inform\u00e1ticos<\/span><\/p>\n<p>Die Zusam\u00admen\u00adar\u00adbeit der letzten Monate war gepr\u00e4gt von Profes\u00adsio\u00adna\u00adli\u00adt\u00e4t und Vertrau\u00aden; auch ich habe mich von Ihnen stets gut vertre\u00adten gef\u00fchlt, obwohl ich <strong>n\u00e3o<\/strong> Ihr Auftrag\u00adge\u00adber war. Umso gr\u00f6\u00dfer das Kompli\u00adment! <span class=\"caps\">VIELEN<\/span> <span class=\"caps\">DANK<\/span>!<\/p>\n<h4>Espero que as empre\u00adsas familia\u00adres tirem partido das vossas recomenda\u00e7\u00f5es<\/h4>\n<p><span>Ingrid Marten<\/span><span>Wirtschafts\u00adf\u00f6r\u00adde\u00adrung Wesermarsch<\/span><\/p>\n<p>Raramen\u00adte o feedback do p\u00fabli\u00adco foi t\u00e3o unani\u00adme\u00admen\u00adte positivo! Trans\u00admi\u00adt\u00adiu o tema de forma aut\u00ean\u00adti\u00adca e sincera em todos os aspec\u00adtos. Espero que as empre\u00adsas familia\u00adres tirem partido das vossas recomenda\u00e7\u00f5es.<\/p>\n<h2 style=\"text-align: left;\">O que podemos fazer por&nbsp;si?<\/h2>\n<p>Reto Faulen\u00adbach ist Ihr kompe\u00adten\u00adter Exper\u00adte f\u00fcr Unternehmens\u00adnachfolge in Bayreuth.Mit \u00fcber 40 Stand\u00ador\u00adten in der gesam\u00adten DACH-Region und Europa sind wir seit \u00fcber 20 Jahren die Spezia\u00adlis\u00adten f\u00fcr den Mittelstand.Wir verkau\u00adfen Ihr Lebens\u00adwerk, beglei\u00adten inner\u00adfa\u00admi\u00adli\u00e4\u00adre Prozes\u00adse im Generations\u00adwechsel oder sind beim Kauf von Firmen an Ihrer Seite.Lassen Sie uns zu Ihren Anlie\u00adgen jetzt in den Austausch kommen.<\/p>\n<p><span style=\"width: 100%;\"><img decoding=\"async\" alt title=\"reto-faulenbach-profile-across\" data-id=\"29951\" src=\"https:\/\/www.kern-unternehmensnachfolge.com\/wp-content\/uploads\/2024\/02\/reto-faulenbach-profil-quer.jpg\" style=\"aspect-ratio: auto 800 \/ 394;\" width=\"363\" height=\"179\" data-width=\"363\" data-height=\"179\" data-init-width=\"800\" data-init-height=\"394\" loading=\"lazy\"><\/span><\/p>\n<p style=\"text-align: left;\"><strong>M<span class=\"amp\">&amp;<\/span>A Beratung f\u00fcr Unternehmens\u00adnachfolge <span class=\"amp\">&amp;<\/span> Unter\u00adnehmens\u00adverkauf in Bayreuth<\/strong> Recht\u00adlich unabh\u00e4n\u00adgi\u00adger Stand\u00adort Reto Faulen\u00adbach Oberkon\u00adners\u00adreu\u00adther Stra\u00dfe <span class=\"caps\">6A<\/span> 95448 Bayreuth<\/p>\n<p style=\"text-align: left;\">Telefo\u00adne <a href=\"tel:+4915129059311\" target=\"_blank\" style=\"outline: none;\">+49 151-29 05 93 11<\/a>&nbsp;<a href=\"mailto:bayreuth@kern-unternehmensnachfolge.com\" style=\"outline: none; color: rgb(0, 115, 198) !important;\" target=\"_blank\">bayreuth@kern-unternehmensnachfolge.com<\/a><\/p>\n<p><span style=\"width: 100%;\"><img decoding=\"async\" alt title=\"avaliar-me - Google\" data-id=\"32554\" src=\"https:\/\/www.kern-unternehmensnachfolge.com\/wp-content\/uploads\/2025\/01\/bewerten-Sie-mich-Google.png\" style=\"aspect-ratio: auto 300 \/ 300;\" width=\"220\" height=\"220\" data-width=\"220\" data-height=\"220\" data-init-width=\"300\" data-init-height=\"300\" loading=\"lazy\"><\/span><a href=\"https:\/\/www.linkedin.com\/in\/reto-faulenbach-30a28b1a0\/\" target=\"_blank\" rel=\"noopener\"><\/a><\/p>","protected":false},"excerpt":{"rendered":"<p>Firmennachfolger gesucht?&nbsp; KERN ist Ihr zuverl\u00e4ssiger Partner Reto Faulenbach &#8211; M&amp;A Beratung f\u00fcr Unternehmensnachfolge &amp; Unternehmensverkauf in Bayreuth \u2605\u2605\u2605\u2605\u2605 &nbsp;5.0 [&hellip;]<\/p>\n","protected":false},"author":1,"featured_media":0,"parent":27709,"menu_order":0,"comment_status":"closed","ping_status":"closed","template":"","meta":{"wp_typography_post_enhancements_disabled":false,"_kad_blocks_custom_css":"","_kad_blocks_head_custom_js":"","_kad_blocks_body_custom_js":"","_kad_blocks_footer_custom_js":"","site-sidebar-layout":"no-sidebar","site-content-layout":"page-builder","ast-site-content-layout":"full-width-container","site-content-style":"unboxed","site-sidebar-style":"unboxed","ast-global-header-display":"disabled","ast-banner-title-visibility":"disabled","ast-main-header-display":"","ast-hfb-above-header-display":"","ast-hfb-below-header-display":"","ast-hfb-mobile-header-display":"","site-post-title":"","ast-breadcrumbs-content":"","ast-featured-img":"","footer-sml-layout":"disabled","ast-disable-related-posts":"","theme-transparent-header-meta":"","adv-header-id-meta":"","stick-header-meta":"","header-above-stick-meta":"","header-main-stick-meta":"","header-below-stick-meta":"","astra-migrate-meta-layouts":"set","ast-page-background-enabled":"default","ast-page-background-meta":{"desktop":{"background-color":"","background-image":"","background-repeat":"repeat","background-position":"center center","background-size":"auto","background-attachment":"scroll","background-type":"","background-media":"","overlay-type":"","overlay-color":"","overlay-opacity":"","overlay-gradient":""},"tablet":{"background-color":"","background-image":"","background-repeat":"repeat","background-position":"center center","background-size":"auto","background-attachment":"scroll","background-type":"","background-media":"","overlay-type":"","overlay-color":"","overlay-opacity":"","overlay-gradient":""},"mobile":{"background-color":"","background-image":"","background-repeat":"repeat","background-position":"center center","background-size":"auto","background-attachment":"scroll","background-type":"","background-media":"","overlay-type":"","overlay-color":"","overlay-opacity":"","overlay-gradient":""}},"ast-content-background-meta":{"desktop":{"background-color":"var(--ast-global-color-5)","background-image":"","background-repeat":"repeat","background-position":"center center","background-size":"auto","background-attachment":"scroll","background-type":"","background-media":"","overlay-type":"","overlay-color":"","overlay-opacity":"","overlay-gradient":""},"tablet":{"background-color":"var(--ast-global-color-5)","background-image":"","background-repeat":"repeat","background-position":"center center","background-size":"auto","background-attachment":"scroll","background-type":"","background-media":"","overlay-type":"","overlay-color":"","overlay-opacity":"","overlay-gradient":""},"mobile":{"background-color":"var(--ast-global-color-5)","background-image":"","background-repeat":"repeat","background-position":"center center","background-size":"auto","background-attachment":"scroll","background-type":"","background-media":"","overlay-type":"","overlay-color":"","overlay-opacity":"","overlay-gradient":""}},"iawp_total_views":52,"footnotes":""},"class_list":["post-29944","page","type-page","status-publish","hentry"],"taxonomy_info":[],"featured_image_src_large":false,"author_info":{"display_name":"filialleiter","author_link":"https:\/\/www.kern-unternehmensnachfolge.com\/pt\/author\/filialleiter\/"},"comment_info":0,"_links":{"self":[{"href":"https:\/\/www.kern-unternehmensnachfolge.com\/pt\/wp-json\/wp\/v2\/pages\/29944","targetHints":{"allow":["GET"]}}],"collection":[{"href":"https:\/\/www.kern-unternehmensnachfolge.com\/pt\/wp-json\/wp\/v2\/pages"}],"about":[{"href":"https:\/\/www.kern-unternehmensnachfolge.com\/pt\/wp-json\/wp\/v2\/types\/page"}],"author":[{"embeddable":true,"href":"https:\/\/www.kern-unternehmensnachfolge.com\/pt\/wp-json\/wp\/v2\/users\/1"}],"replies":[{"embeddable":true,"href":"https:\/\/www.kern-unternehmensnachfolge.com\/pt\/wp-json\/wp\/v2\/comments?post=29944"}],"version-history":[{"count":0,"href":"https:\/\/www.kern-unternehmensnachfolge.com\/pt\/wp-json\/wp\/v2\/pages\/29944\/revisions"}],"up":[{"embeddable":true,"href":"https:\/\/www.kern-unternehmensnachfolge.com\/pt\/wp-json\/wp\/v2\/pages\/27709"}],"wp:attachment":[{"href":"https:\/\/www.kern-unternehmensnachfolge.com\/pt\/wp-json\/wp\/v2\/media?parent=29944"}],"curies":[{"name":"wp","href":"https:\/\/api.w.org\/{rel}","templated":true}]}}