{"id":2847,"date":"2018-08-14T18:39:36","date_gmt":"2018-08-14T16:39:36","guid":{"rendered":"https:\/\/great-kare.185-125-174-66.plesk.page\/?page_id=2847"},"modified":"2025-08-26T11:26:58","modified_gmt":"2025-08-26T09:26:58","slug":"academia","status":"publish","type":"page","link":"https:\/\/www.kern-unternehmensnachfolge.com\/pt\/akademie\/","title":{"rendered":"Acade\u00admia"},"content":{"rendered":"<h1><a href=\"https:\/\/www.kern-unternehmensnachfolge.com\/pt\/garantia-de-sucesso\/\" target=\"_blank\" style=\"outline: none;\"><span class=\"caps\">KERN<\/span><\/a> bietet effek\u00adti\u00adve Weiter\u00adbil\u00addung und Quali\u00adfi\u00adzie\u00adrung rund um die Unternehmens\u00adnachfolge. Online <span class=\"amp\">&amp;<\/span> Offline.<\/h1>\n<h4 style=\"text-align: left;\"><a href=\"https:\/\/www.provenexpert.com\/kern-zukunft-fuer-lebenswerke\/\" style=\"outline: none;\" target=\"_blank\" rel=\"noopener\">\u2605\u2605\u2605\u2605\u2605 &nbsp;5.0 Sterne aus Kunden\u00adbe\u00adwer\u00adtun\u00adgen auf Proven\u00adex\u00adpert<\/a>&nbsp;<\/h4>\n<h2 style=\"text-align: left;\">Wissens\u00adtrans\u00adfer f\u00fcr Unternehmensnachfolge<\/h2>\n<p align=\"justify\">Unter dem Dach von <span class=\"caps\">KERN<\/span> bieten wir Ihnen in der gesam\u00adten DACH-Region ausge\u00adw\u00e4hl\u00adte<strong>&nbsp;Orado\u00adres, forma\u00addo\u00adres e especia\u00adlis\u00adtas<\/strong> f\u00fcr die Themen Unter\u00adnehmens\u00adverkauf (M<span class=\"amp\">&amp;<\/span>A), Generations\u00adwechsel und Unter\u00adnehmens\u00adkauf&nbsp;an.<\/p>\n<p align=\"justify\">Erfah\u00adre\u00adne Prakti\u00adker aus unserem gro\u00dfen Partner\u00adkreis, mit Fachwis\u00adsen zu den jewei\u00adli\u00adgen Themen, gestal\u00adten Ihr Wunsch\u00adfor\u00admat. Gerne auch im Teamwork mit exter\u00adnen Profis, als sinnvol\u00adle Erg\u00e4n\u00adzung und optima\u00adlen Input f\u00fcr Ihren Wissensbedarf.<\/p>\n<p align=\"justify\">Egal ob \u201eInhouse\u201c vor Ort in Ihrem Unter\u00adneh\u00admen oder an inter\u00ades\u00adsan\u00adten und zentral gelege\u00adnen Stand\u00ador\u00adten in Form offener Angebo\u00adte oder in digita\u00adler Form. Unser <strong><span class=\"caps\">KERN<\/span> Wissens\u00adkon\u00adzept&nbsp;<\/strong>oferece-lhe&nbsp;<strong>Forma\u00ad\u00e7\u00e3o cont\u00ed\u00adnua e quali\u00adfi\u00adca\u00ad\u00e7\u00e3o<\/strong> em todas as quest\u00f5es de suces\u00ads\u00e3o empresarial.<\/p>\n<p align=\"justify\">A nossa dica: Est\u00e1 prestes a decidir tornar-se um empres\u00e1\u00adrio? Ent\u00e3o n\u00e3o deixe de visitar <a href=\"https:\/\/www.mein-unternehmercheck.com\/\" style=\"outline: none;\" target=\"_blank\" rel=\"noopener\"><span class=\"caps\">MY-ENTREPRENEURCHECK<\/span>.<span class=\"caps\">COM<\/span><\/a><\/p>\n<p><span><img decoding=\"async\" alt data-id=\"27651\" width=\"70\" data-init-width=\"512\" height=\"70\" data-init-height=\"512\" title=\"jogo com c\u00edrculos\" src=\"https:\/\/www.kern-unternehmensnachfolge.com\/wp-content\/uploads\/2023\/07\/circled-play.png\" data-width=\"70\" data-height=\"70\" style=\"aspect-ratio: auto 512 \/ 512;\" loading=\"lazy\"><\/span><\/p>\n<p style>Inici\u00adar&nbsp;v\u00eddeo<\/p>\n<h2 style=\"text-align: left;\"><span style=\"font-weight: normal;\">Hochwer\u00adti\u00adge Vortr\u00e4\u00adge, Workshops, Semina\u00adre und Trainings \u2013 online und offline<\/span><\/h2>\n<h3><span style=\"font-weight: normal;\">Qual \u00e9 o tema preten\u00addi\u00addo? Aqui pode encon\u00adtrar as infor\u00adma\u00ad\u00e7\u00f5es sobre os nossos semin\u00e1\u00adri\u00ados em forma\u00adto&nbsp;<span class=\"caps\">PDF<\/span>:<\/span><\/h3>\n<h4>Konflikt\u00adl\u00f6\u00adsung<\/h4>\n<p>Egal ob in der Familie oder im Betrieb. Dieses Angebot gilt ebenso f\u00fcr den Prozess der Unternehmensnachfolge.<\/p>\n<ul>\n<li><span><a href=\"https:\/\/www.kern-unternehmensnachfolge.com\/wp-content\/uploads\/2023\/08\/KERN_Seminar_konflikte-08.23.pdf\" target=\"_blank\" style=\"outline: none;\" data-lf-fd-inspected-belvo73gwq17zmqj=\"true\">Infor\u00adma\u00ad\u00e7\u00f5es sobre o semin\u00e1rio<\/a><\/span><\/li>\n<\/ul>\n<h4>Planea\u00admen\u00adto de casos de emerg\u00eancia<\/h4>\n<p>Wie berei\u00adte ich meine Familie und mein Unter\u00adneh\u00admen auf den Tag X vor? (unabh\u00e4n\u00adgig vom&nbsp;Alter)<\/p>\n<ul>\n<li><span><a href=\"https:\/\/www.kern-unternehmensnachfolge.com\/wp-content\/uploads\/2023\/08\/KERN_Seminar_notfallkoffer-08.23.pdf\" target=\"_blank\" style=\"outline: none;\" data-lf-fd-inspected-belvo73gwq17zmqj=\"true\">Infor\u00adma\u00ad\u00e7\u00f5es sobre o semin\u00e1rio<\/a><\/span><\/li>\n<\/ul>\n<h4>Desen\u00advol\u00advi\u00admen\u00adto da decla\u00adra\u00ad\u00e7\u00e3o de miss\u00e3o<\/h4>\n<p>Quais s\u00e3o as alter\u00adna\u00adtiv\u00adas ao finan\u00adcia\u00admen\u00adto banc\u00e1\u00adrio cl\u00e1ssi\u00adco? Como \u00e9 que posso facili\u00adtar a compra ou a venda de uma empre\u00adsa com um finan\u00adcia\u00admen\u00adto individual?<\/p>\n<ul>\n<li><span><a href=\"https:\/\/www.kern-unternehmensnachfolge.com\/wp-content\/uploads\/2023\/08\/KERN_Seminar_leitbild-08.23.pdf\" target=\"_blank\" style=\"outline: none;\" data-lf-fd-inspected-belvo73gwq17zmqj=\"true\">Infor\u00adma\u00ad\u00e7\u00f5es sobre o semin\u00e1rio<\/a><\/span><\/li>\n<\/ul>\n<h4>Valor da empresa<\/h4>\n<p>Welche \u201eStell\u00adschrau\u00adben\u201c sind f\u00fcr die Wertermitt\u00adlung wichtig und was bedeu\u00adtet das f\u00fcr mein Unternehmen?<\/p>\n<ul>\n<li><span><a href=\"https:\/\/www.kern-unternehmensnachfolge.com\/wp-content\/uploads\/2023\/08\/KERN_Seminar_unternehmenswert-08.23.pdf\" target=\"_blank\" style=\"outline: none;\" data-lf-fd-inspected-belvo73gwq17zmqj=\"true\">Infor\u00adma\u00ad\u00e7\u00f5es sobre o semin\u00e1rio<\/a><\/span><\/li>\n<\/ul>\n<h4>Finan\u00ad\u00e7as empresariais<\/h4>\n<p>Quais s\u00e3o as alter\u00adna\u00adtiv\u00adas ao finan\u00adcia\u00admen\u00adto banc\u00e1\u00adrio cl\u00e1ssi\u00adco? Como \u00e9 que posso facili\u00adtar a compra ou a venda de uma empre\u00adsa com um finan\u00adcia\u00admen\u00adto individual?<\/p>\n<ul>\n<li><span><a href=\"https:\/\/www.kern-unternehmensnachfolge.com\/wp-content\/uploads\/2023\/08\/KERN_Seminar_finanzierung-08.23.pdf\" target=\"_blank\" style=\"outline: currentcolor;\" data-lf-fd-inspected-belvo73gwq17zmqj=\"true\">Infor\u00adma\u00ad\u00e7\u00f5es sobre o semin\u00e1rio<\/a><\/span><\/li>\n<\/ul>\n<h4>Mudan\u00ad\u00e7a de gera\u00e7\u00e3o<\/h4>\n<p>Was k\u00f6nnen Unter\u00adneh\u00admer\u00adfa\u00admi\u00adli\u00aden tun, um einen Generations\u00adwechsel erfolg\u00adreich zu gestal\u00adten? Wie gelingt diese bedeut\u00adsa\u00adme Aufga\u00adbe einer Nachfolge?<\/p>\n<ul>\n<li><span><a href=\"https:\/\/www.kern-unternehmensnachfolge.com\/wp-content\/uploads\/2023\/08\/KERN_Seminar_generationswechsel-08.23.pdf\" target=\"_blank\" style=\"outline: none;\" data-lf-fd-inspected-belvo73gwq17zmqj=\"true\">Infor\u00adma\u00ad\u00e7\u00f5es sobre o semin\u00e1rio<\/a><\/span><\/li>\n<\/ul>\n<h4>Cultu\u00adra e vis\u00e3o da empresa<\/h4>\n<p>Finden Sie die \u201einneren\u201c Werte Ihrer Firma und machen sie sicht\u00adbar. Ihre Allein\u00adstel\u00adlungs\u00admerk\u00adma\u00adle f\u00fcr den Prozess einer Unternehmensnachfolge.<\/p>\n<ul>\n<li><span><a href=\"https:\/\/www.kern-unternehmensnachfolge.com\/wp-content\/uploads\/2023\/08\/KERN_Seminar_unternehmenskultur-vision-08.23.pdf\" target=\"_blank\" style=\"outline: none;\" data-lf-fd-inspected-belvo73gwq17zmqj=\"true\">Infor\u00adma\u00ad\u00e7\u00f5es sobre o semin\u00e1rio<\/a><\/span><\/li>\n<\/ul>\n<h4>1\u00d71 der Unternehmens\u00adnachfolge (M<span class=\"amp\">&amp;<\/span>A)<\/h4>\n<p>Vorbe\u00adrei\u00adtung und Umset\u00adzung f\u00fcr den Verkauf eines Familienunternehmens.<\/p>\n<ul>\n<li style><span><a href=\"https:\/\/www.kern-unternehmensnachfolge.com\/wp-content\/uploads\/2023\/08\/KERN_Seminar_1x1_unternehmensnachfolge-08.23.pdf\" target=\"_blank\" style=\"outline: none;\" data-lf-fd-inspected-belvo73gwq17zmqj=\"true\">Infor\u00adma\u00ad\u00e7\u00f5es sobre o semin\u00e1rio<\/a><\/span><\/li>\n<\/ul>\n<h4>Final\u00admen\u00adte um empres\u00e1\u00adrio (M<span class=\"amp\">&amp;<\/span>A)<\/h4>\n<p>Wie finde ich das passen\u00adde Unter\u00adneh\u00admen f\u00fcr mich? Spezi\u00adal\u00adwis\u00adsen f\u00fcr <span class=\"caps\">MBI<\/span> und <span class=\"caps\">MBO<\/span> bzw. strate\u00adgi\u00adsche Investoren.<\/p>\n<ul>\n<li><span><a href=\"https:\/\/www.kern-unternehmensnachfolge.com\/wp-content\/uploads\/2023\/08\/KERN_Seminar_endlich_unternehmer-08.23.pdf\" target=\"_blank\" style=\"outline: none;\" data-lf-fd-inspected-belvo73gwq17zmqj=\"true\">Infor\u00adma\u00ad\u00e7\u00f5es sobre o semin\u00e1rio<\/a><\/span><\/li>\n<\/ul>\n<h4>O que vem a seguir?<\/h4>\n<p>Die Last oder Lust mit dem neuen Lebens\u00adab\u00adschnitt. Visions\u00adfin\u00addung f\u00fcr \u00dcbergeber.<\/p>\n<ul>\n<li><span><a href=\"https:\/\/www.kern-unternehmensnachfolge.com\/wp-content\/uploads\/2023\/08\/KERN_Seminar_lebensvision-08.23.pdf\" target=\"_blank\" style=\"outline: none;\" data-lf-fd-inspected-belvo73gwq17zmqj=\"true\">Infor\u00adma\u00ad\u00e7\u00f5es sobre o semin\u00e1rio<\/a><\/span><\/li>\n<\/ul>\n<h4>Wachs\u00adtum durch \u00dcbernah\u00adme (M<span class=\"amp\">&amp;<\/span>A)<\/h4>\n<p>Como \u00e9 que as <span class=\"caps\">PME<\/span> podem crescer de forma inorg\u00e2\u00adni\u00adca e preparar-se estra\u00adte\u00adgi\u00adca\u00admen\u00adte para&nbsp;isso?<\/p>\n<ul>\n<li><span><a href=\"https:\/\/www.kern-unternehmensnachfolge.com\/wp-content\/uploads\/2023\/08\/KERN_Seminar_endlich_unternehmer-08.23.pdf\" target=\"_blank\" style=\"outline: none;\" data-lf-fd-inspected-belvo73gwq17zmqj=\"true\">Infor\u00adma\u00ad\u00e7\u00f5es sobre a oficina<\/a><\/span><\/li>\n<\/ul>\n<h4>MeinST\u00adABWECH\u00adSEL \u2013 Klarheit f\u00fcr Entschei\u00adder zur Unternehmensnachfolge<\/h4>\n<p>Ein Pers\u00f6n\u00adlich\u00adkeits\u00adse\u00admi\u00adnar f\u00fcr \u00dcberge\u00adber und\/oder \u00dcberneh\u00admer. Entschei\u00addungs\u00adfin\u00addung und Klarheit vor dem eigent\u00adli\u00adchen Start eines Nachfolgerprozesses.<\/p>\n<ul>\n<li><span><a href=\"https:\/\/www.kern-unternehmensnachfolge.com\/wp-content\/uploads\/2023\/08\/KERN_MeinSTABWECHSEL-Info-08.2023.pdf\" target=\"_blank\" style=\"outline: none;\" data-lf-fd-inspected-belvo73gwq17zmqj=\"true\">Infor\u00adma\u00ad\u00e7\u00f5es sobre o semin\u00e1rio<\/a><\/span><\/li>\n<\/ul>\n<h4>Lebens\u00adwert <span class=\"amp\">&amp;<\/span> Lebenslust<\/h4>\n<p>Unter\u00adneh\u00admer-Retre\u00adat f\u00fcr einen perspek\u00adti\u00advisch neuen Lebens\u00adab\u00adschnitt. F\u00fcr Unternehmer:innen und Unternehmerpaare.<\/p>\n<ul>\n<li><span><a href=\"https:\/\/www.kern-unternehmensnachfolge.com\/wp-content\/uploads\/2025\/08\/KERN_Unternehmer-Retreat-Information.pdf\" target=\"_blank\" style=\"outline: none;\" data-lf-fd-inspected-belvo73gwq17zmqj=\"true\">Unter\u00adneh\u00admer-Retre\u00adat Information<\/a><\/span><\/li>\n<\/ul>\n<h2 style=\"text-align: center;\">Bekannt aus zahlrei\u00adchen Ver\u00f6ffentlichungen<\/h2>\n<p><span style=\"width: 100%;\"><img decoding=\"async\" alt=\"Frankfurter Allgemeine\" width=\"255\" height=\"54\" title=\"Frankfurter Allgemeine\" data-id=\"32412\" src=\"https:\/\/www.kern-unternehmensnachfolge.com\/wp-content\/uploads\/2025\/01\/Frankfurter-Allgemeine.png\" style=\"aspect-ratio: auto 408 \/ 86;\" data-width=\"255\" data-height=\"54\" data-init-width=\"408\" data-init-height=\"86\" loading=\"lazy\"><\/span><span style=\"width: 100%;\"><img decoding=\"async\" alt=\"S\u00fcddeutsche Zeitung\" width=\"130\" height=\"49\" title=\"S\u00fcddeutsche Zeitung\" data-id=\"32411\" src=\"https:\/\/www.kern-unternehmensnachfolge.com\/wp-content\/uploads\/2025\/01\/Sueddeutsche-Zeitung.jpg\" style=\"aspect-ratio: auto 400 \/ 150;\" data-width=\"130\" data-height=\"49\" data-init-width=\"400\" data-init-height=\"150\" loading=\"lazy\"><\/span><span style=\"width: 100%;\"><img decoding=\"async\" alt=\"Jornal geral da Tur\u00edngia\" width=\"192\" height=\"34\" title=\"Jornal geral da Tur\u00edngia\" data-id=\"32405\" src=\"https:\/\/www.kern-unternehmensnachfolge.com\/wp-content\/uploads\/2025\/01\/Thueringer-allgemeine-Zeitung.webp\" style=\"aspect-ratio: auto 401 \/ 71;\" data-width=\"192\" data-height=\"34\" data-init-width=\"401\" data-init-height=\"71\" loading=\"lazy\"><\/span><span style=\"width: 100%;\"><img decoding=\"async\" alt=\"Handelsblatt\" width=\"192\" height=\"30\" title=\"Handelsblatt\" data-id=\"32410\" src=\"https:\/\/www.kern-unternehmensnachfolge.com\/wp-content\/uploads\/2025\/01\/Handelsblatt.png\" style=\"aspect-ratio: auto 399 \/ 63;\" data-width=\"192\" data-height=\"30\" data-init-width=\"399\" data-init-height=\"63\" loading=\"lazy\"><\/span><span style=\"width: 100%;\"><img decoding=\"async\" alt=\"Jornal Saarbr\u00fccker\" width=\"151\" height=\"25\" title=\"Jornal Saarbr\u00fccker\" data-id=\"32409\" src=\"https:\/\/www.kern-unternehmensnachfolge.com\/wp-content\/uploads\/2025\/01\/Saarbruecker-Zeitung.gif\" style=\"aspect-ratio: auto 304 \/ 51;\" data-width=\"151\" data-height=\"25\" data-init-width=\"304\" data-init-height=\"51\" loading=\"lazy\"><\/span><span style=\"width: 100%;\"><img decoding=\"async\" alt=\"Not\u00edcias das PME\" width=\"178\" height=\"60\" title=\"Not\u00edcias das PME\" data-id=\"32408\" src=\"https:\/\/www.kern-unternehmensnachfolge.com\/wp-content\/uploads\/2025\/01\/Mittelstand-Nachrichten.jpg\" style=\"aspect-ratio: auto 401 \/ 135;\" data-width=\"178\" data-height=\"60\" data-init-width=\"401\" data-init-height=\"135\" loading=\"lazy\"><\/span><span style=\"width: 100%;\"><img decoding=\"async\" alt=\"R\u00e1dio Bremen\" width=\"192\" height=\"40\" title=\"R\u00e1dio Bremen\" data-id=\"32407\" src=\"https:\/\/www.kern-unternehmensnachfolge.com\/wp-content\/uploads\/2025\/01\/Radio-Bremen.png\" style=\"aspect-ratio: auto 359 \/ 74;\" data-width=\"192\" data-height=\"40\" data-init-width=\"359\" data-init-height=\"74\" loading=\"lazy\"><\/span><span style=\"width: 100%;\"><img decoding=\"async\" alt=\"impulso\" width=\"137\" height=\"40\" title=\"impulso\" data-id=\"32406\" src=\"https:\/\/www.kern-unternehmensnachfolge.com\/wp-content\/uploads\/2025\/01\/impulse.png\" style=\"aspect-ratio: auto 350 \/ 102;\" data-width=\"137\" data-height=\"40\" data-init-width=\"350\" data-init-height=\"102\" loading=\"lazy\"><\/span><span style=\"width: 100%;\"><img decoding=\"async\" alt=\"Tempo Campus\" width=\"171\" height=\"71\" title=\"Tempo Campus\" data-id=\"32402\" src=\"https:\/\/www.kern-unternehmensnachfolge.com\/wp-content\/uploads\/2025\/01\/Zeit-Campus.webp\" style=\"aspect-ratio: auto 350 \/ 146;\" data-width=\"171\" data-height=\"71\" data-init-width=\"350\" data-init-height=\"146\" loading=\"lazy\"><\/span><span style=\"width: 100%;\"><img decoding=\"async\" alt=\"Revista de artesanato\" width=\"151\" height=\"43\" title=\"Revista de artesanato\" data-id=\"32401\" src=\"https:\/\/www.kern-unternehmensnachfolge.com\/wp-content\/uploads\/2025\/01\/Handwerk-Magazin.png\" style=\"aspect-ratio: auto 301 \/ 85;\" data-width=\"151\" data-height=\"43\" data-init-width=\"301\" data-init-height=\"85\" loading=\"lazy\"><\/span><span style=\"width: 100%;\"><img decoding=\"async\" alt=\"Jornal Osnabruecker\" width=\"192\" height=\"32\" title=\"Jornal Osnabruecker\" data-id=\"32399\" src=\"https:\/\/www.kern-unternehmensnachfolge.com\/wp-content\/uploads\/2025\/01\/Osnabruecker-Zeitung.webp\" style=\"aspect-ratio: auto 350 \/ 58;\" data-width=\"192\" data-height=\"32\" data-init-width=\"350\" data-init-height=\"58\" loading=\"lazy\"><\/span><span style=\"width: 100%;\"><img decoding=\"async\" alt=\"Planeamento financeiro\" width=\"170\" height=\"54\" title=\"Planeamento financeiro\" data-id=\"32398\" src=\"https:\/\/www.kern-unternehmensnachfolge.com\/wp-content\/uploads\/2025\/01\/Financial-Planning.webp\" style=\"aspect-ratio: auto 339 \/ 107;\" data-width=\"170\" data-height=\"54\" data-init-width=\"339\" data-init-height=\"107\" loading=\"lazy\"><\/span><span style=\"width: 100%;\"><img decoding=\"async\" alt=\"Correio de Weser\" width=\"130\" height=\"55\" title=\"Correio de Weser\" data-id=\"32397\" src=\"https:\/\/www.kern-unternehmensnachfolge.com\/wp-content\/uploads\/2025\/01\/Weser-Kurier.webp\" style=\"aspect-ratio: auto 351 \/ 149;\" data-width=\"130\" data-height=\"55\" data-init-width=\"351\" data-init-height=\"149\" loading=\"lazy\"><\/span><span style=\"width: 100%;\"><img decoding=\"async\" alt=\"R\u00e1dio Empreendedor\" width=\"185\" height=\"36\" title=\"R\u00e1dio Empreendedor\" data-id=\"32396\" src=\"https:\/\/www.kern-unternehmensnachfolge.com\/wp-content\/uploads\/2025\/01\/Unternehmer-Radio.webp\" style=\"aspect-ratio: auto 368 \/ 72;\" data-width=\"185\" data-height=\"36\" data-init-width=\"368\" data-init-height=\"72\" loading=\"lazy\"><\/span><span style=\"width: 100%;\"><img decoding=\"async\" alt=\"Kronen Zeitung\" width=\"89\" height=\"83\" title=\"Kronen Zeitung\" data-id=\"32395\" src=\"https:\/\/www.kern-unternehmensnachfolge.com\/wp-content\/uploads\/2025\/01\/Kronen-Zeitung.png\" style=\"aspect-ratio: auto 200 \/ 187;\" data-width=\"89\" data-height=\"83\" data-init-width=\"200\" data-init-height=\"187\" loading=\"lazy\"><\/span><\/p>","protected":false},"excerpt":{"rendered":"<p>KERN bietet effektive Weiterbildung und Qualifizierung rund um die Unternehmensnachfolge. Online &amp; Offline. \u2605\u2605\u2605\u2605\u2605 &nbsp;5.0 Sterne aus Kundenbewertungen auf Provenexpert&nbsp; [&hellip;]<\/p>\n","protected":false},"author":1,"featured_media":0,"parent":0,"menu_order":0,"comment_status":"closed","ping_status":"closed","template":"","meta":{"wp_typography_post_enhancements_disabled":false,"_kad_blocks_custom_css":"","_kad_blocks_head_custom_js":"","_kad_blocks_body_custom_js":"","_kad_blocks_footer_custom_js":"","site-sidebar-layout":"no-sidebar","site-content-layout":"plain-container","ast-site-content-layout":"default","site-content-style":"default","site-sidebar-style":"default","ast-global-header-display":"","ast-banner-title-visibility":"","ast-main-header-display":"","ast-hfb-above-header-display":"","ast-hfb-below-header-display":"","ast-hfb-mobile-header-display":"","site-post-title":"disabled","ast-breadcrumbs-content":"","ast-featured-img":"disabled","footer-sml-layout":"","ast-disable-related-posts":"","theme-transparent-header-meta":"default","adv-header-id-meta":"","stick-header-meta":"default","header-above-stick-meta":"","header-main-stick-meta":"","header-below-stick-meta":"","astra-migrate-meta-layouts":"default","ast-page-background-enabled":"default","ast-page-background-meta":{"desktop":{"background-color":"","background-image":"","background-repeat":"repeat","background-position":"center center","background-size":"auto","background-attachment":"scroll","background-type":"","background-media":"","overlay-type":"","overlay-color":"","overlay-opacity":"","overlay-gradient":""},"tablet":{"background-color":"","background-image":"","background-repeat":"repeat","background-position":"center center","background-size":"auto","background-attachment":"scroll","background-type":"","background-media":"","overlay-type":"","overlay-color":"","overlay-opacity":"","overlay-gradient":""},"mobile":{"background-color":"","background-image":"","background-repeat":"repeat","background-position":"center center","background-size":"auto","background-attachment":"scroll","background-type":"","background-media":"","overlay-type":"","overlay-color":"","overlay-opacity":"","overlay-gradient":""}},"ast-content-background-meta":{"desktop":{"background-color":"var(--ast-global-color-5)","background-image":"","background-repeat":"repeat","background-position":"center center","background-size":"auto","background-attachment":"scroll","background-type":"","background-media":"","overlay-type":"","overlay-color":"","overlay-opacity":"","overlay-gradient":""},"tablet":{"background-color":"var(--ast-global-color-5)","background-image":"","background-repeat":"repeat","background-position":"center center","background-size":"auto","background-attachment":"scroll","background-type":"","background-media":"","overlay-type":"","overlay-color":"","overlay-opacity":"","overlay-gradient":""},"mobile":{"background-color":"var(--ast-global-color-5)","background-image":"","background-repeat":"repeat","background-position":"center center","background-size":"auto","background-attachment":"scroll","background-type":"","background-media":"","overlay-type":"","overlay-color":"","overlay-opacity":"","overlay-gradient":""}},"iawp_total_views":60,"footnotes":""},"class_list":["post-2847","page","type-page","status-publish","hentry"],"taxonomy_info":[],"featured_image_src_large":false,"author_info":{"display_name":"filialleiter","author_link":"https:\/\/www.kern-unternehmensnachfolge.com\/pt\/author\/filialleiter\/"},"comment_info":0,"_links":{"self":[{"href":"https:\/\/www.kern-unternehmensnachfolge.com\/pt\/wp-json\/wp\/v2\/pages\/2847","targetHints":{"allow":["GET"]}}],"collection":[{"href":"https:\/\/www.kern-unternehmensnachfolge.com\/pt\/wp-json\/wp\/v2\/pages"}],"about":[{"href":"https:\/\/www.kern-unternehmensnachfolge.com\/pt\/wp-json\/wp\/v2\/types\/page"}],"author":[{"embeddable":true,"href":"https:\/\/www.kern-unternehmensnachfolge.com\/pt\/wp-json\/wp\/v2\/users\/1"}],"replies":[{"embeddable":true,"href":"https:\/\/www.kern-unternehmensnachfolge.com\/pt\/wp-json\/wp\/v2\/comments?post=2847"}],"version-history":[{"count":0,"href":"https:\/\/www.kern-unternehmensnachfolge.com\/pt\/wp-json\/wp\/v2\/pages\/2847\/revisions"}],"wp:attachment":[{"href":"https:\/\/www.kern-unternehmensnachfolge.com\/pt\/wp-json\/wp\/v2\/media?parent=2847"}],"curies":[{"name":"wp","href":"https:\/\/api.w.org\/{rel}","templated":true}]}}