{"id":2509,"date":"2018-08-09T12:35:04","date_gmt":"2018-08-09T10:35:04","guid":{"rendered":"https:\/\/great-kare.185-125-174-66.plesk.page\/?page_id=2509"},"modified":"2025-01-17T10:38:50","modified_gmt":"2025-01-17T09:38:50","slug":"estudo-acompanhamento-sucessao","status":"publish","type":"page","link":"https:\/\/www.kern-unternehmensnachfolge.com\/pt\/studie-unternehmensnachfolge\/","title":{"rendered":"Estudo de suces\u00ads\u00e3o de empresas"},"content":{"rendered":"<h1>O Estudo de Suces\u00ads\u00e3o Empre\u00adsa\u00adri\u00adal da <span class=\"caps\">KERN<\/span>&nbsp;2017<\/h1>\n<h3 style=\"text-align: left;\">A falta de suces\u00adso\u00adres amea\u00e7a as empre\u00adsas familia\u00adres. O n\u00famero de suces\u00ads\u00f5es de empre\u00adsas est\u00e1 a aumen\u00adtar drasti\u00adca\u00admen\u00adte em todos os distri\u00adtos da&nbsp;<span class=\"caps\">IHK<\/span>.<\/h3>\n<p align=\"justify\">Deutsch\u00adlands Unter\u00adneh\u00admer\u00adschaft altert rasant: In nur f\u00fcnf Jahren werden <strong>drei von f\u00fcnf Unter\u00adneh\u00admern<\/strong>&nbsp;deutlich \u00fcber 55 Jahre alt sein. Dies ist das Ergeb\u00adnis einer bundes\u00adwei\u00adten Studie von&nbsp;<strong><span class=\"caps\">KERN<\/span> \u2013 Unternehmens\u00adnachfolge. Erfolg\u00adrei\u00adcher<\/strong>.<\/p>\n<p align=\"justify\">Die Studie zum Generations\u00adwechsel in Unter\u00adneh\u00admen best\u00e4\u00adtigt den Handlungs\u00addruck von Famili\u00aden\u00adun\u00adter\u00adneh\u00admern in Deutschland.<\/p>\n<p>Num estudo de \u00e2mbito nacio\u00adnal, a <span class=\"caps\">KERN<\/span> analis\u00adou atual\u00admen\u00adte <strong>todos os 79 distri\u00adtos <span class=\"caps\">IHK<\/span><\/strong>&nbsp;nas classes de idade e de volume de neg\u00f3ci\u00ados relevan\u00adtes sobre o desen\u00advol\u00advi\u00admen\u00adto da suces\u00ads\u00e3o de empre\u00adsas at\u00e9 2022. No proces\u00adso&nbsp;<strong>Um total de 564 443 empre\u00adsas<\/strong>&nbsp;in den Umsatz\u00adklas\u00adsen von 250.000 Euro bis 5 Millio\u00adnen Euro sowie Firmen mit bis zu 50 Millio\u00adnen Euro Umsatz erfasst. In der Betrach\u00adtung der ausge\u00adw\u00e4hl\u00adten Betrie\u00adbe sind damit Daten von knapp 500.000 Firmen mit weniger als 5 Mio. Euro Jahres\u00adum\u00adsatz und weite\u00adre 65.000 Firmen mit mehr als 5 Mio. Euro Jahres\u00adum\u00adsatz in die Studie eingeflossen.<\/p>\n<p><strong>60% de todos os proprie\u00adt\u00e1\u00adri\u00ados de empre\u00adsas familia\u00adres enfren\u00adtam a quest\u00e3o da suces\u00ads\u00e3o dentro de 5&nbsp;anos<\/strong><\/p>\n<p>Erwei\u00adtert wurden dar\u00fcber hinaus die Gesch\u00e4ftsf\u00fchrer\/Gesellschafter in&nbsp;<strong>tr\u00eas grupos et\u00e1ri\u00ados<\/strong>&nbsp;analisadas:<\/p>\n<p>\u2192 50 \u2013 54 Jahre\u2192 55 \u2013 64 Jahre\u2192 \u00fcber 65&nbsp;Jahre.<\/p>\n<p>O <span class=\"caps\">CORE<\/span> tem todos os 79 distri\u00adtos da c\u00e2mara <strong>Anali\u00adsa\u00addo indivi\u00addu\u00adal\u00admen\u00adte<\/strong>. Para este efeito, os dados das empre\u00adsas foram tamb\u00e9m subdi\u00advi\u00addi\u00addos de acordo com os seus secto\u00adres de ativi\u00adda\u00adde, o que permi\u00adtiu obter um&nbsp;<strong>Infor\u00adma\u00ad\u00e7\u00f5es pormen\u00adorizadas sobre os factos da suces\u00ads\u00e3o<\/strong>&nbsp;do respe\u00adtivo sector.<\/p>\n<p><span class=\"dquo\">\u201e<\/span>Wichtig ist es, zu verste\u00adhen, dass im deutschen Mittel\u00adstand mehr als 90 % der Famili\u00aden\u00adun\u00adter\u00adneh\u00admen&nbsp;<strong>menos de 25 trabal\u00adha\u00addores<\/strong> besch\u00e4f\u00adti\u00adgen und weniger als 5 Millio\u00adnen Euro Umsatz machen\u201c, so <a href=\"https:\/\/www.kern-unternehmensnachfolge.com\/pt\/parceiro-2-2\/bremen-koerber\/\" target=\"_blank\" style=\"outline: none;\">Nils Koerber<\/a>, Gr\u00fcnder von <span class=\"caps\">KERN<\/span> \u2013 Unternehmens\u00adnachfolge. Erfolgreicher.<\/p>\n<p>Parce\u00adi\u00adro <span class=\"caps\">KERN<\/span> <a href=\"https:\/\/www.kern-unternehmensnachfolge.com\/pt\/parceiro-2-2\/sucessao-de-empresas-wiesbaden3\/\" target=\"_blank\">Ingo Claus<\/a> erg\u00e4nzt: \u201eDie Aufbe\u00adrei\u00adtung der Firmen\u00adda\u00adten zeigt uns, dass in den Kammer\u00adbe\u00adzir\u00adken in Deutsch\u00adland schon in nur f\u00fcnf Jahren, also 2022, <strong>mehr als 60 % der Inhaber und F\u00fchrungs\u00adkr\u00e4f\u00adte<\/strong>&nbsp;auf das Lebens\u00adal\u00adter 60 zugehen oder \u00e4lter sein werden.\u201c<\/p>\n<p>Esta evolu\u00ad\u00e7\u00e3o da idade nas empre\u00adsas familia\u00adres \u00e9 frequen\u00adte\u00admen\u00adte acomp\u00adanha\u00adda de uma&nbsp;<strong>Cartei\u00adra de inves\u00adti\u00adment\u00ados&nbsp;<\/strong>und ein gef\u00e4hr\u00adli\u00adcher Substanz\u00adver\u00adlust einher, warnen die Exper\u00adten von <span class=\"caps\">KERN<\/span>. Je nach pers\u00f6n\u00adli\u00adchem Gesund\u00adheits\u00adzu\u00adstand ger\u00e4t inner\u00adhalb weniger Jahre die Mehrheit der deutschen Famili\u00aden\u00adun\u00adter\u00adneh\u00admen in den <strong>proces\u00adso de decis\u00ad\u00e3o urgen\u00adte<\/strong>, ihre Nachfol\u00adge verl\u00e4ss\u00adlich und zukunfts\u00adori\u00aden\u00adtiert zu regeln. Da die gebur\u00adten\u00adschwa\u00adchen Jahrg\u00e4n\u00adge folgen, wird es neben der&nbsp;<strong>Quali\u00adfi\u00adka\u00adti\u00adon von Nachfol\u00adge\u00adper\u00ads\u00f6n\u00adlich\u00adkei\u00adten<\/strong>&nbsp;a um estran\u00adgu\u00adla\u00admen\u00adto quanti\u00adta\u00adtivo e, por conse\u00adguin\u00adte, a uma&nbsp;<strong>Risco no plano de suces\u00ads\u00e3o<\/strong>&nbsp;das empre\u00adsas familiares.<\/p>\n<p><strong>Uma suces\u00ads\u00e3o empre\u00adsa\u00adri\u00adal bem prepa\u00adra\u00adda \u00e9 um fator de sucesso.<\/strong><\/p>\n<p><span class=\"dquo\">\u201e<\/span>Woher sollen denn die Nachfol\u00adge-Unter\u00adneh\u00admer kommen?\u201c, gibt Ingo Claus zu beden\u00adken. Zeit f\u00fcr die Suche und eine&nbsp;<strong>prepa\u00adra\u00ad\u00e7\u00e3o profi\u00ads\u00adsio\u00adnal<\/strong>&nbsp;sind aus Sicht der Nachfolge\u00adspezialisten das A und O f\u00fcr einen Erfolg in dieser existen\u00adzi\u00adel\u00adlen Frage, mit der&nbsp;<strong>Millio\u00adnen von Arbeits\u00adpl\u00e4t\u00adzen<\/strong>&nbsp;verbun\u00adden sind \u2013 eine zugleich f\u00fcr die Volks\u00adwirt\u00adschaft \u00e4u\u00dferst relevan\u00adte Erfolgs\u00adgr\u00f6\u00ad\u00dfe. \u201eDie Nachfol\u00adge\u00adre\u00adge\u00adlung ist damit letzt\u00adlich eine Schick\u00adsals\u00adfra\u00adge zur weite\u00adren&nbsp;<strong>Desen\u00advol\u00advi\u00admen\u00adto do poder econ\u00f3\u00admi\u00adco<\/strong>&nbsp;der Bundes\u00adre\u00adpu\u00adblik\u201c, so Koerber, der immer h\u00e4ufi\u00adger auch vor Beratungs\u00adman\u00adda\u00adten steht, bei denen aufgrund der \u00dcberal\u00adte\u00adrung und eines Substanz\u00adver\u00adlus\u00adtes eine Nachfol\u00adge wirtschaft\u00adlich nicht mehr darstell\u00adbar&nbsp;ist.<\/p>\n<p>O exato&nbsp;<strong>Dados indivi\u00adduais<\/strong>&nbsp;der jewei\u00adli\u00adgen Kammer\u00adbe\u00adzir\u00adke in Deutsch\u00adland k\u00f6nnen Sie der unteren<strong>&nbsp;Mapa<\/strong>&nbsp;retirar.<\/p>\n<p><strong>Die gro\u00dfe Nachfol\u00adge-Studie Deutsch\u00adland 2020 finden Sie <a href=\"https:\/\/www.kern-unternehmensnachfolge.com\/pt\/estudo-acompanhamento-sucessao-alemanha-2020\/\" target=\"_blank\" style=\"outline: none;\">&gt;aqui<\/a><\/strong><\/p>\n<p>Para mais quest\u00f5es ou sugest\u00f5es, pode contac\u00adtar-nos atrav\u00e9s de<a href=\"mailto:info@die-nachfolgespezialisten.eu\" style=\"outline: none;\">&nbsp;kontakt@kern-unternehmensnachfolge.com&nbsp;<\/a> ou +49 421 69208840<\/p>\n<h3>Hier finden Sie die Ergeb\u00adnis\u00adse der 79 IHK-Bezir\u00adke im Detail f\u00fcr die Regio\u00adnen in&nbsp;2017<\/h3>\n<p align=\"justify\" style=\"text-align: left;\">Um die Detail\u00adergeb\u00adnis\u00adse Ihres IHK-Bezir\u00adkes herun\u00adter\u00adzu\u00adla\u00adden, klicken Sie per rechter Maustas\u00adte auf \u201eDatei speichern unter\u201c.<\/p>\n<ul>\n<li><span><a href=\"https:\/\/www.kern-unternehmensnachfolge.com\/wp-content\/uploads\/2025\/01\/1.IHK-Aachen-1.pdf\" target=\"_blank\" style=\"outline: none;\">Aachen<\/a><\/span><\/li>\n<li><span><a href=\"https:\/\/www.kern-unternehmensnachfolge.com\/wp-content\/uploads\/2025\/01\/2.IHK-Arnsberg.xlsx-1.pdf\" target=\"_blank\" style=\"outline: none;\">Arnsberg<\/a><\/span><\/li>\n<li><span><a href=\"https:\/\/www.kern-unternehmensnachfolge.com\/wp-content\/uploads\/2025\/01\/3.IHK-Aschaffenburg-1.pdf\" target=\"_blank\" style=\"outline: none;\">Aschaf\u00adfen\u00adburg<\/a><\/span><\/li>\n<li><span><a href=\"https:\/\/www.kern-unternehmensnachfolge.com\/wp-content\/uploads\/2025\/01\/4.IHK-Augsburg-1.pdf\" target=\"_blank\" style=\"outline: none;\">Augsbur\u00adgo<\/a><\/span><\/li>\n<li><span><a href=\"https:\/\/www.kern-unternehmensnachfolge.com\/wp-content\/uploads\/2025\/01\/5.IHK-Bayreuth-1.pdf\" target=\"_blank\" style=\"outline: none;\">Bayreuth<\/a><\/span><\/li>\n<li><span><a href=\"https:\/\/www.kern-unternehmensnachfolge.com\/wp-content\/uploads\/2025\/01\/6.IHK-Berlin.xlsx-1.pdf\" target=\"_blank\" style=\"outline: none;\">Berlim<\/a><\/span><\/li>\n<li><span><a href=\"https:\/\/www.kern-unternehmensnachfolge.com\/wp-content\/uploads\/2025\/01\/7.IHK-Bielefeld.xlsx-1.pdf\" target=\"_blank\" style=\"outline: none;\">Biele\u00adfeld<\/a><\/span><\/li>\n<li><span><a href=\"https:\/\/www.kern-unternehmensnachfolge.com\/wp-content\/uploads\/2025\/01\/8.-IHK-Bochum.xlsx-1.pdf\" target=\"_blank\" style=\"outline: none;\">Bochum<\/a><\/span><\/li>\n<li><span><a href=\"https:\/\/www.kern-unternehmensnachfolge.com\/wp-content\/uploads\/2025\/01\/76.-IHK-Bodensee-Oberschwaben-1.pdf\" target=\"_blank\" style=\"outline: none;\">Lago de Constan\u00ad\u00e7a Alta Su\u00e1bia<\/a><\/span><\/li>\n<li><span><a href=\"https:\/\/www.kern-unternehmensnachfolge.com\/wp-content\/uploads\/2025\/01\/9.-IHK-Bonn.xlsx-1.pdf\" target=\"_blank\" style=\"outline: none;\">Bona<\/a><\/span><\/li>\n<li><span><a href=\"https:\/\/www.kern-unternehmensnachfolge.com\/wp-content\/uploads\/2025\/01\/10.-IHK-Braunschweig-1.pdf\" target=\"_blank\" style=\"outline: none;\">Bruns\u00adwick<\/a><\/span><\/li>\n<li><span><a href=\"https:\/\/www.kern-unternehmensnachfolge.com\/wp-content\/uploads\/2025\/01\/38.-IHK-Bremen.pdf\" target=\"_blank\" style=\"outline: none;\">Bremen<\/a><\/span><\/li>\n<li><span><a href=\"https:\/\/www.kern-unternehmensnachfolge.com\/wp-content\/uploads\/2025\/01\/11.-IHK-Chemnitz.xlsx.pdf\" target=\"_blank\" style=\"outline: none;\">Chemnitz<\/a><\/span><\/li>\n<li><span><a href=\"https:\/\/www.kern-unternehmensnachfolge.com\/wp-content\/uploads\/2025\/01\/12-IHK-Coburg.pdf\" target=\"_blank\" style=\"outline: none;\">Cobur\u00adgo<\/a><\/span><\/li>\n<li><span><a href=\"https:\/\/www.kern-unternehmensnachfolge.com\/wp-content\/uploads\/2025\/01\/13.IHK-Cottbus.pdf\" target=\"_blank\" style=\"outline: none;\">Cottbus<\/a><\/span><\/li>\n<li><span><a href=\"https:\/\/www.kern-unternehmensnachfolge.com\/wp-content\/uploads\/2025\/01\/14.-IHK-Darmstadt.pdf\" target=\"_blank\" style=\"outline: none;\">Darmstadt<\/a><\/span><\/li>\n<li><span><a href=\"https:\/\/www.kern-unternehmensnachfolge.com\/wp-content\/uploads\/2025\/01\/15-IHK-Detmold.pdf\" target=\"_blank\" style=\"outline: none;\">Detmold<\/a><\/span><\/li>\n<li><span><a href=\"https:\/\/www.kern-unternehmensnachfolge.com\/wp-content\/uploads\/2025\/01\/16-IHK-Dillenberg.pdf\" target=\"_blank\" style=\"outline: none;\">Dillen\u00adberg<\/a><\/span><\/li>\n<li><span><a href=\"https:\/\/www.kern-unternehmensnachfolge.com\/wp-content\/uploads\/2025\/01\/17.IHK-Dortmund.pdf\" target=\"_blank\" style=\"outline: none;\">Dortmund<\/a><\/span><\/li>\n<li><span><a href=\"https:\/\/www.kern-unternehmensnachfolge.com\/wp-content\/uploads\/2025\/01\/18.-IHK-Dresden.pdf\" target=\"_blank\" style=\"outline: none;\">Dresden<\/a><\/span><\/li>\n<\/ul>\n<ul>\n<li><span><a href=\"https:\/\/www.kern-unternehmensnachfolge.com\/wp-content\/uploads\/2025\/01\/19.-IHK-Duisburg.pdf\" target=\"_blank\" style=\"outline: none;\">Duisburg<\/a><\/span><\/li>\n<li><span><a href=\"https:\/\/www.kern-unternehmensnachfolge.com\/wp-content\/uploads\/2025\/01\/20.-IHK-Duesseldorf.pdf\" target=\"_blank\" style=\"outline: none;\">D\u00fcssel\u00addorf<\/a><\/span><\/li>\n<li><span><a href=\"https:\/\/www.kern-unternehmensnachfolge.com\/wp-content\/uploads\/2025\/01\/21.-IHK-Emden.pdf\" target=\"_blank\" style=\"outline: none;\">Emden<\/a><\/span><\/li>\n<li><span><a href=\"https:\/\/www.kern-unternehmensnachfolge.com\/wp-content\/uploads\/2025\/01\/22.-IHK-Erfurt.pdf\" target=\"_blank\" style=\"outline: none;\">Erfurt<\/a><\/span><\/li>\n<li><span><a href=\"https:\/\/www.kern-unternehmensnachfolge.com\/wp-content\/uploads\/2025\/01\/23.IHK-Essen.pdf\" target=\"_blank\" style=\"outline: none;\">Alimen\u00adta\u00ad\u00e7\u00e3o<\/a><\/span><\/li>\n<li><span><a href=\"https:\/\/www.kern-unternehmensnachfolge.com\/wp-content\/uploads\/2025\/01\/24.-IHK-Flensburg.pdf\" target=\"_blank\" style=\"outline: none;\">Flens\u00adburg<\/a><\/span><\/li>\n<li><span><a href=\"https:\/\/www.kern-unternehmensnachfolge.com\/wp-content\/uploads\/2025\/01\/25.-IHK-Frankfurt-am-Main.pdf\" target=\"_blank\" style=\"outline: none;\">Frank\u00adfurt no&nbsp;Meno<\/a><\/span><\/li>\n<li><span><a href=\"https:\/\/www.kern-unternehmensnachfolge.com\/wp-content\/uploads\/2025\/01\/26.-IHK-Frankfurt-Oder.pdf\" target=\"_blank\" style=\"outline: none;\">Frank\u00adfurt&nbsp;Oder<\/a><\/span><\/li>\n<li><span><a href=\"https:\/\/www.kern-unternehmensnachfolge.com\/wp-content\/uploads\/2025\/01\/27.-IHK-Freiburg.pdf\" target=\"_blank\" style=\"outline: none;\">Fribur\u00adgo<\/a><\/span><\/li>\n<li><span><a href=\"https:\/\/www.kern-unternehmensnachfolge.com\/wp-content\/uploads\/2025\/01\/28.-IHK-Fulda.pdf\" target=\"_blank\" style=\"outline: none;\">Fulda<\/a><\/span><\/li>\n<li><span><a href=\"https:\/\/www.kern-unternehmensnachfolge.com\/wp-content\/uploads\/2025\/01\/29.-IHK-Gera.pdf\" target=\"_blank\" style=\"outline: none;\">Gera<\/a><\/span><\/li>\n<li><span><a href=\"https:\/\/www.kern-unternehmensnachfolge.com\/wp-content\/uploads\/2025\/01\/30.-IHK-Giessen.pdf\" target=\"_blank\" style=\"outline: none;\">Gie\u00dfen<\/a><\/span><\/li>\n<li><span><a href=\"https:\/\/www.kern-unternehmensnachfolge.com\/wp-content\/uploads\/2025\/01\/31.-IHK-Hagen.pdf\" target=\"_blank\" style=\"outline: none;\">Hagen<\/a><\/span><\/li>\n<li><span><a href=\"https:\/\/www.kern-unternehmensnachfolge.com\/wp-content\/uploads\/2025\/01\/32.IHK-Halle.pdf\" target=\"_blank\" style=\"outline: none;\">Sal\u00e3o<\/a><\/span><\/li>\n<li><span><a href=\"https:\/\/www.kern-unternehmensnachfolge.com\/wp-content\/uploads\/2025\/01\/33.-IHK-Hamburg.pdf\" target=\"_blank\" style=\"outline: none;\">Hambur\u00adgo<\/a><\/span><\/li>\n<li><span><a href=\"https:\/\/www.kern-unternehmensnachfolge.com\/wp-content\/uploads\/2025\/01\/34.-IHK-Hanau.pdf\" target=\"_blank\" style=\"outline: none;\">Hanau<\/a><\/span><\/li>\n<li><span><a href=\"https:\/\/www.kern-unternehmensnachfolge.com\/wp-content\/uploads\/2025\/01\/35.-IHK-Hannover.pdf\" target=\"_blank\" style=\"outline: none;\">Hanover<\/a><\/span><\/li>\n<li><span><a href=\"https:\/\/www.kern-unternehmensnachfolge.com\/wp-content\/uploads\/2025\/01\/36.-IHK-Heidenheim.pdf\" target=\"_blank\" style=\"outline: none;\">Heiden\u00adheim<\/a><\/span><\/li>\n<li><span><a href=\"https:\/\/www.kern-unternehmensnachfolge.com\/wp-content\/uploads\/2025\/01\/37.-IHK-Heilbronn.pdf\" target=\"_blank\" style=\"outline: none;\">Heilbronn<\/a><\/span><\/li>\n<li><span><a href=\"https:\/\/www.kern-unternehmensnachfolge.com\/wp-content\/uploads\/2025\/01\/39.-IHK-Karlsruhe.pdf\" target=\"_blank\" style=\"outline: none;\">Karls\u00adru\u00adhe<\/a><\/span><\/li>\n<\/ul>\n<ul>\n<li><span><a href=\"https:\/\/www.kern-unternehmensnachfolge.com\/wp-content\/uploads\/2025\/01\/40.-IHK-Kassel.pdf\" target=\"_blank\" style=\"outline: none;\">Kassel<\/a><\/span><\/li>\n<li><span><a href=\"https:\/\/www.kern-unternehmensnachfolge.com\/wp-content\/uploads\/2025\/01\/41.-IHK-Kiel.pdf\" target=\"_blank\" style=\"outline: none;\">Kiel<\/a><\/span><\/li>\n<li><span><a href=\"https:\/\/www.kern-unternehmensnachfolge.com\/wp-content\/uploads\/2025\/01\/42.-IHK-Koblenz.pdf\" target=\"_blank\" style=\"outline: none;\">Koblenz<\/a><\/span><\/li>\n<li><span><a href=\"https:\/\/www.kern-unternehmensnachfolge.com\/wp-content\/uploads\/2025\/01\/43.-IHK-Koeln.pdf\" target=\"_blank\" style=\"outline: none;\">K\u00f6ln<\/a><\/span><\/li>\n<li><span><a href=\"https:\/\/www.kern-unternehmensnachfolge.com\/wp-content\/uploads\/2025\/01\/44.-IHK-Konstanz.pdf\" target=\"_blank\" style=\"outline: none;\">Constan\u00ad\u00e7a<\/a><\/span><\/li>\n<li><span><a href=\"https:\/\/www.kern-unternehmensnachfolge.com\/wp-content\/uploads\/2025\/01\/45.-IHK-Krefeld.pdf\" target=\"_blank\" style=\"outline: none;\">Krefeld<\/a><\/span><\/li>\n<li><span><a href=\"https:\/\/www.kern-unternehmensnachfolge.com\/wp-content\/uploads\/2025\/01\/46.-IHK-Leipzig.pdf\" target=\"_blank\" style=\"outline: none;\">Leipzig<\/a><\/span><\/li>\n<li><span><a href=\"https:\/\/www.kern-unternehmensnachfolge.com\/wp-content\/uploads\/2025\/01\/47.-IHK-Limburg.pdf\" target=\"_blank\" style=\"outline: none;\">Limbur\u00adgo<\/a><\/span><\/li>\n<li><span><a href=\"https:\/\/www.kern-unternehmensnachfolge.com\/wp-content\/uploads\/2025\/01\/48.-IHK-Luebeck.pdf\" target=\"_blank\" style=\"outline: none;\">L\u00fcbeck<\/a><\/span><\/li>\n<li><span><a href=\"https:\/\/www.kern-unternehmensnachfolge.com\/wp-content\/uploads\/2025\/01\/50.-IHK-Lueneburg.pdf\" target=\"_blank\" style=\"outline: none;\">L\u00fcneburg<\/a><\/span><\/li>\n<li><span><a href=\"https:\/\/www.kern-unternehmensnachfolge.com\/wp-content\/uploads\/2025\/01\/51.-IHK-Magdeburg.pdf\" target=\"_blank\" style=\"outline: none;\">Magde\u00adbur\u00adgo<\/a><\/span><\/li>\n<li><span><a href=\"https:\/\/www.kern-unternehmensnachfolge.com\/wp-content\/uploads\/2025\/01\/52.-IHK-Mainz.xlsx.pdf\" target=\"_blank\" style=\"outline: none;\">Mainz<\/a><\/span><\/li>\n<li><span><a href=\"https:\/\/www.kern-unternehmensnachfolge.com\/wp-content\/uploads\/2025\/01\/53.-IHK-Mannheim.pdf\" target=\"_blank\" style=\"outline: none;\">Mannheim<\/a><\/span><\/li>\n<li><span><a href=\"https:\/\/www.kern-unternehmensnachfolge.com\/wp-content\/uploads\/2025\/01\/54.-IHK-Muenchen.pdf\" target=\"_blank\" style=\"outline: none;\">M\u00fcnchen<\/a><\/span><\/li>\n<li><span><a href=\"https:\/\/www.kern-unternehmensnachfolge.com\/wp-content\/uploads\/2025\/01\/55.-IHK-Muenster.pdf\" target=\"_blank\" style=\"outline: none;\">M\u00fcnster<\/a><\/span><\/li>\n<li><span><a href=\"https:\/\/www.kern-unternehmensnachfolge.com\/wp-content\/uploads\/2025\/01\/56.-IHK-Neubrandenburg.pdf\" target=\"_blank\" style=\"outline: none;\">Neubran\u00adden\u00adburg<\/a><\/span><\/li>\n<li><span><a href=\"https:\/\/www.kern-unternehmensnachfolge.com\/wp-content\/uploads\/2025\/01\/61.-IHK-Niederbayern.pdf\" target=\"_blank\" style=\"outline: none;\">Baixa Bavie\u00adra<\/a><\/span><\/li>\n<li><span><a href=\"https:\/\/www.kern-unternehmensnachfolge.com\/wp-content\/uploads\/2025\/01\/58.-IHK-Offenbach-am-Main.pdf\" target=\"_blank\" style=\"outline: none;\">Offen\u00adbach no&nbsp;Meno<\/a><\/span><\/li>\n<li><span><a href=\"https:\/\/www.kern-unternehmensnachfolge.com\/wp-content\/uploads\/2025\/01\/59.-IHK-Oldenburg.pdf\" target=\"_blank\" style=\"outline: none;\">Olden\u00adburg<\/a><\/span><\/li>\n<li><span><a href=\"https:\/\/www.kern-unternehmensnachfolge.com\/wp-content\/uploads\/2025\/01\/60.-IHK-Osnabrueck.pdf\" target=\"_blank\" style=\"outline: none;\">Osnabr\u00fcck<\/a><\/span><\/li>\n<\/ul>\n<ul>\n<li><span><a href=\"https:\/\/www.kern-unternehmensnachfolge.com\/wp-content\/uploads\/2025\/01\/49.-IHK-Pfalz.pdf\" target=\"_blank\" style=\"outline: none;\">Palatina\u00addo<\/a><\/span><\/li>\n<li><span><a href=\"https:\/\/www.kern-unternehmensnachfolge.com\/wp-content\/uploads\/2025\/01\/62.-IHK-Pforzheim.pdf\" target=\"_blank\" style=\"outline: none;\">Pforz\u00adheim<\/a><\/span><\/li>\n<li><span><a href=\"https:\/\/www.kern-unternehmensnachfolge.com\/wp-content\/uploads\/2025\/01\/63.-IHK-Potsdam.pdf\" target=\"_blank\" style=\"outline: none;\">Potsdam<\/a><\/span><\/li>\n<li><span><a href=\"https:\/\/www.kern-unternehmensnachfolge.com\/wp-content\/uploads\/2025\/01\/64.-IHK-Regensburg.pdf\" target=\"_blank\" style=\"outline: none;\">Regens\u00adburg<\/a><\/span><\/li>\n<li><span><a href=\"https:\/\/www.kern-unternehmensnachfolge.com\/wp-content\/uploads\/2025\/01\/65.-IHK-Reutlingen.pdf\" target=\"_blank\" style=\"outline: none;\">Reutlin\u00adgen<\/a><\/span><\/li>\n<li><span><a href=\"https:\/\/www.kern-unternehmensnachfolge.com\/wp-content\/uploads\/2025\/01\/66.-IHK-Rostock.pdf\" target=\"_blank\" style=\"outline: none;\">Rostock<\/a><\/span><\/li>\n<li><span><a href=\"https:\/\/www.kern-unternehmensnachfolge.com\/wp-content\/uploads\/2025\/01\/67.-IHK-Saarland.pdf\" target=\"_blank\" style=\"outline: none;\">Sarre<\/a><\/span><\/li>\n<li><span><a href=\"https:\/\/www.kern-unternehmensnachfolge.com\/wp-content\/uploads\/2025\/01\/75.-IHK-Schwarzwald-Baar-Heuberg.pdf\" target=\"_blank\" style=\"outline: none;\">Flores\u00adta Negra-Baar-Heuberg<\/a><\/span><\/li>\n<li><span><a href=\"https:\/\/www.kern-unternehmensnachfolge.com\/wp-content\/uploads\/2025\/01\/68.-IHK-Schwerin.pdf\" target=\"_blank\" style=\"outline: none;\">Schwe\u00adrin<\/a><\/span><\/li>\n<li><span><a href=\"https:\/\/www.kern-unternehmensnachfolge.com\/wp-content\/uploads\/2025\/01\/69.-IHK-Siegen.pdf\" target=\"_blank\" style=\"outline: none;\">Siegen<\/a><\/span><\/li>\n<li><span><a href=\"https:\/\/www.kern-unternehmensnachfolge.com\/wp-content\/uploads\/2025\/01\/70.-IHK-Stade.pdf\" target=\"_blank\" style=\"outline: none;\">Est\u00e1dio<\/a><\/span><\/li>\n<li><span><a href=\"https:\/\/www.kern-unternehmensnachfolge.com\/wp-content\/uploads\/2025\/01\/71.-IHK-Stuttgart.pdf\" target=\"_blank\" style=\"outline: none;\">Estugar\u00adda<\/a><\/span><\/li>\n<li><span><a href=\"https:\/\/www.kern-unternehmensnachfolge.com\/wp-content\/uploads\/2025\/01\/72.-IHK-Suhl.pdf\" target=\"_blank\" style=\"outline: none;\">Suhl<\/a><\/span><\/li>\n<li><span><a href=\"https:\/\/www.kern-unternehmensnachfolge.com\/wp-content\/uploads\/2025\/01\/73.-IHK-Trier.pdf\" target=\"_blank\" style=\"outline: none;\">Trier<\/a><\/span><\/li>\n<li><span><a href=\"https:\/\/www.kern-unternehmensnachfolge.com\/wp-content\/uploads\/2025\/01\/74.-IHK-Ulm.pdf\" target=\"_blank\" style=\"outline: none;\">Ulm<\/a><\/span><\/li>\n<li><span><a href=\"https:\/\/www.kern-unternehmensnachfolge.com\/wp-content\/uploads\/2025\/01\/77.-IHK-Wiesbaden.pdf\" target=\"_blank\" style=\"outline: none;\">Wiesba\u00adden<\/a><\/span><\/li>\n<li><span><a href=\"https:\/\/www.kern-unternehmensnachfolge.com\/wp-content\/uploads\/2025\/01\/78.-IHK-Wuerzburg.pdf\" target=\"_blank\" style=\"outline: none;\">W\u00fcrzburg<\/a><\/span><\/li>\n<li><span><a href=\"https:\/\/www.kern-unternehmensnachfolge.com\/wp-content\/uploads\/2025\/01\/79.-IHK-Wuppertal.pdf\" target=\"_blank\" style=\"outline: none;\">Wupper\u00adtal<\/a><\/span><\/li>\n<\/ul>","protected":false},"excerpt":{"rendered":"<p>Die KERN-Studie 2017 zur Unternehmensnachfolge Mangel an Nachfolgern bedroht Familienunternehmen. Zahl der Unternehmensnachfolgen nimmt in allen IHK-Bezirken dramatisch zu. Deutschlands [&hellip;]<\/p>\n","protected":false},"author":1,"featured_media":0,"parent":0,"menu_order":0,"comment_status":"closed","ping_status":"closed","template":"","meta":{"wp_typography_post_enhancements_disabled":false,"_kad_blocks_custom_css":"","_kad_blocks_head_custom_js":"","_kad_blocks_body_custom_js":"","_kad_blocks_footer_custom_js":"","site-sidebar-layout":"no-sidebar","site-content-layout":"plain-container","ast-site-content-layout":"default","site-content-style":"default","site-sidebar-style":"default","ast-global-header-display":"","ast-banner-title-visibility":"","ast-main-header-display":"","ast-hfb-above-header-display":"","ast-hfb-below-header-display":"","ast-hfb-mobile-header-display":"","site-post-title":"disabled","ast-breadcrumbs-content":"","ast-featured-img":"disabled","footer-sml-layout":"","ast-disable-related-posts":"","theme-transparent-header-meta":"default","adv-header-id-meta":"","stick-header-meta":"default","header-above-stick-meta":"","header-main-stick-meta":"","header-below-stick-meta":"","astra-migrate-meta-layouts":"default","ast-page-background-enabled":"default","ast-page-background-meta":{"desktop":{"background-color":"","background-image":"","background-repeat":"repeat","background-position":"center center","background-size":"auto","background-attachment":"scroll","background-type":"","background-media":"","overlay-type":"","overlay-color":"","overlay-opacity":"","overlay-gradient":""},"tablet":{"background-color":"","background-image":"","background-repeat":"repeat","background-position":"center center","background-size":"auto","background-attachment":"scroll","background-type":"","background-media":"","overlay-type":"","overlay-color":"","overlay-opacity":"","overlay-gradient":""},"mobile":{"background-color":"","background-image":"","background-repeat":"repeat","background-position":"center center","background-size":"auto","background-attachment":"scroll","background-type":"","background-media":"","overlay-type":"","overlay-color":"","overlay-opacity":"","overlay-gradient":""}},"ast-content-background-meta":{"desktop":{"background-color":"var(--ast-global-color-5)","background-image":"","background-repeat":"repeat","background-position":"center center","background-size":"auto","background-attachment":"scroll","background-type":"","background-media":"","overlay-type":"","overlay-color":"","overlay-opacity":"","overlay-gradient":""},"tablet":{"background-color":"var(--ast-global-color-5)","background-image":"","background-repeat":"repeat","background-position":"center center","background-size":"auto","background-attachment":"scroll","background-type":"","background-media":"","overlay-type":"","overlay-color":"","overlay-opacity":"","overlay-gradient":""},"mobile":{"background-color":"var(--ast-global-color-5)","background-image":"","background-repeat":"repeat","background-position":"center center","background-size":"auto","background-attachment":"scroll","background-type":"","background-media":"","overlay-type":"","overlay-color":"","overlay-opacity":"","overlay-gradient":""}},"iawp_total_views":51,"footnotes":""},"class_list":["post-2509","page","type-page","status-publish","hentry"],"taxonomy_info":[],"featured_image_src_large":false,"author_info":{"display_name":"filialleiter","author_link":"https:\/\/www.kern-unternehmensnachfolge.com\/pt\/author\/filialleiter\/"},"comment_info":0,"_links":{"self":[{"href":"https:\/\/www.kern-unternehmensnachfolge.com\/pt\/wp-json\/wp\/v2\/pages\/2509","targetHints":{"allow":["GET"]}}],"collection":[{"href":"https:\/\/www.kern-unternehmensnachfolge.com\/pt\/wp-json\/wp\/v2\/pages"}],"about":[{"href":"https:\/\/www.kern-unternehmensnachfolge.com\/pt\/wp-json\/wp\/v2\/types\/page"}],"author":[{"embeddable":true,"href":"https:\/\/www.kern-unternehmensnachfolge.com\/pt\/wp-json\/wp\/v2\/users\/1"}],"replies":[{"embeddable":true,"href":"https:\/\/www.kern-unternehmensnachfolge.com\/pt\/wp-json\/wp\/v2\/comments?post=2509"}],"version-history":[{"count":0,"href":"https:\/\/www.kern-unternehmensnachfolge.com\/pt\/wp-json\/wp\/v2\/pages\/2509\/revisions"}],"wp:attachment":[{"href":"https:\/\/www.kern-unternehmensnachfolge.com\/pt\/wp-json\/wp\/v2\/media?parent=2509"}],"curies":[{"name":"wp","href":"https:\/\/api.w.org\/{rel}","templated":true}]}}