{"id":14011,"date":"2021-02-02T11:45:18","date_gmt":"2021-02-02T10:45:18","guid":{"rendered":"https:\/\/great-kare.185-125-174-66.plesk.page\/?page_id=14011"},"modified":"2025-01-15T19:57:41","modified_gmt":"2025-01-15T18:57:41","slug":"plano-de-emergencia","status":"publish","type":"page","link":"https:\/\/www.kern-unternehmensnachfolge.com\/pt\/notfallplan\/","title":{"rendered":"Plano de emerg\u00eancia"},"content":{"rendered":"<h1>Der Notfall\u00adplan ist Ihr 360\u00b0-Service zur Fortf\u00fch\u00adrung Ihres Unternehmens<\/h1>\n<h4 style=\"text-align: left;\">Wenn Sie als Chef oder Chefin pl\u00f6tz\u00adlich ausfal\u00adlen, machen wir die Welt von Unter\u00adneh\u00admen sicherer!<\/h4>\n<h4 style=\"text-align: left;\"><a href=\"https:\/\/www.provenexpert.com\/kern-zukunft-fuer-lebenswerke\/\" style=\"outline: none;\" target=\"_blank\" rel=\"noopener\">\u2605\u2605\u2605\u2605\u2605 &nbsp;5.0 Sterne aus Kunden\u00adbe\u00adwer\u00adtun\u00adgen auf Proven\u00adex\u00adpert<\/a>&nbsp;<\/h4>\n<p><span><img decoding=\"async\" alt data-id=\"32601\" width=\"100\" data-init-width=\"100\" height=\"100\" data-init-height=\"100\" title=\"1-100x100\" loading=\"lazy\" src=\"https:\/\/www.kern-unternehmensnachfolge.com\/wp-content\/uploads\/2025\/01\/1-100x100-1.png\" data-width=\"100\" data-height=\"100\" style=\"aspect-ratio: auto 100 \/ 100;\"><\/span><\/p>\n<p style=\"text-align: center;\">Assegurar a conti\u00adnui\u00adda\u00adde da empresa<\/p>\n<p><span><img decoding=\"async\" alt data-id=\"32602\" width=\"100\" data-init-width=\"100\" height=\"100\" data-init-height=\"100\" title=\"2-100x100\" loading=\"lazy\" src=\"https:\/\/www.kern-unternehmensnachfolge.com\/wp-content\/uploads\/2025\/01\/2-100x100-1.png\" data-width=\"100\" data-height=\"100\" style=\"aspect-ratio: auto 100 \/ 100;\"><\/span><\/p>\n<p style=\"text-align: center;\">Ma\u00dfge\u00adschnei\u00adder\u00adte Notfallkonzepte<\/p>\n<p><span><img decoding=\"async\" alt data-id=\"32603\" width=\"100\" data-init-width=\"100\" height=\"100\" data-init-height=\"100\" title=\"3-100x100\" loading=\"lazy\" src=\"https:\/\/www.kern-unternehmensnachfolge.com\/wp-content\/uploads\/2025\/01\/3-100x100-1.png\" data-width=\"100\" data-height=\"100\" style=\"aspect-ratio: auto 100 \/ 100;\"><\/span><\/p>\n<p style=\"text-align: center;\">Sicher, zuver\u00adl\u00e4s\u00adsig, mit System<\/p>\n<h2 style>1. o concei\u00adto de plano de emerg\u00eancia<\/h2>\n<p style><span style=\"color: rgb(255, 255, 255);\">O que \u00e9 que aconte\u00adce \u00e0 sua fam\u00edlia e \u00e0 sua empre\u00adsa se o seu abando\u00adno for de um dia para o outro? Os membros da sua fam\u00edlia, os seus empre\u00adga\u00addos e a estru\u00adtu\u00adra da sua empre\u00adsa est\u00e3o prepa\u00adra\u00addos para&nbsp;isso?<\/span><\/p>\n<p style><span style><span style=\"color: rgb(255, 255, 255);\">Sind alle Vollmach\u00adten, Regelun\u00adgen und Verf\u00fc\u00adgun\u00adgen auf dem aktuells\u00adten Stand der gesetz\u00adli\u00adchen Rahmen\u00adbe\u00addin\u00adgun\u00adgen? Wei\u00df jeder Ihrer Stell\u00adver\u00adtre\u00adter, was er genau zu tun hat? Es kann jeden treffen, jeden Tag und in jedem Alter.&nbsp;<\/span><\/span><span style><span style=\"color: rgb(255, 255, 255);\">Wir bieten Ihnen mit Spezia\u00adlis\u00adten die perfek\u00adte 360 Grad L\u00f6sung f\u00fcr alle Belan\u00adge von Familie und Firma f\u00fcr den Notfall an.<\/span><\/span><\/p>\n<p style><span style=\"color: rgb(255, 255, 255);\">Uma vez desen\u00advol\u00advi\u00addo, tudo \u00e9 conti\u00adnu\u00ada\u00admen\u00adte ajusta\u00addo e contro\u00adla\u00addo em conjun\u00adto consi\u00adgo. A tecno\u00adlo\u00adgia de ponta prote\u00adge os seus prepa\u00adra\u00adtivos e, ao mesmo tempo, forne\u00adce acesso imedia\u00adto 24 horas por dia, 7 dias por semana, em caso de emerg\u00eancia.<\/span><\/p>\n<p><span><img decoding=\"async\" alt=\"Conceito Notafll\" data-id=\"32600\" width=\"450\" data-init-width=\"450\" height=\"315\" data-init-height=\"315\" title=\"Conceito Notafll\" loading=\"lazy\" src=\"https:\/\/www.kern-unternehmensnachfolge.com\/wp-content\/uploads\/2025\/01\/Notafllkonzept.jpg\" data-width=\"450\" data-height=\"315\" style=\"aspect-ratio: auto 450 \/ 315;\"><\/span><\/p>\n<h2 style>2. o proces\u00adso efici\u00aden\u00adte com especialistas<\/h2>\n<p style><span style=\"color: rgb(255, 255, 255); font-size: 16px;\">Unser Spezia\u00adlis\u00adten f\u00fcr Notfall\u00adkon\u00adzep\u00adte entwi\u00adckeln mit Ihnen und Ihren Angeh\u00f6\u00adri\u00adgen online oder vor Ort Ihren ma\u00dfge\u00adschnei\u00adder\u00adten Notfall\u00adplan. Unter Ber\u00fcck\u00adsich\u00adti\u00adgung Ihrer indivi\u00addu\u00adel\u00adlen Situa\u00adti\u00adon im priva\u00adten und beruf\u00adli\u00adchen Bereich. Juris\u00adti\u00adsche, steuer\u00adli\u00adche, wirtschaft\u00adli\u00adche und emotio\u00adna\u00adle Aspek\u00adte werden vertrau\u00adens\u00advoll in einem siche\u00adren Rahmen ausge\u00adtauscht und f\u00fcr Sie in einen perfek\u00adten Notfall\u00adplan integriert. Das Verspre\u00adchen: Die Erstel\u00adlung und die Umset\u00adzung laufen wie ein Schwei\u00adzer Uhrwerk. H\u00f6chst effek\u00adtiv und effizi\u00adent zugleich.<\/span><\/p>\n<p style><span style=\"color: rgb(255, 255, 255); font-size: 16px;\">Mit Exper\u00adten, die seit vielen Jahren jeden Tag nur auf diese Aufga\u00adbe f\u00fcr Unter\u00adneh\u00admer und Unter\u00adneh\u00admen fokus\u00adsiert&nbsp;sind.&nbsp;<\/span><\/p>\n<p><span><img decoding=\"async\" alt=\"Processo\" data-id=\"32599\" width=\"450\" data-init-width=\"768\" height=\"300\" data-init-height=\"512\" title=\"Processo\" loading=\"lazy\" src=\"https:\/\/www.kern-unternehmensnachfolge.com\/wp-content\/uploads\/2025\/01\/Prozess.jpg\" data-width=\"450\" data-height=\"300\" style=\"aspect-ratio: auto 768 \/ 512;\"><\/span><\/p>\n<h2 style>3. o servi\u00ad\u00e7o comple\u00adto e despreo\u00adcu\u00adp\u00ada\u00addo com o sistema<\/h2>\n<p><span style=\"font-size: 16px; color: rgb(255, 255, 255);\">An einem Tag erarbei\u00adten unsere Spezia\u00adlis\u00adten mit Ihnen den gesam\u00adten Rahmen f\u00fcr Ihr Notfall\u00adkon\u00adzept. \u00dcbrigens honorie\u00adren auch Banken eine profes\u00adsio\u00adnel\u00adle Vorsor\u00adge mit besse\u00adren Zinsen. Hierf\u00fcr erhal\u00adten Sie ein geson\u00adder\u00adtes Zerti\u00adfi\u00adkat zum Nachweis.<\/span><\/p>\n<p><span style=\"color: rgb(255, 255, 255);\"><span style=\"font-size: 16px;\">Depois, todos os blocos de constru\u00ad\u00e7\u00e3o s\u00e3o moldados na forma correc\u00adta e coorden\u00ada\u00addos consi\u00adgo at\u00e9 ao mais \u00ednfimo porme\u00adnor. Se desejar, a um pre\u00e7o fixo e com um compro\u00adva\u00adtivo trans\u00adpa\u00adren\u00adte das despe\u00adsas.<\/span><\/span><span style=\"color: rgb(255, 255, 255);\"><span style=\"font-size: 16px;\">Ihre Angeh\u00f6\u00adri\u00adgen werden in das System einge\u00adf\u00fchrt und digital haben Sie jeder\u00adzeit den gew\u00fcnsch\u00adten Zugriff. Optio\u00adnal erhal\u00adten Sie f\u00fcr eine kleine Pauscha\u00adle die fortlau\u00adfen\u00adde Kontrol\u00adle, Anpas\u00adsung an neue Geset\u00adze oder Ver\u00e4n\u00adde\u00adrun\u00adgen in Ihrer beruf\u00adli\u00adchen und pers\u00f6n\u00adli\u00adchen Lebenssituation.<\/span><\/span><\/p>\n<p><span style=\"font-size: 16px; color: rgb(255, 255, 255);\">Ein Rundum-Schutz der Sie entspannt in die Zukunft schau\u00aden&nbsp;l\u00e4sst.<\/span><\/p>\n<p><span><img decoding=\"async\" alt=\"Servi\u00e7o completo e sem preocupa\u00e7\u00f5es\" data-id=\"32598\" width=\"448\" data-init-width=\"768\" height=\"298\" data-init-height=\"512\" title=\"Servi\u00e7o completo e sem preocupa\u00e7\u00f5es\" loading=\"lazy\" src=\"https:\/\/www.kern-unternehmensnachfolge.com\/wp-content\/uploads\/2025\/01\/Rundum-Sorglos-Service.jpg\" data-width=\"448\" data-height=\"298\" style=\"aspect-ratio: auto 768 \/ 512;\"><\/span><\/p>\n<h4>Esta \u00e9 uma recomen\u00adda\u00ad\u00e7\u00e3o para&nbsp;todos!<\/h4>\n<p>Als Unter\u00adneh\u00admer muss ich meine Zeit sehr effizi\u00adent planen. Darum habe ich mich entschie\u00adden, mein betrieb\u00adli\u00adches Notfall\u00adkon\u00adzept per Video\u00adkon\u00adfe\u00adrenz zu erstel\u00adlen. Alle Punkte waren sehr gut vorbe\u00adrei\u00adtet und wir haben die relevan\u00adten Unter\u00adla\u00adgen und Aspek\u00adte au\u00dfer\u00ador\u00addent\u00adlich zeitspa\u00adrend gemein\u00adsam am Bildschirm bearbei\u00adtet. Das ist eine Empfeh\u00adlung an alle, die wie ich dieses wichti\u00adge Thema ohne Reise\u00adzeit z\u00fcgig erledigt haben wollen.<\/p>\n<p><span>Sven Dechant<\/span><span>,Gesch\u00e4fts\u00adf\u00fch\u00adrer, <span class=\"caps\">DECHANT<\/span> Vertretungen<\/span><\/p>\n<h4>Teremos todo o gosto em recomen\u00addar a&nbsp;<span class=\"caps\">KERN<\/span>!<\/h4>\n<p>Mit der Geburt unserer Tochter war es uns sehr wichtig, dass wir uns um unsere Notfall\u00adpla\u00adnung f\u00fcr die Familie und den Betrieb k\u00fcmmern. Der Exper\u00adte f\u00fcr Notfall\u00adkof\u00adfer hat uns dabei perfekt unter\u00adst\u00fctzt. Die vielen prakti\u00adschen Beispie\u00adle unseres Notfall\u00adbe\u00adra\u00adters haben uns pers\u00f6n\u00adlich sehr gehol\u00adfen, die richti\u00adgen Entschei\u00addun\u00adgen f\u00fcr unser Notfall\u00adkon\u00adzept zu treffen. Wir haben in weniger als einem Tag unseren Notfall\u00adplan erstellt: f\u00fcr uns als Unter\u00adneh\u00admer\u00adfa\u00admi\u00adlie war das sehr effizi\u00adent. Gerne empfeh\u00adlen wir diesen Spezia\u00adlis\u00adten weiter!<\/p>\n<p><span>J. Hafner<\/span><span>Empres\u00e1\u00adrio, Carpin\u00adta\u00adria Holzbau Rieger<\/span><\/p>\n<h4>Ein Muss f\u00fcr jede verant\u00adwor\u00adtungs\u00adbe\u00adwuss\u00adte Unternehmerfamilie!<\/h4>\n<p>Wir haben uns sehr gerne von den Spezia\u00adlis\u00adten durch den Prozess der Erstel\u00adlung unseres Notfall\u00adplans f\u00fchren lassen. Die wohl\u00fcber\u00adleg\u00adte Wahl der richti\u00adgen Vertrau\u00adens\u00adper\u00adso\u00adnen als Vertre\u00adter f\u00fcr den famili\u00e4\u00adren und betrieb\u00adli\u00adchen Bereich war f\u00fcr uns beson\u00adders wichtig. Wir haben dabei die umfas\u00adsen\u00adde und auf unsere eigene Situa\u00adti\u00adon abgestimm\u00adte, pers\u00f6n\u00adli\u00adche Beratung au\u00dfer\u00ador\u00addent\u00adlich gesch\u00e4tzt. Ein Muss f\u00fcr jede verant\u00adwor\u00adtungs\u00adbe\u00adwuss\u00adte Unternehmerfamilie!<\/p>\n<p><span>Chris\u00adtoph Auer<\/span><span>,Gesell\u00adschaf\u00adter, Auer + Auer Architektenb\u00fcro<\/span><span><\/span><span><\/span><\/p>\n<h3 style=\"text-align: center;\">Regis\u00adte-se agora e receba a sua lista de verifi\u00adca\u00ad\u00e7\u00e3o do plano de emerg\u00ean\u00adcia <span class=\"caps\">GRATUITAMENTE<\/span> como uma trans\u00adfer\u00ean\u00adcia em&nbsp;<span class=\"caps\">PDF<\/span>.<\/h3>\n<p style=\"text-align: center;\">Pr\u00fcfen Sie genau, wie gut ist Ihr Unter\u00adneh\u00admen bei Ihrem Ausfall abgesi\u00adchert? Diese wichtigs\u00adten Situa\u00adtio\u00adnen aus dem Unter\u00adneh\u00admer\u00adall\u00adtag treffen auch auf Sie zu! Welche wichti\u00adgen Vollmach\u00adten ben\u00f6ti\u00adgen Sie? Dies ist abh\u00e4n\u00adgig von Ihrer Unter\u00adneh\u00admens\u00adform und Gesellschafterstruktur!<\/p>","protected":false},"excerpt":{"rendered":"<p>Der Notfallplan ist Ihr 360\u00b0-Service zur Fortf\u00fchrung Ihres Unternehmens Wenn Sie als Chef oder Chefin pl\u00f6tzlich ausfallen, machen wir die [&hellip;]<\/p>\n","protected":false},"author":1,"featured_media":0,"parent":0,"menu_order":0,"comment_status":"closed","ping_status":"closed","template":"","meta":{"wp_typography_post_enhancements_disabled":false,"_kad_blocks_custom_css":"","_kad_blocks_head_custom_js":"","_kad_blocks_body_custom_js":"","_kad_blocks_footer_custom_js":"","site-sidebar-layout":"no-sidebar","site-content-layout":"default","ast-site-content-layout":"default","site-content-style":"default","site-sidebar-style":"default","ast-global-header-display":"","ast-banner-title-visibility":"","ast-main-header-display":"","ast-hfb-above-header-display":"","ast-hfb-below-header-display":"","ast-hfb-mobile-header-display":"","site-post-title":"disabled","ast-breadcrumbs-content":"","ast-featured-img":"","footer-sml-layout":"","ast-disable-related-posts":"","theme-transparent-header-meta":"default","adv-header-id-meta":"","stick-header-meta":"default","header-above-stick-meta":"","header-main-stick-meta":"","header-below-stick-meta":"","astra-migrate-meta-layouts":"default","ast-page-background-enabled":"default","ast-page-background-meta":{"desktop":{"background-color":"","background-image":"","background-repeat":"repeat","background-position":"center center","background-size":"auto","background-attachment":"scroll","background-type":"","background-media":"","overlay-type":"","overlay-color":"","overlay-opacity":"","overlay-gradient":""},"tablet":{"background-color":"","background-image":"","background-repeat":"repeat","background-position":"center center","background-size":"auto","background-attachment":"scroll","background-type":"","background-media":"","overlay-type":"","overlay-color":"","overlay-opacity":"","overlay-gradient":""},"mobile":{"background-color":"","background-image":"","background-repeat":"repeat","background-position":"center center","background-size":"auto","background-attachment":"scroll","background-type":"","background-media":"","overlay-type":"","overlay-color":"","overlay-opacity":"","overlay-gradient":""}},"ast-content-background-meta":{"desktop":{"background-color":"var(--ast-global-color-5)","background-image":"","background-repeat":"repeat","background-position":"center center","background-size":"auto","background-attachment":"scroll","background-type":"","background-media":"","overlay-type":"","overlay-color":"","overlay-opacity":"","overlay-gradient":""},"tablet":{"background-color":"var(--ast-global-color-5)","background-image":"","background-repeat":"repeat","background-position":"center center","background-size":"auto","background-attachment":"scroll","background-type":"","background-media":"","overlay-type":"","overlay-color":"","overlay-opacity":"","overlay-gradient":""},"mobile":{"background-color":"var(--ast-global-color-5)","background-image":"","background-repeat":"repeat","background-position":"center center","background-size":"auto","background-attachment":"scroll","background-type":"","background-media":"","overlay-type":"","overlay-color":"","overlay-opacity":"","overlay-gradient":""}},"iawp_total_views":33,"footnotes":""},"class_list":["post-14011","page","type-page","status-publish","hentry"],"taxonomy_info":[],"featured_image_src_large":false,"author_info":{"display_name":"filialleiter","author_link":"https:\/\/www.kern-unternehmensnachfolge.com\/pt\/author\/filialleiter\/"},"comment_info":0,"_links":{"self":[{"href":"https:\/\/www.kern-unternehmensnachfolge.com\/pt\/wp-json\/wp\/v2\/pages\/14011","targetHints":{"allow":["GET"]}}],"collection":[{"href":"https:\/\/www.kern-unternehmensnachfolge.com\/pt\/wp-json\/wp\/v2\/pages"}],"about":[{"href":"https:\/\/www.kern-unternehmensnachfolge.com\/pt\/wp-json\/wp\/v2\/types\/page"}],"author":[{"embeddable":true,"href":"https:\/\/www.kern-unternehmensnachfolge.com\/pt\/wp-json\/wp\/v2\/users\/1"}],"replies":[{"embeddable":true,"href":"https:\/\/www.kern-unternehmensnachfolge.com\/pt\/wp-json\/wp\/v2\/comments?post=14011"}],"version-history":[{"count":0,"href":"https:\/\/www.kern-unternehmensnachfolge.com\/pt\/wp-json\/wp\/v2\/pages\/14011\/revisions"}],"wp:attachment":[{"href":"https:\/\/www.kern-unternehmensnachfolge.com\/pt\/wp-json\/wp\/v2\/media?parent=14011"}],"curies":[{"name":"wp","href":"https:\/\/api.w.org\/{rel}","templated":true}]}}