{"id":29944,"date":"2024-02-26T10:35:41","date_gmt":"2024-02-26T09:35:41","guid":{"rendered":"https:\/\/kern-unternehmensnachfolge.com\/?page_id=29944"},"modified":"2026-02-27T10:53:33","modified_gmt":"2026-02-27T09:53:33","slug":"sukcesja-firmy-wiesbaden3-46","status":"publish","type":"page","link":"https:\/\/www.kern-unternehmensnachfolge.com\/pl\/standort\/bayreuth-faulenbach\/","title":{"rendered":"<span class=\"caps\">KERN<\/span> Unternehmens\u00adnachfolge in Bayreuth \u2013 M<span class=\"amp\">&amp;<\/span>A Beratung, Unter\u00adnehmens\u00adkauf Reto Faulenbach"},"content":{"rendered":"<p><a target=\"_blank\" href=\"https:\/\/www.kern-unternehmensnachfolge.com\/pl\/\" data-id-d=\"0\" data-img-style=\"width: 100%;\"><img decoding=\"async\" src=\"https:\/\/www.kern-unternehmensnachfolge.com\/wp-content\/uploads\/2023\/05\/kern_logo2023_rgb_farbig_transparent.png\" height=\"502\" width=\"1317\" alt=\"Logo KERN\" style=\"width: 100%;\" loading=\"lazy\"><\/a><\/p>\n<h2>Firmen\u00adnach\u00adfol\u00adger gesucht?&nbsp; <span class=\"caps\">KERN<\/span> ist Ihr zuver\u00adl\u00e4s\u00adsi\u00adger Partner<\/h2>\n<h1><a href=\"https:\/\/www.kern-unternehmensnachfolge.com\/pl\/gwarancja-sukcesu\/\" target=\"_blank\" style=\"outline: none;\">Reto Faulen\u00adbach \u2013 M<span class=\"amp\">&amp;<\/span>A Beratung f\u00fcr Unternehmens\u00adnachfolge <span class=\"amp\">&amp;<\/span> Unter\u00adnehmens\u00adverkauf in Bayreuth<\/a><\/h1>\n<h4 style=\"text-align: left;\"><a href=\"https:\/\/www.provenexpert.com\/kern-zukunft-fuer-lebenswerke\/\" style=\"outline: none;\" target=\"_blank\" rel=\"noopener\">\u2605\u2605\u2605\u2605\u2605 &nbsp;5.0 Sterne aus Kunden\u00adbe\u00adwer\u00adtun\u00adgen auf Proven\u00adex\u00adpert<\/a>&nbsp;<\/h4>\n<p><span><a href=\"https:\/\/www.kern-unternehmensnachfolge.com\/pl\/gwarancja-sukcesu\/\" rel target=\"_blank\"><img decoding=\"async\" alt data-id=\"31496\" width=\"177\" data-init-width=\"481\" height=\"171\" data-init-height=\"464\" title=\"KERN_Erfolgsgarantie_RGB_weiss_08.24\" src=\"https:\/\/www.kern-unternehmensnachfolge.com\/wp-content\/uploads\/2024\/08\/KERN_Erfolgsgarantie_RGB_weiss_08.24.png\" data-width=\"177\" data-link-wrap=\"true\" style=\"aspect-ratio: auto 481 \/ 464;\" data-height=\"171\" loading=\"lazy\"><\/a><\/span><\/p>\n<p style>Rozpo\u00adcz\u00adnij wideo zapoznawcze<\/p>\n<p>     <!-- Original logos -->  <a href=\"#lightbox-1\" data-lightbox=\"lightbox-1\" data-img=\"https:\/\/www.kern-unternehmensnachfolge.com\/wp-content\/uploads\/2025\/03\/UDZ-Siegel_Nils-Koerber.webp\" target=\"_blank\"> <img decoding=\"async\" src=\"https:\/\/www.kern-unternehmensnachfolge.com\/wp-content\/uploads\/2025\/03\/UDZ-Siegel_Nils-Koerber.webp\" alt=\"UDZ Seal Nils K\u00f6rber\"> <\/a>   <a href=\"#lightbox-2\" data-lightbox=\"lightbox-2\" data-img=\"https:\/\/www.kern-unternehmensnachfolge.com\/wp-content\/uploads\/2024\/05\/german-customer-arwards2024-150x150.jpeg\" target=\"_blank\"> <img decoding=\"async\" src=\"https:\/\/www.kern-unternehmensnachfolge.com\/wp-content\/uploads\/2024\/05\/german-customer-arwards2024-150x150.jpeg\" alt=\"Niemieckie nagrody dla klient\u00f3w 2024\"> <\/a>   <a href=\"https:\/\/www.provenexpert.com\/kern-zukunft-fuer-lebenswerke\/\" target=\"_blank\" rel=\"noopener\"> <img decoding=\"async\" src=\"https:\/\/www.kern-unternehmensnachfolge.com\/wp-content\/uploads\/2025\/10\/Proven-Expert-Von-Kunden-Empfohlen-2025.webp\" alt=\"Proven Expert - Von Kunden Empfohlen 2025\"> <\/a>   <a href=\"https:\/\/die-deutsche-wirtschaft.de\/top-mittelstand-deutschland-kern-zukunft-fuer-lebenswerke\/\" target=\"_blank\" rel=\"noopener\"> <img decoding=\"async\" src=\"https:\/\/www.kern-unternehmensnachfolge.com\/wp-content\/uploads\/2025\/08\/Top-Branche-Siegel-KERN.webp\" alt=\"TOP mittelst\u00e4ndisches Unternehmen\"> <\/a>   <a href=\"https:\/\/die-deutsche-wirtschaft.de\/exzellenzberater\/kern-unternehmensnachfolge-erfolgreicher\/\" target=\"_blank\" rel=\"noopener\"> <img decoding=\"async\" src=\"https:\/\/www.kern-unternehmensnachfolge.com\/wp-content\/uploads\/2025\/03\/Exzellenzberater-Deutscher-Mittelstand-2023.webp\" alt=\"Excellence Advisor 2023\"> <\/a>   <a href=\"https:\/\/die-deutsche-wirtschaft.de\/exzellenzberater\/kern-unternehmensnachfolge-erfolgreicher\/\" target=\"_blank\" rel=\"noopener\"> <img decoding=\"async\" src=\"https:\/\/www.kern-unternehmensnachfolge.com\/wp-content\/uploads\/2025\/03\/Exzellenzberater-Deutscher-Mittelstand-2024.webp\" alt=\"Excellence Advisor 2024\"> <\/a>   <a href=\"#lightbox-6\" data-lightbox=\"lightbox-6\" data-img=\"https:\/\/www.kern-unternehmensnachfolge.com\/wp-content\/uploads\/2025\/09\/Exzellenter-Nachfolgeberater-Award-2025.webp\" target=\"_blank\"> <img decoding=\"async\" src=\"https:\/\/www.kern-unternehmensnachfolge.com\/wp-content\/uploads\/2025\/09\/Exzellenter-Nachfolgeberater-Award-2025.webp\" alt=\"Exzellenter Nachfolgeberater Award 2025\"> <\/a>   <a href=\"https:\/\/vimeo.com\/775891851\" target=\"_blank\" rel=\"noopener\"> <img decoding=\"async\" src=\"https:\/\/www.kern-unternehmensnachfolge.com\/wp-content\/uploads\/2023\/07\/kern-german-brand-award-2021-132x300.jpeg\" alt=\"Nagroda German Brand Award 2021\"> <\/a>   <a href=\"https:\/\/vimeo.com\/787837024\" target=\"_blank\" rel=\"noopener\"> <img decoding=\"async\" src=\"https:\/\/www.kern-unternehmensnachfolge.com\/wp-content\/uploads\/2025\/03\/Innovator-des-Jahres-2021.webp\" alt=\"Innovator 2021\"> <\/a>   <a href=\"#lightbox-3\" data-lightbox=\"lightbox-3\" data-img=\"https:\/\/www.kern-unternehmensnachfolge.com\/wp-content\/uploads\/2023\/06\/TC_19_Member_Strich-211x300.jpg\" target=\"_blank\"> <img decoding=\"async\" src=\"https:\/\/www.kern-unternehmensnachfolge.com\/wp-content\/uploads\/2023\/06\/TC_19_Member_Strich-211x300.jpg\" alt=\"Cz\u0142onek TC 19\"> <\/a>   <a href=\"https:\/\/vimeo.com\/775920300\" target=\"_blank\" rel=\"noopener\"> <img decoding=\"async\" src=\"https:\/\/www.kern-unternehmensnachfolge.com\/wp-content\/uploads\/2023\/06\/TC_20_Member_Strich-210x300.jpg\" alt=\"Cz\u0142onek TC 20\"> <\/a>   <a href=\"https:\/\/www.top-consultant.de\/kern-unternehmensnachfolge-erfolgreicher-2023\/\" target=\"_blank\" rel=\"noopener\"> <img decoding=\"async\" src=\"https:\/\/www.kern-unternehmensnachfolge.com\/wp-content\/uploads\/2023\/06\/tc_23_member_strich-210x300.jpg\" alt=\"Cz\u0142onek TC 23\"> <\/a>   <a href=\"#lightbox-4\" data-lightbox=\"lightbox-4\" data-img=\"https:\/\/www.kern-unternehmensnachfolge.com\/wp-content\/uploads\/2025\/04\/SZ-Institut-Beste-Berater-Mittelstand.webp\" target=\"_blank\"> <img decoding=\"async\" src=\"https:\/\/www.kern-unternehmensnachfolge.com\/wp-content\/uploads\/2025\/04\/SZ-Institut-Beste-Berater-Mittelstand.webp\" alt=\"SZ Beste Berater Mittelstand\"> <\/a>   <a href=\"#lightbox-5\" data-lightbox=\"lightbox-5\" data-img=\"https:\/\/www.kern-unternehmensnachfolge.com\/wp-content\/uploads\/2025\/06\/WirtschaftsWoche-Beste-Berater-Mittelstand.webp\" target=\"_blank\"> <img decoding=\"async\" src=\"https:\/\/www.kern-unternehmensnachfolge.com\/wp-content\/uploads\/2025\/06\/WirtschaftsWoche-Beste-Berater-Mittelstand.webp\" alt=\"WirtschaftsWoche Beste Berater Mittelstand\"> <\/a>  <!-- Duplicate logos for seamless loop -->  <a href=\"#lightbox-1\" data-lightbox=\"lightbox-1\" data-img=\"https:\/\/www.kern-unternehmensnachfolge.com\/wp-content\/uploads\/2025\/03\/UDZ-Siegel_Nils-Koerber.webp\" target=\"_blank\"> <img decoding=\"async\" src=\"https:\/\/www.kern-unternehmensnachfolge.com\/wp-content\/uploads\/2025\/03\/UDZ-Siegel_Nils-Koerber.webp\" alt=\"UDZ Seal Nils K\u00f6rber\"> <\/a>   <a href=\"#lightbox-2\" data-lightbox=\"lightbox-2\" data-img=\"https:\/\/www.kern-unternehmensnachfolge.com\/wp-content\/uploads\/2024\/05\/german-customer-arwards2024-150x150.jpeg\" target=\"_blank\"> <img decoding=\"async\" src=\"https:\/\/www.kern-unternehmensnachfolge.com\/wp-content\/uploads\/2024\/05\/german-customer-arwards2024-150x150.jpeg\" alt=\"Niemieckie nagrody dla klient\u00f3w 2024\"> <\/a>   <a href=\"https:\/\/www.provenexpert.com\/kern-zukunft-fuer-lebenswerke\/\" target=\"_blank\" rel=\"noopener\"> <img decoding=\"async\" src=\"https:\/\/www.kern-unternehmensnachfolge.com\/wp-content\/uploads\/2025\/10\/Proven-Expert-Von-Kunden-Empfohlen-2025.webp\" alt=\"Proven Expert - Von Kunden Empfohlen 2025\"> <\/a>   <a href=\"https:\/\/die-deutsche-wirtschaft.de\/top-mittelstand-deutschland-kern-zukunft-fuer-lebenswerke\/\" target=\"_blank\" rel=\"noopener\"> <img decoding=\"async\" src=\"https:\/\/www.kern-unternehmensnachfolge.com\/wp-content\/uploads\/2025\/08\/Top-Branche-Siegel-KERN.webp\" alt=\"TOP mittelst\u00e4ndisches Unternehmen\"> <\/a>   <a href=\"https:\/\/die-deutsche-wirtschaft.de\/exzellenzberater\/kern-unternehmensnachfolge-erfolgreicher\/\" target=\"_blank\" rel=\"noopener\"> <img decoding=\"async\" src=\"https:\/\/www.kern-unternehmensnachfolge.com\/wp-content\/uploads\/2025\/03\/Exzellenzberater-Deutscher-Mittelstand-2023.webp\" alt=\"Excellence Advisor 2023\"> <\/a>   <a href=\"https:\/\/die-deutsche-wirtschaft.de\/exzellenzberater\/kern-unternehmensnachfolge-erfolgreicher\/\" target=\"_blank\" rel=\"noopener\"> <img decoding=\"async\" src=\"https:\/\/www.kern-unternehmensnachfolge.com\/wp-content\/uploads\/2025\/03\/Exzellenzberater-Deutscher-Mittelstand-2024.webp\" alt=\"Excellence Advisor 2024\"> <\/a>   <a href=\"#lightbox-6\" data-lightbox=\"lightbox-6\" data-img=\"https:\/\/www.kern-unternehmensnachfolge.com\/wp-content\/uploads\/2025\/09\/Exzellenter-Nachfolgeberater-Award-2025.webp\" target=\"_blank\"> <img decoding=\"async\" src=\"https:\/\/www.kern-unternehmensnachfolge.com\/wp-content\/uploads\/2025\/09\/Exzellenter-Nachfolgeberater-Award-2025.webp\" alt=\"Exzellenter Nachfolgeberater Award 2025\"> <\/a>   <a href=\"https:\/\/vimeo.com\/775891851\" target=\"_blank\" rel=\"noopener\"> <img decoding=\"async\" src=\"https:\/\/www.kern-unternehmensnachfolge.com\/wp-content\/uploads\/2023\/07\/kern-german-brand-award-2021-132x300.jpeg\" alt=\"Nagroda German Brand Award 2021\"> <\/a>   <a href=\"https:\/\/vimeo.com\/787837024\" target=\"_blank\" rel=\"noopener\"> <img decoding=\"async\" src=\"https:\/\/www.kern-unternehmensnachfolge.com\/wp-content\/uploads\/2025\/03\/Innovator-des-Jahres-2021.webp\" alt=\"Innovator 2021\"> <\/a>   <a href=\"#lightbox-3\" data-lightbox=\"lightbox-3\" data-img=\"https:\/\/www.kern-unternehmensnachfolge.com\/wp-content\/uploads\/2023\/06\/TC_19_Member_Strich-211x300.jpg\" target=\"_blank\"> <img decoding=\"async\" src=\"https:\/\/www.kern-unternehmensnachfolge.com\/wp-content\/uploads\/2023\/06\/TC_19_Member_Strich-211x300.jpg\" alt=\"Cz\u0142onek TC 19\"> <\/a>   <a href=\"https:\/\/vimeo.com\/775920300\" target=\"_blank\" rel=\"noopener\"> <img decoding=\"async\" src=\"https:\/\/www.kern-unternehmensnachfolge.com\/wp-content\/uploads\/2023\/06\/TC_20_Member_Strich-210x300.jpg\" alt=\"Cz\u0142onek TC 20\"> <\/a>   <a href=\"https:\/\/www.top-consultant.de\/kern-unternehmensnachfolge-erfolgreicher-2023\/\" target=\"_blank\" rel=\"noopener\"> <img decoding=\"async\" src=\"https:\/\/www.kern-unternehmensnachfolge.com\/wp-content\/uploads\/2023\/06\/tc_23_member_strich-210x300.jpg\" alt=\"Cz\u0142onek TC 23\"> <\/a>   <a href=\"#lightbox-4\" data-lightbox=\"lightbox-4\" data-img=\"https:\/\/www.kern-unternehmensnachfolge.com\/wp-content\/uploads\/2025\/04\/SZ-Institut-Beste-Berater-Mittelstand.webp\" target=\"_blank\"> <img decoding=\"async\" src=\"https:\/\/www.kern-unternehmensnachfolge.com\/wp-content\/uploads\/2025\/04\/SZ-Institut-Beste-Berater-Mittelstand.webp\" alt=\"SZ Beste Berater Mittelstand\"> <\/a>   <a href=\"#lightbox-5\" data-lightbox=\"lightbox-5\" data-img=\"https:\/\/www.kern-unternehmensnachfolge.com\/wp-content\/uploads\/2025\/06\/WirtschaftsWoche-Beste-Berater-Mittelstand.webp\" target=\"_blank\"> <img decoding=\"async\" src=\"https:\/\/www.kern-unternehmensnachfolge.com\/wp-content\/uploads\/2025\/06\/WirtschaftsWoche-Beste-Berater-Mittelstand.webp\" alt=\"WirtschaftsWoche Beste Berater Mittelstand\"> <\/a>    <!-- Lightbox containers -->   <span>\u2715<\/span> <img decoding=\"async\" src=\"https:\/\/www.kern-unternehmensnachfolge.com\/wp-content\/uploads\/2025\/03\/UDZ-Siegel_Nils-Koerber.webp\" alt=\"UDZ Seal Nils K\u00f6rber\"> <span class=\"caps\">UDZ<\/span> Seal Nils K\u00f6rber     <span>\u2715<\/span> <img decoding=\"async\" src=\"https:\/\/www.kern-unternehmensnachfolge.com\/wp-content\/uploads\/2024\/05\/german-customer-arwards2024-150x150.jpeg\" alt=\"Niemieckie nagrody dla klient\u00f3w 2024\"> Niemieckie nagro\u00addy dla klien\u00adt\u00f3w 2024     <span>\u2715<\/span> <img decoding=\"async\" src=\"https:\/\/www.kern-unternehmensnachfolge.com\/wp-content\/uploads\/2023\/06\/TC_19_Member_Strich-211x300.jpg\" alt=\"Cz\u0142onek TC 19\"> Cz\u0142onek <span class=\"caps\">TC<\/span> 19     <span>\u2715<\/span> <img decoding=\"async\" src=\"https:\/\/www.kern-unternehmensnachfolge.com\/wp-content\/uploads\/2025\/04\/SZ-Institut-Beste-Berater-Mittelstand.webp\" alt=\"SZ - Beste Berater Mittelstand\">  Beste Berater Mittel\u00adstand \u2013 <span class=\"caps\">SZ<\/span> Insti\u00adtut      <span>\u2715<\/span> <img decoding=\"async\" src=\"https:\/\/www.kern-unternehmensnachfolge.com\/wp-content\/uploads\/2025\/06\/WirtschaftsWoche-Beste-Berater-Mittelstand.webp\" alt=\"WirtschaftsWoche - Beste Berater Mittelstand\">  Beste Berater Mittel\u00adstand \u2013 Wirtschafts\u00adWo\u00adche      <span>\u2715<\/span> <img decoding=\"async\" src=\"https:\/\/www.kern-unternehmensnachfolge.com\/wp-content\/uploads\/2025\/09\/Exzellenter-Nachfolgeberater-Award-2025.webp\" alt=\"Exzellenter Nachfolgeberater Award 2025\">  Exzel\u00adlen\u00adter Nachfol\u00adge\u00adbe\u00adra\u00adter Award 2025    <!-- JavaScript for lightbox functionality -->  <\/p>\n<h2 style=\"text-align: left;\">Reto Faulen\u00adbach \u2013 Fachli\u00adche Kompe\u00adtenz f\u00fcr ihren Unternehmensverkauf<\/h2>\n<p>Jahrgang 1974, Sport\u00f6ko\u00adnom und Spezia\u00adlist f\u00fcr Nachfol\u00adge\u00adl\u00f6\u00adsun\u00adgen. In seinen F\u00fchrungs\u00adauf\u00adga\u00adben hat er mehrfach erfolg\u00adreich selbst den Prozess des Verkaufs erlebt und gestal\u00adtet. Urspr\u00fcng\u00adlich aus dem Rhein\u00adland ist er ber\u00fcch\u00adtigt von der Ostsee bis ins Franken gewan\u00addert und hat \u00fcberall seine Fu\u00dfspu\u00adren hinterlassen.<\/p>\n<p>Seine Arbeit wurde 2013 mit dem IHK-Gr\u00fcnder\u00adpreis ausge\u00adzeich\u00adnet. Umfang\u00adrei\u00adche Erfah\u00adrung im Bereich der Unter\u00adneh\u00admens\ufb01nan\u00adzie\u00adrung und im Contro\u00adling. Reto Faulen\u00adbach ist ihr M<span class=\"amp\">&amp;<\/span>A-Experte von <span class=\"caps\">KERN<\/span> in Bayreuth und der Region N\u00fcrnberg.<\/p>\n<p><span><img decoding=\"async\" alt=\"Exzellenter Nachfolgeberater Award 2025\" data-id=\"35007\" width=\"240\" data-init-width=\"0\" height=\"240\" data-init-height=\"0\" title=\"Exzellenter Nachfolgeberater Award 2025\" loading=\"lazy\" src=\"https:\/\/www.kern-unternehmensnachfolge.com\/wp-content\/uploads\/2025\/10\/Exzellenter-Nachfolgeberater-Award-2025.svg\" data-width=\"240\" data-height=\"240\" style=\"aspect-ratio: auto 0 \/ 0;\"><\/span><\/p>\n<p style>Rozpo\u00adcz\u00adnij porad\u0119 eksperta<\/p>\n<p><span style=\"width: 100%;\"><img decoding=\"async\" alt title=\"reto-faulenbach-profile-square\" data-id=\"29952\" src=\"https:\/\/www.kern-unternehmensnachfolge.com\/wp-content\/uploads\/2024\/02\/reto-faulenbach-profil-quadratisch.jpg\" style=\"aspect-ratio: auto 500 \/ 500;\" width=\"110\" height=\"110\" data-width=\"110\" data-height=\"110\" data-init-width=\"500\" data-init-height=\"500\" loading=\"lazy\"><\/span><\/p>\n<h2 data-hide=\"true\" id=\"t-1654808931768\" style=\"text-align: center;\">Sie haben vertrau\u00adli\u00adche Fragen?&nbsp; Buchen Sie direkt online Ihren Gratis-Wunschtermin<\/h2>\n<h4>Wsp\u00f3\u0142pra\u00adca w ostat\u00adnich miesi\u0105\u00adcach charak\u00adtery\u00adzowa\u0142a si\u0119 profes\u00adjo\u00adna\u00adliz\u00admem i zaufaniem<\/h4>\n<p>Wsp\u00f3\u0142pra\u00adca w ci\u0105gu ostat\u00adnich miesi\u0119\u00adcy charak\u00adtery\u00adzowa\u0142a si\u0119 profes\u00adjo\u00adna\u00adliz\u00admem i zaufaniem; ja r\u00f3wnie\u017c zawsze czu\u0142em si\u0119 dobrze repre\u00adzen\u00adto\u00adwa\u00adny przez Pa\u0144st\u00adwa, mimo \u017ce by\u0142em <strong>nie<\/strong> by\u0142 twoim klien\u00adtem. Tym wi\u0119ks\u00adzy komple\u00adment! <span class=\"caps\">WIELKIE<\/span> <span class=\"caps\">DZI\u0118KI<\/span>!<\/p>\n<p><span>Stany Zjedno\u00adc\u00adzo\u00adne, przedsi\u0119\u00adbior\u00adca i nabyw\u00adca przedsi\u0119\u00adbi\u00adorst\u00adwa w Bawarii<\/span><span>us\u0142ugi infor\u00adma\u00adty\u00adcz\u00adne<\/span><\/p>\n<h4>Mam nadzie\u00adj\u0119, \u017ce firmy rodzin\u00adne skorzysta\u00adj\u0105 z Pa\u0144st\u00adwa rekomendacji<\/h4>\n<p>Rzadko si\u0119 zdarza, aby Feedback by\u0142 tak jedno\u00adg\u0142o\u015b\u00adny i pozytyw\u00adny! Przek\u00adaza\u00adli Pa\u0144st\u00adwo temat auten\u00adty\u00adcz\u00adnie i z sercem pod ka\u017cdym wzgl\u0119\u00addem. Mam nadzie\u00adj\u0119, \u017ce firmy rodzin\u00adne skorzysta\u00adj\u0105 z Pa\u0144st\u00adwa rekomendacji.<\/p>\n<p><span>Ingrid Marten<\/span><span>,Wirtschafts\u00adf\u00f6r\u00adde\u00adrung Wesermarsch<\/span><\/p>\n<h4>Ekscy\u00adtu\u00adj\u0105\u00adca metoda trwa\u0142ej zmiany przyw\u00f3dztwa<\/h4>\n<p><\/p><p dir=\"ltr\">MeinST\u00adABWECH\u00adSEL ist eine spannen\u00adde Metho\u00adde f\u00fcr einen nachhal\u00adti\u00adgen F\u00fchrungs\u00adwech\u00adsel in Famili\u00aden\u00adun\u00adter\u00adneh\u00admen. Mit erstaun\u00adli\u00adcher Leich\u00adtig\u00adkeit findet man zu eigenen Werten und Bed\u00fcrfnissen.Ziel, Weg und Zeitrah\u00admen erschie\u00adnen mir am Ende der Reise als 3D-Vision f\u00fcr meinen pers\u00f6n\u00adli\u00adchen Stabwech\u00adsel. So habe ich mir in bester Atmosph\u00e4\u00adre und Beglei\u00adtung durch <span class=\"caps\">KERN<\/span> meine \u201eto do-Liste\u201c selbst erarbeitet.<\/p>\n\n<p><span>Klaus-Peter Gust,<\/span><span>Przedsi\u0119\u00adbior\u00adca<\/span><\/p>\n<h4>Profes\u00adjo\u00adnal\u00adna obs\u0142u\u00adga i reali\u00adzac\u00adja sprze\u00adda\u017cy firmy od pocz\u0105t\u00adku do&nbsp;ko\u0144ca<\/h4>\n<p><\/p><p align=\"justify\"><span class=\"caps\">KERN<\/span> hat meinen Unter\u00adnehmens\u00adverkauf vom Anfang bis zum Ende profes\u00adsio\u00adnell beglei\u00adtet und umgesetzt. Die K\u00e4ufer\u00adfin\u00addung war erstaun\u00adlich schnell und der anschlie\u00ad\u00dfen\u00adde Nachfol\u00adge\u00adpro\u00adzess wurde zu jedem Zeitpunkt kompe\u00adtent beglei\u00adtet und moderiert.<\/p>\n\n<p><span>H-J. N., przedsi\u0119\u00adbior\u00adca z Neuss<\/span><span>,gr\u00f6\u00dfter deutscher H\u00e4ndler einer Premi\u00adum\u00admar\u00adke f\u00fcr Kopie\u00adrer und&nbsp;<span class=\"caps\">DMS<\/span><\/span><\/p>\n<h4>Wsp\u00f3\u0142pra\u00adca z firm\u0105 <span class=\"caps\">KERN<\/span> sprawi\u0142a mi ogrom\u00adn\u0105 przyjemno\u015b\u0107<\/h4>\n<p><\/p><p align=\"justify\">Bardzo polubi\u0142em wsp\u00f3\u0142prac\u0119 z firm\u0105 <span class=\"caps\">KERN<\/span> i jako przedsta\u00adwi\u00adciel strony kupuj\u0105cej ciesz\u0119 si\u0119 zawsze, gdy sprze\u00adda\u00adj\u0105\u00adcy - zw\u0142aszc\u00adza przedsi\u0119\u00adbi\u00adorst\u00adwa rodzin\u00adne - otrzy\u00admu\u00adj\u0105 ca\u0142o\u015bcio\u00adwe doradzt\u00adwo i s\u0105 specjal\u00adnie przygo\u00adto\u00adwa\u00adni do sprzeda\u017cy.<\/p>\n\n<p><span>F.H., verant\u00adwortl. M<span class=\"amp\">&amp;<\/span>A-Manager in <span class=\"caps\">NRW<\/span><\/span><span>Grupa us\u0142ug mi\u0119dzynarodowych<\/span><\/p>\n<h4>\u2026 ist es uns gelun\u00adgen, genau das richti\u00adge Unter\u00adneh\u00admen f\u00fcr unsere beson\u00adde\u00adre Nische zu finden<\/h4>\n<p>Wir haben unsere Wachs\u00adtums\u00adstra\u00adte\u00adgie durch die Spezia\u00adlis\u00adten von <span class=\"caps\">KERN<\/span> beglei\u00adten lassen. Mit einer genau\u00aden Target-Analy\u00adse und der detail\u00adlier\u00adten Markt\u00adre\u00adcher\u00adche ist es uns gelun\u00adgen, genau das richti\u00adge Unter\u00adneh\u00admen f\u00fcr unsere beson\u00adde\u00adre Nische zu finden. Dabei ist nicht zu unter\u00adsch\u00e4t\u00adzen, mit welchem Aufwand ein solcher Schritt verbun\u00adden ist. Mit <span class=\"caps\">KERN<\/span> haben wir eine profes\u00adsio\u00adnel\u00adle Unter\u00adst\u00fct\u00adzung gefun\u00adden. Gleich\u00adzei\u00adtig konnte das Nachfol\u00adge\u00adpro\u00adblem des zu \u00fcberneh\u00admen\u00adden Unter\u00adneh\u00admens langfris\u00adtig und substan\u00adti\u00adell gel\u00f6st werden.<\/p>\n<p><span>W.S., Gesch\u00e4fts\u00adf\u00fch\u00adrer aus dem Raum Frankfurt\/Main<\/span><span>,Entsor\u00adgungs\u00addienst\u00adleis\u00adter, Markt\u00adf\u00fch\u00adrer in einem Nischensegment<\/span><\/p>\n<h4>\u2026 unser Ziel erreicht und k\u00f6nnen eine Zusam\u00admen\u00adar\u00adbeit mit <span class=\"caps\">KERN<\/span> unbedingt empfehlen<\/h4>\n<p><\/p><p align=\"justify\">Zesp\u00f3\u0142 <span class=\"caps\">KERN<\/span> zosta\u0142 mi polec\u00ado\u00adny w ramach sprze\u00adda\u017cy nasze\u00adgo przedsi\u0119\u00adbi\u00adorst\u00adwa i z perspek\u00adty\u00adwy czasu bardzo si\u0119 cieszy\u00admy, \u017ce otrzy\u00adma\u00adli\u015b\u00admy t\u0119 wskaz\u00f3w\u00adk\u0119. Proces negoc\u00adja\u00adc\u00adji w sprawie sprze\u00adda\u017cy by\u0142 z\u0142o\u017co\u00adny, d\u0142ugo\u00adtrwa\u0142y i niekie\u00addy zagro\u017c\u00ado\u00adny emocjo\u00adnal\u00adny\u00admi niepo\u00adro\u00adzu\u00admi\u00ade\u00adnia\u00admi co do wyniku. Jednak dzi\u0119ki du\u017cemu do\u015bwiad\u00adc\u00adze\u00adniu i umiej\u0119t\u00adno\u015bci\u00adom nasze\u00adgo konsul\u00adtan\u00adta <span class=\"caps\">KERN<\/span> osi\u0105gn\u0119\u00adli\u015b\u00admy nasz cel i zdecy\u00addo\u00adwa\u00adnie mo\u017cemy poleci\u0107 wsp\u00f3\u0142prac\u0119 z firm\u0105&nbsp;<span class=\"caps\">KERN<\/span>.<\/p>\n\n<p><span>J.F. , Przedsi\u0119\u00adbior\u00adca w rejonie Osnabr\u00fcck<\/span><span>Handel i us\u0142ugi techniczne<\/span><\/p>\n<h4>Wreszcie czas na nowy plan na&nbsp;\u017cycie<\/h4>\n<p>Pan Grepp\u00admair z firmy <span class=\"caps\">KERN<\/span> pom\u00f3g\u0142 mi przy sprze\u00adda\u017cy mojej us\u0142ugi dozor\u00adcy w Monach\u00adi\u00adum w spos\u00f3b zawsze mi\u0142y i bardzo kompe\u00adtent\u00adny. W ci\u0105gu zaled\u00adwie dziewi\u0119ciu miesi\u0119\u00adcy uda\u0142o mu si\u0119 sprze\u00adda\u0107 moj\u0105 firm\u0119 po satys\u00adfak\u00adc\u00adjo\u00adnu\u00adj\u0105cej cenie, mimo spadku sprze\u00adda\u017cy i kryzy\u00adsu w Coronie. W ten spos\u00f3b wni\u00f3s\u0142 decydu\u00adj\u0105\u00adcy wk\u0142ad w nowy plan \u017cycio\u00adwy, na kt\u00f3ry od dawna czeka\u0142em. Bardzo za to dzi\u0119kuj\u0119!<\/p>\n<p><span>Stefan Krebs<\/span><span>,GEON-Geb\u00e4u\u00adde\u00adma\u00adnage\u00adment<\/span><\/p>\n<h4>Beson\u00adders beein\u00addruckt hat mich die Schnel\u00adlig\u00adkeit und Zielstre\u00adbig\u00adkeit des gesam\u00adten Prozesses<\/h4>\n<p><\/p><p>Der Verkauf der <b>Formtei\u00adle B\u00e4rmann<\/b> inklu\u00adsi\u00adve Immobi\u00adlie und Solar\u00adan\u00adla\u00adge war f\u00fcr mich als Unter\u00adneh\u00admer und Mensch ein sehr gro\u00dfer Schritt. Umso wichti\u00adger war es f\u00fcr mich, einen Berater an meiner Seite zu haben, dem ich voll und ganz vertrau\u00aden konnte.<\/p>\n<p>Mit <b>Reto Faulen\u00adbach<\/b> z <b><span class=\"caps\">KERN<\/span> <\/b>habe ich genau diese Unter\u00adst\u00fct\u00adzung gefun\u00adden. Seine hohe fachli\u00adche Kompe\u00adtenz, die klare Struk\u00adtur im Prozess und sein Gesp\u00fcr f\u00fcr die richti\u00adgen L\u00f6sun\u00adgen haben mir von Anfang an Sicher\u00adheit gegeben.<\/p>\n<p>Beson\u00adders beein\u00addruckt hat mich die Schnel\u00adlig\u00adkeit und Zielstre\u00adbig\u00adkeit des gesam\u00adten Prozes\u00adses: Vom Start der Zusam\u00admen\u00adar\u00adbeit bis zum erfolg\u00adrei\u00adchen Closing vergin\u00adgen ledig\u00adlich <b>sieben Monate<\/b>. In dieser Zeit habe ich mich jeder\u00adzeit bestens beglei\u00adtet, verstan\u00adden und vertre\u00adten gef\u00fchlt.<\/p>\n<p>Dank der profes\u00adsio\u00adnel\u00adlen Vorbe\u00adrei\u00adtung und der souve\u00adr\u00e4\u00adnen Verhand\u00adlungs\u00adf\u00fch\u00adrung konnte ein passen\u00adder priva\u00adter Inves\u00adtor gefun\u00adden werden, der das Unter\u00adneh\u00admen in meinem Sinne weiter\u00adf\u00fchrt. R\u00fcckbli\u00adckend bin ich sehr dankbar f\u00fcr diese Zusam\u00admen\u00adar\u00adbeit und kann <span class=\"caps\">KERN<\/span> unein\u00adge\u00adschr\u00e4nkt weiterempfehlen.<\/p>\n\n<p><span>Marco B\u00e4rmann<\/span><span><\/span><\/p>\n<h4>\u2026 wie wichtig Ihre Themen sind und dass Sie als Referent sehr \u00fcberzeugt haben.<\/h4>\n<p>Bardzo dzi\u0119ku\u00adje\u00admy za wyst\u0105pi\u00ade\u00adnie na naszej konfe\u00adren\u00adc\u00adji. Jedno\u00adg\u0142o\u015b\u00adnie pozytyw\u00adne opinie 150 s\u0142uchac\u00adzy potwierd\u00adzi\u0142y, jak wa\u017cne s\u0105 Twoje tematy i \u017ce jako prele\u00adgent z KERN-u by\u0142e\u015b bardzo przekonuj\u0105cy.<\/p>\n<p><span>Lothar Sand<\/span><span>,B\u00f6rsen\u00adver\u00adein des Deutschen Buchhandels<\/span><\/p>\n<h4>Szcze\u00adg\u00f3l\u00adnie powaga i profes\u00adjo\u00adna\u00adlizm da\u0142y mi poczu\u00adcie bezpiec\u00adze\u0144st\u00adwa przez ca\u0142y&nbsp;czas.<\/h4>\n<p>Moja przedwy\u00adbor\u00adc\u00adza decyz\u00adja o wybor\u00adze 100% okaza\u0142a si\u0119 s\u0142uszna. Firma <span class=\"caps\">KERN<\/span> wykon\u00ada\u0142a napraw\u00add\u0119 dobr\u0105 robot\u0119, pocz\u0105ws\u00adzy od przygo\u00adto\u00adwa\u00adnia mojego przedsi\u0119\u00adbi\u00adorst\u00adwa w expos\u00e9, poprzez poszu\u00adki\u00adwa\u00adnie nabyw\u00adc\u00f3w, a\u017c po u\u0142atwie\u00adnie negoc\u00adja\u00adc\u00adji i komplet\u00adne przepro\u00adwad\u00adze\u00adnie mojej sukces\u00adji. W szcze\u00adg\u00f3l\u00adno\u015bci, powaga i profes\u00adjo\u00adna\u00adlizm da\u0142y mi poczu\u00adcie bezpiec\u00adze\u0144st\u00adwa przez ca\u0142y czas. Nasz cel uda\u0142o si\u0119 osi\u0105gn\u0105\u0107 w ci\u0105gu dobrych 8 miesi\u0119\u00adcy. Ch\u0119tnie polec\u0119 firm\u0119 <span class=\"caps\">KERN<\/span>&nbsp;innym.<\/p>\n<p><span>G.O.K., przedsi\u0119\u00adbior\u00adca z Hambur\u00adga,<\/span><span>Dostaw\u00adcy us\u0142ug z w\u0142asny\u00admi oddzia\u0142ami<\/span><\/p>\n<h4>Auch die beson\u00adders schwie\u00adri\u00adgen Aufga\u00adben\u00adstel\u00adlun\u00adgen \u2026 wurden optimal gel\u00f6st<\/h4>\n<p>Ciesz\u0119 si\u0119, \u017ce wybra\u0142em firm\u0119 <span class=\"caps\">KERN<\/span> jako dorad\u00adc\u0119 w moim proce\u00adsie sukces\u00adji. Wcze\u015b\u00adniej sprawd\u00adzi\u0142em r\u00f3wnie\u017c inne oferty, a nieza\u00adwod\u00adno\u015b\u0107 i bezpiec\u00adze\u0144st\u00adwo firmy <span class=\"caps\">KERN<\/span> by\u0142y dla mnie decydu\u00adj\u0105\u00adcym kryte\u00adri\u00adum. Przez ca\u0142y czas czu\u0142em si\u0119 optymal\u00adnie wspier\u00ada\u00adny przez mojego konsul\u00adtan\u00adta <span class=\"caps\">KERN<\/span>. Nawet szcze\u00adg\u00f3l\u00adnie trudne zadania, takie jak kwestie finan\u00adso\u00adwe i sporz\u0105d\u00adza\u00adnie um\u00f3w, zosta\u0142y rozwi\u0105\u00adza\u00adne w najleps\u00adzy mo\u017cli\u00adwy spos\u00f3b. Ode mnie jeszc\u00adze raz i jeszc\u00adze&nbsp;raz!<\/p>\n<p><span>M.M., przedsi\u0119\u00adbior\u00adca z okolic Hanau ko\u0142o Frank\u00adfur\u00adtu<\/span><span>,Markt\u00adf\u00fch\u00adrer f\u00fcr Spezi\u00adal\u00addienst\u00adleis\u00adtun\u00adgen und Online-Handelshaus<\/span><\/p>\n<h4><span class=\"caps\">KERN<\/span> hat meinem Sohn ganz klar einen Weg ge\u00f6ffnet<\/h4>\n<p>Das Coaching von <span class=\"caps\">KERN<\/span> hat meinem Sohn ganz klar einen Weg ge\u00f6ff\u00adnet, mit dem wir uns heute gemein\u00adsam dem Projekt Generations\u00adwechsel, im Sinne einer Fortf\u00fch\u00adrung des Famili\u00aden\u00adun\u00adter\u00adneh\u00admens, widmen k\u00f6nnen. Wir als Eltern k\u00f6nnen manche Dinge einfach nicht so \u00fcbermit\u00adteln und helfen zu erken\u00adnen, wie es ein profes\u00adsio\u00adnel\u00adler Coach&nbsp;kann.<\/p>\n<p><span>K.V., przedsi\u0119\u00adbior\u00adca z Frank\u00adfur\u00adtu<\/span><span>,H\u00e4ndler und Dienst\u00adleis\u00adter im IT-Segment<\/span><\/p>\n<h4>Bez widoku z zewn\u0105\u00adtrz prawdo\u00adpo\u00add\u00adob\u00adnie nigdy nie osi\u0105gn\u0119\u00adli\u00adby\u00ad\u015b\u00admy nasze\u00adgo celu tak szybko i bezpiecznie.<\/h4>\n<p><\/p><p align=\"justify\">W kontek\u015bcie sukces\u00adji mojej firmy, fuzja z firm\u0105 konku\u00adren\u00adcy\u00adjn\u0105 by\u0142a ideal\u00adnym rozwi\u0105\u00adza\u00adniem. Zesp\u00f3\u0142 <span class=\"caps\">KERN<\/span>, a w szcze\u00adg\u00f3l\u00adno\u015bci Pan Koerber, towar\u00adzyszy\u0142 nam z wyczu\u00adciem jako modera\u00adtor i facyli\u00adta\u00adtor proce\u00adsu i dobrze po\u0142\u0105c\u00adzy\u0142 intere\u00adsy obu partner\u00f3w negoc\u00adja\u00adc\u00adji. Bez widoku z zewn\u0105\u00adtrz i do\u015bwiad\u00adc\u00adze\u00adnia w negoc\u00adja\u00adc\u00adjach, prawdo\u00adpo\u00add\u00adob\u00adnie nigdy nie osi\u0105gn\u0119\u00adli\u00adby\u00ad\u015b\u00admy nasze\u00adgo celu tak szybko i bezpiecznie!<\/p>\n\n<p><span>J.K. przedsi\u0119\u00adbior\u00adca z Berli\u00adna,<\/span><span>Handel i us\u0142ugi<\/span><\/p>\n<h4>Profes\u00adjo\u00adnal\u00adny i nieza\u00adwod\u00adny a\u017c do pomy\u015bl\u00adn\u00adego zako\u0144czenia<\/h4>\n<p>Gerade in den schwie\u00adri\u00adgen Phasen hat mein Berater die L\u00fccken geschlos\u00adsen und einer Weiter\u00adver\u00adhand\u00adlung den Weg berei\u00adtet .Alles war profes\u00adsio\u00adnell und zuver\u00adl\u00e4s\u00adsig , Bespre\u00adchun\u00adgen auch au\u00dfer\u00adhalb der gew\u00f6hn\u00adli\u00adchen Gesch\u00e4fts\u00adzei\u00adten waren jeder Zeit m\u00f6glich .Fachlich f\u00fchle ich mich umfang\u00adreich und gut aufge\u00adho\u00adben, der erfolg\u00adrei\u00adche Abschluss ist Ausdruck der KERN-Kompetenz!<\/p>\n<p><span>J.M.<\/span><span><\/span><\/p>\n<h4>Geschwin\u00addig\u00adkeit beein\u00addru\u00adckend,&nbsp;Form immer der Situa\u00adti\u00adon angebracht, Verhal\u00adten ehrlich&nbsp;\u2026<\/h4>\n<p>Chcia\u0142\u00adbym bardzo serde\u00adcz\u00adnie podzi\u0119\u00adko\u00adwa\u0107 za wspar\u00adcie podcz\u00adas sprze\u00adda\u017cy firmy. Szybko\u015b\u0107 by\u0142a imponu\u00adj\u0105\u00adca, forma zawsze adekwat\u00adna do sytuac\u00adji, zacho\u00adwa\u00adnie szcze\u00adre i bezpre\u00adtens\u00adjo\u00adnal\u00adne - lepiej by\u0107 nie mog\u0142o! Dzi\u0119ki Pa\u0144st\u00adwa wspar\u00adciu uda\u0142o nam si\u0119 zako\u0144c\u00adzy\u0107 ten projekt w spos\u00f3b satys\u00adfak\u00adc\u00adjo\u00adnu\u00adj\u0105\u00adcy dla nas wszystkich.<\/p>\n<p><span>C.K., przedsi\u0119\u00adbior\u00adca z regio\u00adnu Weser-Ems,<\/span><span>Przedsi\u0119\u00adbi\u00adorst\u00adwo produk\u00adcy\u00adj\u00adne i handlowe<\/span><\/p>\n<h4>\u2026 sind \u00fcberrascht, welch tolle Energien in allen von uns freige\u00adsetzt worden sind<\/h4>\n<p><\/p><p align=\"justify\">Zmiana oznac\u00adza r\u00f3wnie\u017c zmier\u00adze\u00adnie si\u0119 z kultur\u0105, celami, odpowied\u00adzi\u00adal\u00adno\u015bci\u0105 i \u201czasada\u00admi gry\u201d w firmie. Z firm\u0105 <span class=\"caps\">KERN<\/span> wkroc\u00adzy\u00adli\u015b\u00admy na ekscy\u00adtu\u00adj\u0105c\u0105 drog\u0119 tworze\u00adnia w\u0142asnej, indywi\u00addu\u00adal\u00adnej filozo\u00adfii przedsi\u0119\u00adbi\u00adorst\u00adwa i byli\u015b\u00admy zaskoc\u00adze\u00adni wspania\u0142y\u00admi energi\u00ada\u00admi, kt\u00f3re si\u0119 w nas wszyst\u00adkich wyzwo\u00adli\u0142y. Z korzy\u015bci\u0105 dla naszych klien\u00adt\u00f3w, pracow\u00adni\u00adk\u00f3w i ca\u0142ego przedsi\u0119\u00adbi\u00adorst\u00adwa. Podzi\u0119\u00adko\u00adwa\u00adnia dla firmy <span class=\"caps\">KERN<\/span> za celow\u0105 i profes\u00adjo\u00adnal\u00adn\u0105 moderac\u00adj\u0119 i rozw\u00f3j.<\/p>\n\n<p><span>G-O.B, przedsi\u0119\u00adbior\u00adca z Koblen\u00adc\u00adji<\/span><span>,H\u00e4ndler und Dienst\u00adleis\u00adter Hard- und Softwarebereich<\/span><span><\/span><span><\/span><\/p>\n<h4>Wsp\u00f3\u0142pra\u00adca z firm\u0105 <span class=\"caps\">KERN<\/span> sprawi\u0142a mi ogrom\u00adn\u0105 przyjemno\u015b\u0107<\/h4>\n<p><span>F.H., verant\u00adwortl. M<span class=\"amp\">&amp;<\/span>A-Manager in <span class=\"caps\">NRW<\/span><\/span><span>Grupa us\u0142ug mi\u0119dzynarodowych<\/span><\/p>\n<p><\/p><p align=\"justify\">Bardzo polubi\u0142em wsp\u00f3\u0142prac\u0119 z firm\u0105 <span class=\"caps\">KERN<\/span> i jako przedsta\u00adwi\u00adciel strony kupuj\u0105cej ciesz\u0119 si\u0119 zawsze, gdy sprze\u00adda\u00adj\u0105\u00adcy - zw\u0142aszc\u00adza przedsi\u0119\u00adbi\u00adorst\u00adwa rodzin\u00adne - otrzy\u00admu\u00adj\u0105 ca\u0142o\u015bcio\u00adwe doradzt\u00adwo i s\u0105 specjal\u00adnie przygo\u00adto\u00adwa\u00adni do sprzeda\u017cy.<\/p>\n\n<h4>Wsp\u00f3\u0142pra\u00adca w ostat\u00adnich miesi\u0105\u00adcach charak\u00adtery\u00adzowa\u0142a si\u0119 profes\u00adjo\u00adna\u00adliz\u00admem i zaufaniem<\/h4>\n<p><span>Stany Zjedno\u00adc\u00adzo\u00adne, przedsi\u0119\u00adbior\u00adca i nabyw\u00adca przedsi\u0119\u00adbi\u00adorst\u00adwa w Bawarii<\/span><span>Us\u0142ugi infor\u00adma\u00adty\u00adcz\u00adne<\/span><\/p>\n<p>Wsp\u00f3\u0142pra\u00adca w ci\u0105gu ostat\u00adnich miesi\u0119\u00adcy charak\u00adtery\u00adzowa\u0142a si\u0119 profes\u00adjo\u00adna\u00adliz\u00admem i zaufaniem; ja r\u00f3wnie\u017c zawsze czu\u0142em si\u0119 dobrze repre\u00adzen\u00adto\u00adwa\u00adny przez Pa\u0144st\u00adwa, mimo \u017ce by\u0142em <strong>nie<\/strong> by\u0142 twoim klien\u00adtem. Tym wi\u0119ks\u00adzy komple\u00adment! <span class=\"caps\">WIELKIE<\/span> <span class=\"caps\">DZI\u0118KI<\/span>!<\/p>\n<h4>Mam nadzie\u00adj\u0119, \u017ce firmy rodzin\u00adne skorzysta\u00adj\u0105 z Pa\u0144st\u00adwa rekomendacji<\/h4>\n<p><span>Ingrid Marten,<\/span><span>Wirtschafts\u00adf\u00f6r\u00adde\u00adrung Wesermarsch<\/span><\/p>\n<p>Rzadko si\u0119 zdarza, aby Feedback by\u0142 tak jedno\u00adg\u0142o\u015b\u00adny i pozytyw\u00adny! Przek\u00adaza\u00adli Pa\u0144st\u00adwo temat auten\u00adty\u00adcz\u00adnie i z sercem pod ka\u017cdym wzgl\u0119\u00addem. Mam nadzie\u00adj\u0119, \u017ce firmy rodzin\u00adne skorzysta\u00adj\u0105 z Pa\u0144st\u00adwa rekomendacji.<\/p>\n<h2 style=\"text-align: left;\">Was k\u00f6nnen wir f\u00fcr Sie&nbsp;tun?<\/h2>\n<p>Reto Faulen\u00adbach ist Ihr kompe\u00adten\u00adter Exper\u00adte f\u00fcr Unternehmens\u00adnachfolge in Bayreuth.Mit \u00fcber 40 Stand\u00ador\u00adten in der gesam\u00adten DACH-Region und Europa sind wir seit \u00fcber 20 Jahren die Spezia\u00adlis\u00adten f\u00fcr den Mittelstand.Wir verkau\u00adfen Ihr Lebens\u00adwerk, beglei\u00adten inner\u00adfa\u00admi\u00adli\u00e4\u00adre Prozes\u00adse im Generations\u00adwechsel oder sind beim Kauf von Firmen an Ihrer Seite.Lassen Sie uns zu Ihren Anlie\u00adgen jetzt in den Austausch kommen.<\/p>\n<p><span style=\"width: 100%;\"><img decoding=\"async\" alt title=\"reto-faulenbach-profile-transverse\" data-id=\"29951\" src=\"https:\/\/www.kern-unternehmensnachfolge.com\/wp-content\/uploads\/2024\/02\/reto-faulenbach-profil-quer.jpg\" style=\"aspect-ratio: auto 800 \/ 394;\" width=\"363\" height=\"179\" data-width=\"363\" data-height=\"179\" data-init-width=\"800\" data-init-height=\"394\" loading=\"lazy\"><\/span><\/p>\n<p style=\"text-align: left;\"><strong>M<span class=\"amp\">&amp;<\/span>A Beratung f\u00fcr Unternehmens\u00adnachfolge <span class=\"amp\">&amp;<\/span> Unter\u00adnehmens\u00adverkauf in Bayreuth<\/strong> Recht\u00adlich unabh\u00e4n\u00adgi\u00adger Stand\u00adort Reto Faulen\u00adbach Oberkon\u00adners\u00adreu\u00adther Stra\u00dfe <span class=\"caps\">6A<\/span> 95448 Bayreuth<\/p>\n<p style=\"text-align: left;\">Telefon <a href=\"tel:+4915129059311\" target=\"_blank\" style=\"outline: none;\">+49 151-29 05 93 11<\/a>&nbsp;<a href=\"mailto:bayreuth@kern-unternehmensnachfolge.com\" style=\"outline: none; color: rgb(0, 115, 198) !important;\" target=\"_blank\">bayreuth@kern-unternehmensnachfolge.com<\/a><\/p>\n<p><span style=\"width: 100%;\"><img decoding=\"async\" alt title=\"oce\u0144 mnie - Google\" data-id=\"32554\" src=\"https:\/\/www.kern-unternehmensnachfolge.com\/wp-content\/uploads\/2025\/01\/bewerten-Sie-mich-Google.png\" style=\"aspect-ratio: auto 300 \/ 300;\" width=\"220\" height=\"220\" data-width=\"220\" data-height=\"220\" data-init-width=\"300\" data-init-height=\"300\" loading=\"lazy\"><\/span><a href=\"https:\/\/www.linkedin.com\/in\/reto-faulenbach-30a28b1a0\/\" target=\"_blank\" rel=\"noopener\"><\/a><\/p>","protected":false},"excerpt":{"rendered":"<p>Firmennachfolger gesucht?&nbsp; KERN ist Ihr zuverl\u00e4ssiger Partner Reto Faulenbach &#8211; M&amp;A Beratung f\u00fcr Unternehmensnachfolge &amp; Unternehmensverkauf in Bayreuth \u2605\u2605\u2605\u2605\u2605 &nbsp;5.0 [&hellip;]<\/p>\n","protected":false},"author":1,"featured_media":0,"parent":27709,"menu_order":0,"comment_status":"closed","ping_status":"closed","template":"","meta":{"wp_typography_post_enhancements_disabled":false,"_kad_blocks_custom_css":"","_kad_blocks_head_custom_js":"","_kad_blocks_body_custom_js":"","_kad_blocks_footer_custom_js":"","site-sidebar-layout":"no-sidebar","site-content-layout":"page-builder","ast-site-content-layout":"full-width-container","site-content-style":"unboxed","site-sidebar-style":"unboxed","ast-global-header-display":"disabled","ast-banner-title-visibility":"disabled","ast-main-header-display":"","ast-hfb-above-header-display":"","ast-hfb-below-header-display":"","ast-hfb-mobile-header-display":"","site-post-title":"","ast-breadcrumbs-content":"","ast-featured-img":"","footer-sml-layout":"disabled","ast-disable-related-posts":"","theme-transparent-header-meta":"","adv-header-id-meta":"","stick-header-meta":"","header-above-stick-meta":"","header-main-stick-meta":"","header-below-stick-meta":"","astra-migrate-meta-layouts":"set","ast-page-background-enabled":"default","ast-page-background-meta":{"desktop":{"background-color":"","background-image":"","background-repeat":"repeat","background-position":"center center","background-size":"auto","background-attachment":"scroll","background-type":"","background-media":"","overlay-type":"","overlay-color":"","overlay-opacity":"","overlay-gradient":""},"tablet":{"background-color":"","background-image":"","background-repeat":"repeat","background-position":"center center","background-size":"auto","background-attachment":"scroll","background-type":"","background-media":"","overlay-type":"","overlay-color":"","overlay-opacity":"","overlay-gradient":""},"mobile":{"background-color":"","background-image":"","background-repeat":"repeat","background-position":"center center","background-size":"auto","background-attachment":"scroll","background-type":"","background-media":"","overlay-type":"","overlay-color":"","overlay-opacity":"","overlay-gradient":""}},"ast-content-background-meta":{"desktop":{"background-color":"var(--ast-global-color-5)","background-image":"","background-repeat":"repeat","background-position":"center center","background-size":"auto","background-attachment":"scroll","background-type":"","background-media":"","overlay-type":"","overlay-color":"","overlay-opacity":"","overlay-gradient":""},"tablet":{"background-color":"var(--ast-global-color-5)","background-image":"","background-repeat":"repeat","background-position":"center center","background-size":"auto","background-attachment":"scroll","background-type":"","background-media":"","overlay-type":"","overlay-color":"","overlay-opacity":"","overlay-gradient":""},"mobile":{"background-color":"var(--ast-global-color-5)","background-image":"","background-repeat":"repeat","background-position":"center center","background-size":"auto","background-attachment":"scroll","background-type":"","background-media":"","overlay-type":"","overlay-color":"","overlay-opacity":"","overlay-gradient":""}},"iawp_total_views":55,"footnotes":""},"class_list":["post-29944","page","type-page","status-publish","hentry"],"taxonomy_info":[],"featured_image_src_large":false,"author_info":{"display_name":"filialleiter","author_link":"https:\/\/www.kern-unternehmensnachfolge.com\/pl\/author\/filialleiter\/"},"comment_info":0,"_links":{"self":[{"href":"https:\/\/www.kern-unternehmensnachfolge.com\/pl\/wp-json\/wp\/v2\/pages\/29944","targetHints":{"allow":["GET"]}}],"collection":[{"href":"https:\/\/www.kern-unternehmensnachfolge.com\/pl\/wp-json\/wp\/v2\/pages"}],"about":[{"href":"https:\/\/www.kern-unternehmensnachfolge.com\/pl\/wp-json\/wp\/v2\/types\/page"}],"author":[{"embeddable":true,"href":"https:\/\/www.kern-unternehmensnachfolge.com\/pl\/wp-json\/wp\/v2\/users\/1"}],"replies":[{"embeddable":true,"href":"https:\/\/www.kern-unternehmensnachfolge.com\/pl\/wp-json\/wp\/v2\/comments?post=29944"}],"version-history":[{"count":0,"href":"https:\/\/www.kern-unternehmensnachfolge.com\/pl\/wp-json\/wp\/v2\/pages\/29944\/revisions"}],"up":[{"embeddable":true,"href":"https:\/\/www.kern-unternehmensnachfolge.com\/pl\/wp-json\/wp\/v2\/pages\/27709"}],"wp:attachment":[{"href":"https:\/\/www.kern-unternehmensnachfolge.com\/pl\/wp-json\/wp\/v2\/media?parent=29944"}],"curies":[{"name":"wp","href":"https:\/\/api.w.org\/{rel}","templated":true}]}}