{"id":27998,"date":"2023-07-12T15:15:42","date_gmt":"2023-07-12T13:15:42","guid":{"rendered":"https:\/\/kern-unternehmensnachfolge.com\/?page_id=27998"},"modified":"2026-02-06T14:32:40","modified_gmt":"2026-02-06T13:32:40","slug":"memmingen-lang","status":"publish","type":"page","link":"https:\/\/www.kern-unternehmensnachfolge.com\/pl\/standort\/memmingen-lang\/","title":{"rendered":"<span class=\"caps\">KERN<\/span> Sukces\u00adja przedsi\u0119\u00adbi\u00adorst\u00adwa Memmin\u00adgen&nbsp;Lang"},"content":{"rendered":"<p><a target=\"_blank\" href=\"https:\/\/www.kern-unternehmensnachfolge.com\/pl\/\" data-id-d=\"0\" data-img-style=\"width: 100%;\"><img decoding=\"async\" src=\"https:\/\/www.kern-unternehmensnachfolge.com\/wp-content\/uploads\/2023\/05\/kern_logo2023_rgb_farbig_transparent.png\" height=\"502\" width=\"1317\" alt=\"Logo KERN\" style=\"width: 100%;\" loading=\"lazy\"><\/a><\/p>\n<h2>Norbert Lang \u2013 Ihr Spezia\u00adlist f\u00fcr Unternehmensnachfolge<\/h2>\n<h1><a href=\"https:\/\/www.kern-unternehmensnachfolge.com\/pl\/gwarancja-sukcesu\/\" target=\"_blank\" style=\"outline: none;\">Nachfol\u00adger gesucht? Der siche\u00adre Weg zur Unternehmens\u00adnachfolge in der Region Memmingen<\/a><\/h1>\n<h4 style=\"text-align: left;\"><a href=\"https:\/\/www.provenexpert.com\/kern-zukunft-fuer-lebenswerke\/\" style=\"outline: none;\" target=\"_blank\" rel=\"noopener\">\u2605\u2605\u2605\u2605\u2605 &nbsp;5.0 Sterne aus Kunden\u00adbe\u00adwer\u00adtun\u00adgen auf Proven\u00adex\u00adpert<\/a>&nbsp;<\/h4>\n<p><span><a href=\"https:\/\/www.kern-unternehmensnachfolge.com\/pl\/gwarancja-sukcesu\/\" rel target=\"_blank\"><img decoding=\"async\" alt data-id=\"31496\" width=\"177\" data-init-width=\"481\" height=\"171\" data-init-height=\"464\" title=\"KERN_Erfolgsgarantie_RGB_weiss_08.24\" src=\"https:\/\/www.kern-unternehmensnachfolge.com\/wp-content\/uploads\/2024\/08\/KERN_Erfolgsgarantie_RGB_weiss_08.24.png\" data-width=\"177\" data-link-wrap=\"true\" style=\"aspect-ratio: auto 481 \/ 464;\" data-height=\"171\" loading=\"lazy\"><\/a><\/span><\/p>\n<p style>Rozpo\u00adcz\u00adnij wideo zapoznawcze<\/p>\n<p>     <!-- Original logos -->  <a href=\"#lightbox-1\" data-lightbox=\"lightbox-1\" data-img=\"https:\/\/www.kern-unternehmensnachfolge.com\/wp-content\/uploads\/2025\/03\/UDZ-Siegel_Nils-Koerber.webp\" target=\"_blank\"> <img decoding=\"async\" src=\"https:\/\/www.kern-unternehmensnachfolge.com\/wp-content\/uploads\/2025\/03\/UDZ-Siegel_Nils-Koerber.webp\" alt=\"UDZ Seal Nils K\u00f6rber\"> <\/a>   <a href=\"#lightbox-2\" data-lightbox=\"lightbox-2\" data-img=\"https:\/\/www.kern-unternehmensnachfolge.com\/wp-content\/uploads\/2024\/05\/german-customer-arwards2024-150x150.jpeg\" target=\"_blank\"> <img decoding=\"async\" src=\"https:\/\/www.kern-unternehmensnachfolge.com\/wp-content\/uploads\/2024\/05\/german-customer-arwards2024-150x150.jpeg\" alt=\"Niemieckie nagrody dla klient\u00f3w 2024\"> <\/a>   <a href=\"https:\/\/www.provenexpert.com\/kern-zukunft-fuer-lebenswerke\/\" target=\"_blank\" rel=\"noopener\"> <img decoding=\"async\" src=\"https:\/\/www.kern-unternehmensnachfolge.com\/wp-content\/uploads\/2025\/10\/Proven-Expert-Von-Kunden-Empfohlen-2025.webp\" alt=\"Proven Expert - Von Kunden Empfohlen 2025\"> <\/a>   <a href=\"https:\/\/die-deutsche-wirtschaft.de\/top-mittelstand-deutschland-kern-zukunft-fuer-lebenswerke\/\" target=\"_blank\" rel=\"noopener\"> <img decoding=\"async\" src=\"https:\/\/www.kern-unternehmensnachfolge.com\/wp-content\/uploads\/2025\/08\/Top-Branche-Siegel-KERN.webp\" alt=\"TOP mittelst\u00e4ndisches Unternehmen\"> <\/a>   <a href=\"https:\/\/die-deutsche-wirtschaft.de\/exzellenzberater\/kern-unternehmensnachfolge-erfolgreicher\/\" target=\"_blank\" rel=\"noopener\"> <img decoding=\"async\" src=\"https:\/\/www.kern-unternehmensnachfolge.com\/wp-content\/uploads\/2025\/03\/Exzellenzberater-Deutscher-Mittelstand-2023.webp\" alt=\"Excellence Advisor 2023\"> <\/a>   <a href=\"https:\/\/die-deutsche-wirtschaft.de\/exzellenzberater\/kern-unternehmensnachfolge-erfolgreicher\/\" target=\"_blank\" rel=\"noopener\"> <img decoding=\"async\" src=\"https:\/\/www.kern-unternehmensnachfolge.com\/wp-content\/uploads\/2025\/03\/Exzellenzberater-Deutscher-Mittelstand-2024.webp\" alt=\"Excellence Advisor 2024\"> <\/a>   <a href=\"#lightbox-6\" data-lightbox=\"lightbox-6\" data-img=\"https:\/\/www.kern-unternehmensnachfolge.com\/wp-content\/uploads\/2025\/09\/Exzellenter-Nachfolgeberater-Award-2025.webp\" target=\"_blank\"> <img decoding=\"async\" src=\"https:\/\/www.kern-unternehmensnachfolge.com\/wp-content\/uploads\/2025\/09\/Exzellenter-Nachfolgeberater-Award-2025.webp\" alt=\"Exzellenter Nachfolgeberater Award 2025\"> <\/a>   <a href=\"https:\/\/vimeo.com\/775891851\" target=\"_blank\" rel=\"noopener\"> <img decoding=\"async\" src=\"https:\/\/www.kern-unternehmensnachfolge.com\/wp-content\/uploads\/2023\/07\/kern-german-brand-award-2021-132x300.jpeg\" alt=\"Nagroda German Brand Award 2021\"> <\/a>   <a href=\"https:\/\/vimeo.com\/787837024\" target=\"_blank\" rel=\"noopener\"> <img decoding=\"async\" src=\"https:\/\/www.kern-unternehmensnachfolge.com\/wp-content\/uploads\/2025\/03\/Innovator-des-Jahres-2021.webp\" alt=\"Innovator 2021\"> <\/a>   <a href=\"#lightbox-3\" data-lightbox=\"lightbox-3\" data-img=\"https:\/\/www.kern-unternehmensnachfolge.com\/wp-content\/uploads\/2023\/06\/TC_19_Member_Strich-211x300.jpg\" target=\"_blank\"> <img decoding=\"async\" src=\"https:\/\/www.kern-unternehmensnachfolge.com\/wp-content\/uploads\/2023\/06\/TC_19_Member_Strich-211x300.jpg\" alt=\"Cz\u0142onek TC 19\"> <\/a>   <a href=\"https:\/\/vimeo.com\/775920300\" target=\"_blank\" rel=\"noopener\"> <img decoding=\"async\" src=\"https:\/\/www.kern-unternehmensnachfolge.com\/wp-content\/uploads\/2023\/06\/TC_20_Member_Strich-210x300.jpg\" alt=\"Cz\u0142onek TC 20\"> <\/a>   <a href=\"https:\/\/www.top-consultant.de\/kern-unternehmensnachfolge-erfolgreicher-2023\/\" target=\"_blank\" rel=\"noopener\"> <img decoding=\"async\" src=\"https:\/\/www.kern-unternehmensnachfolge.com\/wp-content\/uploads\/2023\/06\/tc_23_member_strich-210x300.jpg\" alt=\"Cz\u0142onek TC 23\"> <\/a>   <a href=\"#lightbox-4\" data-lightbox=\"lightbox-4\" data-img=\"https:\/\/www.kern-unternehmensnachfolge.com\/wp-content\/uploads\/2025\/04\/SZ-Institut-Beste-Berater-Mittelstand.webp\" target=\"_blank\"> <img decoding=\"async\" src=\"https:\/\/www.kern-unternehmensnachfolge.com\/wp-content\/uploads\/2025\/04\/SZ-Institut-Beste-Berater-Mittelstand.webp\" alt=\"SZ Beste Berater Mittelstand\"> <\/a>   <a href=\"#lightbox-5\" data-lightbox=\"lightbox-5\" data-img=\"https:\/\/www.kern-unternehmensnachfolge.com\/wp-content\/uploads\/2025\/06\/WirtschaftsWoche-Beste-Berater-Mittelstand.webp\" target=\"_blank\"> <img decoding=\"async\" src=\"https:\/\/www.kern-unternehmensnachfolge.com\/wp-content\/uploads\/2025\/06\/WirtschaftsWoche-Beste-Berater-Mittelstand.webp\" alt=\"WirtschaftsWoche Beste Berater Mittelstand\"> <\/a>  <!-- Duplicate logos for seamless loop -->  <a href=\"#lightbox-1\" data-lightbox=\"lightbox-1\" data-img=\"https:\/\/www.kern-unternehmensnachfolge.com\/wp-content\/uploads\/2025\/03\/UDZ-Siegel_Nils-Koerber.webp\" target=\"_blank\"> <img decoding=\"async\" src=\"https:\/\/www.kern-unternehmensnachfolge.com\/wp-content\/uploads\/2025\/03\/UDZ-Siegel_Nils-Koerber.webp\" alt=\"UDZ Seal Nils K\u00f6rber\"> <\/a>   <a href=\"#lightbox-2\" data-lightbox=\"lightbox-2\" data-img=\"https:\/\/www.kern-unternehmensnachfolge.com\/wp-content\/uploads\/2024\/05\/german-customer-arwards2024-150x150.jpeg\" target=\"_blank\"> <img decoding=\"async\" src=\"https:\/\/www.kern-unternehmensnachfolge.com\/wp-content\/uploads\/2024\/05\/german-customer-arwards2024-150x150.jpeg\" alt=\"Niemieckie nagrody dla klient\u00f3w 2024\"> <\/a>   <a href=\"https:\/\/www.provenexpert.com\/kern-zukunft-fuer-lebenswerke\/\" target=\"_blank\" rel=\"noopener\"> <img decoding=\"async\" src=\"https:\/\/www.kern-unternehmensnachfolge.com\/wp-content\/uploads\/2025\/10\/Proven-Expert-Von-Kunden-Empfohlen-2025.webp\" alt=\"Proven Expert - Von Kunden Empfohlen 2025\"> <\/a>   <a href=\"https:\/\/die-deutsche-wirtschaft.de\/top-mittelstand-deutschland-kern-zukunft-fuer-lebenswerke\/\" target=\"_blank\" rel=\"noopener\"> <img decoding=\"async\" src=\"https:\/\/www.kern-unternehmensnachfolge.com\/wp-content\/uploads\/2025\/08\/Top-Branche-Siegel-KERN.webp\" alt=\"TOP mittelst\u00e4ndisches Unternehmen\"> <\/a>   <a href=\"https:\/\/die-deutsche-wirtschaft.de\/exzellenzberater\/kern-unternehmensnachfolge-erfolgreicher\/\" target=\"_blank\" rel=\"noopener\"> <img decoding=\"async\" src=\"https:\/\/www.kern-unternehmensnachfolge.com\/wp-content\/uploads\/2025\/03\/Exzellenzberater-Deutscher-Mittelstand-2023.webp\" alt=\"Excellence Advisor 2023\"> <\/a>   <a href=\"https:\/\/die-deutsche-wirtschaft.de\/exzellenzberater\/kern-unternehmensnachfolge-erfolgreicher\/\" target=\"_blank\" rel=\"noopener\"> <img decoding=\"async\" src=\"https:\/\/www.kern-unternehmensnachfolge.com\/wp-content\/uploads\/2025\/03\/Exzellenzberater-Deutscher-Mittelstand-2024.webp\" alt=\"Excellence Advisor 2024\"> <\/a>   <a href=\"#lightbox-6\" data-lightbox=\"lightbox-6\" data-img=\"https:\/\/www.kern-unternehmensnachfolge.com\/wp-content\/uploads\/2025\/09\/Exzellenter-Nachfolgeberater-Award-2025.webp\" target=\"_blank\"> <img decoding=\"async\" src=\"https:\/\/www.kern-unternehmensnachfolge.com\/wp-content\/uploads\/2025\/09\/Exzellenter-Nachfolgeberater-Award-2025.webp\" alt=\"Exzellenter Nachfolgeberater Award 2025\"> <\/a>   <a href=\"https:\/\/vimeo.com\/775891851\" target=\"_blank\" rel=\"noopener\"> <img decoding=\"async\" src=\"https:\/\/www.kern-unternehmensnachfolge.com\/wp-content\/uploads\/2023\/07\/kern-german-brand-award-2021-132x300.jpeg\" alt=\"Nagroda German Brand Award 2021\"> <\/a>   <a href=\"https:\/\/vimeo.com\/787837024\" target=\"_blank\" rel=\"noopener\"> <img decoding=\"async\" src=\"https:\/\/www.kern-unternehmensnachfolge.com\/wp-content\/uploads\/2025\/03\/Innovator-des-Jahres-2021.webp\" alt=\"Innovator 2021\"> <\/a>   <a href=\"#lightbox-3\" data-lightbox=\"lightbox-3\" data-img=\"https:\/\/www.kern-unternehmensnachfolge.com\/wp-content\/uploads\/2023\/06\/TC_19_Member_Strich-211x300.jpg\" target=\"_blank\"> <img decoding=\"async\" src=\"https:\/\/www.kern-unternehmensnachfolge.com\/wp-content\/uploads\/2023\/06\/TC_19_Member_Strich-211x300.jpg\" alt=\"Cz\u0142onek TC 19\"> <\/a>   <a href=\"https:\/\/vimeo.com\/775920300\" target=\"_blank\" rel=\"noopener\"> <img decoding=\"async\" src=\"https:\/\/www.kern-unternehmensnachfolge.com\/wp-content\/uploads\/2023\/06\/TC_20_Member_Strich-210x300.jpg\" alt=\"Cz\u0142onek TC 20\"> <\/a>   <a href=\"https:\/\/www.top-consultant.de\/kern-unternehmensnachfolge-erfolgreicher-2023\/\" target=\"_blank\" rel=\"noopener\"> <img decoding=\"async\" src=\"https:\/\/www.kern-unternehmensnachfolge.com\/wp-content\/uploads\/2023\/06\/tc_23_member_strich-210x300.jpg\" alt=\"Cz\u0142onek TC 23\"> <\/a>   <a href=\"#lightbox-4\" data-lightbox=\"lightbox-4\" data-img=\"https:\/\/www.kern-unternehmensnachfolge.com\/wp-content\/uploads\/2025\/04\/SZ-Institut-Beste-Berater-Mittelstand.webp\" target=\"_blank\"> <img decoding=\"async\" src=\"https:\/\/www.kern-unternehmensnachfolge.com\/wp-content\/uploads\/2025\/04\/SZ-Institut-Beste-Berater-Mittelstand.webp\" alt=\"SZ Beste Berater Mittelstand\"> <\/a>   <a href=\"#lightbox-5\" data-lightbox=\"lightbox-5\" data-img=\"https:\/\/www.kern-unternehmensnachfolge.com\/wp-content\/uploads\/2025\/06\/WirtschaftsWoche-Beste-Berater-Mittelstand.webp\" target=\"_blank\"> <img decoding=\"async\" src=\"https:\/\/www.kern-unternehmensnachfolge.com\/wp-content\/uploads\/2025\/06\/WirtschaftsWoche-Beste-Berater-Mittelstand.webp\" alt=\"WirtschaftsWoche Beste Berater Mittelstand\"> <\/a>    <!-- Lightbox containers -->   <span>\u2715<\/span> <img decoding=\"async\" src=\"https:\/\/www.kern-unternehmensnachfolge.com\/wp-content\/uploads\/2025\/03\/UDZ-Siegel_Nils-Koerber.webp\" alt=\"UDZ Seal Nils K\u00f6rber\"> <span class=\"caps\">UDZ<\/span> Seal Nils K\u00f6rber     <span>\u2715<\/span> <img decoding=\"async\" src=\"https:\/\/www.kern-unternehmensnachfolge.com\/wp-content\/uploads\/2024\/05\/german-customer-arwards2024-150x150.jpeg\" alt=\"Niemieckie nagrody dla klient\u00f3w 2024\"> Niemieckie nagro\u00addy dla klien\u00adt\u00f3w 2024     <span>\u2715<\/span> <img decoding=\"async\" src=\"https:\/\/www.kern-unternehmensnachfolge.com\/wp-content\/uploads\/2023\/06\/TC_19_Member_Strich-211x300.jpg\" alt=\"Cz\u0142onek TC 19\"> Cz\u0142onek <span class=\"caps\">TC<\/span> 19     <span>\u2715<\/span> <img decoding=\"async\" src=\"https:\/\/www.kern-unternehmensnachfolge.com\/wp-content\/uploads\/2025\/04\/SZ-Institut-Beste-Berater-Mittelstand.webp\" alt=\"SZ - Beste Berater Mittelstand\">  Beste Berater Mittel\u00adstand \u2013 <span class=\"caps\">SZ<\/span> Insti\u00adtut      <span>\u2715<\/span> <img decoding=\"async\" src=\"https:\/\/www.kern-unternehmensnachfolge.com\/wp-content\/uploads\/2025\/06\/WirtschaftsWoche-Beste-Berater-Mittelstand.webp\" alt=\"WirtschaftsWoche - Beste Berater Mittelstand\">  Beste Berater Mittel\u00adstand \u2013 Wirtschafts\u00adWo\u00adche      <span>\u2715<\/span> <img decoding=\"async\" src=\"https:\/\/www.kern-unternehmensnachfolge.com\/wp-content\/uploads\/2025\/09\/Exzellenter-Nachfolgeberater-Award-2025.webp\" alt=\"Exzellenter Nachfolgeberater Award 2025\">  Exzel\u00adlen\u00adter Nachfol\u00adge\u00adbe\u00adra\u00adter Award 2025    <!-- JavaScript for lightbox functionality -->  <\/p>\n<h2 style=\"text-align: left;\">Norbert Langs Exper\u00adti\u00adse f\u00fcr Ihren Unternehmensverkauf<\/h2>\n<p>Jahrgang 1962, Diplom-Ingenieur (<span class=\"caps\">FH<\/span>), Fachrich\u00adtung Maschi\u00adnen\u00adbau, syste\u00admi\u00adscher Coach mit dem Schwer\u00adpunkt von Nachfol\u00adge\u00adpro\u00adzes\u00adsen in Famili\u00aden\u00adun\u00adter\u00adneh\u00admen. T\u00e4tig\u00adkeit als Beirat in einem Produktionsunternehmen.<\/p>\n<p>Autori\u00adsier\u00adter Berater und Dozent des&nbsp; <a href=\"http:\/\/www.unternehmensnachfolge-offensive-mittelstand.de\/ueber-uns\/\" target=\"_blank\" style=\"outline: none;\" rel=\"noopener\"><span class=\"caps\">OFFENSIVEN<\/span> <span class=\"caps\">MITTELSTAND<\/span><\/a> f\u00fcr Unternehmens\u00adnachfolge. Exper\u00adte f\u00fcr Maschi\u00adnen\u00adbau und metall\u00adver\u00adar\u00adbei\u00adten\u00adde Unter\u00adneh\u00admen. Zweit\u00adspra\u00adche Englisch.<\/p>\n<p>Langj\u00e4h\u00adri\u00adge F\u00fchrungs\u00ader\u00adfah\u00adrung in Produk\u00adti\u00adons\u00adun\u00adter\u00adneh\u00admen, Beglei\u00adtung von Genera\u00adti\u00adons\u00adwech\u00adsel\u00adpro\u00adzes\u00adsen in Famili\u00aden\u00adun\u00adter\u00adneh\u00admen, Umfang\u00adrei\u00adches Praxis-Know-How in Sanie\u00adrungs- und Organi\u00adsa\u00adti\u00adons\u00adpro\u00adzes\u00adsen von mittel\u00adst\u00e4n\u00addi\u00adschen Firmen.<\/p>\n<p><span><img decoding=\"async\" alt=\"Exzellenter Nachfolgeberater Award 2025\" data-id=\"35007\" width=\"240\" data-init-width=\"0\" height=\"240\" data-init-height=\"0\" title=\"Exzellenter Nachfolgeberater Award 2025\" src=\"https:\/\/www.kern-unternehmensnachfolge.com\/wp-content\/uploads\/2025\/10\/Exzellenter-Nachfolgeberater-Award-2025.svg\" data-width=\"240\" data-height=\"240\" style=\"aspect-ratio: auto 0 \/ 0;\" loading=\"lazy\"><\/span><\/p>\n<p style>Rozpo\u00adcz\u00adnij porad\u0119 eksperta<\/p>\n<p><span style=\"width: 100%;\"><img decoding=\"async\" alt title=\"norbert-lang-autor-150x150\" data-id=\"32577\" src=\"https:\/\/www.kern-unternehmensnachfolge.com\/wp-content\/uploads\/2025\/01\/norbert-lang-autor-150x150-1.jpg\" style=\"aspect-ratio: auto 150 \/ 150;\" width=\"110\" height=\"110\" data-width=\"110\" data-height=\"110\" data-init-width=\"150\" data-init-height=\"150\" ml-d=\"0\" mt-d=\"0\" center-h-d=\"false\" loading=\"lazy\"><\/span><\/p>\n<h2 data-hide=\"true\" id=\"t-1654808931768\" style=\"text-align: center;\">Czy masz poufne pytania?&nbsp;<\/h2>\n<h2 data-hide=\"true\" style=\"text-align: center;\">Zarezer\u00adwuj bezp\u0142at\u00adne spotka\u00adnie bezpo\u015b\u00adred\u00adnio online<\/h2>\n<h4>Z\u0142o\u017co\u00adny temat zosta\u0142 bardzo dobrze zilus\u00adtro\u00adwa\u00adny przez <span class=\"caps\">KERN<\/span>. i przedsta\u00adwio\u00adny w zrozu\u00admi\u00ada\u0142y spos\u00f3b.<\/h4>\n<p>Zaanga\u017co\u00adwa\u00adli\u015b\u00admy firm\u0119 <span class=\"caps\">KERN<\/span> w ramach semina\u00adri\u00adum, aby pokaza\u0107 cz\u0142on\u00adkom nasze\u00adgo stowar\u00adzy\u00adsze\u00adnia r\u00f3\u017cne mo\u017cli\u00adwo\u015bci plano\u00adwa\u00adnia sukces\u00adji. <span class=\"caps\">KERN<\/span> bardzo dobrze zilus\u00adtro\u00adwa\u0142 z\u0142o\u017co\u00adny temat i przedsta\u00adwi\u0142 go w zrozu\u00admi\u00ada\u0142y spos\u00f3b. Infor\u00admac\u00adje zwrot\u00adne od uczest\u00adni\u00adk\u00f3w semina\u00adri\u00adum by\u0142y konse\u00adkwent\u00adnie pozytyw\u00adne. My jako organiza\u00adtor\u00adzy r\u00f3wnie\u017c mieli\u015b\u00admy same pozytyw\u00adne do\u015bwiadczenia.<\/p>\n<p><span>VdAW e.V.<\/span><span><\/span><\/p>\n<h4>Hohe Kompe\u00adtenz von Herrn Norbert Lang<\/h4>\n<p>Das war unser erster Firmen\u00adan\u00adteils\u00adver\u00adkauf und wir k\u00f6nnen froh sein, durch die hervor\u00adra\u00adgen\u00adde Beratung und die hohe Kompe\u00adtenz von Herrn Norbert Lang viele Fehler vermie\u00adden und den Anteils\u00adver\u00adkauf zu einem guten Ergeb\u00adnis gef\u00fchrt zu haben. Herzli\u00adchen Dank Herr&nbsp;Lang<\/p>\n<p><span><span class=\"caps\">MGE<\/span><\/span><span><\/span><\/p>\n<h4>Durch seine Exper\u00adti\u00adse in der Metall\u00adin\u00addus\u00adtrie konnte Herr Lang immer wieder \u00fcberzeugen!<\/h4>\n<p>Wir waren mit den Beratungs\u00adleis\u00adtun\u00adgen von Herrn Lang sehr zufrie\u00adden. Herr Lang war jeder\u00adzeit, auch au\u00dfer\u00adhalb der \u00fcblichen Gesch\u00e4fts\u00adzei\u00adten, unser verl\u00e4ss\u00adli\u00adcher und kompe\u00adten\u00adter Ansprech\u00adpart\u00adner im Zusam\u00admen\u00adhang mit dem Verkauf der Cometal Metall\u00adhalb\u00adzeu\u00adge GmbH. Durch seine Exper\u00adti\u00adse in der Metall\u00adin\u00addus\u00adtrie konnte Herr Lang immer wieder \u00fcberzeu\u00adgen. Wir w\u00fcrden Herrn Lang jeder\u00adzeit weiterempfehlen.<\/p>\n<p><span>Stephan F.<\/span><span><\/span><\/p>\n<h4>Przyjem\u00adne uczucie, \u017ce nie pope\u0142\u00adni\u0142em&nbsp;b\u0142\u0119du!<\/h4>\n<p><\/p><p style=\"margin: 0cm; margin-bottom: .0001pt;\"><span style=\"color: black;\"><span class=\"dquo\">\u201e<\/span>Vielen Dank Herr Lang f\u00fcr die zuver\u00adl\u00e4s\u00adsi\u00adge, angeneh\u00adme Zusam\u00admen\u00adar\u00adbeit. Ich habe das angeneh\u00adme Gef\u00fchl, mich nicht get\u00e4uscht zu haben und kann und werde Sie jeder\u00adzeit weiter\u00ademp\u00adfeh\u00adlen. L.&nbsp;K.\u201c<\/span><\/p>\n\n<p><span>L.K.<\/span><span><\/span><\/p>\n<h4>Und tats\u00e4ch\u00adlich war mir nicht zu viel verspro\u00adchen worden,&nbsp;\u2026<\/h4>\n<p>W poszu\u00adki\u00adwa\u00adniu kompe\u00adtent\u00adn\u00adego dorad\u00adcy, kt\u00f3ry profes\u00adjo\u00adnal\u00adnie wesprze mnie w sprze\u00adda\u017cy mojej firmy, poleco\u00adno mi Norber\u00adta Langa. I rzeczy\u00adwi\u015bcie, nie obiecy\u00adwa\u00adno mi zbyt wiele, od wyceny, poprzez wszyst\u00adkie etapy proce\u00adsu przygo\u00adto\u00adwa\u00adnia sprze\u00adda\u017cy, a\u017c do podpi\u00adsa\u00adnia um\u00f3w, Pan Lang by\u0142 zawsze bardzo kompe\u00adtent\u00adnym towar\u00adzy\u00adszem i dorad\u00adc\u0105. Mog\u0119 go poleci\u0107 z czystym sumieniem!<\/p>\n<p><span>Klaus Markstahler<\/span><span><\/span><\/p>\n<h4>Wyj\u0105t\u00adko\u00adwo renomo\u00adwa\u00adny i kompe\u00adtent\u00adny partner w zakre\u00adsie wspar\u00adcia proces\u00f3w sukcesji.<\/h4>\n<p>Mamy bardzo dobre do\u015bwiad\u00adc\u00adze\u00adnia, szcze\u00adg\u00f3l\u00adnie z Norber\u00adtem Langiem. Jest on niezwyk\u00adle powa\u017cn\u0105 i kompe\u00adtent\u00adn\u0105 osob\u0105 do kontak\u00adtu przy proce\u00adsach sukces\u00adji. Jako prele\u00adgent na impre\u00adz\u00adach wyk\u0142a\u00addo\u00adwych imponu\u00adje swoim bardzo \u017cywym i auten\u00adty\u00adcz\u00adnym stylem.<\/p>\n<p><span>J. K.<\/span><span><\/span><\/p>\n<h4>Immer gut aufgehoben!<\/h4>\n<p>Mit Herrn Norbert Lang war ich au\u00dfer\u00ador\u00addent\u00adlich zufrie\u00adden. Er hat meinen Firmen\u00adver\u00adkauf mit Rat und Tat beglei\u00adtet und ich f\u00fchlte mich immer gut aufge\u00adho\u00adben. Ein voller Erfolg, daf\u00fcr herzli\u00adchen&nbsp;Dank.<\/p>\n<p><span>Adolf W.<\/span><span><\/span><\/p>\n<h4>Kompe\u00adten\u00adte Begleitung<\/h4>\n<p>Ich m\u00f6chte an dieser Stelle Herrn Norbert Lang pers\u00f6n\u00adlich danken. Herr Lang hat uns vom Anfang bis zum Abschluss sehr kompe\u00adtent beglei\u00adtet. Ohne seine Mitwir\u00adkung h\u00e4tten wir das sicher nicht so zum Abschluss bringen k\u00f6nnen. Vielen herzli\u00adchen Dank f\u00fcr diese gro\u00dfar\u00adti\u00adge Unterst\u00fctzung.<\/p>\n<p><span>Rolf R.<\/span><span><\/span><span><\/span><span><\/span><\/p>\n<h4>Przyjem\u00adne uczucie, \u017ce nie pope\u0142\u00adni\u0142em&nbsp;b\u0142\u0119du!<\/h4>\n<p><span>L.K.<\/span><span><\/span><\/p>\n<p><\/p><p style=\"margin: 0cm; margin-bottom: .0001pt;\"><span style=\"color: black;\"><span class=\"dquo\">\u201e<\/span>Vielen Dank Herr Lang f\u00fcr die zuver\u00adl\u00e4s\u00adsi\u00adge, angeneh\u00adme Zusam\u00admen\u00adar\u00adbeit. Ich habe das angeneh\u00adme Gef\u00fchl, mich nicht get\u00e4uscht zu haben und kann und werde Sie jeder\u00adzeit weiter\u00ademp\u00adfeh\u00adlen. L.&nbsp;K.\u201c<\/span><\/p>\n\n<h4>Immer gut aufgehoben!<\/h4>\n<p><span>Adolf W.<\/span><span><\/span><\/p>\n<p>Mit Herrn Norbert Lang war ich au\u00dfer\u00ador\u00addent\u00adlich zufrie\u00adden. Er hat meinen Firmen\u00adver\u00adkauf mit Rat und Tat beglei\u00adtet und ich f\u00fchlte mich immer gut aufge\u00adho\u00adben. Ein voller Erfolg, daf\u00fcr herzli\u00adchen&nbsp;Dank.<\/p>\n<h4>Kompe\u00adten\u00adte Begleitung<\/h4>\n<p><span>Rolf R.<\/span><span><\/span><\/p>\n<p>Ich m\u00f6chte an dieser Stelle Herrn Norbert Lang pers\u00f6n\u00adlich danken. Herr Lang hat uns vom Anfang bis zum Abschluss sehr kompe\u00adtent beglei\u00adtet. Ohne seine Mitwir\u00adkung h\u00e4tten wir das sicher nicht so zum Abschluss bringen k\u00f6nnen. Vielen herzli\u00adchen Dank f\u00fcr diese gro\u00dfar\u00adti\u00adge Unterst\u00fctzung.<\/p>\n<h3 style=\"text-align: left;\">Was k\u00f6nnen wir f\u00fcr Sie&nbsp;tun?<\/h3>\n<p>Norbert Lang ist Ihr kompe\u00adten\u00adter Exper\u00adte f\u00fcr Unternehmens\u00adnachfolge in der Region Memmingen.Mit \u00fcber 40 Stand\u00ador\u00adten in der gesam\u00adten DACH-Region und Europa sind wir seit \u00fcber 20 Jahren die Spezia\u00adlis\u00adten f\u00fcr den Mittelstand.Wir verkau\u00adfen Ihr Lebens\u00adwerk, beglei\u00adten inner\u00adfa\u00admi\u00adli\u00e4\u00adre Prozes\u00adse im Generations\u00adwechsel oder sind beim Kauf von Firmen an Ihrer Seite.Lassen Sie uns zu Ihren Anlie\u00adgen jetzt in den Austausch kommen.<\/p>\n<p><span style=\"width: 100%;\"><img decoding=\"async\" alt title=\"Norbert-22\" data-id=\"32462\" src=\"https:\/\/www.kern-unternehmensnachfolge.com\/wp-content\/uploads\/2025\/01\/Norbert-22.jpg\" style=\"aspect-ratio: auto 800 \/ 394;\" width=\"335\" height=\"165\" data-width=\"335\" data-height=\"165\" data-init-width=\"800\" data-init-height=\"394\" loading=\"lazy\"><\/span><\/p>\n<p style=\"text-align: left;\"><strong>Sukces\u00adja przedsi\u0119\u00adbi\u00adorst\u00adwa <span class=\"caps\">KERN<\/span> w Memmin\u00adgen<\/strong> Recht\u00adlich unabh\u00e4n\u00adgi\u00adger Stand\u00adort Norbert Lang Schwa\u00adben\u00adstra\u00ad\u00dfe&nbsp; 487766 Memmingerberg<\/p>\n<p style=\"text-align: left;\">Telefon <a href=\"tel:+49-8331-9849324\" target=\"_blank\" style=\"outline: none;\">+49 8331 9849324 <\/a><a href=\"mailto:lang@kern-unternehmensnachfolge.com\" target=\"_blank\" style=\"outline: none;\">lang@kern-unternehmensnachfolge.com<\/a><\/p>\n<p><span style=\"width: 100%;\"><a href=\"https:\/\/search.google.com\/local\/writereview?placeid=ChIJGeCyWvbym0cRHr_M0ark2NM\" target=\"_blank\" rel=\"noopener\"><img decoding=\"async\" alt title=\"oce\u0144 mnie - Google\" data-id=\"32554\" src=\"https:\/\/www.kern-unternehmensnachfolge.com\/wp-content\/uploads\/2025\/01\/bewerten-Sie-mich-Google.png\" style=\"aspect-ratio: auto 300 \/ 300;\" width=\"220\" height=\"220\" data-width=\"220\" data-height=\"220\" data-init-width=\"300\" data-init-height=\"300\" loading=\"lazy\"><\/a><\/span><a href=\"https:\/\/www.linkedin.com\/in\/norbert-lang-637b926a\/\" target=\"_blank\" rel=\"noopener\"><\/a><a href=\"https:\/\/www.xing.com\/profile\/Norbert_Lang8\/cv\" target=\"_blank\" rel=\"noopener\"><\/a><\/p>\n<h2 data-end=\"292\" data-start=\"230\" style><strong data-end=\"292\" data-start=\"235\">H\u00e4ufi\u00adge Fragen zur Unternehmens\u00adnachfolge in Memmingen<\/strong><\/h2>\n<h2 style=\"text-align: center;\">H\u00e4ufig gestell\u00adte Fragen<\/h2>","protected":false},"excerpt":{"rendered":"<p>Norbert Lang \u2013 Ihr Spezialist f\u00fcr Unternehmensnachfolge Nachfolger gesucht? Der sichere Weg zur Unternehmensnachfolge in der Region Memmingen \u2605\u2605\u2605\u2605\u2605 &nbsp;5.0 [&hellip;]<\/p>\n","protected":false},"author":1,"featured_media":0,"parent":27709,"menu_order":0,"comment_status":"closed","ping_status":"closed","template":"","meta":{"wp_typography_post_enhancements_disabled":false,"_kad_blocks_custom_css":"","_kad_blocks_head_custom_js":"","_kad_blocks_body_custom_js":"","_kad_blocks_footer_custom_js":"","site-sidebar-layout":"no-sidebar","site-content-layout":"page-builder","ast-site-content-layout":"default","site-content-style":"default","site-sidebar-style":"default","ast-global-header-display":"disabled","ast-banner-title-visibility":"disabled","ast-main-header-display":"","ast-hfb-above-header-display":"","ast-hfb-below-header-display":"","ast-hfb-mobile-header-display":"","site-post-title":"","ast-breadcrumbs-content":"","ast-featured-img":"","footer-sml-layout":"disabled","ast-disable-related-posts":"","theme-transparent-header-meta":"","adv-header-id-meta":"","stick-header-meta":"","header-above-stick-meta":"","header-main-stick-meta":"","header-below-stick-meta":"","astra-migrate-meta-layouts":"default","ast-page-background-enabled":"default","ast-page-background-meta":{"desktop":{"background-color":"","background-image":"","background-repeat":"repeat","background-position":"center center","background-size":"auto","background-attachment":"scroll","background-type":"","background-media":"","overlay-type":"","overlay-color":"","overlay-opacity":"","overlay-gradient":""},"tablet":{"background-color":"","background-image":"","background-repeat":"repeat","background-position":"center center","background-size":"auto","background-attachment":"scroll","background-type":"","background-media":"","overlay-type":"","overlay-color":"","overlay-opacity":"","overlay-gradient":""},"mobile":{"background-color":"","background-image":"","background-repeat":"repeat","background-position":"center center","background-size":"auto","background-attachment":"scroll","background-type":"","background-media":"","overlay-type":"","overlay-color":"","overlay-opacity":"","overlay-gradient":""}},"ast-content-background-meta":{"desktop":{"background-color":"var(--ast-global-color-5)","background-image":"","background-repeat":"repeat","background-position":"center center","background-size":"auto","background-attachment":"scroll","background-type":"","background-media":"","overlay-type":"","overlay-color":"","overlay-opacity":"","overlay-gradient":""},"tablet":{"background-color":"var(--ast-global-color-5)","background-image":"","background-repeat":"repeat","background-position":"center center","background-size":"auto","background-attachment":"scroll","background-type":"","background-media":"","overlay-type":"","overlay-color":"","overlay-opacity":"","overlay-gradient":""},"mobile":{"background-color":"var(--ast-global-color-5)","background-image":"","background-repeat":"repeat","background-position":"center center","background-size":"auto","background-attachment":"scroll","background-type":"","background-media":"","overlay-type":"","overlay-color":"","overlay-opacity":"","overlay-gradient":""}},"iawp_total_views":122,"footnotes":""},"class_list":["post-27998","page","type-page","status-publish","hentry"],"taxonomy_info":[],"featured_image_src_large":false,"author_info":{"display_name":"filialleiter","author_link":"https:\/\/www.kern-unternehmensnachfolge.com\/pl\/author\/filialleiter\/"},"comment_info":0,"_links":{"self":[{"href":"https:\/\/www.kern-unternehmensnachfolge.com\/pl\/wp-json\/wp\/v2\/pages\/27998","targetHints":{"allow":["GET"]}}],"collection":[{"href":"https:\/\/www.kern-unternehmensnachfolge.com\/pl\/wp-json\/wp\/v2\/pages"}],"about":[{"href":"https:\/\/www.kern-unternehmensnachfolge.com\/pl\/wp-json\/wp\/v2\/types\/page"}],"author":[{"embeddable":true,"href":"https:\/\/www.kern-unternehmensnachfolge.com\/pl\/wp-json\/wp\/v2\/users\/1"}],"replies":[{"embeddable":true,"href":"https:\/\/www.kern-unternehmensnachfolge.com\/pl\/wp-json\/wp\/v2\/comments?post=27998"}],"version-history":[{"count":0,"href":"https:\/\/www.kern-unternehmensnachfolge.com\/pl\/wp-json\/wp\/v2\/pages\/27998\/revisions"}],"up":[{"embeddable":true,"href":"https:\/\/www.kern-unternehmensnachfolge.com\/pl\/wp-json\/wp\/v2\/pages\/27709"}],"wp:attachment":[{"href":"https:\/\/www.kern-unternehmensnachfolge.com\/pl\/wp-json\/wp\/v2\/media?parent=27998"}],"curies":[{"name":"wp","href":"https:\/\/api.w.org\/{rel}","templated":true}]}}