{"id":26875,"date":"2023-06-16T03:27:43","date_gmt":"2023-06-16T01:27:43","guid":{"rendered":"https:\/\/great-kare.185-125-174-66.plesk.page\/?page_id=26875"},"modified":"2026-01-09T12:39:19","modified_gmt":"2026-01-09T11:39:19","slug":"biznes-sukcesja-biznes-sprzedaz-biznes-kupno-zamiana-pokoleniowa-6","status":"publish","type":"page","link":"https:\/\/www.kern-unternehmensnachfolge.com\/pl\/","title":{"rendered":"Start\u00adsei\u00adte&nbsp;2026"},"content":{"rendered":"<h1>Sprawi\u00admy, \u017ce sukces\u00adja Pa\u0144st\u00adwa firmy b\u0119dzie sukce\u00adsem. <a href=\"https:\/\/www.kern-unternehmensnachfolge.com\/pl\/gwarancja-sukcesu\/\" target=\"_blank\" style=\"outline: none;\">Gwaran\u00adto\u00adwanym*<\/a><\/h1>\n<h4 style=\"text-align: left;\"><a href=\"https:\/\/www.provenexpert.com\/kern-zukunft-fuer-lebenswerke\/\" style=\"outline: none;\" target=\"_blank\" rel=\"noopener\">\u2605\u2605\u2605\u2605\u2605 &nbsp;5.0 Sterne aus Kunden\u00adbe\u00adwer\u00adtun\u00adgen auf Proven\u00adex\u00adpert<\/a>&nbsp;<\/h4>\n<p><span><a href=\"\/pl\/gwarancja-sukcesu\/\"><img decoding=\"async\" alt data-id=\"31496\" width=\"177\" data-init-width=\"481\" height=\"171\" data-init-height=\"464\" title=\"KERN_Erfolgsgarantie_RGB_weiss_08.24\" src=\"https:\/\/www.kern-unternehmensnachfolge.com\/wp-content\/uploads\/2024\/08\/KERN_Erfolgsgarantie_RGB_weiss_08.24.png\" data-width=\"177\" data-link-wrap=\"true\" style=\"aspect-ratio: auto 481 \/ 464;\" data-height=\"171\" loading=\"lazy\"><\/a><\/span><span><img decoding=\"async\" alt data-id=\"27651\" width=\"70\" data-init-width=\"512\" height=\"70\" data-init-height=\"512\" title=\"circled-play\" src=\"https:\/\/www.kern-unternehmensnachfolge.com\/wp-content\/uploads\/2023\/07\/circled-play.png\" data-width=\"70\" data-height=\"70\" style=\"aspect-ratio: auto 512 \/ 512;\" loading=\"lazy\"><\/span><span><a href=\"https:\/\/www.kern-unternehmensnachfolge.com\/pl\/gwarancja-sukcesu\/\"><img decoding=\"async\" alt data-id=\"26824\" title=\"Gwarancja sukcesu_06.23\" src=\"https:\/\/www.kern-unternehmensnachfolge.com\/wp-content\/uploads\/2023\/06\/Erfolgsgarantie_06.23.svg\" data-link-wrap=\"true\" data-width=\"120\" data-height=\"120\" height=\"120\" width=\"120\" data-init-width=\"120\" data-init-height=\"120\" style=\"aspect-ratio: auto 120 \/ 120;\" loading=\"lazy\"><\/a><\/span><\/p>\n<h4 style=\"text-align: center;\"><a href=\"https:\/\/www.kern-unternehmensnachfolge.com\/pl\/gwarancja-sukcesu\/\" style=\"outline: none;\">Sprze\u00adda\u017c firmy bez ryzyka dzi\u0119ki gwaran\u00adc\u00adji sukce\u00adsu&nbsp;<span class=\"caps\">KERN<\/span><\/a><\/h4>\n<p><span><a href=\"\/pl\/gielda-spolek\/\"><img decoding=\"async\" alt data-id=\"26819\" title=\"Database_06.23\" src=\"https:\/\/www.kern-unternehmensnachfolge.com\/wp-content\/uploads\/2023\/06\/Datenbank_06.23.svg\" data-link-wrap=\"true\" data-width=\"120\" data-height=\"120\" height=\"120\" width=\"120\" data-init-width=\"120\" data-init-height=\"120\" style=\"aspect-ratio: auto 120 \/ 120;\" loading=\"lazy\"><\/a><\/span><\/p>\n<h4 style=\"text-align: center;\"><a href=\"https:\/\/www.kern-unternehmensnachfolge.com\/pl\/gwarancja-sukcesu\/\" style=\"outline: none;\"><\/a><a href=\"https:\/\/www.kern-unternehmensnachfolge.com\/pl\/gielda-spolek\/\" style=\"outline: none;\">Daten\u00adbank mit 500.000+ gepr\u00fcf\u00adten Kaufinteressenten<\/a><\/h4>\n<p><span><a href=\"\/pl\/opinie-klientow\/\"><img decoding=\"async\" alt data-id=\"26823\" title=\"Success_Follow-up_06.23\" src=\"https:\/\/www.kern-unternehmensnachfolge.com\/wp-content\/uploads\/2023\/06\/Erfolg_Nachfolgemandate_06.23.svg\" data-link-wrap=\"true\" data-width=\"120\" data-height=\"120\" height=\"120\" width=\"120\" data-init-width=\"120\" data-init-height=\"120\" style=\"aspect-ratio: auto 120 \/ 120;\" loading=\"lazy\"><\/a><\/span><\/p>\n<h4 style=\"text-align: center;\"><a href=\"https:\/\/www.kern-unternehmensnachfolge.com\/pl\/gwarancja-sukcesu\/\" style=\"outline: none;\"><\/a><a href=\"https:\/\/www.kern-unternehmensnachfolge.com\/pl\/gielda-spolek\/\" style=\"outline: none;\"><\/a><a href=\"https:\/\/www.kern-unternehmensnachfolge.com\/pl\/opinie-klientow\/\" target=\"_blank\" style=\"outline: none;\">Bereits \u00fcber 2.000 erfolg\u00adrei\u00adche Nachfolgemandate<\/a><\/h4>\n<p><a href=\"https:\/\/www.kern-unternehmensnachfolge.com\/pl\/partner\/\" rel><\/a><\/p>\n<h2 style=\"text-align: left;\">Warum Sie uns f\u00fcr Ihre Unternehmens\u00adnachfolge (M<span class=\"amp\">&amp;<\/span>A) w\u00e4hlen sollten? Aufgrund des Kerns hinter <span class=\"caps\">KERN<\/span>.<\/h2>\n<p style>Osi\u0105gaj najlepsze wyniki w sprze\u00adda\u017cy przedsi\u0119\u00adbi\u00adorstw (M<span class=\"amp\">&amp;<\/span>A), przej\u0119ciach firm i zmianach genera\u00adcy\u00adjnych z <span class=\"caps\">KERN<\/span> - Twoj\u0105 nieza\u00adle\u017cn\u0105 grup\u0105 dorad\u00adc\u00adz\u0105 w Niemc\u00adzech, Austrii, Polsce i Szwaj\u00adca\u00adrii. Wielok\u00adrot\u00adnie nagrad\u00adza\u00adni przez renomo\u00adwa\u00adny magazyn Wirtschafts\u00adwo\u00adche, jako Top-Consul\u00adtants oraz German-Brand-Award, jak r\u00f3wnie\u017c Innova\u00adtor&nbsp;2021.<\/p>\n<p><span><img decoding=\"async\" alt data-id=\"27651\" width=\"70\" data-init-width=\"512\" height=\"70\" data-init-height=\"512\" title=\"circled-play\" src=\"https:\/\/www.kern-unternehmensnachfolge.com\/wp-content\/uploads\/2023\/07\/circled-play.png\" data-width=\"70\" data-height=\"70\" style=\"aspect-ratio: auto 512 \/ 512;\" loading=\"lazy\"><\/span><\/p>\n<p style>Rozpo\u00adcz\u00adnij&nbsp;wideo<\/p>\n<p>     <!-- Original logos -->  <a href=\"#lightbox-1\" data-lightbox=\"lightbox-1\" data-img=\"https:\/\/www.kern-unternehmensnachfolge.com\/wp-content\/uploads\/2025\/03\/UDZ-Siegel_Nils-Koerber.webp\" target=\"_blank\"> <img decoding=\"async\" src=\"https:\/\/www.kern-unternehmensnachfolge.com\/wp-content\/uploads\/2025\/03\/UDZ-Siegel_Nils-Koerber.webp\" alt=\"UDZ Seal Nils K\u00f6rber\"> <\/a>   <a href=\"#lightbox-2\" data-lightbox=\"lightbox-2\" data-img=\"https:\/\/www.kern-unternehmensnachfolge.com\/wp-content\/uploads\/2024\/05\/german-customer-arwards2024-150x150.jpeg\" target=\"_blank\"> <img decoding=\"async\" src=\"https:\/\/www.kern-unternehmensnachfolge.com\/wp-content\/uploads\/2024\/05\/german-customer-arwards2024-150x150.jpeg\" alt=\"Niemieckie nagrody dla klient\u00f3w 2024\"> <\/a>   <a href=\"https:\/\/www.provenexpert.com\/kern-zukunft-fuer-lebenswerke\/\" target=\"_blank\" rel=\"noopener\"> <img decoding=\"async\" src=\"https:\/\/www.kern-unternehmensnachfolge.com\/wp-content\/uploads\/2025\/10\/Proven-Expert-Von-Kunden-Empfohlen-2025.webp\" alt=\"Proven Expert - Von Kunden Empfohlen 2025\"> <\/a>   <a href=\"https:\/\/die-deutsche-wirtschaft.de\/top-mittelstand-deutschland-kern-zukunft-fuer-lebenswerke\/\" target=\"_blank\" rel=\"noopener\"> <img decoding=\"async\" src=\"https:\/\/www.kern-unternehmensnachfolge.com\/wp-content\/uploads\/2025\/08\/Top-Branche-Siegel-KERN.webp\" alt=\"TOP mittelst\u00e4ndisches Unternehmen\"> <\/a>   <a href=\"https:\/\/die-deutsche-wirtschaft.de\/exzellenzberater\/kern-unternehmensnachfolge-erfolgreicher\/\" target=\"_blank\" rel=\"noopener\"> <img decoding=\"async\" src=\"https:\/\/www.kern-unternehmensnachfolge.com\/wp-content\/uploads\/2025\/03\/Exzellenzberater-Deutscher-Mittelstand-2023.webp\" alt=\"Excellence Advisor 2023\"> <\/a>   <a href=\"https:\/\/die-deutsche-wirtschaft.de\/exzellenzberater\/kern-unternehmensnachfolge-erfolgreicher\/\" target=\"_blank\" rel=\"noopener\"> <img decoding=\"async\" src=\"https:\/\/www.kern-unternehmensnachfolge.com\/wp-content\/uploads\/2025\/03\/Exzellenzberater-Deutscher-Mittelstand-2024.webp\" alt=\"Excellence Advisor 2024\"> <\/a>   <a href=\"#lightbox-6\" data-lightbox=\"lightbox-6\" data-img=\"https:\/\/www.kern-unternehmensnachfolge.com\/wp-content\/uploads\/2025\/09\/Exzellenter-Nachfolgeberater-Award-2025.webp\" target=\"_blank\"> <img decoding=\"async\" src=\"https:\/\/www.kern-unternehmensnachfolge.com\/wp-content\/uploads\/2025\/09\/Exzellenter-Nachfolgeberater-Award-2025.webp\" alt=\"Exzellenter Nachfolgeberater Award 2025\"> <\/a>   <a href=\"https:\/\/vimeo.com\/775891851\" target=\"_blank\" rel=\"noopener\"> <img decoding=\"async\" src=\"https:\/\/www.kern-unternehmensnachfolge.com\/wp-content\/uploads\/2023\/07\/kern-german-brand-award-2021-132x300.jpeg\" alt=\"Nagroda German Brand Award 2021\"> <\/a>   <a href=\"https:\/\/vimeo.com\/787837024\" target=\"_blank\" rel=\"noopener\"> <img decoding=\"async\" src=\"https:\/\/www.kern-unternehmensnachfolge.com\/wp-content\/uploads\/2025\/03\/Innovator-des-Jahres-2021.webp\" alt=\"Innovator 2021\"> <\/a>   <a href=\"#lightbox-3\" data-lightbox=\"lightbox-3\" data-img=\"https:\/\/www.kern-unternehmensnachfolge.com\/wp-content\/uploads\/2023\/06\/TC_19_Member_Strich-211x300.jpg\" target=\"_blank\"> <img decoding=\"async\" src=\"https:\/\/www.kern-unternehmensnachfolge.com\/wp-content\/uploads\/2023\/06\/TC_19_Member_Strich-211x300.jpg\" alt=\"Cz\u0142onek TC 19\"> <\/a>   <a href=\"https:\/\/vimeo.com\/775920300\" target=\"_blank\" rel=\"noopener\"> <img decoding=\"async\" src=\"https:\/\/www.kern-unternehmensnachfolge.com\/wp-content\/uploads\/2023\/06\/TC_20_Member_Strich-210x300.jpg\" alt=\"Cz\u0142onek TC 20\"> <\/a>   <a href=\"https:\/\/www.top-consultant.de\/kern-unternehmensnachfolge-erfolgreicher-2023\/\" target=\"_blank\" rel=\"noopener\"> <img decoding=\"async\" src=\"https:\/\/www.kern-unternehmensnachfolge.com\/wp-content\/uploads\/2023\/06\/tc_23_member_strich-210x300.jpg\" alt=\"Cz\u0142onek TC 23\"> <\/a>   <a href=\"#lightbox-4\" data-lightbox=\"lightbox-4\" data-img=\"https:\/\/www.kern-unternehmensnachfolge.com\/wp-content\/uploads\/2025\/04\/SZ-Institut-Beste-Berater-Mittelstand.webp\" target=\"_blank\"> <img decoding=\"async\" src=\"https:\/\/www.kern-unternehmensnachfolge.com\/wp-content\/uploads\/2025\/04\/SZ-Institut-Beste-Berater-Mittelstand.webp\" alt=\"SZ Beste Berater Mittelstand\"> <\/a>   <a href=\"#lightbox-5\" data-lightbox=\"lightbox-5\" data-img=\"https:\/\/www.kern-unternehmensnachfolge.com\/wp-content\/uploads\/2025\/06\/WirtschaftsWoche-Beste-Berater-Mittelstand.webp\" target=\"_blank\"> <img decoding=\"async\" src=\"https:\/\/www.kern-unternehmensnachfolge.com\/wp-content\/uploads\/2025\/06\/WirtschaftsWoche-Beste-Berater-Mittelstand.webp\" alt=\"WirtschaftsWoche Beste Berater Mittelstand\"> <\/a>  <!-- Duplicate logos for seamless loop -->  <a href=\"#lightbox-1\" data-lightbox=\"lightbox-1\" data-img=\"https:\/\/www.kern-unternehmensnachfolge.com\/wp-content\/uploads\/2025\/03\/UDZ-Siegel_Nils-Koerber.webp\" target=\"_blank\"> <img decoding=\"async\" src=\"https:\/\/www.kern-unternehmensnachfolge.com\/wp-content\/uploads\/2025\/03\/UDZ-Siegel_Nils-Koerber.webp\" alt=\"UDZ Seal Nils K\u00f6rber\"> <\/a>   <a href=\"#lightbox-2\" data-lightbox=\"lightbox-2\" data-img=\"https:\/\/www.kern-unternehmensnachfolge.com\/wp-content\/uploads\/2024\/05\/german-customer-arwards2024-150x150.jpeg\" target=\"_blank\"> <img decoding=\"async\" src=\"https:\/\/www.kern-unternehmensnachfolge.com\/wp-content\/uploads\/2024\/05\/german-customer-arwards2024-150x150.jpeg\" alt=\"Niemieckie nagrody dla klient\u00f3w 2024\"> <\/a>   <a href=\"https:\/\/www.provenexpert.com\/kern-zukunft-fuer-lebenswerke\/\" target=\"_blank\" rel=\"noopener\"> <img decoding=\"async\" src=\"https:\/\/www.kern-unternehmensnachfolge.com\/wp-content\/uploads\/2025\/10\/Proven-Expert-Von-Kunden-Empfohlen-2025.webp\" alt=\"Proven Expert - Von Kunden Empfohlen 2025\"> <\/a>   <a href=\"https:\/\/die-deutsche-wirtschaft.de\/top-mittelstand-deutschland-kern-zukunft-fuer-lebenswerke\/\" target=\"_blank\" rel=\"noopener\"> <img decoding=\"async\" src=\"https:\/\/www.kern-unternehmensnachfolge.com\/wp-content\/uploads\/2025\/08\/Top-Branche-Siegel-KERN.webp\" alt=\"TOP mittelst\u00e4ndisches Unternehmen\"> <\/a>   <a href=\"https:\/\/die-deutsche-wirtschaft.de\/exzellenzberater\/kern-unternehmensnachfolge-erfolgreicher\/\" target=\"_blank\" rel=\"noopener\"> <img decoding=\"async\" src=\"https:\/\/www.kern-unternehmensnachfolge.com\/wp-content\/uploads\/2025\/03\/Exzellenzberater-Deutscher-Mittelstand-2023.webp\" alt=\"Excellence Advisor 2023\"> <\/a>   <a href=\"https:\/\/die-deutsche-wirtschaft.de\/exzellenzberater\/kern-unternehmensnachfolge-erfolgreicher\/\" target=\"_blank\" rel=\"noopener\"> <img decoding=\"async\" src=\"https:\/\/www.kern-unternehmensnachfolge.com\/wp-content\/uploads\/2025\/03\/Exzellenzberater-Deutscher-Mittelstand-2024.webp\" alt=\"Excellence Advisor 2024\"> <\/a>   <a href=\"#lightbox-6\" data-lightbox=\"lightbox-6\" data-img=\"https:\/\/www.kern-unternehmensnachfolge.com\/wp-content\/uploads\/2025\/09\/Exzellenter-Nachfolgeberater-Award-2025.webp\" target=\"_blank\"> <img decoding=\"async\" src=\"https:\/\/www.kern-unternehmensnachfolge.com\/wp-content\/uploads\/2025\/09\/Exzellenter-Nachfolgeberater-Award-2025.webp\" alt=\"Exzellenter Nachfolgeberater Award 2025\"> <\/a>   <a href=\"https:\/\/vimeo.com\/775891851\" target=\"_blank\" rel=\"noopener\"> <img decoding=\"async\" src=\"https:\/\/www.kern-unternehmensnachfolge.com\/wp-content\/uploads\/2023\/07\/kern-german-brand-award-2021-132x300.jpeg\" alt=\"Nagroda German Brand Award 2021\"> <\/a>   <a href=\"https:\/\/vimeo.com\/787837024\" target=\"_blank\" rel=\"noopener\"> <img decoding=\"async\" src=\"https:\/\/www.kern-unternehmensnachfolge.com\/wp-content\/uploads\/2025\/03\/Innovator-des-Jahres-2021.webp\" alt=\"Innovator 2021\"> <\/a>   <a href=\"#lightbox-3\" data-lightbox=\"lightbox-3\" data-img=\"https:\/\/www.kern-unternehmensnachfolge.com\/wp-content\/uploads\/2023\/06\/TC_19_Member_Strich-211x300.jpg\" target=\"_blank\"> <img decoding=\"async\" src=\"https:\/\/www.kern-unternehmensnachfolge.com\/wp-content\/uploads\/2023\/06\/TC_19_Member_Strich-211x300.jpg\" alt=\"Cz\u0142onek TC 19\"> <\/a>   <a href=\"https:\/\/vimeo.com\/775920300\" target=\"_blank\" rel=\"noopener\"> <img decoding=\"async\" src=\"https:\/\/www.kern-unternehmensnachfolge.com\/wp-content\/uploads\/2023\/06\/TC_20_Member_Strich-210x300.jpg\" alt=\"Cz\u0142onek TC 20\"> <\/a>   <a href=\"https:\/\/www.top-consultant.de\/kern-unternehmensnachfolge-erfolgreicher-2023\/\" target=\"_blank\" rel=\"noopener\"> <img decoding=\"async\" src=\"https:\/\/www.kern-unternehmensnachfolge.com\/wp-content\/uploads\/2023\/06\/tc_23_member_strich-210x300.jpg\" alt=\"Cz\u0142onek TC 23\"> <\/a>   <a href=\"#lightbox-4\" data-lightbox=\"lightbox-4\" data-img=\"https:\/\/www.kern-unternehmensnachfolge.com\/wp-content\/uploads\/2025\/04\/SZ-Institut-Beste-Berater-Mittelstand.webp\" target=\"_blank\"> <img decoding=\"async\" src=\"https:\/\/www.kern-unternehmensnachfolge.com\/wp-content\/uploads\/2025\/04\/SZ-Institut-Beste-Berater-Mittelstand.webp\" alt=\"SZ Beste Berater Mittelstand\"> <\/a>   <a href=\"#lightbox-5\" data-lightbox=\"lightbox-5\" data-img=\"https:\/\/www.kern-unternehmensnachfolge.com\/wp-content\/uploads\/2025\/06\/WirtschaftsWoche-Beste-Berater-Mittelstand.webp\" target=\"_blank\"> <img decoding=\"async\" src=\"https:\/\/www.kern-unternehmensnachfolge.com\/wp-content\/uploads\/2025\/06\/WirtschaftsWoche-Beste-Berater-Mittelstand.webp\" alt=\"WirtschaftsWoche Beste Berater Mittelstand\"> <\/a>    <!-- Lightbox containers -->   <span>\u2715<\/span> <img decoding=\"async\" src=\"https:\/\/www.kern-unternehmensnachfolge.com\/wp-content\/uploads\/2025\/03\/UDZ-Siegel_Nils-Koerber.webp\" alt=\"UDZ Seal Nils K\u00f6rber\"> <span class=\"caps\">UDZ<\/span> Seal Nils K\u00f6rber     <span>\u2715<\/span> <img decoding=\"async\" src=\"https:\/\/www.kern-unternehmensnachfolge.com\/wp-content\/uploads\/2024\/05\/german-customer-arwards2024-150x150.jpeg\" alt=\"Niemieckie nagrody dla klient\u00f3w 2024\"> Niemieckie nagro\u00addy dla klien\u00adt\u00f3w 2024     <span>\u2715<\/span> <img decoding=\"async\" src=\"https:\/\/www.kern-unternehmensnachfolge.com\/wp-content\/uploads\/2023\/06\/TC_19_Member_Strich-211x300.jpg\" alt=\"Cz\u0142onek TC 19\"> Cz\u0142onek <span class=\"caps\">TC<\/span> 19     <span>\u2715<\/span> <img decoding=\"async\" src=\"https:\/\/www.kern-unternehmensnachfolge.com\/wp-content\/uploads\/2025\/04\/SZ-Institut-Beste-Berater-Mittelstand.webp\" alt=\"SZ - Beste Berater Mittelstand\">  Beste Berater Mittel\u00adstand \u2013 <span class=\"caps\">SZ<\/span> Insti\u00adtut      <span>\u2715<\/span> <img decoding=\"async\" src=\"https:\/\/www.kern-unternehmensnachfolge.com\/wp-content\/uploads\/2025\/06\/WirtschaftsWoche-Beste-Berater-Mittelstand.webp\" alt=\"WirtschaftsWoche - Beste Berater Mittelstand\">  Beste Berater Mittel\u00adstand \u2013 Wirtschafts\u00adWo\u00adche      <span>\u2715<\/span> <img decoding=\"async\" src=\"https:\/\/www.kern-unternehmensnachfolge.com\/wp-content\/uploads\/2025\/09\/Exzellenter-Nachfolgeberater-Award-2025.webp\" alt=\"Exzellenter Nachfolgeberater Award 2025\">  Exzel\u00adlen\u00adter Nachfol\u00adge\u00adbe\u00adra\u00adter Award 2025    <!-- JavaScript for lightbox functionality -->    <\/p>\n<h2 style=\"text-align: center;\">Do\u015bwiad\u00adc\u00adze\u00adnie z ponad 2 000 kolejnych projekt\u00f3w<\/h2>\n<p><a href=\"https:\/\/www.kern-unternehmensnachfolge.com\/pl\/willemsen-gmbh-firma-sprzedaz\/\" dynamic-postlink=\"tcb_post_the_permalink\" data-shortcode-id=\"23253\"><\/a><a href=\"https:\/\/www.kern-unternehmensnachfolge.com\/pl\/willemsen-gmbh-firma-sprzedaz\/\" style><span>                    <\/span><span><span><\/span><\/span><\/a><\/p>\n<h2><span data-shortcode=\"tcb_post_title\" data-shortcode-name=\"Post title\" data-extra_key data-attr-link=\"1\" data-attr-target=\"0\" data-attr-rel=\"0\" data-option-inline=\"1\" data-attr-static-link=\"{&quot;className&quot;:&quot;&quot;,&quot;href&quot;:&quot;https:\/\/www.kern-unternehmensnachfolge.com\/igz-gmbh-unternehmenskauf\/&quot;,&quot;title&quot;:&quot;<span class=&quot;caps&quot;>IGZ<\/span> GmbH \u2013 Unternehmenskauf&quot;,&quot;class&quot;:&quot;&quot;}\" data-attr-css><a href=\"https:\/\/www.kern-unternehmensnachfolge.com\/pl\/willemsen-gmbh-firma-sprzedaz\/\" title=\"Willemsen GmbH - Sprzeda\u017c przedsi\u0119biorstwa\" data-css>Willem\u00adsen GmbH \u2013 Unternehmensverkauf<\/a><\/span><\/h2>\n<p>Die gesam\u00adte Trans\u00adak\u00adti\u00adon wurde von <span class=\"caps\">KERN<\/span> erfolg\u00adreich beglei\u00adtet und umgesetzt. H\u00fcrden wurden aus dem Weg ger\u00e4umt und der Gesch\u00e4fts\u00adbe\u00adtrieb bleibt mit allen Mitar\u00adbei\u00adtern erhalten.&nbsp;<\/p>\n<p><a href=\"https:\/\/www.kern-unternehmensnachfolge.com\/pl\/willemsen-gmbh-firma-sprzedaz\/#more-11299\"><span class=\"dquo\">\u00bb<\/span><\/a><a href=\"https:\/\/www.kern-unternehmensnachfolge.com\/pl\/lynet-communications-ag-company-sale\/\" dynamic-postlink=\"tcb_post_the_permalink\" data-shortcode-id=\"23253\"><\/a><a href=\"https:\/\/www.kern-unternehmensnachfolge.com\/pl\/lynet-communications-ag-company-sale\/\" style><span>                    <\/span><span><span><\/span><\/span><\/a><\/p>\n<h2><span data-shortcode=\"tcb_post_title\" data-shortcode-name=\"Post title\" data-extra_key data-attr-link=\"1\" data-attr-target=\"0\" data-attr-rel=\"0\" data-option-inline=\"1\" data-attr-static-link=\"{&quot;className&quot;:&quot;&quot;,&quot;href&quot;:&quot;https:\/\/www.kern-unternehmensnachfolge.com\/igz-gmbh-unternehmenskauf\/&quot;,&quot;title&quot;:&quot;<span class=&quot;caps&quot;>IGZ<\/span> GmbH \u2013 Unternehmenskauf&quot;,&quot;class&quot;:&quot;&quot;}\" data-attr-css><a href=\"https:\/\/www.kern-unternehmensnachfolge.com\/pl\/lynet-communications-ag-company-sale\/\" title=\"Lynet Kommunikation AG - Sprzeda\u017c sp\u00f3\u0142ki\" data-css>Lynet Kommu\u00adni\u00adka\u00adti\u00adon <span class=\"caps\">AG<\/span> \u2013 Unternehmensverkauf<\/a><\/span><\/h2>\n<p>Das Projekt umfass\u00adte den komplet\u00adten M<span class=\"amp\">&amp;<\/span>A Prozess, angefan\u00adgen von der Aufbe\u00adrei\u00adtung der Finanz\u00adzah\u00adlen, Trans\u00adak\u00adti\u00adons\u00adun\u00adter\u00adla\u00adgen\u00ader\u00adstel\u00adlung, K\u00e4ufer\u00adiden\u00adti\u00adfi\u00adka\u00adti\u00adon und Anspra\u00adchen, sowie Verhand\u00adlungs\u00admo\u00adde\u00adra\u00adti\u00adon, Due Diligence Beglei\u00adtung und <span class=\"caps\">SPA<\/span> Koordination.<\/p>\n<p><a href=\"https:\/\/www.kern-unternehmensnachfolge.com\/pl\/lynet-communications-ag-company-sale\/#more-10304\"><span class=\"dquo\">\u00bb<\/span><\/a><a href=\"https:\/\/www.kern-unternehmensnachfolge.com\/pl\/basys-bartsch-edv-systeme-gmbh-sprzedaz-firmy\/\" dynamic-postlink=\"tcb_post_the_permalink\" data-shortcode-id=\"23253\"><\/a><a href=\"https:\/\/www.kern-unternehmensnachfolge.com\/pl\/basys-bartsch-edv-systeme-gmbh-sprzedaz-firmy\/\" style><span>                    <\/span><span><span><\/span><\/span><\/a><\/p>\n<h2><span data-shortcode=\"tcb_post_title\" data-shortcode-name=\"Post title\" data-extra_key data-attr-link=\"1\" data-attr-target=\"0\" data-attr-rel=\"0\" data-option-inline=\"1\" data-attr-static-link=\"{&quot;className&quot;:&quot;&quot;,&quot;href&quot;:&quot;https:\/\/www.kern-unternehmensnachfolge.com\/igz-gmbh-unternehmenskauf\/&quot;,&quot;title&quot;:&quot;<span class=&quot;caps&quot;>IGZ<\/span> GmbH \u2013 Unternehmenskauf&quot;,&quot;class&quot;:&quot;&quot;}\" data-attr-css><a href=\"https:\/\/www.kern-unternehmensnachfolge.com\/pl\/basys-bartsch-edv-systeme-gmbh-sprzedaz-firmy\/\" title=\"BASYS Bartsch EDV-Systeme GmbH - Sprzeda\u017c firmy\" data-css><span class=\"caps\">BASYS<\/span> Bartsch EDV-Syste\u00adme GmbH \u2013 Unternehmensverkauf<\/a><\/span><\/h2>\n<p>Der gesam\u00adte Prozess der Nachfol\u00adge\u00adsi\u00adche\u00adrung von der Inves\u00adto\u00adren\u00adsu\u00adche bis zur \u00dcberga\u00adbe wurde von <span class=\"caps\">KERN<\/span> erfolg\u00adreich beglei\u00adtet und umgesetzt.&nbsp;<\/p>\n<p><a href=\"https:\/\/www.kern-unternehmensnachfolge.com\/pl\/basys-bartsch-edv-systeme-gmbh-sprzedaz-firmy\/#more-11049\"><span class=\"dquo\">\u00bb<\/span><\/a> <\/p>\n<h2 style=\"text-align: center;\">Znany z licznych publikacji<\/h2>\n<p><span style=\"width: 100%;\"><img decoding=\"async\" alt=\"Frankfurter Allgemeine\" width=\"255\" height=\"54\" title=\"Frankfurter Allgemeine\" data-id=\"32412\" src=\"https:\/\/www.kern-unternehmensnachfolge.com\/wp-content\/uploads\/2025\/01\/Frankfurter-Allgemeine.png\" style=\"aspect-ratio: auto 408 \/ 86;\" data-width=\"255\" data-height=\"54\" data-init-width=\"408\" data-init-height=\"86\" loading=\"lazy\"><\/span><span style=\"width: 100%;\"><img decoding=\"async\" alt=\"S\u00fcddeutsche Zeitung\" width=\"130\" height=\"49\" title=\"S\u00fcddeutsche Zeitung\" data-id=\"32411\" src=\"https:\/\/www.kern-unternehmensnachfolge.com\/wp-content\/uploads\/2025\/01\/Sueddeutsche-Zeitung.jpg\" style=\"aspect-ratio: auto 400 \/ 150;\" data-width=\"130\" data-height=\"49\" data-init-width=\"400\" data-init-height=\"150\" loading=\"lazy\"><\/span><span style=\"width: 100%;\"><img decoding=\"async\" alt=\"Tury\u0144ska gazeta og\u00f3lna\" width=\"192\" height=\"34\" title=\"Tury\u0144ska gazeta og\u00f3lna\" data-id=\"32405\" src=\"https:\/\/www.kern-unternehmensnachfolge.com\/wp-content\/uploads\/2025\/01\/Thueringer-allgemeine-Zeitung.webp\" style=\"aspect-ratio: auto 401 \/ 71;\" data-width=\"192\" data-height=\"34\" data-init-width=\"401\" data-init-height=\"71\" loading=\"lazy\"><\/span><span style=\"width: 100%;\"><img decoding=\"async\" alt=\"Handelsblatt\" width=\"192\" height=\"30\" title=\"Handelsblatt\" data-id=\"32410\" src=\"https:\/\/www.kern-unternehmensnachfolge.com\/wp-content\/uploads\/2025\/01\/Handelsblatt.png\" style=\"aspect-ratio: auto 399 \/ 63;\" data-width=\"192\" data-height=\"30\" data-init-width=\"399\" data-init-height=\"63\" loading=\"lazy\"><\/span><span style=\"width: 100%;\"><img decoding=\"async\" alt=\"Gazeta Saarbr\u00fccker\" width=\"151\" height=\"25\" title=\"Gazeta Saarbr\u00fccker\" data-id=\"32409\" src=\"https:\/\/www.kern-unternehmensnachfolge.com\/wp-content\/uploads\/2025\/01\/Saarbruecker-Zeitung.gif\" style=\"aspect-ratio: auto 304 \/ 51;\" data-width=\"151\" data-height=\"25\" data-init-width=\"304\" data-init-height=\"51\" loading=\"lazy\"><\/span><span style=\"width: 100%;\"><img decoding=\"async\" alt=\"Wiadomo\u015bci dla \u015brednich firm\" width=\"178\" height=\"60\" title=\"Wiadomo\u015bci dla \u015brednich firm\" data-id=\"32408\" src=\"https:\/\/www.kern-unternehmensnachfolge.com\/wp-content\/uploads\/2025\/01\/Mittelstand-Nachrichten.jpg\" style=\"aspect-ratio: auto 401 \/ 135;\" data-width=\"178\" data-height=\"60\" data-init-width=\"401\" data-init-height=\"135\" loading=\"lazy\"><\/span><span style=\"width: 100%;\"><img decoding=\"async\" alt=\"Radio Brema\" width=\"192\" height=\"40\" title=\"Radio Brema\" data-id=\"32407\" src=\"https:\/\/www.kern-unternehmensnachfolge.com\/wp-content\/uploads\/2025\/01\/Radio-Bremen.png\" style=\"aspect-ratio: auto 359 \/ 74;\" data-width=\"192\" data-height=\"40\" data-init-width=\"359\" data-init-height=\"74\" loading=\"lazy\"><\/span><span style=\"width: 100%;\"><img decoding=\"async\" alt=\"impuls\" width=\"137\" height=\"40\" title=\"impuls\" data-id=\"32406\" src=\"https:\/\/www.kern-unternehmensnachfolge.com\/wp-content\/uploads\/2025\/01\/impulse.png\" style=\"aspect-ratio: auto 350 \/ 102;\" data-width=\"137\" data-height=\"40\" data-init-width=\"350\" data-init-height=\"102\" loading=\"lazy\"><\/span><span style=\"width: 100%;\"><img decoding=\"async\" alt=\"Time Campus\" width=\"171\" height=\"71\" title=\"Time Campus\" data-id=\"32402\" src=\"https:\/\/www.kern-unternehmensnachfolge.com\/wp-content\/uploads\/2025\/01\/Zeit-Campus.webp\" style=\"aspect-ratio: auto 350 \/ 146;\" data-width=\"171\" data-height=\"71\" data-init-width=\"350\" data-init-height=\"146\" loading=\"lazy\"><\/span><span style=\"width: 100%;\"><img decoding=\"async\" alt=\"Magazyn rzemie\u015blniczy\" width=\"151\" height=\"43\" title=\"Magazyn rzemie\u015blniczy\" data-id=\"32401\" src=\"https:\/\/www.kern-unternehmensnachfolge.com\/wp-content\/uploads\/2025\/01\/Handwerk-Magazin.png\" style=\"aspect-ratio: auto 301 \/ 85;\" data-width=\"151\" data-height=\"43\" data-init-width=\"301\" data-init-height=\"85\" loading=\"lazy\"><\/span><span style=\"width: 100%;\"><img decoding=\"async\" alt=\"Gazeta Osnabruecker\" width=\"192\" height=\"32\" title=\"Gazeta Osnabruecker\" data-id=\"32399\" src=\"https:\/\/www.kern-unternehmensnachfolge.com\/wp-content\/uploads\/2025\/01\/Osnabruecker-Zeitung.webp\" style=\"aspect-ratio: auto 350 \/ 58;\" data-width=\"192\" data-height=\"32\" data-init-width=\"350\" data-init-height=\"58\" loading=\"lazy\"><\/span><span style=\"width: 100%;\"><img decoding=\"async\" alt=\"Planowanie finansowe\" width=\"170\" height=\"54\" title=\"Planowanie finansowe\" data-id=\"32398\" src=\"https:\/\/www.kern-unternehmensnachfolge.com\/wp-content\/uploads\/2025\/01\/Financial-Planning.webp\" style=\"aspect-ratio: auto 339 \/ 107;\" data-width=\"170\" data-height=\"54\" data-init-width=\"339\" data-init-height=\"107\" loading=\"lazy\"><\/span><span style=\"width: 100%;\"><img decoding=\"async\" alt=\"Weser Courier\" width=\"130\" height=\"55\" title=\"Weser Courier\" data-id=\"32397\" src=\"https:\/\/www.kern-unternehmensnachfolge.com\/wp-content\/uploads\/2025\/01\/Weser-Kurier.webp\" style=\"aspect-ratio: auto 351 \/ 149;\" data-width=\"130\" data-height=\"55\" data-init-width=\"351\" data-init-height=\"149\" loading=\"lazy\"><\/span><span style=\"width: 100%;\"><img decoding=\"async\" alt=\"Radio przedsi\u0119biorc\u00f3w\" width=\"185\" height=\"36\" title=\"Radio przedsi\u0119biorc\u00f3w\" data-id=\"32396\" src=\"https:\/\/www.kern-unternehmensnachfolge.com\/wp-content\/uploads\/2025\/01\/Unternehmer-Radio.webp\" style=\"aspect-ratio: auto 368 \/ 72;\" data-width=\"185\" data-height=\"36\" data-init-width=\"368\" data-init-height=\"72\" loading=\"lazy\"><\/span><span style=\"width: 100%;\"><img decoding=\"async\" alt width=\"89\" height=\"83\" title=\"Kronen Zeitung\" data-id=\"32395\" src=\"https:\/\/www.kern-unternehmensnachfolge.com\/wp-content\/uploads\/2025\/01\/Kronen-Zeitung.png\" style=\"aspect-ratio: auto 200 \/ 187;\" data-width=\"89\" data-height=\"83\" data-init-width=\"200\" data-init-height=\"187\" loading=\"lazy\"><\/span><span><a href=\"https:\/\/www.kern-unternehmensnachfolge.com\/pl\/gwarancja-sukcesu\/\" rel><img decoding=\"async\" alt data-id=\"31496\" width=\"177\" data-init-width=\"481\" height=\"171\" data-init-height=\"464\" title=\"KERN_Erfolgsgarantie_RGB_weiss_08.24\" src=\"https:\/\/www.kern-unternehmensnachfolge.com\/wp-content\/uploads\/2024\/08\/KERN_Erfolgsgarantie_RGB_weiss_08.24.png\" data-width=\"177\" data-link-wrap=\"true\" style=\"aspect-ratio: auto 481 \/ 464;\" data-height=\"171\" loading=\"lazy\"><\/a><\/span><\/p>\n<h2 style=\"text-align: center;\">Die einzig\u00adar\u00adti\u00adge M<span class=\"amp\">&amp;<\/span>A-Erfolgsgarantie f\u00fcr Ihren Unter\u00adnehmens\u00adverkauf ohne Risiko<\/h2>\n<p style=\"text-align: center;\">Der Verkauf Ihres Unter\u00adneh\u00admens ist f\u00fcr Sie von gr\u00f6\u00dfter Bedeu\u00adtung. Bei welchem Berater sind Sie am besten aufgehoben?&nbsp;<\/p>\n<p style=\"text-align: center;\">Mit der einzig\u00adar\u00adti\u00adgen <span class=\"caps\">KERN<\/span> M<span class=\"amp\">&amp;<\/span>A-ERFOLGSGARANTIE (Sonder\u00adver\u00adein\u00adba\u00adrung) erhal\u00adten Sie Ihr Geld zur\u00fcck, wenn ein Verkauf nicht gelin\u00adgen sollte.<\/p>\n<p style=\"text-align: center;\">Zabez\u00adpiecz\u00adcie Pa\u0144st\u00adwo sprze\u00adda\u017c dzie\u0142a swojego \u017cycia na 100%. Z&nbsp;<span class=\"caps\">KERN<\/span>.<\/p>\n<h2 style=\"text-align: center; color: rgb(255, 255, 255) !important; --tcb-applied-color: rgb(255, 255, 255) !important;\">Sprawia\u00admy, \u017ce sukces\u00adja bizne\u00adso\u00adwa jest bardziej udana<\/h2>\n<p><a href=\"\/pl\/sprzedaz-firmy-5\/\"><\/a><\/p>\n<h4 style=\"text-align: left;\">Sprze\u00adda\u017c&nbsp;firmy<\/h4>\n<p dir=\"ltr\" style>Erfah\u00adren Sie alles, was Sie zum Verkauf Ihres Lebens\u00adwerkes wissen m\u00fcssen. Im Video \u201eUnter\u00adnehmens\u00adverkauf in 10 Schrit\u00adten\u201c lernen Sie den bew\u00e4hr\u00adten <span class=\"caps\">KERN<\/span> M<span class=\"amp\">&amp;<\/span>A Prozess kennen. Ebenfalls per Video lernen Sie, wie sich die Gr\u00fcnder von Acoustic\u00adpearls mit dem Unter\u00adnehmens\u00adverkauf Ihren Traum erf\u00fcllt haben.<\/p>\n<h5><a href=\"\/pl\/sprzedaz-firmy-5\/\" style=\"outline: none;\">Dowiedz si\u0119 wi\u0119cej<\/a><\/h5>\n<p><a href=\"\/pl\/zmiana-pokoleniowa-2\/\"><\/a><\/p>\n<h4 style=\"text-align: left;\">Zmiana pokolenio\u00adwa<\/h4>\n<p dir=\"ltr\" style>Die Nachfol\u00adge inner\u00adhalb der Familie braucht L\u00f6sun\u00adgen, die auch die emotio\u00adna\u00adle Seite br\u00fcck\u00adsich\u00adti\u00adgen. Im Video mit Nils Koerber, entde\u00adcken Sie den ganzheit\u00adli\u00adchen KERN-Famili\u00aden\u00adpro\u00adzess f\u00fcr den Generations\u00adwechsel. Sichern Sie sich kosten\u00adlos den Exper\u00adten-Ratge\u00adber als PDF-Download.<\/p>\n<h5 dir=\"ltr\" style><a href=\"\/pl\/zmiana-pokoleniowa-2\/\" style=\"outline: none;\">Dowiedz si\u0119 wi\u0119cej<\/a><\/h5>\n<p><a href=\"https:\/\/www.kern-unternehmensnachfolge.com\/pl\/sprzedaz-firmy-4\/\"><\/a><\/p>\n<h4 style=\"text-align: left;\">Przej\u0119cie firmy<\/h4>\n<p dir=\"ltr\" style>Ein Unter\u00adnehmens\u00adkauf ist eine gro\u00dfe Entschei\u00addung. Hier erfah\u00adren Sie, warum dieser Weg einfa\u00adcher, lukra\u00adti\u00adver und spannen\u00adder ist, als selbst zu gr\u00fcnden. Entde\u00adcken Sie, wie Ihnen das KERN-Netzwerk bei Ihrem erfolg\u00adrei\u00adchen Unter\u00adnehmens\u00adkauf zur Seite steht. Starten Sie gleich mit dem Einrich\u00adten Ihres kosten\u00adlo\u00adsen Suchprofils.<\/p>\n<h5 dir=\"ltr\" style><a href=\"https:\/\/www.kern-unternehmensnachfolge.com\/pl\/sprzedaz-firmy-4\/\" style=\"outline: none;\">Dowiedz si\u0119 wi\u0119cej<\/a><\/h5>\n<h2 style=\"text-align: center;\">H\u00e4ufi\u00adge Fragen zur Unternehmensnachfolge<\/h2>\n<h2 style=\"text-align: center;\">Doradzt\u00adwo w zakre\u00adsie sukces\u00adji biznesowej<\/h2>\n<p dir=\"ltr\" style>Die Planung der Unternehmens\u00adnachfolge ist entschei\u00addend f\u00fcr den langfris\u00adti\u00adgen Erfolg von Unter\u00adneh\u00admen. Jeder, der eine Firma f\u00fchrt, wird fr\u00fcher oder sp\u00e4ter vor dieser Heraus\u00adfor\u00adde\u00adrung stehen. Um diesen Prozess nicht allein durch\u00adste\u00adhen zu m\u00fcssen und das hohe Risiko von Fehlern einzu\u00adge\u00adhen, ist die Inanspruch\u00adnah\u00adme einer <a href=\"https:\/\/www.kern-unternehmensnachfolge.com\/pl\/sprzedaz-firmy-16\/\" style=\"outline: none;\" target=\"_blank\">doradzt\u00adwo w zakre\u00adsie fuzji i przej\u0119\u0107<\/a> znacz\u0105ce.<\/p>\n<p dir=\"ltr\" style>Bei der Beratung zur Unternehmens\u00adnachfolge geht es um die Planung der Zukunft Ihres Lebens\u00adwerkes. Dazu geh\u00f6ren Themen wie die Erstel\u00adlung eines Nachfol\u00adge\u00adplans, die Auswahl eines Nachfol\u00adgers und der Durch\u00adf\u00fch\u00adrung der \u00dcbergabe.<\/p>\n<p dir=\"ltr\" style>Wenn auch bei Ihnen eine Unternehmens\u00adnachfolge ansteht, stehen wir Ihnen dabei gern zur Seite. Im Rahmen einer kosten\u00adlo\u00adsen Erstbe\u00adra\u00adtung k\u00f6nnen wir gemein\u00adsam bespre\u00adchen, wie Ihre Ziele konkret und sicher erreicht werden k\u00f6nnen.<\/p>\n<p dir=\"ltr\" style>Wir beraten sowohl Klien\u00adten, die ihr Unter\u00adneh\u00admen verkau\u00adfen m\u00f6chten, als auch Unter\u00adneh\u00admer, die einen Kauf anstre\u00adben oder den inner\u00adfa\u00admi\u00adli\u00e4\u00adren Wechsel inner\u00adhalb der Famili\u00aden\u00adun\u00adter\u00adneh\u00admung vollzie\u00adhen wollen.<\/p>","protected":false},"excerpt":{"rendered":"<p>Wir machen Ihre Unternehmensnachfolge erfolgreicher. Garantiert* \u2605\u2605\u2605\u2605\u2605 &nbsp;5.0 Sterne aus Kundenbewertungen auf Provenexpert&nbsp; Unternehmensverkauf ohne Risiko dank KERN-Erfolgsgarantie Datenbank mit [&hellip;]<\/p>\n","protected":false},"author":1,"featured_media":0,"parent":0,"menu_order":0,"comment_status":"closed","ping_status":"closed","template":"","meta":{"wp_typography_post_enhancements_disabled":false,"_kad_blocks_custom_css":"","_kad_blocks_head_custom_js":"","_kad_blocks_body_custom_js":"","_kad_blocks_footer_custom_js":"","site-sidebar-layout":"no-sidebar","site-content-layout":"page-builder","ast-site-content-layout":"full-width-container","site-content-style":"unboxed","site-sidebar-style":"unboxed","ast-global-header-display":"","ast-banner-title-visibility":"","ast-main-header-display":"","ast-hfb-above-header-display":"","ast-hfb-below-header-display":"","ast-hfb-mobile-header-display":"","site-post-title":"disabled","ast-breadcrumbs-content":"","ast-featured-img":"","footer-sml-layout":"","ast-disable-related-posts":"","theme-transparent-header-meta":"default","adv-header-id-meta":"","stick-header-meta":"default","header-above-stick-meta":"","header-main-stick-meta":"","header-below-stick-meta":"","astra-migrate-meta-layouts":"set","ast-page-background-enabled":"default","ast-page-background-meta":{"desktop":{"background-color":"","background-image":"","background-repeat":"repeat","background-position":"center center","background-size":"auto","background-attachment":"scroll","background-type":"","background-media":"","overlay-type":"","overlay-color":"","overlay-opacity":"","overlay-gradient":""},"tablet":{"background-color":"","background-image":"","background-repeat":"repeat","background-position":"center center","background-size":"auto","background-attachment":"scroll","background-type":"","background-media":"","overlay-type":"","overlay-color":"","overlay-opacity":"","overlay-gradient":""},"mobile":{"background-color":"","background-image":"","background-repeat":"repeat","background-position":"center center","background-size":"auto","background-attachment":"scroll","background-type":"","background-media":"","overlay-type":"","overlay-color":"","overlay-opacity":"","overlay-gradient":""}},"ast-content-background-meta":{"desktop":{"background-color":"var(--ast-global-color-5)","background-image":"","background-repeat":"repeat","background-position":"center center","background-size":"auto","background-attachment":"scroll","background-type":"","background-media":"","overlay-type":"","overlay-color":"","overlay-opacity":"","overlay-gradient":""},"tablet":{"background-color":"var(--ast-global-color-5)","background-image":"","background-repeat":"repeat","background-position":"center center","background-size":"auto","background-attachment":"scroll","background-type":"","background-media":"","overlay-type":"","overlay-color":"","overlay-opacity":"","overlay-gradient":""},"mobile":{"background-color":"var(--ast-global-color-5)","background-image":"","background-repeat":"repeat","background-position":"center center","background-size":"auto","background-attachment":"scroll","background-type":"","background-media":"","overlay-type":"","overlay-color":"","overlay-opacity":"","overlay-gradient":""}},"iawp_total_views":4411,"footnotes":""},"class_list":["post-26875","page","type-page","status-publish","hentry"],"taxonomy_info":[],"featured_image_src_large":false,"author_info":{"display_name":"filialleiter","author_link":"https:\/\/www.kern-unternehmensnachfolge.com\/pl\/author\/filialleiter\/"},"comment_info":0,"_links":{"self":[{"href":"https:\/\/www.kern-unternehmensnachfolge.com\/pl\/wp-json\/wp\/v2\/pages\/26875","targetHints":{"allow":["GET"]}}],"collection":[{"href":"https:\/\/www.kern-unternehmensnachfolge.com\/pl\/wp-json\/wp\/v2\/pages"}],"about":[{"href":"https:\/\/www.kern-unternehmensnachfolge.com\/pl\/wp-json\/wp\/v2\/types\/page"}],"author":[{"embeddable":true,"href":"https:\/\/www.kern-unternehmensnachfolge.com\/pl\/wp-json\/wp\/v2\/users\/1"}],"replies":[{"embeddable":true,"href":"https:\/\/www.kern-unternehmensnachfolge.com\/pl\/wp-json\/wp\/v2\/comments?post=26875"}],"version-history":[{"count":0,"href":"https:\/\/www.kern-unternehmensnachfolge.com\/pl\/wp-json\/wp\/v2\/pages\/26875\/revisions"}],"wp:attachment":[{"href":"https:\/\/www.kern-unternehmensnachfolge.com\/pl\/wp-json\/wp\/v2\/media?parent=26875"}],"curies":[{"name":"wp","href":"https:\/\/api.w.org\/{rel}","templated":true}]}}