{"id":2509,"date":"2018-08-09T12:35:04","date_gmt":"2018-08-09T10:35:04","guid":{"rendered":"https:\/\/great-kare.185-125-174-66.plesk.page\/?page_id=2509"},"modified":"2025-01-17T10:38:50","modified_gmt":"2025-01-17T09:38:50","slug":"badanie-towarzystwa-sukcesja","status":"publish","type":"page","link":"https:\/\/www.kern-unternehmensnachfolge.com\/pl\/studie-unternehmensnachfolge\/","title":{"rendered":"Studi\u00adum Sukces\u00adji Przedsi\u0119biorstwa"},"content":{"rendered":"<h1>Badanie sukces\u00adji przedsi\u0119\u00adbi\u00adorstw <span class=\"caps\">KERN<\/span>&nbsp;2017<\/h1>\n<h3 style=\"text-align: left;\">Brak nast\u0119p\u00adc\u00f3w zagra\u017ca firmom rodzin\u00adnym. We wszyst\u00adkich okr\u0119gach <span class=\"caps\">IHK<\/span> drama\u00adty\u00adcz\u00adnie wzras\u00adta liczba sukces\u00adji przedsi\u0119biorstw.<\/h3>\n<p align=\"justify\">Deutsch\u00adlands Unter\u00adneh\u00admer\u00adschaft altert rasant: In nur f\u00fcnf Jahren werden <strong>drei von f\u00fcnf Unter\u00adneh\u00admern<\/strong>&nbsp;deutlich \u00fcber 55 Jahre alt sein. Dies ist das Ergeb\u00adnis einer bundes\u00adwei\u00adten Studie von&nbsp;<strong><span class=\"caps\">KERN<\/span> \u2013 Unternehmens\u00adnachfolge. Erfolg\u00adrei\u00adcher<\/strong>.<\/p>\n<p align=\"justify\">Die Studie zum Generations\u00adwechsel in Unter\u00adneh\u00admen best\u00e4\u00adtigt den Handlungs\u00addruck von Famili\u00aden\u00adun\u00adter\u00adneh\u00admern in Deutschland.<\/p>\n<p>W badaniu obejmu\u00adj\u0105\u00adcym ca\u0142y kraj <span class=\"caps\">KERN<\/span> przea\u00adna\u00adlizowa\u0142 obecnie <strong>wszyst\u00adkie 79 okr\u0119g\u00f3w <span class=\"caps\">IHK<\/span><\/strong>&nbsp;w odpowied\u00adnich klasach wieko\u00adwych i obrot\u00ado\u00adwych na temat rozwo\u00adju sukces\u00adji przedsi\u0119\u00adbi\u00adorstw do 2022 r. W proce\u00adsie uwzgl\u0119d\u00adni\u00ado\u00adno&nbsp;<strong>\u0142\u0105cznie 564 443 firmy<\/strong>&nbsp;in den Umsatz\u00adklas\u00adsen von 250.000 Euro bis 5 Millio\u00adnen Euro sowie Firmen mit bis zu 50 Millio\u00adnen Euro Umsatz erfasst. In der Betrach\u00adtung der ausge\u00adw\u00e4hl\u00adten Betrie\u00adbe sind damit Daten von knapp 500.000 Firmen mit weniger als 5 Mio. Euro Jahres\u00adum\u00adsatz und weite\u00adre 65.000 Firmen mit mehr als 5 Mio. Euro Jahres\u00adum\u00adsatz in die Studie eingeflossen.<\/p>\n<p><strong>60% wszyst\u00adkich w\u0142a\u015bci\u00adcie\u00adli firm rodzin\u00adnych stanie przed pytaniem o sukces\u00adj\u0119 w ci\u0105gu 5&nbsp;lat.<\/strong><\/p>\n<p>Erwei\u00adtert wurden dar\u00fcber hinaus die Gesch\u00e4ftsf\u00fchrer\/Gesellschafter in&nbsp;<strong>trzech grupach wieko\u00adwych<\/strong>&nbsp;:<\/p>\n<p>\u2192 50 \u2013 54 Jahre\u2192 55 \u2013 64 Jahre\u2192 \u00fcber 65&nbsp;Jahre.<\/p>\n<p>Wszyst\u00adkie 79 okr\u0119g\u00f3w izbowych <span class=\"caps\">KERN<\/span> <strong>przea\u00adna\u00adlizowa\u0142 indywi\u00addu\u00adal\u00adnie<\/strong>. W tym celu dane dotyc\u00adz\u0105ce przedsi\u0119\u00adbi\u00adorstw zosta\u0142y r\u00f3wnie\u017c podzie\u00adlo\u00adne wed\u0142ug bran\u017c, co pozwo\u00adli\u0142o na uzyska\u00adnie niezna\u00adn\u00adego wcze\u015b\u00adniej&nbsp;<strong>szcze\u00adg\u00f3\u0142o\u00adwego wgl\u0105du w fakty dotyc\u00adz\u0105ce sukces\u00adji<\/strong>&nbsp;danej bran\u017cy.<\/p>\n<p><span class=\"dquo\">\u201e<\/span>Wichtig ist es, zu verste\u00adhen, dass im deutschen Mittel\u00adstand mehr als 90 % der Famili\u00aden\u00adun\u00adter\u00adneh\u00admen&nbsp;<strong>mniej ni\u017c 25 pracow\u00adni\u00adk\u00f3w<\/strong> besch\u00e4f\u00adti\u00adgen und weniger als 5 Millio\u00adnen Euro Umsatz machen\u201c, so <a href=\"https:\/\/www.kern-unternehmensnachfolge.com\/pl\/partner-lokalizacyjny\/bremen-koerber\/\" target=\"_blank\" style=\"outline: none;\">Nils Koerber<\/a>, Gr\u00fcnder von <span class=\"caps\">KERN<\/span> \u2013 Unternehmens\u00adnachfolge. Erfolgreicher.<\/p>\n<p>Partner <span class=\"caps\">KERN<\/span> <a href=\"https:\/\/www.kern-unternehmensnachfolge.com\/pl\/partner-lokalizacyjny\/sukcesja-firmy-wiesbaden3-31\/\" target=\"_blank\">Ingo Claus<\/a> erg\u00e4nzt: \u201eDie Aufbe\u00adrei\u00adtung der Firmen\u00adda\u00adten zeigt uns, dass in den Kammer\u00adbe\u00adzir\u00adken in Deutsch\u00adland schon in nur f\u00fcnf Jahren, also 2022, <strong>mehr als 60 % der Inhaber und F\u00fchrungs\u00adkr\u00e4f\u00adte<\/strong>&nbsp;auf das Lebens\u00adal\u00adter 60 zugehen oder \u00e4lter sein werden.\u201c<\/p>\n<p>Ten rozw\u00f3j wieko\u00adwy w firmach rodzin\u00adnych cz\u0119sto idzie w parze z&nbsp;<strong>zasto\u00adjem inwes\u00adty\u00adcy\u00adjnym&nbsp;<\/strong>und ein gef\u00e4hr\u00adli\u00adcher Substanz\u00adver\u00adlust einher, warnen die Exper\u00adten von <span class=\"caps\">KERN<\/span>. Je nach pers\u00f6n\u00adli\u00adchem Gesund\u00adheits\u00adzu\u00adstand ger\u00e4t inner\u00adhalb weniger Jahre die Mehrheit der deutschen Famili\u00aden\u00adun\u00adter\u00adneh\u00admen in den <strong>pilnego proce\u00adsu decyzy\u00adj\u00adn\u00adego<\/strong>, ihre Nachfol\u00adge verl\u00e4ss\u00adlich und zukunfts\u00adori\u00aden\u00adtiert zu regeln. Da die gebur\u00adten\u00adschwa\u00adchen Jahrg\u00e4n\u00adge folgen, wird es neben der&nbsp;<strong>Quali\u00adfi\u00adka\u00adti\u00adon von Nachfol\u00adge\u00adper\u00ads\u00f6n\u00adlich\u00adkei\u00adten<\/strong>&nbsp;dojdzie do ilo\u015bcio\u00adwego w\u0105skie\u00adgo gard\u0142a, a tym samym do znacz\u00adn\u00adego&nbsp;<strong>ryzyka w zakre\u00adsie zabez\u00adpiec\u00adze\u00adnia sukces\u00adji<\/strong>&nbsp;przedsi\u0119\u00adbi\u00adorstw rodzinnych.<\/p>\n<p><strong>Dobrze przygo\u00adto\u00adwa\u00adna sukces\u00adja firmy jest czynni\u00adkiem sukcesu.<\/strong><\/p>\n<p><span class=\"dquo\">\u201e<\/span>Woher sollen denn die Nachfol\u00adge-Unter\u00adneh\u00admer kommen?\u201c, gibt Ingo Claus zu beden\u00adken. Zeit f\u00fcr die Suche und eine&nbsp;<strong>profes\u00adjo\u00adnal\u00adne przygo\u00adto\u00adwa\u00adnie<\/strong>&nbsp;sind aus Sicht der Nachfolge\u00adspezialisten das A und O f\u00fcr einen Erfolg in dieser existen\u00adzi\u00adel\u00adlen Frage, mit der&nbsp;<strong>Millio\u00adnen von Arbeits\u00adpl\u00e4t\u00adzen<\/strong>&nbsp;verbun\u00adden sind \u2013 eine zugleich f\u00fcr die Volks\u00adwirt\u00adschaft \u00e4u\u00dferst relevan\u00adte Erfolgs\u00adgr\u00f6\u00ad\u00dfe. \u201eDie Nachfol\u00adge\u00adre\u00adge\u00adlung ist damit letzt\u00adlich eine Schick\u00adsals\u00adfra\u00adge zur weite\u00adren&nbsp;<strong>rozwo\u00adju pot\u0119gi gospodar\u00adc\u00adzej Niemiec\u201d<\/strong>&nbsp;der Bundes\u00adre\u00adpu\u00adblik\u201c, so Koerber, der immer h\u00e4ufi\u00adger auch vor Beratungs\u00adman\u00adda\u00adten steht, bei denen aufgrund der \u00dcberal\u00adte\u00adrung und eines Substanz\u00adver\u00adlus\u00adtes eine Nachfol\u00adge wirtschaft\u00adlich nicht mehr darstell\u00adbar&nbsp;ist.<\/p>\n<p>Dok\u0142ad\u00adnie&nbsp;<strong>dane<\/strong>&nbsp;der jewei\u00adli\u00adgen Kammer\u00adbe\u00adzir\u00adke in Deutsch\u00adland k\u00f6nnen Sie der unteren<strong>&nbsp;mapa<\/strong>&nbsp;poni\u017cej.<\/p>\n<p><strong>Die gro\u00dfe Nachfol\u00adge-Studie Deutsch\u00adland 2020 finden Sie <a href=\"https:\/\/www.kern-unternehmensnachfolge.com\/pl\/badanie-konkurs-konsekwencja-niemiec-2020\/\" target=\"_blank\" style=\"outline: none;\">tutaj<\/a><\/strong><\/p>\n<p>W przypad\u00adku dalszych pyta\u0144 lub sugestii mo\u017cna si\u0119 z nami skontakt\u00adowa\u0107 pod adresem<a href=\"mailto:info@die-nachfolgespezialisten.eu\" style=\"outline: none;\">&nbsp;kontakt@kern-unternehmensnachfolge.com&nbsp;<\/a> lub pod numerem telefonu: +49 421 69208840.<\/p>\n<h3>Hier finden Sie die Ergeb\u00adnis\u00adse der 79 IHK-Bezir\u00adke im Detail f\u00fcr die Regio\u00adnen in&nbsp;2017<\/h3>\n<p align=\"justify\" style=\"text-align: left;\">Um die Detail\u00adergeb\u00adnis\u00adse Ihres IHK-Bezir\u00adkes herun\u00adter\u00adzu\u00adla\u00adden, klicken Sie per rechter Maustas\u00adte auf \u201eDatei speichern unter\u201c.<\/p>\n<ul>\n<li><span><a href=\"https:\/\/www.kern-unternehmensnachfolge.com\/wp-content\/uploads\/2025\/01\/1.IHK-Aachen-1.pdf\" target=\"_blank\" style=\"outline: none;\">Aachen<\/a><\/span><\/li>\n<li><span><a href=\"https:\/\/www.kern-unternehmensnachfolge.com\/wp-content\/uploads\/2025\/01\/2.IHK-Arnsberg.xlsx-1.pdf\" target=\"_blank\" style=\"outline: none;\">Arnsberg<\/a><\/span><\/li>\n<li><span><a href=\"https:\/\/www.kern-unternehmensnachfolge.com\/wp-content\/uploads\/2025\/01\/3.IHK-Aschaffenburg-1.pdf\" target=\"_blank\" style=\"outline: none;\">Aschaf\u00adfen\u00adburg<\/a><\/span><\/li>\n<li><span><a href=\"https:\/\/www.kern-unternehmensnachfolge.com\/wp-content\/uploads\/2025\/01\/4.IHK-Augsburg-1.pdf\" target=\"_blank\" style=\"outline: none;\">Augsburg<\/a><\/span><\/li>\n<li><span><a href=\"https:\/\/www.kern-unternehmensnachfolge.com\/wp-content\/uploads\/2025\/01\/5.IHK-Bayreuth-1.pdf\" target=\"_blank\" style=\"outline: none;\">Bayreuth<\/a><\/span><\/li>\n<li><span><a href=\"https:\/\/www.kern-unternehmensnachfolge.com\/wp-content\/uploads\/2025\/01\/6.IHK-Berlin.xlsx-1.pdf\" target=\"_blank\" style=\"outline: none;\">Berlin<\/a><\/span><\/li>\n<li><span><a href=\"https:\/\/www.kern-unternehmensnachfolge.com\/wp-content\/uploads\/2025\/01\/7.IHK-Bielefeld.xlsx-1.pdf\" target=\"_blank\" style=\"outline: none;\">Biele\u00adfeld<\/a><\/span><\/li>\n<li><span><a href=\"https:\/\/www.kern-unternehmensnachfolge.com\/wp-content\/uploads\/2025\/01\/8.-IHK-Bochum.xlsx-1.pdf\" target=\"_blank\" style=\"outline: none;\">Bochum<\/a><\/span><\/li>\n<li><span><a href=\"https:\/\/www.kern-unternehmensnachfolge.com\/wp-content\/uploads\/2025\/01\/76.-IHK-Bodensee-Oberschwaben-1.pdf\" target=\"_blank\" style=\"outline: none;\">Jezio\u00adro Bode\u0144s\u00adkie G\u00f3rna Szwabia<\/a><\/span><\/li>\n<li><span><a href=\"https:\/\/www.kern-unternehmensnachfolge.com\/wp-content\/uploads\/2025\/01\/9.-IHK-Bonn.xlsx-1.pdf\" target=\"_blank\" style=\"outline: none;\">Bonn<\/a><\/span><\/li>\n<li><span><a href=\"https:\/\/www.kern-unternehmensnachfolge.com\/wp-content\/uploads\/2025\/01\/10.-IHK-Braunschweig-1.pdf\" target=\"_blank\" style=\"outline: none;\">Bruns\u00adzwik<\/a><\/span><\/li>\n<li><span><a href=\"https:\/\/www.kern-unternehmensnachfolge.com\/wp-content\/uploads\/2025\/01\/38.-IHK-Bremen.pdf\" target=\"_blank\" style=\"outline: none;\">Bremen<\/a><\/span><\/li>\n<li><span><a href=\"https:\/\/www.kern-unternehmensnachfolge.com\/wp-content\/uploads\/2025\/01\/11.-IHK-Chemnitz.xlsx.pdf\" target=\"_blank\" style=\"outline: none;\">Chemnitz<\/a><\/span><\/li>\n<li><span><a href=\"https:\/\/www.kern-unternehmensnachfolge.com\/wp-content\/uploads\/2025\/01\/12-IHK-Coburg.pdf\" target=\"_blank\" style=\"outline: none;\">Coburg<\/a><\/span><\/li>\n<li><span><a href=\"https:\/\/www.kern-unternehmensnachfolge.com\/wp-content\/uploads\/2025\/01\/13.IHK-Cottbus.pdf\" target=\"_blank\" style=\"outline: none;\">Cottbus<\/a><\/span><\/li>\n<li><span><a href=\"https:\/\/www.kern-unternehmensnachfolge.com\/wp-content\/uploads\/2025\/01\/14.-IHK-Darmstadt.pdf\" target=\"_blank\" style=\"outline: none;\">Darmstadt<\/a><\/span><\/li>\n<li><span><a href=\"https:\/\/www.kern-unternehmensnachfolge.com\/wp-content\/uploads\/2025\/01\/15-IHK-Detmold.pdf\" target=\"_blank\" style=\"outline: none;\">Detmold<\/a><\/span><\/li>\n<li><span><a href=\"https:\/\/www.kern-unternehmensnachfolge.com\/wp-content\/uploads\/2025\/01\/16-IHK-Dillenberg.pdf\" target=\"_blank\" style=\"outline: none;\">Dillen\u00adberg<\/a><\/span><\/li>\n<li><span><a href=\"https:\/\/www.kern-unternehmensnachfolge.com\/wp-content\/uploads\/2025\/01\/17.IHK-Dortmund.pdf\" target=\"_blank\" style=\"outline: none;\">Dortmund<\/a><\/span><\/li>\n<li><span><a href=\"https:\/\/www.kern-unternehmensnachfolge.com\/wp-content\/uploads\/2025\/01\/18.-IHK-Dresden.pdf\" target=\"_blank\" style=\"outline: none;\">Drezno<\/a><\/span><\/li>\n<\/ul>\n<ul>\n<li><span><a href=\"https:\/\/www.kern-unternehmensnachfolge.com\/wp-content\/uploads\/2025\/01\/19.-IHK-Duisburg.pdf\" target=\"_blank\" style=\"outline: none;\">Duisburg<\/a><\/span><\/li>\n<li><span><a href=\"https:\/\/www.kern-unternehmensnachfolge.com\/wp-content\/uploads\/2025\/01\/20.-IHK-Duesseldorf.pdf\" target=\"_blank\" style=\"outline: none;\">D\u00fcssel\u00addorf<\/a><\/span><\/li>\n<li><span><a href=\"https:\/\/www.kern-unternehmensnachfolge.com\/wp-content\/uploads\/2025\/01\/21.-IHK-Emden.pdf\" target=\"_blank\" style=\"outline: none;\">Emden<\/a><\/span><\/li>\n<li><span><a href=\"https:\/\/www.kern-unternehmensnachfolge.com\/wp-content\/uploads\/2025\/01\/22.-IHK-Erfurt.pdf\" target=\"_blank\" style=\"outline: none;\">Erfurt<\/a><\/span><\/li>\n<li><span><a href=\"https:\/\/www.kern-unternehmensnachfolge.com\/wp-content\/uploads\/2025\/01\/23.IHK-Essen.pdf\" target=\"_blank\" style=\"outline: none;\">\u017bywno\u015b\u0107<\/a><\/span><\/li>\n<li><span><a href=\"https:\/\/www.kern-unternehmensnachfolge.com\/wp-content\/uploads\/2025\/01\/24.-IHK-Flensburg.pdf\" target=\"_blank\" style=\"outline: none;\">Flens\u00adburg<\/a><\/span><\/li>\n<li><span><a href=\"https:\/\/www.kern-unternehmensnachfolge.com\/wp-content\/uploads\/2025\/01\/25.-IHK-Frankfurt-am-Main.pdf\" target=\"_blank\" style=\"outline: none;\">Frank\u00adfurt nad&nbsp;Menem<\/a><\/span><\/li>\n<li><span><a href=\"https:\/\/www.kern-unternehmensnachfolge.com\/wp-content\/uploads\/2025\/01\/26.-IHK-Frankfurt-Oder.pdf\" target=\"_blank\" style=\"outline: none;\">Frank\u00adfurt nad&nbsp;Odr\u0105<\/a><\/span><\/li>\n<li><span><a href=\"https:\/\/www.kern-unternehmensnachfolge.com\/wp-content\/uploads\/2025\/01\/27.-IHK-Freiburg.pdf\" target=\"_blank\" style=\"outline: none;\">Freiburg<\/a><\/span><\/li>\n<li><span><a href=\"https:\/\/www.kern-unternehmensnachfolge.com\/wp-content\/uploads\/2025\/01\/28.-IHK-Fulda.pdf\" target=\"_blank\" style=\"outline: none;\">Fulda<\/a><\/span><\/li>\n<li><span><a href=\"https:\/\/www.kern-unternehmensnachfolge.com\/wp-content\/uploads\/2025\/01\/29.-IHK-Gera.pdf\" target=\"_blank\" style=\"outline: none;\">Gera<\/a><\/span><\/li>\n<li><span><a href=\"https:\/\/www.kern-unternehmensnachfolge.com\/wp-content\/uploads\/2025\/01\/30.-IHK-Giessen.pdf\" target=\"_blank\" style=\"outline: none;\">Gie\u00dfen<\/a><\/span><\/li>\n<li><span><a href=\"https:\/\/www.kern-unternehmensnachfolge.com\/wp-content\/uploads\/2025\/01\/31.-IHK-Hagen.pdf\" target=\"_blank\" style=\"outline: none;\">Hagen<\/a><\/span><\/li>\n<li><span><a href=\"https:\/\/www.kern-unternehmensnachfolge.com\/wp-content\/uploads\/2025\/01\/32.IHK-Halle.pdf\" target=\"_blank\" style=\"outline: none;\">Hall<\/a><\/span><\/li>\n<li><span><a href=\"https:\/\/www.kern-unternehmensnachfolge.com\/wp-content\/uploads\/2025\/01\/33.-IHK-Hamburg.pdf\" target=\"_blank\" style=\"outline: none;\">Hamburg<\/a><\/span><\/li>\n<li><span><a href=\"https:\/\/www.kern-unternehmensnachfolge.com\/wp-content\/uploads\/2025\/01\/34.-IHK-Hanau.pdf\" target=\"_blank\" style=\"outline: none;\">Hanau<\/a><\/span><\/li>\n<li><span><a href=\"https:\/\/www.kern-unternehmensnachfolge.com\/wp-content\/uploads\/2025\/01\/35.-IHK-Hannover.pdf\" target=\"_blank\" style=\"outline: none;\">Hanower<\/a><\/span><\/li>\n<li><span><a href=\"https:\/\/www.kern-unternehmensnachfolge.com\/wp-content\/uploads\/2025\/01\/36.-IHK-Heidenheim.pdf\" target=\"_blank\" style=\"outline: none;\">Heiden\u00adheim<\/a><\/span><\/li>\n<li><span><a href=\"https:\/\/www.kern-unternehmensnachfolge.com\/wp-content\/uploads\/2025\/01\/37.-IHK-Heilbronn.pdf\" target=\"_blank\" style=\"outline: none;\">Heilbronn<\/a><\/span><\/li>\n<li><span><a href=\"https:\/\/www.kern-unternehmensnachfolge.com\/wp-content\/uploads\/2025\/01\/39.-IHK-Karlsruhe.pdf\" target=\"_blank\" style=\"outline: none;\">Karls\u00adru\u00adhe<\/a><\/span><\/li>\n<\/ul>\n<ul>\n<li><span><a href=\"https:\/\/www.kern-unternehmensnachfolge.com\/wp-content\/uploads\/2025\/01\/40.-IHK-Kassel.pdf\" target=\"_blank\" style=\"outline: none;\">Kassel<\/a><\/span><\/li>\n<li><span><a href=\"https:\/\/www.kern-unternehmensnachfolge.com\/wp-content\/uploads\/2025\/01\/41.-IHK-Kiel.pdf\" target=\"_blank\" style=\"outline: none;\">Kiel<\/a><\/span><\/li>\n<li><span><a href=\"https:\/\/www.kern-unternehmensnachfolge.com\/wp-content\/uploads\/2025\/01\/42.-IHK-Koblenz.pdf\" target=\"_blank\" style=\"outline: none;\">Koblenz<\/a><\/span><\/li>\n<li><span><a href=\"https:\/\/www.kern-unternehmensnachfolge.com\/wp-content\/uploads\/2025\/01\/43.-IHK-Koeln.pdf\" target=\"_blank\" style=\"outline: none;\">K\u00f6ln<\/a><\/span><\/li>\n<li><span><a href=\"https:\/\/www.kern-unternehmensnachfolge.com\/wp-content\/uploads\/2025\/01\/44.-IHK-Konstanz.pdf\" target=\"_blank\" style=\"outline: none;\">Constance<\/a><\/span><\/li>\n<li><span><a href=\"https:\/\/www.kern-unternehmensnachfolge.com\/wp-content\/uploads\/2025\/01\/45.-IHK-Krefeld.pdf\" target=\"_blank\" style=\"outline: none;\">Krefeld<\/a><\/span><\/li>\n<li><span><a href=\"https:\/\/www.kern-unternehmensnachfolge.com\/wp-content\/uploads\/2025\/01\/46.-IHK-Leipzig.pdf\" target=\"_blank\" style=\"outline: none;\">Lipsk<\/a><\/span><\/li>\n<li><span><a href=\"https:\/\/www.kern-unternehmensnachfolge.com\/wp-content\/uploads\/2025\/01\/47.-IHK-Limburg.pdf\" target=\"_blank\" style=\"outline: none;\">Limbur\u00adgia<\/a><\/span><\/li>\n<li><span><a href=\"https:\/\/www.kern-unternehmensnachfolge.com\/wp-content\/uploads\/2025\/01\/48.-IHK-Luebeck.pdf\" target=\"_blank\" style=\"outline: none;\">L\u00fcbeck<\/a><\/span><\/li>\n<li><span><a href=\"https:\/\/www.kern-unternehmensnachfolge.com\/wp-content\/uploads\/2025\/01\/50.-IHK-Lueneburg.pdf\" target=\"_blank\" style=\"outline: none;\">L\u00fcneburg<\/a><\/span><\/li>\n<li><span><a href=\"https:\/\/www.kern-unternehmensnachfolge.com\/wp-content\/uploads\/2025\/01\/51.-IHK-Magdeburg.pdf\" target=\"_blank\" style=\"outline: none;\">Magde\u00adburg<\/a><\/span><\/li>\n<li><span><a href=\"https:\/\/www.kern-unternehmensnachfolge.com\/wp-content\/uploads\/2025\/01\/52.-IHK-Mainz.xlsx.pdf\" target=\"_blank\" style=\"outline: none;\">Mainz<\/a><\/span><\/li>\n<li><span><a href=\"https:\/\/www.kern-unternehmensnachfolge.com\/wp-content\/uploads\/2025\/01\/53.-IHK-Mannheim.pdf\" target=\"_blank\" style=\"outline: none;\">Mannheim<\/a><\/span><\/li>\n<li><span><a href=\"https:\/\/www.kern-unternehmensnachfolge.com\/wp-content\/uploads\/2025\/01\/54.-IHK-Muenchen.pdf\" target=\"_blank\" style=\"outline: none;\">M\u00fcnchen<\/a><\/span><\/li>\n<li><span><a href=\"https:\/\/www.kern-unternehmensnachfolge.com\/wp-content\/uploads\/2025\/01\/55.-IHK-Muenster.pdf\" target=\"_blank\" style=\"outline: none;\">M\u00fcnster<\/a><\/span><\/li>\n<li><span><a href=\"https:\/\/www.kern-unternehmensnachfolge.com\/wp-content\/uploads\/2025\/01\/56.-IHK-Neubrandenburg.pdf\" target=\"_blank\" style=\"outline: none;\">Neubran\u00adden\u00adburg<\/a><\/span><\/li>\n<li><span><a href=\"https:\/\/www.kern-unternehmensnachfolge.com\/wp-content\/uploads\/2025\/01\/61.-IHK-Niederbayern.pdf\" target=\"_blank\" style=\"outline: none;\">Dolna Bawaria<\/a><\/span><\/li>\n<li><span><a href=\"https:\/\/www.kern-unternehmensnachfolge.com\/wp-content\/uploads\/2025\/01\/58.-IHK-Offenbach-am-Main.pdf\" target=\"_blank\" style=\"outline: none;\">Offen\u00adbach nad&nbsp;Menem<\/a><\/span><\/li>\n<li><span><a href=\"https:\/\/www.kern-unternehmensnachfolge.com\/wp-content\/uploads\/2025\/01\/59.-IHK-Oldenburg.pdf\" target=\"_blank\" style=\"outline: none;\">Olden\u00adburg<\/a><\/span><\/li>\n<li><span><a href=\"https:\/\/www.kern-unternehmensnachfolge.com\/wp-content\/uploads\/2025\/01\/60.-IHK-Osnabrueck.pdf\" target=\"_blank\" style=\"outline: none;\">Osnabr\u00fcck<\/a><\/span><\/li>\n<\/ul>\n<ul>\n<li><span><a href=\"https:\/\/www.kern-unternehmensnachfolge.com\/wp-content\/uploads\/2025\/01\/49.-IHK-Pfalz.pdf\" target=\"_blank\" style=\"outline: none;\">Palaty\u00adnat<\/a><\/span><\/li>\n<li><span><a href=\"https:\/\/www.kern-unternehmensnachfolge.com\/wp-content\/uploads\/2025\/01\/62.-IHK-Pforzheim.pdf\" target=\"_blank\" style=\"outline: none;\">Pforz\u00adheim<\/a><\/span><\/li>\n<li><span><a href=\"https:\/\/www.kern-unternehmensnachfolge.com\/wp-content\/uploads\/2025\/01\/63.-IHK-Potsdam.pdf\" target=\"_blank\" style=\"outline: none;\">Poczdam<\/a><\/span><\/li>\n<li><span><a href=\"https:\/\/www.kern-unternehmensnachfolge.com\/wp-content\/uploads\/2025\/01\/64.-IHK-Regensburg.pdf\" target=\"_blank\" style=\"outline: none;\">Regens\u00adburg<\/a><\/span><\/li>\n<li><span><a href=\"https:\/\/www.kern-unternehmensnachfolge.com\/wp-content\/uploads\/2025\/01\/65.-IHK-Reutlingen.pdf\" target=\"_blank\" style=\"outline: none;\">Reutlin\u00adgen<\/a><\/span><\/li>\n<li><span><a href=\"https:\/\/www.kern-unternehmensnachfolge.com\/wp-content\/uploads\/2025\/01\/66.-IHK-Rostock.pdf\" target=\"_blank\" style=\"outline: none;\">Rostock<\/a><\/span><\/li>\n<li><span><a href=\"https:\/\/www.kern-unternehmensnachfolge.com\/wp-content\/uploads\/2025\/01\/67.-IHK-Saarland.pdf\" target=\"_blank\" style=\"outline: none;\">Saarland<\/a><\/span><\/li>\n<li><span><a href=\"https:\/\/www.kern-unternehmensnachfolge.com\/wp-content\/uploads\/2025\/01\/75.-IHK-Schwarzwald-Baar-Heuberg.pdf\" target=\"_blank\" style=\"outline: none;\">Czarny Las-Baar-Heuberg<\/a><\/span><\/li>\n<li><span><a href=\"https:\/\/www.kern-unternehmensnachfolge.com\/wp-content\/uploads\/2025\/01\/68.-IHK-Schwerin.pdf\" target=\"_blank\" style=\"outline: none;\">Schwe\u00adrin<\/a><\/span><\/li>\n<li><span><a href=\"https:\/\/www.kern-unternehmensnachfolge.com\/wp-content\/uploads\/2025\/01\/69.-IHK-Siegen.pdf\" target=\"_blank\" style=\"outline: none;\">Siegen<\/a><\/span><\/li>\n<li><span><a href=\"https:\/\/www.kern-unternehmensnachfolge.com\/wp-content\/uploads\/2025\/01\/70.-IHK-Stade.pdf\" target=\"_blank\" style=\"outline: none;\">Stade<\/a><\/span><\/li>\n<li><span><a href=\"https:\/\/www.kern-unternehmensnachfolge.com\/wp-content\/uploads\/2025\/01\/71.-IHK-Stuttgart.pdf\" target=\"_blank\" style=\"outline: none;\">Stutt\u00adgart<\/a><\/span><\/li>\n<li><span><a href=\"https:\/\/www.kern-unternehmensnachfolge.com\/wp-content\/uploads\/2025\/01\/72.-IHK-Suhl.pdf\" target=\"_blank\" style=\"outline: none;\">Suhl<\/a><\/span><\/li>\n<li><span><a href=\"https:\/\/www.kern-unternehmensnachfolge.com\/wp-content\/uploads\/2025\/01\/73.-IHK-Trier.pdf\" target=\"_blank\" style=\"outline: none;\">Trier<\/a><\/span><\/li>\n<li><span><a href=\"https:\/\/www.kern-unternehmensnachfolge.com\/wp-content\/uploads\/2025\/01\/74.-IHK-Ulm.pdf\" target=\"_blank\" style=\"outline: none;\">Ulm<\/a><\/span><\/li>\n<li><span><a href=\"https:\/\/www.kern-unternehmensnachfolge.com\/wp-content\/uploads\/2025\/01\/77.-IHK-Wiesbaden.pdf\" target=\"_blank\" style=\"outline: none;\">Wiesba\u00adden<\/a><\/span><\/li>\n<li><span><a href=\"https:\/\/www.kern-unternehmensnachfolge.com\/wp-content\/uploads\/2025\/01\/78.-IHK-Wuerzburg.pdf\" target=\"_blank\" style=\"outline: none;\">W\u00fcrzburg<\/a><\/span><\/li>\n<li><span><a href=\"https:\/\/www.kern-unternehmensnachfolge.com\/wp-content\/uploads\/2025\/01\/79.-IHK-Wuppertal.pdf\" target=\"_blank\" style=\"outline: none;\">Wupper\u00adtal<\/a><\/span><\/li>\n<\/ul>","protected":false},"excerpt":{"rendered":"<p>Die KERN-Studie 2017 zur Unternehmensnachfolge Mangel an Nachfolgern bedroht Familienunternehmen. Zahl der Unternehmensnachfolgen nimmt in allen IHK-Bezirken dramatisch zu. Deutschlands [&hellip;]<\/p>\n","protected":false},"author":1,"featured_media":0,"parent":0,"menu_order":0,"comment_status":"closed","ping_status":"closed","template":"","meta":{"wp_typography_post_enhancements_disabled":false,"_kad_blocks_custom_css":"","_kad_blocks_head_custom_js":"","_kad_blocks_body_custom_js":"","_kad_blocks_footer_custom_js":"","site-sidebar-layout":"no-sidebar","site-content-layout":"plain-container","ast-site-content-layout":"default","site-content-style":"default","site-sidebar-style":"default","ast-global-header-display":"","ast-banner-title-visibility":"","ast-main-header-display":"","ast-hfb-above-header-display":"","ast-hfb-below-header-display":"","ast-hfb-mobile-header-display":"","site-post-title":"disabled","ast-breadcrumbs-content":"","ast-featured-img":"disabled","footer-sml-layout":"","ast-disable-related-posts":"","theme-transparent-header-meta":"default","adv-header-id-meta":"","stick-header-meta":"default","header-above-stick-meta":"","header-main-stick-meta":"","header-below-stick-meta":"","astra-migrate-meta-layouts":"default","ast-page-background-enabled":"default","ast-page-background-meta":{"desktop":{"background-color":"","background-image":"","background-repeat":"repeat","background-position":"center center","background-size":"auto","background-attachment":"scroll","background-type":"","background-media":"","overlay-type":"","overlay-color":"","overlay-opacity":"","overlay-gradient":""},"tablet":{"background-color":"","background-image":"","background-repeat":"repeat","background-position":"center center","background-size":"auto","background-attachment":"scroll","background-type":"","background-media":"","overlay-type":"","overlay-color":"","overlay-opacity":"","overlay-gradient":""},"mobile":{"background-color":"","background-image":"","background-repeat":"repeat","background-position":"center center","background-size":"auto","background-attachment":"scroll","background-type":"","background-media":"","overlay-type":"","overlay-color":"","overlay-opacity":"","overlay-gradient":""}},"ast-content-background-meta":{"desktop":{"background-color":"var(--ast-global-color-5)","background-image":"","background-repeat":"repeat","background-position":"center center","background-size":"auto","background-attachment":"scroll","background-type":"","background-media":"","overlay-type":"","overlay-color":"","overlay-opacity":"","overlay-gradient":""},"tablet":{"background-color":"var(--ast-global-color-5)","background-image":"","background-repeat":"repeat","background-position":"center center","background-size":"auto","background-attachment":"scroll","background-type":"","background-media":"","overlay-type":"","overlay-color":"","overlay-opacity":"","overlay-gradient":""},"mobile":{"background-color":"var(--ast-global-color-5)","background-image":"","background-repeat":"repeat","background-position":"center center","background-size":"auto","background-attachment":"scroll","background-type":"","background-media":"","overlay-type":"","overlay-color":"","overlay-opacity":"","overlay-gradient":""}},"iawp_total_views":51,"footnotes":""},"class_list":["post-2509","page","type-page","status-publish","hentry"],"taxonomy_info":[],"featured_image_src_large":false,"author_info":{"display_name":"filialleiter","author_link":"https:\/\/www.kern-unternehmensnachfolge.com\/pl\/author\/filialleiter\/"},"comment_info":0,"_links":{"self":[{"href":"https:\/\/www.kern-unternehmensnachfolge.com\/pl\/wp-json\/wp\/v2\/pages\/2509","targetHints":{"allow":["GET"]}}],"collection":[{"href":"https:\/\/www.kern-unternehmensnachfolge.com\/pl\/wp-json\/wp\/v2\/pages"}],"about":[{"href":"https:\/\/www.kern-unternehmensnachfolge.com\/pl\/wp-json\/wp\/v2\/types\/page"}],"author":[{"embeddable":true,"href":"https:\/\/www.kern-unternehmensnachfolge.com\/pl\/wp-json\/wp\/v2\/users\/1"}],"replies":[{"embeddable":true,"href":"https:\/\/www.kern-unternehmensnachfolge.com\/pl\/wp-json\/wp\/v2\/comments?post=2509"}],"version-history":[{"count":0,"href":"https:\/\/www.kern-unternehmensnachfolge.com\/pl\/wp-json\/wp\/v2\/pages\/2509\/revisions"}],"wp:attachment":[{"href":"https:\/\/www.kern-unternehmensnachfolge.com\/pl\/wp-json\/wp\/v2\/media?parent=2509"}],"curies":[{"name":"wp","href":"https:\/\/api.w.org\/{rel}","templated":true}]}}