{"id":1977,"date":"2018-07-23T10:42:41","date_gmt":"2018-07-23T08:42:41","guid":{"rendered":"https:\/\/great-kare.185-125-174-66.plesk.page\/?page_id=1977"},"modified":"2023-09-14T15:09:23","modified_gmt":"2023-09-14T13:09:23","slug":"odcisk","status":"publish","type":"page","link":"https:\/\/www.kern-unternehmensnachfolge.com\/pl\/impressum\/","title":{"rendered":"Impres\u00adsum"},"content":{"rendered":"<h1 style=\"text-align: left;\">Impres\u00adsum<\/h1>\n<h3>Dostaw\u00adca&nbsp;<\/h3>\n<p>KERN-System GmbHGe\u00adsch\u00e4fts\u00adf\u00fch\u00adrer Nils Koerber\u00adHein\u00adrich-Heine-Str. 11128211 Bremen<\/p>\n<p>Telefon: +49 421 69208840Email: kontakt@kern-unternehmensnachfolge.com&nbsp;<\/p>\n<p>Rejes\u00adtr handlo\u00adwy: <span class=\"caps\">HRB<\/span> 35049 <span class=\"caps\">AG<\/span> BremenUSt-ID.Nr. <span class=\"caps\">DE<\/span> 326987533<\/p>\n<p>Odpowied\u00adzi\u00adal\u00adno\u015b\u0107 za&nbsp;tre\u015b\u0107<\/p>\n<p>Nils Koerber (dane kontakt\u00adowe znajdu\u00adj\u0105 si\u0119 pod powy\u017cs\u00adzym adresem)<\/p>\n<p><strong>Erg\u00e4n\u00adzen\u00adder Hinweis zu allen recht\u00adlich selbst\u00e4n\u00addi\u00adgen KERN-Partnern auf dieser Homepage:<\/strong><\/p>\n<p>Jeste\u015b\u00admy grup\u0105 dorad\u00adc\u00adz\u0105, w kt\u00f3rej wszyscy partner\u00adzy i lokali\u00adzac\u00adje s\u0105&nbsp;<strong>recht\u00adlich selbst\u00e4n\u00addig<\/strong> ihr Gesch\u00e4ft betrei\u00adben. Wir sind somit ausdr\u00fcck\u00adlich keine Partner\u00adschaft im Sinne der deutschen Rechts\u00adauf\u00adfas\u00adsung. Eine gesamt\u00adschuld\u00adne\u00adri\u00adsche Haftung ist grund\u00ads\u00e4tz\u00adlich ausgeschlossen.<\/p>\n<p>Wir sind unabh\u00e4n\u00adgig und kein Anhang irgend\u00adei\u00adner \u201eKonstruk\u00adti\u00adon\u201c oder in der Verpflich\u00adtung eines Dritten. Ebenso sind wir in keiner Art und Weise ein Finanz\u00addienst\u00adleis\u00adter gem. den Vorga\u00adben der <span class=\"caps\">BAFIN<\/span>. Ebenso verge\u00adben oder vermit\u00adteln wir keine Kredite.<\/p>\n<p>Dieses Impres\u00adsum gilt auch f\u00fcr weite\u00adre Social-Media-Kan\u00e4le, wie z.B. auf Facebook, Xing, Linke\u00addIn, YouTube, Google+ usw.<\/p>\n<h3>Zrzec\u00adze\u00adnie si\u0119 odpowied\u00adzi\u00adal\u00adno\u015bci, prawa autor\u00adskie i odpowiedzialno\u015b\u0107<\/h3>\n<p>KERN-System GmbH ist dazu verpflich\u00adtet, diese Website aktuell und akkurat zu halten. Solltest du dennoch auf irgend\u00adet\u00adwas sto\u00dfen, das veral\u00adtet oder inkor\u00adrekt ist, w\u00fcrden wir es sch\u00e4t\u00adzen, wenn du es uns wissen l\u00e4sst. Bitte weise darauf hin, wo du auf der Seite die Infor\u00adma\u00adti\u00adon gelesen hast. Wir werden uns dann so schnell wie m\u00f6glich darum k\u00fcmmern. Bitte sende deine R\u00fcckmel\u00addung an:&nbsp;moc.eglofhcansnemhenretnu-nrek@ofni.<\/p>\n<p>Wir \u00fcberneh\u00admen keine Haftung f\u00fcr aus Ungenau\u00adig\u00adkeit oder Unvoll\u00adst\u00e4n\u00addig\u00adkeit resul\u00adtie\u00adren\u00adden Verlus\u00adte, noch f\u00fcr entste\u00adhen\u00adde Verlus\u00adte oder Verbrei\u00adtung von Infor\u00adma\u00adtio\u00adnen durch das Inter\u00adnet, wie St\u00f6run\u00adgen oder Unter\u00adbre\u00adchun\u00adgen. Bei der Verwen\u00addung von Inter\u00adnet\u00adfo\u00admu\u00adla\u00adren streben wir danach die Anzahl der ben\u00f6tig\u00adten Felder zu minimie\u00adren. F\u00fcr jegli\u00adche Verlus\u00adte die aus der Verwen\u00addung von KERN-System GmbH empfoh\u00adle\u00adner oder stammen\u00adder Daten, Hinwei\u00adsen oder Ideen \u00fcbernimmt KERN-System GmbH keine Haftung.<\/p>\n<p>\u00dcber E-Mail oder mittels eines Inter\u00adnet\u00adfo\u00admu\u00adlars versen\u00adde\u00adte Antwor\u00adten und Daten\u00adschutz\u00adan\u00adfra\u00adgen werden in gleicher Weise wie Briefe behan\u00addelt. Dies bedeu\u00adtet, dass du sp\u00e4tes\u00adtens inner\u00adhalb eines Monats mit einer Antwort von uns rechnen kannst. Im Falle umfang\u00adrei\u00adcher Anfra\u00adgen werden wir dich inner\u00adhalb eines Monats wissen lassen ob wir ein Maximum von drei Monaten ben\u00f6tigen.<\/p>\n<p>Jegli\u00adche pers\u00f6n\u00adli\u00adche Infor\u00adma\u00adti\u00adon welche du uns inner\u00adhalb des Kontexts deiner Antwort oder deinem Antrag zur Verf\u00fc\u00adgung stellst, wird ausschlie\u00df\u00adlich gem\u00e4\u00df unserer Daten\u00adschutz\u00ader\u00adkl\u00e4\u00adrung genutzt.<\/p>\n<p>KERN-System GmbH wird jede angemes\u00adse\u00adne Ma\u00dfnah\u00adme ergrei\u00adfen um sein System gegen jede Form unrecht\u00adm\u00e4\u00ad\u00dfi\u00adger Nutzung zu sch\u00fct\u00adzen. KERN-System GmbH wird geeig\u00adne\u00adte Techno\u00adlo\u00adgien und organi\u00adsa\u00adto\u00adri\u00adsche Ma\u00dfnah\u00admen zu diesem Zweck, unter Ber\u00fcck\u00adsich\u00adti\u00adgung des aktuel\u00adlen Standes der Technik, einf\u00fch\u00adren. Es ist jedoch nicht verant\u00adwort\u00adlich f\u00fcr direk\u00adte und\/oder indirek\u00adte Verlus\u00adte jegli\u00adcher Art, welche bei einem Benut\u00adzer der Website auftre\u00adten, die der unrecht\u00adm\u00e4\u00ad\u00dfi\u00adgen Nutzung des Systems von Dritt\u00adan\u00adbie\u00adtern entspringt.<\/p>\n<p>KERN-System GmbH \u00fcbernimmt keine Verant\u00adwor\u00adtung f\u00fcr den Inhalt von Websites, zu denen oder von denen ein Hyper\u00adlink oder eine anderer Verweis f\u00fchrt. Produk\u00adte oder Service\u00adleis\u00adtun\u00adgen, die von Dritt\u00adan\u00adbie\u00adten angebo\u00adten werden, werden nach entspre\u00adchen\u00adden Bedin\u00adgun\u00adgen und Kondi\u00adtio\u00adnen jener Dritt\u00adan\u00adbie\u00adter behan\u00addelt werden.<\/p>\n<p>Wszel\u00adkie prawa w\u0142asno\u015bci intelek\u00adtu\u00adal\u00adnej do tre\u015bci na tej stronie s\u0105 w\u0142asno\u015bci\u0105 KERN-System GmbH.<\/p>\n<p>Kopio\u00adwa\u00adnie, rozpow\u00ads\u00adzech\u00adnia\u00adnie lub jakie\u00adkol\u00adwiek inne wykor\u00adzy\u00adsty\u00adwa\u00adnie tego materia\u0142u jest niedo\u00adz\u00adwo\u00adlo\u00adne bez pisem\u00adnej zgody KERN-System GmbH, chyba \u017ce uzgod\u00adni\u00ado\u00adno inaczej lub jest to wy\u0142\u0105c\u00adzo\u00adne przez obowi\u0105\u00adzu\u00adj\u0105ce prawo (np. prawo do cytowa\u00adnia), o ile konkret\u00adna tre\u015b\u0107 nie stanowi inaczej.<\/p>\n<p>Wenn du Fragen oder Proble\u00adme mit der Verf\u00fcg\u00adbar\u00adkeit der Website hast, z\u00f6gere nicht uns zu kontaktieren.<\/p>\n<h3>Prawa do wizerunku<\/h3>\n<p><a href=\"https:\/\/www.freepik.com\/photos\/business-card\" target=\"_blank\" style=\"outline: none;\" spellcheck=\"false\" rel=\"noopener\">Business card photo created by rawpixel.com \u2013 www.freepik.com<\/a><\/p>\n<p><a href=\"https:\/\/www.freepik.com\/photos\/people\" target=\"_blank\" style=\"outline: currentcolor;\" rel=\"noopener\">People photo created by tirachardz \u2013 www.freepik.com<\/a><\/p>\n<p><a href=\"https:\/\/www.freepik.com\/photos\/business'\" target=\"_blank\" style=\"outline: none;\" rel=\"noopener\">Business photo created by snowing \u2013 www.freepik.com<\/a><\/p>\n<p><a href=\"http:\/\/www.shutterstock.com\" target=\"_blank\" style=\"outline: currentcolor;\" rel=\"noopener\">Business photos from Shutter\u00adstock \u2013 www.shutterstock.com<\/a><\/p>","protected":false},"excerpt":{"rendered":"<p>Impressum Anbieter&nbsp; KERN-System GmbHGesch\u00e4ftsf\u00fchrer Nils KoerberHeinrich-Heine-Str. 11128211 Bremen Telefon: +49 421 69208840Email: kontakt@kern-unternehmensnachfolge.com&nbsp; Handelsregister: HRB 35049 AG BremenUSt-ID.Nr. DE 326987533 [&hellip;]<\/p>\n","protected":false},"author":1,"featured_media":0,"parent":0,"menu_order":0,"comment_status":"closed","ping_status":"closed","template":"","meta":{"wp_typography_post_enhancements_disabled":false,"_kad_blocks_custom_css":"","_kad_blocks_head_custom_js":"","_kad_blocks_body_custom_js":"","_kad_blocks_footer_custom_js":"","site-sidebar-layout":"no-sidebar","site-content-layout":"plain-container","ast-site-content-layout":"default","site-content-style":"default","site-sidebar-style":"default","ast-global-header-display":"","ast-banner-title-visibility":"","ast-main-header-display":"","ast-hfb-above-header-display":"","ast-hfb-below-header-display":"","ast-hfb-mobile-header-display":"","site-post-title":"disabled","ast-breadcrumbs-content":"","ast-featured-img":"disabled","footer-sml-layout":"","ast-disable-related-posts":"","theme-transparent-header-meta":"default","adv-header-id-meta":"","stick-header-meta":"default","header-above-stick-meta":"","header-main-stick-meta":"","header-below-stick-meta":"","astra-migrate-meta-layouts":"default","ast-page-background-enabled":"default","ast-page-background-meta":{"desktop":{"background-color":"","background-image":"","background-repeat":"repeat","background-position":"center center","background-size":"auto","background-attachment":"scroll","background-type":"","background-media":"","overlay-type":"","overlay-color":"","overlay-opacity":"","overlay-gradient":""},"tablet":{"background-color":"","background-image":"","background-repeat":"repeat","background-position":"center center","background-size":"auto","background-attachment":"scroll","background-type":"","background-media":"","overlay-type":"","overlay-color":"","overlay-opacity":"","overlay-gradient":""},"mobile":{"background-color":"","background-image":"","background-repeat":"repeat","background-position":"center center","background-size":"auto","background-attachment":"scroll","background-type":"","background-media":"","overlay-type":"","overlay-color":"","overlay-opacity":"","overlay-gradient":""}},"ast-content-background-meta":{"desktop":{"background-color":"var(--ast-global-color-5)","background-image":"","background-repeat":"repeat","background-position":"center center","background-size":"auto","background-attachment":"scroll","background-type":"","background-media":"","overlay-type":"","overlay-color":"","overlay-opacity":"","overlay-gradient":""},"tablet":{"background-color":"var(--ast-global-color-5)","background-image":"","background-repeat":"repeat","background-position":"center center","background-size":"auto","background-attachment":"scroll","background-type":"","background-media":"","overlay-type":"","overlay-color":"","overlay-opacity":"","overlay-gradient":""},"mobile":{"background-color":"var(--ast-global-color-5)","background-image":"","background-repeat":"repeat","background-position":"center center","background-size":"auto","background-attachment":"scroll","background-type":"","background-media":"","overlay-type":"","overlay-color":"","overlay-opacity":"","overlay-gradient":""}},"iawp_total_views":676,"footnotes":""},"class_list":["post-1977","page","type-page","status-publish","hentry"],"taxonomy_info":[],"featured_image_src_large":false,"author_info":{"display_name":"filialleiter","author_link":"https:\/\/www.kern-unternehmensnachfolge.com\/pl\/author\/filialleiter\/"},"comment_info":0,"_links":{"self":[{"href":"https:\/\/www.kern-unternehmensnachfolge.com\/pl\/wp-json\/wp\/v2\/pages\/1977","targetHints":{"allow":["GET"]}}],"collection":[{"href":"https:\/\/www.kern-unternehmensnachfolge.com\/pl\/wp-json\/wp\/v2\/pages"}],"about":[{"href":"https:\/\/www.kern-unternehmensnachfolge.com\/pl\/wp-json\/wp\/v2\/types\/page"}],"author":[{"embeddable":true,"href":"https:\/\/www.kern-unternehmensnachfolge.com\/pl\/wp-json\/wp\/v2\/users\/1"}],"replies":[{"embeddable":true,"href":"https:\/\/www.kern-unternehmensnachfolge.com\/pl\/wp-json\/wp\/v2\/comments?post=1977"}],"version-history":[{"count":0,"href":"https:\/\/www.kern-unternehmensnachfolge.com\/pl\/wp-json\/wp\/v2\/pages\/1977\/revisions"}],"wp:attachment":[{"href":"https:\/\/www.kern-unternehmensnachfolge.com\/pl\/wp-json\/wp\/v2\/media?parent=1977"}],"curies":[{"name":"wp","href":"https:\/\/api.w.org\/{rel}","templated":true}]}}