{"id":1881,"date":"2018-07-21T20:25:39","date_gmt":"2018-07-21T18:25:39","guid":{"rendered":"https:\/\/great-kare.185-125-174-66.plesk.page\/?page_id=1881"},"modified":"2023-11-06T14:28:39","modified_gmt":"2023-11-06T13:28:39","slug":"narazac","status":"publish","type":"page","link":"https:\/\/www.kern-unternehmensnachfolge.com\/pl\/firmen-expose\/","title":{"rendered":"Prezent\u00adac\u00adja&nbsp;firmy"},"content":{"rendered":"<h1 data-hide=\"true\" id=\"t-1654808931777\" style=\"text-align: center;\">Prezent\u00adac\u00adja&nbsp;firmy<\/h1>\n<p dir=\"ltr\" style>Ein Expos\u00e9 zum Verkauf eines Unter\u00adneh\u00admens enth\u00e4lt je nach Branche und Schwer\u00adpunk\u00adten Infor\u00adma\u00adtio\u00adnen&nbsp;\u00fcber:<\/p>\n<p>Ein Expos\u00e9 \u2013 auch<a data-lt-tmp-id=\"lt-372067\" href=\"https:\/\/www.kern-unternehmensnachfolge.com\/pl\/memorandum-informacyjne\/\" spellcheck=\"false\" target=\"_blank\" style=\"outline: currentcolor;\" rel=\"noopener\">&nbsp;Memoran\u00addum infor\u00adma\u00adcy\u00adj\u00adne<\/a>&nbsp;genannt \u2013 ist ein wichti\u00adges Dokument, um alle&nbsp;<strong>f\u00fcr die Erstein\u00adsch\u00e4t\u00adzung durch einen Kaufin\u00adter\u00ades\u00adsen\u00adten wichti\u00adgen Infor\u00adma\u00adtio\u00adnen<\/strong>&nbsp;\u00fcber Ihr Unter\u00adneh\u00admen in einem attrak\u00adti\u00adven Rahmen darzu\u00adstel\u00adlen. Neben Infor\u00adma\u00adtio\u00adnen zum Gesch\u00e4fts\u00admo\u00addell und Produk\u00adten bzw. Dienst\u00adleis\u00adtun\u00adgen finden sich ebenso&nbsp;<strong>Infor\u00adma\u00adtio\u00adnen zur Histo\u00adrie, zu Mitar\u00adbei\u00adtern, zur Organi\u00adsa\u00adti\u00adon sowie selbst\u00adver\u00adst\u00e4nd\u00adlich zu den Finanzen.<\/strong><\/p>\n<h2 style><span style=\"font-weight: normal;\">Proce\u00addu\u00adra sprze\u00adda\u017cy sp\u00f3\u0142ki<\/span><\/h2>\n<p dir=\"ltr\" style>Der Verkauf eines Unter\u00adneh\u00admens kann ein komple\u00adxer und langwie\u00adri\u00adger Prozess sein, der viele Schrit\u00adte umfasst. Lesen Sie hier einen kurzen \u00dcberblick \u00fcber den Prozess:<\/p>\n<p><span><img decoding=\"async\" alt=\"Przegl\u0105d procesu sprzeda\u017cy sp\u00f3\u0142ki\" data-id=\"25512\" data-init-width=\"1024\" data-init-height=\"768\" title=\"Przegl\u0105d procedury Sprzeda\u017c firmy-1\" loading=\"lazy\" src=\"https:\/\/www.kern-unternehmensnachfolge.com\/wp-content\/uploads\/2022\/12\/Uebersicht-Ablauf-Firmenverkauf-1.png\" data-width=\"457\" width=\"457\" height=\"768\" style=\"aspect-ratio: auto 1024 \/ 768;\"><\/span>Krok 1<\/p>\n<h3 id=\"t-1657100931441\">Przygo\u00adto\u00adwa\u00adnie do sprzeda\u017cy<\/h3>\n<p dir=\"ltr\">Pierws\u00adzym krokiem w proce\u00adsie sprze\u00adda\u017cy sp\u00f3\u0142ki jest <strong>Przygo\u00adto\u00adwa\u00adnie do sprze\u00adda\u017cy<\/strong>. Dazu geh\u00f6ren etwa die Unter\u00adneh\u00admens\u00adbe\u00adwer\u00adtung und die Festle\u00adgung einer angemes\u00adse\u00adnen Preis\u00advor\u00adstel\u00adlung. Auch das Unter\u00adneh\u00admens-Expos\u00e9 f\u00e4llt in diese Phase. Die wichtigs\u00adte Frage: Was wollen Sie wie und wann verkaufen?<\/p>\n<p>Krok 2<\/p>\n<h3 id=\"t-1657100931442\">Znajd\u017a nabyw\u00adc\u00f3w<\/h3>\n<p dir=\"ltr\">Sobald das Unter\u00adneh\u00admen zum Verkauf bereit ist, besteht der n\u00e4chs\u00adte Schritt darin, einen K\u00e4ufer zu finden. Dies kann \u00fcber eine <strong>M<span class=\"amp\">&amp;<\/span>A Beratung, eine Online Unter\u00adneh\u00admens\u00adb\u00f6r\u00adse oder durch langwie\u00adri\u00adge Empfeh\u00adlun\u00adgen<\/strong> zdarzy\u0107.<\/p>\n<p>Krok 3<\/p>\n<h3 id=\"t-1657100931445\">Okre\u015b\u00adle\u00adnie szcze\u00adg\u00f3\u0142\u00f3w sprzeda\u017cy<\/h3>\n<p dir=\"ltr\">Ist ein K\u00e4ufer gefun\u00adden, arbei\u00adten Verk\u00e4u\u00adfer und K\u00e4ufer an den Details des Verkaufs, einschlie\u00df\u00adlich der <strong>Negoc\u00adjo\u00adwa\u00adnie ceny zakupu, uzgad\u00adnia\u00adnie warun\u00adk\u00f3w p\u0142atno\u015bci i wa\u017cne <\/strong><a href=\"https:\/\/www.kern-unternehmensnachfolge.com\/pl\/nalezyta-starannosc\/\" target=\"_blank\" style=\"outline: currentcolor;\" rel=\"noopener\"><strong>Due Diligence<\/strong><\/a><strong> Pr\u00fcfung.<\/strong><\/p>\n\n<p>Krok 4<\/p>\n<h3 id=\"t-1657100931446\">Sporz\u0105d\u00adze\u00adnie umowy zakupu<\/h3>\n<p dir=\"ltr\">Sobald der Verkauf verein\u00adbart ist, m\u00fcssen der K\u00e4ufer und der Verk\u00e4u\u00adfer einen Kaufver\u00adtrag aufset\u00adzen. Dieser sollte Einzel\u00adhei\u00adten \u00fcber den Preis, die <strong>Warun\u00adki p\u0142atno\u015bci, gwaran\u00adc\u00adje i inne wa\u017cne infor\u00admac\u00adje<\/strong> zawiera\u0107.<\/p>\n<p>Krok 5<\/p>\n<h3 id=\"t-1657100931447\">\u00dcbertra\u00adgung des Eigentums<\/h3>\n<p dir=\"ltr\">Der letzte Schritt des Prozes\u00adses ist der Abschluss des Verkaufs. Dazu geh\u00f6rt die <strong>\u00dcbertra\u00adgung des Eigen\u00adtums<\/strong> an dem Unter\u00adneh\u00admen und seinen Verm\u00f6\u00adgens\u00adwer\u00adten auf den K\u00e4ufer, die Zahlung des Kaufprei\u00ades sowie aller <strong>Warun\u00adki zwi\u0105za\u00adne z zakupem<\/strong> i <strong>Regis\u00adtrie\u00adrung der neuen Gesellschafter\/Eigent\u00fcmer<\/strong> bei der zust\u00e4n\u00addi\u00adgen Beh\u00f6rde.<\/p>\n<h2>Diese 5 K\u00e4ufer\u00adty\u00adpen gibt es in der Unternehmensnachfolge<\/h2>\n<h4 style=\"text-align: center;\">Wenn Sie mehr \u00fcber den Kaufpro\u00adzess erfah\u00adren m\u00f6chten, empfeh\u00adlen wir Ihnen unser Webinar:<\/h4>\n<p><span><a href=\"https:\/\/www.kern-unternehmensnachfolge.com\/pl\/partner\/\"><img decoding=\"async\" alt data-id=\"29328\" data-init-width=\"1000\" data-init-height=\"562\" title=\"core-webinar-company-sale\" loading=\"lazy\" src=\"https:\/\/www.kern-unternehmensnachfolge.com\/wp-content\/uploads\/2023\/11\/kern-webinar-unternehmensverkauf.jpg\" data-width=\"455\" data-height=\"256\" width=\"455\" height=\"256\" data-link-wrap=\"true\" style=\"aspect-ratio: auto 1000 \/ 562;\"><\/a><\/span><\/p>\n<h2><span style=\"font-weight: normal;\"><span>Erst die Vertrau\u00adlich\u00adkeits\u00ader\u00adkl\u00e4\u00adrung, dann das Expos\u00e9<\/span><\/span><\/h2>\n<p style>Das Expos\u00e9 wird ausge\u00adw\u00e4hl\u00adten und vorge\u00adpr\u00fcf\u00adten Inter\u00ades\u00adsen\u00adten <strong>erst nach Unter\u00adzeich\u00adnung einer Vertrau\u00adlich\u00adkeits\u00ader\u00adkl\u00e4\u00adrung (<span class=\"caps\">NDA<\/span>)<\/strong> zur Verf\u00fc\u00adgung gestellt. Sie als Verk\u00e4u\u00adfer entschei\u00adden immer im Einzel\u00adfall, wer Ihr Expos\u00e9 einse\u00adhen darf. Vorab wird zum Expos\u00e9 au\u00dfer\u00addem ein anony\u00admes Kurzpro\u00adfil des Unter\u00adneh\u00admens erstellt. Es dient der unmit\u00adtel\u00adba\u00adren Erstan\u00adspra\u00adche von Inter\u00ades\u00adsen\u00adten und sch\u00fctzt vor einer Identi\u00adfi\u00adzie\u00adrung Ihrer Firma durch m\u00f6gli\u00adche K\u00e4ufer. &nbsp;Durch diese Vorge\u00adhens\u00adwei\u00adse ist die <strong>Geheim\u00adhal\u00adtung vertrau\u00adli\u00adcher Infor\u00adma\u00adtio\u00adnen soweit wie m\u00f6glich sichergestellt.<\/strong><\/p>\n<h3 style=\"text-align: left;\"><span style=\"font-weight: normal;\">Defini\u00adti\u00adon Expos\u00e9 f\u00fcr Firmenverkauf<\/span><\/h3>\n<p dir=\"ltr\">Ein Expos\u00e9 \u2013 auch<a data-lt-tmp-id=\"lt-372067\" href=\"https:\/\/www.kern-unternehmensnachfolge.com\/pl\/memorandum-informacyjne\/\" spellcheck=\"false\" style=\"outline: none;\" target=\"_blank\" rel=\"noopener\"> Memoran\u00addum infor\u00adma\u00adcy\u00adj\u00adne<\/a> genannt \u2013 ist ein wichti\u00adges Dokument, um alle <strong>f\u00fcr die Erstein\u00adsch\u00e4t\u00adzung durch einen Kaufin\u00adter\u00ades\u00adsen\u00adten wichti\u00adgen Infor\u00adma\u00adtio\u00adnen<\/strong> \u00fcber Ihr Unter\u00adneh\u00admen in einem attrak\u00adti\u00adven Rahmen darzu\u00adstel\u00adlen. Neben Infor\u00adma\u00adtio\u00adnen zum Gesch\u00e4fts\u00admo\u00addell und Produk\u00adten bzw. Dienst\u00adleis\u00adtun\u00adgen finden sich ebenso <strong>Infor\u00adma\u00adtio\u00adnen zur Histo\u00adrie, zu Mitar\u00adbei\u00adtern, zur Organi\u00adsa\u00adti\u00adon sowie selbst\u00adver\u00adst\u00e4nd\u00adlich zu den Finanzen.<\/strong><\/p>\n<ul>\n<li><span>histo\u00adria&nbsp;firmy<\/span><\/li>\n<li><span>die Aktivi\u00adt\u00e4\u00adten und Angebo\u00adte des Unternehmens<\/span><\/li>\n<li><span>einen umfas\u00adsen\u00adden \u00dcberblick \u00fcber die Jahres\u00adab\u00adschl\u00fcs\u00adse der Vergangenheit<\/span><\/li>\n<li><span>anali\u00adza otocze\u00adnia konkurencyjnego<\/span><\/li>\n<li><span>ocena ryzyka ponos\u00adzo\u00adn\u00adego przez sp\u00f3\u0142k\u0119<\/span><\/li>\n<li><span>Infor\u00adma\u00adtio\u00adnen \u00fcber das Manage\u00adment des Unternehmens<\/span><\/li>\n<\/ul>\n<p><span><img decoding=\"async\" alt=\"Lista tre\u015bci ujawnionych przez firm\u0119\" data-id=\"25511\" data-init-width=\"1024\" data-init-height=\"768\" title=\"Lista firm Expose zawarto\u015b\u0107 (1)-1\" loading=\"lazy\" src=\"https:\/\/www.kern-unternehmensnachfolge.com\/wp-content\/uploads\/2022\/12\/Liste-der-Firmen-Expose-Inhalte-1-1.png\" data-width=\"457\" width=\"457\" height=\"768\" style=\"aspect-ratio: auto 1024 \/ 768;\"><\/span><\/p>\n<h2 id=\"t-1657100931454\">Wozu dient ein Firmen Expos\u00e9?<\/h2>\n<p dir=\"ltr\">Das Expos\u00e9 zum Unter\u00adnehmens\u00adverkauf sollte ein vollst\u00e4n\u00addi\u00adges und gr\u00fcnd\u00adli\u00adches Dokument sein. Es sollte poten\u00adzi\u00adel\u00adlen K\u00e4ufern oder Inves\u00adto\u00adren alle Infor\u00adma\u00adtio\u00adnen liefern, die sie ben\u00f6ti\u00adgen, um eine fundier\u00adte Entschei\u00addung zu treffen.<\/p>\n<h3 dir=\"ltr\">Verkauf vorbe\u00adrei\u00adten mit dem Expos\u00e9<\/h3>\n<p dir=\"ltr\">Die Vorbe\u00adrei\u00adtung eines Unter\u00adneh\u00admens\u00adver\u00adkaufs ist ein komple\u00adxer Prozess, der eine sorgf\u00e4l\u00adti\u00adge Planung erfor\u00addert, um den Erfolg zu maximie\u00adren. Um ein erfolg\u00adrei\u00adches Ergeb\u00adnis zu gew\u00e4hr\u00adleis\u00adten, ist es wichtig, ein gut ausge\u00adar\u00adbei\u00adte\u00adtes Expos\u00e9 zum Unter\u00adnehmens\u00adverkauf zu erstellen.<\/p>\n<p dir=\"ltr\">Bei der Erstel\u00adlung eines Expos\u00e9s zum <a href=\"https:\/\/www.kern-unternehmensnachfolge.com\/pl\/sprzedaz-firmy-5\/\" style=\"outline: none;\" target=\"_blank\" rel=\"noopener\">Sprze\u00adda\u017c firmy<\/a> ist es wichtig, die Zielgrup\u00adpe zu ber\u00fcck\u00adsich\u00adti\u00adgen. Inves\u00adto\u00adren und poten\u00adzi\u00adel\u00adle K\u00e4ufer m\u00fcssen die St\u00e4rken und Schw\u00e4\u00adchen des Unter\u00adneh\u00admens verste\u00adhen, daher ist es wichtig, diese auf organi\u00adsier\u00adte und profes\u00adsio\u00adnel\u00adle Weise zu erl\u00e4utern.<\/p>\n<p dir=\"ltr\">F\u00fcr K\u00e4ufer: Ein infor\u00adma\u00adti\u00adves Unter\u00adneh\u00admens-Expos\u00e9 erhal\u00adten Sie, nachdem Sie ein inter\u00ades\u00adsan\u00adtes Objekt gefun\u00adden haben. Tragen Sie sich gerne hier mit Ihrem Suchpro\u00adfil ein und finden Sie Ihr Wunsch\u00adpro\u00adjekt im Unternehmenskauf:<\/p>\n<p dir=\"ltr\" style=\"text-align: center;\">Wenn Sie als <span class=\"caps\">MBI<\/span>, als strate\u00adgi\u00adscher Inves\u00adtor oder Finanz\u00adin\u00adves\u00adtor, ein Unter\u00adneh\u00admen kaufen wollen oder eine Betei\u00adli\u00adgung erwer\u00adben m\u00f6chten, erhal\u00adten Sie hier umgehend einen direk\u00adten Zugang zur kosten\u00adfrei\u00aden Erfas\u00adsung Ihres Suchprofils.&nbsp;<\/p>\n<h3 dir=\"ltr\">Badanie i prezent\u00adac\u00adja odpowied\u00adnich danych<\/h3>\n<p dir=\"ltr\">Die Botschaft des Expos\u00e9s sollte auf das Zielpu\u00adbli\u00adkum zugeschnit\u00adten sein und die Vortei\u00adle des Unter\u00adneh\u00admens klar erl\u00e4u\u00adtern,&nbsp;etwa:<\/p>\n<ul>\n<li dir=\"ltr\">\n<p dir=\"ltr\">Eine detail\u00adlier\u00adte Beschrei\u00adbung des Unter\u00adneh\u00admens, einschlie\u00df\u00adlich seiner St\u00e4rken und Schw\u00e4chen<\/p>\n<\/li>\n<li dir=\"ltr\">\n<p dir=\"ltr\">Einen \u00dcberblick \u00fcber die aktuel\u00adle Leistung des Gesch\u00e4fts\u00admo\u00addells des Unternehmens<\/p>\n<\/li>\n<li dir=\"ltr\">\n<p dir=\"ltr\">Anali\u00adza rynku w celu ziden\u00adty\u00adfi\u00adkowa\u00adnia poten\u00adc\u00adjal\u00adnych szans i zagro\u017ce\u0144<\/p>\n<\/li>\n<li dir=\"ltr\">\n<p dir=\"ltr\">Anali\u00adza konku\u00adren\u00adc\u00adji w celu ziden\u00adty\u00adfi\u00adkowa\u00adnia poten\u00adc\u00adjal\u00adnych zagro\u017ce\u0144 i przewag<\/p>\n<\/li>\n<li dir=\"ltr\">\n<p dir=\"ltr\">Anali\u00adza bazy klien\u00adt\u00f3w&nbsp;firmy<\/p>\n<\/li>\n<li dir=\"ltr\">\n<p dir=\"ltr\">Vorschl\u00e4\u00adge zur Entwick\u00adlung des aktuel\u00adlen Gesch\u00e4fts\u00admo\u00addells des Unternehmens<\/p>\n<\/li>\n<\/ul>\n<h3 dir=\"ltr\">Anali\u00adza i prezent\u00adac\u00adja danych ekonomicznych<\/h3>\n<p dir=\"ltr\">Das Unter\u00adneh\u00admens-Expos\u00e9 sollte nicht nur einen allge\u00admei\u00adnen \u00dcberblick \u00fcber das Unter\u00adneh\u00admen geben, sondern auch Einzel\u00adhei\u00adten zu den Finanz\u00adda\u00adten des Unter\u00adneh\u00admens enthal\u00adten. Dazu geh\u00f6ren eine Bilanz, eine <a href=\"https:\/\/www.sumup.com\/de-de\/rechnungen\/lexikon\/gewinn-und-verlustrechnung-guv\/\" target=\"_blank\" rel=\"noopener\">Rachunek zysk\u00f3w i strat<\/a>, eine Cashflow-Rechnung und alle anderen Finanz\u00adin\u00adfor\u00adma\u00adtio\u00adnen, die f\u00fcr poten\u00adzi\u00adel\u00adle K\u00e4ufer n\u00fctzlich sein k\u00f6nnten. H\u00e4ufig in einer gek\u00fcrz\u00adten \u00dcbersicht der letzten Jahre.<\/p>\n<p>Wichtig ist auch eine Auflis\u00adtung der Aktiva und Passi\u00adva des Unter\u00adneh\u00admens, einschlie\u00df\u00adlich etwaiger Schul\u00adden und dem Eigenkapital.<\/p>\n<h2 style>Firmen\u00adver\u00adkauf Expos\u00e9: Ein wichti\u00adger Baustein zur Weckung des Interesses<\/h2>\n<p dir=\"ltr\">Ein gutes, aussa\u00adge\u00adf\u00e4\u00adhi\u00adges Expos\u00e9 ist ein wichti\u00adger Baustein zur Anspra\u00adche von Inter\u00ades\u00adsen\u00adten und hilft gleich\u00adzei\u00adtig das Inter\u00ades\u00adse an Ihrem Unter\u00adneh\u00admen zu wecken. Wie kann ich einen Kaufin\u00adter\u00ades\u00adsen\u00adten f\u00fcr mein Unter\u00adneh\u00admen begeis\u00adtern? Was zeich\u00adnet<a href=\"https:\/\/www.kern-unternehmensnachfolge.com\/pl\/jak-najlepiej-sprzedac-mojej-firmie-kurs\/\" style=\"outline: none;\"> moja firma<\/a> aus und was macht sie attrak\u00adtiv? Diese Punkte gilt es sauber heraus\u00adzu\u00adar\u00adbei\u00adten und sorgf\u00e4l\u00adtig zu dokumen\u00adtie\u00adren. Dazu z\u00e4hlen auch profes\u00adsio\u00adnel\u00adle Fotos, beispiels\u00adwei\u00adse von den Produk\u00adten oder dem Firmengeb\u00e4ude.<\/p>\n<h3><span style=\"font-weight: normal;\">Raport z do\u015bwiad\u00adc\u00adze\u0144 zwi\u0105zanych ze sprze\u00adda\u017c\u0105&nbsp;firmy<\/span><\/h3>\n<h4 style=\"text-align: center;\"><span style=\"font-weight: normal;\">Czy masz poufne pytania?<\/span><\/h4>\n<p><span><img decoding=\"async\" alt=\"Portret u\u015bmiechni\u0119tego za\u0142o\u017cyciela i specjalisty KERN Nilsa Koerbera\" data-id=\"3032\" width=\"100\" data-init-width=\"299\" height=\"100\" data-init-height=\"299\" title=\"nils-koerber-author\" loading=\"lazy\" src=\"https:\/\/www.kern-unternehmensnachfolge.com\/wp-content\/uploads\/2018\/08\/nils-koerber-autor.jpg\" data-width=\"100\" data-height=\"100\" style=\"aspect-ratio: auto 299 \/ 299;\"><\/span><\/p>\n<p dir=\"ltr\" style=\"text-align: center;\">Zarezer\u00adwuj wybran\u0105 dat\u0119 bezpo\u015b\u00adred\u00adnio online!<\/p>\n<p dir=\"ltr\" style=\"text-align: center;\">Nie mog\u0119 si\u0119 docze\u00adka\u0107, aby ci\u0119 pozna\u0107.<\/p>\n<p dir=\"ltr\" style=\"text-align: center;\">Nils Koerber<\/p>\n<p><span><a href=\"https:\/\/www.kern-unternehmensnachfolge.com\/pl\/partner\/\"><img decoding=\"async\" alt data-id=\"28462\" data-init-width=\"1224\" data-init-height=\"868\" title=\"KERN Mapa Europy 06.23 pasywna du\u017ca\" loading=\"lazy\" src=\"https:\/\/www.kern-unternehmensnachfolge.com\/wp-content\/uploads\/2023\/07\/KERN-Landkarte-Europa-06.23-passiv-Gross.jpeg\" data-width=\"531\" data-height=\"376\" width=\"531\" height=\"376\" data-link-wrap=\"true\" style=\"aspect-ratio: auto 1224 \/ 868;\"><\/a><\/span><\/p>","protected":false},"excerpt":{"rendered":"<p>Firmen Expos\u00e9 Ein Expos\u00e9 zum Verkauf eines Unternehmens enth\u00e4lt je nach Branche und Schwerpunkten Informationen \u00fcber: Ein Expos\u00e9 \u2013 auch&nbsp;Information [&hellip;]<\/p>\n","protected":false},"author":1,"featured_media":0,"parent":0,"menu_order":0,"comment_status":"closed","ping_status":"closed","template":"","meta":{"wp_typography_post_enhancements_disabled":false,"_kad_blocks_custom_css":"","_kad_blocks_head_custom_js":"","_kad_blocks_body_custom_js":"","_kad_blocks_footer_custom_js":"","site-sidebar-layout":"no-sidebar","site-content-layout":"page-builder","ast-site-content-layout":"default","site-content-style":"default","site-sidebar-style":"default","ast-global-header-display":"","ast-banner-title-visibility":"","ast-main-header-display":"","ast-hfb-above-header-display":"","ast-hfb-below-header-display":"","ast-hfb-mobile-header-display":"","site-post-title":"disabled","ast-breadcrumbs-content":"","ast-featured-img":"disabled","footer-sml-layout":"","ast-disable-related-posts":"","theme-transparent-header-meta":"default","adv-header-id-meta":"","stick-header-meta":"default","header-above-stick-meta":"","header-main-stick-meta":"","header-below-stick-meta":"","astra-migrate-meta-layouts":"default","ast-page-background-enabled":"default","ast-page-background-meta":{"desktop":{"background-color":"","background-image":"","background-repeat":"repeat","background-position":"center center","background-size":"auto","background-attachment":"scroll","background-type":"","background-media":"","overlay-type":"","overlay-color":"","overlay-opacity":"","overlay-gradient":""},"tablet":{"background-color":"","background-image":"","background-repeat":"repeat","background-position":"center center","background-size":"auto","background-attachment":"scroll","background-type":"","background-media":"","overlay-type":"","overlay-color":"","overlay-opacity":"","overlay-gradient":""},"mobile":{"background-color":"","background-image":"","background-repeat":"repeat","background-position":"center center","background-size":"auto","background-attachment":"scroll","background-type":"","background-media":"","overlay-type":"","overlay-color":"","overlay-opacity":"","overlay-gradient":""}},"ast-content-background-meta":{"desktop":{"background-color":"var(--ast-global-color-5)","background-image":"","background-repeat":"repeat","background-position":"center center","background-size":"auto","background-attachment":"scroll","background-type":"","background-media":"","overlay-type":"","overlay-color":"","overlay-opacity":"","overlay-gradient":""},"tablet":{"background-color":"var(--ast-global-color-5)","background-image":"","background-repeat":"repeat","background-position":"center center","background-size":"auto","background-attachment":"scroll","background-type":"","background-media":"","overlay-type":"","overlay-color":"","overlay-opacity":"","overlay-gradient":""},"mobile":{"background-color":"var(--ast-global-color-5)","background-image":"","background-repeat":"repeat","background-position":"center center","background-size":"auto","background-attachment":"scroll","background-type":"","background-media":"","overlay-type":"","overlay-color":"","overlay-opacity":"","overlay-gradient":""}},"iawp_total_views":58,"footnotes":""},"class_list":["post-1881","page","type-page","status-publish","hentry"],"taxonomy_info":[],"featured_image_src_large":false,"author_info":{"display_name":"filialleiter","author_link":"https:\/\/www.kern-unternehmensnachfolge.com\/pl\/author\/filialleiter\/"},"comment_info":0,"_links":{"self":[{"href":"https:\/\/www.kern-unternehmensnachfolge.com\/pl\/wp-json\/wp\/v2\/pages\/1881","targetHints":{"allow":["GET"]}}],"collection":[{"href":"https:\/\/www.kern-unternehmensnachfolge.com\/pl\/wp-json\/wp\/v2\/pages"}],"about":[{"href":"https:\/\/www.kern-unternehmensnachfolge.com\/pl\/wp-json\/wp\/v2\/types\/page"}],"author":[{"embeddable":true,"href":"https:\/\/www.kern-unternehmensnachfolge.com\/pl\/wp-json\/wp\/v2\/users\/1"}],"replies":[{"embeddable":true,"href":"https:\/\/www.kern-unternehmensnachfolge.com\/pl\/wp-json\/wp\/v2\/comments?post=1881"}],"version-history":[{"count":0,"href":"https:\/\/www.kern-unternehmensnachfolge.com\/pl\/wp-json\/wp\/v2\/pages\/1881\/revisions"}],"wp:attachment":[{"href":"https:\/\/www.kern-unternehmensnachfolge.com\/pl\/wp-json\/wp\/v2\/media?parent=1881"}],"curies":[{"name":"wp","href":"https:\/\/api.w.org\/{rel}","templated":true}]}}