{"id":10075,"date":"2020-06-12T19:55:51","date_gmt":"2020-06-12T17:55:51","guid":{"rendered":"https:\/\/great-kare.185-125-174-66.plesk.page\/?page_id=10075"},"modified":"2026-02-27T21:49:59","modified_gmt":"2026-02-27T20:49:59","slug":"opinie-klientow","status":"publish","type":"page","link":"https:\/\/www.kern-unternehmensnachfolge.com\/pl\/kundenstimmen\/","title":{"rendered":"Opinie klien\u00adt\u00f3w"},"content":{"rendered":"<h1>Das sagen Kunden und Gesch\u00e4fts\u00adpart\u00adner \u00fcber&nbsp;uns<\/h1>\n<h4 style=\"text-align: left;\"><a href=\"https:\/\/www.provenexpert.com\/kern-zukunft-fuer-lebenswerke\/\" style=\"outline: none;\" target=\"_blank\" rel=\"noopener\">\u2605\u2605\u2605\u2605\u2605 &nbsp;5.0 Sterne aus Kunden\u00adbe\u00adwer\u00adtun\u00adgen auf Proven\u00adex\u00adpert<\/a>&nbsp;<\/h4>\n<p><span><a href=\"https:\/\/www.kern-unternehmensnachfolge.com\/pl\/gwarancja-sukcesu\/\" rel target=\"_blank\"><img decoding=\"async\" alt data-id=\"31496\" width=\"177\" data-init-width=\"481\" height=\"171\" data-init-height=\"464\" title=\"KERN_Erfolgsgarantie_RGB_weiss_08.24\" src=\"https:\/\/www.kern-unternehmensnachfolge.com\/wp-content\/uploads\/2024\/08\/KERN_Erfolgsgarantie_RGB_weiss_08.24.png\" data-width=\"177\" data-link-wrap=\"true\" style=\"aspect-ratio: auto 481 \/ 464;\" data-height=\"171\" loading=\"lazy\"><\/a><\/span><span><img decoding=\"async\" alt data-id=\"27651\" width=\"70\" data-init-width=\"512\" height=\"70\" data-init-height=\"512\" title=\"circled-play\" src=\"https:\/\/www.kern-unternehmensnachfolge.com\/wp-content\/uploads\/2023\/07\/circled-play.png\" data-width=\"70\" data-height=\"70\" style=\"aspect-ratio: auto 512 \/ 512;\" loading=\"lazy\"><\/span>     <!-- Original logos -->  <a href=\"#lightbox-1\" data-lightbox=\"lightbox-1\" data-img=\"https:\/\/www.kern-unternehmensnachfolge.com\/wp-content\/uploads\/2025\/03\/UDZ-Siegel_Nils-Koerber.webp\" target=\"_blank\"> <img decoding=\"async\" src=\"https:\/\/www.kern-unternehmensnachfolge.com\/wp-content\/uploads\/2025\/03\/UDZ-Siegel_Nils-Koerber.webp\" alt=\"UDZ Seal Nils K\u00f6rber\"> <\/a>   <a href=\"#lightbox-2\" data-lightbox=\"lightbox-2\" data-img=\"https:\/\/www.kern-unternehmensnachfolge.com\/wp-content\/uploads\/2024\/05\/german-customer-arwards2024-150x150.jpeg\" target=\"_blank\"> <img decoding=\"async\" src=\"https:\/\/www.kern-unternehmensnachfolge.com\/wp-content\/uploads\/2024\/05\/german-customer-arwards2024-150x150.jpeg\" alt=\"Niemieckie nagrody dla klient\u00f3w 2024\"> <\/a>   <a href=\"https:\/\/www.provenexpert.com\/kern-zukunft-fuer-lebenswerke\/\" target=\"_blank\" rel=\"noopener\"> <img decoding=\"async\" src=\"https:\/\/www.kern-unternehmensnachfolge.com\/wp-content\/uploads\/2025\/10\/Proven-Expert-Von-Kunden-Empfohlen-2025.webp\" alt=\"Proven Expert - Von Kunden Empfohlen 2025\"> <\/a>   <a href=\"https:\/\/die-deutsche-wirtschaft.de\/top-mittelstand-deutschland-kern-zukunft-fuer-lebenswerke\/\" target=\"_blank\" rel=\"noopener\"> <img decoding=\"async\" src=\"https:\/\/www.kern-unternehmensnachfolge.com\/wp-content\/uploads\/2025\/08\/Top-Branche-Siegel-KERN.webp\" alt=\"TOP mittelst\u00e4ndisches Unternehmen\"> <\/a>   <a href=\"https:\/\/die-deutsche-wirtschaft.de\/exzellenzberater\/kern-unternehmensnachfolge-erfolgreicher\/\" target=\"_blank\" rel=\"noopener\"> <img decoding=\"async\" src=\"https:\/\/www.kern-unternehmensnachfolge.com\/wp-content\/uploads\/2025\/03\/Exzellenzberater-Deutscher-Mittelstand-2023.webp\" alt=\"Excellence Advisor 2023\"> <\/a>   <a href=\"https:\/\/die-deutsche-wirtschaft.de\/exzellenzberater\/kern-unternehmensnachfolge-erfolgreicher\/\" target=\"_blank\" rel=\"noopener\"> <img decoding=\"async\" src=\"https:\/\/www.kern-unternehmensnachfolge.com\/wp-content\/uploads\/2025\/03\/Exzellenzberater-Deutscher-Mittelstand-2024.webp\" alt=\"Excellence Advisor 2024\"> <\/a>   <a href=\"#lightbox-6\" data-lightbox=\"lightbox-6\" data-img=\"https:\/\/www.kern-unternehmensnachfolge.com\/wp-content\/uploads\/2025\/09\/Exzellenter-Nachfolgeberater-Award-2025.webp\" target=\"_blank\"> <img decoding=\"async\" src=\"https:\/\/www.kern-unternehmensnachfolge.com\/wp-content\/uploads\/2025\/09\/Exzellenter-Nachfolgeberater-Award-2025.webp\" alt=\"Exzellenter Nachfolgeberater Award 2025\"> <\/a>   <a href=\"https:\/\/vimeo.com\/775891851\" target=\"_blank\" rel=\"noopener\"> <img decoding=\"async\" src=\"https:\/\/www.kern-unternehmensnachfolge.com\/wp-content\/uploads\/2023\/07\/kern-german-brand-award-2021-132x300.jpeg\" alt=\"Nagroda German Brand Award 2021\"> <\/a>   <a href=\"https:\/\/vimeo.com\/787837024\" target=\"_blank\" rel=\"noopener\"> <img decoding=\"async\" src=\"https:\/\/www.kern-unternehmensnachfolge.com\/wp-content\/uploads\/2025\/03\/Innovator-des-Jahres-2021.webp\" alt=\"Innovator 2021\"> <\/a>   <a href=\"#lightbox-3\" data-lightbox=\"lightbox-3\" data-img=\"https:\/\/www.kern-unternehmensnachfolge.com\/wp-content\/uploads\/2023\/06\/TC_19_Member_Strich-211x300.jpg\" target=\"_blank\"> <img decoding=\"async\" src=\"https:\/\/www.kern-unternehmensnachfolge.com\/wp-content\/uploads\/2023\/06\/TC_19_Member_Strich-211x300.jpg\" alt=\"Cz\u0142onek TC 19\"> <\/a>   <a href=\"https:\/\/vimeo.com\/775920300\" target=\"_blank\" rel=\"noopener\"> <img decoding=\"async\" src=\"https:\/\/www.kern-unternehmensnachfolge.com\/wp-content\/uploads\/2023\/06\/TC_20_Member_Strich-210x300.jpg\" alt=\"Cz\u0142onek TC 20\"> <\/a>   <a href=\"https:\/\/www.top-consultant.de\/kern-unternehmensnachfolge-erfolgreicher-2023\/\" target=\"_blank\" rel=\"noopener\"> <img decoding=\"async\" src=\"https:\/\/www.kern-unternehmensnachfolge.com\/wp-content\/uploads\/2023\/06\/tc_23_member_strich-210x300.jpg\" alt=\"Cz\u0142onek TC 23\"> <\/a>   <a href=\"#lightbox-4\" data-lightbox=\"lightbox-4\" data-img=\"https:\/\/www.kern-unternehmensnachfolge.com\/wp-content\/uploads\/2025\/04\/SZ-Institut-Beste-Berater-Mittelstand.webp\" target=\"_blank\"> <img decoding=\"async\" src=\"https:\/\/www.kern-unternehmensnachfolge.com\/wp-content\/uploads\/2025\/04\/SZ-Institut-Beste-Berater-Mittelstand.webp\" alt=\"SZ Beste Berater Mittelstand\"> <\/a>   <a href=\"#lightbox-5\" data-lightbox=\"lightbox-5\" data-img=\"https:\/\/www.kern-unternehmensnachfolge.com\/wp-content\/uploads\/2025\/06\/WirtschaftsWoche-Beste-Berater-Mittelstand.webp\" target=\"_blank\"> <img decoding=\"async\" src=\"https:\/\/www.kern-unternehmensnachfolge.com\/wp-content\/uploads\/2025\/06\/WirtschaftsWoche-Beste-Berater-Mittelstand.webp\" alt=\"WirtschaftsWoche Beste Berater Mittelstand\"> <\/a>  <!-- Duplicate logos for seamless loop -->  <a href=\"#lightbox-1\" data-lightbox=\"lightbox-1\" data-img=\"https:\/\/www.kern-unternehmensnachfolge.com\/wp-content\/uploads\/2025\/03\/UDZ-Siegel_Nils-Koerber.webp\" target=\"_blank\"> <img decoding=\"async\" src=\"https:\/\/www.kern-unternehmensnachfolge.com\/wp-content\/uploads\/2025\/03\/UDZ-Siegel_Nils-Koerber.webp\" alt=\"UDZ Seal Nils K\u00f6rber\"> <\/a>   <a href=\"#lightbox-2\" data-lightbox=\"lightbox-2\" data-img=\"https:\/\/www.kern-unternehmensnachfolge.com\/wp-content\/uploads\/2024\/05\/german-customer-arwards2024-150x150.jpeg\" target=\"_blank\"> <img decoding=\"async\" src=\"https:\/\/www.kern-unternehmensnachfolge.com\/wp-content\/uploads\/2024\/05\/german-customer-arwards2024-150x150.jpeg\" alt=\"Niemieckie nagrody dla klient\u00f3w 2024\"> <\/a>   <a href=\"https:\/\/www.provenexpert.com\/kern-zukunft-fuer-lebenswerke\/\" target=\"_blank\" rel=\"noopener\"> <img decoding=\"async\" src=\"https:\/\/www.kern-unternehmensnachfolge.com\/wp-content\/uploads\/2025\/10\/Proven-Expert-Von-Kunden-Empfohlen-2025.webp\" alt=\"Proven Expert - Von Kunden Empfohlen 2025\"> <\/a>   <a href=\"https:\/\/die-deutsche-wirtschaft.de\/top-mittelstand-deutschland-kern-zukunft-fuer-lebenswerke\/\" target=\"_blank\" rel=\"noopener\"> <img decoding=\"async\" src=\"https:\/\/www.kern-unternehmensnachfolge.com\/wp-content\/uploads\/2025\/08\/Top-Branche-Siegel-KERN.webp\" alt=\"TOP mittelst\u00e4ndisches Unternehmen\"> <\/a>   <a href=\"https:\/\/die-deutsche-wirtschaft.de\/exzellenzberater\/kern-unternehmensnachfolge-erfolgreicher\/\" target=\"_blank\" rel=\"noopener\"> <img decoding=\"async\" src=\"https:\/\/www.kern-unternehmensnachfolge.com\/wp-content\/uploads\/2025\/03\/Exzellenzberater-Deutscher-Mittelstand-2023.webp\" alt=\"Excellence Advisor 2023\"> <\/a>   <a href=\"https:\/\/die-deutsche-wirtschaft.de\/exzellenzberater\/kern-unternehmensnachfolge-erfolgreicher\/\" target=\"_blank\" rel=\"noopener\"> <img decoding=\"async\" src=\"https:\/\/www.kern-unternehmensnachfolge.com\/wp-content\/uploads\/2025\/03\/Exzellenzberater-Deutscher-Mittelstand-2024.webp\" alt=\"Excellence Advisor 2024\"> <\/a>   <a href=\"#lightbox-6\" data-lightbox=\"lightbox-6\" data-img=\"https:\/\/www.kern-unternehmensnachfolge.com\/wp-content\/uploads\/2025\/09\/Exzellenter-Nachfolgeberater-Award-2025.webp\" target=\"_blank\"> <img decoding=\"async\" src=\"https:\/\/www.kern-unternehmensnachfolge.com\/wp-content\/uploads\/2025\/09\/Exzellenter-Nachfolgeberater-Award-2025.webp\" alt=\"Exzellenter Nachfolgeberater Award 2025\"> <\/a>   <a href=\"https:\/\/vimeo.com\/775891851\" target=\"_blank\" rel=\"noopener\"> <img decoding=\"async\" src=\"https:\/\/www.kern-unternehmensnachfolge.com\/wp-content\/uploads\/2023\/07\/kern-german-brand-award-2021-132x300.jpeg\" alt=\"Nagroda German Brand Award 2021\"> <\/a>   <a href=\"https:\/\/vimeo.com\/787837024\" target=\"_blank\" rel=\"noopener\"> <img decoding=\"async\" src=\"https:\/\/www.kern-unternehmensnachfolge.com\/wp-content\/uploads\/2025\/03\/Innovator-des-Jahres-2021.webp\" alt=\"Innovator 2021\"> <\/a>   <a href=\"#lightbox-3\" data-lightbox=\"lightbox-3\" data-img=\"https:\/\/www.kern-unternehmensnachfolge.com\/wp-content\/uploads\/2023\/06\/TC_19_Member_Strich-211x300.jpg\" target=\"_blank\"> <img decoding=\"async\" src=\"https:\/\/www.kern-unternehmensnachfolge.com\/wp-content\/uploads\/2023\/06\/TC_19_Member_Strich-211x300.jpg\" alt=\"Cz\u0142onek TC 19\"> <\/a>   <a href=\"https:\/\/vimeo.com\/775920300\" target=\"_blank\" rel=\"noopener\"> <img decoding=\"async\" src=\"https:\/\/www.kern-unternehmensnachfolge.com\/wp-content\/uploads\/2023\/06\/TC_20_Member_Strich-210x300.jpg\" alt=\"Cz\u0142onek TC 20\"> <\/a>   <a href=\"https:\/\/www.top-consultant.de\/kern-unternehmensnachfolge-erfolgreicher-2023\/\" target=\"_blank\" rel=\"noopener\"> <img decoding=\"async\" src=\"https:\/\/www.kern-unternehmensnachfolge.com\/wp-content\/uploads\/2023\/06\/tc_23_member_strich-210x300.jpg\" alt=\"Cz\u0142onek TC 23\"> <\/a>   <a href=\"#lightbox-4\" data-lightbox=\"lightbox-4\" data-img=\"https:\/\/www.kern-unternehmensnachfolge.com\/wp-content\/uploads\/2025\/04\/SZ-Institut-Beste-Berater-Mittelstand.webp\" target=\"_blank\"> <img decoding=\"async\" src=\"https:\/\/www.kern-unternehmensnachfolge.com\/wp-content\/uploads\/2025\/04\/SZ-Institut-Beste-Berater-Mittelstand.webp\" alt=\"SZ Beste Berater Mittelstand\"> <\/a>   <a href=\"#lightbox-5\" data-lightbox=\"lightbox-5\" data-img=\"https:\/\/www.kern-unternehmensnachfolge.com\/wp-content\/uploads\/2025\/06\/WirtschaftsWoche-Beste-Berater-Mittelstand.webp\" target=\"_blank\"> <img decoding=\"async\" src=\"https:\/\/www.kern-unternehmensnachfolge.com\/wp-content\/uploads\/2025\/06\/WirtschaftsWoche-Beste-Berater-Mittelstand.webp\" alt=\"WirtschaftsWoche Beste Berater Mittelstand\"> <\/a>    <!-- Lightbox containers -->   <span>\u2715<\/span> <img decoding=\"async\" src=\"https:\/\/www.kern-unternehmensnachfolge.com\/wp-content\/uploads\/2025\/03\/UDZ-Siegel_Nils-Koerber.webp\" alt=\"UDZ Seal Nils K\u00f6rber\"> <span class=\"caps\">UDZ<\/span> Seal Nils K\u00f6rber     <span>\u2715<\/span> <img decoding=\"async\" src=\"https:\/\/www.kern-unternehmensnachfolge.com\/wp-content\/uploads\/2024\/05\/german-customer-arwards2024-150x150.jpeg\" alt=\"Niemieckie nagrody dla klient\u00f3w 2024\"> Niemieckie nagro\u00addy dla klien\u00adt\u00f3w 2024     <span>\u2715<\/span> <img decoding=\"async\" src=\"https:\/\/www.kern-unternehmensnachfolge.com\/wp-content\/uploads\/2023\/06\/TC_19_Member_Strich-211x300.jpg\" alt=\"Cz\u0142onek TC 19\"> Cz\u0142onek <span class=\"caps\">TC<\/span> 19     <span>\u2715<\/span> <img decoding=\"async\" src=\"https:\/\/www.kern-unternehmensnachfolge.com\/wp-content\/uploads\/2025\/04\/SZ-Institut-Beste-Berater-Mittelstand.webp\" alt=\"SZ - Beste Berater Mittelstand\">  Beste Berater Mittel\u00adstand \u2013 <span class=\"caps\">SZ<\/span> Insti\u00adtut      <span>\u2715<\/span> <img decoding=\"async\" src=\"https:\/\/www.kern-unternehmensnachfolge.com\/wp-content\/uploads\/2025\/06\/WirtschaftsWoche-Beste-Berater-Mittelstand.webp\" alt=\"WirtschaftsWoche - Beste Berater Mittelstand\">  Beste Berater Mittel\u00adstand \u2013 Wirtschafts\u00adWo\u00adche      <span>\u2715<\/span> <img decoding=\"async\" src=\"https:\/\/www.kern-unternehmensnachfolge.com\/wp-content\/uploads\/2025\/09\/Exzellenter-Nachfolgeberater-Award-2025.webp\" alt=\"Exzellenter Nachfolgeberater Award 2025\">  Exzel\u00adlen\u00adter Nachfol\u00adge\u00adbe\u00adra\u00adter Award 2025    <!-- JavaScript for lightbox functionality -->  <\/p>\n<h3 style=\"text-align: left;\">Videos \u2013 State\u00adments zu&nbsp;<span class=\"caps\">KERN<\/span><\/h3>\n<h3 style=\"text-align: left;\">Projek\u00adty (w skr\u00f3cie)<\/h3>\n<p><a href=\"https:\/\/www.kern-unternehmensnachfolge.com\/pl\/pfister-trocknungs-service-gmbh-unternehmensverkauf\/\" dynamic-postlink=\"tcb_post_the_permalink\" data-shortcode-id=\"16617\"><\/a><a href=\"https:\/\/www.kern-unternehmensnachfolge.com\/pl\/pfister-trocknungs-service-gmbh-unternehmensverkauf\/\" style><span><\/span><span><span><\/span><\/span><\/a><\/p>\n<h2><span data-attr-css data-attr-link=\"1\" data-attr-rel=\"0\" data-attr-static-link=\"{&quot;className&quot;:&quot;&quot;,&quot;href&quot;:&quot;https:\/\/www.kern-unternehmensnachfolge.com\/pfister-trocknungs-service-gmbh-unternehmensverkauf\/&quot;,&quot;title&quot;:&quot;Pfister Trock\u00adnungs-Service GmbH \u2013 Unternehmensverkauf&quot;,&quot;class&quot;:&quot;&quot;}\" data-attr-target=\"0\" data-extra_key data-option-inline=\"1\" data-shortcode=\"tcb_post_title\" data-shortcode-name=\"Post title\"><a href=\"https:\/\/www.kern-unternehmensnachfolge.com\/pl\/pfister-trocknungs-service-gmbh-unternehmensverkauf\/\" title=\"Pfister Trocknungs-Service GmbH \u2013 Unternehmensverkauf\" data-css>Pfister Trock\u00adnungs-Service GmbH \u2013 Unternehmensverkauf<\/a><\/span><\/h2>\n<p>Der Auftrag umfass\u00adte die Beglei\u00adtung des komplet\u00adten Nachfolgeprozesses.&nbsp;<\/p>\n<p><a href=\"https:\/\/www.kern-unternehmensnachfolge.com\/pl\/pfister-trocknungs-service-gmbh-unternehmensverkauf\/#more-35266\"><\/a><a href=\"https:\/\/www.kern-unternehmensnachfolge.com\/pl\/sorg-elektrotechnik-gmbh-unternehmensverkauf\/\" dynamic-postlink=\"tcb_post_the_permalink\" data-shortcode-id=\"16617\"><\/a><a href=\"https:\/\/www.kern-unternehmensnachfolge.com\/pl\/sorg-elektrotechnik-gmbh-unternehmensverkauf\/\" style><span><\/span><span><span><\/span><\/span><\/a><\/p>\n<h2><span data-attr-css data-attr-link=\"1\" data-attr-rel=\"0\" data-attr-static-link=\"{&quot;className&quot;:&quot;&quot;,&quot;href&quot;:&quot;https:\/\/www.kern-unternehmensnachfolge.com\/pfister-trocknungs-service-gmbh-unternehmensverkauf\/&quot;,&quot;title&quot;:&quot;Pfister Trock\u00adnungs-Service GmbH \u2013 Unternehmensverkauf&quot;,&quot;class&quot;:&quot;&quot;}\" data-attr-target=\"0\" data-extra_key data-option-inline=\"1\" data-shortcode=\"tcb_post_title\" data-shortcode-name=\"Post title\"><a href=\"https:\/\/www.kern-unternehmensnachfolge.com\/pl\/sorg-elektrotechnik-gmbh-unternehmensverkauf\/\" title=\"Sorg Elektrotechnik GmbH \u2013 Unternehmensverkauf\" data-css>Sorg Elektro\u00adtech\u00adnik GmbH \u2013 Unternehmensverkauf<\/a><\/span><\/h2>\n<p>Das Projekt umfass\u00adte den komplet\u00adten Verkaufs\u00adpro\u00adzess, um die siche\u00adre Zukunft des Unter\u00adneh\u00admens zu gew\u00e4hrleisten.&nbsp;<\/p>\n<p><a href=\"https:\/\/www.kern-unternehmensnachfolge.com\/pl\/sorg-elektrotechnik-gmbh-unternehmensverkauf\/#more-35273\"><\/a><a href=\"https:\/\/www.kern-unternehmensnachfolge.com\/pl\/radio-medical-transportgesellschaft-m-b-h-unternehmensverkauf\/\" dynamic-postlink=\"tcb_post_the_permalink\" data-shortcode-id=\"16617\"><\/a><a href=\"https:\/\/www.kern-unternehmensnachfolge.com\/pl\/radio-medical-transportgesellschaft-m-b-h-unternehmensverkauf\/\" style><span><\/span><span><span><\/span><\/span><\/a><\/p>\n<h2><span data-attr-css data-attr-link=\"1\" data-attr-rel=\"0\" data-attr-static-link=\"{&quot;className&quot;:&quot;&quot;,&quot;href&quot;:&quot;https:\/\/www.kern-unternehmensnachfolge.com\/pfister-trocknungs-service-gmbh-unternehmensverkauf\/&quot;,&quot;title&quot;:&quot;Pfister Trock\u00adnungs-Service GmbH \u2013 Unternehmensverkauf&quot;,&quot;class&quot;:&quot;&quot;}\" data-attr-target=\"0\" data-extra_key data-option-inline=\"1\" data-shortcode=\"tcb_post_title\" data-shortcode-name=\"Post title\"><a href=\"https:\/\/www.kern-unternehmensnachfolge.com\/pl\/radio-medical-transportgesellschaft-m-b-h-unternehmensverkauf\/\" title=\"Radio-Medical Transportgesellschaft m.b.H. \u2013 Unternehmensverkauf\" data-css>Radio-Medical Trans\u00adport\u00adge\u00adsell\u00adschaft m.b.H. \u2013 Unternehmensverkauf<\/a><\/span><\/h2>\n<p>Der Verkauf des Spezi\u00adal\u00adlo\u00adgis\u00adti\u00adkers wurde komplett von <span class=\"caps\">KERN<\/span> begleitet.<\/p>\n<p><a href=\"https:\/\/www.kern-unternehmensnachfolge.com\/pl\/radio-medical-transportgesellschaft-m-b-h-unternehmensverkauf\/#more-34994\"><\/a><a href=\"https:\/\/www.kern-unternehmensnachfolge.com\/pl\/custom-bus-gmbh-co-kg-unternehmensverkauf\/\" dynamic-postlink=\"tcb_post_the_permalink\" data-shortcode-id=\"16617\"><\/a><a href=\"https:\/\/www.kern-unternehmensnachfolge.com\/pl\/custom-bus-gmbh-co-kg-unternehmensverkauf\/\" style><span><\/span><span><span><\/span><\/span><\/a><\/p>\n<h2><span data-attr-css data-attr-link=\"1\" data-attr-rel=\"0\" data-attr-static-link=\"{&quot;className&quot;:&quot;&quot;,&quot;href&quot;:&quot;https:\/\/www.kern-unternehmensnachfolge.com\/pfister-trocknungs-service-gmbh-unternehmensverkauf\/&quot;,&quot;title&quot;:&quot;Pfister Trock\u00adnungs-Service GmbH \u2013 Unternehmensverkauf&quot;,&quot;class&quot;:&quot;&quot;}\" data-attr-target=\"0\" data-extra_key data-option-inline=\"1\" data-shortcode=\"tcb_post_title\" data-shortcode-name=\"Post title\"><a href=\"https:\/\/www.kern-unternehmensnachfolge.com\/pl\/custom-bus-gmbh-co-kg-unternehmensverkauf\/\" title=\"Custom Bus GmbH &amp; Co. KG \u2013 Unternehmensverkauf\" data-css>Custom Bus GmbH <span class=\"amp\">&amp;<\/span> Co. <span class=\"caps\">KG<\/span> \u2013 Unternehmensverkauf<\/a><\/span><\/h2>\n<p>Der <span class=\"caps\">KERN<\/span> Stand\u00adort Hanno\u00adver hat den gesam\u00adten Verkaufs\u00adpro\u00adzess begleitet.&nbsp;<\/p>\n<p><a href=\"https:\/\/www.kern-unternehmensnachfolge.com\/pl\/custom-bus-gmbh-co-kg-unternehmensverkauf\/#more-35038\"><\/a><a href=\"https:\/\/www.kern-unternehmensnachfolge.com\/pl\/waegetechnik-heinz-visser-gmbh-unternehmensverkauf\/\" dynamic-postlink=\"tcb_post_the_permalink\" data-shortcode-id=\"16617\"><\/a><a href=\"https:\/\/www.kern-unternehmensnachfolge.com\/pl\/waegetechnik-heinz-visser-gmbh-unternehmensverkauf\/\" style><span><\/span><span><span><\/span><\/span><\/a><\/p>\n<h2><span data-attr-css data-attr-link=\"1\" data-attr-rel=\"0\" data-attr-static-link=\"{&quot;className&quot;:&quot;&quot;,&quot;href&quot;:&quot;https:\/\/www.kern-unternehmensnachfolge.com\/pfister-trocknungs-service-gmbh-unternehmensverkauf\/&quot;,&quot;title&quot;:&quot;Pfister Trock\u00adnungs-Service GmbH \u2013 Unternehmensverkauf&quot;,&quot;class&quot;:&quot;&quot;}\" data-attr-target=\"0\" data-extra_key data-option-inline=\"1\" data-shortcode=\"tcb_post_title\" data-shortcode-name=\"Post title\"><a href=\"https:\/\/www.kern-unternehmensnachfolge.com\/pl\/waegetechnik-heinz-visser-gmbh-unternehmensverkauf\/\" title=\"W\u00e4getechnik Heinz Visser GmbH \u2013 Unternehmensverkauf\" data-css>W\u00e4getech\u00adnik Heinz Visser GmbH \u2013 Unternehmensverkauf<\/a><\/span><\/h2>\n<p>Nach Verkauf solle der Stand\u00adort erhal\u00adten und alle Mitar\u00adbei\u00adter weiter\u00adbe\u00adsch\u00e4f\u00adtigt werden.<\/p>\n<p><a href=\"https:\/\/www.kern-unternehmensnachfolge.com\/pl\/waegetechnik-heinz-visser-gmbh-unternehmensverkauf\/#more-34041\"><\/a><a href=\"https:\/\/www.kern-unternehmensnachfolge.com\/pl\/spedition-knorr-gmbh-sprzedaz-sprzedaz-spoleczna-3\/\" dynamic-postlink=\"tcb_post_the_permalink\" data-shortcode-id=\"16617\"><\/a><a href=\"https:\/\/www.kern-unternehmensnachfolge.com\/pl\/spedition-knorr-gmbh-sprzedaz-sprzedaz-spoleczna-3\/\" style><span><\/span><span><span><\/span><\/span><\/a><\/p>\n<h2><span data-attr-css data-attr-link=\"1\" data-attr-rel=\"0\" data-attr-static-link=\"{&quot;className&quot;:&quot;&quot;,&quot;href&quot;:&quot;https:\/\/www.kern-unternehmensnachfolge.com\/pfister-trocknungs-service-gmbh-unternehmensverkauf\/&quot;,&quot;title&quot;:&quot;Pfister Trock\u00adnungs-Service GmbH \u2013 Unternehmensverkauf&quot;,&quot;class&quot;:&quot;&quot;}\" data-attr-target=\"0\" data-extra_key data-option-inline=\"1\" data-shortcode=\"tcb_post_title\" data-shortcode-name=\"Post title\"><a href=\"https:\/\/www.kern-unternehmensnachfolge.com\/pl\/spedition-knorr-gmbh-sprzedaz-sprzedaz-spoleczna-3\/\" title=\"Wulf Garten- und Landschaftsbau GmbH \u2013 Unternehmensverkauf\" data-css>Wulf Garten- und Landschafts\u00adbau GmbH \u2013 Unternehmensverkauf<\/a><\/span><\/h2>\n<p>Der Wunsch des Kunden war, nach Verkauf noch 3 Jahre  als <span class=\"caps\">GF<\/span> im Unter\u00adneh\u00admen t\u00e4tig zu&nbsp;sein.&nbsp;<\/p>\n<p><a href=\"https:\/\/www.kern-unternehmensnachfolge.com\/pl\/spedition-knorr-gmbh-sprzedaz-sprzedaz-spoleczna-3\/#more-32384\"><\/a><a href=\"https:\/\/www.kern-unternehmensnachfolge.com\/pl\/spedition-knorr-gmbh-sprzedaz-sprzedaz-spoleczna-17\/\" dynamic-postlink=\"tcb_post_the_permalink\" data-shortcode-id=\"16617\"><\/a><a href=\"https:\/\/www.kern-unternehmensnachfolge.com\/pl\/spedition-knorr-gmbh-sprzedaz-sprzedaz-spoleczna-17\/\" style><span><\/span><span><span><\/span><\/span><\/a><\/p>\n<h2><span data-attr-css data-attr-link=\"1\" data-attr-rel=\"0\" data-attr-static-link=\"{&quot;className&quot;:&quot;&quot;,&quot;href&quot;:&quot;https:\/\/www.kern-unternehmensnachfolge.com\/pfister-trocknungs-service-gmbh-unternehmensverkauf\/&quot;,&quot;title&quot;:&quot;Pfister Trock\u00adnungs-Service GmbH \u2013 Unternehmensverkauf&quot;,&quot;class&quot;:&quot;&quot;}\" data-attr-target=\"0\" data-extra_key data-option-inline=\"1\" data-shortcode=\"tcb_post_title\" data-shortcode-name=\"Post title\"><a href=\"https:\/\/www.kern-unternehmensnachfolge.com\/pl\/spedition-knorr-gmbh-sprzedaz-sprzedaz-spoleczna-17\/\" title=\"Ingenieurb\u00fcro f\u00fcr Bauphysik \u2013 Unternehmensverkauf\" data-css>Ingenieur\u00adb\u00fc\u00adro f\u00fcr Bauphy\u00adsik \u2013 Unternehmensverkauf<\/a><\/span><\/h2>\n<p><span class=\"caps\">KERN<\/span> fand einen strate\u00adgi\u00adschen Partner f\u00fcr Wachstumsherausforderungen!<\/p>\n<p><a href=\"https:\/\/www.kern-unternehmensnachfolge.com\/pl\/spedition-knorr-gmbh-sprzedaz-sprzedaz-spoleczna-17\/#more-32376\"><\/a><a href=\"https:\/\/www.kern-unternehmensnachfolge.com\/pl\/spedition-knorr-gmbh-sprzedaz-sprzedaz-spoleczna-19\/\" dynamic-postlink=\"tcb_post_the_permalink\" data-shortcode-id=\"16617\"><\/a><a href=\"https:\/\/www.kern-unternehmensnachfolge.com\/pl\/spedition-knorr-gmbh-sprzedaz-sprzedaz-spoleczna-19\/\" style><span><\/span><span><span><\/span><\/span><\/a><\/p>\n<h2><span data-attr-css data-attr-link=\"1\" data-attr-rel=\"0\" data-attr-static-link=\"{&quot;className&quot;:&quot;&quot;,&quot;href&quot;:&quot;https:\/\/www.kern-unternehmensnachfolge.com\/pfister-trocknungs-service-gmbh-unternehmensverkauf\/&quot;,&quot;title&quot;:&quot;Pfister Trock\u00adnungs-Service GmbH \u2013 Unternehmensverkauf&quot;,&quot;class&quot;:&quot;&quot;}\" data-attr-target=\"0\" data-extra_key data-option-inline=\"1\" data-shortcode=\"tcb_post_title\" data-shortcode-name=\"Post title\"><a href=\"https:\/\/www.kern-unternehmensnachfolge.com\/pl\/spedition-knorr-gmbh-sprzedaz-sprzedaz-spoleczna-19\/\" title=\"MESSTEC Power Converters GmbH \u2013 Unternehmensverkauf\" data-css><span class=\"caps\">MESSTEC<\/span> Power Conver\u00adters GmbH \u2013 Unternehmensverkauf<\/a><\/span><\/h2>\n<p>Projekt obejmo\u00adwa\u0142 kompl\u00adek\u00adso\u00adwe przygo\u00adto\u00adwa\u00adnie i wspar\u00adcie sprze\u00adda\u017cy sp\u00f3\u0142ki.&nbsp;<\/p>\n<p><a href=\"https:\/\/www.kern-unternehmensnachfolge.com\/pl\/spedition-knorr-gmbh-sprzedaz-sprzedaz-spoleczna-19\/#more-32220\"><\/a><a href=\"https:\/\/www.kern-unternehmensnachfolge.com\/pl\/spedition-knorr-gmbh-sprzedaz-sprzedaz-spoleczna-16\/\" dynamic-postlink=\"tcb_post_the_permalink\" data-shortcode-id=\"16617\"><\/a><a href=\"https:\/\/www.kern-unternehmensnachfolge.com\/pl\/spedition-knorr-gmbh-sprzedaz-sprzedaz-spoleczna-16\/\" style><span><\/span><span><span><\/span><\/span><\/a><\/p>\n<h2><span data-attr-css data-attr-link=\"1\" data-attr-rel=\"0\" data-attr-static-link=\"{&quot;className&quot;:&quot;&quot;,&quot;href&quot;:&quot;https:\/\/www.kern-unternehmensnachfolge.com\/pfister-trocknungs-service-gmbh-unternehmensverkauf\/&quot;,&quot;title&quot;:&quot;Pfister Trock\u00adnungs-Service GmbH \u2013 Unternehmensverkauf&quot;,&quot;class&quot;:&quot;&quot;}\" data-attr-target=\"0\" data-extra_key data-option-inline=\"1\" data-shortcode=\"tcb_post_title\" data-shortcode-name=\"Post title\"><a href=\"https:\/\/www.kern-unternehmensnachfolge.com\/pl\/spedition-knorr-gmbh-sprzedaz-sprzedaz-spoleczna-16\/\" title=\"Kontor Hermsen e.K. \u2013 Unternehmensverkauf\" data-css>Kontor Hermsen e.K. \u2013 Unternehmensverkauf<\/a><\/span><\/h2>\n<p>Auf Wunsch des Kunden sollte <span class=\"caps\">KERN<\/span> das Unter\u00adneh\u00admen z\u00fcgig verkaufen.&nbsp;<\/p>\n<p><a href=\"https:\/\/www.kern-unternehmensnachfolge.com\/pl\/spedition-knorr-gmbh-sprzedaz-sprzedaz-spoleczna-16\/#more-29596\"><\/a><a href=\"https:\/\/www.kern-unternehmensnachfolge.com\/pl\/spedition-knorr-gmbh-sprzedaz-sprzedaz-spoleczna-14\/\" dynamic-postlink=\"tcb_post_the_permalink\" data-shortcode-id=\"16617\"><\/a><a href=\"https:\/\/www.kern-unternehmensnachfolge.com\/pl\/spedition-knorr-gmbh-sprzedaz-sprzedaz-spoleczna-14\/\" style><span><\/span><span><span><\/span><\/span><\/a><\/p>\n<h2><span data-attr-css data-attr-link=\"1\" data-attr-rel=\"0\" data-attr-static-link=\"{&quot;className&quot;:&quot;&quot;,&quot;href&quot;:&quot;https:\/\/www.kern-unternehmensnachfolge.com\/pfister-trocknungs-service-gmbh-unternehmensverkauf\/&quot;,&quot;title&quot;:&quot;Pfister Trock\u00adnungs-Service GmbH \u2013 Unternehmensverkauf&quot;,&quot;class&quot;:&quot;&quot;}\" data-attr-target=\"0\" data-extra_key data-option-inline=\"1\" data-shortcode=\"tcb_post_title\" data-shortcode-name=\"Post title\"><a href=\"https:\/\/www.kern-unternehmensnachfolge.com\/pl\/spedition-knorr-gmbh-sprzedaz-sprzedaz-spoleczna-14\/\" title=\"Caf\u00e9 Kraft \/ Boulderhalle \u2013 sprzeda\u017c przedsi\u0119biorstwa\" data-css>Caf\u00e9 Kraft \/ Bould\u00ader\u00adhal\u00adle \u2013 sprze\u00adda\u017c przedsi\u0119biorstwa<\/a><\/span><\/h2>\n<p>Zapew\u00adni\u00ade\u00adnie sukces\u00adji przedsi\u0119\u00adbi\u00adorst\u00adwa przy za\u0142o\u017ce\u00adniu, \u017ce wszyscy pracow\u00adni\u00adcy maj\u0105 przed sob\u0105 przysz\u0142o\u015b\u0107, zosta\u0142o pomy\u015bl\u00adnie zrealizowane.&nbsp;<\/p>\n<p><a href=\"https:\/\/www.kern-unternehmensnachfolge.com\/pl\/spedition-knorr-gmbh-sprzedaz-sprzedaz-spoleczna-14\/#more-28923\"><\/a><a href=\"https:\/\/www.kern-unternehmensnachfolge.com\/pl\/spedition-knorr-gmbh-sprzedaz-sprzedaz-spoleczna-13\/\" dynamic-postlink=\"tcb_post_the_permalink\" data-shortcode-id=\"16617\"><\/a><a href=\"https:\/\/www.kern-unternehmensnachfolge.com\/pl\/spedition-knorr-gmbh-sprzedaz-sprzedaz-spoleczna-13\/\" style><span><\/span><span><span><\/span><\/span><\/a><\/p>\n<h2><span data-attr-css data-attr-link=\"1\" data-attr-rel=\"0\" data-attr-static-link=\"{&quot;className&quot;:&quot;&quot;,&quot;href&quot;:&quot;https:\/\/www.kern-unternehmensnachfolge.com\/pfister-trocknungs-service-gmbh-unternehmensverkauf\/&quot;,&quot;title&quot;:&quot;Pfister Trock\u00adnungs-Service GmbH \u2013 Unternehmensverkauf&quot;,&quot;class&quot;:&quot;&quot;}\" data-attr-target=\"0\" data-extra_key data-option-inline=\"1\" data-shortcode=\"tcb_post_title\" data-shortcode-name=\"Post title\"><a href=\"https:\/\/www.kern-unternehmensnachfolge.com\/pl\/spedition-knorr-gmbh-sprzedaz-sprzedaz-spoleczna-13\/\" title=\"FREQCON GmbH \u2013 sprzeda\u017c przedsi\u0119biorstwa\" data-css><span class=\"caps\">FREQCON<\/span> GmbH \u2013 sprze\u00adda\u017c przedsi\u0119biorstwa<\/a><\/span><\/h2>\n<p>Firma zosta\u0142a sprze\u00adda\u00adna przez <span class=\"caps\">KERN<\/span> w ramach regulo\u00adwa\u00adnej sukces\u00adji emerytalnej.&nbsp;<\/p>\n<p><a href=\"https:\/\/www.kern-unternehmensnachfolge.com\/pl\/spedition-knorr-gmbh-sprzedaz-sprzedaz-spoleczna-13\/#more-28100\"><\/a><a href=\"https:\/\/www.kern-unternehmensnachfolge.com\/pl\/spedition-knorr-gmbh-sprzedaz-sprzedaz-spoleczna-12\/\" dynamic-postlink=\"tcb_post_the_permalink\" data-shortcode-id=\"16617\"><\/a><a href=\"https:\/\/www.kern-unternehmensnachfolge.com\/pl\/spedition-knorr-gmbh-sprzedaz-sprzedaz-spoleczna-12\/\" style><span><\/span><span><span><\/span><\/span><\/a><\/p>\n<h2><span data-attr-css data-attr-link=\"1\" data-attr-rel=\"0\" data-attr-static-link=\"{&quot;className&quot;:&quot;&quot;,&quot;href&quot;:&quot;https:\/\/www.kern-unternehmensnachfolge.com\/pfister-trocknungs-service-gmbh-unternehmensverkauf\/&quot;,&quot;title&quot;:&quot;Pfister Trock\u00adnungs-Service GmbH \u2013 Unternehmensverkauf&quot;,&quot;class&quot;:&quot;&quot;}\" data-attr-target=\"0\" data-extra_key data-option-inline=\"1\" data-shortcode=\"tcb_post_title\" data-shortcode-name=\"Post title\"><a href=\"https:\/\/www.kern-unternehmensnachfolge.com\/pl\/spedition-knorr-gmbh-sprzedaz-sprzedaz-spoleczna-12\/\" title=\"LightPartner Lichtsysteme GmbH &amp; Co. KG \u2013 Unternehmensverkauf\" data-css>Light\u00adPart\u00adner Licht\u00adsys\u00adte\u00adme GmbH <span class=\"amp\">&amp;<\/span> Co. <span class=\"caps\">KG<\/span> \u2013 Unternehmensverkauf<\/a><\/span><\/h2>\n<p>Sprze\u00adda\u017cy sp\u00f3\u0142ki towar\u00adzyszy\u0142a i realizowa\u0142a j\u0105 firma&nbsp;<span class=\"caps\">KERN<\/span>.&nbsp;<\/p>\n<p><a href=\"https:\/\/www.kern-unternehmensnachfolge.com\/pl\/spedition-knorr-gmbh-sprzedaz-sprzedaz-spoleczna-12\/#more-26890\"><\/a><a href=\"https:\/\/www.kern-unternehmensnachfolge.com\/pl\/spedition-knorr-gmbh-sprzedaz-sprzedaz-spoleczna-11\/\" dynamic-postlink=\"tcb_post_the_permalink\" data-shortcode-id=\"16617\"><\/a><a href=\"https:\/\/www.kern-unternehmensnachfolge.com\/pl\/spedition-knorr-gmbh-sprzedaz-sprzedaz-spoleczna-11\/\" style><span><\/span><span><span><\/span><\/span><\/a><\/p>\n<h2><span data-attr-css data-attr-link=\"1\" data-attr-rel=\"0\" data-attr-static-link=\"{&quot;className&quot;:&quot;&quot;,&quot;href&quot;:&quot;https:\/\/www.kern-unternehmensnachfolge.com\/pfister-trocknungs-service-gmbh-unternehmensverkauf\/&quot;,&quot;title&quot;:&quot;Pfister Trock\u00adnungs-Service GmbH \u2013 Unternehmensverkauf&quot;,&quot;class&quot;:&quot;&quot;}\" data-attr-target=\"0\" data-extra_key data-option-inline=\"1\" data-shortcode=\"tcb_post_title\" data-shortcode-name=\"Post title\"><a href=\"https:\/\/www.kern-unternehmensnachfolge.com\/pl\/spedition-knorr-gmbh-sprzedaz-sprzedaz-spoleczna-11\/\" title=\"Media Solutions GmbH \u2013 sprzeda\u017c przedsi\u0119biorstwa\" data-css>Media Soluti\u00adons GmbH \u2013 sprze\u00adda\u017c przedsi\u0119biorstwa<\/a><\/span><\/h2>\n<p>Klasy\u00adcz\u00adna sprze\u00adda\u017c firmy z powodu starzej\u0105cej si\u0119 sukcesji.&nbsp;<\/p>\n<p><a href=\"https:\/\/www.kern-unternehmensnachfolge.com\/pl\/spedition-knorr-gmbh-sprzedaz-sprzedaz-spoleczna-11\/#more-26343\"><\/a><a href=\"https:\/\/www.kern-unternehmensnachfolge.com\/pl\/spedition-knorr-gmbh-sprzedaz-sprzedaz-spoleczna-4\/\" dynamic-postlink=\"tcb_post_the_permalink\" data-shortcode-id=\"16617\"><\/a><a href=\"https:\/\/www.kern-unternehmensnachfolge.com\/pl\/spedition-knorr-gmbh-sprzedaz-sprzedaz-spoleczna-4\/\" style><span><\/span><span><span><\/span><\/span><\/a><\/p>\n<h2><span data-attr-css data-attr-link=\"1\" data-attr-rel=\"0\" data-attr-static-link=\"{&quot;className&quot;:&quot;&quot;,&quot;href&quot;:&quot;https:\/\/www.kern-unternehmensnachfolge.com\/pfister-trocknungs-service-gmbh-unternehmensverkauf\/&quot;,&quot;title&quot;:&quot;Pfister Trock\u00adnungs-Service GmbH \u2013 Unternehmensverkauf&quot;,&quot;class&quot;:&quot;&quot;}\" data-attr-target=\"0\" data-extra_key data-option-inline=\"1\" data-shortcode=\"tcb_post_title\" data-shortcode-name=\"Post title\"><a href=\"https:\/\/www.kern-unternehmensnachfolge.com\/pl\/spedition-knorr-gmbh-sprzedaz-sprzedaz-spoleczna-4\/\" title=\"g.on experience GmbH \u2013 sprzeda\u017c przedsi\u0119biorstwa\" data-css>g.on experi\u00adence GmbH \u2013 sprze\u00adda\u017c przedsi\u0119biorstwa<\/a><\/span><\/h2>\n<p>Projekt obejmo\u00adwa\u0142 kompl\u00adek\u00adso\u00adwe przygo\u00adto\u00adwa\u00adnie i obs\u0142u\u00adg\u0119 sprze\u00adda\u017cy przedsi\u0119\u00adbi\u00adorst\u00adwa przez firm\u0119 <span class=\"caps\">KERN<\/span> \u2013 Unternehmens\u00adnachfolge M\u00fcnster-Osnabr\u00fcck.&nbsp;<\/p>\n<p><a href=\"https:\/\/www.kern-unternehmensnachfolge.com\/pl\/spedition-knorr-gmbh-sprzedaz-sprzedaz-spoleczna-4\/#more-25325\"><\/a><a href=\"https:\/\/www.kern-unternehmensnachfolge.com\/pl\/spedition-knorr-gmbh-sprzedaz-sprzedaz-spoleczna-26\/\" dynamic-postlink=\"tcb_post_the_permalink\" data-shortcode-id=\"16617\"><\/a><a href=\"https:\/\/www.kern-unternehmensnachfolge.com\/pl\/spedition-knorr-gmbh-sprzedaz-sprzedaz-spoleczna-26\/\" style><span><\/span><span><span><\/span><\/span><\/a><\/p>\n<h2><span data-attr-css data-attr-link=\"1\" data-attr-rel=\"0\" data-attr-static-link=\"{&quot;className&quot;:&quot;&quot;,&quot;href&quot;:&quot;https:\/\/www.kern-unternehmensnachfolge.com\/pfister-trocknungs-service-gmbh-unternehmensverkauf\/&quot;,&quot;title&quot;:&quot;Pfister Trock\u00adnungs-Service GmbH \u2013 Unternehmensverkauf&quot;,&quot;class&quot;:&quot;&quot;}\" data-attr-target=\"0\" data-extra_key data-option-inline=\"1\" data-shortcode=\"tcb_post_title\" data-shortcode-name=\"Post title\"><a href=\"https:\/\/www.kern-unternehmensnachfolge.com\/pl\/spedition-knorr-gmbh-sprzedaz-sprzedaz-spoleczna-26\/\" title=\"Teufel &amp; Gerlach GmbH \u2013 Unternehmensverkauf\" data-css>Teufel <span class=\"amp\">&amp;<\/span> Gerlach GmbH \u2013 Unternehmensverkauf<\/a><\/span><\/h2>\n<p><span class=\"caps\">KERN<\/span> towar\u00adzyszy\u0142 wieko\u00adwej sukces\u00adji od przygo\u00adto\u00adwa\u00adnia sprze\u00adda\u017cy do pomy\u015bl\u00adn\u00adego zawar\u00adcia umowy&nbsp;kupna.&nbsp;<\/p>\n<p><a href=\"https:\/\/www.kern-unternehmensnachfolge.com\/pl\/spedition-knorr-gmbh-sprzedaz-sprzedaz-spoleczna-26\/#more-23302\"><\/a><a href=\"https:\/\/www.kern-unternehmensnachfolge.com\/pl\/spedition-knorr-gmbh-sprzedaz-sprzedaz-spoleczna-2\/\" dynamic-postlink=\"tcb_post_the_permalink\" data-shortcode-id=\"16617\"><\/a><a href=\"https:\/\/www.kern-unternehmensnachfolge.com\/pl\/spedition-knorr-gmbh-sprzedaz-sprzedaz-spoleczna-2\/\" style><span><\/span><span><span><\/span><\/span><\/a><\/p>\n<h2><span data-attr-css data-attr-link=\"1\" data-attr-rel=\"0\" data-attr-static-link=\"{&quot;className&quot;:&quot;&quot;,&quot;href&quot;:&quot;https:\/\/www.kern-unternehmensnachfolge.com\/pfister-trocknungs-service-gmbh-unternehmensverkauf\/&quot;,&quot;title&quot;:&quot;Pfister Trock\u00adnungs-Service GmbH \u2013 Unternehmensverkauf&quot;,&quot;class&quot;:&quot;&quot;}\" data-attr-target=\"0\" data-extra_key data-option-inline=\"1\" data-shortcode=\"tcb_post_title\" data-shortcode-name=\"Post title\"><a href=\"https:\/\/www.kern-unternehmensnachfolge.com\/pl\/spedition-knorr-gmbh-sprzedaz-sprzedaz-spoleczna-2\/\" title=\"Spedition Knorr GmbH - Sprzeda\u017c sp\u00f3\u0142ki\" data-css>Spedi\u00adti\u00adon Knorr GmbH - Sprze\u00adda\u017c sp\u00f3\u0142ki<\/a><\/span><\/h2>\n<p>Firma <span class=\"caps\">KERN<\/span> wspiera\u0142a ten projekt w ramach nieoc\u00adze\u00adki\u00adwa\u00adn\u00adego planu sukces\u00adji i udanego proce\u00adsu sprze\u00adda\u017cy inwest\u00adoro\u00adwi strategicznemu.&nbsp;<\/p>\n<p><a href=\"https:\/\/www.kern-unternehmensnachfolge.com\/pl\/spedition-knorr-gmbh-sprzedaz-sprzedaz-spoleczna-2\/#more-19924\"><\/a><a href=\"https:\/\/www.kern-unternehmensnachfolge.com\/pl\/klink-betriebe-gmbh-co-kg-firma-sprzedaz-6\/\" dynamic-postlink=\"tcb_post_the_permalink\" data-shortcode-id=\"16617\"><\/a><a href=\"https:\/\/www.kern-unternehmensnachfolge.com\/pl\/klink-betriebe-gmbh-co-kg-firma-sprzedaz-6\/\" style><span><\/span><span><span><\/span><\/span><\/a><\/p>\n<h2><span data-attr-css data-attr-link=\"1\" data-attr-rel=\"0\" data-attr-static-link=\"{&quot;className&quot;:&quot;&quot;,&quot;href&quot;:&quot;https:\/\/www.kern-unternehmensnachfolge.com\/pfister-trocknungs-service-gmbh-unternehmensverkauf\/&quot;,&quot;title&quot;:&quot;Pfister Trock\u00adnungs-Service GmbH \u2013 Unternehmensverkauf&quot;,&quot;class&quot;:&quot;&quot;}\" data-attr-target=\"0\" data-extra_key data-option-inline=\"1\" data-shortcode=\"tcb_post_title\" data-shortcode-name=\"Post title\"><a href=\"https:\/\/www.kern-unternehmensnachfolge.com\/pl\/klink-betriebe-gmbh-co-kg-firma-sprzedaz-6\/\" title=\"Sanit\u00e4tshaus Gr\u00fcssing \u2013 Unternehmensverkauf\" data-css>Sanit\u00e4ts\u00adhaus Gr\u00fcssing \u2013 Unternehmensverkauf<\/a><\/span><\/h2>\n<p>Dieses Gesund\u00adheits\u00adun\u00adter\u00adneh\u00admen wurde im Rahmen einer klassi\u00adschen Nachfol\u00adge\u00adre\u00adge\u00adlung an einen branchen\u00ader\u00adfah\u00adre\u00adnen <span class=\"caps\">MBI<\/span> ver\u00e4u\u00dfert.&nbsp;<\/p>\n<p><a href=\"https:\/\/www.kern-unternehmensnachfolge.com\/pl\/klink-betriebe-gmbh-co-kg-firma-sprzedaz-6\/#more-23253\"><\/a><a href=\"https:\/\/www.kern-unternehmensnachfolge.com\/pl\/klink-betriebe-gmbh-co-kg-firma-sprzedaz-5\/\" dynamic-postlink=\"tcb_post_the_permalink\" data-shortcode-id=\"16617\"><\/a><a href=\"https:\/\/www.kern-unternehmensnachfolge.com\/pl\/klink-betriebe-gmbh-co-kg-firma-sprzedaz-5\/\" style><span><\/span><span><span><\/span><\/span><\/a><\/p>\n<h2><span data-attr-css data-attr-link=\"1\" data-attr-rel=\"0\" data-attr-static-link=\"{&quot;className&quot;:&quot;&quot;,&quot;href&quot;:&quot;https:\/\/www.kern-unternehmensnachfolge.com\/pfister-trocknungs-service-gmbh-unternehmensverkauf\/&quot;,&quot;title&quot;:&quot;Pfister Trock\u00adnungs-Service GmbH \u2013 Unternehmensverkauf&quot;,&quot;class&quot;:&quot;&quot;}\" data-attr-target=\"0\" data-extra_key data-option-inline=\"1\" data-shortcode=\"tcb_post_title\" data-shortcode-name=\"Post title\"><a href=\"https:\/\/www.kern-unternehmensnachfolge.com\/pl\/klink-betriebe-gmbh-co-kg-firma-sprzedaz-5\/\" title=\"Krauss &amp; Coll Geoconsult GmbH &amp; Co. KG \u2013 Unternehmensverkauf\" data-css>Krauss <span class=\"amp\">&amp;<\/span> Coll Geocon\u00adsult GmbH <span class=\"amp\">&amp;<\/span> Co. <span class=\"caps\">KG<\/span> \u2013 Unternehmensverkauf<\/a><\/span><\/h2>\n<p><span class=\"caps\">KERN<\/span> hat den Kunden bei der Suche nach einem geeig\u00adne\u00adten Nachfol\u00adger beglei\u00adtet. Die Aufga\u00adben\u00adstel\u00adlung umfass\u00adte die Vorbe\u00adrei\u00adtung, Umset\u00adzung, K\u00e4ufer\u00adiden\u00adti\u00adfi\u00adzie\u00adrung inkl. aller Aufga\u00adben bis zur \u00dcbergabe.<\/p>\n<p><a href=\"https:\/\/www.kern-unternehmensnachfolge.com\/pl\/klink-betriebe-gmbh-co-kg-firma-sprzedaz-5\/#more-21973\"><\/a><a href=\"https:\/\/www.kern-unternehmensnachfolge.com\/pl\/klink-betriebe-gmbh-co-kg-firma-sprzedaz-3\/\" dynamic-postlink=\"tcb_post_the_permalink\" data-shortcode-id=\"16617\"><\/a><a href=\"https:\/\/www.kern-unternehmensnachfolge.com\/pl\/klink-betriebe-gmbh-co-kg-firma-sprzedaz-3\/\" style><span><\/span><span><span><\/span><\/span><\/a><\/p>\n<h2><span data-attr-css data-attr-link=\"1\" data-attr-rel=\"0\" data-attr-static-link=\"{&quot;className&quot;:&quot;&quot;,&quot;href&quot;:&quot;https:\/\/www.kern-unternehmensnachfolge.com\/pfister-trocknungs-service-gmbh-unternehmensverkauf\/&quot;,&quot;title&quot;:&quot;Pfister Trock\u00adnungs-Service GmbH \u2013 Unternehmensverkauf&quot;,&quot;class&quot;:&quot;&quot;}\" data-attr-target=\"0\" data-extra_key data-option-inline=\"1\" data-shortcode=\"tcb_post_title\" data-shortcode-name=\"Post title\"><a href=\"https:\/\/www.kern-unternehmensnachfolge.com\/pl\/klink-betriebe-gmbh-co-kg-firma-sprzedaz-3\/\" title=\"Spectromat \u2013 Massenspektrometer GmbH \u2013 Unternehmensverkauf\" data-css>Spectro\u00admat \u2013 Massen\u00adspek\u00adtro\u00adme\u00adter GmbH \u2013 Unternehmensverkauf<\/a><\/span><\/h2>\n<p>Firma <span class=\"caps\">KERN<\/span> towar\u00adzyszy\u0142a ca\u0142emu proce\u00adso\u00adwi sprze\u00adda\u017cy a\u017c do zamkni\u0119cia.<\/p>\n<p><a href=\"https:\/\/www.kern-unternehmensnachfolge.com\/pl\/klink-betriebe-gmbh-co-kg-firma-sprzedaz-3\/#more-21635\"><\/a><a href=\"https:\/\/www.kern-unternehmensnachfolge.com\/pl\/klink-betriebe-gmbh-co-kg-firma-sprzedaz-2\/\" dynamic-postlink=\"tcb_post_the_permalink\" data-shortcode-id=\"16617\"><\/a><a href=\"https:\/\/www.kern-unternehmensnachfolge.com\/pl\/klink-betriebe-gmbh-co-kg-firma-sprzedaz-2\/\" style><span><\/span><span><span><\/span><\/span><\/a><\/p>\n<h2><span data-attr-css data-attr-link=\"1\" data-attr-rel=\"0\" data-attr-static-link=\"{&quot;className&quot;:&quot;&quot;,&quot;href&quot;:&quot;https:\/\/www.kern-unternehmensnachfolge.com\/pfister-trocknungs-service-gmbh-unternehmensverkauf\/&quot;,&quot;title&quot;:&quot;Pfister Trock\u00adnungs-Service GmbH \u2013 Unternehmensverkauf&quot;,&quot;class&quot;:&quot;&quot;}\" data-attr-target=\"0\" data-extra_key data-option-inline=\"1\" data-shortcode=\"tcb_post_title\" data-shortcode-name=\"Post title\"><a href=\"https:\/\/www.kern-unternehmensnachfolge.com\/pl\/klink-betriebe-gmbh-co-kg-firma-sprzedaz-2\/\" title=\"hms sonosystems GmbH - Sprzeda\u017c firmy\" data-css>hms sonosys\u00adtems GmbH - Sprze\u00adda\u017c&nbsp;firmy<\/a><\/span><\/h2>\n<p><span class=\"caps\">KERN<\/span> hat \u00fcber die Verkaufs\u00advor\u00adbe\u00adrei\u00adtung, der Suche nach den Kaufkan\u00addi\u00adda\u00adten bis zu den Verkaufs\u00adver\u00adhand\u00adlun\u00adgen den Prozess begleitet.<\/p>\n<p><a href=\"https:\/\/www.kern-unternehmensnachfolge.com\/pl\/klink-betriebe-gmbh-co-kg-firma-sprzedaz-2\/#more-20612\"><\/a><a href=\"https:\/\/www.kern-unternehmensnachfolge.com\/pl\/klink-betriebe-gmbh-co-kg-firma-sprzedaz\/\" dynamic-postlink=\"tcb_post_the_permalink\" data-shortcode-id=\"16617\"><\/a><a href=\"https:\/\/www.kern-unternehmensnachfolge.com\/pl\/klink-betriebe-gmbh-co-kg-firma-sprzedaz\/\" style><span><\/span><span><span><\/span><\/span><\/a><\/p>\n<h2><span data-attr-css data-attr-link=\"1\" data-attr-rel=\"0\" data-attr-static-link=\"{&quot;className&quot;:&quot;&quot;,&quot;href&quot;:&quot;https:\/\/www.kern-unternehmensnachfolge.com\/pfister-trocknungs-service-gmbh-unternehmensverkauf\/&quot;,&quot;title&quot;:&quot;Pfister Trock\u00adnungs-Service GmbH \u2013 Unternehmensverkauf&quot;,&quot;class&quot;:&quot;&quot;}\" data-attr-target=\"0\" data-extra_key data-option-inline=\"1\" data-shortcode=\"tcb_post_title\" data-shortcode-name=\"Post title\"><a href=\"https:\/\/www.kern-unternehmensnachfolge.com\/pl\/klink-betriebe-gmbh-co-kg-firma-sprzedaz\/\" title=\"Klink Betriebe GmbH &amp; Co. KG- Sprzeda\u017c przedsi\u0119biorstwa\" data-css>Klink Betrie\u00adbe GmbH <span class=\"amp\">&amp;<\/span> Co. <span class=\"caps\">KG-<\/span> Sprze\u00adda\u017c przedsi\u0119biorstwa<\/a><\/span><\/h2>\n<p>Der gesam\u00adte Prozess \u00fcber die Verkaufs\u00advor\u00adbe\u00adrei\u00adtung, die Suche nach den Kaufkan\u00addi\u00adda\u00adten bis zu den Verkaufs\u00adver\u00adhand\u00adlun\u00adgen wurde von <span class=\"caps\">KERN<\/span> begleitet.&nbsp;<\/p>\n<p><a href=\"https:\/\/www.kern-unternehmensnachfolge.com\/pl\/klink-betriebe-gmbh-co-kg-firma-sprzedaz\/#more-19231\"><\/a><a href=\"https:\/\/www.kern-unternehmensnachfolge.com\/pl\/pohlmannbindel-gmbhco-kg-firma-zakupy\/\" dynamic-postlink=\"tcb_post_the_permalink\" data-shortcode-id=\"16617\"><\/a><a href=\"https:\/\/www.kern-unternehmensnachfolge.com\/pl\/pohlmannbindel-gmbhco-kg-firma-zakupy\/\" style><span><\/span><span><span><\/span><\/span><\/a><\/p>\n<h2><span data-attr-css data-attr-link=\"1\" data-attr-rel=\"0\" data-attr-static-link=\"{&quot;className&quot;:&quot;&quot;,&quot;href&quot;:&quot;https:\/\/www.kern-unternehmensnachfolge.com\/pfister-trocknungs-service-gmbh-unternehmensverkauf\/&quot;,&quot;title&quot;:&quot;Pfister Trock\u00adnungs-Service GmbH \u2013 Unternehmensverkauf&quot;,&quot;class&quot;:&quot;&quot;}\" data-attr-target=\"0\" data-extra_key data-option-inline=\"1\" data-shortcode=\"tcb_post_title\" data-shortcode-name=\"Post title\"><a href=\"https:\/\/www.kern-unternehmensnachfolge.com\/pl\/pohlmannbindel-gmbhco-kg-firma-zakupy\/\" title=\"Pohlmann+Bindel GmbH&amp;Co.KG - Przej\u0119cie firmy\" data-css>Pohlmann+Bindel GmbH<span class=\"amp\">&amp;<\/span>Co.<span class=\"caps\">KG<\/span> - Przej\u0119cie firmy<\/a><\/span><\/h2>\n<p>Im Rahmen der Unter\u00adneh\u00admens\u00adstra\u00adte\u00adgie war ein Unter\u00adnehmens\u00adkauf die favori\u00adsier\u00adte Option f\u00fcr k\u00fcnfti\u00adges Wachstum.<\/p>\n<p><a href=\"https:\/\/www.kern-unternehmensnachfolge.com\/pl\/pohlmannbindel-gmbhco-kg-firma-zakupy\/#more-18284\"><\/a><a href=\"https:\/\/www.kern-unternehmensnachfolge.com\/pl\/gygma-gmbh-co-kg-firma-sprzedaz\/\" dynamic-postlink=\"tcb_post_the_permalink\" data-shortcode-id=\"16617\"><\/a><a href=\"https:\/\/www.kern-unternehmensnachfolge.com\/pl\/gygma-gmbh-co-kg-firma-sprzedaz\/\" style><span><\/span><span><span><\/span><\/span><\/a><\/p>\n<h2><span data-attr-css data-attr-link=\"1\" data-attr-rel=\"0\" data-attr-static-link=\"{&quot;className&quot;:&quot;&quot;,&quot;href&quot;:&quot;https:\/\/www.kern-unternehmensnachfolge.com\/pfister-trocknungs-service-gmbh-unternehmensverkauf\/&quot;,&quot;title&quot;:&quot;Pfister Trock\u00adnungs-Service GmbH \u2013 Unternehmensverkauf&quot;,&quot;class&quot;:&quot;&quot;}\" data-attr-target=\"0\" data-extra_key data-option-inline=\"1\" data-shortcode=\"tcb_post_title\" data-shortcode-name=\"Post title\"><a href=\"https:\/\/www.kern-unternehmensnachfolge.com\/pl\/gygma-gmbh-co-kg-firma-sprzedaz\/\" title=\"GygMa GmbH - Sprzeda\u017c przedsi\u0119biorstwa\" data-css>GygMa GmbH - Sprze\u00adda\u017c przedsi\u0119biorstwa<\/a><\/span><\/h2>\n<p><span class=\"caps\">KERN<\/span> hat \u00fcber die Verkaufs\u00advor\u00adbe\u00adrei\u00adtung, der Suche nach den Kaufkan\u00addi\u00adda\u00adten bis zu den Verkaufs\u00adver\u00adhand\u00adlun\u00adgen den Prozess begleitet.&nbsp;<\/p>\n<p><a href=\"https:\/\/www.kern-unternehmensnachfolge.com\/pl\/gygma-gmbh-co-kg-firma-sprzedaz\/#more-16617\"><\/a><a href=\"https:\/\/www.kern-unternehmensnachfolge.com\/pl\/wink-gmbh-co-kg-firma-sprzedaz\/\" dynamic-postlink=\"tcb_post_the_permalink\" data-shortcode-id=\"16617\"><\/a><a href=\"https:\/\/www.kern-unternehmensnachfolge.com\/pl\/wink-gmbh-co-kg-firma-sprzedaz\/\" style><span><\/span><span><span><\/span><\/span><\/a><\/p>\n<h2><span data-attr-css data-attr-link=\"1\" data-attr-rel=\"0\" data-attr-static-link=\"{&quot;className&quot;:&quot;&quot;,&quot;href&quot;:&quot;https:\/\/www.kern-unternehmensnachfolge.com\/pfister-trocknungs-service-gmbh-unternehmensverkauf\/&quot;,&quot;title&quot;:&quot;Pfister Trock\u00adnungs-Service GmbH \u2013 Unternehmensverkauf&quot;,&quot;class&quot;:&quot;&quot;}\" data-attr-target=\"0\" data-extra_key data-option-inline=\"1\" data-shortcode=\"tcb_post_title\" data-shortcode-name=\"Post title\"><a href=\"https:\/\/www.kern-unternehmensnachfolge.com\/pl\/wink-gmbh-co-kg-firma-sprzedaz\/\" title=\"Wink GmbH &amp; Co. KG - Sprzeda\u017c przedsi\u0119biorstwa\" data-css>Wink GmbH <span class=\"amp\">&amp;<\/span> Co. <span class=\"caps\">KG<\/span> \u2013 Unternehmensverkauf<\/a><\/span><\/h2>\n<p>Ca\u0142emu proce\u00adso\u00adwi sprze\u00adda\u017cy, a\u017c po pomy\u015bl\u00adne zako\u0144c\u00adze\u00adnie, z powod\u00adze\u00adniem towar\u00adzyszy\u0142 <span class=\"caps\">KERN<\/span>.<\/p>\n<p><a href=\"https:\/\/www.kern-unternehmensnachfolge.com\/pl\/wink-gmbh-co-kg-firma-sprzedaz\/#more-16274\"><\/a><\/p>\n<h4>Wreszcie czas na nowy plan na&nbsp;\u017cycie<\/h4>\n<p><span>Stefan Krebs,<\/span><span>GEON-Geb\u00e4u\u00adde\u00adma\u00adnage\u00adment<\/span><\/p>\n<p>Pan Grepp\u00admair z firmy <span class=\"caps\">KERN<\/span> pom\u00f3g\u0142 mi przy sprze\u00adda\u017cy mojej us\u0142ugi dozor\u00adcy w Monach\u00adi\u00adum w spos\u00f3b zawsze mi\u0142y i bardzo kompe\u00adtent\u00adny. W ci\u0105gu zaled\u00adwie dziewi\u0119ciu miesi\u0119\u00adcy uda\u0142o mu si\u0119 sprze\u00adda\u0107 moj\u0105 firm\u0119 po satys\u00adfak\u00adc\u00adjo\u00adnu\u00adj\u0105cej cenie, mimo spadku sprze\u00adda\u017cy i kryzy\u00adsu w Coronie. W ten spos\u00f3b wni\u00f3s\u0142 decydu\u00adj\u0105\u00adcy wk\u0142ad w nowy plan \u017cycio\u00adwy, na kt\u00f3ry od dawna czeka\u0142em. Bardzo za to dzi\u0119kuj\u0119!<\/p>\n<h4>\u2026 wie wichtig Ihre Themen sind und dass Sie als Referent sehr \u00fcberzeugt haben.<\/h4>\n<p><span>Lothar Sand,<\/span><span>B\u00f6rsen\u00adver\u00adein des Deutschen Buchhandels<\/span><\/p>\n<p>Bardzo dzi\u0119ku\u00adje\u00admy za wyst\u0105pi\u00ade\u00adnie na naszej konfe\u00adren\u00adc\u00adji. Jedno\u00adg\u0142o\u015b\u00adnie pozytyw\u00adne opinie 150 s\u0142uchac\u00adzy potwierd\u00adzi\u0142y, jak wa\u017cne s\u0105 Twoje tematy i \u017ce jako prele\u00adgent z KERN-u by\u0142e\u015b bardzo przekonuj\u0105cy.<\/p>\n<h4>Bez widoku z zewn\u0105\u00adtrz prawdo\u00adpo\u00add\u00adob\u00adnie nigdy nie osi\u0105gn\u0119\u00adli\u00adby\u00ad\u015b\u00admy nasze\u00adgo celu tak szybko i bezpiecznie.<\/h4>\n<p><span>J.K. przedsi\u0119\u00adbior\u00adca z Berli\u00adna,<\/span><span>Handel i us\u0142ugi<\/span><\/p>\n<p><\/p><p align=\"justify\">W kontek\u015bcie sukces\u00adji mojej firmy, fuzja z firm\u0105 konku\u00adren\u00adcy\u00adjn\u0105 by\u0142a ideal\u00adnym rozwi\u0105\u00adza\u00adniem. Zesp\u00f3\u0142 <span class=\"caps\">KERN<\/span>, a w szcze\u00adg\u00f3l\u00adno\u015bci Pan Koerber, towar\u00adzyszy\u0142 nam z wyczu\u00adciem jako modera\u00adtor i facyli\u00adta\u00adtor proce\u00adsu i dobrze po\u0142\u0105c\u00adzy\u0142 intere\u00adsy obu partner\u00f3w negoc\u00adja\u00adc\u00adji. Bez widoku z zewn\u0105\u00adtrz i do\u015bwiad\u00adc\u00adze\u00adnia w negoc\u00adja\u00adc\u00adjach, prawdo\u00adpo\u00add\u00adob\u00adnie nigdy nie osi\u0105gn\u0119\u00adli\u00adby\u00ad\u015b\u00admy nasze\u00adgo celu tak szybko i bezpiecznie!<\/p>\n\n<h3 style=\"text-align: left;\">Opinie klien\u00adt\u00f3w<\/h3>\n<h4>Beson\u00adders beein\u00addruckt hat mich die Schnel\u00adlig\u00adkeit und Zielstre\u00adbig\u00adkeit des gesam\u00adten Prozesses<\/h4>\n<p>Der Verkauf der <b>Formtei\u00adle B\u00e4rmann<\/b> inklu\u00adsi\u00adve Immobi\u00adlie und Solar\u00adan\u00adla\u00adge war f\u00fcr mich als Unter\u00adneh\u00admer und Mensch ein sehr gro\u00dfer Schritt. Umso wichti\u00adger war es f\u00fcr mich, einen Berater an meiner Seite zu haben, dem ich voll und ganz vertrau\u00aden konnte.<\/p>\n<p>Mit <b>Reto Faulen\u00adbach<\/b> z <b><span class=\"caps\">KERN<\/span> <\/b>habe ich genau diese Unter\u00adst\u00fct\u00adzung gefun\u00adden. Seine hohe fachli\u00adche Kompe\u00adtenz, die klare Struk\u00adtur im Prozess und sein Gesp\u00fcr f\u00fcr die richti\u00adgen L\u00f6sun\u00adgen haben mir von Anfang an Sicher\u00adheit gegeben.<\/p>\n<p>Beson\u00adders beein\u00addruckt hat mich die Schnel\u00adlig\u00adkeit und Zielstre\u00adbig\u00adkeit des gesam\u00adten Prozes\u00adses: Vom Start der Zusam\u00admen\u00adar\u00adbeit bis zum erfolg\u00adrei\u00adchen Closing vergin\u00adgen ledig\u00adlich <b>sieben Monate<\/b>. In dieser Zeit habe ich mich jeder\u00adzeit bestens beglei\u00adtet, verstan\u00adden und vertre\u00adten gef\u00fchlt.<\/p>\n<p>Dank der profes\u00adsio\u00adnel\u00adlen Vorbe\u00adrei\u00adtung und der souve\u00adr\u00e4\u00adnen Verhand\u00adlungs\u00adf\u00fch\u00adrung konnte ein passen\u00adder priva\u00adter Inves\u00adtor gefun\u00adden werden, der das Unter\u00adneh\u00admen in meinem Sinne weiter\u00adf\u00fchrt. R\u00fcckbli\u00adckend bin ich sehr dankbar f\u00fcr diese Zusam\u00admen\u00adar\u00adbeit und kann <span class=\"caps\">KERN<\/span> unein\u00adge\u00adschr\u00e4nkt weiterempfehlen.<\/p>\n<p><span>Marco B\u00e4rmann<\/span><span><\/span><\/p>\n<h4>Dla nas, jako firmy rodzin\u00adnej, wspar\u00adcie pana Koerbe\u00adra by\u0142o wielk\u0105 korzy\u015bci\u0105.<\/h4>\n<p align=\"justify\">Dla nas jako przedsi\u0119\u00adbi\u00adorst\u00adwa rodzin\u00adn\u00adego, w po\u0142\u0105c\u00adze\u00adniu z wielo\u00adma wyzwa\u00adnia\u00admi zwi\u0105zany\u00admi ze zmian\u0105 pokolenio\u00adw\u0105 w przysz\u0142o\u015bci, wspar\u00adcie pana Koerbe\u00adra by\u0142o wielk\u0105 korzy\u015bci\u0105. Zw\u0142aszc\u00adza dzi\u0119ki mediac\u00adji mo\u017cemy si\u0119 teraz lepiej zrozu\u00admie\u0107 i inaczej radzi\u0107 sobie z konflik\u00adtami. Poleca\u00admy wsp\u00f3\u0142prac\u0119 z eksper\u00adta\u00admi z K.E.R.N., gdy w proce\u00adsie sukces\u00adji pojawi\u0105 si\u0119 problemy!<\/p>\n<p><span>J.M., przedsi\u0119\u00adbior\u00adca z Osnabr\u00fcck<\/span><span>,Produ\u00adzie\u00adren\u00addes Handwerk, Gro\u00df- und Einzelhandel<\/span><\/p>\n<h4>Sie haben dieses Jahr zu einem beson\u00adde\u00adren Jahr f\u00fcr mich werden lassen<\/h4>\n<p>Sie, liebe Frau Kalon\u00adda, haben dieses Jahr zu einem beson\u00adde\u00adren Jahr f\u00fcr mich werden lassen. Daf\u00fcr danke ich Ihnen. Bei unserem ersten Kontakt konnte ich nicht ann\u00e4hernd erken\u00adnen wie wichtig und wie wegwei\u00adsend sie f\u00fcr mich werden w\u00fcrden. Dieses Jahr wurde durch sie zu einem neuen Anfang f\u00fcr mich. Mental haben sie einen sehr gro\u00dfen Anteil daran, dass es aufw\u00e4rts geht und ich freier in meinen Gedan\u00adken und Entschei\u00addun\u00adgen bin. Auch wenn ich mich zum Sklaven meiner eigenen Firma und meiner Mitar\u00adbei\u00adten\u00adden und Anwesen\u00adden gemacht habe, haben sie mich daraus befreit. Daf\u00fcr mein beson\u00adde\u00adrer&nbsp;Dank.&nbsp;<\/p>\n<p><span>Karsten K\u00fchlmann<\/span><span><\/span><\/p>\n<h4>Auch die beson\u00adders schwie\u00adri\u00adgen Aufga\u00adben\u00adstel\u00adlun\u00adgen \u2026 wurden optimal gel\u00f6st<\/h4>\n<p>Ciesz\u0119 si\u0119, \u017ce wybra\u0142em firm\u0119 <span class=\"caps\">KERN<\/span> jako dorad\u00adc\u0119 w moim proce\u00adsie sukces\u00adji. Wcze\u015b\u00adniej sprawd\u00adzi\u0142em r\u00f3wnie\u017c inne oferty, a nieza\u00adwod\u00adno\u015b\u0107 i bezpiec\u00adze\u0144st\u00adwo firmy <span class=\"caps\">KERN<\/span> by\u0142y dla mnie decydu\u00adj\u0105\u00adcym kryte\u00adri\u00adum. Przez ca\u0142y czas czu\u0142em si\u0119 optymal\u00adnie wspier\u00ada\u00adny przez mojego konsul\u00adtan\u00adta <span class=\"caps\">KERN<\/span>. Nawet szcze\u00adg\u00f3l\u00adnie trudne zadania, takie jak kwestie finan\u00adso\u00adwe i sporz\u0105d\u00adza\u00adnie um\u00f3w, zosta\u0142y rozwi\u0105\u00adza\u00adne w najleps\u00adzy mo\u017cli\u00adwy spos\u00f3b. Ode mnie jeszc\u00adze raz i jeszc\u00adze&nbsp;raz!<\/p>\n<p><span>M.M., przedsi\u0119\u00adbior\u00adca z okolic Hanau ko\u0142o Frank\u00adfur\u00adtu<\/span><span>,Markt\u00adf\u00fch\u00adrer f\u00fcr Spezi\u00adal\u00addienst\u00adleis\u00adtun\u00adgen und Online-Handelshaus<\/span><\/p>\n<h4>Przyjem\u00adne uczucie, \u017ce nie pope\u0142\u00adni\u0142em&nbsp;b\u0142\u0119du!<\/h4>\n<p style=\"margin: 0cm; margin-bottom: .0001pt;\"><span style=\"color: black;\"><span class=\"dquo\">\u201e<\/span>Vielen Dank Herr Lang f\u00fcr die zuver\u00adl\u00e4s\u00adsi\u00adge, angeneh\u00adme Zusam\u00admen\u00adar\u00adbeit. Ich habe das angeneh\u00adme Gef\u00fchl, mich nicht get\u00e4uscht zu haben und kann und werde Sie jeder\u00adzeit weiter\u00ademp\u00adfeh\u00adlen. L.&nbsp;K.\u201c<\/span><\/p>\n<p><span>L.K.<\/span><span><\/span><\/p>\n<h4>Herr Rehfu\u00df von <span class=\"caps\">KERN<\/span> stand uns zu jedem Zeitpunkt kompe\u00adtent und profes\u00adsio\u00adnell zur&nbsp;Seite<\/h4>\n<p>Herr Rehfu\u00df vom <span class=\"caps\">KERN<\/span> Stand\u00adort Stutt\u00adgart stand uns zu jedem Zeitpunkt der Firmen\u00ad\u00fcber\u00adnah\u00adme kompe\u00adtent und mit fachli\u00adchen Wissen profes\u00adsio\u00adnell zur Seite. Auch schwie\u00adri\u00adge Phasen wurden erfolg\u00adreich und zeitnah abgewi\u00adckelt. Die Beratung <span class=\"amp\">&amp;<\/span> Unter\u00adst\u00fct\u00adzung war wichtig und hat uns in allen Belan\u00adgen in diesem sehr komple\u00adxen Thema weiter geholfen.<\/p>\n<p><span>Gilbert Di Zillo,<\/span><span><span class=\"caps\">IGZ<\/span> GmbH<\/span><\/p>\n<h4>Organi\u00adzac\u00adja udanej sukces\u00adji w przedsi\u0119\u00adbi\u00adorst\u00adwie rzemie\u015blniczym<\/h4>\n<p>Byli\u015b\u00admy bardzo zadowo\u00adleni z Pana Miko\u0142a\u00adja z firmy <span class=\"caps\">KERN<\/span>. W szcze\u00adg\u00f3l\u00adno\u015bci jego zaanga\u017co\u00adwa\u00adnie bardzo pomog\u0142o nam w zorga\u00adni\u00adzowa\u00adniu udanej sukces\u00adji przedsi\u0119\u00adbi\u00adorst\u00adwa rzemie\u015bl\u00adnic\u00adze\u00adgo. Z przyjem\u00adno\u015bci\u0105 poleci\u00admy Pana Miko\u0142a\u00adja&nbsp;innym.<\/p>\n<p><span>Herbert Seus,<\/span><span>Przedsi\u0119\u00adbior\u00adca z Wilhelmshaven<\/span><\/p>\n<h4>Profes\u00adjo\u00adnal\u00adny i nieza\u00adwod\u00adny a\u017c do pomy\u015bl\u00adn\u00adego zako\u0144czenia<\/h4>\n<p>Gerade in den schwie\u00adri\u00adgen Phasen hat mein Berater die L\u00fccken geschlos\u00adsen und einer Weiter\u00adver\u00adhand\u00adlung den Weg berei\u00adtet .Alles war profes\u00adsio\u00adnell und zuver\u00adl\u00e4s\u00adsig , Bespre\u00adchun\u00adgen auch au\u00dfer\u00adhalb der gew\u00f6hn\u00adli\u00adchen Gesch\u00e4fts\u00adzei\u00adten waren jeder Zeit m\u00f6glich .Fachlich f\u00fchle ich mich umfang\u00adreich und gut aufge\u00adho\u00adben, der erfolg\u00adrei\u00adche Abschluss ist Ausdruck der KERN-Kompetenz!<\/p>\n<p><span>J.M.<\/span><span><\/span><\/p>\n<h4>Wsp\u00f3\u0142pra\u00adca z firm\u0105 <span class=\"caps\">KERN<\/span> sprawi\u0142a mi ogrom\u00adn\u0105 przyjemno\u015b\u0107<\/h4>\n<p align=\"justify\">Bardzo polubi\u0142em wsp\u00f3\u0142prac\u0119 z firm\u0105 <span class=\"caps\">KERN<\/span> i jako przedsta\u00adwi\u00adciel strony kupuj\u0105cej ciesz\u0119 si\u0119 zawsze, gdy sprze\u00adda\u00adj\u0105\u00adcy - zw\u0142aszc\u00adza przedsi\u0119\u00adbi\u00adorst\u00adwa rodzin\u00adne - otrzy\u00admu\u00adj\u0105 ca\u0142o\u015bcio\u00adwe doradzt\u00adwo i s\u0105 specjal\u00adnie przygo\u00adto\u00adwa\u00adni do sprzeda\u017cy.<\/p>\n<p><span>F.H., verant\u00adwortl. M<span class=\"amp\">&amp;<\/span>A-Manager in <span class=\"caps\">NRW<\/span><\/span><span>Grupa us\u0142ug mi\u0119dzynarodowych<\/span><\/p>\n<h4>Ekscy\u00adtu\u00adj\u0105\u00adca metoda trwa\u0142ej zmiany przyw\u00f3dztwa<\/h4>\n<p dir=\"ltr\">MeinST\u00adABWECH\u00adSEL ist eine spannen\u00adde Metho\u00adde f\u00fcr einen nachhal\u00adti\u00adgen F\u00fchrungs\u00adwech\u00adsel in Famili\u00aden\u00adun\u00adter\u00adneh\u00admen. Mit erstaun\u00adli\u00adcher Leich\u00adtig\u00adkeit findet man zu eigenen Werten und Bed\u00fcrfnissen.Ziel, Weg und Zeitrah\u00admen erschie\u00adnen mir am Ende der Reise als 3D-Vision f\u00fcr meinen pers\u00f6n\u00adli\u00adchen Stabwech\u00adsel. So habe ich mir in bester Atmosph\u00e4\u00adre und Beglei\u00adtung durch <span class=\"caps\">KERN<\/span> meine \u201eto do-Liste\u201c selbst erarbeitet.<\/p>\n<p><span>Klaus-Peter Gust,<\/span><span>Przedsi\u0119\u00adbior\u00adca<\/span><\/p>\n<h4>Mam nadzie\u00adj\u0119, \u017ce firmy rodzin\u00adne skorzysta\u00adj\u0105 z Pa\u0144st\u00adwa rekomendacji<\/h4>\n<p>Rzadko si\u0119 zdarza, aby Feedback by\u0142 tak jedno\u00adg\u0142o\u015b\u00adny i pozytyw\u00adny! Przek\u00adaza\u00adli Pa\u0144st\u00adwo temat auten\u00adty\u00adcz\u00adnie i z sercem pod ka\u017cdym wzgl\u0119\u00addem. Mam nadzie\u00adj\u0119, \u017ce firmy rodzin\u00adne skorzysta\u00adj\u0105 z Pa\u0144st\u00adwa rekomendacji.<\/p>\n<p><span>Ingrid Marten<\/span><span>,Wirtschafts\u00adf\u00f6r\u00adde\u00adrung Wesermarsch<\/span><\/p>\n<h4>Wk\u0142ad <span class=\"caps\">KERN<\/span> w nasz og\u00f3lno\u00adkra\u00adjo\u00adwy dzie\u0144 na rzecz sukces\u00adji przedsi\u0119biorstw<\/h4>\n<p>Vielen Dank f\u00fcr Ihren innova\u00adti\u00adven Beitrag zu unserem bundes\u00adwei\u00adten <span class=\"caps\">DIHK<\/span> Aktions\u00adtag Unternehmens\u00adnachfolge. Den Fokus auf die \u201eweichen\u201c Themen zu setzen deckt sich ganz mit unserer Erfah\u00adrung,  was eine Nachfol\u00adge erfolg\u00adreich macht. Die vier Phasen geben Struk\u00adtur und Orien\u00adtie\u00adrung in einem sehr komple\u00adxen Prozess. Gerne wieder bei anderer Gelegenheit.<\/p>\n<p><span>Markus Neuner<\/span><span>,<span class=\"caps\">IHK<\/span>&nbsp;f\u00fcr M\u00fcnchen und Oberbayern<\/span><\/p>\n<h4>Die Hilfe, Beratung <span class=\"amp\">&amp;<\/span> Unter\u00adst\u00fct\u00adzung von <span class=\"caps\">KERN<\/span> ist Gold&nbsp;wert<\/h4>\n<p>Als Unter\u00adneh\u00admer mit \u00fcber 40 Jahren Berufs\u00ader\u00adfah\u00adrung hat man sicher\u00adlich von vielem Ahnung, jedoch in keins\u00adter Weise von der \u201c Nachfol\u00adge \u201e. :-). Ich kann Nils Koerber und Ingo Claus nur bestens empfeh\u00adlen. Emotio\u00adnal, mensch\u00adlich und fachlich ist die Nachfol\u00adge eine der schwie\u00adrigs\u00adten Aufga\u00adben, die ein Unter\u00adneh\u00admer zu l\u00f6sen hat. Die Hilfe, Beratung <span class=\"amp\">&amp;<\/span> Unter\u00adst\u00fct\u00adzung ist Gold wert und hat uns in allen Belan\u00adgen in diesem sehr komple\u00adxen Thema richtig gehol\u00adfen. Und es hat alles geklappt.<\/p>\n<p><span>Klaus Bronder \u2013 vom Hove<\/span><span>,Unter\u00adneh\u00admer aus Enniger\u00adloh \u2013 Inhaber eines Premi\u00adum M\u00f6belhauses<\/span><\/p>\n<h4>Ohne Karl Rehfu\u00df w\u00e4re ich vermut\u00adlich schon lange an der Geschich\u00adte verzweifelt<\/h4>\n<p>Ohne Karl Rehfu\u00df und seinen oft selbst\u00adlo\u00adsen und immer optimis\u00adti\u00adschen Einsatz w\u00e4re ich vermut\u00adlich schon lange an der Geschich\u00adte verzwei\u00adfelt. Wir alle hier sind richtig froh, genau diesen KERN-Exper\u00adten in diesen vergan\u00adge\u00adnen schwie\u00adri\u00adgen Zeiten an unserer Seite gehabt zu&nbsp;haben.<\/p>\n<p><span>J\u00fcrgen Bantel<\/span><span><\/span><\/p>\n<h4>Prowad\u00adze\u00adnie sta\u0142e\u00adgo dialo\u00adgu pomi\u0119d\u00adzy mn\u0105 jako sprze\u00adda\u00adj\u0105\u00adcym a poten\u00adc\u00adjal\u00adny\u00admi nabywcami<\/h4>\n<p>Beson\u00adders gut an <span class=\"caps\">KERN<\/span> und Herrn Ingo Claus hat mir der sehr profes\u00adsio\u00adnel\u00adle und vertrau\u00adens\u00advol\u00adle Umgang mit mir als Unter\u00adneh\u00admens\u00adver\u00adk\u00e4u\u00adfer und den Inter\u00ades\u00adsen\u00adten gefal\u00adlen. Herr Claus handel\u00adte stets l\u00f6sungs\u00adori\u00aden\u00adtiert und stand in einem st\u00e4ndi\u00adgen Dialog zwischen mir als Verk\u00e4u\u00adfer und den poten\u00adzi\u00adel\u00adlen Erwer\u00adbern. Auch wenn es am Ende zwar nicht zu einem Verkaufs\u00adab\u00adschluss gekom\u00admen ist, was \u00e4u\u00dferen Umst\u00e4n\u00adden geschul\u00addet war, so bin ich mit der geleis\u00adte\u00adten Arbeit von Kern, Herrn Claus sehr zufrie\u00adden gewesen und w\u00fcrde Kern und ihn jeder\u00adzeit und unein\u00adge\u00adschr\u00e4nkt weiterempfehlen.<\/p>\n<p><span>M.B. - deweloper projektu z Buxte\u00adhu\u00adde<\/span><span>,Inhaber eines Bautr\u00e4gerunternehmens<\/span><\/p>\n<h4>Geschwin\u00addig\u00adkeit beein\u00addru\u00adckend,&nbsp;Form immer der Situa\u00adti\u00adon angebracht, Verhal\u00adten ehrlich&nbsp;\u2026<\/h4>\n<p>Chcia\u0142\u00adbym bardzo serde\u00adcz\u00adnie podzi\u0119\u00adko\u00adwa\u0107 za wspar\u00adcie podcz\u00adas sprze\u00adda\u017cy firmy. Szybko\u015b\u0107 by\u0142a imponu\u00adj\u0105\u00adca, forma zawsze adekwat\u00adna do sytuac\u00adji, zacho\u00adwa\u00adnie szcze\u00adre i bezpre\u00adtens\u00adjo\u00adnal\u00adne - lepiej by\u0107 nie mog\u0142o! Dzi\u0119ki Pa\u0144st\u00adwa wspar\u00adciu uda\u0142o nam si\u0119 zako\u0144c\u00adzy\u0107 ten projekt w spos\u00f3b satys\u00adfak\u00adc\u00adjo\u00adnu\u00adj\u0105\u00adcy dla nas wszystkich.<\/p>\n<p><span>C.K., przedsi\u0119\u00adbior\u00adca z regio\u00adnu Weser-Ems,<\/span><span>Przedsi\u0119\u00adbi\u00adorst\u00adwo produk\u00adcy\u00adj\u00adne i handlowe<\/span><\/p>\n<h4>\u2026 sehr zufrie\u00adden und w\u00fcrde Kern jeder\u00adzeit und unein\u00adge\u00adschr\u00e4nkt weiterempfehlen<\/h4>\n<p style=\"text-align: left;\" align=\"justify\">Beson\u00adders gut an <span class=\"caps\">KERN<\/span> und Herrn Ingo Claus hat mir der sehr profes\u00adsio\u00adnel\u00adle und vertrau\u00adens\u00advol\u00adle Umgang mit mir als Unter\u00adneh\u00admens\u00adver\u00adk\u00e4u\u00adfer und den Inter\u00ades\u00adsen\u00adten gefal\u00adlen. Herr Claus handel\u00adte stets l\u00f6sungs\u00adori\u00aden\u00adtiert und stand in einem st\u00e4ndi\u00adgen Dialog zwischen mir als Verk\u00e4u\u00adfer und den poten\u00adzi\u00adel\u00adlen Erwer\u00adbern. Auch wenn es am Ende zwar nicht zu einem Verkaufs\u00adab\u00adschluss gekom\u00admen ist, was \u00e4u\u00dferen Umst\u00e4n\u00adden geschul\u00addet war, so bin ich mit der geleis\u00adte\u00adten Arbeit von <span class=\"caps\">KERN<\/span>, Herrn Claus, sehr zufrie\u00adden gewesen und w\u00fcrde <span class=\"caps\">KERN<\/span> und ihn jeder\u00adzeit und unein\u00adge\u00adschr\u00e4nkt weiterempfehlen.<\/p>\n<p><span>M.B., przedsi\u0119\u00adbior\u00adca z Dolnej Sakso\u00adnii<\/span><span>,Inhaber einer Bautr\u00e4gergesellschaft<\/span><\/p>\n<h4>Skompli\u00adko\u00adwa\u00adny proces poszu\u00adki\u00adwa\u00adnia nast\u0119p\u00adcy opisa\u00adno w bardzo prakty\u00adcz\u00adny spos\u00f3b<\/h4>\n<p>Ingo Clausa z firmy <span class=\"caps\">KERN<\/span> pozna\u0142em jako prele\u00adgen\u00adta na bardzo polecanych warsz\u00adtatach na temat sprze\u00adda\u017cy przedsi\u0119\u00adbi\u00adorst\u00adwa. Skompli\u00adko\u00adwa\u00adny proces poszu\u00adki\u00adwa\u00adnia nast\u0119p\u00adcy opisa\u0142 on w spos\u00f3b bardzo prakty\u00adcz\u00adny, na wielu przyk\u0142adach.<\/p>\n<p><span>T.M. - Sprze\u00addaw\u00adca w firmie z Osnabr\u00fcck<\/span><span><\/span><\/p>\n<h4>\u2026 wie wichtig Ihre Themen sind und dass Sie als Referent sehr \u00fcberzeugt haben.<\/h4>\n<p>Bardzo dzi\u0119ku\u00adje\u00admy za wyst\u0105pi\u00ade\u00adnie na naszej konfe\u00adren\u00adc\u00adji. Jedno\u00adg\u0142o\u015b\u00adnie pozytyw\u00adne opinie 150 s\u0142uchac\u00adzy potwierd\u00adzi\u0142y, jak wa\u017cne s\u0105 Twoje tematy i \u017ce jako prele\u00adgent z KERN-u by\u0142e\u015b bardzo przekonuj\u0105cy.<\/p>\n<p><span>Lothar Sand<\/span><span>,B\u00f6rsen\u00adver\u00adein des Deutschen Buchhandels<\/span><\/p>\n<h4>Profes\u00adjo\u00adnal\u00adna obs\u0142u\u00adga i reali\u00adzac\u00adja sprze\u00adda\u017cy firmy od pocz\u0105t\u00adku do&nbsp;ko\u0144ca<\/h4>\n<p align=\"justify\"><span class=\"caps\">KERN<\/span> hat meinen Unter\u00adnehmens\u00adverkauf vom Anfang bis zum Ende profes\u00adsio\u00adnell beglei\u00adtet und umgesetzt. Die K\u00e4ufer\u00adfin\u00addung war erstaun\u00adlich schnell und der anschlie\u00ad\u00dfen\u00adde Nachfol\u00adge\u00adpro\u00adzess wurde zu jedem Zeitpunkt kompe\u00adtent beglei\u00adtet und moderiert.<\/p>\n<p><span>H-J. N., przedsi\u0119\u00adbior\u00adca z Neuss<\/span><span>,gr\u00f6\u00dfter deutscher H\u00e4ndler einer Premi\u00adum\u00admar\u00adke f\u00fcr Kopie\u00adrer und&nbsp;<span class=\"caps\">DMS<\/span><\/span><\/p>\n<h4>Es hilft enorm, eine neutra\u00adle Pers\u00f6n\u00adlich\u00adkeit als Ansprech\u00adpart\u00adner f\u00fcr alle Mitglie\u00adder der Familie zu&nbsp;haben.<\/h4>\n<p align=\"justify\">Nasza wewn\u0119\u00adtrz\u00adna sukces\u00adja rodzinna i coaching moich syn\u00f3w zosta\u0142 przepro\u00adwad\u00adzo\u00adny przez Pana Koerbe\u00adra bardzo delikat\u00adnie i z zaanga\u017co\u00adwa\u00adniem. Wiele spostrze\u017ce\u0144 i dzia\u0142a\u0144 zosta\u0142o\u00adby w naszej rodzi\u00adnie pomini\u0119\u00adtych, gdyby nie wspar\u00adcie KERN-u dla naszej zmiany pokolenio\u00adwej. Bardzo pomaga uzyska\u00adnie perspek\u00adty\u00adwy z zewn\u0105\u00adtrz i posia\u00adda\u00adnie neutral\u00adnej osobo\u00adwo\u015bci dost\u0119p\u00adnej jako osoba kontakt\u00adowa dla wszyst\u00adkich cz\u0142on\u00adk\u00f3w rodziny.<\/p>\n<p><span>K.S., przedsi\u0119\u00adbior\u00adca z Essen,<\/span><span>Dostaw\u00adca us\u0142ug personalnych<\/span><\/p>\n<h4>Ingo Claus z firmy <span class=\"caps\">KERN<\/span> optymal\u00adnie repre\u00adzen\u00adto\u00adwa\u0142 mnie i moje interesy<\/h4>\n<p>Gdy podcz\u00adas negoc\u00adja\u00adc\u00adji w sprawie przej\u0119cia prakty\u00adki pojawi\u0142y si\u0119 nieoc\u00adze\u00adki\u00adwa\u00adne kompli\u00adka\u00adc\u00adje, zwr\u00f3ci\u0142em si\u0119 do firmy <span class=\"caps\">KERN<\/span> i pana Ingo Clausa. Od samego pocz\u0105t\u00adku czu\u0142am, \u017ce Pan Claus towar\u00adzyszy mi profes\u00adjo\u00adnal\u00adnie i \u017ce ja i moje intere\u00adsy s\u0105 optymal\u00adnie repre\u00adzen\u00adto\u00adwa\u00adne. Dzi\u0119ki umiej\u0119t\u00adno\u015bci\u00adom negoc\u00adja\u00adcy\u00adjnym Pana Clausa, jego obiek\u00adtyw\u00adnej, jasnej, zorien\u00adto\u00adwa\u00adnej na cel komuni\u00adka\u00adc\u00adji, jego wysi\u0142\u00adkom w celu znale\u00adzi\u00adenia dobre\u00adgo rozwi\u0105\u00adza\u00adnia dla obu stron kontrak\u00adtu oraz jego wyj\u0105t\u00adko\u00adwej zdolno\u015bci do spoko\u00adj\u00adnej mediac\u00adji i zacho\u00adwa\u00adnia og\u00f3ln\u00adego obrazu sytuac\u00adji, szybko znale\u00adzio\u00adno satys\u00adfak\u00adc\u00adjo\u00adnu\u00adj\u0105ce obie strony (!) rozwi\u0105\u00adza\u00adnie dla przej\u0119cia prakty\u00adki. Bardzo dzi\u0119kuj\u0119!<\/p>\n<p><span>A.P. - Specja\u00adlis\u00adta z Bramsche<\/span><span>W\u0142a\u015bci\u00adciel specja\u00adlis\u00adty\u00adcz\u00adnej prakty\u00adki lekarskiej<\/span><\/p>\n<h4>Z\u0142o\u017co\u00adny temat zosta\u0142 bardzo dobrze zilus\u00adtro\u00adwa\u00adny przez <span class=\"caps\">KERN<\/span>. i przedsta\u00adwio\u00adny w zrozu\u00admi\u00ada\u0142y spos\u00f3b.<\/h4>\n<p>Zaanga\u017co\u00adwa\u00adli\u015b\u00admy firm\u0119 <span class=\"caps\">KERN<\/span> w ramach semina\u00adri\u00adum, aby pokaza\u0107 cz\u0142on\u00adkom nasze\u00adgo stowar\u00adzy\u00adsze\u00adnia r\u00f3\u017cne mo\u017cli\u00adwo\u015bci plano\u00adwa\u00adnia sukces\u00adji. <span class=\"caps\">KERN<\/span> bardzo dobrze zilus\u00adtro\u00adwa\u0142 z\u0142o\u017co\u00adny temat i przedsta\u00adwi\u0142 go w zrozu\u00admi\u00ada\u0142y spos\u00f3b. Infor\u00admac\u00adje zwrot\u00adne od uczest\u00adni\u00adk\u00f3w semina\u00adri\u00adum by\u0142y konse\u00adkwent\u00adnie pozytyw\u00adne. My jako organiza\u00adtor\u00adzy r\u00f3wnie\u017c mieli\u015b\u00admy same pozytyw\u00adne do\u015bwiadczenia.<\/p>\n<p><span>VdAW e.V.<\/span><span><\/span><\/p>\n<h4>Wyst\u0105pi\u00ade\u00adnie <span class=\"caps\">KERN<\/span> by\u0142a jak dot\u0105d jedyna w swoim rodza\u00adju i dlate\u00adgo szcze\u00adg\u00f3l\u00adnie&nbsp;cenna<\/h4>\n<p>Besten Dank f\u00fcr Ihren leben\u00addi\u00adgen Beitrag zu der BVMW-Veran\u00adstal\u00adtung Unternehmens\u00adnachfolge in der Praxis. In beson\u00adde\u00adrer Weise ist es Ihnen, Herr Grepp\u00admair, gelun\u00adgen in die Welt der Zuh\u00f6rer \u2013 der von der Nachfol\u00adge betrof\u00adfe\u00adnen Unter\u00adneh\u00admer \u2013 einzu\u00adtau\u00adschen und sie dort abzuho\u00adlen, wo sie beson\u00adders emotio\u00adnal stehen. Die Mischung aus Vortrag und Rollen\u00adspiel war so bisher einzig\u00adar\u00adtig in seiner Art und damit beson\u00adders wertvoll.<\/p>\n\n<p><span>Achim von Michel<\/span><span>,Bundes\u00adver\u00adband mittel\u00adst\u00e4n\u00addi\u00adsche Wirtschaft e.V.<\/span><\/p>\n<h4>Bez widoku z zewn\u0105\u00adtrz prawdo\u00adpo\u00add\u00adob\u00adnie nigdy nie osi\u0105gn\u0119\u00adli\u00adby\u00ad\u015b\u00admy nasze\u00adgo celu tak szybko i bezpiecznie.<\/h4>\n<p align=\"justify\">W kontek\u015bcie sukces\u00adji mojej firmy, fuzja z firm\u0105 konku\u00adren\u00adcy\u00adjn\u0105 by\u0142a ideal\u00adnym rozwi\u0105\u00adza\u00adniem. Zesp\u00f3\u0142 <span class=\"caps\">KERN<\/span>, a w szcze\u00adg\u00f3l\u00adno\u015bci Pan Koerber, towar\u00adzyszy\u0142 nam z wyczu\u00adciem jako modera\u00adtor i facyli\u00adta\u00adtor proce\u00adsu i dobrze po\u0142\u0105c\u00adzy\u0142 intere\u00adsy obu partner\u00f3w negoc\u00adja\u00adc\u00adji. Bez widoku z zewn\u0105\u00adtrz i do\u015bwiad\u00adc\u00adze\u00adnia w negoc\u00adja\u00adc\u00adjach, prawdo\u00adpo\u00add\u00adob\u00adnie nigdy nie osi\u0105gn\u0119\u00adli\u00adby\u00ad\u015b\u00admy nasze\u00adgo celu tak szybko i bezpiecznie!<\/p>\n<p><span>J.K. przedsi\u0119\u00adbior\u00adca z Berli\u00adna,<\/span><span>Handel i us\u0142ugi<\/span><\/p>\n<h4>Bardzo docen\u00adiam jego umiej\u0119t\u00adno\u015b\u0107 porus\u00adza\u00adnia si\u0119 po tajni\u00adkach firm rodzinnych.<\/h4>\n<p>Pana Miko\u0142a\u00adja pozna\u0142em w 2010 roku w ramach projektu rozbu\u00addo\u00adwy firmy zarz\u0105d\u00adza\u00adnej przez w\u0142a\u015bci\u00adcie\u00adla. W tym czasie docen\u00adi\u0142em jego zorien\u00adto\u00adwa\u00adne na cel podej\u015bcie i umiej\u0119t\u00adno\u015b\u0107 wczucia si\u0119 w specy\u00adfi\u00adk\u0119 firm rodzin\u00adnych. Z przyjem\u00adno\u015bci\u0105 mog\u0119 go poleci\u0107.<\/p>\n<p><span>Petra Rausch - przedsi\u0119\u00adbior\u00adca z Lohmar<\/span><span>,Ber\u00e4t Famili\u00aden\u00adun\u00adter\u00adneh\u00admen bei Internationalisierungsprojekten<\/span><\/p>\n<h4>Wreszcie czas na nowy plan na&nbsp;\u017cycie<\/h4>\n<p>Pan Grepp\u00admair z firmy <span class=\"caps\">KERN<\/span> pom\u00f3g\u0142 mi przy sprze\u00adda\u017cy mojej us\u0142ugi dozor\u00adcy w Monach\u00adi\u00adum w spos\u00f3b zawsze mi\u0142y i bardzo kompe\u00adtent\u00adny. W ci\u0105gu zaled\u00adwie dziewi\u0119ciu miesi\u0119\u00adcy uda\u0142o mu si\u0119 sprze\u00adda\u0107 moj\u0105 firm\u0119 po satys\u00adfak\u00adc\u00adjo\u00adnu\u00adj\u0105cej cenie, mimo spadku sprze\u00adda\u017cy i kryzy\u00adsu w Coronie. W ten spos\u00f3b wni\u00f3s\u0142 decydu\u00adj\u0105\u00adcy wk\u0142ad w nowy plan \u017cycio\u00adwy, na kt\u00f3ry od dawna czeka\u0142em. Bardzo za to dzi\u0119kuj\u0119!<\/p>\n<p><span>Stefan Krebs<\/span><span>,GEON-Geb\u00e4u\u00adde\u00adma\u00adnage\u00adment<\/span><\/p>\n<h4>Wenn <span class=\"caps\">KERN<\/span> beglei\u00adtet steigen die Chancen deutlich, dass die Commerz\u00adbank zur Verf\u00fc\u00adgung&nbsp;steht<\/h4>\n<p>Wenn <span class=\"caps\">KERN<\/span> einen Inves\u00adtor beglei\u00adtet und mit dem <span class=\"caps\">MBI<\/span>\/<span class=\"caps\">MBO<\/span> einen Business Plan erarbei\u00adtet, steigen die Chancen deutlich, dass die Commerz\u00adbank mit einer Finan\u00adzie\u00adrung zur Verf\u00fc\u00adgung&nbsp;steht.<\/p>\n<p><span>Commerz\u00adbank Bavaria,<\/span><span>Dorad\u00adca klien\u00adta korporacyjnego<\/span><\/p>\n<h4><span class=\"caps\">KERN<\/span> hat meinem Sohn ganz klar einen Weg ge\u00f6ffnet<\/h4>\n<p>Das Coaching von <span class=\"caps\">KERN<\/span> hat meinem Sohn ganz klar einen Weg ge\u00f6ff\u00adnet, mit dem wir uns heute gemein\u00adsam dem Projekt Generations\u00adwechsel, im Sinne einer Fortf\u00fch\u00adrung des Famili\u00aden\u00adun\u00adter\u00adneh\u00admens, widmen k\u00f6nnen. Wir als Eltern k\u00f6nnen manche Dinge einfach nicht so \u00fcbermit\u00adteln und helfen zu erken\u00adnen, wie es ein profes\u00adsio\u00adnel\u00adler Coach&nbsp;kann.<\/p>\n<p><span>K.V., przedsi\u0119\u00adbior\u00adca z Frank\u00adfur\u00adtu<\/span><span>,H\u00e4ndler und Dienst\u00adleis\u00adter im IT-Segment<\/span><\/p>\n<h4>Wsp\u00f3\u0142pra\u00adca w ostat\u00adnich miesi\u0105\u00adcach charak\u00adtery\u00adzowa\u0142a si\u0119 profes\u00adjo\u00adna\u00adliz\u00admem i zaufaniem<\/h4>\n<p>Wsp\u00f3\u0142pra\u00adca w ci\u0105gu ostat\u00adnich miesi\u0119\u00adcy charak\u00adtery\u00adzowa\u0142a si\u0119 profes\u00adjo\u00adna\u00adliz\u00admem i zaufaniem; ja r\u00f3wnie\u017c zawsze czu\u0142em si\u0119 dobrze repre\u00adzen\u00adto\u00adwa\u00adny przez Pa\u0144st\u00adwa, mimo \u017ce by\u0142em <strong>nie<\/strong> by\u0142 twoim klien\u00adtem. Tym wi\u0119ks\u00adzy komple\u00adment! <span class=\"caps\">WIELKIE<\/span> <span class=\"caps\">DZI\u0118KI<\/span>!<\/p>\n<p><span>Stany Zjedno\u00adc\u00adzo\u00adne, przedsi\u0119\u00adbior\u00adca i nabyw\u00adca przedsi\u0119\u00adbi\u00adorst\u00adwa w Bawarii<\/span><span>us\u0142ugi infor\u00adma\u00adty\u00adcz\u00adne<\/span><\/p>\n<h4>Nach einem l\u00e4nge\u00adren Auswahl\u00adpro\u00adzess haben wir uns f\u00fcr <span class=\"caps\">KERN<\/span> entschieden<\/h4>\n<p align=\"justify\">Bei einem Unter\u00adnehmens\u00adverkauf gibt es natur\u00adge\u00adm\u00e4\u00df nicht mehre\u00adre Chancen. Deswe\u00adgen ist die Wahl des richti\u00adgen Unter\u00adneh\u00admens\u00adbe\u00adra\u00adters so wichtig. Nach einem l\u00e4nge\u00adren Auswahl\u00adpro\u00adzess haben wir uns f\u00fcr <span class=\"caps\">KERN<\/span> und Holger Haber\u00admann entschie\u00adden. Mit sehr gro\u00dfem und pers\u00f6n\u00adli\u00adchen Engage\u00adment hat Herr Haber\u00admann alle inhalt\u00adli\u00adchen wie auch f\u00fchrungs\u00adtech\u00adni\u00adschen Aufga\u00adben erfolg\u00adreich gemeis\u00adtert. Beson\u00adders hervor\u00adhe\u00adben m\u00f6chte ich die weitrei\u00adchen\u00adde Sachkennt\u00adnis, das metho\u00addi\u00adsche Heran\u00adge\u00adhen, die sachli\u00adche, ruhige Art und Weise und die Gerad\u00adli\u00adnig\u00adkeit in der Diskussion.<\/p>\n<p><span>H.K., przedsi\u0119\u00adbior\u00adca z Bawarii<\/span><span>,Inhaber eines Unter\u00adneh\u00admens f\u00fcr Informationstechnologie<\/span><\/p>\n<h4>A wkr\u00f3t\u00adce potem mog\u0142em przeka\u00adza\u0107 prakty\u00adk\u0119 kompe\u00adtent\u00adne\u00admu nast\u0119pcy.<\/h4>\n<p>Moje wielkie pragni\u00ade\u00adnie sprze\u00adda\u00adnia mojej prakty\u00adki fizjo\u00adter\u00ada\u00adpeu\u00adty\u00adcz\u00adnej pozosta\u0142o bezsku\u00adtecz\u00adne pomimo wszyst\u00adkich moich wysi\u0142k\u00f3w, a tak\u017ce kilku rozm\u00f3w kwali\u00adfi\u00adka\u00adcy\u00adjnych. Pan Grepp\u00admair ze swoim wielkim, empaty\u00adcz\u00adnym sposo\u00adbem bycia szybko pom\u00f3g\u0142 mi rozpoz\u00adna\u0107 prawd\u00adzi\u00adw\u0105 przyc\u00adzyn\u0119. Zda\u0142em sobie spraw\u0119, \u017ce przyc\u00adzyn\u0105 by\u0142em ja sam i \u017ce pod\u015bwia\u00addo\u00admie nie by\u0142em jeszc\u00adze gotowy, by odpu\u015bci\u0107. Dzi\u0119ki jego pomocy szybko si\u0119 to zmieni\u0142o i ju\u017c po kr\u00f3tkim czasie mog\u0142em przeka\u00adza\u0107 prakty\u00adk\u0119 kompe\u00adtent\u00adne\u00admu nast\u0119p\u00adcy. Bardzo za to dzi\u0119kuj\u0119!<\/p>\n\n<p><span>Ursula Herzog,<\/span><span>Fizjo\u00adter\u00ada\u00adpeu\u00adta<\/span><\/p>\n<h4>\u2026 ist es uns gelun\u00adgen, genau das richti\u00adge Unter\u00adneh\u00admen f\u00fcr unsere beson\u00adde\u00adre Nische zu finden<\/h4>\n<p>Wir haben unsere Wachs\u00adtums\u00adstra\u00adte\u00adgie durch die Spezia\u00adlis\u00adten von <span class=\"caps\">KERN<\/span> beglei\u00adten lassen. Mit einer genau\u00aden Target-Analy\u00adse und der detail\u00adlier\u00adten Markt\u00adre\u00adcher\u00adche ist es uns gelun\u00adgen, genau das richti\u00adge Unter\u00adneh\u00admen f\u00fcr unsere beson\u00adde\u00adre Nische zu finden. Dabei ist nicht zu unter\u00adsch\u00e4t\u00adzen, mit welchem Aufwand ein solcher Schritt verbun\u00adden ist. Mit <span class=\"caps\">KERN<\/span> haben wir eine profes\u00adsio\u00adnel\u00adle Unter\u00adst\u00fct\u00adzung gefun\u00adden. Gleich\u00adzei\u00adtig konnte das Nachfol\u00adge\u00adpro\u00adblem des zu \u00fcberneh\u00admen\u00adden Unter\u00adneh\u00admens langfris\u00adtig und substan\u00adti\u00adell gel\u00f6st werden.<\/p>\n<p><span>W.S., Gesch\u00e4fts\u00adf\u00fch\u00adrer aus dem Raum Frankfurt\/Main<\/span><span>,Entsor\u00adgungs\u00addienst\u00adleis\u00adter, Markt\u00adf\u00fch\u00adrer in einem Nischensegment<\/span><\/p>\n<h4>\u2026 sind \u00fcberrascht, welch tolle Energien in allen von uns freige\u00adsetzt worden sind<\/h4>\n<p align=\"justify\">Zmiana oznac\u00adza r\u00f3wnie\u017c zmier\u00adze\u00adnie si\u0119 z kultur\u0105, celami, odpowied\u00adzi\u00adal\u00adno\u015bci\u0105 i \u201czasada\u00admi gry\u201d w firmie. Z firm\u0105 <span class=\"caps\">KERN<\/span> wkroc\u00adzy\u00adli\u015b\u00admy na ekscy\u00adtu\u00adj\u0105c\u0105 drog\u0119 tworze\u00adnia w\u0142asnej, indywi\u00addu\u00adal\u00adnej filozo\u00adfii przedsi\u0119\u00adbi\u00adorst\u00adwa i byli\u015b\u00admy zaskoc\u00adze\u00adni wspania\u0142y\u00admi energi\u00ada\u00admi, kt\u00f3re si\u0119 w nas wszyst\u00adkich wyzwo\u00adli\u0142y. Z korzy\u015bci\u0105 dla naszych klien\u00adt\u00f3w, pracow\u00adni\u00adk\u00f3w i ca\u0142ego przedsi\u0119\u00adbi\u00adorst\u00adwa. Podzi\u0119\u00adko\u00adwa\u00adnia dla firmy <span class=\"caps\">KERN<\/span> za celow\u0105 i profes\u00adjo\u00adnal\u00adn\u0105 moderac\u00adj\u0119 i rozw\u00f3j.<\/p>\n<p><span>G-O.B, przedsi\u0119\u00adbior\u00adca z Koblen\u00adc\u00adji<\/span><span>,H\u00e4ndler und Dienst\u00adleis\u00adter Hard- und Softwarebereich<\/span><\/p>\n<h4>Od pierw\u00ads\u00adzej chwili <span class=\"caps\">KERN<\/span> rozumi\u00ada\u0142, jak stwor\u00adzy\u0107 pe\u0142n\u0105 zaufania podsta\u00adw\u0119 projektu<\/h4>\n<p>Herr Ingo Claus hat es vom ersten Moment an verstan\u00adden, eine sehr vertrau\u00adens\u00advol\u00adle Basis zum Beginn des Projek\u00adtes zu schaf\u00adfen \u2013 eine Gespr\u00e4chs\u00adba\u00adsis f\u00fcr die Gesell\u00adschaf\u00adter unter\u00adein\u00adan\u00adder im Rahmen eines Workshops zu bilden, so dass hieraus eine sehr effizi\u00aden\u00adte Weiter\u00adent\u00adwick\u00adlung der Vorstel\u00adlun\u00adgen betriebs\u00adin\u00adtern statt\u00adfin\u00adden konnte. Wir bedan\u00adken uns f\u00fcr diese sehr angeneh\u00adme und vertrau\u00adens\u00advol\u00adle Zusam\u00admen\u00adar\u00adbeit und werden Ihre Unter\u00adneh\u00admens\u00adgrup\u00adpe gerne weiterempfehlen.<\/p>\n<p><span>I.K. \u2013 Unter\u00adneh\u00admer aus Flens\u00adburg<\/span><span>Wsp\u00f3\u0142pra\u00adcow\u00adnik firmy zajmu\u00adj\u0105cej si\u0119 czyszc\u00adze\u00adniem kanalizacji<\/span><\/p>\n<h4>\u2026 unser Ziel erreicht und k\u00f6nnen eine Zusam\u00admen\u00adar\u00adbeit mit <span class=\"caps\">KERN<\/span> unbedingt empfehlen<\/h4>\n<p align=\"justify\">Zesp\u00f3\u0142 <span class=\"caps\">KERN<\/span> zosta\u0142 mi polec\u00ado\u00adny w ramach sprze\u00adda\u017cy nasze\u00adgo przedsi\u0119\u00adbi\u00adorst\u00adwa i z perspek\u00adty\u00adwy czasu bardzo si\u0119 cieszy\u00admy, \u017ce otrzy\u00adma\u00adli\u015b\u00admy t\u0119 wskaz\u00f3w\u00adk\u0119. Proces negoc\u00adja\u00adc\u00adji w sprawie sprze\u00adda\u017cy by\u0142 z\u0142o\u017co\u00adny, d\u0142ugo\u00adtrwa\u0142y i niekie\u00addy zagro\u017c\u00ado\u00adny emocjo\u00adnal\u00adny\u00admi niepo\u00adro\u00adzu\u00admi\u00ade\u00adnia\u00admi co do wyniku. Jednak dzi\u0119ki du\u017cemu do\u015bwiad\u00adc\u00adze\u00adniu i umiej\u0119t\u00adno\u015bci\u00adom nasze\u00adgo konsul\u00adtan\u00adta <span class=\"caps\">KERN<\/span> osi\u0105gn\u0119\u00adli\u015b\u00admy nasz cel i zdecy\u00addo\u00adwa\u00adnie mo\u017cemy poleci\u0107 wsp\u00f3\u0142prac\u0119 z firm\u0105&nbsp;<span class=\"caps\">KERN<\/span>.<\/p>\n<p><span>J.F. , Przedsi\u0119\u00adbior\u00adca w rejonie Osnabr\u00fcck<\/span><span>Handel i us\u0142ugi techniczne<\/span><\/p>\n<h4>Dzi\u0119ku\u00adje\u00admy Ingo Clauso\u00adwi z firmy <span class=\"caps\">KERN<\/span> za niespod\u00adzie\u00adwa\u00adnie udan\u0105 sprze\u00adda\u017c nasze\u00adgo przedsi\u0119biorstwa<\/h4>\n<p>Pan Ingo Claus towar\u00adzyszy\u0142 nam w trudnym zadaniu znale\u00adzi\u00adenia odpowied\u00adnie\u00adgo nast\u0119p\u00adcy dla nasze\u00adgo biura eksper\u00adckie\u00adgo. To jemu zawdzi\u0119cz\u00ada\u00admy niespod\u00adzie\u00adwa\u00adnie udan\u0105 sprze\u00adda\u017c naszej firmy. Pan Claus ma dosko\u00adn\u00ada\u0142e wyczu\u00adcie trudnych sytuac\u00adji negoc\u00adja\u00adcy\u00adjnych, umiej\u0119t\u00adnie i spoko\u00adj\u00adnie znajdu\u00adje w\u0142a\u015bci\u00adwe pomys\u0142y na rozwi\u0105\u00adza\u00adnia, kt\u00f3re s\u0105 do zaakcep\u00adtowa\u00adnia przez obie strony umowy. Pan Claus towar\u00adzyszy\u0142 projek\u00adto\u00adwi z bogatym do\u015bwiad\u00adc\u00adze\u00adniem, znajo\u00admo\u015bci\u0105 ludzkiej natury i umiej\u0119t\u00adno\u015bcia\u00admi negoc\u00adja\u00adcy\u00adjny\u00admi.  Z przyjem\u00adno\u015bci\u0105 mo\u017cemy go poleci\u0107.<\/p>\n<p><span>Katha\u00adri\u00adna Leisner - Specja\u00adlis\u00adta ds. plano\u00adwa\u00adnia z Harse\u00adwin\u00adkel<\/span><span>,Inhabe\u00adrin eines Ingenieur- und Planungsb\u00fcros<\/span><\/p>\n<h4>Und tats\u00e4ch\u00adlich war mir nicht zu viel verspro\u00adchen worden,&nbsp;\u2026<\/h4>\n<p>W poszu\u00adki\u00adwa\u00adniu kompe\u00adtent\u00adn\u00adego dorad\u00adcy, kt\u00f3ry profes\u00adjo\u00adnal\u00adnie wesprze mnie w sprze\u00adda\u017cy mojej firmy, poleco\u00adno mi Norber\u00adta Langa. I rzeczy\u00adwi\u015bcie, nie obiecy\u00adwa\u00adno mi zbyt wiele, od wyceny, poprzez wszyst\u00adkie etapy proce\u00adsu przygo\u00adto\u00adwa\u00adnia sprze\u00adda\u017cy, a\u017c do podpi\u00adsa\u00adnia um\u00f3w, Pan Lang by\u0142 zawsze bardzo kompe\u00adtent\u00adnym towar\u00adzy\u00adszem i dorad\u00adc\u0105. Mog\u0119 go poleci\u0107 z czystym sumieniem!<\/p>\n<p><span>Klaus Markstahler<\/span><span><\/span><\/p>\n<h4>Wyj\u0105t\u00adko\u00adwo renomo\u00adwa\u00adny i kompe\u00adtent\u00adny partner w zakre\u00adsie wspar\u00adcia proces\u00f3w sukcesji.<\/h4>\n<p>Mamy bardzo dobre do\u015bwiad\u00adc\u00adze\u00adnia, szcze\u00adg\u00f3l\u00adnie z Norber\u00adtem Langiem. Jest on niezwyk\u00adle powa\u017cn\u0105 i kompe\u00adtent\u00adn\u0105 osob\u0105 do kontak\u00adtu przy proce\u00adsach sukces\u00adji. Jako prele\u00adgent na impre\u00adz\u00adach wyk\u0142a\u00addo\u00adwych imponu\u00adje swoim bardzo \u017cywym i auten\u00adty\u00adcz\u00adnym stylem.<\/p>\n<p><span>J. K.<\/span><span><\/span><\/p>\n<h4>Rodzice i dzieci z firm rodzin\u00adnych maj\u0105 z tego bardzo konkret\u00adn\u0105 korzy\u015b\u0107<\/h4>\n<p align=\"justify\">Unsere Kunden sind mittel\u00adst\u00e4n\u00addi\u00adsche Unter\u00adneh\u00admen und die Heraus\u00adfor\u00adde\u00adrun\u00adgen in Sachen Generations\u00adwechsel, Unter\u00adnehmens\u00adverkauf oder Notfall\u00advor\u00adsor\u00adge sind bei uns \u201eDauer\u00adbren\u00adner\u201c. Wir arbei\u00adten seit Jahren mit Herrn Koerber und <span class=\"caps\">KERN<\/span> zusam\u00admen und sch\u00e4t\u00adzen sein Praxis\u00adwis\u00adsen und das orien\u00adtier\u00adte Training sowie Coaching. Eltern und Kinder aus Famili\u00aden\u00adun\u00adter\u00adneh\u00admen haben daraus einen ganz konkre\u00adten Nutzen.<\/p>\n<p><span>W.S., Weiter\u00adbil\u00addungs\u00adin\u00adsti\u00adtut aus Rheda-Wieden\u00adbr\u00fcck<\/span><span>,Leiter einer bundes\u00adweit t\u00e4tigen Akade\u00admie f\u00fcr Handelsunternehmen<\/span><\/p>\n<h4>Szcze\u00adg\u00f3l\u00adnie powaga i profes\u00adjo\u00adna\u00adlizm da\u0142y mi poczu\u00adcie bezpiec\u00adze\u0144st\u00adwa przez ca\u0142y&nbsp;czas.<\/h4>\n<p>Moja przedwy\u00adbor\u00adc\u00adza decyz\u00adja o wybor\u00adze 100% okaza\u0142a si\u0119 s\u0142uszna. Firma <span class=\"caps\">KERN<\/span> wykon\u00ada\u0142a napraw\u00add\u0119 dobr\u0105 robot\u0119, pocz\u0105ws\u00adzy od przygo\u00adto\u00adwa\u00adnia mojego przedsi\u0119\u00adbi\u00adorst\u00adwa w expos\u00e9, poprzez poszu\u00adki\u00adwa\u00adnie nabyw\u00adc\u00f3w, a\u017c po u\u0142atwie\u00adnie negoc\u00adja\u00adc\u00adji i komplet\u00adne przepro\u00adwad\u00adze\u00adnie mojej sukces\u00adji. W szcze\u00adg\u00f3l\u00adno\u015bci, powaga i profes\u00adjo\u00adna\u00adlizm da\u0142y mi poczu\u00adcie bezpiec\u00adze\u0144st\u00adwa przez ca\u0142y czas. Nasz cel uda\u0142o si\u0119 osi\u0105gn\u0105\u0107 w ci\u0105gu dobrych 8 miesi\u0119\u00adcy. Ch\u0119tnie polec\u0119 firm\u0119 <span class=\"caps\">KERN<\/span>&nbsp;innym.<\/p>\n<p><span>G.O.K., przedsi\u0119\u00adbior\u00adca z Hambur\u00adga,<\/span><span>Dostaw\u00adcy us\u0142ug z w\u0142asny\u00admi oddzia\u0142ami<\/span><\/p>","protected":false},"excerpt":{"rendered":"<p>Das sagen Kunden und Gesch\u00e4ftspartner \u00fcber uns \u2605\u2605\u2605\u2605\u2605 &nbsp;5.0 Sterne aus Kundenbewertungen auf Provenexpert&nbsp; \u2715 UDZ Siegel Nils K\u00f6rber \u2715 [&hellip;]<\/p>\n","protected":false},"author":1,"featured_media":0,"parent":0,"menu_order":0,"comment_status":"closed","ping_status":"closed","template":"","meta":{"wp_typography_post_enhancements_disabled":false,"_kad_blocks_custom_css":"","_kad_blocks_head_custom_js":"","_kad_blocks_body_custom_js":"","_kad_blocks_footer_custom_js":"","site-sidebar-layout":"no-sidebar","site-content-layout":"plain-container","ast-site-content-layout":"default","site-content-style":"default","site-sidebar-style":"default","ast-global-header-display":"","ast-banner-title-visibility":"","ast-main-header-display":"","ast-hfb-above-header-display":"","ast-hfb-below-header-display":"","ast-hfb-mobile-header-display":"","site-post-title":"disabled","ast-breadcrumbs-content":"","ast-featured-img":"disabled","footer-sml-layout":"","ast-disable-related-posts":"","theme-transparent-header-meta":"default","adv-header-id-meta":"","stick-header-meta":"default","header-above-stick-meta":"","header-main-stick-meta":"","header-below-stick-meta":"","astra-migrate-meta-layouts":"default","ast-page-background-enabled":"default","ast-page-background-meta":{"desktop":{"background-color":"","background-image":"","background-repeat":"repeat","background-position":"center center","background-size":"auto","background-attachment":"scroll","background-type":"","background-media":"","overlay-type":"","overlay-color":"","overlay-opacity":"","overlay-gradient":""},"tablet":{"background-color":"","background-image":"","background-repeat":"repeat","background-position":"center center","background-size":"auto","background-attachment":"scroll","background-type":"","background-media":"","overlay-type":"","overlay-color":"","overlay-opacity":"","overlay-gradient":""},"mobile":{"background-color":"","background-image":"","background-repeat":"repeat","background-position":"center center","background-size":"auto","background-attachment":"scroll","background-type":"","background-media":"","overlay-type":"","overlay-color":"","overlay-opacity":"","overlay-gradient":""}},"ast-content-background-meta":{"desktop":{"background-color":"var(--ast-global-color-5)","background-image":"","background-repeat":"repeat","background-position":"center center","background-size":"auto","background-attachment":"scroll","background-type":"","background-media":"","overlay-type":"","overlay-color":"","overlay-opacity":"","overlay-gradient":""},"tablet":{"background-color":"var(--ast-global-color-5)","background-image":"","background-repeat":"repeat","background-position":"center center","background-size":"auto","background-attachment":"scroll","background-type":"","background-media":"","overlay-type":"","overlay-color":"","overlay-opacity":"","overlay-gradient":""},"mobile":{"background-color":"var(--ast-global-color-5)","background-image":"","background-repeat":"repeat","background-position":"center center","background-size":"auto","background-attachment":"scroll","background-type":"","background-media":"","overlay-type":"","overlay-color":"","overlay-opacity":"","overlay-gradient":""}},"iawp_total_views":418,"footnotes":""},"class_list":["post-10075","page","type-page","status-publish","hentry"],"taxonomy_info":[],"featured_image_src_large":false,"author_info":{"display_name":"filialleiter","author_link":"https:\/\/www.kern-unternehmensnachfolge.com\/pl\/author\/filialleiter\/"},"comment_info":0,"_links":{"self":[{"href":"https:\/\/www.kern-unternehmensnachfolge.com\/pl\/wp-json\/wp\/v2\/pages\/10075","targetHints":{"allow":["GET"]}}],"collection":[{"href":"https:\/\/www.kern-unternehmensnachfolge.com\/pl\/wp-json\/wp\/v2\/pages"}],"about":[{"href":"https:\/\/www.kern-unternehmensnachfolge.com\/pl\/wp-json\/wp\/v2\/types\/page"}],"author":[{"embeddable":true,"href":"https:\/\/www.kern-unternehmensnachfolge.com\/pl\/wp-json\/wp\/v2\/users\/1"}],"replies":[{"embeddable":true,"href":"https:\/\/www.kern-unternehmensnachfolge.com\/pl\/wp-json\/wp\/v2\/comments?post=10075"}],"version-history":[{"count":0,"href":"https:\/\/www.kern-unternehmensnachfolge.com\/pl\/wp-json\/wp\/v2\/pages\/10075\/revisions"}],"wp:attachment":[{"href":"https:\/\/www.kern-unternehmensnachfolge.com\/pl\/wp-json\/wp\/v2\/media?parent=10075"}],"curies":[{"name":"wp","href":"https:\/\/api.w.org\/{rel}","templated":true}]}}