{"id":8925,"date":"2020-03-11T12:54:55","date_gmt":"2020-03-11T11:54:55","guid":{"rendered":"https:\/\/great-kare.185-125-174-66.plesk.page\/?page_id=8925"},"modified":"2022-12-07T22:18:52","modified_gmt":"2022-12-07T21:18:52","slug":"unternehmensverkauf-in-wuerzburg-wolfgang-a-buergers-expertentipp","status":"publish","type":"page","link":"https:\/\/www.kern-unternehmensnachfolge.com\/it\/unternehmensverkauf-in-wuerzburg-wolfgang-a-buergers-expertentipp\/","title":{"rendered":"Unter\u00adnehmens\u00adverkauf in W\u00fcrzburg Wolfgang A. B\u00fcrgers Expertentipp"},"content":{"rendered":"<p><a href=\"https:\/\/www.kern-unternehmensnachfolge.com\/it\/\" data-id-d=\"0\" data-img-style><img loading=\"lazy\" decoding=\"async\" src=\"https:\/\/www.kern-unternehmensnachfolge.com\/wp-content\/uploads\/2019\/09\/kern-logo2019-final.png\" height=\"497\" width=\"1331\" alt=\"KERN Logo 2019 mit Delphin in Ocean Blue und Narrow Black\" style><\/a><\/p>\n<h4 style=\"text-align: center;\">Kosten\u00adlo\u00adse Erstbe\u00adra\u00adtung:&nbsp;<a href=\"tel:+491786844292\" target=\"_blank\" rel=\"noopener\">+49 178 6844292<\/a><\/h4>\n<h1 style=\"text-align: center;\">Wolfgang A. B\u00fcrgers Exper\u00adten\u00adtipp f\u00fcr Ihren <a href=\"https:\/\/www.kern-unternehmensnachfolge.com\/it\/standort\/wuerzburg-buerger\/\" style=\"outline: none;\">Unter\u00adnehmens\u00adverkauf in W\u00fcrzburg<\/a><\/h1>\n<p style=\"text-align: center;\">Zum Profil Ihres Exper\u00adten f\u00fcr Unter\u00adnehmens\u00adverkauf und <a href=\"https:\/\/www.kern-unternehmensnachfolge.com\/it\/standort\/wuerzburg-buerger\/\" style=\"outline: none;\">Unternehmens\u00adnachfolge<\/a> in W\u00fcrburg<\/p>\n<h3 style=\"text-align: left;\">Ihr <span class=\"caps\">KERN<\/span> Partner in W\u00fcrzburg<\/h3>\n\n<p><span style=\"width: 100%;\"><img loading=\"lazy\" decoding=\"async\" alt title=\"portrait-kontakt-buerger\" data-id=\"8108\" src=\"https:\/\/www.kern-unternehmensnachfolge.com\/wp-content\/uploads\/2019\/12\/portrait-kontakt-buerger.jpg\" style width=\"597\" height=\"299\"><\/span><\/p>\n<p style=\"text-align: left;\"><strong><span class=\"caps\">KERN<\/span> Unternehmens\u00adnachfolge W\u00fcrzburg<\/strong>Recht\u00adlich eigen\u00adst\u00e4n\u00addi\u00adger Stand\u00adort\u00adMarkt\u00adplatz 197070 W\u00fcrzburg<\/p>\n<p>Telefo\u00adno&nbsp;<a href=\"tel:+491786844292\" target=\"_blank\" rel=\"noopener\">+49 178 6844292<\/a><a href=\"mailto:buerger@kern-unternehmensnachfolge.com\" style=\"outline: none;\" target=\"_blank\" rel=\"noopener\">buerger@kern-unternehmensnachfolge.com<\/a><\/p>","protected":false},"excerpt":{"rendered":"<p>Kostenlose Erstberatung:&nbsp;+49 178 6844292 Wolfgang A. B\u00fcrgers Expertentipp f\u00fcr Ihren Unternehmensverkauf in W\u00fcrzburg Zum Profil Ihres Experten f\u00fcr Unternehmensverkauf und [&hellip;]<\/p>\n","protected":false},"author":1,"featured_media":0,"parent":0,"menu_order":0,"comment_status":"closed","ping_status":"closed","template":"","meta":{"wp_typography_post_enhancements_disabled":false,"_kad_blocks_custom_css":"","_kad_blocks_head_custom_js":"","_kad_blocks_body_custom_js":"","_kad_blocks_footer_custom_js":"","site-sidebar-layout":"no-sidebar","site-content-layout":"plain-container","ast-site-content-layout":"default","site-content-style":"default","site-sidebar-style":"default","ast-global-header-display":"","ast-banner-title-visibility":"","ast-main-header-display":"disabled","ast-hfb-above-header-display":"","ast-hfb-below-header-display":"","ast-hfb-mobile-header-display":"","site-post-title":"disabled","ast-breadcrumbs-content":"","ast-featured-img":"disabled","footer-sml-layout":"","ast-disable-related-posts":"","theme-transparent-header-meta":"default","adv-header-id-meta":"","stick-header-meta":"default","header-above-stick-meta":"","header-main-stick-meta":"","header-below-stick-meta":"","astra-migrate-meta-layouts":"default","ast-page-background-enabled":"default","ast-page-background-meta":{"desktop":{"background-color":"","background-image":"","background-repeat":"repeat","background-position":"center center","background-size":"auto","background-attachment":"scroll","background-type":"","background-media":"","overlay-type":"","overlay-color":"","overlay-opacity":"","overlay-gradient":""},"tablet":{"background-color":"","background-image":"","background-repeat":"repeat","background-position":"center center","background-size":"auto","background-attachment":"scroll","background-type":"","background-media":"","overlay-type":"","overlay-color":"","overlay-opacity":"","overlay-gradient":""},"mobile":{"background-color":"","background-image":"","background-repeat":"repeat","background-position":"center center","background-size":"auto","background-attachment":"scroll","background-type":"","background-media":"","overlay-type":"","overlay-color":"","overlay-opacity":"","overlay-gradient":""}},"ast-content-background-meta":{"desktop":{"background-color":"var(--ast-global-color-5)","background-image":"","background-repeat":"repeat","background-position":"center center","background-size":"auto","background-attachment":"scroll","background-type":"","background-media":"","overlay-type":"","overlay-color":"","overlay-opacity":"","overlay-gradient":""},"tablet":{"background-color":"var(--ast-global-color-5)","background-image":"","background-repeat":"repeat","background-position":"center center","background-size":"auto","background-attachment":"scroll","background-type":"","background-media":"","overlay-type":"","overlay-color":"","overlay-opacity":"","overlay-gradient":""},"mobile":{"background-color":"var(--ast-global-color-5)","background-image":"","background-repeat":"repeat","background-position":"center center","background-size":"auto","background-attachment":"scroll","background-type":"","background-media":"","overlay-type":"","overlay-color":"","overlay-opacity":"","overlay-gradient":""}},"iawp_total_views":0,"footnotes":""},"class_list":["post-8925","page","type-page","status-publish","hentry"],"taxonomy_info":[],"featured_image_src_large":false,"author_info":{"display_name":"filialleiter","author_link":"https:\/\/www.kern-unternehmensnachfolge.com\/it\/author\/filialleiter\/"},"comment_info":0,"_links":{"self":[{"href":"https:\/\/www.kern-unternehmensnachfolge.com\/it\/wp-json\/wp\/v2\/pages\/8925","targetHints":{"allow":["GET"]}}],"collection":[{"href":"https:\/\/www.kern-unternehmensnachfolge.com\/it\/wp-json\/wp\/v2\/pages"}],"about":[{"href":"https:\/\/www.kern-unternehmensnachfolge.com\/it\/wp-json\/wp\/v2\/types\/page"}],"author":[{"embeddable":true,"href":"https:\/\/www.kern-unternehmensnachfolge.com\/it\/wp-json\/wp\/v2\/users\/1"}],"replies":[{"embeddable":true,"href":"https:\/\/www.kern-unternehmensnachfolge.com\/it\/wp-json\/wp\/v2\/comments?post=8925"}],"version-history":[{"count":0,"href":"https:\/\/www.kern-unternehmensnachfolge.com\/it\/wp-json\/wp\/v2\/pages\/8925\/revisions"}],"wp:attachment":[{"href":"https:\/\/www.kern-unternehmensnachfolge.com\/it\/wp-json\/wp\/v2\/media?parent=8925"}],"curies":[{"name":"wp","href":"https:\/\/api.w.org\/{rel}","templated":true}]}}