{"id":36701,"date":"2026-03-27T14:24:39","date_gmt":"2026-03-27T13:24:39","guid":{"rendered":"https:\/\/www.kern-unternehmensnachfolge.com\/?page_id=36701"},"modified":"2026-03-27T15:13:19","modified_gmt":"2026-03-27T14:13:19","slug":"freiburg-andre","status":"publish","type":"page","link":"https:\/\/www.kern-unternehmensnachfolge.com\/it\/standort\/freiburg-andre\/","title":{"rendered":"Freiburg  \u2013 Josef&nbsp;Andr\u00e9"},"content":{"rendered":"<p><a target=\"_blank\" href=\"https:\/\/www.kern-unternehmensnachfolge.com\/it\/\" data-id-d=\"0\" data-img-style=\"width: 100%;\"><img decoding=\"async\" src=\"https:\/\/www.kern-unternehmensnachfolge.com\/wp-content\/uploads\/2023\/05\/kern_logo2023_rgb_farbig_transparent.png\" height=\"502\" width=\"1317\" alt=\"KERN Logo\" style=\"width: 100%;\" loading=\"lazy\"><\/a><\/p>\n<h2>Josef Andr\u00e9 \u2013 Ihr Spezia\u00adlist f\u00fcr Unternehmensnachfolge<\/h2>\n<h1 style=\"color: rgb(255, 255, 255) !important; --tcb-applied-color: rgb(255, 255, 255) !important;\">Nachfol\u00adger gesucht? Der siche\u00adre Weg zur Unternehmens\u00adnachfolge in Freiburg im Breisgau<\/h1>\n<h4 style=\"text-align: left;\"><a href=\"https:\/\/www.provenexpert.com\/kern-zukunft-fuer-lebenswerke\/\" style=\"outline: none;\" target=\"_blank\" rel=\"noopener\">\u2605\u2605\u2605\u2605\u2605 &nbsp;5.0 Sterne aus Kunden\u00adbe\u00adwer\u00adtun\u00adgen auf Proven\u00adex\u00adpert<\/a>&nbsp;<\/h4>\n<p><span><a href=\"https:\/\/www.kern-unternehmensnachfolge.com\/it\/erfolgsgarantie\/\" rel target=\"_blank\"><img decoding=\"async\" alt data-id=\"31496\" width=\"177\" data-init-width=\"481\" height=\"171\" data-init-height=\"464\" title=\"KERN_Erfolgsgarantie_RGB_weiss_08.24\" src=\"https:\/\/www.kern-unternehmensnachfolge.com\/wp-content\/uploads\/2024\/08\/KERN_Erfolgsgarantie_RGB_weiss_08.24.png\" data-width=\"177\" data-link-wrap=\"true\" style=\"aspect-ratio: auto 481 \/ 464;\" data-height=\"171\" loading=\"lazy\"><\/a><\/span><\/p>\n<p style>Avvia video di presentazione<\/p>\n<p>     <!-- Original logos -->  <a href=\"#lightbox-2\" data-lightbox=\"lightbox-2\" data-img=\"https:\/\/www.kern-unternehmensnachfolge.com\/wp-content\/uploads\/2024\/05\/german-customer-arwards2024-150x150.jpeg\" target=\"_blank\"> <img decoding=\"async\" src=\"https:\/\/www.kern-unternehmensnachfolge.com\/wp-content\/uploads\/2024\/05\/german-customer-arwards2024-150x150.jpeg\" alt=\"German Customer Awards 2024\"> <\/a>   <a href=\"https:\/\/www.provenexpert.com\/kern-zukunft-fuer-lebenswerke\/\" target=\"_blank\" rel=\"noopener\"> <img decoding=\"async\" src=\"https:\/\/www.kern-unternehmensnachfolge.com\/wp-content\/uploads\/2025\/10\/Proven-Expert-Von-Kunden-Empfohlen-2025.webp\" alt=\"Proven Expert - Von Kunden Empfohlen 2025\"> <\/a>   <a href=\"https:\/\/die-deutsche-wirtschaft.de\/top-mittelstand-deutschland-kern-zukunft-fuer-lebenswerke\/\" target=\"_blank\" rel=\"noopener\"> <img decoding=\"async\" src=\"https:\/\/www.kern-unternehmensnachfolge.com\/wp-content\/uploads\/2025\/08\/Top-Branche-Siegel-KERN.webp\" alt=\"TOP mittelst\u00e4ndisches Unternehmen\"> <\/a>   <a href=\"https:\/\/die-deutsche-wirtschaft.de\/exzellenzberater\/kern-unternehmensnachfolge-erfolgreicher\/\" target=\"_blank\" rel=\"noopener\"> <img decoding=\"async\" src=\"https:\/\/www.kern-unternehmensnachfolge.com\/wp-content\/uploads\/2025\/03\/Exzellenzberater-Deutscher-Mittelstand-2023.webp\" alt=\"Exzellenzberater 2023\"> <\/a>   <a href=\"https:\/\/die-deutsche-wirtschaft.de\/exzellenzberater\/kern-unternehmensnachfolge-erfolgreicher\/\" target=\"_blank\" rel=\"noopener\"> <img decoding=\"async\" src=\"https:\/\/www.kern-unternehmensnachfolge.com\/wp-content\/uploads\/2025\/03\/Exzellenzberater-Deutscher-Mittelstand-2024.webp\" alt=\"Exzellenzberater 2024\"> <\/a>   <a href=\"#lightbox-6\" data-lightbox=\"lightbox-6\" data-img=\"https:\/\/www.kern-unternehmensnachfolge.com\/wp-content\/uploads\/2025\/09\/Exzellenter-Nachfolgeberater-Award-2025.webp\" target=\"_blank\"> <img decoding=\"async\" src=\"https:\/\/www.kern-unternehmensnachfolge.com\/wp-content\/uploads\/2025\/09\/Exzellenter-Nachfolgeberater-Award-2025.webp\" alt=\"Exzellenter Nachfolgeberater Award 2025\"> <\/a>   <a href=\"https:\/\/vimeo.com\/775891851\" target=\"_blank\" rel=\"noopener\"> <img decoding=\"async\" src=\"https:\/\/www.kern-unternehmensnachfolge.com\/wp-content\/uploads\/2023\/07\/kern-german-brand-award-2021-132x300.jpeg\" alt=\"German Brand Award 2021\"> <\/a>   <a href=\"https:\/\/vimeo.com\/787837024\" target=\"_blank\" rel=\"noopener\"> <img decoding=\"async\" src=\"https:\/\/www.kern-unternehmensnachfolge.com\/wp-content\/uploads\/2025\/03\/Innovator-des-Jahres-2021.webp\" alt=\"Innovator 2021\"> <\/a>   <a href=\"#lightbox-3\" data-lightbox=\"lightbox-3\" data-img=\"https:\/\/www.kern-unternehmensnachfolge.com\/wp-content\/uploads\/2023\/06\/TC_19_Member_Strich-211x300.jpg\" target=\"_blank\"> <img decoding=\"async\" src=\"https:\/\/www.kern-unternehmensnachfolge.com\/wp-content\/uploads\/2023\/06\/TC_19_Member_Strich-211x300.jpg\" alt=\"TC 19 Member\"> <\/a>   <a href=\"https:\/\/vimeo.com\/775920300\" target=\"_blank\" rel=\"noopener\"> <img decoding=\"async\" src=\"https:\/\/www.kern-unternehmensnachfolge.com\/wp-content\/uploads\/2023\/06\/TC_20_Member_Strich-210x300.jpg\" alt=\"TC 20 Member\"> <\/a>   <a href=\"https:\/\/www.top-consultant.de\/kern-unternehmensnachfolge-erfolgreicher-2023\/\" target=\"_blank\" rel=\"noopener\"> <img decoding=\"async\" src=\"https:\/\/www.kern-unternehmensnachfolge.com\/wp-content\/uploads\/2023\/06\/tc_23_member_strich-210x300.jpg\" alt=\"TC 23 Member\"> <\/a>   <a href=\"#lightbox-4\" data-lightbox=\"lightbox-4\" data-img=\"https:\/\/www.kern-unternehmensnachfolge.com\/wp-content\/uploads\/2025\/04\/SZ-Institut-Beste-Berater-Mittelstand.webp\" target=\"_blank\"> <img decoding=\"async\" src=\"https:\/\/www.kern-unternehmensnachfolge.com\/wp-content\/uploads\/2025\/04\/SZ-Institut-Beste-Berater-Mittelstand.webp\" alt=\"SZ Beste Berater Mittelstand\"> <\/a>   <a href=\"#lightbox-5\" data-lightbox=\"lightbox-5\" data-img=\"https:\/\/www.kern-unternehmensnachfolge.com\/wp-content\/uploads\/2025\/06\/WirtschaftsWoche-Beste-Berater-Mittelstand.webp\" target=\"_blank\"> <img decoding=\"async\" src=\"https:\/\/www.kern-unternehmensnachfolge.com\/wp-content\/uploads\/2025\/06\/WirtschaftsWoche-Beste-Berater-Mittelstand.webp\" alt=\"WirtschaftsWoche Beste Berater Mittelstand\"> <\/a>   <a href=\"#lightbox-7\" data-lightbox=\"lightbox-7\" data-img=\"https:\/\/www.kern-unternehmensnachfolge.com\/wp-content\/uploads\/2026\/03\/UDZ-Siegel_KERN.svg\" target=\"_blank\"> <img decoding=\"async\" src=\"https:\/\/www.kern-unternehmensnachfolge.com\/wp-content\/uploads\/2026\/03\/UDZ-Siegel_KERN.svg\" alt=\"UDZ-Siegel KERN\"> <\/a>  <!-- Duplicate logos for seamless loop -->  <a href=\"#lightbox-2\" data-lightbox=\"lightbox-2\" data-img=\"https:\/\/www.kern-unternehmensnachfolge.com\/wp-content\/uploads\/2024\/05\/german-customer-arwards2024-150x150.jpeg\" target=\"_blank\"> <img decoding=\"async\" src=\"https:\/\/www.kern-unternehmensnachfolge.com\/wp-content\/uploads\/2024\/05\/german-customer-arwards2024-150x150.jpeg\" alt=\"German Customer Awards 2024\"> <\/a>   <a href=\"https:\/\/www.provenexpert.com\/kern-zukunft-fuer-lebenswerke\/\" target=\"_blank\" rel=\"noopener\"> <img decoding=\"async\" src=\"https:\/\/www.kern-unternehmensnachfolge.com\/wp-content\/uploads\/2025\/10\/Proven-Expert-Von-Kunden-Empfohlen-2025.webp\" alt=\"Proven Expert - Von Kunden Empfohlen 2025\"> <\/a>   <a href=\"https:\/\/die-deutsche-wirtschaft.de\/top-mittelstand-deutschland-kern-zukunft-fuer-lebenswerke\/\" target=\"_blank\" rel=\"noopener\"> <img decoding=\"async\" src=\"https:\/\/www.kern-unternehmensnachfolge.com\/wp-content\/uploads\/2025\/08\/Top-Branche-Siegel-KERN.webp\" alt=\"TOP mittelst\u00e4ndisches Unternehmen\"> <\/a>   <a href=\"https:\/\/die-deutsche-wirtschaft.de\/exzellenzberater\/kern-unternehmensnachfolge-erfolgreicher\/\" target=\"_blank\" rel=\"noopener\"> <img decoding=\"async\" src=\"https:\/\/www.kern-unternehmensnachfolge.com\/wp-content\/uploads\/2025\/03\/Exzellenzberater-Deutscher-Mittelstand-2023.webp\" alt=\"Exzellenzberater 2023\"> <\/a>   <a href=\"https:\/\/die-deutsche-wirtschaft.de\/exzellenzberater\/kern-unternehmensnachfolge-erfolgreicher\/\" target=\"_blank\" rel=\"noopener\"> <img decoding=\"async\" src=\"https:\/\/www.kern-unternehmensnachfolge.com\/wp-content\/uploads\/2025\/03\/Exzellenzberater-Deutscher-Mittelstand-2024.webp\" alt=\"Exzellenzberater 2024\"> <\/a>   <a href=\"#lightbox-6\" data-lightbox=\"lightbox-6\" data-img=\"https:\/\/www.kern-unternehmensnachfolge.com\/wp-content\/uploads\/2025\/09\/Exzellenter-Nachfolgeberater-Award-2025.webp\" target=\"_blank\"> <img decoding=\"async\" src=\"https:\/\/www.kern-unternehmensnachfolge.com\/wp-content\/uploads\/2025\/09\/Exzellenter-Nachfolgeberater-Award-2025.webp\" alt=\"Exzellenter Nachfolgeberater Award 2025\"> <\/a>   <a href=\"https:\/\/vimeo.com\/775891851\" target=\"_blank\" rel=\"noopener\"> <img decoding=\"async\" src=\"https:\/\/www.kern-unternehmensnachfolge.com\/wp-content\/uploads\/2023\/07\/kern-german-brand-award-2021-132x300.jpeg\" alt=\"German Brand Award 2021\"> <\/a>   <a href=\"https:\/\/vimeo.com\/787837024\" target=\"_blank\" rel=\"noopener\"> <img decoding=\"async\" src=\"https:\/\/www.kern-unternehmensnachfolge.com\/wp-content\/uploads\/2025\/03\/Innovator-des-Jahres-2021.webp\" alt=\"Innovator 2021\"> <\/a>   <a href=\"#lightbox-3\" data-lightbox=\"lightbox-3\" data-img=\"https:\/\/www.kern-unternehmensnachfolge.com\/wp-content\/uploads\/2023\/06\/TC_19_Member_Strich-211x300.jpg\" target=\"_blank\"> <img decoding=\"async\" src=\"https:\/\/www.kern-unternehmensnachfolge.com\/wp-content\/uploads\/2023\/06\/TC_19_Member_Strich-211x300.jpg\" alt=\"TC 19 Member\"> <\/a>   <a href=\"https:\/\/vimeo.com\/775920300\" target=\"_blank\" rel=\"noopener\"> <img decoding=\"async\" src=\"https:\/\/www.kern-unternehmensnachfolge.com\/wp-content\/uploads\/2023\/06\/TC_20_Member_Strich-210x300.jpg\" alt=\"TC 20 Member\"> <\/a>   <a href=\"https:\/\/www.top-consultant.de\/kern-unternehmensnachfolge-erfolgreicher-2023\/\" target=\"_blank\" rel=\"noopener\"> <img decoding=\"async\" src=\"https:\/\/www.kern-unternehmensnachfolge.com\/wp-content\/uploads\/2023\/06\/tc_23_member_strich-210x300.jpg\" alt=\"TC 23 Member\"> <\/a>   <a href=\"#lightbox-4\" data-lightbox=\"lightbox-4\" data-img=\"https:\/\/www.kern-unternehmensnachfolge.com\/wp-content\/uploads\/2025\/04\/SZ-Institut-Beste-Berater-Mittelstand.webp\" target=\"_blank\"> <img decoding=\"async\" src=\"https:\/\/www.kern-unternehmensnachfolge.com\/wp-content\/uploads\/2025\/04\/SZ-Institut-Beste-Berater-Mittelstand.webp\" alt=\"SZ Beste Berater Mittelstand\"> <\/a>   <a href=\"#lightbox-5\" data-lightbox=\"lightbox-5\" data-img=\"https:\/\/www.kern-unternehmensnachfolge.com\/wp-content\/uploads\/2025\/06\/WirtschaftsWoche-Beste-Berater-Mittelstand.webp\" target=\"_blank\"> <img decoding=\"async\" src=\"https:\/\/www.kern-unternehmensnachfolge.com\/wp-content\/uploads\/2025\/06\/WirtschaftsWoche-Beste-Berater-Mittelstand.webp\" alt=\"WirtschaftsWoche Beste Berater Mittelstand\"> <\/a>   <a href=\"#lightbox-7\" data-lightbox=\"lightbox-7\" data-img=\"https:\/\/www.kern-unternehmensnachfolge.com\/wp-content\/uploads\/2026\/03\/UDZ-Siegel_KERN.svg\" target=\"_blank\"> <img decoding=\"async\" src=\"https:\/\/www.kern-unternehmensnachfolge.com\/wp-content\/uploads\/2026\/03\/UDZ-Siegel_KERN.svg\" alt=\"UDZ-Siegel KERN\"> <\/a>    <!-- Lightbox containers -->   <span>\u2715<\/span> <img decoding=\"async\" src=\"https:\/\/www.kern-unternehmensnachfolge.com\/wp-content\/uploads\/2024\/05\/german-customer-arwards2024-150x150.jpeg\" alt=\"German Customer Awards 2024\"> German Custo\u00admer Awards 2024     <span>\u2715<\/span> <img decoding=\"async\" src=\"https:\/\/www.kern-unternehmensnachfolge.com\/wp-content\/uploads\/2023\/06\/TC_19_Member_Strich-211x300.jpg\" alt=\"TC 19 Member\"> <span class=\"caps\">TC<\/span> 19 Member     <span>\u2715<\/span> <img decoding=\"async\" src=\"https:\/\/www.kern-unternehmensnachfolge.com\/wp-content\/uploads\/2025\/04\/SZ-Institut-Beste-Berater-Mittelstand.webp\" alt=\"SZ - Beste Berater Mittelstand\">  Beste Berater Mittel\u00adstand \u2013 <span class=\"caps\">SZ<\/span> Insti\u00adtut      <span>\u2715<\/span> <img decoding=\"async\" src=\"https:\/\/www.kern-unternehmensnachfolge.com\/wp-content\/uploads\/2025\/06\/WirtschaftsWoche-Beste-Berater-Mittelstand.webp\" alt=\"WirtschaftsWoche - Beste Berater Mittelstand\">  Beste Berater Mittel\u00adstand \u2013 Wirtschafts\u00adWo\u00adche      <span>\u2715<\/span> <img decoding=\"async\" src=\"https:\/\/www.kern-unternehmensnachfolge.com\/wp-content\/uploads\/2025\/09\/Exzellenter-Nachfolgeberater-Award-2025.webp\" alt=\"Exzellenter Nachfolgeberater Award 2025\">  Exzel\u00adlen\u00adter Nachfol\u00adge\u00adbe\u00adra\u00adter Award 2025      <span>\u2715<\/span> <img decoding=\"async\" src=\"https:\/\/www.kern-unternehmensnachfolge.com\/wp-content\/uploads\/2026\/03\/UDZ-Siegel_KERN.svg\" alt=\"UDZ-Siegel KERN\">  UDZ-Siegel <span class=\"caps\">KERN<\/span>    <!-- JavaScript for lightbox functionality -->  <\/p>\n<h2 style=\"text-align: left;\">Josef Andr\u00e9s Exper\u00adti\u00adse f\u00fcr Ihre erfolg\u00adrei\u00adche Unternehmens\u00adnachfolge in Freiburg<\/h2>\n<p>Jahrgang 1975, Diplom-Ingenieur (<span class=\"caps\">HTL<\/span>), Fachrich\u00adtung Bautech\u00adnik, dipl. syste\u00admi\u00adscher Business <span class=\"amp\">&amp;<\/span> Manage\u00adment Coach (<span class=\"caps\">CAS<\/span>\/<span class=\"caps\">ECA<\/span>) mit den Schwer\u00adpunk\u00adten Ver\u00e4n\u00adde\u00adrungs-Manage\u00adment, Innova\u00adti\u00adon und Transaktion.<\/p>\n<p>Spezia\u00adlist f\u00fcr Unternehmens\u00adnachfolge, <a href=\"https:\/\/www.kern-unternehmensnachfolge.com\/it\/unternehmensverkauf\/\" style=\"outline: none;\" target=\"_blank\">Vendita d\u2019impre\u00adsa<\/a> und Unter\u00adnehmens\u00adkauf in der Schweiz. Gr\u00fcnder und Gesch\u00e4fts\u00adf\u00fch\u00adren\u00adder Gesell\u00adschaf\u00adter mehre\u00adrer inter\u00adna\u00adtio\u00adnal t\u00e4tiger Unter\u00adneh\u00admen im Bereich Markt\u00adfor\u00adschung \/ Consul\u00adting \/ Training \/ Personalentwicklung.<\/p>\n<p>Mitglied des Beirats aller KERN-Systempartner.<\/p>\n<p><span><img decoding=\"async\" alt=\"Exzellenter Nachfolgeberater Award 2025\" data-id=\"35007\" width=\"240\" data-init-width=\"0\" height=\"240\" data-init-height=\"0\" title=\"Exzellenter Nachfolgeberater Award 2025\" src=\"https:\/\/www.kern-unternehmensnachfolge.com\/wp-content\/uploads\/2025\/10\/Exzellenter-Nachfolgeberater-Award-2025.svg\" data-width=\"240\" data-height=\"240\" style=\"aspect-ratio: auto 0 \/ 0;\" loading=\"lazy\"><\/span><\/p>\n<p style>Avvia consiglio dell\u2019esperto<\/p>\n<p><span style=\"width: 100%;\"><img decoding=\"async\" alt title=\"Josef-Andre-22\" data-id=\"32442\" src=\"https:\/\/www.kern-unternehmensnachfolge.com\/wp-content\/uploads\/2025\/01\/Josef-Andre-22.jpg\" style=\"aspect-ratio: auto 800 \/ 394;\" data-width=\"210\" data-height=\"103\" data-init-width=\"800\" data-init-height=\"394\" loading=\"lazy\" ml-d=\"-60\" center-h-d=\"false\" mt-d=\"0\" width=\"210\" height=\"103\"><\/span><\/p>\n<h2 data-hide=\"true\" id=\"t-1654808931768\" style=\"text-align: center;\">Ha doman\u00adde riservate?&nbsp;<br>\u200bBuchen Sie direkt online Ihren Gratis-Wunschtermin<\/h2>\n<h4>Zukunfts\u00adf\u00e4\u00adhig\u00adkeit f\u00fcr <span class=\"caps\">WIBRE<\/span> im Einklang mit der Familie gesichert<\/h4>\n<p>Wir hatten bei uns eine l\u00e4nger andau\u00adern\u00adde, unzufrie\u00adden\u00adstel\u00adlen\u00adde Situa\u00adti\u00adon bzgl. der Fortf\u00fch\u00adrung des Famili\u00aden\u00adun\u00adter\u00adneh\u00admens. Durch die Unter\u00adst\u00fct\u00adzung der Herren Rehfu\u00df und Grepp\u00admair von <span class=\"caps\">KERN<\/span> wurde erstmals der Weg f\u00fcr gemein\u00adsa\u00adme Ziele geebnet. Die Zukunfts\u00adf\u00e4\u00adhig\u00adkeit f\u00fcr <span class=\"caps\">WIBRE<\/span> ist somit f\u00fcr meinen Bruder und mich im Einklang mit der gesam\u00adten Familie gesichert.<\/p>\n<p>Besten Dank f\u00fcr die Begleitung!<\/p>\n<p><span>Chris\u00adti\u00adan Breunin\u00adger<\/span><span>,Gesch\u00e4fts\u00adlei\u00adtung | <span class=\"caps\">WIBRE<\/span> Elektroger\u00e4te<\/span><\/p>\n<h4>Ohne Karl Rehfu\u00df w\u00e4re ich vermut\u00adlich schon lange an der Geschich\u00adte verzweifelt<\/h4>\n<p>Ohne Karl Rehfu\u00df und seinen oft selbst\u00adlo\u00adsen und immer optimis\u00adti\u00adschen Einsatz w\u00e4re ich vermut\u00adlich schon lange an der Geschich\u00adte verzwei\u00adfelt. Wir alle hier sind richtig froh, genau diesen KERN-Exper\u00adten in diesen vergan\u00adge\u00adnen schwie\u00adri\u00adgen Zeiten an unserer Seite gehabt zu&nbsp;haben.<\/p>\n<p><span>J\u00fcrgen Bantel<\/span><span><\/span><\/p>\n<h4>Herr Rehfu\u00df von <span class=\"caps\">KERN<\/span> stand uns zu jedem Zeitpunkt kompe\u00adtent und profes\u00adsio\u00adnell zur&nbsp;Seite<\/h4>\n<p>Herr Rehfu\u00df vom <span class=\"caps\">KERN<\/span> Stand\u00adort Stutt\u00adgart stand uns zu jedem Zeitpunkt der Firmen\u00ad\u00fcber\u00adnah\u00adme kompe\u00adtent und mit fachli\u00adchen Wissen profes\u00adsio\u00adnell zur Seite. Auch schwie\u00adri\u00adge Phasen wurden erfolg\u00adreich und zeitnah abgewi\u00adckelt. Die Beratung <span class=\"amp\">&amp;<\/span> Unter\u00adst\u00fct\u00adzung war wichtig und hat uns in allen Belan\u00adgen in diesem sehr komple\u00adxen Thema weiter geholfen.<\/p>\n<p><span>Gilbert Di Zillo<\/span><span>,<span class=\"caps\">IGZ<\/span> GmbH<\/span><span><\/span><span><\/span><\/p>\n<h4>Vom ersten Moment an hat <span class=\"caps\">KERN<\/span> verstan\u00adden eine sehr vertrau\u00adens\u00advol\u00adle Basis des Projek\u00adtes zu schaffen<\/h4>\n<p><span>I.K. \u2013 Unter\u00adneh\u00admer aus Flens\u00adburg<\/span><span>Mitge\u00adsell\u00adschaf\u00adter eines Kanalreinigungsunternehmens<\/span><\/p>\n<p>Herr Ingo Claus hat es vom ersten Moment an verstan\u00adden, eine sehr vertrau\u00adens\u00advol\u00adle Basis zum Beginn des Projek\u00adtes zu schaf\u00adfen \u2013 eine Gespr\u00e4chs\u00adba\u00adsis f\u00fcr die Gesell\u00adschaf\u00adter unter\u00adein\u00adan\u00adder im Rahmen eines Workshops zu bilden, so dass hieraus eine sehr effizi\u00aden\u00adte Weiter\u00adent\u00adwick\u00adlung der Vorstel\u00adlun\u00adgen betriebs\u00adin\u00adtern statt\u00adfin\u00adden konnte. Wir bedan\u00adken uns f\u00fcr diese sehr angeneh\u00adme und vertrau\u00adens\u00advol\u00adle Zusam\u00admen\u00adar\u00adbeit und werden Ihre Unter\u00adneh\u00admens\u00adgrup\u00adpe gerne weiterempfehlen.<\/p>\n<h4>\u2026 sehr zufrie\u00adden und w\u00fcrde Kern jeder\u00adzeit und unein\u00adge\u00adschr\u00e4nkt weiterempfehlen<\/h4>\n<p><span>M.B., Unter\u00adneh\u00admer aus Nieder\u00adsach\u00adsen<\/span><span>Inhaber einer Bautr\u00e4gergesellschaft<\/span><\/p>\n<p><\/p><p style=\"text-align: left;\" align=\"justify\">Beson\u00adders gut an <span class=\"caps\">KERN<\/span> und Herrn Ingo Claus hat mir der sehr profes\u00adsio\u00adnel\u00adle und vertrau\u00adens\u00advol\u00adle Umgang mit mir als Unter\u00adneh\u00admens\u00adver\u00adk\u00e4u\u00adfer und den Inter\u00ades\u00adsen\u00adten gefal\u00adlen. Herr Claus handel\u00adte stets l\u00f6sungs\u00adori\u00aden\u00adtiert und stand in einem st\u00e4ndi\u00adgen Dialog zwischen mir als Verk\u00e4u\u00adfer und den poten\u00adzi\u00adel\u00adlen Erwer\u00adbern. Auch wenn es am Ende zwar nicht zu einem Verkaufs\u00adab\u00adschluss gekom\u00admen ist, was \u00e4u\u00dferen Umst\u00e4n\u00adden geschul\u00addet war, so bin ich mit der geleis\u00adte\u00adten Arbeit von <span class=\"caps\">KERN<\/span>, Herrn Claus, sehr zufrie\u00adden gewesen und w\u00fcrde <span class=\"caps\">KERN<\/span> und ihn jeder\u00adzeit und unein\u00adge\u00adschr\u00e4nkt weiterempfehlen.<\/p>\n\n<h4>Seine F\u00e4hig\u00adkeit, sich in die Beson\u00adder\u00adhei\u00adten von Famili\u00aden\u00adun\u00adter\u00adneh\u00admen einzu\u00adar\u00adbei\u00adten, sehr zu sch\u00e4t\u00adzen gelernt<\/h4>\n<p><span>Petra Rausch \u2013 Unter\u00adneh\u00adme\u00adrin aus Lohmar<\/span><span>Ber\u00e4t Famili\u00aden\u00adun\u00adter\u00adneh\u00admen bei Internationalisierungsprojekten<\/span><\/p>\n<p>Ich habe Herrn Claus 2010 im Rahmen eines Expan\u00adsi\u00adons\u00adpro\u00adjek\u00adtes f\u00fcr ein inhaber\u00adge\u00adf\u00fchr\u00adtes Unter\u00adneh\u00admen kennen\u00adge\u00adlernt. W\u00e4hrend dieser Zeit habe ich seine zielori\u00aden\u00adtier\u00adte Arbeits\u00adwei\u00adse und seine F\u00e4hig\u00adkeit, sich in die Beson\u00adder\u00adhei\u00adten von Famili\u00aden\u00adun\u00adter\u00adneh\u00admen einzu\u00adar\u00adbei\u00adten, sehr zu sch\u00e4t\u00adzen gelernt. Ich empfeh\u00adle ihn gern weiter.<\/p>\n<h3 style=\"text-align: left;\">Cosa possia\u00admo fare per&nbsp;Lei?<\/h3>\n<p>Josef Andr\u00e9 ist Ihr kompe\u00adten\u00adter Exper\u00adte f\u00fcr Unternehmens\u00adnachfolge in Freiburg im Breis\u00adgau.<br>Con oltre 40 sedi in tutta la regio\u00adne <span class=\"caps\">DACH<\/span> e in Europa siamo da oltre 20 anni gli specia\u00adlis\u00adti per le medie impre\u00adse.<br>Vendia\u00admo il Suo lavoro di una vita, accom\u00adpa\u00adgnia\u00admo proces\u00adsi intra\u00adfa\u00admi\u00adlia\u00adri nel passag\u00adgio genera\u00adzio\u00adna\u00adle o siamo al Suo fianco nell\u2019ac\u00adquis\u00adto di impre\u00adse.<br>Entria\u00admo ora in contat\u00adto per discu\u00adte\u00adre delle Sue esigenze.<\/p>\n<p><span style><img decoding=\"async\" alt data-id=\"32442\" width=\"368\" data-init-width=\"800\" height=\"181\" data-init-height=\"394\" title=\"Josef-Andre-22\" src=\"https:\/\/www.kern-unternehmensnachfolge.com\/wp-content\/uploads\/2025\/01\/Josef-Andre-22.jpg\" data-width=\"368\" data-height=\"181\" style=\"aspect-ratio: auto 800 \/ 394;\" mt-d=\"0\" ml-d=\"0\" center-h-d=\"false\" loading=\"lazy\"><\/span><\/p>\n<p style=\"text-align: left;\"><strong><span class=\"caps\">KERN<\/span> Unternehmens\u00adnachfolge Freiburg<br><\/strong>Sede giuri\u00addi\u00adca\u00admen\u00adte autono\u00adma<br>Josef Andr\u00e9<br>Kaiser-Joseph-Str. 254<br>79098 Freiburg im Breisgau<\/p>\n<p style=\"text-align: left;\">Telefo\u00adno <a href=\"tel:+4976155724843\" target=\"_blank\" style=\"outline: none;\">+49 761 55724843<\/a><br><a href=\"mailto:andre@kern-unternehmensnachfolge.com\" style=\"outline: none;\" target=\"_blank\">andre@kern-unternehmensnachfolge.com<\/a><\/p>\n<p><span style=\"width: 100%;\"><img decoding=\"async\" alt title=\"bewerten Sie mich - Google\" data-id=\"32554\" src=\"https:\/\/www.kern-unternehmensnachfolge.com\/wp-content\/uploads\/2025\/01\/bewerten-Sie-mich-Google.png\" style=\"aspect-ratio: auto 300 \/ 300;\" width=\"220\" height=\"220\" data-width=\"220\" data-height=\"220\" data-init-width=\"300\" data-init-height=\"300\" loading=\"lazy\"><\/span><a href=\"https:\/\/www.linkedin.com\/in\/josef-andre-71313121\/\" target=\"_blank\" rel=\"noopener\"><\/a><a href=\"https:\/\/www.xing.com\/profile\/Josef_Andre\/portfolio\" target=\"_blank\" rel=\"noopener\"><\/a><\/p>","protected":false},"excerpt":{"rendered":"<p>Josef Andr\u00e9 \u2013 Ihr Spezialist f\u00fcr Unternehmensnachfolge Nachfolger gesucht? Der sichere Weg zur Unternehmensnachfolge in Freiburg im Breisgau \u2605\u2605\u2605\u2605\u2605 &nbsp;5.0 [&hellip;]<\/p>\n","protected":false},"author":84,"featured_media":0,"parent":27709,"menu_order":0,"comment_status":"closed","ping_status":"closed","template":"","meta":{"wp_typography_post_enhancements_disabled":false,"_kad_blocks_custom_css":"","_kad_blocks_head_custom_js":"","_kad_blocks_body_custom_js":"","_kad_blocks_footer_custom_js":"","site-sidebar-layout":"no-sidebar","site-content-layout":"page-builder","ast-site-content-layout":"full-width-container","site-content-style":"unboxed","site-sidebar-style":"unboxed","ast-global-header-display":"disabled","ast-banner-title-visibility":"disabled","ast-main-header-display":"","ast-hfb-above-header-display":"","ast-hfb-below-header-display":"","ast-hfb-mobile-header-display":"","site-post-title":"","ast-breadcrumbs-content":"","ast-featured-img":"","footer-sml-layout":"disabled","ast-disable-related-posts":"","theme-transparent-header-meta":"","adv-header-id-meta":"","stick-header-meta":"","header-above-stick-meta":"","header-main-stick-meta":"","header-below-stick-meta":"","astra-migrate-meta-layouts":"set","ast-page-background-enabled":"default","ast-page-background-meta":{"desktop":{"background-color":"","background-image":"","background-repeat":"repeat","background-position":"center center","background-size":"auto","background-attachment":"scroll","background-type":"","background-media":"","overlay-type":"","overlay-color":"","overlay-opacity":"","overlay-gradient":""},"tablet":{"background-color":"","background-image":"","background-repeat":"repeat","background-position":"center center","background-size":"auto","background-attachment":"scroll","background-type":"","background-media":"","overlay-type":"","overlay-color":"","overlay-opacity":"","overlay-gradient":""},"mobile":{"background-color":"","background-image":"","background-repeat":"repeat","background-position":"center center","background-size":"auto","background-attachment":"scroll","background-type":"","background-media":"","overlay-type":"","overlay-color":"","overlay-opacity":"","overlay-gradient":""}},"ast-content-background-meta":{"desktop":{"background-color":"var(--ast-global-color-5)","background-image":"","background-repeat":"repeat","background-position":"center center","background-size":"auto","background-attachment":"scroll","background-type":"","background-media":"","overlay-type":"","overlay-color":"","overlay-opacity":"","overlay-gradient":""},"tablet":{"background-color":"var(--ast-global-color-5)","background-image":"","background-repeat":"repeat","background-position":"center center","background-size":"auto","background-attachment":"scroll","background-type":"","background-media":"","overlay-type":"","overlay-color":"","overlay-opacity":"","overlay-gradient":""},"mobile":{"background-color":"var(--ast-global-color-5)","background-image":"","background-repeat":"repeat","background-position":"center center","background-size":"auto","background-attachment":"scroll","background-type":"","background-media":"","overlay-type":"","overlay-color":"","overlay-opacity":"","overlay-gradient":""}},"iawp_total_views":5,"footnotes":""},"class_list":["post-36701","page","type-page","status-publish","hentry"],"taxonomy_info":[],"featured_image_src_large":false,"author_info":{"display_name":"Benjamin","author_link":"https:\/\/www.kern-unternehmensnachfolge.com\/it\/author\/benjamin-onestop\/"},"comment_info":0,"_links":{"self":[{"href":"https:\/\/www.kern-unternehmensnachfolge.com\/it\/wp-json\/wp\/v2\/pages\/36701","targetHints":{"allow":["GET"]}}],"collection":[{"href":"https:\/\/www.kern-unternehmensnachfolge.com\/it\/wp-json\/wp\/v2\/pages"}],"about":[{"href":"https:\/\/www.kern-unternehmensnachfolge.com\/it\/wp-json\/wp\/v2\/types\/page"}],"author":[{"embeddable":true,"href":"https:\/\/www.kern-unternehmensnachfolge.com\/it\/wp-json\/wp\/v2\/users\/84"}],"replies":[{"embeddable":true,"href":"https:\/\/www.kern-unternehmensnachfolge.com\/it\/wp-json\/wp\/v2\/comments?post=36701"}],"version-history":[{"count":4,"href":"https:\/\/www.kern-unternehmensnachfolge.com\/it\/wp-json\/wp\/v2\/pages\/36701\/revisions"}],"predecessor-version":[{"id":36707,"href":"https:\/\/www.kern-unternehmensnachfolge.com\/it\/wp-json\/wp\/v2\/pages\/36701\/revisions\/36707"}],"up":[{"embeddable":true,"href":"https:\/\/www.kern-unternehmensnachfolge.com\/it\/wp-json\/wp\/v2\/pages\/27709"}],"wp:attachment":[{"href":"https:\/\/www.kern-unternehmensnachfolge.com\/it\/wp-json\/wp\/v2\/media?parent=36701"}],"curies":[{"name":"wp","href":"https:\/\/api.w.org\/{rel}","templated":true}]}}