{"id":28067,"date":"2023-07-12T16:17:11","date_gmt":"2023-07-12T14:17:11","guid":{"rendered":"https:\/\/kern-unternehmensnachfolge.com\/?page_id=28067"},"modified":"2026-01-25T18:23:43","modified_gmt":"2026-01-25T17:23:43","slug":"osnabrueck-claus","status":"publish","type":"page","link":"https:\/\/www.kern-unternehmensnachfolge.com\/it\/standort\/osnabrueck-claus\/","title":{"rendered":"<span class=\"caps\">KERN<\/span> \u2013 M<span class=\"amp\">&amp;<\/span>A Beratung f\u00fcr Unternehmens\u00adnachfolge <span class=\"amp\">&amp;<\/span> Unter\u00adnehmens\u00adverkauf Osnabr\u00fcck"},"content":{"rendered":"<p><a target=\"_blank\" href=\"https:\/\/www.kern-unternehmensnachfolge.com\" data-id-d=\"0\" data-img-style=\"width: 100%;\"><img decoding=\"async\" src=\"https:\/\/www.kern-unternehmensnachfolge.com\/wp-content\/uploads\/2023\/05\/kern_logo2023_rgb_farbig_transparent.png\" height=\"502\" width=\"1317\" alt=\"KERN Logo\" style=\"width: 100%;\" loading=\"lazy\"><\/img><\/a><\/p>\n<h2>Firmennachfolger gesucht? KERN ist Ihr verl\u00e4sslicher Partner<\/h2>\n<h1><span data-sheets-formula=\"=R[0]C[-6]&amp;&quot; - M&amp;A Beratung f\u00fcr Unternehmensnachfolge &amp; Unternehmensverkauf in&quot;&amp;&quot; &quot;&amp;R[0]C[-7]&amp;&quot; und Umgebung&quot;\" data-sheets-value=\"{&quot;1&quot;:2,&quot;2&quot;:&quot;Ingo Claus - M&amp;A Beratung f\u00fcr Unternehmensnachfolge &amp; Unternehmensverkauf in Osnabr\u00fcck und Umgebung&quot;}\" style=\"font-size: 50px;\">Ingo Claus &#8211; M&amp;A Beratung f\u00fcr Unternehmensnachfolge &amp; Unternehmensverkauf in Osnabr\u00fcck und Umgebung<\/span><\/h1>\n<p>[tcb-script type=&#8220;application\/ld+json&#8220;]{  &#8222;@context&#8220;: &#8222;https:\/\/schema.org&#8220;,  &#8222;@type&#8220;: &#8222;LocalBusiness&#8220;,  &#8222;name&#8220;: &#8222;KERN \u2013 M&amp;A Beratung f\u00fcr Unternehmensnachfolge &amp; Unternehmensverkauf Osnabr\u00fcck&#8220;,  &#8222;image&#8220;: &#8222;https:\/\/www.kern-unternehmensnachfolge.com\/wp-content\/uploads\/2023\/05\/kern_logo2023_rgb_farbig_transparent.png&#8220;,  &#8222;@id&#8220;: &#8222;&#8220;,  &#8222;url&#8220;: &#8222;https:\/\/www.kern-unternehmensnachfolge.com\/standort\/osnabrueck-claus\/&#8220;,  &#8222;telephone&#8220;: &#8222;+49 541 50798510&#8220;,  &#8222;address&#8220;: {    &#8222;@type&#8220;: &#8222;PostalAddress&#8220;,    &#8222;streetAddress&#8220;: &#8222;Winkelhausenstra\u00dfe 13&#8220;,    &#8222;addressLocality&#8220;: &#8222;Osnabr\u00fcck&#8220;,    &#8222;postalCode&#8220;: &#8222;49090&#8220;,    &#8222;addressCountry&#8220;: &#8222;DE&#8220;  },  &#8222;geo&#8220;: {    &#8222;@type&#8220;: &#8222;GeoCoordinates&#8220;,    &#8222;latitude&#8220;: 52.3004664,    &#8222;longitude&#8220;: 8.028597999999999  },  &#8222;openingHoursSpecification&#8220;: {    &#8222;@type&#8220;: &#8222;OpeningHoursSpecification&#8220;,    &#8222;dayOfWeek&#8220;: [      &#8222;Monday&#8220;,      &#8222;Tuesday&#8220;,      &#8222;Wednesday&#8220;,      &#8222;Thursday&#8220;,      &#8222;Friday&#8220;    ],    &#8222;opens&#8220;: &#8222;09:00&#8220;,    &#8222;closes&#8220;: &#8222;18:00&#8220;  },  &#8222;sameAs&#8220;: &#8222;https:\/\/www.linkedin.com\/in\/ingoclaus\/&#8220; }[\/tcb-script]<\/p>\n<h4 style=\"text-align: left;\"><a href=\"https:\/\/www.provenexpert.com\/kern-zukunft-fuer-lebenswerke\/\" style=\"outline: none;\" target=\"_blank\" rel=\"noopener\">\u2605\u2605\u2605\u2605\u2605 &nbsp;5.0 Sterne aus Kundenbewertungen auf Provenexpert<\/a>&nbsp;<\/h4>\n<p><span><a href=\"https:\/\/www.kern-unternehmensnachfolge.com\/erfolgsgarantie\" rel=\"\" target=\"_blank\"><img decoding=\"async\" alt=\"\" data-id=\"31496\" width=\"174\" data-init-width=\"481\" height=\"171\" data-init-height=\"464\" title=\"KERN_Erfolgsgarantie_RGB_weiss_08.24\" src=\"https:\/\/www.kern-unternehmensnachfolge.com\/wp-content\/uploads\/2024\/08\/KERN_Erfolgsgarantie_RGB_weiss_08.24.png\" data-width=\"174\" data-link-wrap=\"true\" style=\"aspect-ratio: auto 481 \/ 464; height: 171px;\" data-height=\"171\" loading=\"lazy\"><\/a><\/span><span><img decoding=\"async\" alt=\"\" data-id=\"27651\" width=\"70\" data-init-width=\"512\" height=\"70\" data-init-height=\"512\" title=\"circled-play\" src=\"https:\/\/www.kern-unternehmensnachfolge.com\/wp-content\/uploads\/2023\/07\/circled-play.png\" data-width=\"70\" data-height=\"70\" style=\"aspect-ratio: auto 512 \/ 512;\" loading=\"lazy\"><\/span><\/p>\n<p style=\"\">Kennenlern-Video starten<\/p>\n<p>     <!-- Original logos -->  <a href=\"#lightbox-1\" data-lightbox=\"lightbox-1\" data-img=\"https:\/\/www.kern-unternehmensnachfolge.com\/wp-content\/uploads\/2025\/03\/UDZ-Siegel_Nils-Koerber.webp\" target=\"_blank\" > <img decoding=\"async\" src=\"https:\/\/www.kern-unternehmensnachfolge.com\/wp-content\/uploads\/2025\/03\/UDZ-Siegel_Nils-Koerber.webp\" alt=\"UDZ Siegel Nils K\u00f6rber\" \/> <\/a>   <a href=\"#lightbox-2\" data-lightbox=\"lightbox-2\" data-img=\"https:\/\/www.kern-unternehmensnachfolge.com\/wp-content\/uploads\/2024\/05\/german-customer-arwards2024-150x150.jpeg\" target=\"_blank\" > <img decoding=\"async\" src=\"https:\/\/www.kern-unternehmensnachfolge.com\/wp-content\/uploads\/2024\/05\/german-customer-arwards2024-150x150.jpeg\" alt=\"German Customer Awards 2024\" \/> <\/a>   <a href=\"https:\/\/www.provenexpert.com\/kern-zukunft-fuer-lebenswerke\/\" target=\"_blank\" rel=\"noopener\"> <img decoding=\"async\" src=\"https:\/\/www.kern-unternehmensnachfolge.com\/wp-content\/uploads\/2025\/10\/Proven-Expert-Von-Kunden-Empfohlen-2025.webp\" alt=\"Proven Expert - Von Kunden Empfohlen 2025\" \/> <\/a>   <a href=\"https:\/\/die-deutsche-wirtschaft.de\/top-mittelstand-deutschland-kern-zukunft-fuer-lebenswerke\/\" target=\"_blank\" rel=\"noopener\"> <img decoding=\"async\" src=\"https:\/\/www.kern-unternehmensnachfolge.com\/wp-content\/uploads\/2025\/08\/Top-Branche-Siegel-KERN.webp\" alt=\"TOP mittelst\u00e4ndisches Unternehmen\" \/> <\/a>   <a href=\"https:\/\/die-deutsche-wirtschaft.de\/exzellenzberater\/kern-unternehmensnachfolge-erfolgreicher\/\" target=\"_blank\" rel=\"noopener\"> <img decoding=\"async\" src=\"https:\/\/www.kern-unternehmensnachfolge.com\/wp-content\/uploads\/2025\/03\/Exzellenzberater-Deutscher-Mittelstand-2023.webp\" alt=\"Exzellenzberater 2023\" \/> <\/a>   <a href=\"https:\/\/die-deutsche-wirtschaft.de\/exzellenzberater\/kern-unternehmensnachfolge-erfolgreicher\/\" target=\"_blank\" rel=\"noopener\"> <img decoding=\"async\" src=\"https:\/\/www.kern-unternehmensnachfolge.com\/wp-content\/uploads\/2025\/03\/Exzellenzberater-Deutscher-Mittelstand-2024.webp\" alt=\"Exzellenzberater 2024\" \/> <\/a>   <a href=\"#lightbox-6\" data-lightbox=\"lightbox-6\" data-img=\"https:\/\/www.kern-unternehmensnachfolge.com\/wp-content\/uploads\/2025\/09\/Exzellenter-Nachfolgeberater-Award-2025.webp\" target=\"_blank\" > <img decoding=\"async\" src=\"https:\/\/www.kern-unternehmensnachfolge.com\/wp-content\/uploads\/2025\/09\/Exzellenter-Nachfolgeberater-Award-2025.webp\" alt=\"Exzellenter Nachfolgeberater Award 2025\" \/> <\/a>   <a href=\"https:\/\/vimeo.com\/775891851\" target=\"_blank\" rel=\"noopener\"> <img decoding=\"async\" src=\"https:\/\/www.kern-unternehmensnachfolge.com\/wp-content\/uploads\/2023\/07\/kern-german-brand-award-2021-132x300.jpeg\" alt=\"German Brand Award 2021\" \/> <\/a>   <a href=\"https:\/\/vimeo.com\/787837024\" target=\"_blank\" rel=\"noopener\"> <img decoding=\"async\" src=\"https:\/\/www.kern-unternehmensnachfolge.com\/wp-content\/uploads\/2025\/03\/Innovator-des-Jahres-2021.webp\" alt=\"Innovator 2021\" \/> <\/a>   <a href=\"#lightbox-3\" data-lightbox=\"lightbox-3\" data-img=\"https:\/\/www.kern-unternehmensnachfolge.com\/wp-content\/uploads\/2023\/06\/TC_19_Member_Strich-211x300.jpg\" target=\"_blank\" > <img decoding=\"async\" src=\"https:\/\/www.kern-unternehmensnachfolge.com\/wp-content\/uploads\/2023\/06\/TC_19_Member_Strich-211x300.jpg\" alt=\"TC 19 Member\" \/> <\/a>   <a href=\"https:\/\/vimeo.com\/775920300\" target=\"_blank\" rel=\"noopener\"> <img decoding=\"async\" src=\"https:\/\/www.kern-unternehmensnachfolge.com\/wp-content\/uploads\/2023\/06\/TC_20_Member_Strich-210x300.jpg\" alt=\"TC 20 Member\" \/> <\/a>   <a href=\"https:\/\/www.top-consultant.de\/kern-unternehmensnachfolge-erfolgreicher-2023\/\" target=\"_blank\" rel=\"noopener\"> <img decoding=\"async\" src=\"https:\/\/www.kern-unternehmensnachfolge.com\/wp-content\/uploads\/2023\/06\/tc_23_member_strich-210x300.jpg\" alt=\"TC 23 Member\" \/> <\/a>   <a href=\"#lightbox-4\" data-lightbox=\"lightbox-4\" data-img=\"https:\/\/www.kern-unternehmensnachfolge.com\/wp-content\/uploads\/2025\/04\/SZ-Institut-Beste-Berater-Mittelstand.webp\" target=\"_blank\" > <img decoding=\"async\" src=\"https:\/\/www.kern-unternehmensnachfolge.com\/wp-content\/uploads\/2025\/04\/SZ-Institut-Beste-Berater-Mittelstand.webp\" alt=\"SZ Beste Berater Mittelstand\" \/> <\/a>   <a href=\"#lightbox-5\" data-lightbox=\"lightbox-5\" data-img=\"https:\/\/www.kern-unternehmensnachfolge.com\/wp-content\/uploads\/2025\/06\/WirtschaftsWoche-Beste-Berater-Mittelstand.webp\" target=\"_blank\" > <img decoding=\"async\" src=\"https:\/\/www.kern-unternehmensnachfolge.com\/wp-content\/uploads\/2025\/06\/WirtschaftsWoche-Beste-Berater-Mittelstand.webp\" alt=\"WirtschaftsWoche Beste Berater Mittelstand\" \/> <\/a>  <!-- Duplicate logos for seamless loop -->  <a href=\"#lightbox-1\" data-lightbox=\"lightbox-1\" data-img=\"https:\/\/www.kern-unternehmensnachfolge.com\/wp-content\/uploads\/2025\/03\/UDZ-Siegel_Nils-Koerber.webp\" target=\"_blank\" > <img decoding=\"async\" src=\"https:\/\/www.kern-unternehmensnachfolge.com\/wp-content\/uploads\/2025\/03\/UDZ-Siegel_Nils-Koerber.webp\" alt=\"UDZ Siegel Nils K\u00f6rber\" \/> <\/a>   <a href=\"#lightbox-2\" data-lightbox=\"lightbox-2\" data-img=\"https:\/\/www.kern-unternehmensnachfolge.com\/wp-content\/uploads\/2024\/05\/german-customer-arwards2024-150x150.jpeg\" target=\"_blank\" > <img decoding=\"async\" src=\"https:\/\/www.kern-unternehmensnachfolge.com\/wp-content\/uploads\/2024\/05\/german-customer-arwards2024-150x150.jpeg\" alt=\"German Customer Awards 2024\" \/> <\/a>   <a href=\"https:\/\/www.provenexpert.com\/kern-zukunft-fuer-lebenswerke\/\" target=\"_blank\" rel=\"noopener\"> <img decoding=\"async\" src=\"https:\/\/www.kern-unternehmensnachfolge.com\/wp-content\/uploads\/2025\/10\/Proven-Expert-Von-Kunden-Empfohlen-2025.webp\" alt=\"Proven Expert - Von Kunden Empfohlen 2025\" \/> <\/a>   <a href=\"https:\/\/die-deutsche-wirtschaft.de\/top-mittelstand-deutschland-kern-zukunft-fuer-lebenswerke\/\" target=\"_blank\" rel=\"noopener\"> <img decoding=\"async\" src=\"https:\/\/www.kern-unternehmensnachfolge.com\/wp-content\/uploads\/2025\/08\/Top-Branche-Siegel-KERN.webp\" alt=\"TOP mittelst\u00e4ndisches Unternehmen\" \/> <\/a>   <a href=\"https:\/\/die-deutsche-wirtschaft.de\/exzellenzberater\/kern-unternehmensnachfolge-erfolgreicher\/\" target=\"_blank\" rel=\"noopener\"> <img decoding=\"async\" src=\"https:\/\/www.kern-unternehmensnachfolge.com\/wp-content\/uploads\/2025\/03\/Exzellenzberater-Deutscher-Mittelstand-2023.webp\" alt=\"Exzellenzberater 2023\" \/> <\/a>   <a href=\"https:\/\/die-deutsche-wirtschaft.de\/exzellenzberater\/kern-unternehmensnachfolge-erfolgreicher\/\" target=\"_blank\" rel=\"noopener\"> <img decoding=\"async\" src=\"https:\/\/www.kern-unternehmensnachfolge.com\/wp-content\/uploads\/2025\/03\/Exzellenzberater-Deutscher-Mittelstand-2024.webp\" alt=\"Exzellenzberater 2024\" \/> <\/a>   <a href=\"#lightbox-6\" data-lightbox=\"lightbox-6\" data-img=\"https:\/\/www.kern-unternehmensnachfolge.com\/wp-content\/uploads\/2025\/09\/Exzellenter-Nachfolgeberater-Award-2025.webp\" target=\"_blank\" > <img decoding=\"async\" src=\"https:\/\/www.kern-unternehmensnachfolge.com\/wp-content\/uploads\/2025\/09\/Exzellenter-Nachfolgeberater-Award-2025.webp\" alt=\"Exzellenter Nachfolgeberater Award 2025\" \/> <\/a>   <a href=\"https:\/\/vimeo.com\/775891851\" target=\"_blank\" rel=\"noopener\"> <img decoding=\"async\" src=\"https:\/\/www.kern-unternehmensnachfolge.com\/wp-content\/uploads\/2023\/07\/kern-german-brand-award-2021-132x300.jpeg\" alt=\"German Brand Award 2021\" \/> <\/a>   <a href=\"https:\/\/vimeo.com\/787837024\" target=\"_blank\" rel=\"noopener\"> <img decoding=\"async\" src=\"https:\/\/www.kern-unternehmensnachfolge.com\/wp-content\/uploads\/2025\/03\/Innovator-des-Jahres-2021.webp\" alt=\"Innovator 2021\" \/> <\/a>   <a href=\"#lightbox-3\" data-lightbox=\"lightbox-3\" data-img=\"https:\/\/www.kern-unternehmensnachfolge.com\/wp-content\/uploads\/2023\/06\/TC_19_Member_Strich-211x300.jpg\" target=\"_blank\" > <img decoding=\"async\" src=\"https:\/\/www.kern-unternehmensnachfolge.com\/wp-content\/uploads\/2023\/06\/TC_19_Member_Strich-211x300.jpg\" alt=\"TC 19 Member\" \/> <\/a>   <a href=\"https:\/\/vimeo.com\/775920300\" target=\"_blank\" rel=\"noopener\"> <img decoding=\"async\" src=\"https:\/\/www.kern-unternehmensnachfolge.com\/wp-content\/uploads\/2023\/06\/TC_20_Member_Strich-210x300.jpg\" alt=\"TC 20 Member\" \/> <\/a>   <a href=\"https:\/\/www.top-consultant.de\/kern-unternehmensnachfolge-erfolgreicher-2023\/\" target=\"_blank\" rel=\"noopener\"> <img decoding=\"async\" src=\"https:\/\/www.kern-unternehmensnachfolge.com\/wp-content\/uploads\/2023\/06\/tc_23_member_strich-210x300.jpg\" alt=\"TC 23 Member\" \/> <\/a>   <a href=\"#lightbox-4\" data-lightbox=\"lightbox-4\" data-img=\"https:\/\/www.kern-unternehmensnachfolge.com\/wp-content\/uploads\/2025\/04\/SZ-Institut-Beste-Berater-Mittelstand.webp\" target=\"_blank\" > <img decoding=\"async\" src=\"https:\/\/www.kern-unternehmensnachfolge.com\/wp-content\/uploads\/2025\/04\/SZ-Institut-Beste-Berater-Mittelstand.webp\" alt=\"SZ Beste Berater Mittelstand\" \/> <\/a>   <a href=\"#lightbox-5\" data-lightbox=\"lightbox-5\" data-img=\"https:\/\/www.kern-unternehmensnachfolge.com\/wp-content\/uploads\/2025\/06\/WirtschaftsWoche-Beste-Berater-Mittelstand.webp\" target=\"_blank\" > <img decoding=\"async\" src=\"https:\/\/www.kern-unternehmensnachfolge.com\/wp-content\/uploads\/2025\/06\/WirtschaftsWoche-Beste-Berater-Mittelstand.webp\" alt=\"WirtschaftsWoche Beste Berater Mittelstand\" \/> <\/a>    <!-- Lightbox containers -->   <span>\u2715<\/span> <img decoding=\"async\" src=\"https:\/\/www.kern-unternehmensnachfolge.com\/wp-content\/uploads\/2025\/03\/UDZ-Siegel_Nils-Koerber.webp\" alt=\"UDZ Siegel Nils K\u00f6rber\" \/> UDZ Siegel Nils K\u00f6rber     <span>\u2715<\/span> <img decoding=\"async\" src=\"https:\/\/www.kern-unternehmensnachfolge.com\/wp-content\/uploads\/2024\/05\/german-customer-arwards2024-150x150.jpeg\" alt=\"German Customer Awards 2024\" \/> German Customer Awards 2024     <span>\u2715<\/span> <img decoding=\"async\" src=\"https:\/\/www.kern-unternehmensnachfolge.com\/wp-content\/uploads\/2023\/06\/TC_19_Member_Strich-211x300.jpg\" alt=\"TC 19 Member\" \/> TC 19 Member     <span>\u2715<\/span> <img decoding=\"async\" src=\"https:\/\/www.kern-unternehmensnachfolge.com\/wp-content\/uploads\/2025\/04\/SZ-Institut-Beste-Berater-Mittelstand.webp\" alt=\"SZ - Beste Berater Mittelstand\" \/>  Beste Berater Mittelstand &#8211; SZ Institut      <span>\u2715<\/span> <img decoding=\"async\" src=\"https:\/\/www.kern-unternehmensnachfolge.com\/wp-content\/uploads\/2025\/06\/WirtschaftsWoche-Beste-Berater-Mittelstand.webp\" alt=\"WirtschaftsWoche - Beste Berater Mittelstand\" \/>  Beste Berater Mittelstand &#8211; WirtschaftsWoche      <span>\u2715<\/span> <img decoding=\"async\" src=\"https:\/\/www.kern-unternehmensnachfolge.com\/wp-content\/uploads\/2025\/09\/Exzellenter-Nachfolgeberater-Award-2025.webp\" alt=\"Exzellenter Nachfolgeberater Award 2025\" \/>  Exzellenter Nachfolgeberater Award 2025    <!-- JavaScript for lightbox functionality -->  <\/p>\n<h2 style=\"text-align: left;\">Ingo Claus Expertise f\u00fcr Ihren Unternehmensverkauf<\/h2>\n<p style=\"\">Jahrgang 1975. Dipl.-Kaufmann (FH) mit langj\u00e4hriger Gesch\u00e4ftsf\u00fchrungs- und Managementerfahrung in Familienunternehmen. Mediator und Experte f\u00fcr Unternehmensverkauf. Autor und bundesweiter Sprecher f\u00fcr Unternehmensnachfolge. Begleitet Familienunternehmen beim Generationswechsel, dem Unternehmenskauf und dem Unternehmensverkauf, speziell beim <a href=\"https:\/\/www.kern-unternehmensnachfolge.com\/gmbh-verkaufen\/\" target=\"_blank\">GmbH-Verkauf<\/a> in Osnabr\u00fcck, M\u00fcnster, Ostwestfalen und dem Emsland.Umfangreiche Expertise im Beteiligungsmanagement sowie in der Durchf\u00fchrung und Verhandlung von nationalen und internationalen M&amp;A-Projekten f\u00fcr inhabergef\u00fchrte Unternehmen des deutschen Mittelstands.<\/p>\n<p style=\"\">Organisiert seit 2002 erfolgreich Unternehmensnachfolgen, Firmenverk\u00e4ufe sowie Unternehmenszusammenschl\u00fcsse in Produktions-, Handwerks- und Dienstleistungsunternehmen sowie im Handel und Medienunternehmen. Gr\u00fcnder und gesch\u00e4ftsf\u00fchrender Gesellschafter eines Handelsunternehmens im Bereich Architektur- und Design.Partner von KERN &#8211; Unternehmensnachfolge. Inhaber des rechtlich selbst\u00e4ndigen Standortes Osnabr\u00fcck \/ M\u00fcnsterland. Zweitsprache Englisch, Drittsprache Russisch. Spezialist f\u00fcr Firmenkauf oder Unternehmensverkauf in Osnabr\u00fcck, M\u00fcnster, Ostwestfalen und dem Emsland.<\/p>\n<p><span><img decoding=\"async\" alt=\"KERN M&amp;A Beratung Ingo Claus bei einer Besprechung zur Unternehmensnachfolge mit Axel Bergmann\" data-id=\"2968\" width=\"370\" data-init-width=\"1920\" height=\"208\" data-init-height=\"1080\" title=\"ingo-claus-partner4\" src=\"https:\/\/www.kern-unternehmensnachfolge.com\/wp-content\/uploads\/2018\/08\/ingo-claus-partner4.jpg\" data-width=\"370\" data-height=\"208\" style=\"aspect-ratio: auto 1920 \/ 1080;\" loading=\"lazy\"><\/span><span><img decoding=\"async\" alt=\"KERN M&amp;A Beratung Ingo Claus bei einer Besprechung zum Unternehmensverkauf mit Thomas Doerr\" data-id=\"2969\" width=\"178\" data-init-width=\"1920\" height=\"100\" data-init-height=\"1080\" title=\"ingo-claus-partner3\" src=\"https:\/\/www.kern-unternehmensnachfolge.com\/wp-content\/uploads\/2018\/08\/ingo-claus-partner3.jpg\" data-width=\"178\" data-height=\"100\" style=\"aspect-ratio: auto 1920 \/ 1080;\" loading=\"lazy\"><\/span><span><img decoding=\"async\" alt=\"Exzellenter Nachfolgeberater Award 2025\" data-id=\"35007\" width=\"180\" data-init-width=\"0\" height=\"180\" data-init-height=\"0\" title=\"Exzellenter Nachfolgeberater Award 2025\" loading=\"lazy\" src=\"https:\/\/www.kern-unternehmensnachfolge.com\/wp-content\/uploads\/2025\/10\/Exzellenter-Nachfolgeberater-Award-2025.svg\" data-width=\"180\" data-height=\"180\" style=\"aspect-ratio: auto 0 \/ 0;\"><\/span><span><img decoding=\"async\" alt=\"\" data-id=\"27651\" width=\"70\" data-init-width=\"512\" height=\"70\" data-init-height=\"512\" title=\"circled-play\" src=\"https:\/\/www.kern-unternehmensnachfolge.com\/wp-content\/uploads\/2023\/07\/circled-play.png\" data-width=\"70\" data-height=\"70\" style=\"aspect-ratio: auto 512 \/ 512;\" loading=\"lazy\"><\/span><\/p>\n<p>Expertentipp starten<\/p>\n<p><span style=\"width: 100%;\"><img decoding=\"async\" alt=\"\" title=\"Kern_09_02_230770b\" data-id=\"26013\" src=\"https:\/\/www.kern-unternehmensnachfolge.com\/wp-content\/uploads\/2020\/03\/Ingo-Claus-Unternehmensverkauf-Osnabr%C3%BCck-M%C3%BCnster-OWL-100x100.jpg\" style=\"aspect-ratio: auto 100 \/ 100; height: 110px;\" data-width=\"110\" data-init-width=\"100\" data-init-height=\"100\" width=\"110\" height=\"110\" data-height=\"110\" loading=\"lazy\"><\/span><\/p>\n<h2 data-hide=\"true\" id=\"t-1654808931768\" style=\"text-align: center;\">Sie haben vertrauliche Fragen? Buchen Sie direkt online Ihren Wunschtermin. Kostenfrei.<\/h2>\n<h4>Ingo Claus von KERN hat mich und meine Interessen optimal vertreten<\/h4>\n<p>Als es im Verlauf der Verhandlung um eine Praxis\u00fcbernahme zu unerwarteten Komplikationen kam, habe ich mich an KERN und Herrn Ingo Claus gewandt. Von Beginn an habe ich mich von Herrn Claus professionell begleitet gef\u00fchlt und mich und meine Interessen optimal vertreten gesehen. Dank des Verhandlungsgeschicks von Herrn Claus, seiner sachlichen, klaren, zielorientierten Kommunikation, dem Bestreben, eine f\u00fcr beide Vertragsparteien gute L\u00f6sung zu finden und seiner ausgesprochenen F\u00e4higkeit, ruhig zu vermitteln und den \u00dcberblick zu behalten, konnte f\u00fcr die Praxis\u00fcbernahme schnell eine f\u00fcr beide Seiten (!) zufriedenstellende L\u00f6sung gefunden werden. Vielen Dank!<\/p>\n<p><span>A.P. \u2013 Fach\u00e4rztin aus Bramsche<\/span><span>,Inhaberin einer Facharztpraxis<\/span><\/p>\n<h4>Vom ersten Moment an hat KERN verstanden eine sehr vertrauensvolle Basis des Projektes zu schaffen<\/h4>\n<p>Herr Ingo Claus hat es vom ersten Moment an verstanden, eine sehr vertrauensvolle Basis zum Beginn des Projektes zu schaffen &#8211; eine Gespr\u00e4chsbasis f\u00fcr die Gesellschafter untereinander im Rahmen eines Workshops zu bilden, so dass hieraus eine sehr effiziente Weiterentwicklung der Vorstellungen betriebsintern stattfinden konnte. Wir bedanken uns f\u00fcr diese sehr angenehme und vertrauensvolle Zusammenarbeit und werden Ihre Unternehmensgruppe gerne weiterempfehlen.<\/p>\n<p><span>I.K. &#8211; Unternehmer aus Flensburg<\/span><span>,Mitgesellschafter eines Kanalreinigungsunternehmens<\/span><\/p>\n<h4>Organisation einer erfolgreichen Nachfolge f\u00fcr einen Handwerksbetrieb<\/h4>\n<p>Wir waren mit Herrn Claus von der Firma KERN sehr zufrieden. Insbesondere hat uns sein Einsatz bei der Organisation einer erfolgreichen Nachfolge f\u00fcr einen Handwerksbetrieb sehr geholfen. Wir empfehlen Herrn Claus gern weiter.<\/p>\n<p><span>Herbert Seus<\/span><span>,Unternehmer aus Wilhelmshaven<\/span><\/p>\n<h4>Anhand vieler Beispiele beschrieb er den komplexen Prozess der Nachfolgersuche sehr praxisnah<\/h4>\n<p>Ich habe Ingo Claus von KERN als Referenten eines sehr empfehlenswerten Workshops zum Thema Unternehmensverkauf kennengelernt. Anhand vieler Beispiele beschrieb er den komplexen Prozess der Nachfolgersuche sehr praxisnah.<\/p>\n<p><span>T.M. \u2013 Unternehmensverk\u00e4ufer aus Osnabr\u00fcck<\/span><span><\/span><\/p>\n<h4>Die Hilfe, Beratung &#038; Unterst\u00fctzung von KERN ist Gold wert<\/h4>\n<p>Als Unternehmer mit \u00fcber 40 Jahren Berufserfahrung hat man sicherlich von vielem Ahnung, jedoch in keinster Weise von der &#8220; Nachfolge &#8222;. :-). Ich kann Nils Koerber und Ingo Claus nur bestens empfehlen. Emotional, menschlich und fachlich ist die Nachfolge eine der schwierigsten Aufgaben, die ein Unternehmer zu l\u00f6sen hat. Die Hilfe, Beratung &amp; Unterst\u00fctzung ist Gold wert und hat uns in allen Belangen in diesem sehr komplexen Thema richtig geholfen. Und es hat alles geklappt.<\/p>\n<p><span>Klaus Bronder &#8211; vom Hove<\/span><span>,Unternehmer aus Ennigerloh &#8211; Inhaber eines Premium M\u00f6belhauses<\/span><\/p>\n<h4>Stand in einem st\u00e4ndigen Dialog zwischen mir als Verk\u00e4ufer und den potenziellen Erwerbern<\/h4>\n<p>Besonders gut an KERN und Herrn Ingo Claus hat mir der sehr professionelle und vertrauensvolle Umgang mit mir als Unternehmensverk\u00e4ufer und den Interessenten gefallen. Herr Claus handelte stets l\u00f6sungsorientiert und stand in einem st\u00e4ndigen Dialog zwischen mir als Verk\u00e4ufer und den potenziellen Erwerbern. Auch wenn es am Ende zwar nicht zu einem Verkaufsabschluss gekommen ist, was \u00e4u\u00dferen Umst\u00e4nden geschuldet war, so bin ich mit der geleisteten Arbeit von Kern, Herrn Claus sehr zufrieden gewesen und w\u00fcrde Kern und ihn jederzeit und uneingeschr\u00e4nkt weiterempfehlen.<\/p>\n<p><span>M.B. \u2013 Projektentwickler aus Buxtehude<\/span><span>,Inhaber eines Bautr\u00e4gerunternehmens<\/span><\/p>\n<h4>&#8230; sehr zufrieden und w\u00fcrde Kern jederzeit und uneingeschr\u00e4nkt weiterempfehlen<\/h4>\n<p><p style=\"text-align: left;\" align=\"justify\">Besonders gut an KERN und Herrn Ingo Claus hat mir der sehr professionelle und vertrauensvolle Umgang mit mir als Unternehmensverk\u00e4ufer und den Interessenten gefallen. Herr Claus handelte stets l\u00f6sungsorientiert und stand in einem st\u00e4ndigen Dialog zwischen mir als Verk\u00e4ufer und den potenziellen Erwerbern. Auch wenn es am Ende zwar nicht zu einem Verkaufsabschluss gekommen ist, was \u00e4u\u00dferen Umst\u00e4nden geschuldet war, so bin ich mit der geleisteten Arbeit von KERN, Herrn Claus, sehr zufrieden gewesen und w\u00fcrde KERN und ihn jederzeit und uneingeschr\u00e4nkt weiterempfehlen.<\/p>\n<\/p>\n<p><span>M.B., Unternehmer aus Niedersachsen<\/span><span>,Inhaber einer Bautr\u00e4gergesellschaft<\/span><\/p>\n<h4>Ingo Claus von KERN verdanken wir die unerwartet erfolgreiche Ver\u00e4u\u00dferung unseres Unternehmens<\/h4>\n<p>Herr Ingo Claus hatte uns bei der schwierigen Aufgabe einen geeigneten Nachfolger f\u00fcr unser Sachverst\u00e4ndigen-B\u00fcro zu finden begleitet. Ihm verdanken wir die unerwartet erfolgreiche Ver\u00e4u\u00dferung unseres Unternehmens. Herr Claus besitzt einen feinen Sp\u00fcrsinn f\u00fcr brenzliche Verhandlungssituationen, geschickt und ruhig findet er die richtigen L\u00f6sungsideen, die f\u00fcr beide Vertragspartner akzeptabel sind. Herr Claus begleitete das Projekt mit gro\u00dfem Erfahrungsschatz, Menschenkenntnis und Verhandlungsgeschick.  Gerne empfehlen wir ihn weiter.<\/p>\n<p><span>Katharina Leisner \u2013 Fachplanerin aus Harsewinkel<\/span><span>,Inhaberin eines Ingenieur- und Planungsb\u00fcros<\/span><\/p>\n<h4>Seine F\u00e4higkeit, sich in die Besonderheiten von Familienunternehmen einzuarbeiten, sehr zu sch\u00e4tzen gelernt<\/h4>\n<p>Ich habe Herrn Claus 2010 im Rahmen eines Expansionsprojektes f\u00fcr ein inhabergef\u00fchrtes Unternehmen kennengelernt. W\u00e4hrend dieser Zeit habe ich seine zielorientierte Arbeitsweise und seine F\u00e4higkeit, sich in die Besonderheiten von Familienunternehmen einzuarbeiten, sehr zu sch\u00e4tzen gelernt. Ich empfehle ihn gern weiter.<\/p>\n<p><span>Petra Rausch \u2013 Unternehmerin aus Lohmar<\/span><span>,Ber\u00e4t Familienunternehmen bei Internationalisierungsprojekten<\/span><span><\/span><span><\/span><\/p>\n<h4>Endlich Zeit f\u00fcr eine neue Lebensplanung<\/h4>\n<p><span>Stefan Krebs<\/span><span>GEON-Geb\u00e4udemanagement<\/span><\/p>\n<p>Auf stets angenehme und sehr kompetente Art und Weise hat mich Herr Greppmair von KERN beim Verkauf meines Hausmeisterservices in M\u00fcnchen begleitet. In nur neun Monaten ist es Ihm trotz fallender Ums\u00e4tzen und Corona-Krise gelungen mein Unternehmen zu einem zufriedenstellenden Preis an den Mann zu bringen. Damit hat er einen entscheidenden Beitrag zu einer seit langem herbeigesehnten neuen Lebensplanung geleistet. Herzlichen Dank daf\u00fcr!<\/p>\n<h4>Ich hoffe, dass sich die Familienunternehmen Ihre Empfehlungen zunutze machen<\/h4>\n<p><span>Ingrid Marten<\/span><span>Wirtschaftsf\u00f6rderung Wesermarsch<\/span><\/p>\n<p>Selten war das Feedback aus dem Publikum so einhellig positiv! Sie haben das Thema in jeder Hinsicht authentisch und mit Herz vermittelt. Ich hoffe, dass sich die Familienunternehmen Ihre Empfehlungen zunutze machen werden.<\/p>\n<h4>KERN hat meinem Sohn ganz klar einen Weg ge\u00f6ffnet<\/h4>\n<p><span>K.V., Unternehmer aus Frankfurt<\/span><span>H\u00e4ndler und Dienstleister im IT-Segment<\/span><\/p>\n<p>Das Coaching von KERN hat meinem Sohn ganz klar einen Weg ge\u00f6ffnet, mit dem wir uns heute gemeinsam dem Projekt Generationswechsel, im Sinne einer Fortf\u00fchrung des Familienunternehmens, widmen k\u00f6nnen. Wir als Eltern k\u00f6nnen manche Dinge einfach nicht so \u00fcbermitteln und helfen zu erkennen, wie es ein professioneller Coach kann.<\/p>\n<p style=\"\"><a href=\"\/author\/ingoclaus2\/\" style=\"outline: none;\" target=\"_blank\">Weitere Fachbeitr\u00e4ge von Ingo Claus &gt;&gt;<\/a><\/p>\n<h3 style=\"text-align: left;\">Was k\u00f6nnen wir f\u00fcr Sie tun?<\/h3>\n<p>Ingo Claus ist Ihr kompetenter Experte f\u00fcr Unternehmensnachfolge in Osnabr\u00fcck und Umgebung.Mit \u00fcber 40 Standorten in der gesamten DACH-Region und Europa sind wir seit \u00fcber 20 Jahren die Spezialisten f\u00fcr den Mittelstand.Wir verkaufen Ihr Lebenswerk, begleiten innerfamili\u00e4re Prozesse im Generationswechsel oder sind beim Kauf von Firmen an Ihrer Seite.Lassen Sie uns zu Ihren Anliegen jetzt in den Austausch kommen.<\/p>\n<p style=\"text-align: left;\"><strong>KERN Unternehmensnachfolge Osnabr\u00fcck<\/strong>Rechtlich eigenst\u00e4ndiger StandortIngo ClausWinkelhausenstr. 1349090 Osnabr\u00fcckTelefon <a href=\"tel:+4954618092840\" style=\"outline: currentcolor;\" target=\"_blank\">+49 541-50798510<\/a><a href=\"mailto:osnabrueck@kern-unternehmensnachfolge.com\" style=\"outline: none;\" target=\"_blank\">osnabrueck@kern-unternehmensnachfolge.com<\/a><\/p>\n<p><span style=\"width: 100%;\"><img decoding=\"async\" alt=\"\" title=\"Claus-q\" data-id=\"23952\" src=\"https:\/\/www.kern-unternehmensnachfolge.com\/wp-content\/uploads\/2022\/08\/Claus-q.jpg\" style=\"aspect-ratio: auto 300 \/ 300;\" data-width=\"130\" data-height=\"130\" data-init-width=\"300\" data-init-height=\"300\" width=\"130\" height=\"130\" loading=\"lazy\"><\/span><a href=\"https:\/\/www.linkedin.com\/in\/ingoclaus\/\" target=\"_blank\" rel=\"noopener\"><\/a><a href=\"https:\/\/www.xing.com\/profile\/Ingo_Claus\" target=\"_blank\" rel=\"noopener\"><\/a><span style=\"width: 100%;\"><a href=\"https:\/\/search.google.com\/local\/writereview?placeid=ChIJ95Oo48TfuUcRJQQEwflzYeA\" target=\"_blank\" rel=\"noopener\"><img decoding=\"async\" alt=\"\" title=\"bewerten-sie-mich-google\" data-id=\"528\" src=\"https:\/\/www.kern-unternehmensnachfolge.com\/wp-content\/uploads\/2018\/06\/bewerten-sie-mich-google.png\" style=\"height: 220px; aspect-ratio: auto 300 \/ 300;\" width=\"220\" height=\"220\" data-width=\"220\" data-height=\"220\" data-init-width=\"300\" data-init-height=\"300\" loading=\"lazy\"><\/a><\/span><\/p>\n<h2 style=\"\">H\u00e4ufige Fragen zum Unternehmensverkauf in Osnabr\u00fcck<\/h2>\n<h2 style=\"text-align: center;\">Faq<\/h2>\n","protected":false},"excerpt":{"rendered":"<p>Firmennachfolger gesucht? KERN ist Ihr verl\u00e4sslicher Partner Ingo Claus &#8211; M&amp;A Beratung f\u00fcr Unternehmensnachfolge &amp; Unternehmensverkauf in Osnabr\u00fcck und Umgebung [&hellip;]<\/p>\n","protected":false},"author":1,"featured_media":0,"parent":27709,"menu_order":0,"comment_status":"closed","ping_status":"closed","template":"","meta":{"wp_typography_post_enhancements_disabled":false,"_kad_blocks_custom_css":"","_kad_blocks_head_custom_js":"","_kad_blocks_body_custom_js":"","_kad_blocks_footer_custom_js":"","site-sidebar-layout":"no-sidebar","site-content-layout":"page-builder","ast-site-content-layout":"default","site-content-style":"default","site-sidebar-style":"default","ast-global-header-display":"disabled","ast-banner-title-visibility":"disabled","ast-main-header-display":"","ast-hfb-above-header-display":"","ast-hfb-below-header-display":"","ast-hfb-mobile-header-display":"","site-post-title":"","ast-breadcrumbs-content":"","ast-featured-img":"","footer-sml-layout":"disabled","ast-disable-related-posts":"","theme-transparent-header-meta":"","adv-header-id-meta":"","stick-header-meta":"","header-above-stick-meta":"","header-main-stick-meta":"","header-below-stick-meta":"","astra-migrate-meta-layouts":"default","ast-page-background-enabled":"default","ast-page-background-meta":{"desktop":{"background-color":"","background-image":"","background-repeat":"repeat","background-position":"center center","background-size":"auto","background-attachment":"scroll","background-type":"","background-media":"","overlay-type":"","overlay-color":"","overlay-opacity":"","overlay-gradient":""},"tablet":{"background-color":"","background-image":"","background-repeat":"repeat","background-position":"center center","background-size":"auto","background-attachment":"scroll","background-type":"","background-media":"","overlay-type":"","overlay-color":"","overlay-opacity":"","overlay-gradient":""},"mobile":{"background-color":"","background-image":"","background-repeat":"repeat","background-position":"center center","background-size":"auto","background-attachment":"scroll","background-type":"","background-media":"","overlay-type":"","overlay-color":"","overlay-opacity":"","overlay-gradient":""}},"ast-content-background-meta":{"desktop":{"background-color":"var(--ast-global-color-5)","background-image":"","background-repeat":"repeat","background-position":"center center","background-size":"auto","background-attachment":"scroll","background-type":"","background-media":"","overlay-type":"","overlay-color":"","overlay-opacity":"","overlay-gradient":""},"tablet":{"background-color":"var(--ast-global-color-5)","background-image":"","background-repeat":"repeat","background-position":"center center","background-size":"auto","background-attachment":"scroll","background-type":"","background-media":"","overlay-type":"","overlay-color":"","overlay-opacity":"","overlay-gradient":""},"mobile":{"background-color":"var(--ast-global-color-5)","background-image":"","background-repeat":"repeat","background-position":"center center","background-size":"auto","background-attachment":"scroll","background-type":"","background-media":"","overlay-type":"","overlay-color":"","overlay-opacity":"","overlay-gradient":""}},"iawp_total_views":2534,"footnotes":""},"class_list":["post-28067","page","type-page","status-publish","hentry"],"taxonomy_info":[],"featured_image_src_large":false,"author_info":{"display_name":"filialleiter","author_link":"https:\/\/www.kern-unternehmensnachfolge.com\/it\/author\/filialleiter\/"},"comment_info":0,"_links":{"self":[{"href":"https:\/\/www.kern-unternehmensnachfolge.com\/it\/wp-json\/wp\/v2\/pages\/28067","targetHints":{"allow":["GET"]}}],"collection":[{"href":"https:\/\/www.kern-unternehmensnachfolge.com\/it\/wp-json\/wp\/v2\/pages"}],"about":[{"href":"https:\/\/www.kern-unternehmensnachfolge.com\/it\/wp-json\/wp\/v2\/types\/page"}],"author":[{"embeddable":true,"href":"https:\/\/www.kern-unternehmensnachfolge.com\/it\/wp-json\/wp\/v2\/users\/1"}],"replies":[{"embeddable":true,"href":"https:\/\/www.kern-unternehmensnachfolge.com\/it\/wp-json\/wp\/v2\/comments?post=28067"}],"version-history":[{"count":0,"href":"https:\/\/www.kern-unternehmensnachfolge.com\/it\/wp-json\/wp\/v2\/pages\/28067\/revisions"}],"up":[{"embeddable":true,"href":"https:\/\/www.kern-unternehmensnachfolge.com\/it\/wp-json\/wp\/v2\/pages\/27709"}],"wp:attachment":[{"href":"https:\/\/www.kern-unternehmensnachfolge.com\/it\/wp-json\/wp\/v2\/media?parent=28067"}],"curies":[{"name":"wp","href":"https:\/\/api.w.org\/{rel}","templated":true}]}}