{"id":36693,"date":"2026-03-27T14:07:02","date_gmt":"2026-03-27T13:07:02","guid":{"rendered":"https:\/\/www.kern-unternehmensnachfolge.com\/?page_id=36693"},"modified":"2026-03-27T14:18:15","modified_gmt":"2026-03-27T13:18:15","slug":"freiburg-rehfuss","status":"publish","type":"page","link":"https:\/\/www.kern-unternehmensnachfolge.com\/hu\/standort\/freiburg-rehfuss\/","title":{"rendered":"Freiburg \u2013 Karl Rehfu\u00df"},"content":{"rendered":"<p><a target=\"_blank\" href=\"https:\/\/www.kern-unternehmensnachfolge.com\/hu\/\" data-id-d=\"0\" data-img-style=\"width: 100%;\"><img decoding=\"async\" src=\"https:\/\/www.kern-unternehmensnachfolge.com\/wp-content\/uploads\/2023\/05\/kern_logo2023_rgb_farbig_transparent.png\" height=\"502\" width=\"1317\" alt=\"KERN log\u00f3\" style=\"width: 100%;\" loading=\"lazy\"><\/a><\/p>\n<h2>Karl Rehfu\u00df \u2013 Ihr Spezia\u00adlist f\u00fcr Unternehmensnachfolge<\/h2>\n<h1 style=\"color: rgb(255, 255, 255) !important; --tcb-applied-color: rgb(255, 255, 255) !important;\">Ut\u00f3dot keres? A c\u00e9gut\u00f3d\u00adl\u00e1s biztons\u00e1\u00adgos \u00fatja Freiburg im Breisgau-ban<\/h1>\n<h4 style=\"text-align: left;\"><a href=\"https:\/\/www.provenexpert.com\/kern-zukunft-fuer-lebenswerke\/\" style=\"outline: none;\" target=\"_blank\" rel=\"noopener\">\u2605\u2605\u2605\u2605\u2605  5,0 csillag a Proven\u00adex\u00adpert \u00fcgyf\u00e9\u00adl\u00e9rt\u00e9\u00adkel\u00e9s\u00adei alapj\u00e1n<\/a>&nbsp;<\/h4>\n<p><span><a href=\"https:\/\/www.kern-unternehmensnachfolge.com\/hu\/sikergarancia\/\" rel target=\"_blank\"><img decoding=\"async\" alt data-id=\"31496\" width=\"177\" data-init-width=\"481\" height=\"171\" data-init-height=\"464\" title=\"KERN_Erfolgsgarantie_RGB_weiss_08.24\" src=\"https:\/\/www.kern-unternehmensnachfolge.com\/wp-content\/uploads\/2024\/08\/KERN_Erfolgsgarantie_RGB_weiss_08.24.png\" data-width=\"177\" data-link-wrap=\"true\" style=\"aspect-ratio: auto 481 \/ 464;\" data-height=\"171\" loading=\"lazy\"><\/a><\/span><\/p>\n<p style>Ismerk\u00aded\u00e9\u00adsi vide\u00f3 ind\u00edt\u00e1sa<\/p>\n<p>     <!-- Original logos -->  <a href=\"#lightbox-2\" data-lightbox=\"lightbox-2\" data-img=\"https:\/\/www.kern-unternehmensnachfolge.com\/wp-content\/uploads\/2024\/05\/german-customer-arwards2024-150x150.jpeg\" target=\"_blank\"> <img decoding=\"async\" src=\"https:\/\/www.kern-unternehmensnachfolge.com\/wp-content\/uploads\/2024\/05\/german-customer-arwards2024-150x150.jpeg\" alt=\"N\u00e9met \u00fcgyf\u00e9ld\u00edjak 2024\"> <\/a>   <a href=\"https:\/\/www.provenexpert.com\/kern-zukunft-fuer-lebenswerke\/\" target=\"_blank\" rel=\"noopener\"> <img decoding=\"async\" src=\"https:\/\/www.kern-unternehmensnachfolge.com\/wp-content\/uploads\/2025\/10\/Proven-Expert-Von-Kunden-Empfohlen-2025.webp\" alt=\"Bev\u00e1lt szak\u00e9rt\u0151 \u2013 \u00dcgyfelek \u00e1ltal aj\u00e1nlott 2025\"> <\/a>   <a href=\"https:\/\/die-deutsche-wirtschaft.de\/top-mittelstand-deutschland-kern-zukunft-fuer-lebenswerke\/\" target=\"_blank\" rel=\"noopener\"> <img decoding=\"async\" src=\"https:\/\/www.kern-unternehmensnachfolge.com\/wp-content\/uploads\/2025\/08\/Top-Branche-Siegel-KERN.webp\" alt=\"TOP k\u00f6z\u00e9pv\u00e1llalkoz\u00e1s\"> <\/a>   <a href=\"https:\/\/die-deutsche-wirtschaft.de\/exzellenzberater\/kern-unternehmensnachfolge-erfolgreicher\/\" target=\"_blank\" rel=\"noopener\"> <img decoding=\"async\" src=\"https:\/\/www.kern-unternehmensnachfolge.com\/wp-content\/uploads\/2025\/03\/Exzellenzberater-Deutscher-Mittelstand-2023.webp\" alt=\"Kiv\u00e1l\u00f3s\u00e1gi tan\u00e1csad\u00f3 2023\"> <\/a>   <a href=\"https:\/\/die-deutsche-wirtschaft.de\/exzellenzberater\/kern-unternehmensnachfolge-erfolgreicher\/\" target=\"_blank\" rel=\"noopener\"> <img decoding=\"async\" src=\"https:\/\/www.kern-unternehmensnachfolge.com\/wp-content\/uploads\/2025\/03\/Exzellenzberater-Deutscher-Mittelstand-2024.webp\" alt=\"Kiv\u00e1l\u00f3s\u00e1gi tan\u00e1csad\u00f3 2024\"> <\/a>   <a href=\"#lightbox-6\" data-lightbox=\"lightbox-6\" data-img=\"https:\/\/www.kern-unternehmensnachfolge.com\/wp-content\/uploads\/2025\/09\/Exzellenter-Nachfolgeberater-Award-2025.webp\" target=\"_blank\"> <img decoding=\"async\" src=\"https:\/\/www.kern-unternehmensnachfolge.com\/wp-content\/uploads\/2025\/09\/Exzellenter-Nachfolgeberater-Award-2025.webp\" alt=\"Kiv\u00e1l\u00f3 ut\u00f3dl\u00e1si tan\u00e1csad\u00f3 d\u00edj 2025\"> <\/a>   <a href=\"https:\/\/vimeo.com\/775891851\" target=\"_blank\" rel=\"noopener\"> <img decoding=\"async\" src=\"https:\/\/www.kern-unternehmensnachfolge.com\/wp-content\/uploads\/2023\/07\/kern-german-brand-award-2021-132x300.jpeg\" alt=\"N\u00e9met m\u00e1rkad\u00edj 2021\"> <\/a>   <a href=\"https:\/\/vimeo.com\/787837024\" target=\"_blank\" rel=\"noopener\"> <img decoding=\"async\" src=\"https:\/\/www.kern-unternehmensnachfolge.com\/wp-content\/uploads\/2025\/03\/Innovator-des-Jahres-2021.webp\" alt=\"Innov\u00e1tor 2021\"> <\/a>   <a href=\"#lightbox-3\" data-lightbox=\"lightbox-3\" data-img=\"https:\/\/www.kern-unternehmensnachfolge.com\/wp-content\/uploads\/2023\/06\/TC_19_Member_Strich-211x300.jpg\" target=\"_blank\"> <img decoding=\"async\" src=\"https:\/\/www.kern-unternehmensnachfolge.com\/wp-content\/uploads\/2023\/06\/TC_19_Member_Strich-211x300.jpg\" alt=\"TC 19 Tag\"> <\/a>   <a href=\"https:\/\/vimeo.com\/775920300\" target=\"_blank\" rel=\"noopener\"> <img decoding=\"async\" src=\"https:\/\/www.kern-unternehmensnachfolge.com\/wp-content\/uploads\/2023\/06\/TC_20_Member_Strich-210x300.jpg\" alt=\"TC 20 Tag\"> <\/a>   <a href=\"https:\/\/www.top-consultant.de\/kern-unternehmensnachfolge-erfolgreicher-2023\/\" target=\"_blank\" rel=\"noopener\"> <img decoding=\"async\" src=\"https:\/\/www.kern-unternehmensnachfolge.com\/wp-content\/uploads\/2023\/06\/tc_23_member_strich-210x300.jpg\" alt=\"TC 23 Tag\"> <\/a>   <a href=\"#lightbox-4\" data-lightbox=\"lightbox-4\" data-img=\"https:\/\/www.kern-unternehmensnachfolge.com\/wp-content\/uploads\/2025\/04\/SZ-Institut-Beste-Berater-Mittelstand.webp\" target=\"_blank\"> <img decoding=\"async\" src=\"https:\/\/www.kern-unternehmensnachfolge.com\/wp-content\/uploads\/2025\/04\/SZ-Institut-Beste-Berater-Mittelstand.webp\" alt=\"SZ Legjobb tan\u00e1csad\u00f3k a k\u00f6z\u00e9pv\u00e1llalkoz\u00e1sok sz\u00e1m\u00e1ra\"> <\/a>   <a href=\"#lightbox-5\" data-lightbox=\"lightbox-5\" data-img=\"https:\/\/www.kern-unternehmensnachfolge.com\/wp-content\/uploads\/2025\/06\/WirtschaftsWoche-Beste-Berater-Mittelstand.webp\" target=\"_blank\"> <img decoding=\"async\" src=\"https:\/\/www.kern-unternehmensnachfolge.com\/wp-content\/uploads\/2025\/06\/WirtschaftsWoche-Beste-Berater-Mittelstand.webp\" alt=\"WirtschaftsWoche Legjobb tan\u00e1csad\u00f3k a k\u00f6z\u00e9pv\u00e1llalkoz\u00e1sok sz\u00e1m\u00e1ra\"> <\/a>   <a href=\"#lightbox-7\" data-lightbox=\"lightbox-7\" data-img=\"https:\/\/www.kern-unternehmensnachfolge.com\/wp-content\/uploads\/2026\/03\/UDZ-Siegel_KERN.svg\" target=\"_blank\"> <img decoding=\"async\" src=\"https:\/\/www.kern-unternehmensnachfolge.com\/wp-content\/uploads\/2026\/03\/UDZ-Siegel_KERN.svg\" alt=\"UDZ-Siegel KERN\"> <\/a>  <!-- Duplicate logos for seamless loop -->  <a href=\"#lightbox-2\" data-lightbox=\"lightbox-2\" data-img=\"https:\/\/www.kern-unternehmensnachfolge.com\/wp-content\/uploads\/2024\/05\/german-customer-arwards2024-150x150.jpeg\" target=\"_blank\"> <img decoding=\"async\" src=\"https:\/\/www.kern-unternehmensnachfolge.com\/wp-content\/uploads\/2024\/05\/german-customer-arwards2024-150x150.jpeg\" alt=\"N\u00e9met \u00fcgyf\u00e9ld\u00edjak 2024\"> <\/a>   <a href=\"https:\/\/www.provenexpert.com\/kern-zukunft-fuer-lebenswerke\/\" target=\"_blank\" rel=\"noopener\"> <img decoding=\"async\" src=\"https:\/\/www.kern-unternehmensnachfolge.com\/wp-content\/uploads\/2025\/10\/Proven-Expert-Von-Kunden-Empfohlen-2025.webp\" alt=\"Bev\u00e1lt szak\u00e9rt\u0151 \u2013 \u00dcgyfelek \u00e1ltal aj\u00e1nlott 2025\"> <\/a>   <a href=\"https:\/\/die-deutsche-wirtschaft.de\/top-mittelstand-deutschland-kern-zukunft-fuer-lebenswerke\/\" target=\"_blank\" rel=\"noopener\"> <img decoding=\"async\" src=\"https:\/\/www.kern-unternehmensnachfolge.com\/wp-content\/uploads\/2025\/08\/Top-Branche-Siegel-KERN.webp\" alt=\"TOP k\u00f6z\u00e9pv\u00e1llalkoz\u00e1s\"> <\/a>   <a href=\"https:\/\/die-deutsche-wirtschaft.de\/exzellenzberater\/kern-unternehmensnachfolge-erfolgreicher\/\" target=\"_blank\" rel=\"noopener\"> <img decoding=\"async\" src=\"https:\/\/www.kern-unternehmensnachfolge.com\/wp-content\/uploads\/2025\/03\/Exzellenzberater-Deutscher-Mittelstand-2023.webp\" alt=\"Kiv\u00e1l\u00f3s\u00e1gi tan\u00e1csad\u00f3 2023\"> <\/a>   <a href=\"https:\/\/die-deutsche-wirtschaft.de\/exzellenzberater\/kern-unternehmensnachfolge-erfolgreicher\/\" target=\"_blank\" rel=\"noopener\"> <img decoding=\"async\" src=\"https:\/\/www.kern-unternehmensnachfolge.com\/wp-content\/uploads\/2025\/03\/Exzellenzberater-Deutscher-Mittelstand-2024.webp\" alt=\"Kiv\u00e1l\u00f3s\u00e1gi tan\u00e1csad\u00f3 2024\"> <\/a>   <a href=\"#lightbox-6\" data-lightbox=\"lightbox-6\" data-img=\"https:\/\/www.kern-unternehmensnachfolge.com\/wp-content\/uploads\/2025\/09\/Exzellenter-Nachfolgeberater-Award-2025.webp\" target=\"_blank\"> <img decoding=\"async\" src=\"https:\/\/www.kern-unternehmensnachfolge.com\/wp-content\/uploads\/2025\/09\/Exzellenter-Nachfolgeberater-Award-2025.webp\" alt=\"Kiv\u00e1l\u00f3 ut\u00f3dl\u00e1si tan\u00e1csad\u00f3 d\u00edj 2025\"> <\/a>   <a href=\"https:\/\/vimeo.com\/775891851\" target=\"_blank\" rel=\"noopener\"> <img decoding=\"async\" src=\"https:\/\/www.kern-unternehmensnachfolge.com\/wp-content\/uploads\/2023\/07\/kern-german-brand-award-2021-132x300.jpeg\" alt=\"N\u00e9met m\u00e1rkad\u00edj 2021\"> <\/a>   <a href=\"https:\/\/vimeo.com\/787837024\" target=\"_blank\" rel=\"noopener\"> <img decoding=\"async\" src=\"https:\/\/www.kern-unternehmensnachfolge.com\/wp-content\/uploads\/2025\/03\/Innovator-des-Jahres-2021.webp\" alt=\"Innov\u00e1tor 2021\"> <\/a>   <a href=\"#lightbox-3\" data-lightbox=\"lightbox-3\" data-img=\"https:\/\/www.kern-unternehmensnachfolge.com\/wp-content\/uploads\/2023\/06\/TC_19_Member_Strich-211x300.jpg\" target=\"_blank\"> <img decoding=\"async\" src=\"https:\/\/www.kern-unternehmensnachfolge.com\/wp-content\/uploads\/2023\/06\/TC_19_Member_Strich-211x300.jpg\" alt=\"TC 19 Tag\"> <\/a>   <a href=\"https:\/\/vimeo.com\/775920300\" target=\"_blank\" rel=\"noopener\"> <img decoding=\"async\" src=\"https:\/\/www.kern-unternehmensnachfolge.com\/wp-content\/uploads\/2023\/06\/TC_20_Member_Strich-210x300.jpg\" alt=\"TC 20 Tag\"> <\/a>   <a href=\"https:\/\/www.top-consultant.de\/kern-unternehmensnachfolge-erfolgreicher-2023\/\" target=\"_blank\" rel=\"noopener\"> <img decoding=\"async\" src=\"https:\/\/www.kern-unternehmensnachfolge.com\/wp-content\/uploads\/2023\/06\/tc_23_member_strich-210x300.jpg\" alt=\"TC 23 Tag\"> <\/a>   <a href=\"#lightbox-4\" data-lightbox=\"lightbox-4\" data-img=\"https:\/\/www.kern-unternehmensnachfolge.com\/wp-content\/uploads\/2025\/04\/SZ-Institut-Beste-Berater-Mittelstand.webp\" target=\"_blank\"> <img decoding=\"async\" src=\"https:\/\/www.kern-unternehmensnachfolge.com\/wp-content\/uploads\/2025\/04\/SZ-Institut-Beste-Berater-Mittelstand.webp\" alt=\"SZ Legjobb tan\u00e1csad\u00f3k a k\u00f6z\u00e9pv\u00e1llalkoz\u00e1sok sz\u00e1m\u00e1ra\"> <\/a>   <a href=\"#lightbox-5\" data-lightbox=\"lightbox-5\" data-img=\"https:\/\/www.kern-unternehmensnachfolge.com\/wp-content\/uploads\/2025\/06\/WirtschaftsWoche-Beste-Berater-Mittelstand.webp\" target=\"_blank\"> <img decoding=\"async\" src=\"https:\/\/www.kern-unternehmensnachfolge.com\/wp-content\/uploads\/2025\/06\/WirtschaftsWoche-Beste-Berater-Mittelstand.webp\" alt=\"WirtschaftsWoche Legjobb tan\u00e1csad\u00f3k a k\u00f6z\u00e9pv\u00e1llalkoz\u00e1sok sz\u00e1m\u00e1ra\"> <\/a>   <a href=\"#lightbox-7\" data-lightbox=\"lightbox-7\" data-img=\"https:\/\/www.kern-unternehmensnachfolge.com\/wp-content\/uploads\/2026\/03\/UDZ-Siegel_KERN.svg\" target=\"_blank\"> <img decoding=\"async\" src=\"https:\/\/www.kern-unternehmensnachfolge.com\/wp-content\/uploads\/2026\/03\/UDZ-Siegel_KERN.svg\" alt=\"UDZ-Siegel KERN\"> <\/a>    <!-- Lightbox containers -->   <span>\u2715<\/span> <img decoding=\"async\" src=\"https:\/\/www.kern-unternehmensnachfolge.com\/wp-content\/uploads\/2024\/05\/german-customer-arwards2024-150x150.jpeg\" alt=\"N\u00e9met \u00fcgyf\u00e9ld\u00edjak 2024\"> N\u00e9met \u00fcgyf\u00e9l\u00add\u00ed\u00adjak 2024     <span>\u2715<\/span> <img decoding=\"async\" src=\"https:\/\/www.kern-unternehmensnachfolge.com\/wp-content\/uploads\/2023\/06\/TC_19_Member_Strich-211x300.jpg\" alt=\"TC 19 Tag\"> <span class=\"caps\">TC<\/span> 19 Tag     <span>\u2715<\/span> <img decoding=\"async\" src=\"https:\/\/www.kern-unternehmensnachfolge.com\/wp-content\/uploads\/2025\/04\/SZ-Institut-Beste-Berater-Mittelstand.webp\" alt=\"SZ \u2013 A legjobb tan\u00e1csad\u00f3k a k\u00f6z\u00e9pv\u00e1llalkoz\u00e1sok sz\u00e1m\u00e1ra\">  Beste Berater Mittel\u00adstand \u2013 <span class=\"caps\">SZ<\/span> Insti\u00adtut      <span>\u2715<\/span> <img decoding=\"async\" src=\"https:\/\/www.kern-unternehmensnachfolge.com\/wp-content\/uploads\/2025\/06\/WirtschaftsWoche-Beste-Berater-Mittelstand.webp\" alt=\"WirtschaftsWoche \u2013 A legjobb tan\u00e1csad\u00f3k a k\u00f6z\u00e9pv\u00e1llalkoz\u00e1sok sz\u00e1m\u00e1ra\">  Beste Berater Mittel\u00adstand \u2013 Wirtschafts\u00adWo\u00adche      <span>\u2715<\/span> <img decoding=\"async\" src=\"https:\/\/www.kern-unternehmensnachfolge.com\/wp-content\/uploads\/2025\/09\/Exzellenter-Nachfolgeberater-Award-2025.webp\" alt=\"Kiv\u00e1l\u00f3 ut\u00f3dl\u00e1si tan\u00e1csad\u00f3 d\u00edj 2025\">  Kiv\u00e1l\u00f3 ut\u00f3dl\u00e1\u00adsi tan\u00e1c\u00adsa\u00add\u00f3 d\u00edj 2025      <span>\u2715<\/span> <img decoding=\"async\" src=\"https:\/\/www.kern-unternehmensnachfolge.com\/wp-content\/uploads\/2026\/03\/UDZ-Siegel_KERN.svg\" alt=\"UDZ-Siegel KERN\">  UDZ-Siegel <span class=\"caps\">KERN<\/span>    <!-- JavaScript for lightbox functionality -->  <\/p>\n<h2 style=\"text-align: left;\">Karl Rehfu\u00df Exper\u00adti\u00adse f\u00fcr Ihre erfolg\u00adrei\u00adche Unternehmens\u00adnachfolge in Freiburg<\/h2>\n<p>Jahrgang 1968, Handels\u00adfach\u00adwirt (<span class=\"caps\">IHK<\/span>). Umfang\u00adrei\u00adche Erfah\u00adrung im Auf- und Ausbau mittel\u00adst\u00e4n\u00addi\u00adscher Unter\u00adneh\u00admen des Fachgro\u00df\u00adhan\u00addels und der Indus\u00adtrie inner\u00adhalb der Baubran\u00adche und deren Infrastruktur.<\/p>\n<p>Zudem langj\u00e4h\u00adri\u00adge F\u00fchrungs\u00ader\u00adfah\u00adrung mit Schwer\u00adpunkt Supply Chain Manage\u00adment, natio\u00adna\u00adler-\/und inter\u00adna\u00adtio\u00adna\u00adler Vertrieb sowie Perso\u00adnal\u00adma\u00adnage\u00adment. Autori\u00adsier\u00adter Berater und Dozent der <a href=\"http:\/\/www.unternehmensnachfolge-offensive-mittelstand.de\/\" style=\"outline: none;\" target=\"_blank\" rel=\"noopener\"><span class=\"caps\">SME<\/span> <span class=\"caps\">OFFENSIVE<\/span><\/a> f\u00fcr Unternehmensnachfolge.<\/p>\n<p><span><img decoding=\"async\" alt=\"Kiv\u00e1l\u00f3 ut\u00f3dl\u00e1si tan\u00e1csad\u00f3 d\u00edj 2025\" data-id=\"35007\" width=\"240\" data-init-width=\"0\" height=\"240\" data-init-height=\"0\" title=\"Kiv\u00e1l\u00f3 ut\u00f3dl\u00e1si tan\u00e1csad\u00f3 d\u00edj 2025\" src=\"https:\/\/www.kern-unternehmensnachfolge.com\/wp-content\/uploads\/2025\/10\/Exzellenter-Nachfolgeberater-Award-2025.svg\" data-width=\"240\" data-height=\"240\" style=\"aspect-ratio: auto 0 \/ 0;\" loading=\"lazy\"><\/span><\/p>\n<p style>Start szak\u00e9rt\u0151i tipp<\/p>\n<p><span style=\"width: 100%;\"><img decoding=\"async\" alt title=\"Rehfuss-22\" data-id=\"32449\" src=\"https:\/\/www.kern-unternehmensnachfolge.com\/wp-content\/uploads\/2025\/01\/Rehfuss-22.jpg\" style=\"aspect-ratio: auto 800 \/ 394;\" data-width=\"210\" data-height=\"103\" data-init-width=\"800\" data-init-height=\"394\" loading=\"lazy\" ml-d=\"-60\" center-h-d=\"false\" mt-d=\"0\" width=\"210\" height=\"103\"><\/span><\/p>\n<h2 data-hide=\"true\" id=\"t-1654808931768\" style=\"text-align: center;\">Bizal\u00admas k\u00e9rd\u00e9\u00adse&nbsp;van?&nbsp;<br>\u200bBuchen Sie direkt online Ihren Gratis-Wunschtermin<\/h2>\n<h4>Zukunfts\u00adf\u00e4\u00adhig\u00adkeit f\u00fcr <span class=\"caps\">WIBRE<\/span> im Einklang mit der Familie gesichert<\/h4>\n<p>Wir hatten bei uns eine l\u00e4nger andau\u00adern\u00adde, unzufrie\u00adden\u00adstel\u00adlen\u00adde Situa\u00adti\u00adon bzgl. der Fortf\u00fch\u00adrung des Famili\u00aden\u00adun\u00adter\u00adneh\u00admens. Durch die Unter\u00adst\u00fct\u00adzung der Herren Rehfu\u00df und Grepp\u00admair von <span class=\"caps\">KERN<\/span> wurde erstmals der Weg f\u00fcr gemein\u00adsa\u00adme Ziele geebnet. Die Zukunfts\u00adf\u00e4\u00adhig\u00adkeit f\u00fcr <span class=\"caps\">WIBRE<\/span> ist somit f\u00fcr meinen Bruder und mich im Einklang mit der gesam\u00adten Familie gesichert.<\/p>\n<p>Besten Dank f\u00fcr die Begleitung!<\/p>\n<p><span>Chris\u00adti\u00adan Breunin\u00adger<\/span><span>,Gesch\u00e4fts\u00adlei\u00adtung | <span class=\"caps\">WIBRE<\/span> Elektroger\u00e4te<\/span><\/p>\n<h4>Herr Rehfu\u00df von <span class=\"caps\">KERN<\/span> stand uns zu jedem Zeitpunkt kompe\u00adtent und profes\u00adsio\u00adnell zur&nbsp;Seite<\/h4>\n<p>Herr Rehfu\u00df vom <span class=\"caps\">KERN<\/span> Stand\u00adort Stutt\u00adgart stand uns zu jedem Zeitpunkt der Firmen\u00ad\u00fcber\u00adnah\u00adme kompe\u00adtent und mit fachli\u00adchen Wissen profes\u00adsio\u00adnell zur Seite. Auch schwie\u00adri\u00adge Phasen wurden erfolg\u00adreich und zeitnah abgewi\u00adckelt. Die Beratung <span class=\"amp\">&amp;<\/span> Unter\u00adst\u00fct\u00adzung war wichtig und hat uns in allen Belan\u00adgen in diesem sehr komple\u00adxen Thema weiter geholfen.<\/p>\n<p><span>Gilbert Di Zillo<\/span><span><span class=\"caps\">IGZ<\/span> GmbH<\/span><\/p>\n<h4>Ohne Karl Rehfu\u00df w\u00e4re ich vermut\u00adlich schon lange an der Geschich\u00adte verzweifelt<\/h4>\n<p>Ohne Karl Rehfu\u00df und seinen oft selbst\u00adlo\u00adsen und immer optimis\u00adti\u00adschen Einsatz w\u00e4re ich vermut\u00adlich schon lange an der Geschich\u00adte verzwei\u00adfelt. Wir alle hier sind richtig froh, genau diesen KERN-Exper\u00adten in diesen vergan\u00adge\u00adnen schwie\u00adri\u00adgen Zeiten an unserer Seite gehabt zu&nbsp;haben.<\/p>\n<p><span>J\u00fcrgen Bantel<\/span><span><\/span><span><\/span><span><\/span><\/p>\n<h4>A <span class=\"caps\">KERN<\/span> az els\u0151 pillana\u00adt\u00adt\u00f3l kezdve meg\u00e9rtet\u00adte, hogyan lehet a projekt sz\u00e1m\u00e1\u00adra egy nagyon bizalom\u00adtel\u00adjes alapot teremteni.<\/h4>\n<p><span>I.K. \u2013 Unter\u00adneh\u00admer aus Flens\u00adburg<\/span><span>Mitge\u00adsell\u00adschaf\u00adter eines Kanalreinigungsunternehmens<\/span><\/p>\n<p>Herr Ingo Claus hat es vom ersten Moment an verstan\u00adden, eine sehr vertrau\u00adens\u00advol\u00adle Basis zum Beginn des Projek\u00adtes zu schaf\u00adfen \u2013 eine Gespr\u00e4chs\u00adba\u00adsis f\u00fcr die Gesell\u00adschaf\u00adter unter\u00adein\u00adan\u00adder im Rahmen eines Workshops zu bilden, so dass hieraus eine sehr effizi\u00aden\u00adte Weiter\u00adent\u00adwick\u00adlung der Vorstel\u00adlun\u00adgen betriebs\u00adin\u00adtern statt\u00adfin\u00adden konnte. Wir bedan\u00adken uns f\u00fcr diese sehr angeneh\u00adme und vertrau\u00adens\u00advol\u00adle Zusam\u00admen\u00adar\u00adbeit und werden Ihre Unter\u00adneh\u00admens\u00adgrup\u00adpe gerne weiterempfehlen.<\/p>\n<h4>Sz\u00e1mos p\u00e9ld\u00e1n keresz\u00adt\u00fcl, nagyon gyakor\u00adla\u00adti\u00ada\u00adsan \u00edrta le az ut\u00f3dke\u00adre\u00ads\u00e9s \u00f6ssze\u00adtett folyamat\u00e1t.<\/h4>\n<p><span>T.M. \u2013 Unter\u00adneh\u00admens\u00adver\u00adk\u00e4u\u00adfer aus Osnabr\u00fcck<\/span><span><\/span><\/p>\n<p>Ingo Claus-t a KERN-t\u0151l egy nagyon aj\u00e1nlott workshop el\u0151ad\u00f3\u00adjak\u00e9nt ismer\u00adtem meg a c\u00e9gela\u00add\u00e1s t\u00e9m\u00e1j\u00e1\u00adban. Sz\u00e1mos p\u00e9ld\u00e1n keresz\u00adt\u00fcl, nagyon gyakor\u00adla\u00adti\u00ada\u00adsan mutat\u00adta be az ut\u00f3dke\u00adre\u00ads\u00e9s \u00f6ssze\u00adtett folyamat\u00e1t.<\/p>\n<h4>Seine F\u00e4hig\u00adkeit, sich in die Beson\u00adder\u00adhei\u00adten von Famili\u00aden\u00adun\u00adter\u00adneh\u00admen einzu\u00adar\u00adbei\u00adten, sehr zu sch\u00e4t\u00adzen gelernt<\/h4>\n<p><span>Petra Rausch \u2013 Unter\u00adneh\u00adme\u00adrin aus Lohmar<\/span><span>Ber\u00e4t Famili\u00aden\u00adun\u00adter\u00adneh\u00admen bei Internationalisierungsprojekten<\/span><\/p>\n<p>Ich habe Herrn Claus 2010 im Rahmen eines Expan\u00adsi\u00adons\u00adpro\u00adjek\u00adtes f\u00fcr ein inhaber\u00adge\u00adf\u00fchr\u00adtes Unter\u00adneh\u00admen kennen\u00adge\u00adlernt. W\u00e4hrend dieser Zeit habe ich seine zielori\u00aden\u00adtier\u00adte Arbeits\u00adwei\u00adse und seine F\u00e4hig\u00adkeit, sich in die Beson\u00adder\u00adhei\u00adten von Famili\u00aden\u00adun\u00adter\u00adneh\u00admen einzu\u00adar\u00adbei\u00adten, sehr zu sch\u00e4t\u00adzen gelernt. Ich empfeh\u00adle ihn gern weiter.<\/p>\n<h3 style=\"text-align: left;\">Mit tehet\u00fcnk \u00d6n\u00e9rt?<\/h3>\n<p>Karl Rehfu\u00df ist Ihr kompe\u00adten\u00adter Exper\u00adter f\u00fcr Unternehmens\u00adnachfolge in Freiburg im Breis\u00adgau.<br>T\u00f6bb mint 40 teleph\u00adel\u00adlyel a <span class=\"caps\">DACH<\/span> r\u00e9gi\u00f3\u00adban \u00e9s Eur\u00f3p\u00e1\u00adban, t\u00f6bb mint 20 \u00e9ve vagyunk a kis- \u00e9s k\u00f6z\u00e9p\u00adv\u00e1ll\u00adal\u00adko\u00adz\u00e1\u00adsok szak\u00e9rt\u0151i.<br>Eladjuk \u00e9letm\u0171\u00adv\u00e9t, k\u00eds\u00e9rj\u00fck a gener\u00e1\u00adci\u00f3\u00adv\u00e1l\u00adt\u00e1s sor\u00e1n a csal\u00e1\u00addon bel\u00fcli folyama\u00adto\u00adkat, vagy seg\u00edt\u00fcnk \u00d6nnek c\u00e9gek v\u00e1s\u00e1r\u00adl\u00e1\u00ads\u00e1\u00adban.<br>Vess\u00fcnk egy pillan\u00adt\u00e1st az \u00d6n\u00f6k k\u00e9rd\u00e9seire.<\/p>\n<p><span style><img decoding=\"async\" alt data-id=\"32449\" width=\"368\" data-init-width=\"800\" height=\"181\" data-init-height=\"394\" title=\"Rehfuss-22\" src=\"https:\/\/www.kern-unternehmensnachfolge.com\/wp-content\/uploads\/2025\/01\/Rehfuss-22.jpg\" data-width=\"368\" data-height=\"181\" style=\"aspect-ratio: auto 800 \/ 394;\" mt-d=\"0\" ml-d=\"0\" center-h-d=\"false\" loading=\"lazy\"><\/span><\/p>\n<p style=\"text-align: left;\"><strong><span class=\"caps\">KERN<\/span> v\u00e1llala\u00adti ut\u00f3dl\u00e1s Freiburg<br><\/strong>Jogi szempontb\u00f3l \u00f6n\u00e1ll\u00f3 teleph\u00ade\u00adly<br>Karl Rehfu\u00df<br>Kaiser-Joseph-Str. 254<br>79098 Freiburg im Breisgau<\/p>\n<p style=\"text-align: left;\">Telefon <a href=\"tel:+4976155724843\" target=\"_blank\" style=\"outline: none;\">+49 761 55724843<\/a><a href=\"mailto:andre@kern-unternehmensnachfolge.com\" style=\"outline: none;\" target=\"_blank\"><\/a><br><a href=\"mailto:rehfuss@kern-unternehmensnachfolge.com\" target=\"_blank\" style=\"outline: none; color: rgb(0, 115, 198) !important;\">rehfuss@kern-unternehmensnachfolge.com<\/a><\/p>\n<p><span style=\"width: 100%;\"><img decoding=\"async\" alt title=\"\u00e9rt\u00e9kelj engem - Google\" data-id=\"32554\" src=\"https:\/\/www.kern-unternehmensnachfolge.com\/wp-content\/uploads\/2025\/01\/bewerten-Sie-mich-Google.png\" style=\"aspect-ratio: auto 300 \/ 300;\" width=\"220\" height=\"220\" data-width=\"220\" data-height=\"220\" data-init-width=\"300\" data-init-height=\"300\" loading=\"lazy\"><\/span><a href=\"https:\/\/www.linkedin.com\/in\/josef-andre-71313121\/\" target=\"_blank\" rel=\"noopener\"><\/a><a href=\"https:\/\/www.xing.com\/profile\/Josef_Andre\/portfolio\" target=\"_blank\" rel=\"noopener\"><\/a><\/p>","protected":false},"excerpt":{"rendered":"<p>Karl Rehfu\u00df \u2013 Ihr Spezialist f\u00fcr Unternehmensnachfolge Nachfolger gesucht? Der sichere Weg zur Unternehmensnachfolge in Freiburg im Breisgau \u2605\u2605\u2605\u2605\u2605 &nbsp;5.0 [&hellip;]<\/p>\n","protected":false},"author":84,"featured_media":0,"parent":27709,"menu_order":0,"comment_status":"closed","ping_status":"closed","template":"","meta":{"wp_typography_post_enhancements_disabled":false,"_kad_blocks_custom_css":"","_kad_blocks_head_custom_js":"","_kad_blocks_body_custom_js":"","_kad_blocks_footer_custom_js":"","site-sidebar-layout":"no-sidebar","site-content-layout":"page-builder","ast-site-content-layout":"full-width-container","site-content-style":"unboxed","site-sidebar-style":"unboxed","ast-global-header-display":"disabled","ast-banner-title-visibility":"disabled","ast-main-header-display":"","ast-hfb-above-header-display":"","ast-hfb-below-header-display":"","ast-hfb-mobile-header-display":"","site-post-title":"","ast-breadcrumbs-content":"","ast-featured-img":"","footer-sml-layout":"disabled","ast-disable-related-posts":"","theme-transparent-header-meta":"","adv-header-id-meta":"","stick-header-meta":"","header-above-stick-meta":"","header-main-stick-meta":"","header-below-stick-meta":"","astra-migrate-meta-layouts":"set","ast-page-background-enabled":"default","ast-page-background-meta":{"desktop":{"background-color":"","background-image":"","background-repeat":"repeat","background-position":"center center","background-size":"auto","background-attachment":"scroll","background-type":"","background-media":"","overlay-type":"","overlay-color":"","overlay-opacity":"","overlay-gradient":""},"tablet":{"background-color":"","background-image":"","background-repeat":"repeat","background-position":"center center","background-size":"auto","background-attachment":"scroll","background-type":"","background-media":"","overlay-type":"","overlay-color":"","overlay-opacity":"","overlay-gradient":""},"mobile":{"background-color":"","background-image":"","background-repeat":"repeat","background-position":"center center","background-size":"auto","background-attachment":"scroll","background-type":"","background-media":"","overlay-type":"","overlay-color":"","overlay-opacity":"","overlay-gradient":""}},"ast-content-background-meta":{"desktop":{"background-color":"var(--ast-global-color-5)","background-image":"","background-repeat":"repeat","background-position":"center center","background-size":"auto","background-attachment":"scroll","background-type":"","background-media":"","overlay-type":"","overlay-color":"","overlay-opacity":"","overlay-gradient":""},"tablet":{"background-color":"var(--ast-global-color-5)","background-image":"","background-repeat":"repeat","background-position":"center center","background-size":"auto","background-attachment":"scroll","background-type":"","background-media":"","overlay-type":"","overlay-color":"","overlay-opacity":"","overlay-gradient":""},"mobile":{"background-color":"var(--ast-global-color-5)","background-image":"","background-repeat":"repeat","background-position":"center center","background-size":"auto","background-attachment":"scroll","background-type":"","background-media":"","overlay-type":"","overlay-color":"","overlay-opacity":"","overlay-gradient":""}},"iawp_total_views":5,"footnotes":""},"class_list":["post-36693","page","type-page","status-publish","hentry"],"taxonomy_info":[],"featured_image_src_large":false,"author_info":{"display_name":"Benjamin","author_link":"https:\/\/www.kern-unternehmensnachfolge.com\/hu\/author\/benjamin-onestop\/"},"comment_info":0,"_links":{"self":[{"href":"https:\/\/www.kern-unternehmensnachfolge.com\/hu\/wp-json\/wp\/v2\/pages\/36693","targetHints":{"allow":["GET"]}}],"collection":[{"href":"https:\/\/www.kern-unternehmensnachfolge.com\/hu\/wp-json\/wp\/v2\/pages"}],"about":[{"href":"https:\/\/www.kern-unternehmensnachfolge.com\/hu\/wp-json\/wp\/v2\/types\/page"}],"author":[{"embeddable":true,"href":"https:\/\/www.kern-unternehmensnachfolge.com\/hu\/wp-json\/wp\/v2\/users\/84"}],"replies":[{"embeddable":true,"href":"https:\/\/www.kern-unternehmensnachfolge.com\/hu\/wp-json\/wp\/v2\/comments?post=36693"}],"version-history":[{"count":5,"href":"https:\/\/www.kern-unternehmensnachfolge.com\/hu\/wp-json\/wp\/v2\/pages\/36693\/revisions"}],"predecessor-version":[{"id":36700,"href":"https:\/\/www.kern-unternehmensnachfolge.com\/hu\/wp-json\/wp\/v2\/pages\/36693\/revisions\/36700"}],"up":[{"embeddable":true,"href":"https:\/\/www.kern-unternehmensnachfolge.com\/hu\/wp-json\/wp\/v2\/pages\/27709"}],"wp:attachment":[{"href":"https:\/\/www.kern-unternehmensnachfolge.com\/hu\/wp-json\/wp\/v2\/media?parent=36693"}],"curies":[{"name":"wp","href":"https:\/\/api.w.org\/{rel}","templated":true}]}}