{"id":36495,"date":"2026-03-11T11:49:41","date_gmt":"2026-03-11T10:49:41","guid":{"rendered":"https:\/\/www.kern-unternehmensnachfolge.com\/?page_id=36495"},"modified":"2026-03-11T17:38:30","modified_gmt":"2026-03-11T16:38:30","slug":"luebeck-czornik","status":"publish","type":"page","link":"https:\/\/www.kern-unternehmensnachfolge.com\/hu\/standort\/luebeck-czornik\/","title":{"rendered":"L\u00fcbeck \u2013 Peter Czornik"},"content":{"rendered":"<p><a target=\"_blank\" href=\"https:\/\/www.kern-unternehmensnachfolge.com\/hu\/\" data-id-d=\"0\" data-img-style=\"width: 100%;\"><img decoding=\"async\" src=\"https:\/\/www.kern-unternehmensnachfolge.com\/wp-content\/uploads\/2023\/05\/kern_logo2023_rgb_farbig_transparent.png\" height=\"502\" width=\"1317\" alt=\"KERN log\u00f3\" style=\"width: 100%;\" loading=\"lazy\"><\/a><\/p>\n<h2>Peter Czornik \u2013 Ihr Spezia\u00adlist f\u00fcr Unternehmensnachfolge<\/h2>\n<h1>Nachfol\u00adger gesucht? Der siche\u00adre Weg zur Unternehmens\u00adnachfolge in L\u00fcbeck und Schleswig-Holstein<\/h1>\n<h4 style=\"text-align: center;\"><a href=\"https:\/\/www.kern-unternehmensnachfolge.com\/hu\/sikergarancia\/\" style=\"outline: none;\">\u2605\u2605\u2605\u2605\u2605 5.0 Sterne aus 156 Bewer\u00adtun\u00adgen auf Provenexpert<\/a><\/h4>\n<p><span><a href=\"https:\/\/www.kern-unternehmensnachfolge.com\/hu\/#erfolgsgarantie\" rel><img decoding=\"async\" alt data-id=\"31496\" width=\"177\" data-init-width=\"481\" height=\"171\" data-init-height=\"464\" title=\"KERN_Erfolgsgarantie_RGB_weiss_08.24\" src=\"https:\/\/www.kern-unternehmensnachfolge.com\/wp-content\/uploads\/2024\/08\/KERN_Erfolgsgarantie_RGB_weiss_08.24.png\" data-width=\"177\" data-link-wrap=\"true\" style=\"aspect-ratio: auto 481 \/ 464;\" data-height=\"171\" loading=\"lazy\"><\/a><\/span><\/p>\n<p style>Ismerk\u00aded\u00e9\u00adsi vide\u00f3 ind\u00edt\u00e1sa<\/p>\n<p>     <!-- Original logos -->  <a href=\"#lightbox-1\" data-lightbox=\"lightbox-1\" data-img=\"https:\/\/www.kern-unternehmensnachfolge.com\/wp-content\/uploads\/2025\/03\/UDZ-Siegel_Nils-Koerber.webp\" target=\"_blank\"> <img decoding=\"async\" src=\"https:\/\/www.kern-unternehmensnachfolge.com\/wp-content\/uploads\/2025\/03\/UDZ-Siegel_Nils-Koerber.webp\" alt=\"UDZ Seal Nils K\u00f6rber\"> <\/a>   <a href=\"#lightbox-2\" data-lightbox=\"lightbox-2\" data-img=\"https:\/\/www.kern-unternehmensnachfolge.com\/wp-content\/uploads\/2024\/05\/german-customer-arwards2024-150x150.jpeg\" target=\"_blank\"> <img decoding=\"async\" src=\"https:\/\/www.kern-unternehmensnachfolge.com\/wp-content\/uploads\/2024\/05\/german-customer-arwards2024-150x150.jpeg\" alt=\"N\u00e9met \u00fcgyf\u00e9ld\u00edjak 2024\"> <\/a>   <a href=\"https:\/\/www.provenexpert.com\/kern-zukunft-fuer-lebenswerke\/\" target=\"_blank\" rel=\"noopener\"> <img decoding=\"async\" src=\"https:\/\/www.kern-unternehmensnachfolge.com\/wp-content\/uploads\/2025\/10\/Proven-Expert-Von-Kunden-Empfohlen-2025.webp\" alt=\"Bev\u00e1lt szak\u00e9rt\u0151 \u2013 \u00dcgyfelek \u00e1ltal aj\u00e1nlott 2025\"> <\/a>   <a href=\"https:\/\/die-deutsche-wirtschaft.de\/top-mittelstand-deutschland-kern-zukunft-fuer-lebenswerke\/\" target=\"_blank\" rel=\"noopener\"> <img decoding=\"async\" src=\"https:\/\/www.kern-unternehmensnachfolge.com\/wp-content\/uploads\/2025\/08\/Top-Branche-Siegel-KERN.webp\" alt=\"TOP k\u00f6z\u00e9pv\u00e1llalkoz\u00e1s\"> <\/a>   <a href=\"https:\/\/die-deutsche-wirtschaft.de\/exzellenzberater\/kern-unternehmensnachfolge-erfolgreicher\/\" target=\"_blank\" rel=\"noopener\"> <img decoding=\"async\" src=\"https:\/\/www.kern-unternehmensnachfolge.com\/wp-content\/uploads\/2025\/03\/Exzellenzberater-Deutscher-Mittelstand-2023.webp\" alt=\"Kiv\u00e1l\u00f3s\u00e1gi tan\u00e1csad\u00f3 2023\"> <\/a>   <a href=\"https:\/\/die-deutsche-wirtschaft.de\/exzellenzberater\/kern-unternehmensnachfolge-erfolgreicher\/\" target=\"_blank\" rel=\"noopener\"> <img decoding=\"async\" src=\"https:\/\/www.kern-unternehmensnachfolge.com\/wp-content\/uploads\/2025\/03\/Exzellenzberater-Deutscher-Mittelstand-2024.webp\" alt=\"Kiv\u00e1l\u00f3s\u00e1gi tan\u00e1csad\u00f3 2024\"> <\/a>   <a href=\"#lightbox-6\" data-lightbox=\"lightbox-6\" data-img=\"https:\/\/www.kern-unternehmensnachfolge.com\/wp-content\/uploads\/2025\/09\/Exzellenter-Nachfolgeberater-Award-2025.webp\" target=\"_blank\"> <img decoding=\"async\" src=\"https:\/\/www.kern-unternehmensnachfolge.com\/wp-content\/uploads\/2025\/09\/Exzellenter-Nachfolgeberater-Award-2025.webp\" alt=\"Kiv\u00e1l\u00f3 ut\u00f3dl\u00e1si tan\u00e1csad\u00f3 d\u00edj 2025\"> <\/a>   <a href=\"https:\/\/vimeo.com\/775891851\" target=\"_blank\" rel=\"noopener\"> <img decoding=\"async\" src=\"https:\/\/www.kern-unternehmensnachfolge.com\/wp-content\/uploads\/2023\/07\/kern-german-brand-award-2021-132x300.jpeg\" alt=\"N\u00e9met m\u00e1rkad\u00edj 2021\"> <\/a>   <a href=\"https:\/\/vimeo.com\/787837024\" target=\"_blank\" rel=\"noopener\"> <img decoding=\"async\" src=\"https:\/\/www.kern-unternehmensnachfolge.com\/wp-content\/uploads\/2025\/03\/Innovator-des-Jahres-2021.webp\" alt=\"Innov\u00e1tor 2021\"> <\/a>   <a href=\"#lightbox-3\" data-lightbox=\"lightbox-3\" data-img=\"https:\/\/www.kern-unternehmensnachfolge.com\/wp-content\/uploads\/2023\/06\/TC_19_Member_Strich-211x300.jpg\" target=\"_blank\"> <img decoding=\"async\" src=\"https:\/\/www.kern-unternehmensnachfolge.com\/wp-content\/uploads\/2023\/06\/TC_19_Member_Strich-211x300.jpg\" alt=\"TC 19 Tag\"> <\/a>   <a href=\"https:\/\/vimeo.com\/775920300\" target=\"_blank\" rel=\"noopener\"> <img decoding=\"async\" src=\"https:\/\/www.kern-unternehmensnachfolge.com\/wp-content\/uploads\/2023\/06\/TC_20_Member_Strich-210x300.jpg\" alt=\"TC 20 Tag\"> <\/a>   <a href=\"https:\/\/www.top-consultant.de\/kern-unternehmensnachfolge-erfolgreicher-2023\/\" target=\"_blank\" rel=\"noopener\"> <img decoding=\"async\" src=\"https:\/\/www.kern-unternehmensnachfolge.com\/wp-content\/uploads\/2023\/06\/tc_23_member_strich-210x300.jpg\" alt=\"TC 23 Tag\"> <\/a>   <a href=\"#lightbox-4\" data-lightbox=\"lightbox-4\" data-img=\"https:\/\/www.kern-unternehmensnachfolge.com\/wp-content\/uploads\/2025\/04\/SZ-Institut-Beste-Berater-Mittelstand.webp\" target=\"_blank\"> <img decoding=\"async\" src=\"https:\/\/www.kern-unternehmensnachfolge.com\/wp-content\/uploads\/2025\/04\/SZ-Institut-Beste-Berater-Mittelstand.webp\" alt=\"SZ Legjobb tan\u00e1csad\u00f3k a k\u00f6z\u00e9pv\u00e1llalkoz\u00e1sok sz\u00e1m\u00e1ra\"> <\/a>   <a href=\"#lightbox-5\" data-lightbox=\"lightbox-5\" data-img=\"https:\/\/www.kern-unternehmensnachfolge.com\/wp-content\/uploads\/2025\/06\/WirtschaftsWoche-Beste-Berater-Mittelstand.webp\" target=\"_blank\"> <img decoding=\"async\" src=\"https:\/\/www.kern-unternehmensnachfolge.com\/wp-content\/uploads\/2025\/06\/WirtschaftsWoche-Beste-Berater-Mittelstand.webp\" alt=\"WirtschaftsWoche Legjobb tan\u00e1csad\u00f3k a k\u00f6z\u00e9pv\u00e1llalkoz\u00e1sok sz\u00e1m\u00e1ra\"> <\/a>  <!-- Duplicate logos for seamless loop -->  <a href=\"#lightbox-1\" data-lightbox=\"lightbox-1\" data-img=\"https:\/\/www.kern-unternehmensnachfolge.com\/wp-content\/uploads\/2025\/03\/UDZ-Siegel_Nils-Koerber.webp\" target=\"_blank\"> <img decoding=\"async\" src=\"https:\/\/www.kern-unternehmensnachfolge.com\/wp-content\/uploads\/2025\/03\/UDZ-Siegel_Nils-Koerber.webp\" alt=\"UDZ Seal Nils K\u00f6rber\"> <\/a>   <a href=\"#lightbox-2\" data-lightbox=\"lightbox-2\" data-img=\"https:\/\/www.kern-unternehmensnachfolge.com\/wp-content\/uploads\/2024\/05\/german-customer-arwards2024-150x150.jpeg\" target=\"_blank\"> <img decoding=\"async\" src=\"https:\/\/www.kern-unternehmensnachfolge.com\/wp-content\/uploads\/2024\/05\/german-customer-arwards2024-150x150.jpeg\" alt=\"N\u00e9met \u00fcgyf\u00e9ld\u00edjak 2024\"> <\/a>   <a href=\"https:\/\/www.provenexpert.com\/kern-zukunft-fuer-lebenswerke\/\" target=\"_blank\" rel=\"noopener\"> <img decoding=\"async\" src=\"https:\/\/www.kern-unternehmensnachfolge.com\/wp-content\/uploads\/2025\/10\/Proven-Expert-Von-Kunden-Empfohlen-2025.webp\" alt=\"Bev\u00e1lt szak\u00e9rt\u0151 \u2013 \u00dcgyfelek \u00e1ltal aj\u00e1nlott 2025\"> <\/a>   <a href=\"https:\/\/die-deutsche-wirtschaft.de\/top-mittelstand-deutschland-kern-zukunft-fuer-lebenswerke\/\" target=\"_blank\" rel=\"noopener\"> <img decoding=\"async\" src=\"https:\/\/www.kern-unternehmensnachfolge.com\/wp-content\/uploads\/2025\/08\/Top-Branche-Siegel-KERN.webp\" alt=\"TOP k\u00f6z\u00e9pv\u00e1llalkoz\u00e1s\"> <\/a>   <a href=\"https:\/\/die-deutsche-wirtschaft.de\/exzellenzberater\/kern-unternehmensnachfolge-erfolgreicher\/\" target=\"_blank\" rel=\"noopener\"> <img decoding=\"async\" src=\"https:\/\/www.kern-unternehmensnachfolge.com\/wp-content\/uploads\/2025\/03\/Exzellenzberater-Deutscher-Mittelstand-2023.webp\" alt=\"Kiv\u00e1l\u00f3s\u00e1gi tan\u00e1csad\u00f3 2023\"> <\/a>   <a href=\"https:\/\/die-deutsche-wirtschaft.de\/exzellenzberater\/kern-unternehmensnachfolge-erfolgreicher\/\" target=\"_blank\" rel=\"noopener\"> <img decoding=\"async\" src=\"https:\/\/www.kern-unternehmensnachfolge.com\/wp-content\/uploads\/2025\/03\/Exzellenzberater-Deutscher-Mittelstand-2024.webp\" alt=\"Kiv\u00e1l\u00f3s\u00e1gi tan\u00e1csad\u00f3 2024\"> <\/a>   <a href=\"#lightbox-6\" data-lightbox=\"lightbox-6\" data-img=\"https:\/\/www.kern-unternehmensnachfolge.com\/wp-content\/uploads\/2025\/09\/Exzellenter-Nachfolgeberater-Award-2025.webp\" target=\"_blank\"> <img decoding=\"async\" src=\"https:\/\/www.kern-unternehmensnachfolge.com\/wp-content\/uploads\/2025\/09\/Exzellenter-Nachfolgeberater-Award-2025.webp\" alt=\"Kiv\u00e1l\u00f3 ut\u00f3dl\u00e1si tan\u00e1csad\u00f3 d\u00edj 2025\"> <\/a>   <a href=\"https:\/\/vimeo.com\/775891851\" target=\"_blank\" rel=\"noopener\"> <img decoding=\"async\" src=\"https:\/\/www.kern-unternehmensnachfolge.com\/wp-content\/uploads\/2023\/07\/kern-german-brand-award-2021-132x300.jpeg\" alt=\"N\u00e9met m\u00e1rkad\u00edj 2021\"> <\/a>   <a href=\"https:\/\/vimeo.com\/787837024\" target=\"_blank\" rel=\"noopener\"> <img decoding=\"async\" src=\"https:\/\/www.kern-unternehmensnachfolge.com\/wp-content\/uploads\/2025\/03\/Innovator-des-Jahres-2021.webp\" alt=\"Innov\u00e1tor 2021\"> <\/a>   <a href=\"#lightbox-3\" data-lightbox=\"lightbox-3\" data-img=\"https:\/\/www.kern-unternehmensnachfolge.com\/wp-content\/uploads\/2023\/06\/TC_19_Member_Strich-211x300.jpg\" target=\"_blank\"> <img decoding=\"async\" src=\"https:\/\/www.kern-unternehmensnachfolge.com\/wp-content\/uploads\/2023\/06\/TC_19_Member_Strich-211x300.jpg\" alt=\"TC 19 Tag\"> <\/a>   <a href=\"https:\/\/vimeo.com\/775920300\" target=\"_blank\" rel=\"noopener\"> <img decoding=\"async\" src=\"https:\/\/www.kern-unternehmensnachfolge.com\/wp-content\/uploads\/2023\/06\/TC_20_Member_Strich-210x300.jpg\" alt=\"TC 20 Tag\"> <\/a>   <a href=\"https:\/\/www.top-consultant.de\/kern-unternehmensnachfolge-erfolgreicher-2023\/\" target=\"_blank\" rel=\"noopener\"> <img decoding=\"async\" src=\"https:\/\/www.kern-unternehmensnachfolge.com\/wp-content\/uploads\/2023\/06\/tc_23_member_strich-210x300.jpg\" alt=\"TC 23 Tag\"> <\/a>   <a href=\"#lightbox-4\" data-lightbox=\"lightbox-4\" data-img=\"https:\/\/www.kern-unternehmensnachfolge.com\/wp-content\/uploads\/2025\/04\/SZ-Institut-Beste-Berater-Mittelstand.webp\" target=\"_blank\"> <img decoding=\"async\" src=\"https:\/\/www.kern-unternehmensnachfolge.com\/wp-content\/uploads\/2025\/04\/SZ-Institut-Beste-Berater-Mittelstand.webp\" alt=\"SZ Legjobb tan\u00e1csad\u00f3k a k\u00f6z\u00e9pv\u00e1llalkoz\u00e1sok sz\u00e1m\u00e1ra\"> <\/a>   <a href=\"#lightbox-5\" data-lightbox=\"lightbox-5\" data-img=\"https:\/\/www.kern-unternehmensnachfolge.com\/wp-content\/uploads\/2025\/06\/WirtschaftsWoche-Beste-Berater-Mittelstand.webp\" target=\"_blank\"> <img decoding=\"async\" src=\"https:\/\/www.kern-unternehmensnachfolge.com\/wp-content\/uploads\/2025\/06\/WirtschaftsWoche-Beste-Berater-Mittelstand.webp\" alt=\"WirtschaftsWoche Legjobb tan\u00e1csad\u00f3k a k\u00f6z\u00e9pv\u00e1llalkoz\u00e1sok sz\u00e1m\u00e1ra\"> <\/a>    <!-- Lightbox containers -->   <span>\u2715<\/span> <img decoding=\"async\" src=\"https:\/\/www.kern-unternehmensnachfolge.com\/wp-content\/uploads\/2025\/03\/UDZ-Siegel_Nils-Koerber.webp\" alt=\"UDZ Seal Nils K\u00f6rber\"> <span class=\"caps\">UDZ<\/span> Seal Nils K\u00f6rber     <span>\u2715<\/span> <img decoding=\"async\" src=\"https:\/\/www.kern-unternehmensnachfolge.com\/wp-content\/uploads\/2024\/05\/german-customer-arwards2024-150x150.jpeg\" alt=\"N\u00e9met \u00fcgyf\u00e9ld\u00edjak 2024\"> N\u00e9met \u00fcgyf\u00e9l\u00add\u00ed\u00adjak 2024     <span>\u2715<\/span> <img decoding=\"async\" src=\"https:\/\/www.kern-unternehmensnachfolge.com\/wp-content\/uploads\/2023\/06\/TC_19_Member_Strich-211x300.jpg\" alt=\"TC 19 Tag\"> <span class=\"caps\">TC<\/span> 19 Tag     <span>\u2715<\/span> <img decoding=\"async\" src=\"https:\/\/www.kern-unternehmensnachfolge.com\/wp-content\/uploads\/2025\/04\/SZ-Institut-Beste-Berater-Mittelstand.webp\" alt=\"SZ \u2013 A legjobb tan\u00e1csad\u00f3k a k\u00f6z\u00e9pv\u00e1llalkoz\u00e1sok sz\u00e1m\u00e1ra\">  Beste Berater Mittel\u00adstand \u2013 <span class=\"caps\">SZ<\/span> Insti\u00adtut      <span>\u2715<\/span> <img decoding=\"async\" src=\"https:\/\/www.kern-unternehmensnachfolge.com\/wp-content\/uploads\/2025\/06\/WirtschaftsWoche-Beste-Berater-Mittelstand.webp\" alt=\"WirtschaftsWoche \u2013 A legjobb tan\u00e1csad\u00f3k a k\u00f6z\u00e9pv\u00e1llalkoz\u00e1sok sz\u00e1m\u00e1ra\">  Beste Berater Mittel\u00adstand \u2013 Wirtschafts\u00adWo\u00adche      <span>\u2715<\/span> <img decoding=\"async\" src=\"https:\/\/www.kern-unternehmensnachfolge.com\/wp-content\/uploads\/2025\/09\/Exzellenter-Nachfolgeberater-Award-2025.webp\" alt=\"Kiv\u00e1l\u00f3 ut\u00f3dl\u00e1si tan\u00e1csad\u00f3 d\u00edj 2025\">  Kiv\u00e1l\u00f3 ut\u00f3dl\u00e1\u00adsi tan\u00e1c\u00adsa\u00add\u00f3 d\u00edj 2025    <!-- JavaScript for lightbox functionality -->  <\/p>\n<h2>Peter Czorniks Exper\u00adti\u00adse f\u00fcr Ihren Unternehmensverkauf<\/h2>\n<p>Jahrgang 1986, M.Sc. und <span class=\"caps\">MBA<\/span> mit Studi\u00adum in M\u00fcnchen, K\u00f6ln und Derby. Exper\u00adte f\u00fcr Unternehmens\u00adnachfolge an den Stand\u00ador\u00adten Bremen und L\u00fcbeck. Langj\u00e4h\u00adri\u00adge Gesch\u00e4fts\u00adent\u00adwick\u00adlung mit vertrieb\u00adli\u00adchem Fokus (Venture Capital finan\u00adzier\u00adter Mittel\u00adstand), Strate\u00adgie\u00adbe\u00adra\u00adtung (McKin\u00adsey <span class=\"amp\">&amp;<\/span> Compa\u00adny) und F\u00fchrungs\u00adver\u00adant\u00adwor\u00adtung. Umfang\u00adrei\u00adches techni\u00adsches und betriebs\u00adwirt\u00adschaft\u00adli\u00adches Know-How gepaart mit strate\u00adgi\u00adscher Weitsicht und Wachs\u00adtums\u00adori\u00aden\u00adtie\u00adrung. Erh\u00f6ht Ihren Unter\u00adneh\u00admens\u00adwert und Erfolg durch Risiko\u00adana\u00adly\u00adse und indivi\u00addu\u00adel\u00adle L\u00f6sungen.<\/p>\n<p><span><img decoding=\"async\" alt=\"Kiv\u00e1l\u00f3 ut\u00f3dl\u00e1si tan\u00e1csad\u00f3 d\u00edj 2025\" data-id=\"35007\" width=\"200\" data-init-width=\"0\" height=\"200\" data-init-height=\"0\" title=\"Kiv\u00e1l\u00f3 ut\u00f3dl\u00e1si tan\u00e1csad\u00f3 d\u00edj 2025\" src=\"https:\/\/www.kern-unternehmensnachfolge.com\/wp-content\/uploads\/2025\/10\/Exzellenter-Nachfolgeberater-Award-2025.svg\" data-width=\"200\" data-height=\"200\" style=\"aspect-ratio: auto 0 \/ 0;\" loading=\"lazy\"><\/span><\/p>\n<p style>Exper\u00adten\u00adtipp-Video starten<\/p>\n<p><span style=\"width: 100%;\"><img decoding=\"async\" alt=\"Profil - Peter Czornik - KERN Berater\" title=\"Profil - Peter Czornik - KERN Berater\" data-id=\"36358\" src=\"https:\/\/www.kern-unternehmensnachfolge.com\/wp-content\/uploads\/2026\/03\/Profil-Peter-Czornik-KERN-Berater.webp\" style=\"aspect-ratio: auto 800 \/ 400;\" data-width=\"211\" data-init-width=\"800\" data-init-height=\"400\" width=\"211\" height=\"106\" data-height=\"106\" mt-d=\"0\" ml-d=\"-56\" center-h-d=\"false\" loading=\"lazy\"><\/span><\/p>\n<h2 data-hide=\"true\" id=\"t-1654808931768\" style=\"text-align: center;\">Bizal\u00admas k\u00e9rd\u00e9\u00adse&nbsp;van?&nbsp;<\/h2>\n<h2 data-hide=\"true\" style=\"text-align: center;\">Foglal\u00adja le a k\u00edv\u00e1nt ingyenes id\u0151pon\u00adtot k\u00f6zvet\u00adle\u00adn\u00fcl online<\/h2>\n<h4>\u2026 wie wichtig Ihre Themen sind und dass Sie als Referent sehr \u00fcberzeugt haben.<\/h4>\n<p>Herzli\u00adchen Dank f\u00fcr Ihren Vortrag auf unserer Tagung. Das einhel\u00adlig positi\u00adve Feedback der 150 Zuh\u00f6rer hat uns best\u00e4\u00adtigt, wie wichtig Ihre Themen sind und dass Sie als Referent von <span class=\"caps\">KERN<\/span> sehr \u00fcberzeugt haben.<\/p>\n<p><span>Lothar Sand<\/span><span>,B\u00f6rsen\u00adver\u00adein des Deutschen Buchhandels<\/span><\/p>\n<h4>Ohne den Blick von au\u00dfen w\u00e4ren wir wohl nie so schnell und sicher zum Ziel gekommen<\/h4>\n<p><\/p><p align=\"justify\">Im Rahmen meiner Unternehmens\u00adnachfolge war die Fusion mit einem Wettbe\u00adwerbs\u00adun\u00adter\u00adneh\u00admen die ideale L\u00f6sung. Das KERN-Team, und ganz beson\u00adders Herr Koerber, hat uns als Modera\u00adtor und Prozess\u00adbe\u00adglei\u00adter sensi\u00adbel beglei\u00adtet und die Inter\u00ades\u00adsen beider Verhand\u00adlungs\u00adpart\u00adner gut mitein\u00adan\u00adder verbun\u00adden. Ohne den Blick von au\u00dfen und die Verhand\u00adlungs\u00ader\u00adfah\u00adrung, w\u00e4ren wir wohl nie so schnell und sicher zum Ziel gekommen!<\/p>\n\n<p><span>J.K. V\u00e1llal\u00adko\u00adz\u00f3 Berlin\u00adb\u0151l<\/span><span>Keres\u00adke\u00adde\u00adlem \u00e9s szolg\u00e1ltat\u00e1sok<\/span><\/p>\n<h4>Endlich Zeit f\u00fcr eine neue Lebensplanung<\/h4>\n<p>Auf stets angeneh\u00adme und sehr kompe\u00adten\u00adte Art und Weise hat mich Herr Grepp\u00admair von <span class=\"caps\">KERN<\/span> beim Verkauf meines Hausmeis\u00adter\u00adser\u00advices in M\u00fcnchen beglei\u00adtet. In nur neun Monaten ist es Ihm trotz fallen\u00adder Ums\u00e4t\u00adzen und Corona-Krise gelun\u00adgen mein Unter\u00adneh\u00admen zu einem zufrie\u00adden\u00adstel\u00adlen\u00adden Preis an den Mann zu bringen. Damit hat er einen entschei\u00adden\u00adden Beitrag zu einer seit langem herbei\u00adge\u00adsehn\u00adten neuen Lebens\u00adpla\u00adnung geleis\u00adtet. Herzli\u00adchen Dank&nbsp;daf\u00fcr!<\/p>\n<p><span>Stefan Krebs<\/span><span>,GEON-Geb\u00e4u\u00adde\u00adma\u00adnage\u00adment<\/span><\/p>\n<h4>Spannen\u00adde Metho\u00adde f\u00fcr einen nachhal\u00adti\u00adgen F\u00fchrungswechsel<\/h4>\n<p><\/p><p dir=\"ltr\">MeinST\u00adABWECH\u00adSEL ist eine spannen\u00adde Metho\u00adde f\u00fcr einen nachhal\u00adti\u00adgen F\u00fchrungs\u00adwech\u00adsel in Famili\u00aden\u00adun\u00adter\u00adneh\u00admen. Mit erstaun\u00adli\u00adcher Leich\u00adtig\u00adkeit findet man zu eigenen Werten und Bed\u00fcrfnissen.Ziel, Weg und Zeitrah\u00admen erschie\u00adnen mir am Ende der Reise als 3D-Vision f\u00fcr meinen pers\u00f6n\u00adli\u00adchen Stabwech\u00adsel. So habe ich mir in bester Atmosph\u00e4\u00adre und Beglei\u00adtung durch <span class=\"caps\">KERN<\/span> meine \u201eto do-Liste\u201c selbst erarbeitet.<\/p>\n\n<p><span>Klaus-Peter Gust<\/span><span>V\u00e1llal\u00adko\u00adz\u00f3<\/span><\/p>\n<h4>Rem\u00e9lem, hogy a csal\u00e1\u00addi v\u00e1llal\u00adko\u00adz\u00e1\u00adsok \u00e9lni fognak az \u00d6n aj\u00e1nl\u00e1\u00adsainak el\u0151nyeivel.<\/h4>\n<p>Ritk\u00e1n volt ilyen egy\u00f6n\u00adte\u00adt\u0171en pozit\u00edv a k\u00f6z\u00f6n\u00ads\u00e9g vissza\u00adjel\u00adz\u00e9\u00adse! Minden tekin\u00adtet\u00adben hitele\u00adsen \u00e9s sz\u00edvb\u0151l adtad \u00e1t a t\u00e9m\u00e1t. Rem\u00e9lem, hogy a csal\u00e1\u00addi v\u00e1llal\u00adko\u00adz\u00e1\u00adsok \u00e9lni fognak az aj\u00e1nl\u00e1saiddal.<\/p>\n<p><span>Ingrid Marten<\/span><span>,Wirtschafts\u00adf\u00f6r\u00adde\u00adrung Wesermarsch<\/span><\/p>\n<h4>Zusam\u00admen\u00adar\u00adbeit der letzten Monate war gepr\u00e4gt von Profes\u00adsio\u00adna\u00adli\u00adt\u00e4t und Vertrauen<\/h4>\n<p>Die Zusam\u00admen\u00adar\u00adbeit der letzten Monate war gepr\u00e4gt von Profes\u00adsio\u00adna\u00adli\u00adt\u00e4t und Vertrau\u00aden; auch ich habe mich von Ihnen stets gut vertre\u00adten gef\u00fchlt, obwohl ich <strong>nem<\/strong> Ihr Auftrag\u00adge\u00adber war. Umso gr\u00f6\u00dfer das Kompli\u00adment! <span class=\"caps\">VIELEN<\/span> <span class=\"caps\">DANK<\/span>!<\/p>\n<p><span>U.S., Unter\u00adneh\u00admer und K\u00e4ufer einer Firma in Bayern<\/span><span><span class=\"caps\">IT<\/span> szolg\u00e1l\u00adta\u00adt\u00e1\u00adsok<\/span><\/p>\n<h4>\u2026 sind \u00fcberrascht, welch tolle Energien in allen von uns freige\u00adsetzt worden sind<\/h4>\n<p><\/p><p align=\"justify\">A v\u00e1lto\u00adz\u00e1\u00adsok felt\u00e9\u00adte\u00adlei k\u00f6z\u00f6tt szere\u00adpel az is, hogy megis\u00admer\u00adj\u00fck a v\u00e1lla\u00adlat kult\u00far\u00e1\u00adj\u00e1t, c\u00e9lja\u00adit, felel\u0151s\u00ads\u00e9\u00adg\u00e9t \u00e9s \u201ej\u00e1t\u00e9ks\u00adza\u00adb\u00e1\u00adly\u00adait\u201c. A <span class=\"caps\">KERN<\/span> seg\u00edt\u00ads\u00e9\u00adg\u00e9\u00advel egy izgal\u00admas \u00fatra indul\u00adtunk, amely\u00adnek c\u00e9lja egy saj\u00e1t, egyedi v\u00e1llala\u00adti filoz\u00f3\u00adfia kidol\u00adgo\u00adz\u00e1\u00adsa, \u00e9s meglep\u0151d\u00adt\u00fcnk, milyen fantasz\u00adti\u00adkus energi\u00e1k szabadul\u00adtak fel mindan\u00adnyiunk\u00adban. \u00dcgyfel\u00adeink, munka\u00adt\u00e1r\u00adsaink \u00e9s az eg\u00e9sz v\u00e1lla\u00adlat jav\u00e1ra. K\u00f6sz\u00f6n\u00adj\u00fck a KERN-nek a c\u00e9lori\u00aden\u00adt\u00e1lt \u00e9s profess\u00adzion\u00e1\u00adlis moder\u00e1\u00adl\u00e1st \u00e9s fejleszt\u00e9st.<\/p>\n\n<p><span>G-O.B, v\u00e1llal\u00adko\u00adz\u00f3 Koblenz\u00adb\u0151l<\/span><span>,H\u00e4ndler und Dienst\u00adleis\u00adter Hard- und Softwarebereich<\/span><\/p>\n<h4>C\u00e9g\u00e9rt\u00e9\u00adke\u00ads\u00ed\u00adt\u00e9s szaks\u00adzer\u0171en k\u00eds\u00e9rve \u00e9s v\u00e9gre\u00adhajt\u00adva az elej\u00e9\u00adt\u0151l a v\u00e9g\u00e9ig<\/h4>\n<p><\/p><p align=\"justify\"><span class=\"caps\">KERN<\/span> hat meinen Unter\u00adnehmens\u00adverkauf vom Anfang bis zum Ende profes\u00adsio\u00adnell beglei\u00adtet und umgesetzt. Die K\u00e4ufer\u00adfin\u00addung war erstaun\u00adlich schnell und der anschlie\u00ad\u00dfen\u00adde Nachfol\u00adge\u00adpro\u00adzess wurde zu jedem Zeitpunkt kompe\u00adtent beglei\u00adtet und moderiert.<\/p>\n\n<p><span>H-J. N., v\u00e1llal\u00adko\u00adz\u00f3 Neuss\u00adb\u00f3l<\/span><span>,gr\u00f6\u00dfter deutscher H\u00e4ndler einer Premi\u00adum\u00admar\u00adke f\u00fcr Kopie\u00adrer und&nbsp;<span class=\"caps\">DMS<\/span><\/span><\/p>\n<h4>Geschwin\u00addig\u00adkeit beein\u00addru\u00adckend,&nbsp;Form immer der Situa\u00adti\u00adon angebracht, Verhal\u00adten ehrlich&nbsp;\u2026<\/h4>\n<p>Ich m\u00f6chte mich ganz herzlich f\u00fcr die Beglei\u00adtung des Unter\u00adneh\u00admens\u00adver\u00adkaufs bedan\u00adken. Geschwin\u00addig\u00adkeit beein\u00addru\u00adckend, Form immer der Situa\u00adti\u00adon angebracht, Verhal\u00adten ehrlich und unauf\u00adge\u00adsetzt \u2013 es h\u00e4tte nicht besser passen k\u00f6nnen! Dank Ihrer Unter\u00adst\u00fct\u00adzung konnten wir dieses Projekt f\u00fcr uns alle zufrie\u00adden stellend abschlie\u00dfen.<\/p>\n<p><span>C.K., v\u00e1llal\u00adko\u00adz\u00f3 a Weser-Ems r\u00e9gi\u00f3\u00adb\u00f3l<\/span><span>Gy\u00e1rt\u00f3 \u00e9s keres\u00adke\u00addel\u00admi v\u00e1llalat<\/span><\/p>\n<h4>Profes\u00adsio\u00adnell und zuver\u00adl\u00e4s\u00adsig bis zum erfolg\u00adrei\u00adchen Abschluss<\/h4>\n<p>Gerade in den schwie\u00adri\u00adgen Phasen hat mein Berater die L\u00fccken geschlos\u00adsen und einer Weiter\u00adver\u00adhand\u00adlung den Weg berei\u00adtet .Alles war profes\u00adsio\u00adnell und zuver\u00adl\u00e4s\u00adsig , Bespre\u00adchun\u00adgen auch au\u00dfer\u00adhalb der gew\u00f6hn\u00adli\u00adchen Gesch\u00e4fts\u00adzei\u00adten waren jeder Zeit m\u00f6glich .Fachlich f\u00fchle ich mich umfang\u00adreich und gut aufge\u00adho\u00adben, der erfolg\u00adrei\u00adche Abschluss ist Ausdruck der KERN-Kompetenz!<\/p>\n<p><span>J.M.<\/span><span><\/span><\/p>\n<h4>\u2026 ist es uns gelun\u00adgen, genau das richti\u00adge Unter\u00adneh\u00admen f\u00fcr unsere beson\u00adde\u00adre Nische zu finden<\/h4>\n<p>Wir haben unsere Wachs\u00adtums\u00adstra\u00adte\u00adgie durch die Spezia\u00adlis\u00adten von <span class=\"caps\">KERN<\/span> beglei\u00adten lassen. Mit einer genau\u00aden Target-Analy\u00adse und der detail\u00adlier\u00adten Markt\u00adre\u00adcher\u00adche ist es uns gelun\u00adgen, genau das richti\u00adge Unter\u00adneh\u00admen f\u00fcr unsere beson\u00adde\u00adre Nische zu finden. Dabei ist nicht zu unter\u00adsch\u00e4t\u00adzen, mit welchem Aufwand ein solcher Schritt verbun\u00adden ist. Mit <span class=\"caps\">KERN<\/span> haben wir eine profes\u00adsio\u00adnel\u00adle Unter\u00adst\u00fct\u00adzung gefun\u00adden. Gleich\u00adzei\u00adtig konnte das Nachfol\u00adge\u00adpro\u00adblem des zu \u00fcberneh\u00admen\u00adden Unter\u00adneh\u00admens langfris\u00adtig und substan\u00adti\u00adell gel\u00f6st werden.<\/p>\n<p><span>W.S., Gesch\u00e4fts\u00adf\u00fch\u00adrer aus dem Raum Frankfurt\/Main<\/span><span>,Entsor\u00adgungs\u00addienst\u00adleis\u00adter, Markt\u00adf\u00fch\u00adrer in einem Nischensegment<\/span><\/p>\n<h4>Nagyon \u00e9lvez\u00adtem a KERN-nel val\u00f3 egy\u00fcttm\u0171k\u00f6d\u00e9st.<\/h4>\n<p><\/p><p align=\"justify\">Nagyon \u00e9lvez\u00adtem az egy\u00fctt\u00adm\u0171\u00adk\u00f6\u00add\u00e9st a KERN-nel, \u00e9s mint a vev\u0151 oldal k\u00e9pvi\u00adsel\u0151\u00adje mindig \u00f6r\u00fcl\u00f6k, ha az elad\u00f3k \u2013 k\u00fcl\u00f6n\u00f6\u00adsen a csal\u00e1\u00addi v\u00e1llal\u00adko\u00adz\u00e1\u00adsok \u2013 \u00e1tfog\u00f3 tan\u00e1c\u00adsa\u00add\u00e1st kapnak \u00e9s c\u00e9lzot\u00adtan felk\u00e9s\u00adz\u00fcl\u00adnek az elad\u00e1sra.<\/p>\n\n<p><span>F.H., verant\u00adwortl. M<span class=\"amp\">&amp;<\/span>A-Manager in <span class=\"caps\">NRW<\/span><\/span><span>Nemzet\u00adk\u00f6\u00adzi szolg\u00e1l\u00adta\u00adt\u00e1\u00adsi csoport<\/span><\/p>\n<h4>Auch die beson\u00adders schwie\u00adri\u00adgen Aufga\u00adben\u00adstel\u00adlun\u00adgen \u2026 wurden optimal gel\u00f6st<\/h4>\n<p>Ich bin froh, mich f\u00fcr <span class=\"caps\">KERN<\/span> als Berater in meinem Nachfol\u00adge\u00adpro\u00adzess entschie\u00adden zu haben. Im Vorfeld habe ich auch andere Angebo\u00adte gepr\u00fcft und f\u00fcr mich war ganz beson\u00adders die Serio\u00adsi\u00adt\u00e4t und und Sicher\u00adheit bei <span class=\"caps\">KERN<\/span> das ausschlag\u00adge\u00adben\u00adde Krite\u00adri\u00adum. Ich f\u00fchlte mich zu jedem Zeitpunkt von meinem <span class=\"caps\">KERN<\/span> \u2013 Berater optimal betreut. Auch die beson\u00adders schwie\u00adri\u00adgen Aufga\u00adben\u00adstel\u00adlun\u00adgen, bei Finan\u00adzie\u00adrungs\u00adfra\u00adgen und der Vertrags\u00adge\u00adstal\u00adtung, wurden optimal gel\u00f6st. Von mir aus immer wieder!<\/p>\n<p><span>M.M., v\u00e1llal\u00adko\u00adz\u00f3 a Frank\u00adfurt mellet\u00adti Hanau\u00adban \u00e9s k\u00f6rny\u00e9\u00adk\u00e9n<\/span><span>,Markt\u00adf\u00fch\u00adrer f\u00fcr Spezi\u00adal\u00addienst\u00adleis\u00adtun\u00adgen und Online-Handelshaus<\/span><\/p>\n<h4>Beson\u00adders die Serio\u00adsi\u00adt\u00e4t und Profes\u00adsio\u00adna\u00adli\u00adt\u00e4t haben mir jeder\u00adzeit ein siche\u00adres Gef\u00fchl gegeben<\/h4>\n<p>Meine Entschei\u00addung in der Vor-Auswahl hat sich zu 100% als richtig erwie\u00adsen. <span class=\"caps\">KERN<\/span> hat von der Aufbe\u00adrei\u00adtung meines Unter\u00adneh\u00admens in einem Expos\u00e9, \u00fcber die K\u00e4ufer\u00adsu\u00adche, bis hin zur Verhand\u00adlungs\u00admo\u00adde\u00adra\u00adti\u00adon und der komplet\u00adten Umset\u00adzung meiner Nachfol\u00adge, wirklich gute Arbeit geleis\u00adtet. Beson\u00adders die Serio\u00adsi\u00adt\u00e4t und Profes\u00adsio\u00adna\u00adli\u00adt\u00e4t haben mir jeder\u00adzeit ein siche\u00adres Gef\u00fchl gegeben. In gut 8 Monaten war unser Ziel erfolg\u00adreich erreicht. Ich empfeh\u00adle <span class=\"caps\">KERN<\/span> gerne weiter.<\/p>\n<p><span>G.O.K., hambur\u00adgi v\u00e1llal\u00adko\u00adz\u00f3<\/span><span>Saj\u00e1t fi\u00f3kkal rendel\u00adke\u00adz\u0151 szolg\u00e1ltat\u00f3k<\/span><\/p>\n<h4>\u2026 unser Ziel erreicht und k\u00f6nnen eine Zusam\u00admen\u00adar\u00adbeit mit <span class=\"caps\">KERN<\/span> unbedingt empfehlen<\/h4>\n<p><\/p><p align=\"justify\">Mir wurde im Rahmen unseres Unter\u00adneh\u00admens\u00adver\u00adkaufs das Team von <span class=\"caps\">KERN<\/span> empfoh\u00adlen und wir sind im R\u00fcckblick sehr froh, diesen Tipp bekom\u00admen zu haben. Der Verhand\u00adlungs\u00adpro\u00adzess beim Verkauf war komplex, langwie\u00adrig und manch\u00admal von emotio\u00adna\u00adlen Missver\u00adst\u00e4nd\u00adnis\u00adsen im Ergeb\u00adnis bedroht. Dank der gro\u00dfen Erfah\u00adrung und dem Geschick unseres KERN-Beraters haben wir jedoch unser Ziel erreicht und k\u00f6nnen eine Zusam\u00admen\u00adar\u00adbeit mit <span class=\"caps\">KERN<\/span> unbedingt empfehlen.<\/p>\n\n<p><span>J.F.&nbsp;, Unter\u00adneh\u00admer im Raum Osnabr\u00fcck<\/span><span>Keres\u00adke\u00addel\u00admi \u00e9s m\u0171sza\u00adki szolg\u00e1ltat\u00e1sok<\/span><\/p>\n<h4><span class=\"caps\">KERN<\/span> hat meinem Sohn ganz klar einen Weg ge\u00f6ffnet<\/h4>\n<p>Das Coaching von <span class=\"caps\">KERN<\/span> hat meinem Sohn ganz klar einen Weg ge\u00f6ff\u00adnet, mit dem wir uns heute gemein\u00adsam dem Projekt Generations\u00adwechsel, im Sinne einer Fortf\u00fch\u00adrung des Famili\u00aden\u00adun\u00adter\u00adneh\u00admens, widmen k\u00f6nnen. Wir als Eltern k\u00f6nnen manche Dinge einfach nicht so \u00fcbermit\u00adteln und helfen zu erken\u00adnen, wie es ein profes\u00adsio\u00adnel\u00adler Coach&nbsp;kann.<\/p>\n<p><span>K.V., v\u00e1llal\u00adko\u00adz\u00f3 Frank\u00adfurt\u00adb\u00f3l<\/span><span>,H\u00e4ndler und Dienst\u00adleis\u00adter im IT-Segment<\/span><span><\/span><span><\/span><\/p>\n<h4>Ohne den Blick von au\u00dfen w\u00e4ren wir wohl nie so schnell und sicher zum Ziel gekommen<\/h4>\n<p><span>J.K. V\u00e1llal\u00adko\u00adz\u00f3 Berlin\u00adb\u0151l<\/span><span>Handel und Dienstleistungen<\/span><\/p>\n<p><\/p><p align=\"justify\">Im Rahmen meiner Unternehmens\u00adnachfolge war die Fusion mit einem Wettbe\u00adwerbs\u00adun\u00adter\u00adneh\u00admen die ideale L\u00f6sung. Das KERN-Team, und ganz beson\u00adders Herr Koerber, hat uns als Modera\u00adtor und Prozess\u00adbe\u00adglei\u00adter sensi\u00adbel beglei\u00adtet und die Inter\u00ades\u00adsen beider Verhand\u00adlungs\u00adpart\u00adner gut mitein\u00adan\u00adder verbun\u00adden. Ohne den Blick von au\u00dfen und die Verhand\u00adlungs\u00ader\u00adfah\u00adrung, w\u00e4ren wir wohl nie so schnell und sicher zum Ziel gekommen!<\/p>\n\n<h4>C\u00e9g\u00e9rt\u00e9\u00adke\u00ads\u00ed\u00adt\u00e9s szaks\u00adzer\u0171en k\u00eds\u00e9rve \u00e9s v\u00e9gre\u00adhajt\u00adva az elej\u00e9\u00adt\u0151l a v\u00e9g\u00e9ig<\/h4>\n<p><span>H-J. N., v\u00e1llal\u00adko\u00adz\u00f3 Neuss\u00adb\u00f3l<\/span><span>gr\u00f6\u00dfter deutscher H\u00e4ndler einer Premi\u00adum\u00admar\u00adke f\u00fcr Kopie\u00adrer und&nbsp;<span class=\"caps\">DMS<\/span><\/span><\/p>\n<p><\/p><p align=\"justify\"><span class=\"caps\">KERN<\/span> hat meinen Unter\u00adnehmens\u00adverkauf vom Anfang bis zum Ende profes\u00adsio\u00adnell beglei\u00adtet und umgesetzt. Die K\u00e4ufer\u00adfin\u00addung war erstaun\u00adlich schnell und der anschlie\u00ad\u00dfen\u00adde Nachfol\u00adge\u00adpro\u00adzess wurde zu jedem Zeitpunkt kompe\u00adtent beglei\u00adtet und moderiert.<\/p>\n\n<h4>Spannen\u00adde Metho\u00adde f\u00fcr einen nachhal\u00adti\u00adgen F\u00fchrungswechsel<\/h4>\n<p><span>Klaus-Peter Gust<\/span><span>V\u00e1llal\u00adko\u00adz\u00f3<\/span><\/p>\n<p><\/p><p dir=\"ltr\">MeinST\u00adABWECH\u00adSEL ist eine spannen\u00adde Metho\u00adde f\u00fcr einen nachhal\u00adti\u00adgen F\u00fchrungs\u00adwech\u00adsel in Famili\u00aden\u00adun\u00adter\u00adneh\u00admen. Mit erstaun\u00adli\u00adcher Leich\u00adtig\u00adkeit findet man zu eigenen Werten und Bed\u00fcrfnissen.Ziel, Weg und Zeitrah\u00admen erschie\u00adnen mir am Ende der Reise als 3D-Vision f\u00fcr meinen pers\u00f6n\u00adli\u00adchen Stabwech\u00adsel. So habe ich mir in bester Atmosph\u00e4\u00adre und Beglei\u00adtung durch <span class=\"caps\">KERN<\/span> meine \u201eto do-Liste\u201c selbst erarbeitet.<\/p>\n\n<h3 style=\"text-align: left;\">Mit tehet\u00fcnk \u00d6n\u00e9rt?<\/h3>\n<p>Peter Czornik ist Ihr kompe\u00adten\u00adter Exper\u00adte f\u00fcr Unternehmens\u00adnachfolge in L\u00fcbeck und Umgebung.Mit \u00fcber 40 Stand\u00ador\u00adten in der gesam\u00adten DACH-Region und Europa sind wir seit \u00fcber 20 Jahren die Spezia\u00adlis\u00adten f\u00fcr den Mittelstand.Wir verkau\u00adfen Ihr Lebens\u00adwerk, beglei\u00adten inner\u00adfa\u00admi\u00adli\u00e4\u00adre Prozes\u00adse im Generations\u00adwechsel oder sind beim Kauf von Firmen an Ihrer Seite.Lassen Sie uns zu Ihren Anlie\u00adgen jetzt in den Austausch kommen.<\/p>\n<p><span style=\"width: 100%;\"><img decoding=\"async\" alt=\"Profil - Peter Czornik - KERN Berater\" title=\"Profil - Peter Czornik - KERN Berater\" data-id=\"36358\" src=\"https:\/\/www.kern-unternehmensnachfolge.com\/wp-content\/uploads\/2026\/03\/Profil-Peter-Czornik-KERN-Berater.webp\" style=\"aspect-ratio: auto 800 \/ 400;\" width=\"368\" height=\"184\" data-width=\"368\" data-height=\"184\" data-init-width=\"800\" data-init-height=\"400\" mt-d=\"0\" ml-d=\"0\" loading=\"lazy\"><\/span><\/p>\n<p style=\"text-align: left;\"><strong><span class=\"caps\">KERN<\/span> Unternehmens\u00adnachfolge L\u00fcbeck<\/strong> Recht\u00adlich unabh\u00e4n\u00adgi\u00adger Standort<\/p>\n<p style=\"text-align: left;\">Peter Czornik\u00adWil\u00adli-Brandt-Allee 31a23554 L\u00fcbeck<\/p>\n<p style=\"text-align: left;\">Telefon <span style=\"color: rgb(12, 50, 110) !important;\"><span style=\"--tcb-applied-color: rgb(12, 50, 110) !important;\"><a href=\"tel:+4915150207750\" target=\"_blank\" style=\"outline: none;\">+49 151 50 20 77 50<\/a><\/span><a href=\"mailto:czornik@kern-unternehmensnachfolge.com\" style=\"outline: none;\" target=\"_blank\">czornik@kern-unternehmensnachfolge.com<\/a><\/span><\/p>\n<p><span style=\"width: 100%;\"><a href=\"https:\/\/search.google.com\/local\/writereview?placeid=ChIJ86jwfA8osUcRcS9K9urRvNE\" target=\"_blank\" rel=\"noopener\"><img decoding=\"async\" alt title=\"\u00e9rt\u00e9kelj engem - Google\" data-id=\"32554\" src=\"https:\/\/www.kern-unternehmensnachfolge.com\/wp-content\/uploads\/2025\/01\/bewerten-Sie-mich-Google.png\" style=\"aspect-ratio: auto 300 \/ 300;\" width=\"220\" height=\"220\" data-width=\"220\" data-height=\"220\" data-init-width=\"300\" data-init-height=\"300\" data-link-wrap=\"true\" loading=\"lazy\"><\/a><\/span><a href=\"https:\/\/www.linkedin.com\/in\/hubert-winkler-968ba4225\/\" target=\"_blank\" rel=\"noopener\"><\/a><\/p>","protected":false},"excerpt":{"rendered":"<p>Peter Czornik \u2013 Ihr Spezialist f\u00fcr Unternehmensnachfolge Nachfolger gesucht? Der sichere Weg zur Unternehmensnachfolge in L\u00fcbeck und Schleswig-Holstein \u2605\u2605\u2605\u2605\u2605 5.0 [&hellip;]<\/p>\n","protected":false},"author":84,"featured_media":0,"parent":27709,"menu_order":0,"comment_status":"closed","ping_status":"closed","template":"","meta":{"wp_typography_post_enhancements_disabled":false,"_kad_blocks_custom_css":"","_kad_blocks_head_custom_js":"","_kad_blocks_body_custom_js":"","_kad_blocks_footer_custom_js":"","site-sidebar-layout":"no-sidebar","site-content-layout":"page-builder","ast-site-content-layout":"full-width-container","site-content-style":"unboxed","site-sidebar-style":"unboxed","ast-global-header-display":"disabled","ast-banner-title-visibility":"disabled","ast-main-header-display":"","ast-hfb-above-header-display":"","ast-hfb-below-header-display":"","ast-hfb-mobile-header-display":"","site-post-title":"","ast-breadcrumbs-content":"","ast-featured-img":"","footer-sml-layout":"disabled","ast-disable-related-posts":"","theme-transparent-header-meta":"","adv-header-id-meta":"","stick-header-meta":"","header-above-stick-meta":"","header-main-stick-meta":"","header-below-stick-meta":"","astra-migrate-meta-layouts":"set","ast-page-background-enabled":"default","ast-page-background-meta":{"desktop":{"background-color":"","background-image":"","background-repeat":"repeat","background-position":"center center","background-size":"auto","background-attachment":"scroll","background-type":"","background-media":"","overlay-type":"","overlay-color":"","overlay-opacity":"","overlay-gradient":""},"tablet":{"background-color":"","background-image":"","background-repeat":"repeat","background-position":"center center","background-size":"auto","background-attachment":"scroll","background-type":"","background-media":"","overlay-type":"","overlay-color":"","overlay-opacity":"","overlay-gradient":""},"mobile":{"background-color":"","background-image":"","background-repeat":"repeat","background-position":"center center","background-size":"auto","background-attachment":"scroll","background-type":"","background-media":"","overlay-type":"","overlay-color":"","overlay-opacity":"","overlay-gradient":""}},"ast-content-background-meta":{"desktop":{"background-color":"var(--ast-global-color-5)","background-image":"","background-repeat":"repeat","background-position":"center center","background-size":"auto","background-attachment":"scroll","background-type":"","background-media":"","overlay-type":"","overlay-color":"","overlay-opacity":"","overlay-gradient":""},"tablet":{"background-color":"var(--ast-global-color-5)","background-image":"","background-repeat":"repeat","background-position":"center center","background-size":"auto","background-attachment":"scroll","background-type":"","background-media":"","overlay-type":"","overlay-color":"","overlay-opacity":"","overlay-gradient":""},"mobile":{"background-color":"var(--ast-global-color-5)","background-image":"","background-repeat":"repeat","background-position":"center center","background-size":"auto","background-attachment":"scroll","background-type":"","background-media":"","overlay-type":"","overlay-color":"","overlay-opacity":"","overlay-gradient":""}},"iawp_total_views":27,"footnotes":""},"class_list":["post-36495","page","type-page","status-publish","hentry"],"taxonomy_info":[],"featured_image_src_large":false,"author_info":{"display_name":"Benjamin","author_link":"https:\/\/www.kern-unternehmensnachfolge.com\/hu\/author\/benjamin-onestop\/"},"comment_info":0,"_links":{"self":[{"href":"https:\/\/www.kern-unternehmensnachfolge.com\/hu\/wp-json\/wp\/v2\/pages\/36495","targetHints":{"allow":["GET"]}}],"collection":[{"href":"https:\/\/www.kern-unternehmensnachfolge.com\/hu\/wp-json\/wp\/v2\/pages"}],"about":[{"href":"https:\/\/www.kern-unternehmensnachfolge.com\/hu\/wp-json\/wp\/v2\/types\/page"}],"author":[{"embeddable":true,"href":"https:\/\/www.kern-unternehmensnachfolge.com\/hu\/wp-json\/wp\/v2\/users\/84"}],"replies":[{"embeddable":true,"href":"https:\/\/www.kern-unternehmensnachfolge.com\/hu\/wp-json\/wp\/v2\/comments?post=36495"}],"version-history":[{"count":0,"href":"https:\/\/www.kern-unternehmensnachfolge.com\/hu\/wp-json\/wp\/v2\/pages\/36495\/revisions"}],"up":[{"embeddable":true,"href":"https:\/\/www.kern-unternehmensnachfolge.com\/hu\/wp-json\/wp\/v2\/pages\/27709"}],"wp:attachment":[{"href":"https:\/\/www.kern-unternehmensnachfolge.com\/hu\/wp-json\/wp\/v2\/media?parent=36495"}],"curies":[{"name":"wp","href":"https:\/\/api.w.org\/{rel}","templated":true}]}}