{"id":2847,"date":"2018-08-14T18:39:36","date_gmt":"2018-08-14T16:39:36","guid":{"rendered":"https:\/\/great-kare.185-125-174-66.plesk.page\/?page_id=2847"},"modified":"2025-08-26T11:26:58","modified_gmt":"2025-08-26T09:26:58","slug":"akademia","status":"publish","type":"page","link":"https:\/\/www.kern-unternehmensnachfolge.com\/hu\/akademie\/","title":{"rendered":"Akad\u00e9\u00admia"},"content":{"rendered":"<h1><a href=\"https:\/\/www.kern-unternehmensnachfolge.com\/hu\/sikergarancia\/\" target=\"_blank\" style=\"outline: none;\"><span class=\"caps\">KERN<\/span><\/a> hat\u00e9k\u00ado\u00adny tov\u00e1bb\u00adk\u00e9p\u00adz\u00e9st \u00e9s k\u00e9pes\u00ed\u00adt\u00e9st k\u00edn\u00e1l a v\u00e1llala\u00adti ut\u00f3dl\u00e1s minden ter\u00fcle\u00adt\u00e9n. Online \u00e9s offline.<\/h1>\n<h4 style=\"text-align: left;\"><a href=\"https:\/\/www.provenexpert.com\/kern-zukunft-fuer-lebenswerke\/\" style=\"outline: none;\" target=\"_blank\" rel=\"noopener\">\u2605\u2605\u2605\u2605\u2605  5,0 csillag a Proven\u00adex\u00adpert \u00fcgyf\u00e9\u00adl\u00e9rt\u00e9\u00adkel\u00e9s\u00adei alapj\u00e1n<\/a>&nbsp;<\/h4>\n<h2 style=\"text-align: left;\">Wissens\u00adtrans\u00adfer f\u00fcr Unternehmensnachfolge<\/h2>\n<p align=\"justify\">Unter dem Dach von <span class=\"caps\">KERN<\/span> bieten wir Ihnen in der gesam\u00adten DACH-Region ausge\u00adw\u00e4hl\u00adte<strong>&nbsp;El\u0151ad\u00f3k, edz\u0151k \u00e9s szakem\u00adbe\u00adrek<\/strong> f\u00fcr die Themen Unter\u00adnehmens\u00adverkauf (M<span class=\"amp\">&amp;<\/span>A), Generations\u00adwechsel und Unter\u00adnehmens\u00adkauf&nbsp;an.<\/p>\n<p align=\"justify\">Erfah\u00adre\u00adne Prakti\u00adker aus unserem gro\u00dfen Partner\u00adkreis, mit Fachwis\u00adsen zu den jewei\u00adli\u00adgen Themen, gestal\u00adten Ihr Wunsch\u00adfor\u00admat. Gerne auch im Teamwork mit exter\u00adnen Profis, als sinnvol\u00adle Erg\u00e4n\u00adzung und optima\u00adlen Input f\u00fcr Ihren Wissensbedarf.<\/p>\n<p align=\"justify\">Egal ob \u201eInhouse\u201c vor Ort in Ihrem Unter\u00adneh\u00admen oder an inter\u00ades\u00adsan\u00adten und zentral gelege\u00adnen Stand\u00ador\u00adten in Form offener Angebo\u00adte oder in digita\u00adler Form. Unser <strong><span class=\"caps\">KERN<\/span> Wissens\u00adkon\u00adzept&nbsp;<\/strong>k\u00edn\u00e1l \u00d6nnek&nbsp;<strong>Tov\u00e1bb\u00adk\u00e9p\u00adz\u00e9s \u00e9s k\u00e9pes\u00ed\u00adt\u00e9s<\/strong> az \u00fczleti ut\u00f3dl\u00e1s minden k\u00e9rd\u00e9s\u00e9ben.<\/p>\n<p align=\"justify\">Tipp\u00fcnk: \u00d6n is v\u00e1llal\u00adko\u00adz\u00f3\u00adv\u00e1 szeret\u00adne v\u00e1lni? Akkor minden\u00adk\u00e9p\u00adpen l\u00e1togas\u00adson el a <a href=\"https:\/\/www.mein-unternehmercheck.com\/\" style=\"outline: none;\" target=\"_blank\" rel=\"noopener\"><span class=\"caps\">MY-ENTREPRENEURCHECK<\/span>.<span class=\"caps\">COM<\/span><\/a><\/p>\n<p><span><img decoding=\"async\" alt data-id=\"27651\" width=\"70\" data-init-width=\"512\" height=\"70\" data-init-height=\"512\" title=\"karik\u00e1zott j\u00e1t\u00e9k\" src=\"https:\/\/www.kern-unternehmensnachfolge.com\/wp-content\/uploads\/2023\/07\/circled-play.png\" data-width=\"70\" data-height=\"70\" style=\"aspect-ratio: auto 512 \/ 512;\" loading=\"lazy\"><\/span><\/p>\n<p style>Vide\u00f3 ind\u00edt\u00e1\u00adsa<\/p>\n<h2 style=\"text-align: left;\"><span style=\"font-weight: normal;\">Hochwer\u00adti\u00adge Vortr\u00e4\u00adge, Workshops, Semina\u00adre und Trainings \u2013 online und offline<\/span><\/h2>\n<h3><span style=\"font-weight: normal;\">Mi a k\u00edv\u00e1nt t\u00e9ma? Itt tal\u00e1l\u00adja a szemin\u00e1\u00adri\u00adumi infor\u00adm\u00e1\u00adci\u00f3in\u00adkat <span class=\"caps\">PDF<\/span> form\u00e1\u00adtum\u00adban let\u00f6l\u00adthe\u00adt\u0151 form\u00e1ban:<\/span><\/h3>\n<h4>Konflikt\u00adl\u00f6\u00adsung<\/h4>\n<p>Egal ob in der Familie oder im Betrieb. Dieses Angebot gilt ebenso f\u00fcr den Prozess der Unternehmensnachfolge.<\/p>\n<ul>\n<li><span><a href=\"https:\/\/www.kern-unternehmensnachfolge.com\/wp-content\/uploads\/2023\/08\/KERN_Seminar_konflikte-08.23.pdf\" target=\"_blank\" style=\"outline: none;\" data-lf-fd-inspected-belvo73gwq17zmqj=\"true\">Szemin\u00e1\u00adri\u00adumi inform\u00e1ci\u00f3<\/a><\/span><\/li>\n<\/ul>\n<h4>S\u00fcrg\u0151s\u00ads\u00e9\u00adgi esetek tervez\u00e9se<\/h4>\n<p>Wie berei\u00adte ich meine Familie und mein Unter\u00adneh\u00admen auf den Tag X vor? (unabh\u00e4n\u00adgig vom&nbsp;Alter)<\/p>\n<ul>\n<li><span><a href=\"https:\/\/www.kern-unternehmensnachfolge.com\/wp-content\/uploads\/2023\/08\/KERN_Seminar_notfallkoffer-08.23.pdf\" target=\"_blank\" style=\"outline: none;\" data-lf-fd-inspected-belvo73gwq17zmqj=\"true\">Szemin\u00e1\u00adri\u00adumi inform\u00e1ci\u00f3<\/a><\/span><\/li>\n<\/ul>\n<h4>K\u00fclde\u00adt\u00e9s\u00adny\u00adilat\u00adko\u00adzat kidolgoz\u00e1sa<\/h4>\n<p>Milyen alter\u00adna\u00adt\u00ed\u00adv\u00e1i vannak a klass\u00adzi\u00adkus banki finan\u00adsz\u00ed\u00adro\u00adz\u00e1s\u00adnak? Hogyan lehet egy\u00e9ni finan\u00adsz\u00ed\u00adro\u00adz\u00e1s\u00adsal el\u0151se\u00adg\u00ed\u00adte\u00adni egy c\u00e9g megv\u00e1\u00ads\u00e1r\u00adl\u00e1\u00ads\u00e1t vagy elad\u00e1s\u00e1t?<\/p>\n<ul>\n<li><span><a href=\"https:\/\/www.kern-unternehmensnachfolge.com\/wp-content\/uploads\/2023\/08\/KERN_Seminar_leitbild-08.23.pdf\" target=\"_blank\" style=\"outline: none;\" data-lf-fd-inspected-belvo73gwq17zmqj=\"true\">Szemin\u00e1\u00adri\u00adumi inform\u00e1ci\u00f3<\/a><\/span><\/li>\n<\/ul>\n<h4>V\u00e1llala\u00adti&nbsp;\u00e9rt\u00e9k<\/h4>\n<p>Welche \u201eStell\u00adschrau\u00adben\u201c sind f\u00fcr die Wertermitt\u00adlung wichtig und was bedeu\u00adtet das f\u00fcr mein Unternehmen?<\/p>\n<ul>\n<li><span><a href=\"https:\/\/www.kern-unternehmensnachfolge.com\/wp-content\/uploads\/2023\/08\/KERN_Seminar_unternehmenswert-08.23.pdf\" target=\"_blank\" style=\"outline: none;\" data-lf-fd-inspected-belvo73gwq17zmqj=\"true\">Szemin\u00e1\u00adri\u00adumi inform\u00e1ci\u00f3<\/a><\/span><\/li>\n<\/ul>\n<h4>V\u00e1llala\u00adti p\u00e9nz\u00fcgyek<\/h4>\n<p>Milyen alter\u00adna\u00adt\u00ed\u00adv\u00e1i vannak a klass\u00adzi\u00adkus banki finan\u00adsz\u00ed\u00adro\u00adz\u00e1s\u00adnak? Hogyan lehet egy\u00e9ni finan\u00adsz\u00ed\u00adro\u00adz\u00e1s\u00adsal el\u0151se\u00adg\u00ed\u00adte\u00adni egy c\u00e9g megv\u00e1\u00ads\u00e1r\u00adl\u00e1\u00ads\u00e1t vagy elad\u00e1s\u00e1t?<\/p>\n<ul>\n<li><span><a href=\"https:\/\/www.kern-unternehmensnachfolge.com\/wp-content\/uploads\/2023\/08\/KERN_Seminar_finanzierung-08.23.pdf\" target=\"_blank\" style=\"outline: currentcolor;\" data-lf-fd-inspected-belvo73gwq17zmqj=\"true\">Szemin\u00e1\u00adri\u00adumi inform\u00e1ci\u00f3<\/a><\/span><\/li>\n<\/ul>\n<h4>Gener\u00e1\u00adci\u00f3\u00adv\u00e1l\u00adt\u00e1s<\/h4>\n<p>Was k\u00f6nnen Unter\u00adneh\u00admer\u00adfa\u00admi\u00adli\u00aden tun, um einen Generations\u00adwechsel erfolg\u00adreich zu gestal\u00adten? Wie gelingt diese bedeut\u00adsa\u00adme Aufga\u00adbe einer Nachfolge?<\/p>\n<ul>\n<li><span><a href=\"https:\/\/www.kern-unternehmensnachfolge.com\/wp-content\/uploads\/2023\/08\/KERN_Seminar_generationswechsel-08.23.pdf\" target=\"_blank\" style=\"outline: none;\" data-lf-fd-inspected-belvo73gwq17zmqj=\"true\">Szemin\u00e1\u00adri\u00adumi inform\u00e1ci\u00f3<\/a><\/span><\/li>\n<\/ul>\n<h4>V\u00e1llala\u00adti kult\u00fara \u00e9s j\u00f6v\u0151k\u00e9p<\/h4>\n<p>Finden Sie die \u201einneren\u201c Werte Ihrer Firma und machen sie sicht\u00adbar. Ihre Allein\u00adstel\u00adlungs\u00admerk\u00adma\u00adle f\u00fcr den Prozess einer Unternehmensnachfolge.<\/p>\n<ul>\n<li><span><a href=\"https:\/\/www.kern-unternehmensnachfolge.com\/wp-content\/uploads\/2023\/08\/KERN_Seminar_unternehmenskultur-vision-08.23.pdf\" target=\"_blank\" style=\"outline: none;\" data-lf-fd-inspected-belvo73gwq17zmqj=\"true\">Szemin\u00e1\u00adri\u00adumi inform\u00e1ci\u00f3<\/a><\/span><\/li>\n<\/ul>\n<h4>1\u00d71 der Unternehmens\u00adnachfolge (M<span class=\"amp\">&amp;<\/span>A)<\/h4>\n<p>Vorbe\u00adrei\u00adtung und Umset\u00adzung f\u00fcr den Verkauf eines Familienunternehmens.<\/p>\n<ul>\n<li style><span><a href=\"https:\/\/www.kern-unternehmensnachfolge.com\/wp-content\/uploads\/2023\/08\/KERN_Seminar_1x1_unternehmensnachfolge-08.23.pdf\" target=\"_blank\" style=\"outline: none;\" data-lf-fd-inspected-belvo73gwq17zmqj=\"true\">Szemin\u00e1\u00adri\u00adumi inform\u00e1ci\u00f3<\/a><\/span><\/li>\n<\/ul>\n<h4>V\u00e9gre v\u00e1llal\u00adko\u00adz\u00f3 (M<span class=\"amp\">&amp;<\/span>A)<\/h4>\n<p>Wie finde ich das passen\u00adde Unter\u00adneh\u00admen f\u00fcr mich? Spezi\u00adal\u00adwis\u00adsen f\u00fcr <span class=\"caps\">MBI<\/span> und <span class=\"caps\">MBO<\/span> bzw. strate\u00adgi\u00adsche Investoren.<\/p>\n<ul>\n<li><span><a href=\"https:\/\/www.kern-unternehmensnachfolge.com\/wp-content\/uploads\/2023\/08\/KERN_Seminar_endlich_unternehmer-08.23.pdf\" target=\"_blank\" style=\"outline: none;\" data-lf-fd-inspected-belvo73gwq17zmqj=\"true\">Szemin\u00e1\u00adri\u00adumi inform\u00e1ci\u00f3<\/a><\/span><\/li>\n<\/ul>\n<h4>Mi j\u00f6n ezut\u00e1n?<\/h4>\n<p>Die Last oder Lust mit dem neuen Lebens\u00adab\u00adschnitt. Visions\u00adfin\u00addung f\u00fcr \u00dcbergeber.<\/p>\n<ul>\n<li><span><a href=\"https:\/\/www.kern-unternehmensnachfolge.com\/wp-content\/uploads\/2023\/08\/KERN_Seminar_lebensvision-08.23.pdf\" target=\"_blank\" style=\"outline: none;\" data-lf-fd-inspected-belvo73gwq17zmqj=\"true\">Szemin\u00e1\u00adri\u00adumi inform\u00e1ci\u00f3<\/a><\/span><\/li>\n<\/ul>\n<h4>Wachs\u00adtum durch \u00dcbernah\u00adme (M<span class=\"amp\">&amp;<\/span>A)<\/h4>\n<p>Hogyan tudnak a kkv-k szervet\u00adle\u00adn\u00fcl n\u00f6veked\u00adni \u00e9s strat\u00e9\u00adgiai\u00adlag felk\u00e9s\u00adz\u00fcl\u00adni&nbsp;erre?<\/p>\n<ul>\n<li><span><a href=\"https:\/\/www.kern-unternehmensnachfolge.com\/wp-content\/uploads\/2023\/08\/KERN_Seminar_endlich_unternehmer-08.23.pdf\" target=\"_blank\" style=\"outline: none;\" data-lf-fd-inspected-belvo73gwq17zmqj=\"true\">Workshop info<\/a><\/span><\/li>\n<\/ul>\n<h4>MeinST\u00adABWECH\u00adSEL \u2013 Klarheit f\u00fcr Entschei\u00adder zur Unternehmensnachfolge<\/h4>\n<p>Ein Pers\u00f6n\u00adlich\u00adkeits\u00adse\u00admi\u00adnar f\u00fcr \u00dcberge\u00adber und\/oder \u00dcberneh\u00admer. Entschei\u00addungs\u00adfin\u00addung und Klarheit vor dem eigent\u00adli\u00adchen Start eines Nachfolgerprozesses.<\/p>\n<ul>\n<li><span><a href=\"https:\/\/www.kern-unternehmensnachfolge.com\/wp-content\/uploads\/2023\/08\/KERN_MeinSTABWECHSEL-Info-08.2023.pdf\" target=\"_blank\" style=\"outline: none;\" data-lf-fd-inspected-belvo73gwq17zmqj=\"true\">Szemin\u00e1\u00adri\u00adumi inform\u00e1ci\u00f3<\/a><\/span><\/li>\n<\/ul>\n<h4>Lebens\u00adwert <span class=\"amp\">&amp;<\/span> Lebenslust<\/h4>\n<p>Unter\u00adneh\u00admer-Retre\u00adat f\u00fcr einen perspek\u00adti\u00advisch neuen Lebens\u00adab\u00adschnitt. F\u00fcr Unternehmer:innen und Unternehmerpaare.<\/p>\n<ul>\n<li><span><a href=\"https:\/\/www.kern-unternehmensnachfolge.com\/wp-content\/uploads\/2025\/08\/KERN_Unternehmer-Retreat-Information.pdf\" target=\"_blank\" style=\"outline: none;\" data-lf-fd-inspected-belvo73gwq17zmqj=\"true\">Unter\u00adneh\u00admer-Retre\u00adat Information<\/a><\/span><\/li>\n<\/ul>\n<h2 style=\"text-align: center;\">Sz\u00e1mos publi\u00adk\u00e1\u00adci\u00f3\u00adb\u00f3l ismert<\/h2>\n<p><span style=\"width: 100%;\"><img decoding=\"async\" alt=\"Frankfurter Allgemeine\" width=\"255\" height=\"54\" title=\"Frankfurter Allgemeine\" data-id=\"32412\" src=\"https:\/\/www.kern-unternehmensnachfolge.com\/wp-content\/uploads\/2025\/01\/Frankfurter-Allgemeine.png\" style=\"aspect-ratio: auto 408 \/ 86;\" data-width=\"255\" data-height=\"54\" data-init-width=\"408\" data-init-height=\"86\" loading=\"lazy\"><\/span><span style=\"width: 100%;\"><img decoding=\"async\" alt=\"S\u00fcddeutsche Zeitung\" width=\"130\" height=\"49\" title=\"S\u00fcddeutsche Zeitung\" data-id=\"32411\" src=\"https:\/\/www.kern-unternehmensnachfolge.com\/wp-content\/uploads\/2025\/01\/Sueddeutsche-Zeitung.jpg\" style=\"aspect-ratio: auto 400 \/ 150;\" data-width=\"130\" data-height=\"49\" data-init-width=\"400\" data-init-height=\"150\" loading=\"lazy\"><\/span><span style=\"width: 100%;\"><img decoding=\"async\" alt=\"Th\u00fcringiai \u00e1ltal\u00e1nos \u00fajs\u00e1g\" width=\"192\" height=\"34\" title=\"Th\u00fcringiai \u00e1ltal\u00e1nos \u00fajs\u00e1g\" data-id=\"32405\" src=\"https:\/\/www.kern-unternehmensnachfolge.com\/wp-content\/uploads\/2025\/01\/Thueringer-allgemeine-Zeitung.webp\" style=\"aspect-ratio: auto 401 \/ 71;\" data-width=\"192\" data-height=\"34\" data-init-width=\"401\" data-init-height=\"71\" loading=\"lazy\"><\/span><span style=\"width: 100%;\"><img decoding=\"async\" alt=\"Handelsblatt\" width=\"192\" height=\"30\" title=\"Handelsblatt\" data-id=\"32410\" src=\"https:\/\/www.kern-unternehmensnachfolge.com\/wp-content\/uploads\/2025\/01\/Handelsblatt.png\" style=\"aspect-ratio: auto 399 \/ 63;\" data-width=\"192\" data-height=\"30\" data-init-width=\"399\" data-init-height=\"63\" loading=\"lazy\"><\/span><span style=\"width: 100%;\"><img decoding=\"async\" alt=\"Saarbr\u00fccker \u00fajs\u00e1g\" width=\"151\" height=\"25\" title=\"Saarbr\u00fccker \u00fajs\u00e1g\" data-id=\"32409\" src=\"https:\/\/www.kern-unternehmensnachfolge.com\/wp-content\/uploads\/2025\/01\/Saarbruecker-Zeitung.gif\" style=\"aspect-ratio: auto 304 \/ 51;\" data-width=\"151\" data-height=\"25\" data-init-width=\"304\" data-init-height=\"51\" loading=\"lazy\"><\/span><span style=\"width: 100%;\"><img decoding=\"async\" alt=\"KKV h\u00edrek\" width=\"178\" height=\"60\" title=\"KKV h\u00edrek\" data-id=\"32408\" src=\"https:\/\/www.kern-unternehmensnachfolge.com\/wp-content\/uploads\/2025\/01\/Mittelstand-Nachrichten.jpg\" style=\"aspect-ratio: auto 401 \/ 135;\" data-width=\"178\" data-height=\"60\" data-init-width=\"401\" data-init-height=\"135\" loading=\"lazy\"><\/span><span style=\"width: 100%;\"><img decoding=\"async\" alt=\"Br\u00e9mai R\u00e1di\u00f3\" width=\"192\" height=\"40\" title=\"Br\u00e9mai R\u00e1di\u00f3\" data-id=\"32407\" src=\"https:\/\/www.kern-unternehmensnachfolge.com\/wp-content\/uploads\/2025\/01\/Radio-Bremen.png\" style=\"aspect-ratio: auto 359 \/ 74;\" data-width=\"192\" data-height=\"40\" data-init-width=\"359\" data-init-height=\"74\" loading=\"lazy\"><\/span><span style=\"width: 100%;\"><img decoding=\"async\" alt=\"impulzus\" width=\"137\" height=\"40\" title=\"impulzus\" data-id=\"32406\" src=\"https:\/\/www.kern-unternehmensnachfolge.com\/wp-content\/uploads\/2025\/01\/impulse.png\" style=\"aspect-ratio: auto 350 \/ 102;\" data-width=\"137\" data-height=\"40\" data-init-width=\"350\" data-init-height=\"102\" loading=\"lazy\"><\/span><span style=\"width: 100%;\"><img decoding=\"async\" alt=\"Id\u0151 Campus\" width=\"171\" height=\"71\" title=\"Id\u0151 Campus\" data-id=\"32402\" src=\"https:\/\/www.kern-unternehmensnachfolge.com\/wp-content\/uploads\/2025\/01\/Zeit-Campus.webp\" style=\"aspect-ratio: auto 350 \/ 146;\" data-width=\"171\" data-height=\"71\" data-init-width=\"350\" data-init-height=\"146\" loading=\"lazy\"><\/span><span style=\"width: 100%;\"><img decoding=\"async\" alt=\"Craft magazin\" width=\"151\" height=\"43\" title=\"Craft magazin\" data-id=\"32401\" src=\"https:\/\/www.kern-unternehmensnachfolge.com\/wp-content\/uploads\/2025\/01\/Handwerk-Magazin.png\" style=\"aspect-ratio: auto 301 \/ 85;\" data-width=\"151\" data-height=\"43\" data-init-width=\"301\" data-init-height=\"85\" loading=\"lazy\"><\/span><span style=\"width: 100%;\"><img decoding=\"async\" alt=\"Osnabruecker \u00fajs\u00e1g\" width=\"192\" height=\"32\" title=\"Osnabruecker \u00fajs\u00e1g\" data-id=\"32399\" src=\"https:\/\/www.kern-unternehmensnachfolge.com\/wp-content\/uploads\/2025\/01\/Osnabruecker-Zeitung.webp\" style=\"aspect-ratio: auto 350 \/ 58;\" data-width=\"192\" data-height=\"32\" data-init-width=\"350\" data-init-height=\"58\" loading=\"lazy\"><\/span><span style=\"width: 100%;\"><img decoding=\"async\" alt=\"P\u00e9nz\u00fcgyi tervez\u00e9s\" width=\"170\" height=\"54\" title=\"P\u00e9nz\u00fcgyi tervez\u00e9s\" data-id=\"32398\" src=\"https:\/\/www.kern-unternehmensnachfolge.com\/wp-content\/uploads\/2025\/01\/Financial-Planning.webp\" style=\"aspect-ratio: auto 339 \/ 107;\" data-width=\"170\" data-height=\"54\" data-init-width=\"339\" data-init-height=\"107\" loading=\"lazy\"><\/span><span style=\"width: 100%;\"><img decoding=\"async\" alt=\"Weser fut\u00e1r\" width=\"130\" height=\"55\" title=\"Weser fut\u00e1r\" data-id=\"32397\" src=\"https:\/\/www.kern-unternehmensnachfolge.com\/wp-content\/uploads\/2025\/01\/Weser-Kurier.webp\" style=\"aspect-ratio: auto 351 \/ 149;\" data-width=\"130\" data-height=\"55\" data-init-width=\"351\" data-init-height=\"149\" loading=\"lazy\"><\/span><span style=\"width: 100%;\"><img decoding=\"async\" alt=\"V\u00e1llalkoz\u00f3i r\u00e1di\u00f3\" width=\"185\" height=\"36\" title=\"V\u00e1llalkoz\u00f3i r\u00e1di\u00f3\" data-id=\"32396\" src=\"https:\/\/www.kern-unternehmensnachfolge.com\/wp-content\/uploads\/2025\/01\/Unternehmer-Radio.webp\" style=\"aspect-ratio: auto 368 \/ 72;\" data-width=\"185\" data-height=\"36\" data-init-width=\"368\" data-init-height=\"72\" loading=\"lazy\"><\/span><span style=\"width: 100%;\"><img decoding=\"async\" alt=\"Kronen Zeitung\" width=\"89\" height=\"83\" title=\"Kronen Zeitung\" data-id=\"32395\" src=\"https:\/\/www.kern-unternehmensnachfolge.com\/wp-content\/uploads\/2025\/01\/Kronen-Zeitung.png\" style=\"aspect-ratio: auto 200 \/ 187;\" data-width=\"89\" data-height=\"83\" data-init-width=\"200\" data-init-height=\"187\" loading=\"lazy\"><\/span><\/p>","protected":false},"excerpt":{"rendered":"<p>KERN bietet effektive Weiterbildung und Qualifizierung rund um die Unternehmensnachfolge. Online &amp; Offline. \u2605\u2605\u2605\u2605\u2605 &nbsp;5.0 Sterne aus Kundenbewertungen auf Provenexpert&nbsp; [&hellip;]<\/p>\n","protected":false},"author":1,"featured_media":0,"parent":0,"menu_order":0,"comment_status":"closed","ping_status":"closed","template":"","meta":{"wp_typography_post_enhancements_disabled":false,"_kad_blocks_custom_css":"","_kad_blocks_head_custom_js":"","_kad_blocks_body_custom_js":"","_kad_blocks_footer_custom_js":"","site-sidebar-layout":"no-sidebar","site-content-layout":"plain-container","ast-site-content-layout":"default","site-content-style":"default","site-sidebar-style":"default","ast-global-header-display":"","ast-banner-title-visibility":"","ast-main-header-display":"","ast-hfb-above-header-display":"","ast-hfb-below-header-display":"","ast-hfb-mobile-header-display":"","site-post-title":"disabled","ast-breadcrumbs-content":"","ast-featured-img":"disabled","footer-sml-layout":"","ast-disable-related-posts":"","theme-transparent-header-meta":"default","adv-header-id-meta":"","stick-header-meta":"default","header-above-stick-meta":"","header-main-stick-meta":"","header-below-stick-meta":"","astra-migrate-meta-layouts":"default","ast-page-background-enabled":"default","ast-page-background-meta":{"desktop":{"background-color":"","background-image":"","background-repeat":"repeat","background-position":"center center","background-size":"auto","background-attachment":"scroll","background-type":"","background-media":"","overlay-type":"","overlay-color":"","overlay-opacity":"","overlay-gradient":""},"tablet":{"background-color":"","background-image":"","background-repeat":"repeat","background-position":"center center","background-size":"auto","background-attachment":"scroll","background-type":"","background-media":"","overlay-type":"","overlay-color":"","overlay-opacity":"","overlay-gradient":""},"mobile":{"background-color":"","background-image":"","background-repeat":"repeat","background-position":"center center","background-size":"auto","background-attachment":"scroll","background-type":"","background-media":"","overlay-type":"","overlay-color":"","overlay-opacity":"","overlay-gradient":""}},"ast-content-background-meta":{"desktop":{"background-color":"var(--ast-global-color-5)","background-image":"","background-repeat":"repeat","background-position":"center center","background-size":"auto","background-attachment":"scroll","background-type":"","background-media":"","overlay-type":"","overlay-color":"","overlay-opacity":"","overlay-gradient":""},"tablet":{"background-color":"var(--ast-global-color-5)","background-image":"","background-repeat":"repeat","background-position":"center center","background-size":"auto","background-attachment":"scroll","background-type":"","background-media":"","overlay-type":"","overlay-color":"","overlay-opacity":"","overlay-gradient":""},"mobile":{"background-color":"var(--ast-global-color-5)","background-image":"","background-repeat":"repeat","background-position":"center center","background-size":"auto","background-attachment":"scroll","background-type":"","background-media":"","overlay-type":"","overlay-color":"","overlay-opacity":"","overlay-gradient":""}},"iawp_total_views":60,"footnotes":""},"class_list":["post-2847","page","type-page","status-publish","hentry"],"taxonomy_info":[],"featured_image_src_large":false,"author_info":{"display_name":"filialleiter","author_link":"https:\/\/www.kern-unternehmensnachfolge.com\/hu\/author\/filialleiter\/"},"comment_info":0,"_links":{"self":[{"href":"https:\/\/www.kern-unternehmensnachfolge.com\/hu\/wp-json\/wp\/v2\/pages\/2847","targetHints":{"allow":["GET"]}}],"collection":[{"href":"https:\/\/www.kern-unternehmensnachfolge.com\/hu\/wp-json\/wp\/v2\/pages"}],"about":[{"href":"https:\/\/www.kern-unternehmensnachfolge.com\/hu\/wp-json\/wp\/v2\/types\/page"}],"author":[{"embeddable":true,"href":"https:\/\/www.kern-unternehmensnachfolge.com\/hu\/wp-json\/wp\/v2\/users\/1"}],"replies":[{"embeddable":true,"href":"https:\/\/www.kern-unternehmensnachfolge.com\/hu\/wp-json\/wp\/v2\/comments?post=2847"}],"version-history":[{"count":0,"href":"https:\/\/www.kern-unternehmensnachfolge.com\/hu\/wp-json\/wp\/v2\/pages\/2847\/revisions"}],"wp:attachment":[{"href":"https:\/\/www.kern-unternehmensnachfolge.com\/hu\/wp-json\/wp\/v2\/media?parent=2847"}],"curies":[{"name":"wp","href":"https:\/\/api.w.org\/{rel}","templated":true}]}}