{"id":28158,"date":"2023-07-12T17:05:37","date_gmt":"2023-07-12T15:05:37","guid":{"rendered":"https:\/\/kern-unternehmensnachfolge.com\/?page_id=28158"},"modified":"2026-02-15T14:53:15","modified_gmt":"2026-02-15T13:53:15","slug":"wuerzburg-buerger","status":"publish","type":"page","link":"https:\/\/www.kern-unternehmensnachfolge.com\/hu\/standort\/wuerzburg-buerger\/","title":{"rendered":"<span class=\"caps\">KERN<\/span> Unternehmens\u00adnachfolge W\u00fcrzburg Wolfgang B\u00fcrger"},"content":{"rendered":"<p><a target=\"_blank\" href=\"https:\/\/www.kern-unternehmensnachfolge.com\/hu\/\" data-id-d=\"0\" data-img-style=\"width: 100%;\"><img decoding=\"async\" src=\"https:\/\/www.kern-unternehmensnachfolge.com\/wp-content\/uploads\/2023\/05\/kern_logo2023_rgb_farbig_transparent.png\" height=\"502\" width=\"1317\" alt=\"KERN log\u00f3\" style=\"width: 100%;\" loading=\"lazy\"><\/a><\/p>\n<h2>Wolfgang A. B\u00fcrger \u2013 Ihr Spezia\u00adlist f\u00fcr Unternehmensnachfolge<\/h2>\n<h1><a href=\"https:\/\/www.kern-unternehmensnachfolge.com\/hu\/sikergarancia\/\" target=\"_blank\" style=\"outline: none;\">Der siche\u00adre Weg zur Unternehmens\u00adnachfolge in W\u00fcrzburg<\/a><\/h1>\n<h4 style=\"text-align: left;\"><a href=\"https:\/\/www.provenexpert.com\/kern-zukunft-fuer-lebenswerke\/\" style=\"outline: none;\" target=\"_blank\" rel=\"noopener\">\u2605\u2605\u2605\u2605\u2605  5,0 csillag a Proven\u00adex\u00adpert \u00fcgyf\u00e9\u00adl\u00e9rt\u00e9\u00adkel\u00e9s\u00adei alapj\u00e1n<\/a>&nbsp;<\/h4>\n<p><span><a href=\"https:\/\/www.kern-unternehmensnachfolge.com\/hu\/sikergarancia\/\" rel><img decoding=\"async\" alt data-id=\"31496\" width=\"177\" data-init-width=\"481\" height=\"171\" data-init-height=\"464\" title=\"KERN_Erfolgsgarantie_RGB_weiss_08.24\" loading=\"lazy\" src=\"https:\/\/www.kern-unternehmensnachfolge.com\/wp-content\/uploads\/2024\/08\/KERN_Erfolgsgarantie_RGB_weiss_08.24.png\" data-width=\"177\" data-link-wrap=\"true\" style=\"aspect-ratio: auto 481 \/ 464;\" data-height=\"171\"><\/a><\/span><\/p>\n<p style>Ismerk\u00aded\u00e9\u00adsi vide\u00f3 ind\u00edt\u00e1sa<\/p>\n<p>     <!-- Original logos -->  <a href=\"#lightbox-1\" data-lightbox=\"lightbox-1\" data-img=\"https:\/\/www.kern-unternehmensnachfolge.com\/wp-content\/uploads\/2025\/03\/UDZ-Siegel_Nils-Koerber.webp\" target=\"_blank\"> <img decoding=\"async\" src=\"https:\/\/www.kern-unternehmensnachfolge.com\/wp-content\/uploads\/2025\/03\/UDZ-Siegel_Nils-Koerber.webp\" alt=\"UDZ Seal Nils K\u00f6rber\"> <\/a>   <a href=\"#lightbox-2\" data-lightbox=\"lightbox-2\" data-img=\"https:\/\/www.kern-unternehmensnachfolge.com\/wp-content\/uploads\/2024\/05\/german-customer-arwards2024-150x150.jpeg\" target=\"_blank\"> <img decoding=\"async\" src=\"https:\/\/www.kern-unternehmensnachfolge.com\/wp-content\/uploads\/2024\/05\/german-customer-arwards2024-150x150.jpeg\" alt=\"N\u00e9met \u00fcgyf\u00e9ld\u00edjak 2024\"> <\/a>   <a href=\"https:\/\/www.provenexpert.com\/kern-zukunft-fuer-lebenswerke\/\" target=\"_blank\" rel=\"noopener\"> <img decoding=\"async\" src=\"https:\/\/www.kern-unternehmensnachfolge.com\/wp-content\/uploads\/2025\/10\/Proven-Expert-Von-Kunden-Empfohlen-2025.webp\" alt=\"Bev\u00e1lt szak\u00e9rt\u0151 \u2013 \u00dcgyfelek \u00e1ltal aj\u00e1nlott 2025\"> <\/a>   <a href=\"https:\/\/die-deutsche-wirtschaft.de\/top-mittelstand-deutschland-kern-zukunft-fuer-lebenswerke\/\" target=\"_blank\" rel=\"noopener\"> <img decoding=\"async\" src=\"https:\/\/www.kern-unternehmensnachfolge.com\/wp-content\/uploads\/2025\/08\/Top-Branche-Siegel-KERN.webp\" alt=\"TOP k\u00f6z\u00e9pv\u00e1llalkoz\u00e1s\"> <\/a>   <a href=\"https:\/\/die-deutsche-wirtschaft.de\/exzellenzberater\/kern-unternehmensnachfolge-erfolgreicher\/\" target=\"_blank\" rel=\"noopener\"> <img decoding=\"async\" src=\"https:\/\/www.kern-unternehmensnachfolge.com\/wp-content\/uploads\/2025\/03\/Exzellenzberater-Deutscher-Mittelstand-2023.webp\" alt=\"Kiv\u00e1l\u00f3s\u00e1gi tan\u00e1csad\u00f3 2023\"> <\/a>   <a href=\"https:\/\/die-deutsche-wirtschaft.de\/exzellenzberater\/kern-unternehmensnachfolge-erfolgreicher\/\" target=\"_blank\" rel=\"noopener\"> <img decoding=\"async\" src=\"https:\/\/www.kern-unternehmensnachfolge.com\/wp-content\/uploads\/2025\/03\/Exzellenzberater-Deutscher-Mittelstand-2024.webp\" alt=\"Kiv\u00e1l\u00f3s\u00e1gi tan\u00e1csad\u00f3 2024\"> <\/a>   <a href=\"#lightbox-6\" data-lightbox=\"lightbox-6\" data-img=\"https:\/\/www.kern-unternehmensnachfolge.com\/wp-content\/uploads\/2025\/09\/Exzellenter-Nachfolgeberater-Award-2025.webp\" target=\"_blank\"> <img decoding=\"async\" src=\"https:\/\/www.kern-unternehmensnachfolge.com\/wp-content\/uploads\/2025\/09\/Exzellenter-Nachfolgeberater-Award-2025.webp\" alt=\"Kiv\u00e1l\u00f3 ut\u00f3dl\u00e1si tan\u00e1csad\u00f3 d\u00edj 2025\"> <\/a>   <a href=\"https:\/\/vimeo.com\/775891851\" target=\"_blank\" rel=\"noopener\"> <img decoding=\"async\" src=\"https:\/\/www.kern-unternehmensnachfolge.com\/wp-content\/uploads\/2023\/07\/kern-german-brand-award-2021-132x300.jpeg\" alt=\"N\u00e9met m\u00e1rkad\u00edj 2021\"> <\/a>   <a href=\"https:\/\/vimeo.com\/787837024\" target=\"_blank\" rel=\"noopener\"> <img decoding=\"async\" src=\"https:\/\/www.kern-unternehmensnachfolge.com\/wp-content\/uploads\/2025\/03\/Innovator-des-Jahres-2021.webp\" alt=\"Innov\u00e1tor 2021\"> <\/a>   <a href=\"#lightbox-3\" data-lightbox=\"lightbox-3\" data-img=\"https:\/\/www.kern-unternehmensnachfolge.com\/wp-content\/uploads\/2023\/06\/TC_19_Member_Strich-211x300.jpg\" target=\"_blank\"> <img decoding=\"async\" src=\"https:\/\/www.kern-unternehmensnachfolge.com\/wp-content\/uploads\/2023\/06\/TC_19_Member_Strich-211x300.jpg\" alt=\"TC 19 Tag\"> <\/a>   <a href=\"https:\/\/vimeo.com\/775920300\" target=\"_blank\" rel=\"noopener\"> <img decoding=\"async\" src=\"https:\/\/www.kern-unternehmensnachfolge.com\/wp-content\/uploads\/2023\/06\/TC_20_Member_Strich-210x300.jpg\" alt=\"TC 20 Tag\"> <\/a>   <a href=\"https:\/\/www.top-consultant.de\/kern-unternehmensnachfolge-erfolgreicher-2023\/\" target=\"_blank\" rel=\"noopener\"> <img decoding=\"async\" src=\"https:\/\/www.kern-unternehmensnachfolge.com\/wp-content\/uploads\/2023\/06\/tc_23_member_strich-210x300.jpg\" alt=\"TC 23 Tag\"> <\/a>   <a href=\"#lightbox-4\" data-lightbox=\"lightbox-4\" data-img=\"https:\/\/www.kern-unternehmensnachfolge.com\/wp-content\/uploads\/2025\/04\/SZ-Institut-Beste-Berater-Mittelstand.webp\" target=\"_blank\"> <img decoding=\"async\" src=\"https:\/\/www.kern-unternehmensnachfolge.com\/wp-content\/uploads\/2025\/04\/SZ-Institut-Beste-Berater-Mittelstand.webp\" alt=\"SZ Legjobb tan\u00e1csad\u00f3k a k\u00f6z\u00e9pv\u00e1llalkoz\u00e1sok sz\u00e1m\u00e1ra\"> <\/a>   <a href=\"#lightbox-5\" data-lightbox=\"lightbox-5\" data-img=\"https:\/\/www.kern-unternehmensnachfolge.com\/wp-content\/uploads\/2025\/06\/WirtschaftsWoche-Beste-Berater-Mittelstand.webp\" target=\"_blank\"> <img decoding=\"async\" src=\"https:\/\/www.kern-unternehmensnachfolge.com\/wp-content\/uploads\/2025\/06\/WirtschaftsWoche-Beste-Berater-Mittelstand.webp\" alt=\"WirtschaftsWoche Legjobb tan\u00e1csad\u00f3k a k\u00f6z\u00e9pv\u00e1llalkoz\u00e1sok sz\u00e1m\u00e1ra\"> <\/a>  <!-- Duplicate logos for seamless loop -->  <a href=\"#lightbox-1\" data-lightbox=\"lightbox-1\" data-img=\"https:\/\/www.kern-unternehmensnachfolge.com\/wp-content\/uploads\/2025\/03\/UDZ-Siegel_Nils-Koerber.webp\" target=\"_blank\"> <img decoding=\"async\" src=\"https:\/\/www.kern-unternehmensnachfolge.com\/wp-content\/uploads\/2025\/03\/UDZ-Siegel_Nils-Koerber.webp\" alt=\"UDZ Seal Nils K\u00f6rber\"> <\/a>   <a href=\"#lightbox-2\" data-lightbox=\"lightbox-2\" data-img=\"https:\/\/www.kern-unternehmensnachfolge.com\/wp-content\/uploads\/2024\/05\/german-customer-arwards2024-150x150.jpeg\" target=\"_blank\"> <img decoding=\"async\" src=\"https:\/\/www.kern-unternehmensnachfolge.com\/wp-content\/uploads\/2024\/05\/german-customer-arwards2024-150x150.jpeg\" alt=\"N\u00e9met \u00fcgyf\u00e9ld\u00edjak 2024\"> <\/a>   <a href=\"https:\/\/www.provenexpert.com\/kern-zukunft-fuer-lebenswerke\/\" target=\"_blank\" rel=\"noopener\"> <img decoding=\"async\" src=\"https:\/\/www.kern-unternehmensnachfolge.com\/wp-content\/uploads\/2025\/10\/Proven-Expert-Von-Kunden-Empfohlen-2025.webp\" alt=\"Bev\u00e1lt szak\u00e9rt\u0151 \u2013 \u00dcgyfelek \u00e1ltal aj\u00e1nlott 2025\"> <\/a>   <a href=\"https:\/\/die-deutsche-wirtschaft.de\/top-mittelstand-deutschland-kern-zukunft-fuer-lebenswerke\/\" target=\"_blank\" rel=\"noopener\"> <img decoding=\"async\" src=\"https:\/\/www.kern-unternehmensnachfolge.com\/wp-content\/uploads\/2025\/08\/Top-Branche-Siegel-KERN.webp\" alt=\"TOP k\u00f6z\u00e9pv\u00e1llalkoz\u00e1s\"> <\/a>   <a href=\"https:\/\/die-deutsche-wirtschaft.de\/exzellenzberater\/kern-unternehmensnachfolge-erfolgreicher\/\" target=\"_blank\" rel=\"noopener\"> <img decoding=\"async\" src=\"https:\/\/www.kern-unternehmensnachfolge.com\/wp-content\/uploads\/2025\/03\/Exzellenzberater-Deutscher-Mittelstand-2023.webp\" alt=\"Kiv\u00e1l\u00f3s\u00e1gi tan\u00e1csad\u00f3 2023\"> <\/a>   <a href=\"https:\/\/die-deutsche-wirtschaft.de\/exzellenzberater\/kern-unternehmensnachfolge-erfolgreicher\/\" target=\"_blank\" rel=\"noopener\"> <img decoding=\"async\" src=\"https:\/\/www.kern-unternehmensnachfolge.com\/wp-content\/uploads\/2025\/03\/Exzellenzberater-Deutscher-Mittelstand-2024.webp\" alt=\"Kiv\u00e1l\u00f3s\u00e1gi tan\u00e1csad\u00f3 2024\"> <\/a>   <a href=\"#lightbox-6\" data-lightbox=\"lightbox-6\" data-img=\"https:\/\/www.kern-unternehmensnachfolge.com\/wp-content\/uploads\/2025\/09\/Exzellenter-Nachfolgeberater-Award-2025.webp\" target=\"_blank\"> <img decoding=\"async\" src=\"https:\/\/www.kern-unternehmensnachfolge.com\/wp-content\/uploads\/2025\/09\/Exzellenter-Nachfolgeberater-Award-2025.webp\" alt=\"Kiv\u00e1l\u00f3 ut\u00f3dl\u00e1si tan\u00e1csad\u00f3 d\u00edj 2025\"> <\/a>   <a href=\"https:\/\/vimeo.com\/775891851\" target=\"_blank\" rel=\"noopener\"> <img decoding=\"async\" src=\"https:\/\/www.kern-unternehmensnachfolge.com\/wp-content\/uploads\/2023\/07\/kern-german-brand-award-2021-132x300.jpeg\" alt=\"N\u00e9met m\u00e1rkad\u00edj 2021\"> <\/a>   <a href=\"https:\/\/vimeo.com\/787837024\" target=\"_blank\" rel=\"noopener\"> <img decoding=\"async\" src=\"https:\/\/www.kern-unternehmensnachfolge.com\/wp-content\/uploads\/2025\/03\/Innovator-des-Jahres-2021.webp\" alt=\"Innov\u00e1tor 2021\"> <\/a>   <a href=\"#lightbox-3\" data-lightbox=\"lightbox-3\" data-img=\"https:\/\/www.kern-unternehmensnachfolge.com\/wp-content\/uploads\/2023\/06\/TC_19_Member_Strich-211x300.jpg\" target=\"_blank\"> <img decoding=\"async\" src=\"https:\/\/www.kern-unternehmensnachfolge.com\/wp-content\/uploads\/2023\/06\/TC_19_Member_Strich-211x300.jpg\" alt=\"TC 19 Tag\"> <\/a>   <a href=\"https:\/\/vimeo.com\/775920300\" target=\"_blank\" rel=\"noopener\"> <img decoding=\"async\" src=\"https:\/\/www.kern-unternehmensnachfolge.com\/wp-content\/uploads\/2023\/06\/TC_20_Member_Strich-210x300.jpg\" alt=\"TC 20 Tag\"> <\/a>   <a href=\"https:\/\/www.top-consultant.de\/kern-unternehmensnachfolge-erfolgreicher-2023\/\" target=\"_blank\" rel=\"noopener\"> <img decoding=\"async\" src=\"https:\/\/www.kern-unternehmensnachfolge.com\/wp-content\/uploads\/2023\/06\/tc_23_member_strich-210x300.jpg\" alt=\"TC 23 Tag\"> <\/a>   <a href=\"#lightbox-4\" data-lightbox=\"lightbox-4\" data-img=\"https:\/\/www.kern-unternehmensnachfolge.com\/wp-content\/uploads\/2025\/04\/SZ-Institut-Beste-Berater-Mittelstand.webp\" target=\"_blank\"> <img decoding=\"async\" src=\"https:\/\/www.kern-unternehmensnachfolge.com\/wp-content\/uploads\/2025\/04\/SZ-Institut-Beste-Berater-Mittelstand.webp\" alt=\"SZ Legjobb tan\u00e1csad\u00f3k a k\u00f6z\u00e9pv\u00e1llalkoz\u00e1sok sz\u00e1m\u00e1ra\"> <\/a>   <a href=\"#lightbox-5\" data-lightbox=\"lightbox-5\" data-img=\"https:\/\/www.kern-unternehmensnachfolge.com\/wp-content\/uploads\/2025\/06\/WirtschaftsWoche-Beste-Berater-Mittelstand.webp\" target=\"_blank\"> <img decoding=\"async\" src=\"https:\/\/www.kern-unternehmensnachfolge.com\/wp-content\/uploads\/2025\/06\/WirtschaftsWoche-Beste-Berater-Mittelstand.webp\" alt=\"WirtschaftsWoche Legjobb tan\u00e1csad\u00f3k a k\u00f6z\u00e9pv\u00e1llalkoz\u00e1sok sz\u00e1m\u00e1ra\"> <\/a>    <!-- Lightbox containers -->   <span>\u2715<\/span> <img decoding=\"async\" src=\"https:\/\/www.kern-unternehmensnachfolge.com\/wp-content\/uploads\/2025\/03\/UDZ-Siegel_Nils-Koerber.webp\" alt=\"UDZ Seal Nils K\u00f6rber\"> <span class=\"caps\">UDZ<\/span> Seal Nils K\u00f6rber     <span>\u2715<\/span> <img decoding=\"async\" src=\"https:\/\/www.kern-unternehmensnachfolge.com\/wp-content\/uploads\/2024\/05\/german-customer-arwards2024-150x150.jpeg\" alt=\"N\u00e9met \u00fcgyf\u00e9ld\u00edjak 2024\"> N\u00e9met \u00fcgyf\u00e9l\u00add\u00ed\u00adjak 2024     <span>\u2715<\/span> <img decoding=\"async\" src=\"https:\/\/www.kern-unternehmensnachfolge.com\/wp-content\/uploads\/2023\/06\/TC_19_Member_Strich-211x300.jpg\" alt=\"TC 19 Tag\"> <span class=\"caps\">TC<\/span> 19 Tag     <span>\u2715<\/span> <img decoding=\"async\" src=\"https:\/\/www.kern-unternehmensnachfolge.com\/wp-content\/uploads\/2025\/04\/SZ-Institut-Beste-Berater-Mittelstand.webp\" alt=\"SZ \u2013 A legjobb tan\u00e1csad\u00f3k a k\u00f6z\u00e9pv\u00e1llalkoz\u00e1sok sz\u00e1m\u00e1ra\">  Beste Berater Mittel\u00adstand \u2013 <span class=\"caps\">SZ<\/span> Insti\u00adtut      <span>\u2715<\/span> <img decoding=\"async\" src=\"https:\/\/www.kern-unternehmensnachfolge.com\/wp-content\/uploads\/2025\/06\/WirtschaftsWoche-Beste-Berater-Mittelstand.webp\" alt=\"WirtschaftsWoche \u2013 A legjobb tan\u00e1csad\u00f3k a k\u00f6z\u00e9pv\u00e1llalkoz\u00e1sok sz\u00e1m\u00e1ra\">  Beste Berater Mittel\u00adstand \u2013 Wirtschafts\u00adWo\u00adche      <span>\u2715<\/span> <img decoding=\"async\" src=\"https:\/\/www.kern-unternehmensnachfolge.com\/wp-content\/uploads\/2025\/09\/Exzellenter-Nachfolgeberater-Award-2025.webp\" alt=\"Kiv\u00e1l\u00f3 ut\u00f3dl\u00e1si tan\u00e1csad\u00f3 d\u00edj 2025\">  Kiv\u00e1l\u00f3 ut\u00f3dl\u00e1\u00adsi tan\u00e1c\u00adsa\u00add\u00f3 d\u00edj 2025    <!-- JavaScript for lightbox functionality -->  <\/p>\n<h2 style=\"text-align: left;\">Wolfgang A. B\u00fcrgers Exper\u00adti\u00adse f\u00fcr Ihren Unternehmensverkauf<\/h2>\n<p style>Jahrgang 1971, Bankkauf\u00admann, FH-Studi\u00adum der Betriebs\u00adwirt\u00adschafts\u00adleh\u00adre in der Fachrich\u00adtung Banken\/Finanzierung, zerti\u00adfi\u00adzier\u00adter syste\u00admi\u00adscher Berater und Coach mit den Schwer\u00adpunk\u00adten Strate\u00adgie\u00adent\u00adwick\u00adlung, Change-Manage\u00adment und Nachfol\u00adge\u00adpro\u00adzes\u00adse in Unter\u00adneh\u00admen, Exper\u00adte f\u00fcr Unter\u00adneh\u00admens\u00adnach\u00adfol\u00adgen. Dozent an diver\u00adsen Akademien.<\/p>\n<p><span><img decoding=\"async\" alt=\"Kiv\u00e1l\u00f3 ut\u00f3dl\u00e1si tan\u00e1csad\u00f3 d\u00edj 2025\" data-id=\"35007\" width=\"240\" data-init-width=\"0\" height=\"240\" data-init-height=\"0\" title=\"Kiv\u00e1l\u00f3 ut\u00f3dl\u00e1si tan\u00e1csad\u00f3 d\u00edj 2025\" loading=\"lazy\" src=\"https:\/\/www.kern-unternehmensnachfolge.com\/wp-content\/uploads\/2025\/10\/Exzellenter-Nachfolgeberater-Award-2025.svg\" data-width=\"240\" data-height=\"240\" style=\"aspect-ratio: auto 0 \/ 0;\"><\/span><\/p>\n<p style>Start szak\u00e9rt\u0151i tipp<\/p>\n<p><span style=\"width: 100%;\"><img decoding=\"async\" alt title=\"bu\u0308rger-q\" data-id=\"23948\" src=\"https:\/\/www.kern-unternehmensnachfolge.com\/wp-content\/uploads\/2022\/08\/bu\u0308rger-q.jpg\" style=\"aspect-ratio: auto 300 \/ 300;\" data-width=\"110\" data-height=\"110\" data-init-width=\"300\" data-init-height=\"300\" loading=\"lazy\" ml-d=\"0\" center-h-d=\"false\" mt-d=\"0\" width=\"110\" height=\"110\"><\/span><\/p>\n<h2 data-hide=\"true\" id=\"t-1654808931768\" style=\"text-align: center;\">Bizal\u00admas k\u00e9rd\u00e9\u00adse van? Foglal\u00adjon ingyenes id\u0151pon\u00adtot k\u00f6zvet\u00adle\u00adn\u00fcl online<\/h2>\n<h4>Und kurze Zeit sp\u00e4ter konnte ich die Praxis an einen kompe\u00adten\u00adten Nachfol\u00adger \u00fcbergeben<\/h4>\n<p>Mein gro\u00dfer Wunsch, meine Physio\u00adthe\u00adra\u00adpie-Praxis zu verkau\u00adfen, blieb trotz aller Bem\u00fchun\u00adgen und auch etlichen Bewer\u00adbungs\u00adge\u00adspr\u00e4\u00adchen ohne Erfolg. Mit seiner gro\u00dfar\u00adti\u00adgen, einf\u00fchl\u00adsa\u00admen Art hat Herr Grepp\u00admair mir schnell gehol\u00adfen, den wahren Grund zu erken\u00adnen. Ich erkann\u00adte, dass die Ursache an mir liegt und ich unbewusst noch nicht bereit war loszu\u00adlas\u00adsen. Das hat sich mit seiner Hilfe schnell ge\u00e4ndert und kurze Zeit sp\u00e4ter konnte ich die Praxis an einen kompe\u00adten\u00adten Nachfol\u00adger \u00fcberge\u00adben. Herzli\u00adchen Dank&nbsp;daf\u00fcr!<\/p>\n\n<p><span>Ursula Herzog<\/span><span>Fizio\u00adter\u00ada\u00adpeu\u00adta<\/span><\/p>\n<h4>Wenn <span class=\"caps\">KERN<\/span> beglei\u00adtet steigen die Chancen deutlich, dass die Commerz\u00adbank zur Verf\u00fc\u00adgung&nbsp;steht<\/h4>\n<p>Wenn <span class=\"caps\">KERN<\/span> einen Inves\u00adtor beglei\u00adtet und mit dem <span class=\"caps\">MBI<\/span>\/<span class=\"caps\">MBO<\/span> einen Business Plan erarbei\u00adtet, steigen die Chancen deutlich, dass die Commerz\u00adbank mit einer Finan\u00adzie\u00adrung zur Verf\u00fc\u00adgung&nbsp;steht.<\/p>\n<p><span>Commerz\u00adbank Bajor\u00ador\u00adsz\u00e1g<\/span><span>V\u00e1llala\u00adti \u00fcgyf\u00e9ltan\u00e1csad\u00f3<\/span><\/p>\n<h4>Struk\u00adtu\u00adrier\u00adte Beglei\u00adtung, klare Analy\u00adse und konstruk\u00adti\u00adve Kommunikation<\/h4>\n<p>Die jeder\u00adzeit offene und konstruk\u00adti\u00adve Kommu\u00adni\u00adka\u00adti\u00adon durch Herrn Grepp\u00admair, die Verbind\u00adlich\u00adkeit und die immer seri\u00f6\u00adse, wertsch\u00e4t\u00adzen\u00adde Zusammenarbeit.Zus\u00e4tzlich zu erw\u00e4h\u00adnen ist die klare Analy\u00adse und die struk\u00adtu\u00adrier\u00adte Beglei\u00adtung \u00fcber den komplet\u00adten Prozessverlauf.<\/p>\n<p><span>Lorenz Kotter<\/span><span>,Altin\u00adha\u00adber der GuMe&nbsp;GmbH<\/span><\/p>\n<h4>A <span class=\"caps\">KERN<\/span> hozz\u00e1\u00adj\u00e1\u00adrul\u00e1\u00adsa az orsz\u00e1\u00adgos akci\u00f3na\u00adpunk\u00adhoz a v\u00e1llala\u00adti ut\u00f3dl\u00e1s\u00adsal kapcsolatban<\/h4>\n<p>Vielen Dank f\u00fcr Ihren innova\u00adti\u00adven Beitrag zu unserem bundes\u00adwei\u00adten <span class=\"caps\">DIHK<\/span> Aktions\u00adtag Unternehmens\u00adnachfolge. Den Fokus auf die \u201eweichen\u201c Themen zu setzen deckt sich ganz mit unserer Erfah\u00adrung,  was eine Nachfol\u00adge erfolg\u00adreich macht. Die vier Phasen geben Struk\u00adtur und Orien\u00adtie\u00adrung in einem sehr komple\u00adxen Prozess. Gerne wieder bei anderer Gelegenheit.<\/p>\n<p><span>Markus Neuner<\/span><span>,<span class=\"caps\">IHK<\/span>&nbsp;f\u00fcr M\u00fcnchen und Oberbayern<\/span><\/p>\n<h4>Zugleich sichert diese Entschei\u00addung unsere famili\u00e4\u00adre Beziehung<\/h4>\n<p>Nach zwei Anl\u00e4u\u00adfen mussten wir erken\u00adnen, dass die Zusam\u00admen\u00adar\u00adbeit als Mutter und Tochter im Famili\u00aden\u00adbe\u00adtrieb heraus\u00adfor\u00addernd bleibt. Dank Herrn Grepp\u00admairs Konflikt\u00admo\u00adde\u00adra\u00adti\u00adon haben wir schnell begrif\u00adfen, dass eine beruf\u00adli\u00adche Trennung nicht Nieder\u00adla\u00adge, sondern Befrei\u00adung bedeu\u00adtet. Zugleich sichert diese Entschei\u00addung unsere famili\u00e4\u00adre Bezie\u00adhung. Herzli\u00adchen Dank f\u00fcr diese wertvol\u00adle Einsicht!<\/p>\n<p><span>Tulaj\u00addo\u00adnos<\/span><span>,Event\u00adagen\u00adtur in M\u00fcnchen<\/span><\/p>\n<h4>Guter Sparring\u00adpart\u00adner an meiner Seite<\/h4>\n<p>Ich bin sehr gl\u00fcck\u00adlich, dass ich  mit <span class=\"caps\">KERN<\/span> und Wolfgang B\u00fcrger zusam\u00admen einen guten Sparring\u00adpart\u00adner hatte, um eben alle H\u00f6hen und Tiefen des Verkaufs\u00adpro\u00adzes\u00adses durch\u00adle\u00adben zu k\u00f6nnen und jeder\u00adzeit auch einen Partner an der Seite zu haben, an den ich mich auch wenden und der mir helfen konnte. Ich w\u00fcrde jedem Verk\u00e4u\u00adfer nur dringend empfeh\u00adlen, sich profes\u00adsio\u00adnell beglei\u00adten zu lassen.&nbsp;<\/p>\n<p><span>Reto Faulen\u00adbach<\/span><span><\/span><\/p>\n<h4>Endlich Zeit f\u00fcr eine neue Lebensplanung<\/h4>\n<p>Auf stets angeneh\u00adme und sehr kompe\u00adten\u00adte Art und Weise hat mich Herr Grepp\u00admair von <span class=\"caps\">KERN<\/span> beim Verkauf meines Hausmeis\u00adter\u00adser\u00advices in M\u00fcnchen beglei\u00adtet. In nur neun Monaten ist es Ihm trotz fallen\u00adder Ums\u00e4t\u00adzen und Corona-Krise gelun\u00adgen mein Unter\u00adneh\u00admen zu einem zufrie\u00adden\u00adstel\u00adlen\u00adden Preis an den Mann zu bringen. Damit hat er einen entschei\u00adden\u00adden Beitrag zu einer seit langem herbei\u00adge\u00adsehn\u00adten neuen Lebens\u00adpla\u00adnung geleis\u00adtet. Herzli\u00adchen Dank&nbsp;daf\u00fcr!<\/p>\n<p><span>Stefan Krebs<\/span><span>,GEON-Geb\u00e4u\u00adde\u00adma\u00adnage\u00adment<\/span><\/p>\n<h4>Wir waren begeis\u00adtert von dem pers\u00f6n\u00adli\u00adchen Einsatz von Herrn Greppmair<\/h4>\n<p>Wir w\u00fcrden Kern-Unternehmens\u00adnachfolge auf jeden Fall weiter\u00ademp\u00adfeh\u00adlen, da wir sehr begeis\u00adtert waren von dem pers\u00f6n\u00adli\u00adchen Einsatz von unserem Berater Herr Grepp\u00admair. Es war eine sehr angeneh\u00adme, vertrau\u00adens\u00advol\u00adle Zusam\u00admen\u00adar\u00adbeit und wir h\u00e4tten es ohne seine Hilfe nicht geschafft, so einen erfolg\u00adrei\u00adchen Unter\u00adnehmens\u00adverkauf durch\u00adzu\u00adf\u00fch\u00adren. Vom ersten Tag bis zum Notar\u00adter\u00admin f\u00fchlten wir uns gut beraten und unter\u00adst\u00fctzt. Vielen Dank nochmal an die Firma Kern und vor allem an Herrn Greppmair.<\/p>\n<p><span>Werner Wink csal\u00e1d<\/span><span><\/span><\/p>\n<h4>Stets hilfrei\u00adcher Br\u00fccken\u00adbau\u00ader und Berater<\/h4>\n<p>Du warst stets ein sehr hilfrei\u00adcher und Br\u00fccken bauen\u00adder Berater! Das hat Spa\u00df gemacht und hat die Trans\u00adak\u00adti\u00adon schlie\u00df\u00adlich zum Erfolg gef\u00fchrt.<\/p>\n\n<p><span>Dr. Kurt von Pannwitz<\/span><span>,Rechts\u00adan\u00adwalt, Steuerberater<\/span><\/p>\n<h4>A <span class=\"caps\">KERN<\/span> kever\u00ad\u00e9\u00adke eddig egyed\u00fcl\u00e1l\u00adl\u00f3 volt a maga nem\u00e9ben, ez\u00e9rt k\u00fcl\u00f6n\u00f6\u00adsen \u00e9rt\u00e9kes.<\/h4>\n<p>Besten Dank f\u00fcr Ihren leben\u00addi\u00adgen Beitrag zu der BVMW-Veran\u00adstal\u00adtung Unternehmens\u00adnachfolge in der Praxis. In beson\u00adde\u00adrer Weise ist es Ihnen, Herr Grepp\u00admair, gelun\u00adgen in die Welt der Zuh\u00f6rer \u2013 der von der Nachfol\u00adge betrof\u00adfe\u00adnen Unter\u00adneh\u00admer \u2013 einzu\u00adtau\u00adschen und sie dort abzuho\u00adlen, wo sie beson\u00adders emotio\u00adnal stehen. Die Mischung aus Vortrag und Rollen\u00adspiel war so bisher einzig\u00adar\u00adtig in seiner Art und damit beson\u00adders wertvoll.<\/p>\n\n<p><span>Achim von Michel<\/span><span>,Bundes\u00adver\u00adband mittel\u00adst\u00e4n\u00addi\u00adsche Wirtschaft e.V.<\/span><\/p>\n<h4>Wir k\u00f6nnen als K\u00e4ufer ein vorbe\u00adhalt\u00adlo\u00adses, unein\u00adge\u00adschr\u00e4nk\u00adtes Lob f\u00fcr <span class=\"caps\">KERN<\/span> aussprechen!<\/h4>\n<p>Wir haben in 2020 als Inves\u00adtor die Wink GmbH im Raum Augsburg \u00fcbernom\u00admen und sind damit sehr gl\u00fcck\u00adlich. <span style=\"font-size: 16px;\">Die Trans\u00adak\u00adti\u00adon wurde von Herr Grepp\u00admair von <span class=\"caps\">KERN<\/span> beglei\u00adtet, was wir als sehr profes\u00adsio\u00adnell empfun\u00adden haben und auch schnell zum Ziel f\u00fchrte. <\/span><span style=\"font-size: 16px;\">Hier k\u00f6nnen wir ein vorbe\u00adhalt\u00adlo\u00adses und unein\u00adge\u00adschr\u00e4nk\u00adtes Lob ausspre\u00adchen. Gerne immer wieder mit&nbsp;<span class=\"caps\">KERN<\/span>!<\/span><\/p>\n<p><span>Peter Baumhau\u00ader, Optimum Holding GmbH<\/span><span><\/span><\/p>\n<h4>Zukunfts\u00adf\u00e4\u00adhig\u00adkeit f\u00fcr <span class=\"caps\">WIBRE<\/span> im Einklang mit der Familie gesichert<\/h4>\n<p>Wir hatten bei uns eine l\u00e4nger andau\u00adern\u00adde, unzufrie\u00adden\u00adstel\u00adlen\u00adde Situa\u00adti\u00adon bzgl. der Fortf\u00fch\u00adrung des Famili\u00aden\u00adun\u00adter\u00adneh\u00admens. Durch die Unter\u00adst\u00fct\u00adzung der Herren Rehfu\u00df und Grepp\u00admair von <span class=\"caps\">KERN<\/span> wurde erstmals der Weg f\u00fcr gemein\u00adsa\u00adme Ziele geebnet. Die Zukunfts\u00adf\u00e4\u00adhig\u00adkeit f\u00fcr <span class=\"caps\">WIBRE<\/span> ist somit f\u00fcr meinen Bruder und mich im Einklang mit der gesam\u00adten Familie gesichert.<\/p>\n<p>Besten Dank f\u00fcr die Begleitung!<\/p>\n<p><span>Chris\u00adti\u00adan Breunin\u00adger<\/span><span>,Gesch\u00e4fts\u00adlei\u00adtung | <span class=\"caps\">WIBRE<\/span> Elektroger\u00e4te<\/span><span><\/span><span><\/span><\/p>\n<h4>Zugleich sichert diese Entschei\u00addung unsere famili\u00e4\u00adre Beziehung<\/h4>\n<p><span>Tulaj\u00addo\u00adnos<\/span><span>Event\u00adagen\u00adtur in M\u00fcnchen<\/span><\/p>\n<p>Nach zwei Anl\u00e4u\u00adfen mussten wir erken\u00adnen, dass die Zusam\u00admen\u00adar\u00adbeit als Mutter und Tochter im Famili\u00aden\u00adbe\u00adtrieb heraus\u00adfor\u00addernd bleibt. Dank Herrn Grepp\u00admairs Konflikt\u00admo\u00adde\u00adra\u00adti\u00adon haben wir schnell begrif\u00adfen, dass eine beruf\u00adli\u00adche Trennung nicht Nieder\u00adla\u00adge, sondern Befrei\u00adung bedeu\u00adtet. Zugleich sichert diese Entschei\u00addung unsere famili\u00e4\u00adre Bezie\u00adhung. Herzli\u00adchen Dank f\u00fcr diese wertvol\u00adle Einsicht!<\/p>\n<h4>Struk\u00adtu\u00adrier\u00adte Beglei\u00adtung, klare Analy\u00adse und konstruk\u00adti\u00adve Kommunikation<\/h4>\n<p><span>Lorenz Kotter<\/span><span>Altin\u00adha\u00adber der GuMe&nbsp;GmbH<\/span><\/p>\n<p>Die jeder\u00adzeit offene und konstruk\u00adti\u00adve Kommu\u00adni\u00adka\u00adti\u00adon durch Herrn Grepp\u00admair, die Verbind\u00adlich\u00adkeit und die immer seri\u00f6\u00adse, wertsch\u00e4t\u00adzen\u00adde Zusammenarbeit.Zus\u00e4tzlich zu erw\u00e4h\u00adnen ist die klare Analy\u00adse und die struk\u00adtu\u00adrier\u00adte Beglei\u00adtung \u00fcber den komplet\u00adten Prozessverlauf.<\/p>\n<h4>Endlich Zeit f\u00fcr eine neue Lebensplanung<\/h4>\n<p><span>Stefan Krebs<\/span><span>GEON-Geb\u00e4u\u00adde\u00adma\u00adnage\u00adment<\/span><\/p>\n<p>Auf stets angeneh\u00adme und sehr kompe\u00adten\u00adte Art und Weise hat mich Herr Grepp\u00admair von <span class=\"caps\">KERN<\/span> beim Verkauf meines Hausmeis\u00adter\u00adser\u00advices in M\u00fcnchen beglei\u00adtet. In nur neun Monaten ist es Ihm trotz fallen\u00adder Ums\u00e4t\u00adzen und Corona-Krise gelun\u00adgen mein Unter\u00adneh\u00admen zu einem zufrie\u00adden\u00adstel\u00adlen\u00adden Preis an den Mann zu bringen. Damit hat er einen entschei\u00adden\u00adden Beitrag zu einer seit langem herbei\u00adge\u00adsehn\u00adten neuen Lebens\u00adpla\u00adnung geleis\u00adtet. Herzli\u00adchen Dank&nbsp;daf\u00fcr!<\/p>\n<h3 style=\"text-align: left;\">Mit tehet\u00fcnk \u00d6n\u00e9rt?<\/h3>\n<p>Wolfgang A. B\u00fcrger ist Ihr kompe\u00adten\u00adter Exper\u00adte f\u00fcr Unternehmens\u00adnachfolge in W\u00fcrzburg.Mit \u00fcber 40 Stand\u00ador\u00adten in der gesam\u00adten DACH-Region und Europa sind wir seit \u00fcber 20 Jahren die Spezia\u00adlis\u00adten f\u00fcr den Mittelstand.Wir verkau\u00adfen Ihr Lebens\u00adwerk, beglei\u00adten inner\u00adfa\u00admi\u00adli\u00e4\u00adre Prozes\u00adse im Generations\u00adwechsel oder sind beim Kauf von Firmen an Ihrer Seite.Lassen Sie uns zu Ihren Anlie\u00adgen jetzt in den Austausch kommen.<\/p>\n<p><span style=\"width: 100%;\"><img decoding=\"async\" alt title=\"Bu\u0308rger-22\" data-id=\"23888\" src=\"https:\/\/www.kern-unternehmensnachfolge.com\/wp-content\/uploads\/2022\/08\/Bu\u0308rger-22.jpg\" style=\"aspect-ratio: auto 800 \/ 394;\" width=\"368\" height=\"181\" data-width=\"368\" data-height=\"181\" data-init-width=\"800\" data-init-height=\"394\" loading=\"lazy\"><\/span><\/p>\n<p style=\"text-align: left;\"><strong><span class=\"caps\">KERN<\/span> Unternehmens\u00adnachfolge W\u00fcrzburg<\/strong>Jogi szempontb\u00f3l \u00f6n\u00e1ll\u00f3 telephely<\/p>\n<p style=\"text-align: left;\">Wolfgang A. B\u00fcrger\u00adGer\u00adtraud-Rostos\u00adky-Stra\u00dfe 6197082 W\u00fcrzburg<\/p>\n<p style=\"text-align: left;\">Telefon <a href=\"tel:%20+4993135920891\" target=\"_blank\" style=\"outline: none;\">+49 931 35 92 08 91<\/a><a href=\"mailto:buerger@kern-unternehmensnachfolge.com\" style=\"outline: none; color: rgb(0, 115, 198) !important;\" target=\"_blank\">buerger@kern-unternehmensnachfolge.com<\/a><\/p>","protected":false},"excerpt":{"rendered":"<p>Wolfgang A. B\u00fcrger \u2013 Ihr Spezialist f\u00fcr Unternehmensnachfolge Der sichere Weg zur Unternehmensnachfolge in W\u00fcrzburg \u2605\u2605\u2605\u2605\u2605 &nbsp;5.0 Sterne aus Kundenbewertungen [&hellip;]<\/p>\n","protected":false},"author":1,"featured_media":0,"parent":27709,"menu_order":0,"comment_status":"closed","ping_status":"closed","template":"","meta":{"wp_typography_post_enhancements_disabled":false,"_kad_blocks_custom_css":"","_kad_blocks_head_custom_js":"","_kad_blocks_body_custom_js":"","_kad_blocks_footer_custom_js":"","site-sidebar-layout":"no-sidebar","site-content-layout":"page-builder","ast-site-content-layout":"default","site-content-style":"default","site-sidebar-style":"default","ast-global-header-display":"disabled","ast-banner-title-visibility":"disabled","ast-main-header-display":"","ast-hfb-above-header-display":"","ast-hfb-below-header-display":"","ast-hfb-mobile-header-display":"","site-post-title":"","ast-breadcrumbs-content":"","ast-featured-img":"","footer-sml-layout":"disabled","ast-disable-related-posts":"","theme-transparent-header-meta":"","adv-header-id-meta":"","stick-header-meta":"","header-above-stick-meta":"","header-main-stick-meta":"","header-below-stick-meta":"","astra-migrate-meta-layouts":"default","ast-page-background-enabled":"default","ast-page-background-meta":{"desktop":{"background-color":"","background-image":"","background-repeat":"repeat","background-position":"center center","background-size":"auto","background-attachment":"scroll","background-type":"","background-media":"","overlay-type":"","overlay-color":"","overlay-opacity":"","overlay-gradient":""},"tablet":{"background-color":"","background-image":"","background-repeat":"repeat","background-position":"center center","background-size":"auto","background-attachment":"scroll","background-type":"","background-media":"","overlay-type":"","overlay-color":"","overlay-opacity":"","overlay-gradient":""},"mobile":{"background-color":"","background-image":"","background-repeat":"repeat","background-position":"center center","background-size":"auto","background-attachment":"scroll","background-type":"","background-media":"","overlay-type":"","overlay-color":"","overlay-opacity":"","overlay-gradient":""}},"ast-content-background-meta":{"desktop":{"background-color":"var(--ast-global-color-5)","background-image":"","background-repeat":"repeat","background-position":"center center","background-size":"auto","background-attachment":"scroll","background-type":"","background-media":"","overlay-type":"","overlay-color":"","overlay-opacity":"","overlay-gradient":""},"tablet":{"background-color":"var(--ast-global-color-5)","background-image":"","background-repeat":"repeat","background-position":"center center","background-size":"auto","background-attachment":"scroll","background-type":"","background-media":"","overlay-type":"","overlay-color":"","overlay-opacity":"","overlay-gradient":""},"mobile":{"background-color":"var(--ast-global-color-5)","background-image":"","background-repeat":"repeat","background-position":"center center","background-size":"auto","background-attachment":"scroll","background-type":"","background-media":"","overlay-type":"","overlay-color":"","overlay-opacity":"","overlay-gradient":""}},"iawp_total_views":99,"footnotes":""},"class_list":["post-28158","page","type-page","status-publish","hentry"],"taxonomy_info":[],"featured_image_src_large":false,"author_info":{"display_name":"filialleiter","author_link":"https:\/\/www.kern-unternehmensnachfolge.com\/hu\/author\/filialleiter\/"},"comment_info":0,"_links":{"self":[{"href":"https:\/\/www.kern-unternehmensnachfolge.com\/hu\/wp-json\/wp\/v2\/pages\/28158","targetHints":{"allow":["GET"]}}],"collection":[{"href":"https:\/\/www.kern-unternehmensnachfolge.com\/hu\/wp-json\/wp\/v2\/pages"}],"about":[{"href":"https:\/\/www.kern-unternehmensnachfolge.com\/hu\/wp-json\/wp\/v2\/types\/page"}],"author":[{"embeddable":true,"href":"https:\/\/www.kern-unternehmensnachfolge.com\/hu\/wp-json\/wp\/v2\/users\/1"}],"replies":[{"embeddable":true,"href":"https:\/\/www.kern-unternehmensnachfolge.com\/hu\/wp-json\/wp\/v2\/comments?post=28158"}],"version-history":[{"count":0,"href":"https:\/\/www.kern-unternehmensnachfolge.com\/hu\/wp-json\/wp\/v2\/pages\/28158\/revisions"}],"up":[{"embeddable":true,"href":"https:\/\/www.kern-unternehmensnachfolge.com\/hu\/wp-json\/wp\/v2\/pages\/27709"}],"wp:attachment":[{"href":"https:\/\/www.kern-unternehmensnachfolge.com\/hu\/wp-json\/wp\/v2\/media?parent=28158"}],"curies":[{"name":"wp","href":"https:\/\/api.w.org\/{rel}","templated":true}]}}