{"id":28146,"date":"2023-07-12T16:59:37","date_gmt":"2023-07-12T14:59:37","guid":{"rendered":"https:\/\/kern-unternehmensnachfolge.com\/?page_id=28146"},"modified":"2026-01-25T19:36:56","modified_gmt":"2026-01-25T18:36:56","slug":"becsi-uennepseg","status":"publish","type":"page","link":"https:\/\/www.kern-unternehmensnachfolge.com\/hu\/standort\/wien-feier\/","title":{"rendered":"<span class=\"caps\">KERN<\/span> Business Succes\u00adsi\u00adon B\u00e9cs Micha\u00adel&nbsp;Feier"},"content":{"rendered":"<p><a target=\"_blank\" href=\"https:\/\/www.kern-unternehmensnachfolge.com\" data-id-d=\"0\" data-img-style=\"width: 100%;\"><img decoding=\"async\" src=\"https:\/\/www.kern-unternehmensnachfolge.com\/wp-content\/uploads\/2023\/05\/kern_logo2023_rgb_farbig_transparent.png\" height=\"502\" width=\"1317\" alt=\"KERN Logo\" style=\"width: 100%;\" loading=\"lazy\"><\/img><\/a><\/p>\n<h2>Michael Feier \u2013 Ihr Spezialist f\u00fcr Unternehmensnachfolge in Nieder\u00f6sterreich<\/h2>\n<h1><a href=\"https:\/\/www.kern-unternehmensnachfolge.com\/erfolgsgarantie\" target=\"_blank\" data-lt-tmp-id=\"lt-254735\" spellcheck=\"false\" style=\"outline: none;\">KERN &#8211;&nbsp;Unternehmensberater &amp; M&amp;A-Boutique in Wien<\/a><\/h1>\n<h4 style=\"text-align: left;\"><a href=\"https:\/\/www.provenexpert.com\/kern-zukunft-fuer-lebenswerke\/\" style=\"outline: none;\" target=\"_blank\" rel=\"noopener\">\u2605\u2605\u2605\u2605\u2605 &nbsp;5.0 Sterne aus Kundenbewertungen auf Provenexpert<\/a>&nbsp;<\/h4>\n<p><span><a href=\"https:\/\/www.kern-unternehmensnachfolge.com\/erfolgsgarantie\" rel=\"\" target=\"_blank\"><img decoding=\"async\" alt=\"\" data-id=\"31496\" width=\"177\" data-init-width=\"481\" height=\"171\" data-init-height=\"464\" title=\"KERN_Erfolgsgarantie_RGB_weiss_08.24\" src=\"https:\/\/www.kern-unternehmensnachfolge.com\/wp-content\/uploads\/2024\/08\/KERN_Erfolgsgarantie_RGB_weiss_08.24.png\" data-width=\"177\" data-link-wrap=\"true\" style=\"aspect-ratio: auto 481 \/ 464;\" data-height=\"171\" loading=\"lazy\"><\/a><\/span><\/p>\n<p style=\"\">Kennenlern-Video starten<\/p>\n<p>     <!-- Original logos -->  <a href=\"#lightbox-1\" data-lightbox=\"lightbox-1\" data-img=\"https:\/\/www.kern-unternehmensnachfolge.com\/wp-content\/uploads\/2025\/03\/UDZ-Siegel_Nils-Koerber.webp\" target=\"_blank\" > <img decoding=\"async\" src=\"https:\/\/www.kern-unternehmensnachfolge.com\/wp-content\/uploads\/2025\/03\/UDZ-Siegel_Nils-Koerber.webp\" alt=\"UDZ Siegel Nils K\u00f6rber\" \/> <\/a>   <a href=\"#lightbox-2\" data-lightbox=\"lightbox-2\" data-img=\"https:\/\/www.kern-unternehmensnachfolge.com\/wp-content\/uploads\/2024\/05\/german-customer-arwards2024-150x150.jpeg\" target=\"_blank\" > <img decoding=\"async\" src=\"https:\/\/www.kern-unternehmensnachfolge.com\/wp-content\/uploads\/2024\/05\/german-customer-arwards2024-150x150.jpeg\" alt=\"German Customer Awards 2024\" \/> <\/a>   <a href=\"https:\/\/www.provenexpert.com\/kern-zukunft-fuer-lebenswerke\/\" target=\"_blank\" rel=\"noopener\"> <img decoding=\"async\" src=\"https:\/\/www.kern-unternehmensnachfolge.com\/wp-content\/uploads\/2025\/10\/Proven-Expert-Von-Kunden-Empfohlen-2025.webp\" alt=\"Proven Expert - Von Kunden Empfohlen 2025\" \/> <\/a>   <a href=\"https:\/\/die-deutsche-wirtschaft.de\/top-mittelstand-deutschland-kern-zukunft-fuer-lebenswerke\/\" target=\"_blank\" rel=\"noopener\"> <img decoding=\"async\" src=\"https:\/\/www.kern-unternehmensnachfolge.com\/wp-content\/uploads\/2025\/08\/Top-Branche-Siegel-KERN.webp\" alt=\"TOP mittelst\u00e4ndisches Unternehmen\" \/> <\/a>   <a href=\"https:\/\/die-deutsche-wirtschaft.de\/exzellenzberater\/kern-unternehmensnachfolge-erfolgreicher\/\" target=\"_blank\" rel=\"noopener\"> <img decoding=\"async\" src=\"https:\/\/www.kern-unternehmensnachfolge.com\/wp-content\/uploads\/2025\/03\/Exzellenzberater-Deutscher-Mittelstand-2023.webp\" alt=\"Exzellenzberater 2023\" \/> <\/a>   <a href=\"https:\/\/die-deutsche-wirtschaft.de\/exzellenzberater\/kern-unternehmensnachfolge-erfolgreicher\/\" target=\"_blank\" rel=\"noopener\"> <img decoding=\"async\" src=\"https:\/\/www.kern-unternehmensnachfolge.com\/wp-content\/uploads\/2025\/03\/Exzellenzberater-Deutscher-Mittelstand-2024.webp\" alt=\"Exzellenzberater 2024\" \/> <\/a>   <a href=\"#lightbox-6\" data-lightbox=\"lightbox-6\" data-img=\"https:\/\/www.kern-unternehmensnachfolge.com\/wp-content\/uploads\/2025\/09\/Exzellenter-Nachfolgeberater-Award-2025.webp\" target=\"_blank\" > <img decoding=\"async\" src=\"https:\/\/www.kern-unternehmensnachfolge.com\/wp-content\/uploads\/2025\/09\/Exzellenter-Nachfolgeberater-Award-2025.webp\" alt=\"Exzellenter Nachfolgeberater Award 2025\" \/> <\/a>   <a href=\"https:\/\/vimeo.com\/775891851\" target=\"_blank\" rel=\"noopener\"> <img decoding=\"async\" src=\"https:\/\/www.kern-unternehmensnachfolge.com\/wp-content\/uploads\/2023\/07\/kern-german-brand-award-2021-132x300.jpeg\" alt=\"German Brand Award 2021\" \/> <\/a>   <a href=\"https:\/\/vimeo.com\/787837024\" target=\"_blank\" rel=\"noopener\"> <img decoding=\"async\" src=\"https:\/\/www.kern-unternehmensnachfolge.com\/wp-content\/uploads\/2025\/03\/Innovator-des-Jahres-2021.webp\" alt=\"Innovator 2021\" \/> <\/a>   <a href=\"#lightbox-3\" data-lightbox=\"lightbox-3\" data-img=\"https:\/\/www.kern-unternehmensnachfolge.com\/wp-content\/uploads\/2023\/06\/TC_19_Member_Strich-211x300.jpg\" target=\"_blank\" > <img decoding=\"async\" src=\"https:\/\/www.kern-unternehmensnachfolge.com\/wp-content\/uploads\/2023\/06\/TC_19_Member_Strich-211x300.jpg\" alt=\"TC 19 Member\" \/> <\/a>   <a href=\"https:\/\/vimeo.com\/775920300\" target=\"_blank\" rel=\"noopener\"> <img decoding=\"async\" src=\"https:\/\/www.kern-unternehmensnachfolge.com\/wp-content\/uploads\/2023\/06\/TC_20_Member_Strich-210x300.jpg\" alt=\"TC 20 Member\" \/> <\/a>   <a href=\"https:\/\/www.top-consultant.de\/kern-unternehmensnachfolge-erfolgreicher-2023\/\" target=\"_blank\" rel=\"noopener\"> <img decoding=\"async\" src=\"https:\/\/www.kern-unternehmensnachfolge.com\/wp-content\/uploads\/2023\/06\/tc_23_member_strich-210x300.jpg\" alt=\"TC 23 Member\" \/> <\/a>   <a href=\"#lightbox-4\" data-lightbox=\"lightbox-4\" data-img=\"https:\/\/www.kern-unternehmensnachfolge.com\/wp-content\/uploads\/2025\/04\/SZ-Institut-Beste-Berater-Mittelstand.webp\" target=\"_blank\" > <img decoding=\"async\" src=\"https:\/\/www.kern-unternehmensnachfolge.com\/wp-content\/uploads\/2025\/04\/SZ-Institut-Beste-Berater-Mittelstand.webp\" alt=\"SZ Beste Berater Mittelstand\" \/> <\/a>   <a href=\"#lightbox-5\" data-lightbox=\"lightbox-5\" data-img=\"https:\/\/www.kern-unternehmensnachfolge.com\/wp-content\/uploads\/2025\/06\/WirtschaftsWoche-Beste-Berater-Mittelstand.webp\" target=\"_blank\" > <img decoding=\"async\" src=\"https:\/\/www.kern-unternehmensnachfolge.com\/wp-content\/uploads\/2025\/06\/WirtschaftsWoche-Beste-Berater-Mittelstand.webp\" alt=\"WirtschaftsWoche Beste Berater Mittelstand\" \/> <\/a>  <!-- Duplicate logos for seamless loop -->  <a href=\"#lightbox-1\" data-lightbox=\"lightbox-1\" data-img=\"https:\/\/www.kern-unternehmensnachfolge.com\/wp-content\/uploads\/2025\/03\/UDZ-Siegel_Nils-Koerber.webp\" target=\"_blank\" > <img decoding=\"async\" src=\"https:\/\/www.kern-unternehmensnachfolge.com\/wp-content\/uploads\/2025\/03\/UDZ-Siegel_Nils-Koerber.webp\" alt=\"UDZ Siegel Nils K\u00f6rber\" \/> <\/a>   <a href=\"#lightbox-2\" data-lightbox=\"lightbox-2\" data-img=\"https:\/\/www.kern-unternehmensnachfolge.com\/wp-content\/uploads\/2024\/05\/german-customer-arwards2024-150x150.jpeg\" target=\"_blank\" > <img decoding=\"async\" src=\"https:\/\/www.kern-unternehmensnachfolge.com\/wp-content\/uploads\/2024\/05\/german-customer-arwards2024-150x150.jpeg\" alt=\"German Customer Awards 2024\" \/> <\/a>   <a href=\"https:\/\/www.provenexpert.com\/kern-zukunft-fuer-lebenswerke\/\" target=\"_blank\" rel=\"noopener\"> <img decoding=\"async\" src=\"https:\/\/www.kern-unternehmensnachfolge.com\/wp-content\/uploads\/2025\/10\/Proven-Expert-Von-Kunden-Empfohlen-2025.webp\" alt=\"Proven Expert - Von Kunden Empfohlen 2025\" \/> <\/a>   <a href=\"https:\/\/die-deutsche-wirtschaft.de\/top-mittelstand-deutschland-kern-zukunft-fuer-lebenswerke\/\" target=\"_blank\" rel=\"noopener\"> <img decoding=\"async\" src=\"https:\/\/www.kern-unternehmensnachfolge.com\/wp-content\/uploads\/2025\/08\/Top-Branche-Siegel-KERN.webp\" alt=\"TOP mittelst\u00e4ndisches Unternehmen\" \/> <\/a>   <a href=\"https:\/\/die-deutsche-wirtschaft.de\/exzellenzberater\/kern-unternehmensnachfolge-erfolgreicher\/\" target=\"_blank\" rel=\"noopener\"> <img decoding=\"async\" src=\"https:\/\/www.kern-unternehmensnachfolge.com\/wp-content\/uploads\/2025\/03\/Exzellenzberater-Deutscher-Mittelstand-2023.webp\" alt=\"Exzellenzberater 2023\" \/> <\/a>   <a href=\"https:\/\/die-deutsche-wirtschaft.de\/exzellenzberater\/kern-unternehmensnachfolge-erfolgreicher\/\" target=\"_blank\" rel=\"noopener\"> <img decoding=\"async\" src=\"https:\/\/www.kern-unternehmensnachfolge.com\/wp-content\/uploads\/2025\/03\/Exzellenzberater-Deutscher-Mittelstand-2024.webp\" alt=\"Exzellenzberater 2024\" \/> <\/a>   <a href=\"#lightbox-6\" data-lightbox=\"lightbox-6\" data-img=\"https:\/\/www.kern-unternehmensnachfolge.com\/wp-content\/uploads\/2025\/09\/Exzellenter-Nachfolgeberater-Award-2025.webp\" target=\"_blank\" > <img decoding=\"async\" src=\"https:\/\/www.kern-unternehmensnachfolge.com\/wp-content\/uploads\/2025\/09\/Exzellenter-Nachfolgeberater-Award-2025.webp\" alt=\"Exzellenter Nachfolgeberater Award 2025\" \/> <\/a>   <a href=\"https:\/\/vimeo.com\/775891851\" target=\"_blank\" rel=\"noopener\"> <img decoding=\"async\" src=\"https:\/\/www.kern-unternehmensnachfolge.com\/wp-content\/uploads\/2023\/07\/kern-german-brand-award-2021-132x300.jpeg\" alt=\"German Brand Award 2021\" \/> <\/a>   <a href=\"https:\/\/vimeo.com\/787837024\" target=\"_blank\" rel=\"noopener\"> <img decoding=\"async\" src=\"https:\/\/www.kern-unternehmensnachfolge.com\/wp-content\/uploads\/2025\/03\/Innovator-des-Jahres-2021.webp\" alt=\"Innovator 2021\" \/> <\/a>   <a href=\"#lightbox-3\" data-lightbox=\"lightbox-3\" data-img=\"https:\/\/www.kern-unternehmensnachfolge.com\/wp-content\/uploads\/2023\/06\/TC_19_Member_Strich-211x300.jpg\" target=\"_blank\" > <img decoding=\"async\" src=\"https:\/\/www.kern-unternehmensnachfolge.com\/wp-content\/uploads\/2023\/06\/TC_19_Member_Strich-211x300.jpg\" alt=\"TC 19 Member\" \/> <\/a>   <a href=\"https:\/\/vimeo.com\/775920300\" target=\"_blank\" rel=\"noopener\"> <img decoding=\"async\" src=\"https:\/\/www.kern-unternehmensnachfolge.com\/wp-content\/uploads\/2023\/06\/TC_20_Member_Strich-210x300.jpg\" alt=\"TC 20 Member\" \/> <\/a>   <a href=\"https:\/\/www.top-consultant.de\/kern-unternehmensnachfolge-erfolgreicher-2023\/\" target=\"_blank\" rel=\"noopener\"> <img decoding=\"async\" src=\"https:\/\/www.kern-unternehmensnachfolge.com\/wp-content\/uploads\/2023\/06\/tc_23_member_strich-210x300.jpg\" alt=\"TC 23 Member\" \/> <\/a>   <a href=\"#lightbox-4\" data-lightbox=\"lightbox-4\" data-img=\"https:\/\/www.kern-unternehmensnachfolge.com\/wp-content\/uploads\/2025\/04\/SZ-Institut-Beste-Berater-Mittelstand.webp\" target=\"_blank\" > <img decoding=\"async\" src=\"https:\/\/www.kern-unternehmensnachfolge.com\/wp-content\/uploads\/2025\/04\/SZ-Institut-Beste-Berater-Mittelstand.webp\" alt=\"SZ Beste Berater Mittelstand\" \/> <\/a>   <a href=\"#lightbox-5\" data-lightbox=\"lightbox-5\" data-img=\"https:\/\/www.kern-unternehmensnachfolge.com\/wp-content\/uploads\/2025\/06\/WirtschaftsWoche-Beste-Berater-Mittelstand.webp\" target=\"_blank\" > <img decoding=\"async\" src=\"https:\/\/www.kern-unternehmensnachfolge.com\/wp-content\/uploads\/2025\/06\/WirtschaftsWoche-Beste-Berater-Mittelstand.webp\" alt=\"WirtschaftsWoche Beste Berater Mittelstand\" \/> <\/a>    <!-- Lightbox containers -->   <span>\u2715<\/span> <img decoding=\"async\" src=\"https:\/\/www.kern-unternehmensnachfolge.com\/wp-content\/uploads\/2025\/03\/UDZ-Siegel_Nils-Koerber.webp\" alt=\"UDZ Siegel Nils K\u00f6rber\" \/> UDZ Siegel Nils K\u00f6rber     <span>\u2715<\/span> <img decoding=\"async\" src=\"https:\/\/www.kern-unternehmensnachfolge.com\/wp-content\/uploads\/2024\/05\/german-customer-arwards2024-150x150.jpeg\" alt=\"German Customer Awards 2024\" \/> German Customer Awards 2024     <span>\u2715<\/span> <img decoding=\"async\" src=\"https:\/\/www.kern-unternehmensnachfolge.com\/wp-content\/uploads\/2023\/06\/TC_19_Member_Strich-211x300.jpg\" alt=\"TC 19 Member\" \/> TC 19 Member     <span>\u2715<\/span> <img decoding=\"async\" src=\"https:\/\/www.kern-unternehmensnachfolge.com\/wp-content\/uploads\/2025\/04\/SZ-Institut-Beste-Berater-Mittelstand.webp\" alt=\"SZ - Beste Berater Mittelstand\" \/>  Beste Berater Mittelstand &#8211; SZ Institut      <span>\u2715<\/span> <img decoding=\"async\" src=\"https:\/\/www.kern-unternehmensnachfolge.com\/wp-content\/uploads\/2025\/06\/WirtschaftsWoche-Beste-Berater-Mittelstand.webp\" alt=\"WirtschaftsWoche - Beste Berater Mittelstand\" \/>  Beste Berater Mittelstand &#8211; WirtschaftsWoche      <span>\u2715<\/span> <img decoding=\"async\" src=\"https:\/\/www.kern-unternehmensnachfolge.com\/wp-content\/uploads\/2025\/09\/Exzellenter-Nachfolgeberater-Award-2025.webp\" alt=\"Exzellenter Nachfolgeberater Award 2025\" \/>  Exzellenter Nachfolgeberater Award 2025    <!-- JavaScript for lightbox functionality -->  <\/p>\n<h2 style=\"text-align: left;\">Michael Feiers Expertise f\u00fcr Ihren Unternehmensverkauf<\/h2>\n<p dir=\"ltr\">Michael Feier bringt als erfahrener Berater f\u00fcr Unternehmensverkauf, Generationswechsel und Unternehmenskauf in \u00d6sterreich umfassende Expertise in die Begleitung mittelst\u00e4ndischer Familienunternehmen ein. Seine Karriere ist gepr\u00e4gt durch fundierte Kenntnisse in Rechnungswesen und Controlling, die er in seinem Studium an der Fachhochschule erworben hat, sowie durch praktische Erfahrung als Controller in einem global agierenden Konzern und als CEO und Gesch\u00e4ftsf\u00fchrer mehrerer Familienunternehmen.<\/p>\n<p dir=\"ltr\">Mit seiner Ausbildung in NLP und Wirtschaftsmediation kombiniert Michael Feier betriebswirtschaftliche Kompetenz mit einem tiefgehenden Verst\u00e4ndnis f\u00fcr die zwischenmenschlichen und emotionalen Herausforderungen bei M&amp;A-Transaktionen. Diese einzigartige Kombination erm\u00f6glicht es ihm, wirtschaftliche und pers\u00f6nliche Interessen gleicherma\u00dfen zu ber\u00fccksichtigen.<\/p>\n<p dir=\"ltr\">Seine langj\u00e4hrige Erfahrung in der Entwicklung von Strategieprozessen, der Umsetzung von Change-Management-Ma\u00dfnahmen und der Begleitung komplexer M&amp;A-Transaktionen bildet die Grundlage f\u00fcr ma\u00dfgeschneiderte L\u00f6sungen, die den nachhaltigen Erfolg Ihrer Unternehmens\u00fcbergabe oder -\u00fcbernahme sichern.<\/p>\n<p><span><img decoding=\"async\" alt=\"Exzellenter Nachfolgeberater Award 2025\" data-id=\"35007\" width=\"240\" data-init-width=\"0\" height=\"240\" data-init-height=\"0\" title=\"Exzellenter Nachfolgeberater Award 2025\" loading=\"lazy\" src=\"https:\/\/www.kern-unternehmensnachfolge.com\/wp-content\/uploads\/2025\/10\/Exzellenter-Nachfolgeberater-Award-2025.svg\" data-width=\"240\" data-height=\"240\" style=\"aspect-ratio: auto 0 \/ 0;\"><\/span><\/p>\n<p style=\"\">Expertentipp starten<\/p>\n<h3 dir=\"ltr\" style=\"text-align: center;\">Seine Spezialisierung auf mittelst\u00e4ndische Familienunternehmen<\/h3>\n<p dir=\"ltr\">Michael Feiers Fokus liegt auf der ganzheitlichen und individuellen Begleitung von mittelst\u00e4ndischen Familienunternehmen bei Unternehmensverk\u00e4ufen und Nachfolgeprozessen. Mit einem tiefen Verst\u00e4ndnis f\u00fcr die besonderen Anforderungen und Herausforderungen dieser Unternehmensform entwickelt er ma\u00dfgeschneiderte L\u00f6sungen, die sowohl wirtschaftliche Ziele als auch die Wahrung famili\u00e4rer Werte in Einklang bringen.<\/p>\n<p dir=\"ltr\">Dank seiner umfassenden Erfahrung und praxisnahen Herangehensweise unterst\u00fctzt er Unternehmen dabei, komplexe \u00dcberg\u00e4nge erfolgreich zu meistern und eine nachhaltige Zukunftsperspektive zu schaffen.<\/p>\n<h2 dir=\"ltr\" style=\"text-align: center;\">Die KERN Unternehmensberatung Wien.<\/h2>\n<h2 dir=\"ltr\" style=\"text-align: center;\">Buchen Sie Ihren Gratis-Wunschtermin.<\/h2>\n<p dir=\"ltr\"><span style=\"--tcb-applied-color: rgb(255, 255, 255) !important; color: rgb(255, 255, 255) !important;\">M\u00f6chten Sie mehr \u00fcber den erfolgreichen Verkauf Ihres Unternehmens erfahren oder haben spezifische Fragen zur Unternehmensnachfolge? Auf unserer Website k\u00f6nnen Sie bequem einen pers\u00f6nlichen Beratungstermin vereinbaren.<\/span><\/p>\n<p dir=\"ltr\"><span style=\"--tcb-applied-color: rgb(255, 255, 255) !important; color: rgb(255, 255, 255) !important;\">Nutzen Sie die M\u00f6glichkeit eines unverbindlichen Erstgespr\u00e4chs, um mehr \u00fcber unsere Leistungen und Ihre individuellen Optionen zu erfahren. Kontaktieren Sie uns noch heute und sichern Sie sich Ihren Gratis-Wunschtermin!<\/span><\/p>\n<p><span style=\"width: 100%;\"><img decoding=\"async\" alt=\"\" title=\"Feier-q\" data-id=\"23961\" src=\"https:\/\/www.kern-unternehmensnachfolge.com\/wp-content\/uploads\/2022\/08\/Feier-q.jpg\" style=\"aspect-ratio: auto 300 \/ 300;\" width=\"110\" height=\"110\" data-width=\"110\" data-height=\"110\" data-init-width=\"300\" data-init-height=\"300\" loading=\"lazy\"><\/span><\/p>\n<h4><\/h4>\n<p><img decoding=\"async\" src=\"https:\/\/www.kern-unternehmensnachfolge.com\/wp-content\/plugins\/thrive-ovation\/admin\/img\/tvo-no-photo.png\" alt=\"profile-pic\"><\/p>\n<p><p>&#8222;Herr Feier konnte mir einfach und schnell weiterhelfen! Sein Engagement dabei war f\u00fcr mich weit \u00fcber meinen Erwartungen!&#8220;<\/p>\n<\/p>\n<p><span>Norbert Hienert, B\u00fcrotechnik Hienert<\/span><\/p>\n<h4>\u201cDie lange und teilweise intensive Zusammenarbeit haben ein starkes Vertrauensverh\u00e4ltnis aufgebaut\u201d<\/h4>\n<p><img decoding=\"async\" src=\"https:\/\/www.kern-unternehmensnachfolge.com\/wp-content\/uploads\/2018\/09\/DI_Peter_Umundum500q.jpg\" alt=\"profile-pic\"><\/p>\n<p><p>Ich kenne Herrn Feier schon seit vielen Jahren. Die lange und teilweise intensive Zusammenarbeit haben ein starkes Vertrauensverh\u00e4ltnis aufgebaut. Ich sch\u00e4tze seine Arbeitsweise sehr!<\/p>\n<p>Die \u00d6sterreichische Post ist der landesweit f\u00fchrende Logistik- und Postdienstleister und ist zudem durch Tochterunternehmen in elf europ\u00e4ischen L\u00e4ndern vor allem in den Bereichen Paket &amp; Logistik t\u00e4tig.<\/p>\n<\/p>\n<p><span>Dipl.-Ing. Peter Umundum<\/span><span>(Vorstandsmitglied \u00d6sterreichische Post AG)<\/span><\/p>\n<h4>\u201cDie Beratung und Begleitung durch Herrn Feier von KERN war f\u00fcr uns sehr wichtig.\u00a0\u201d<\/h4>\n<p><img decoding=\"async\" src=\"https:\/\/www.kern-unternehmensnachfolge.com\/wp-content\/uploads\/2018\/09\/Mag.-Roswitha-Gschweitl-q.jpg\" alt=\"profile-pic\"><\/p>\n<p><p>Die Beratung und Begleitung durch Herrn Feier von KERN war f\u00fcr uns sehr wichtig. Er brachte Klarheit und Struktur in unsere Abl\u00e4ufe und mit seinem Fokus auf das Wesentliche waren wir rasch und unkompliziert bei der Umsetzung der wichtigsten Ma\u00dfnahmen. Seine jahrelange Erfahrung im Umgang mit Projekten war sofort sp\u00fcrbar. Sehr \u00fcberzeugt hat er uns, wie er durch Beispiele und Vergleiche das eigene Vorgehen aufzeigt und damit wichtige Reflexionen einleiten konnte.<\/p>\n<\/p>\n<p><span>Mag. Roswitha Gschweitl<\/span><span>(Unternehmerin, EOS Power Solutions GmbH)<\/span><\/p>\n<h4><\/h4>\n<p><span>Norbert Hienert, B\u00fcrotechnik Hienert<\/span><span><\/span><\/p>\n<p>&#8222;Herr Feier konnte mir einfach und schnell weiterhelfen! Sein Engagement dabei war f\u00fcr mich weit \u00fcber meinen Erwartungen!&#8220;<\/p>\n<h4>Die Beratung und Begleitung durch Herrn Feier von KERN war f\u00fcr uns sehr wichtig.\u00a0<\/h4>\n<p><span>Mag. Roswitha Gschweitl<\/span><span>Unternehmerin, EOS Power Solutions GmbH<\/span><\/p>\n<p>Die Beratung und Begleitung durch Herrn Feier von KERN war f\u00fcr uns sehr wichtig. Er brachte Klarheit und Struktur in unsere Abl\u00e4ufe und mit seinem Fokus auf das Wesentliche waren wir rasch und unkompliziert bei der Umsetzung der wichtigsten Ma\u00dfnahmen. Seine jahrelange Erfahrung im Umgang mit Projekten war sofort sp\u00fcrbar. Sehr \u00fcberzeugt hat er uns, wie er durch Beispiele und Vergleiche das eigene Vorgehen aufzeigt und damit wichtige Reflexionen einleiten konnte.<\/p>\n<h4>Die lange und teilweise intensive Zusammenarbeit haben ein starkes Vertrauensverh\u00e4ltnis aufgebaut<\/h4>\n<p><span>Dipl.-Ing. Peter Umundum<\/span><span>Vorstandsmitglied \u00d6sterreichische Post AG<\/span><\/p>\n<p>Ich kenne Herrn Feier schon seit vielen Jahren. Die lange und teilweise intensive Zusammenarbeit haben ein starkes Vertrauensverh\u00e4ltnis aufgebaut. Ich sch\u00e4tze seine Arbeitsweise sehr!<\/p>\n<p>Die \u00d6sterreichische Post ist der landesweit f\u00fchrende Logistik- und Postdienstleister und ist zudem durch Tochterunternehmen in elf europ\u00e4ischen L\u00e4ndern vor allem in den Bereichen Paket &amp; Logistik t\u00e4tig.<\/p>\n<h3 style=\"text-align: left;\">Was k\u00f6nnen wir f\u00fcr Sie tun?<\/h3>\n<p>Michael Feier ist Ihr kompetenter Experte f\u00fcr Unternehmensnachfolge in Wien.Mit \u00fcber 40 Standorten in der gesamten DACH-Region und Europa sind wir seit \u00fcber 20 Jahren die Spezialisten f\u00fcr den Mittelstand.Wir verkaufen Ihr Lebenswerk, begleiten innerfamili\u00e4re Prozesse im Generationswechsel oder sind beim Kauf von Firmen an Ihrer Seite.Lassen Sie uns zu Ihren Anliegen jetzt in den Austausch kommen.<\/p>\n<p><span style=\"width: 100%;\"><img decoding=\"async\" alt=\"\" title=\"Feier-22\" data-id=\"23877\" src=\"https:\/\/www.kern-unternehmensnachfolge.com\/wp-content\/uploads\/2022\/08\/Feier-22.jpg\" style=\"aspect-ratio: auto 800 \/ 394;\" width=\"335\" height=\"165\" data-width=\"335\" data-height=\"165\" data-init-width=\"800\" data-init-height=\"394\" loading=\"lazy\"><\/span><\/p>\n<p style=\"text-align: left;\"><strong><span data-sheets-root=\"1\">KERN &#8211; Unternehmenensberater &amp; M&amp;A-Boutique in Wien<\/span><\/strong><strong><span data-sheets-root=\"1\"><\/span><\/strong><strong><span data-sheets-root=\"1\"><\/span><\/strong>Rechtlich eigenst\u00e4ndiger StandortMichael FeierLange Gasse 501080 Wien<\/p>\n<p style=\"text-align: left;\">Telefon <a href=\"tel:+43-1-5122648\" target=\"_blank\" style=\"outline: none;\">+43 1 5122648<\/a><a href=\"mailto:feier@kern-unternehmensnachfolge.com\" target=\"_blank\" style=\"outline: none; color: rgb(0, 115, 198) !important;\">feier@kern-unternehmensnachfolge.com<\/a><\/p>\n<p><span style=\"width: 100%;\"><a href=\"https:\/\/search.google.com\/local\/writereview?placeid=ChIJvVa29AoHbUcRm5HX-zAOTpM\" target=\"_blank\" rel=\"noopener\"><img decoding=\"async\" alt=\"\" title=\"bewerten-sie-mich-google\" data-id=\"528\" src=\"https:\/\/www.kern-unternehmensnachfolge.com\/wp-content\/uploads\/2018\/06\/bewerten-sie-mich-google.png\" style=\"aspect-ratio: auto 300 \/ 300;\" width=\"220\" height=\"220\" data-width=\"220\" data-height=\"220\" data-init-width=\"300\" data-init-height=\"300\" loading=\"lazy\"><\/a><\/span><a href=\"https:\/\/www.facebook.com\/michael.feier.965\" target=\"_blank\" rel=\"noopener\"><\/a><a href=\"https:\/\/at.linkedin.com\/in\/kern-michael-feier?trk\" target=\"_blank\" rel=\"noopener\"><\/a><a href=\"https:\/\/www.xing.com\/profile\/Michael_Feier3\" target=\"_blank\" rel=\"noopener\"><\/a>[tcb-script type=&#8220;application\/ld+json&#8220;]{  &#8222;@context&#8220;: &#8222;https:\/\/schema.org&#8220;,  &#8222;@type&#8220;: &#8222;LocalBusiness&#8220;,  &#8222;name&#8220;: &#8222;KERN &#8211; Unternehmenensberater &amp; M&amp;A-Boutique in Wien&#8220;,  &#8222;image&#8220;: &#8222;https:\/\/www.kern-unternehmensnachfolge.com\/wp-content\/uploads\/2023\/05\/kern_logo2023_rgb_farbig_transparent.png&#8220;,  &#8222;@id&#8220;: &#8222;&#8220;,  &#8222;url&#8220;: &#8222;https:\/\/www.kern-unternehmensnachfolge.com\/standort\/wien-feier&#8220;,  &#8222;telephone&#8220;: &#8222;+4315122648&#8220;,  &#8222;address&#8220;: {    &#8222;@type&#8220;: &#8222;PostalAddress&#8220;,    &#8222;streetAddress&#8220;: &#8222;Lange Gasse 50&#8220;,    &#8222;addressLocality&#8220;: &#8222;Wien&#8220;,    &#8222;postalCode&#8220;: &#8222;1080&#8220;,    &#8222;addressCountry&#8220;: &#8222;AT&#8220;  },  &#8222;geo&#8220;: {    &#8222;@type&#8220;: &#8222;GeoCoordinates&#8220;,    &#8222;latitude&#8220;: 48.21142440000001,    &#8222;longitude&#8220;: 16.3518199  },  &#8222;openingHoursSpecification&#8220;: {    &#8222;@type&#8220;: &#8222;OpeningHoursSpecification&#8220;,    &#8222;dayOfWeek&#8220;: [      &#8222;Monday&#8220;,      &#8222;Tuesday&#8220;,      &#8222;Wednesday&#8220;,      &#8222;Thursday&#8220;,      &#8222;Friday&#8220;    ],    &#8222;opens&#8220;: &#8222;08:00&#8220;,    &#8222;closes&#8220;: &#8222;17:00&#8220;  },  &#8222;sameAs&#8220;: [    &#8222;https:\/\/at.linkedin.com\/in\/kern-michael-feier?trk&#8220;,    &#8222;https:\/\/www.facebook.com\/michael.feier.965&#8220;  ] }[\/tcb-script]<\/p>\n","protected":false},"excerpt":{"rendered":"<p>Michael Feier \u2013 Ihr Spezialist f\u00fcr Unternehmensnachfolge in Nieder\u00f6sterreich KERN &#8211;&nbsp;Unternehmensberater &amp; M&amp;A-Boutique in Wien \u2605\u2605\u2605\u2605\u2605 &nbsp;5.0 Sterne aus Kundenbewertungen [&hellip;]<\/p>\n","protected":false},"author":1,"featured_media":0,"parent":27709,"menu_order":0,"comment_status":"closed","ping_status":"closed","template":"","meta":{"wp_typography_post_enhancements_disabled":false,"_kad_blocks_custom_css":"","_kad_blocks_head_custom_js":"","_kad_blocks_body_custom_js":"","_kad_blocks_footer_custom_js":"","site-sidebar-layout":"no-sidebar","site-content-layout":"page-builder","ast-site-content-layout":"full-width-container","site-content-style":"unboxed","site-sidebar-style":"unboxed","ast-global-header-display":"disabled","ast-banner-title-visibility":"disabled","ast-main-header-display":"","ast-hfb-above-header-display":"","ast-hfb-below-header-display":"","ast-hfb-mobile-header-display":"","site-post-title":"","ast-breadcrumbs-content":"","ast-featured-img":"","footer-sml-layout":"disabled","ast-disable-related-posts":"","theme-transparent-header-meta":"","adv-header-id-meta":"","stick-header-meta":"","header-above-stick-meta":"","header-main-stick-meta":"","header-below-stick-meta":"","astra-migrate-meta-layouts":"set","ast-page-background-enabled":"default","ast-page-background-meta":{"desktop":{"background-color":"","background-image":"","background-repeat":"repeat","background-position":"center center","background-size":"auto","background-attachment":"scroll","background-type":"","background-media":"","overlay-type":"","overlay-color":"","overlay-opacity":"","overlay-gradient":""},"tablet":{"background-color":"","background-image":"","background-repeat":"repeat","background-position":"center center","background-size":"auto","background-attachment":"scroll","background-type":"","background-media":"","overlay-type":"","overlay-color":"","overlay-opacity":"","overlay-gradient":""},"mobile":{"background-color":"","background-image":"","background-repeat":"repeat","background-position":"center center","background-size":"auto","background-attachment":"scroll","background-type":"","background-media":"","overlay-type":"","overlay-color":"","overlay-opacity":"","overlay-gradient":""}},"ast-content-background-meta":{"desktop":{"background-color":"var(--ast-global-color-5)","background-image":"","background-repeat":"repeat","background-position":"center center","background-size":"auto","background-attachment":"scroll","background-type":"","background-media":"","overlay-type":"","overlay-color":"","overlay-opacity":"","overlay-gradient":""},"tablet":{"background-color":"var(--ast-global-color-5)","background-image":"","background-repeat":"repeat","background-position":"center center","background-size":"auto","background-attachment":"scroll","background-type":"","background-media":"","overlay-type":"","overlay-color":"","overlay-opacity":"","overlay-gradient":""},"mobile":{"background-color":"var(--ast-global-color-5)","background-image":"","background-repeat":"repeat","background-position":"center center","background-size":"auto","background-attachment":"scroll","background-type":"","background-media":"","overlay-type":"","overlay-color":"","overlay-opacity":"","overlay-gradient":""}},"iawp_total_views":120,"footnotes":""},"class_list":["post-28146","page","type-page","status-publish","hentry"],"taxonomy_info":[],"featured_image_src_large":false,"author_info":{"display_name":"filialleiter","author_link":"https:\/\/www.kern-unternehmensnachfolge.com\/hu\/author\/filialleiter\/"},"comment_info":0,"_links":{"self":[{"href":"https:\/\/www.kern-unternehmensnachfolge.com\/hu\/wp-json\/wp\/v2\/pages\/28146","targetHints":{"allow":["GET"]}}],"collection":[{"href":"https:\/\/www.kern-unternehmensnachfolge.com\/hu\/wp-json\/wp\/v2\/pages"}],"about":[{"href":"https:\/\/www.kern-unternehmensnachfolge.com\/hu\/wp-json\/wp\/v2\/types\/page"}],"author":[{"embeddable":true,"href":"https:\/\/www.kern-unternehmensnachfolge.com\/hu\/wp-json\/wp\/v2\/users\/1"}],"replies":[{"embeddable":true,"href":"https:\/\/www.kern-unternehmensnachfolge.com\/hu\/wp-json\/wp\/v2\/comments?post=28146"}],"version-history":[{"count":0,"href":"https:\/\/www.kern-unternehmensnachfolge.com\/hu\/wp-json\/wp\/v2\/pages\/28146\/revisions"}],"up":[{"embeddable":true,"href":"https:\/\/www.kern-unternehmensnachfolge.com\/hu\/wp-json\/wp\/v2\/pages\/27709"}],"wp:attachment":[{"href":"https:\/\/www.kern-unternehmensnachfolge.com\/hu\/wp-json\/wp\/v2\/media?parent=28146"}],"curies":[{"name":"wp","href":"https:\/\/api.w.org\/{rel}","templated":true}]}}