{"id":19949,"date":"2021-11-09T00:19:07","date_gmt":"2021-11-08T23:19:07","guid":{"rendered":"https:\/\/great-kare.185-125-174-66.plesk.page\/?page_id=19949"},"modified":"2025-01-15T19:36:21","modified_gmt":"2025-01-15T18:36:21","slug":"esemenyek","status":"publish","type":"page","link":"https:\/\/www.kern-unternehmensnachfolge.com\/hu\/veranstaltungen\/","title":{"rendered":"Esem\u00e9\u00adny\u00adek"},"content":{"rendered":"<h1>Veran\u00adstal\u00adtun\u00adgen f\u00fcr erfolg\u00adreichere Unternehmensnachfolgen<\/h1>\n<h4 style=\"text-align: left;\"><a href=\"https:\/\/www.provenexpert.com\/kern-zukunft-fuer-lebenswerke\/\" style=\"outline: none;\" target=\"_blank\" rel=\"noopener\">\u2605\u2605\u2605\u2605\u2605  5,0 csillag a Proven\u00adex\u00adpert \u00fcgyf\u00e9\u00adl\u00e9rt\u00e9\u00adkel\u00e9s\u00adei alapj\u00e1n<\/a>&nbsp;<\/h4>\n<h3>Infor\u00adm\u00e1\u00adci\u00f3k az esem\u00e9nyr\u0151l<\/h3>\n<p style><span data-shortcode=\"tcb_post_tags\" data-shortcode-name=\"List of tags\" data-extra_key data-attr-default data-attr-link=\"1\" data-attr-target=\"0\" data-attr-rel=\"0\" data-option-inline=\"1\" data-attr-css data-attr-static-link=\"{&quot;className&quot;:&quot;&quot;,&quot;href&quot;:&quot;https:\/\/www.kern-unternehmensnachfolge.com\/tag\/20-01-2025-i-14-00-17-00-uhr-i-online\/&quot;,&quot;title&quot;:&quot;20.01.2025 I 14.00 - 17.00 Uhr I online&quot;,&quot;class&quot;:&quot;&quot;}\"><a href=\"https:\/\/www.kern-unternehmensnachfolge.com\/hu\/tag\/20-01-2025-i-14-00-17-00-i-online\/\" title=\"20.01.2025 I 14.00 - 17.00 I online\" data-css>20.01.2025 I 14.00 \u2013 17.00 Uhr I online<\/a><\/span><\/p>\n<h2><span data-shortcode=\"tcb_post_title\" data-shortcode-name=\"Post title\" data-extra_key data-attr-link=\"1\" data-attr-target=\"0\" data-attr-rel=\"0\" data-option-inline=\"1\" data-attr-static-link=\"{&quot;className&quot;:&quot;&quot;,&quot;href&quot;:&quot;https:\/\/www.kern-unternehmensnachfolge.com\/online-beratungsgespraech-unternehmensnachfolge-schweiz-i-deutschland\/&quot;,&quot;title&quot;:&quot;Online Beratungs\u00adge\u00adspr\u00e4ch Unternehmens\u00adnachfolge Schweiz I Deutschland&quot;,&quot;class&quot;:&quot;&quot;}\" data-attr-css><a href=\"https:\/\/www.kern-unternehmensnachfolge.com\/hu\/online-beratungsgespraech-unternehmensnachfolge-schweiz-i-deutschland\/\" title=\"Online Beratungsgespr\u00e4ch Unternehmensnachfolge Schweiz I Deutschland\" data-css>Online Beratungs\u00adge\u00adspr\u00e4ch Unternehmens\u00adnachfolge Schweiz I Deutschland<\/a><\/span><\/h2>\n<p><a href=\"https:\/\/www.kern-unternehmensnachfolge.com\/hu\/online-beratungsgespraech-unternehmensnachfolge-schweiz-i-deutschland\/\" dynamic-postlink=\"tcb_post_the_permalink\" data-shortcode-id=\"26155\"><\/a><\/p>\n<p style><span data-shortcode=\"tcb_post_tags\" data-shortcode-name=\"List of tags\" data-extra_key data-attr-default data-attr-link=\"1\" data-attr-target=\"0\" data-attr-rel=\"0\" data-option-inline=\"1\" data-attr-css data-attr-static-link=\"{&quot;className&quot;:&quot;&quot;,&quot;href&quot;:&quot;https:\/\/www.kern-unternehmensnachfolge.com\/tag\/20-01-2025-i-14-00-17-00-uhr-i-online\/&quot;,&quot;title&quot;:&quot;20.01.2025 I 14.00 - 17.00 Uhr I online&quot;,&quot;class&quot;:&quot;&quot;}\"><a href=\"https:\/\/www.kern-unternehmensnachfolge.com\/hu\/tag\/21-01-2025-i-9-00-13-00-ora-i-online\/\" title=\"21.01.2025 I 9.00 - 13.00 I online\" data-css>21.01.2025 I 9.00 \u2013 13.00 Uhr I online<\/a><\/span><\/p>\n<h2><span data-shortcode=\"tcb_post_title\" data-shortcode-name=\"Post title\" data-extra_key data-attr-link=\"1\" data-attr-target=\"0\" data-attr-rel=\"0\" data-option-inline=\"1\" data-attr-static-link=\"{&quot;className&quot;:&quot;&quot;,&quot;href&quot;:&quot;https:\/\/www.kern-unternehmensnachfolge.com\/online-beratungsgespraech-unternehmensnachfolge-schweiz-i-deutschland\/&quot;,&quot;title&quot;:&quot;Online Beratungs\u00adge\u00adspr\u00e4ch Unternehmens\u00adnachfolge Schweiz I Deutschland&quot;,&quot;class&quot;:&quot;&quot;}\" data-attr-css><a href=\"https:\/\/www.kern-unternehmensnachfolge.com\/hu\/online-beratungsgespraech-unternehmensnachfolge-schweiz-i-deutschland-2\/\" title=\"Online Beratungsgespr\u00e4ch Unternehmensnachfolge Schweiz I Deutschland\" data-css>Online Beratungs\u00adge\u00adspr\u00e4ch Unternehmens\u00adnachfolge Schweiz I Deutschland<\/a><\/span><\/h2>\n<p><a href=\"https:\/\/www.kern-unternehmensnachfolge.com\/hu\/online-beratungsgespraech-unternehmensnachfolge-schweiz-i-deutschland-2\/\" dynamic-postlink=\"tcb_post_the_permalink\" data-shortcode-id=\"26155\"><\/a><\/p>\n<p style><span data-shortcode=\"tcb_post_tags\" data-shortcode-name=\"List of tags\" data-extra_key data-attr-default data-attr-link=\"1\" data-attr-target=\"0\" data-attr-rel=\"0\" data-option-inline=\"1\" data-attr-css data-attr-static-link=\"{&quot;className&quot;:&quot;&quot;,&quot;href&quot;:&quot;https:\/\/www.kern-unternehmensnachfolge.com\/tag\/20-01-2025-i-14-00-17-00-uhr-i-online\/&quot;,&quot;title&quot;:&quot;20.01.2025 I 14.00 - 17.00 Uhr I online&quot;,&quot;class&quot;:&quot;&quot;}\"><a href=\"https:\/\/www.kern-unternehmensnachfolge.com\/hu\/tag\/06-02-2025-i-16-00-17-30-i-online\/\" title=\"06.02.2025 I 16.00 - 17.30 I online\" data-css>06.02.2025 I 16.00 \u2013 17.30 Uhr I online<\/a><\/span><\/p>\n<h2><span data-shortcode=\"tcb_post_title\" data-shortcode-name=\"Post title\" data-extra_key data-attr-link=\"1\" data-attr-target=\"0\" data-attr-rel=\"0\" data-option-inline=\"1\" data-attr-static-link=\"{&quot;className&quot;:&quot;&quot;,&quot;href&quot;:&quot;https:\/\/www.kern-unternehmensnachfolge.com\/online-beratungsgespraech-unternehmensnachfolge-schweiz-i-deutschland\/&quot;,&quot;title&quot;:&quot;Online Beratungs\u00adge\u00adspr\u00e4ch Unternehmens\u00adnachfolge Schweiz I Deutschland&quot;,&quot;class&quot;:&quot;&quot;}\" data-attr-css><a href=\"https:\/\/www.kern-unternehmensnachfolge.com\/hu\/unternehmensverkauf-ohne-risiko-und-wertverlust\/\" title=\"V\u00e1llalat\u00e9rt\u00e9kes\u00edt\u00e9s kock\u00e1zat \u00e9s \u00e9rt\u00e9kveszt\u00e9s n\u00e9lk\u00fcl\" data-css>V\u00e1llala\u00adt\u00e9rt\u00e9\u00adke\u00ads\u00ed\u00adt\u00e9s kock\u00e1\u00adzat \u00e9s \u00e9rt\u00e9k\u00advesz\u00adt\u00e9s n\u00e9lk\u00fcl<\/a><\/span><\/h2>\n<p><a href=\"https:\/\/www.kern-unternehmensnachfolge.com\/hu\/unternehmensverkauf-ohne-risiko-und-wertverlust\/\" dynamic-postlink=\"tcb_post_the_permalink\" data-shortcode-id=\"26155\"><\/a><\/p>","protected":false},"excerpt":{"rendered":"<p>Veranstaltungen f\u00fcr erfolgreichere Unternehmensnachfolgen \u2605\u2605\u2605\u2605\u2605 &nbsp;5.0 Sterne aus Kundenbewertungen auf Provenexpert&nbsp; Veranstaltungshinweise 20.01.2025 I 14.00 &#8211; 17.00 Uhr I online [&hellip;]<\/p>\n","protected":false},"author":1,"featured_media":0,"parent":0,"menu_order":0,"comment_status":"closed","ping_status":"closed","template":"","meta":{"wp_typography_post_enhancements_disabled":false,"_kad_blocks_custom_css":"","_kad_blocks_head_custom_js":"","_kad_blocks_body_custom_js":"","_kad_blocks_footer_custom_js":"","site-sidebar-layout":"no-sidebar","site-content-layout":"plain-container","ast-site-content-layout":"default","site-content-style":"default","site-sidebar-style":"default","ast-global-header-display":"","ast-banner-title-visibility":"","ast-main-header-display":"","ast-hfb-above-header-display":"","ast-hfb-below-header-display":"","ast-hfb-mobile-header-display":"","site-post-title":"disabled","ast-breadcrumbs-content":"","ast-featured-img":"disabled","footer-sml-layout":"","ast-disable-related-posts":"","theme-transparent-header-meta":"default","adv-header-id-meta":"","stick-header-meta":"default","header-above-stick-meta":"","header-main-stick-meta":"","header-below-stick-meta":"","astra-migrate-meta-layouts":"default","ast-page-background-enabled":"default","ast-page-background-meta":{"desktop":{"background-color":"","background-image":"","background-repeat":"repeat","background-position":"center center","background-size":"auto","background-attachment":"scroll","background-type":"","background-media":"","overlay-type":"","overlay-color":"","overlay-opacity":"","overlay-gradient":""},"tablet":{"background-color":"","background-image":"","background-repeat":"repeat","background-position":"center center","background-size":"auto","background-attachment":"scroll","background-type":"","background-media":"","overlay-type":"","overlay-color":"","overlay-opacity":"","overlay-gradient":""},"mobile":{"background-color":"","background-image":"","background-repeat":"repeat","background-position":"center center","background-size":"auto","background-attachment":"scroll","background-type":"","background-media":"","overlay-type":"","overlay-color":"","overlay-opacity":"","overlay-gradient":""}},"ast-content-background-meta":{"desktop":{"background-color":"var(--ast-global-color-5)","background-image":"","background-repeat":"repeat","background-position":"center center","background-size":"auto","background-attachment":"scroll","background-type":"","background-media":"","overlay-type":"","overlay-color":"","overlay-opacity":"","overlay-gradient":""},"tablet":{"background-color":"var(--ast-global-color-5)","background-image":"","background-repeat":"repeat","background-position":"center center","background-size":"auto","background-attachment":"scroll","background-type":"","background-media":"","overlay-type":"","overlay-color":"","overlay-opacity":"","overlay-gradient":""},"mobile":{"background-color":"var(--ast-global-color-5)","background-image":"","background-repeat":"repeat","background-position":"center center","background-size":"auto","background-attachment":"scroll","background-type":"","background-media":"","overlay-type":"","overlay-color":"","overlay-opacity":"","overlay-gradient":""}},"iawp_total_views":83,"footnotes":""},"class_list":["post-19949","page","type-page","status-publish","hentry"],"taxonomy_info":[],"featured_image_src_large":false,"author_info":{"display_name":"filialleiter","author_link":"https:\/\/www.kern-unternehmensnachfolge.com\/hu\/author\/filialleiter\/"},"comment_info":0,"_links":{"self":[{"href":"https:\/\/www.kern-unternehmensnachfolge.com\/hu\/wp-json\/wp\/v2\/pages\/19949","targetHints":{"allow":["GET"]}}],"collection":[{"href":"https:\/\/www.kern-unternehmensnachfolge.com\/hu\/wp-json\/wp\/v2\/pages"}],"about":[{"href":"https:\/\/www.kern-unternehmensnachfolge.com\/hu\/wp-json\/wp\/v2\/types\/page"}],"author":[{"embeddable":true,"href":"https:\/\/www.kern-unternehmensnachfolge.com\/hu\/wp-json\/wp\/v2\/users\/1"}],"replies":[{"embeddable":true,"href":"https:\/\/www.kern-unternehmensnachfolge.com\/hu\/wp-json\/wp\/v2\/comments?post=19949"}],"version-history":[{"count":0,"href":"https:\/\/www.kern-unternehmensnachfolge.com\/hu\/wp-json\/wp\/v2\/pages\/19949\/revisions"}],"wp:attachment":[{"href":"https:\/\/www.kern-unternehmensnachfolge.com\/hu\/wp-json\/wp\/v2\/media?parent=19949"}],"curies":[{"name":"wp","href":"https:\/\/api.w.org\/{rel}","templated":true}]}}