{"id":18924,"date":"2021-08-18T08:46:46","date_gmt":"2021-08-18T06:46:46","guid":{"rendered":"https:\/\/great-kare.185-125-174-66.plesk.page\/?page_id=18924"},"modified":"2021-08-18T09:41:19","modified_gmt":"2021-08-18T07:41:19","slug":"vevoi-elkoetelezettseg","status":"publish","type":"page","link":"https:\/\/www.kern-unternehmensnachfolge.com\/hu\/kunden-commitment\/","title":{"rendered":"\u00dcgyf\u00e9l elk\u00f6te\u00adlezett\u00ads\u00e9g"},"content":{"rendered":"<h1><b><span style=\"color: rgb(255, 255, 255);\">A <span class=\"caps\">CORE<\/span> kult\u00far\u00e1nk magja&nbsp;<\/span><\/b><\/h1>\n<h3>Was uns am Herzen liegt \u2013 Prinzi\u00adpi\u00aden und Werte f\u00fcr unsere Zusammenarbeit<\/h3>\n<h3><span>\u00d6nk\u00e9nt\u00adess\u00e9g:<\/span><\/h3>\n<p style>Die gemein\u00adsa\u00adme Entwick\u00adlung Ihrer Unternehmens\u00adnachfolge ist ein freiwil\u00adli\u00adger Prozess zwischen Ihnen und uns. Ohne Ihre aktive Mitar\u00adbeit geht es nicht. Gemein\u00adsam planen wir alle wichti\u00adgen Etappen, konkre\u00adti\u00adsie\u00adren den Fahrplan und definie\u00adren die Prozess\u00adge\u00adschwin\u00addig\u00adkeit, einschliess\u00adlich m\u00f6gli\u00adcher Zwischen\u00adhal\u00adte. Auf diesem Weg unter\u00adst\u00fct\u00adzen wir uns gegen\u00adsei\u00adtig und verbind\u00adlich in den notwen\u00addi\u00adgen Entscheidungen.<\/p>\n<h3>Bizalom:<\/h3>\n<p style>Ihre Unternehmens\u00adnachfolge lebt in allen Schrit\u00adten vom gegen\u00adsei\u00adti\u00adgen Vertrau\u00aden. Wir erfah\u00adren viel \u00fcber Sie und Ihr Unter\u00adneh\u00admen, Ihren Weg und Ihr Umfeld: Wir schnei\u00adden mitun\u00adter sensi\u00adble Themen an und disku\u00adtie\u00adren durch\u00adaus auch einmal kontro\u00advers. Wir engagie\u00adren uns voll und ganz f\u00fcr Sie und arbei\u00adten offen und trans\u00adpa\u00adrent \u2013 mit einer hohen Verbind\u00adlich\u00adkeit. Und Sie sind immer pers\u00f6n\u00adlich infor\u00admiert und k\u00f6nnen so die besten Entschei\u00addun\u00adgen f\u00fcr sich f\u00e4llen.<\/p>\n<h3><span style=\"color: rgb(0, 115, 198);\">Wertsch\u00e4t\u00adzung und Zuverl\u00e4ssigkeit:<\/span><\/h3>\n<p style>Sie suchen f\u00fcr Ihr Lebens\u00adwerk eine Fortf\u00fch\u00adrung der Firmen\u00adge\u00adschich\u00adte in der Zukunft. Wir wissen um die Tragwei\u00adte und beson\u00adde\u00adre Emotio\u00adna\u00adli\u00adt\u00e4t dieses Schrit\u00adtes. Wir beglei\u00adten Ihre Lebens\u00adent\u00adschei\u00addung mit Exper\u00adten Know-How und mit gr\u00f6sst\u00adm\u00f6g\u00adli\u00adcher Sorgfalt. Wir disku\u00adtie\u00adren mit Ihnen auf Augen\u00adh\u00f6\u00adhe, argumen\u00adtie\u00adren mit realis\u00adti\u00adschen Annah\u00admen, suchen nach L\u00f6sun\u00adgen, die zu Ihnen passen. Sie haben diese Wertsch\u00e4t\u00adzung verdient. Und wir sch\u00e4t\u00adzen Zuver\u00adl\u00e4s\u00adsig\u00adkeit und P\u00fcnkt\u00adlich\u00adkeit auf allen Ebenen \u2013 f\u00fcr Sie und&nbsp;uns.<\/p>\n<h3><span style=\"color: rgb(0, 115, 198);\">Integri\u00adt\u00e4t:<\/span><\/h3>\n<p style>Wir lieben und leben Klarheit: Wir sagen offen, was wir tun und warum \u2013 und handeln danach. Sie wissen jeder\u00adzeit, wo Sie und wir stehen, was ansteht und wie der Weg aussieht. Wenn Ihre Erwar\u00adtun\u00adgen mit unserer Erfah\u00adrung, unserem Wissen und K\u00f6nnen nicht zusam\u00admen\u00adpas\u00adsen, sprechen Sie bitte mit uns offen dar\u00fcber. Wir schla\u00adgen nichts vor, das zu Ihnen nicht passt oder was wir nicht realis\u00adtisch umset\u00adzen k\u00f6nnen.<\/p>\n<h3><span style=\"color: rgb(0, 115, 198);\">Nyitott \u00fatvonal:<\/span><\/h3>\n<p><span style=\"color: rgb(112, 112, 112);\">Die Nachfol\u00adge ist ein offener Prozess mit festen Meilen\u00adstei\u00adnen. Bekannt\u00adlich f\u00fchren viele Wege zum Ziel, und der direk\u00adtes\u00adte Weg ist oft nicht die beste L\u00f6sung. Darum denken wir in Alter\u00adna\u00adti\u00adven und pr\u00fcfen immer wieder die Richtung. Am Ende kann die L\u00f6sung anders ausse\u00adhen, als urspr\u00fcng\u00adlich gedacht. Wichtig und unabding\u00adbar: sie passt f\u00fcr Sie. Unser Erfolg in fast 20 Jahren Unter\u00adneh\u00admens\u00adnach\u00adfol\u00adge\u00adbe\u00adra\u00adtung und \u00fcber tausend Manda\u00adten unter\u00adstreicht unsere Umset\u00adzungs\u00adst\u00e4r\u00adke zu Ihrem Vorteil.<\/span><\/p>","protected":false},"excerpt":{"rendered":"<p>Der Kern unserer-KERN-Kultur&nbsp; Was uns am Herzen liegt \u2013 Prinzipien und Werte f\u00fcr unsere Zusammenarbeit Freiwilligkeit: Die gemeinsame Entwicklung Ihrer [&hellip;]<\/p>\n","protected":false},"author":1,"featured_media":0,"parent":0,"menu_order":0,"comment_status":"closed","ping_status":"closed","template":"","meta":{"wp_typography_post_enhancements_disabled":false,"_kad_blocks_custom_css":"","_kad_blocks_head_custom_js":"","_kad_blocks_body_custom_js":"","_kad_blocks_footer_custom_js":"","site-sidebar-layout":"no-sidebar","site-content-layout":"plain-container","ast-site-content-layout":"default","site-content-style":"default","site-sidebar-style":"default","ast-global-header-display":"","ast-banner-title-visibility":"","ast-main-header-display":"","ast-hfb-above-header-display":"","ast-hfb-below-header-display":"","ast-hfb-mobile-header-display":"","site-post-title":"disabled","ast-breadcrumbs-content":"","ast-featured-img":"disabled","footer-sml-layout":"","ast-disable-related-posts":"","theme-transparent-header-meta":"default","adv-header-id-meta":"","stick-header-meta":"default","header-above-stick-meta":"","header-main-stick-meta":"","header-below-stick-meta":"","astra-migrate-meta-layouts":"default","ast-page-background-enabled":"default","ast-page-background-meta":{"desktop":{"background-color":"","background-image":"","background-repeat":"repeat","background-position":"center center","background-size":"auto","background-attachment":"scroll","background-type":"","background-media":"","overlay-type":"","overlay-color":"","overlay-opacity":"","overlay-gradient":""},"tablet":{"background-color":"","background-image":"","background-repeat":"repeat","background-position":"center center","background-size":"auto","background-attachment":"scroll","background-type":"","background-media":"","overlay-type":"","overlay-color":"","overlay-opacity":"","overlay-gradient":""},"mobile":{"background-color":"","background-image":"","background-repeat":"repeat","background-position":"center center","background-size":"auto","background-attachment":"scroll","background-type":"","background-media":"","overlay-type":"","overlay-color":"","overlay-opacity":"","overlay-gradient":""}},"ast-content-background-meta":{"desktop":{"background-color":"var(--ast-global-color-5)","background-image":"","background-repeat":"repeat","background-position":"center center","background-size":"auto","background-attachment":"scroll","background-type":"","background-media":"","overlay-type":"","overlay-color":"","overlay-opacity":"","overlay-gradient":""},"tablet":{"background-color":"var(--ast-global-color-5)","background-image":"","background-repeat":"repeat","background-position":"center center","background-size":"auto","background-attachment":"scroll","background-type":"","background-media":"","overlay-type":"","overlay-color":"","overlay-opacity":"","overlay-gradient":""},"mobile":{"background-color":"var(--ast-global-color-5)","background-image":"","background-repeat":"repeat","background-position":"center center","background-size":"auto","background-attachment":"scroll","background-type":"","background-media":"","overlay-type":"","overlay-color":"","overlay-opacity":"","overlay-gradient":""}},"iawp_total_views":0,"footnotes":""},"class_list":["post-18924","page","type-page","status-publish","hentry"],"taxonomy_info":[],"featured_image_src_large":false,"author_info":{"display_name":"filialleiter","author_link":"https:\/\/www.kern-unternehmensnachfolge.com\/hu\/author\/filialleiter\/"},"comment_info":0,"_links":{"self":[{"href":"https:\/\/www.kern-unternehmensnachfolge.com\/hu\/wp-json\/wp\/v2\/pages\/18924","targetHints":{"allow":["GET"]}}],"collection":[{"href":"https:\/\/www.kern-unternehmensnachfolge.com\/hu\/wp-json\/wp\/v2\/pages"}],"about":[{"href":"https:\/\/www.kern-unternehmensnachfolge.com\/hu\/wp-json\/wp\/v2\/types\/page"}],"author":[{"embeddable":true,"href":"https:\/\/www.kern-unternehmensnachfolge.com\/hu\/wp-json\/wp\/v2\/users\/1"}],"replies":[{"embeddable":true,"href":"https:\/\/www.kern-unternehmensnachfolge.com\/hu\/wp-json\/wp\/v2\/comments?post=18924"}],"version-history":[{"count":0,"href":"https:\/\/www.kern-unternehmensnachfolge.com\/hu\/wp-json\/wp\/v2\/pages\/18924\/revisions"}],"wp:attachment":[{"href":"https:\/\/www.kern-unternehmensnachfolge.com\/hu\/wp-json\/wp\/v2\/media?parent=18924"}],"curies":[{"name":"wp","href":"https:\/\/api.w.org\/{rel}","templated":true}]}}