{"id":10075,"date":"2020-06-12T19:55:51","date_gmt":"2020-06-12T17:55:51","guid":{"rendered":"https:\/\/great-kare.185-125-174-66.plesk.page\/?page_id=10075"},"modified":"2026-02-27T21:49:59","modified_gmt":"2026-02-27T20:49:59","slug":"vasarloi-ajanlasok","status":"publish","type":"page","link":"https:\/\/www.kern-unternehmensnachfolge.com\/hu\/kundenstimmen\/","title":{"rendered":"\u00dcgyfelek aj\u00e1nl\u00e1\u00adsai"},"content":{"rendered":"<h1>Das sagen Kunden und Gesch\u00e4fts\u00adpart\u00adner \u00fcber&nbsp;uns<\/h1>\n<h4 style=\"text-align: left;\"><a href=\"https:\/\/www.provenexpert.com\/kern-zukunft-fuer-lebenswerke\/\" style=\"outline: none;\" target=\"_blank\" rel=\"noopener\">\u2605\u2605\u2605\u2605\u2605  5,0 csillag a Proven\u00adex\u00adpert \u00fcgyf\u00e9\u00adl\u00e9rt\u00e9\u00adkel\u00e9s\u00adei alapj\u00e1n<\/a>&nbsp;<\/h4>\n<p><span><a href=\"https:\/\/www.kern-unternehmensnachfolge.com\/hu\/sikergarancia\/\" rel target=\"_blank\"><img decoding=\"async\" alt data-id=\"31496\" width=\"177\" data-init-width=\"481\" height=\"171\" data-init-height=\"464\" title=\"KERN_Erfolgsgarantie_RGB_weiss_08.24\" src=\"https:\/\/www.kern-unternehmensnachfolge.com\/wp-content\/uploads\/2024\/08\/KERN_Erfolgsgarantie_RGB_weiss_08.24.png\" data-width=\"177\" data-link-wrap=\"true\" style=\"aspect-ratio: auto 481 \/ 464;\" data-height=\"171\" loading=\"lazy\"><\/a><\/span><span><img decoding=\"async\" alt data-id=\"27651\" width=\"70\" data-init-width=\"512\" height=\"70\" data-init-height=\"512\" title=\"karik\u00e1zott j\u00e1t\u00e9k\" src=\"https:\/\/www.kern-unternehmensnachfolge.com\/wp-content\/uploads\/2023\/07\/circled-play.png\" data-width=\"70\" data-height=\"70\" style=\"aspect-ratio: auto 512 \/ 512;\" loading=\"lazy\"><\/span>     <!-- Original logos -->  <a href=\"#lightbox-1\" data-lightbox=\"lightbox-1\" data-img=\"https:\/\/www.kern-unternehmensnachfolge.com\/wp-content\/uploads\/2025\/03\/UDZ-Siegel_Nils-Koerber.webp\" target=\"_blank\"> <img decoding=\"async\" src=\"https:\/\/www.kern-unternehmensnachfolge.com\/wp-content\/uploads\/2025\/03\/UDZ-Siegel_Nils-Koerber.webp\" alt=\"UDZ Seal Nils K\u00f6rber\"> <\/a>   <a href=\"#lightbox-2\" data-lightbox=\"lightbox-2\" data-img=\"https:\/\/www.kern-unternehmensnachfolge.com\/wp-content\/uploads\/2024\/05\/german-customer-arwards2024-150x150.jpeg\" target=\"_blank\"> <img decoding=\"async\" src=\"https:\/\/www.kern-unternehmensnachfolge.com\/wp-content\/uploads\/2024\/05\/german-customer-arwards2024-150x150.jpeg\" alt=\"N\u00e9met \u00fcgyf\u00e9ld\u00edjak 2024\"> <\/a>   <a href=\"https:\/\/www.provenexpert.com\/kern-zukunft-fuer-lebenswerke\/\" target=\"_blank\" rel=\"noopener\"> <img decoding=\"async\" src=\"https:\/\/www.kern-unternehmensnachfolge.com\/wp-content\/uploads\/2025\/10\/Proven-Expert-Von-Kunden-Empfohlen-2025.webp\" alt=\"Bev\u00e1lt szak\u00e9rt\u0151 \u2013 \u00dcgyfelek \u00e1ltal aj\u00e1nlott 2025\"> <\/a>   <a href=\"https:\/\/die-deutsche-wirtschaft.de\/top-mittelstand-deutschland-kern-zukunft-fuer-lebenswerke\/\" target=\"_blank\" rel=\"noopener\"> <img decoding=\"async\" src=\"https:\/\/www.kern-unternehmensnachfolge.com\/wp-content\/uploads\/2025\/08\/Top-Branche-Siegel-KERN.webp\" alt=\"TOP k\u00f6z\u00e9pv\u00e1llalkoz\u00e1s\"> <\/a>   <a href=\"https:\/\/die-deutsche-wirtschaft.de\/exzellenzberater\/kern-unternehmensnachfolge-erfolgreicher\/\" target=\"_blank\" rel=\"noopener\"> <img decoding=\"async\" src=\"https:\/\/www.kern-unternehmensnachfolge.com\/wp-content\/uploads\/2025\/03\/Exzellenzberater-Deutscher-Mittelstand-2023.webp\" alt=\"Kiv\u00e1l\u00f3s\u00e1gi tan\u00e1csad\u00f3 2023\"> <\/a>   <a href=\"https:\/\/die-deutsche-wirtschaft.de\/exzellenzberater\/kern-unternehmensnachfolge-erfolgreicher\/\" target=\"_blank\" rel=\"noopener\"> <img decoding=\"async\" src=\"https:\/\/www.kern-unternehmensnachfolge.com\/wp-content\/uploads\/2025\/03\/Exzellenzberater-Deutscher-Mittelstand-2024.webp\" alt=\"Kiv\u00e1l\u00f3s\u00e1gi tan\u00e1csad\u00f3 2024\"> <\/a>   <a href=\"#lightbox-6\" data-lightbox=\"lightbox-6\" data-img=\"https:\/\/www.kern-unternehmensnachfolge.com\/wp-content\/uploads\/2025\/09\/Exzellenter-Nachfolgeberater-Award-2025.webp\" target=\"_blank\"> <img decoding=\"async\" src=\"https:\/\/www.kern-unternehmensnachfolge.com\/wp-content\/uploads\/2025\/09\/Exzellenter-Nachfolgeberater-Award-2025.webp\" alt=\"Kiv\u00e1l\u00f3 ut\u00f3dl\u00e1si tan\u00e1csad\u00f3 d\u00edj 2025\"> <\/a>   <a href=\"https:\/\/vimeo.com\/775891851\" target=\"_blank\" rel=\"noopener\"> <img decoding=\"async\" src=\"https:\/\/www.kern-unternehmensnachfolge.com\/wp-content\/uploads\/2023\/07\/kern-german-brand-award-2021-132x300.jpeg\" alt=\"N\u00e9met m\u00e1rkad\u00edj 2021\"> <\/a>   <a href=\"https:\/\/vimeo.com\/787837024\" target=\"_blank\" rel=\"noopener\"> <img decoding=\"async\" src=\"https:\/\/www.kern-unternehmensnachfolge.com\/wp-content\/uploads\/2025\/03\/Innovator-des-Jahres-2021.webp\" alt=\"Innov\u00e1tor 2021\"> <\/a>   <a href=\"#lightbox-3\" data-lightbox=\"lightbox-3\" data-img=\"https:\/\/www.kern-unternehmensnachfolge.com\/wp-content\/uploads\/2023\/06\/TC_19_Member_Strich-211x300.jpg\" target=\"_blank\"> <img decoding=\"async\" src=\"https:\/\/www.kern-unternehmensnachfolge.com\/wp-content\/uploads\/2023\/06\/TC_19_Member_Strich-211x300.jpg\" alt=\"TC 19 Tag\"> <\/a>   <a href=\"https:\/\/vimeo.com\/775920300\" target=\"_blank\" rel=\"noopener\"> <img decoding=\"async\" src=\"https:\/\/www.kern-unternehmensnachfolge.com\/wp-content\/uploads\/2023\/06\/TC_20_Member_Strich-210x300.jpg\" alt=\"TC 20 Tag\"> <\/a>   <a href=\"https:\/\/www.top-consultant.de\/kern-unternehmensnachfolge-erfolgreicher-2023\/\" target=\"_blank\" rel=\"noopener\"> <img decoding=\"async\" src=\"https:\/\/www.kern-unternehmensnachfolge.com\/wp-content\/uploads\/2023\/06\/tc_23_member_strich-210x300.jpg\" alt=\"TC 23 Tag\"> <\/a>   <a href=\"#lightbox-4\" data-lightbox=\"lightbox-4\" data-img=\"https:\/\/www.kern-unternehmensnachfolge.com\/wp-content\/uploads\/2025\/04\/SZ-Institut-Beste-Berater-Mittelstand.webp\" target=\"_blank\"> <img decoding=\"async\" src=\"https:\/\/www.kern-unternehmensnachfolge.com\/wp-content\/uploads\/2025\/04\/SZ-Institut-Beste-Berater-Mittelstand.webp\" alt=\"SZ Legjobb tan\u00e1csad\u00f3k a k\u00f6z\u00e9pv\u00e1llalkoz\u00e1sok sz\u00e1m\u00e1ra\"> <\/a>   <a href=\"#lightbox-5\" data-lightbox=\"lightbox-5\" data-img=\"https:\/\/www.kern-unternehmensnachfolge.com\/wp-content\/uploads\/2025\/06\/WirtschaftsWoche-Beste-Berater-Mittelstand.webp\" target=\"_blank\"> <img decoding=\"async\" src=\"https:\/\/www.kern-unternehmensnachfolge.com\/wp-content\/uploads\/2025\/06\/WirtschaftsWoche-Beste-Berater-Mittelstand.webp\" alt=\"WirtschaftsWoche Legjobb tan\u00e1csad\u00f3k a k\u00f6z\u00e9pv\u00e1llalkoz\u00e1sok sz\u00e1m\u00e1ra\"> <\/a>  <!-- Duplicate logos for seamless loop -->  <a href=\"#lightbox-1\" data-lightbox=\"lightbox-1\" data-img=\"https:\/\/www.kern-unternehmensnachfolge.com\/wp-content\/uploads\/2025\/03\/UDZ-Siegel_Nils-Koerber.webp\" target=\"_blank\"> <img decoding=\"async\" src=\"https:\/\/www.kern-unternehmensnachfolge.com\/wp-content\/uploads\/2025\/03\/UDZ-Siegel_Nils-Koerber.webp\" alt=\"UDZ Seal Nils K\u00f6rber\"> <\/a>   <a href=\"#lightbox-2\" data-lightbox=\"lightbox-2\" data-img=\"https:\/\/www.kern-unternehmensnachfolge.com\/wp-content\/uploads\/2024\/05\/german-customer-arwards2024-150x150.jpeg\" target=\"_blank\"> <img decoding=\"async\" src=\"https:\/\/www.kern-unternehmensnachfolge.com\/wp-content\/uploads\/2024\/05\/german-customer-arwards2024-150x150.jpeg\" alt=\"N\u00e9met \u00fcgyf\u00e9ld\u00edjak 2024\"> <\/a>   <a href=\"https:\/\/www.provenexpert.com\/kern-zukunft-fuer-lebenswerke\/\" target=\"_blank\" rel=\"noopener\"> <img decoding=\"async\" src=\"https:\/\/www.kern-unternehmensnachfolge.com\/wp-content\/uploads\/2025\/10\/Proven-Expert-Von-Kunden-Empfohlen-2025.webp\" alt=\"Bev\u00e1lt szak\u00e9rt\u0151 \u2013 \u00dcgyfelek \u00e1ltal aj\u00e1nlott 2025\"> <\/a>   <a href=\"https:\/\/die-deutsche-wirtschaft.de\/top-mittelstand-deutschland-kern-zukunft-fuer-lebenswerke\/\" target=\"_blank\" rel=\"noopener\"> <img decoding=\"async\" src=\"https:\/\/www.kern-unternehmensnachfolge.com\/wp-content\/uploads\/2025\/08\/Top-Branche-Siegel-KERN.webp\" alt=\"TOP k\u00f6z\u00e9pv\u00e1llalkoz\u00e1s\"> <\/a>   <a href=\"https:\/\/die-deutsche-wirtschaft.de\/exzellenzberater\/kern-unternehmensnachfolge-erfolgreicher\/\" target=\"_blank\" rel=\"noopener\"> <img decoding=\"async\" src=\"https:\/\/www.kern-unternehmensnachfolge.com\/wp-content\/uploads\/2025\/03\/Exzellenzberater-Deutscher-Mittelstand-2023.webp\" alt=\"Kiv\u00e1l\u00f3s\u00e1gi tan\u00e1csad\u00f3 2023\"> <\/a>   <a href=\"https:\/\/die-deutsche-wirtschaft.de\/exzellenzberater\/kern-unternehmensnachfolge-erfolgreicher\/\" target=\"_blank\" rel=\"noopener\"> <img decoding=\"async\" src=\"https:\/\/www.kern-unternehmensnachfolge.com\/wp-content\/uploads\/2025\/03\/Exzellenzberater-Deutscher-Mittelstand-2024.webp\" alt=\"Kiv\u00e1l\u00f3s\u00e1gi tan\u00e1csad\u00f3 2024\"> <\/a>   <a href=\"#lightbox-6\" data-lightbox=\"lightbox-6\" data-img=\"https:\/\/www.kern-unternehmensnachfolge.com\/wp-content\/uploads\/2025\/09\/Exzellenter-Nachfolgeberater-Award-2025.webp\" target=\"_blank\"> <img decoding=\"async\" src=\"https:\/\/www.kern-unternehmensnachfolge.com\/wp-content\/uploads\/2025\/09\/Exzellenter-Nachfolgeberater-Award-2025.webp\" alt=\"Kiv\u00e1l\u00f3 ut\u00f3dl\u00e1si tan\u00e1csad\u00f3 d\u00edj 2025\"> <\/a>   <a href=\"https:\/\/vimeo.com\/775891851\" target=\"_blank\" rel=\"noopener\"> <img decoding=\"async\" src=\"https:\/\/www.kern-unternehmensnachfolge.com\/wp-content\/uploads\/2023\/07\/kern-german-brand-award-2021-132x300.jpeg\" alt=\"N\u00e9met m\u00e1rkad\u00edj 2021\"> <\/a>   <a href=\"https:\/\/vimeo.com\/787837024\" target=\"_blank\" rel=\"noopener\"> <img decoding=\"async\" src=\"https:\/\/www.kern-unternehmensnachfolge.com\/wp-content\/uploads\/2025\/03\/Innovator-des-Jahres-2021.webp\" alt=\"Innov\u00e1tor 2021\"> <\/a>   <a href=\"#lightbox-3\" data-lightbox=\"lightbox-3\" data-img=\"https:\/\/www.kern-unternehmensnachfolge.com\/wp-content\/uploads\/2023\/06\/TC_19_Member_Strich-211x300.jpg\" target=\"_blank\"> <img decoding=\"async\" src=\"https:\/\/www.kern-unternehmensnachfolge.com\/wp-content\/uploads\/2023\/06\/TC_19_Member_Strich-211x300.jpg\" alt=\"TC 19 Tag\"> <\/a>   <a href=\"https:\/\/vimeo.com\/775920300\" target=\"_blank\" rel=\"noopener\"> <img decoding=\"async\" src=\"https:\/\/www.kern-unternehmensnachfolge.com\/wp-content\/uploads\/2023\/06\/TC_20_Member_Strich-210x300.jpg\" alt=\"TC 20 Tag\"> <\/a>   <a href=\"https:\/\/www.top-consultant.de\/kern-unternehmensnachfolge-erfolgreicher-2023\/\" target=\"_blank\" rel=\"noopener\"> <img decoding=\"async\" src=\"https:\/\/www.kern-unternehmensnachfolge.com\/wp-content\/uploads\/2023\/06\/tc_23_member_strich-210x300.jpg\" alt=\"TC 23 Tag\"> <\/a>   <a href=\"#lightbox-4\" data-lightbox=\"lightbox-4\" data-img=\"https:\/\/www.kern-unternehmensnachfolge.com\/wp-content\/uploads\/2025\/04\/SZ-Institut-Beste-Berater-Mittelstand.webp\" target=\"_blank\"> <img decoding=\"async\" src=\"https:\/\/www.kern-unternehmensnachfolge.com\/wp-content\/uploads\/2025\/04\/SZ-Institut-Beste-Berater-Mittelstand.webp\" alt=\"SZ Legjobb tan\u00e1csad\u00f3k a k\u00f6z\u00e9pv\u00e1llalkoz\u00e1sok sz\u00e1m\u00e1ra\"> <\/a>   <a href=\"#lightbox-5\" data-lightbox=\"lightbox-5\" data-img=\"https:\/\/www.kern-unternehmensnachfolge.com\/wp-content\/uploads\/2025\/06\/WirtschaftsWoche-Beste-Berater-Mittelstand.webp\" target=\"_blank\"> <img decoding=\"async\" src=\"https:\/\/www.kern-unternehmensnachfolge.com\/wp-content\/uploads\/2025\/06\/WirtschaftsWoche-Beste-Berater-Mittelstand.webp\" alt=\"WirtschaftsWoche Legjobb tan\u00e1csad\u00f3k a k\u00f6z\u00e9pv\u00e1llalkoz\u00e1sok sz\u00e1m\u00e1ra\"> <\/a>    <!-- Lightbox containers -->   <span>\u2715<\/span> <img decoding=\"async\" src=\"https:\/\/www.kern-unternehmensnachfolge.com\/wp-content\/uploads\/2025\/03\/UDZ-Siegel_Nils-Koerber.webp\" alt=\"UDZ Seal Nils K\u00f6rber\"> <span class=\"caps\">UDZ<\/span> Seal Nils K\u00f6rber     <span>\u2715<\/span> <img decoding=\"async\" src=\"https:\/\/www.kern-unternehmensnachfolge.com\/wp-content\/uploads\/2024\/05\/german-customer-arwards2024-150x150.jpeg\" alt=\"N\u00e9met \u00fcgyf\u00e9ld\u00edjak 2024\"> N\u00e9met \u00fcgyf\u00e9l\u00add\u00ed\u00adjak 2024     <span>\u2715<\/span> <img decoding=\"async\" src=\"https:\/\/www.kern-unternehmensnachfolge.com\/wp-content\/uploads\/2023\/06\/TC_19_Member_Strich-211x300.jpg\" alt=\"TC 19 Tag\"> <span class=\"caps\">TC<\/span> 19 Tag     <span>\u2715<\/span> <img decoding=\"async\" src=\"https:\/\/www.kern-unternehmensnachfolge.com\/wp-content\/uploads\/2025\/04\/SZ-Institut-Beste-Berater-Mittelstand.webp\" alt=\"SZ \u2013 A legjobb tan\u00e1csad\u00f3k a k\u00f6z\u00e9pv\u00e1llalkoz\u00e1sok sz\u00e1m\u00e1ra\">  Beste Berater Mittel\u00adstand \u2013 <span class=\"caps\">SZ<\/span> Insti\u00adtut      <span>\u2715<\/span> <img decoding=\"async\" src=\"https:\/\/www.kern-unternehmensnachfolge.com\/wp-content\/uploads\/2025\/06\/WirtschaftsWoche-Beste-Berater-Mittelstand.webp\" alt=\"WirtschaftsWoche \u2013 A legjobb tan\u00e1csad\u00f3k a k\u00f6z\u00e9pv\u00e1llalkoz\u00e1sok sz\u00e1m\u00e1ra\">  Beste Berater Mittel\u00adstand \u2013 Wirtschafts\u00adWo\u00adche      <span>\u2715<\/span> <img decoding=\"async\" src=\"https:\/\/www.kern-unternehmensnachfolge.com\/wp-content\/uploads\/2025\/09\/Exzellenter-Nachfolgeberater-Award-2025.webp\" alt=\"Kiv\u00e1l\u00f3 ut\u00f3dl\u00e1si tan\u00e1csad\u00f3 d\u00edj 2025\">  Kiv\u00e1l\u00f3 ut\u00f3dl\u00e1\u00adsi tan\u00e1c\u00adsa\u00add\u00f3 d\u00edj 2025    <!-- JavaScript for lightbox functionality -->  <\/p>\n<h3 style=\"text-align: left;\">Videos \u2013 State\u00adments zu&nbsp;<span class=\"caps\">KERN<\/span><\/h3>\n<h3 style=\"text-align: left;\">Projek\u00adtek (kivona\u00adto\u00adsan)<\/h3>\n<p><a href=\"https:\/\/www.kern-unternehmensnachfolge.com\/hu\/pfister-trocknungs-service-gmbh-unternehmensverkauf\/\" dynamic-postlink=\"tcb_post_the_permalink\" data-shortcode-id=\"16617\"><\/a><a href=\"https:\/\/www.kern-unternehmensnachfolge.com\/hu\/pfister-trocknungs-service-gmbh-unternehmensverkauf\/\" style><span><\/span><span><span><\/span><\/span><\/a><\/p>\n<h2><span data-attr-css data-attr-link=\"1\" data-attr-rel=\"0\" data-attr-static-link=\"{&quot;className&quot;:&quot;&quot;,&quot;href&quot;:&quot;https:\/\/www.kern-unternehmensnachfolge.com\/pfister-trocknungs-service-gmbh-unternehmensverkauf\/&quot;,&quot;title&quot;:&quot;Pfister Trock\u00adnungs-Service GmbH \u2013 Unternehmensverkauf&quot;,&quot;class&quot;:&quot;&quot;}\" data-attr-target=\"0\" data-extra_key data-option-inline=\"1\" data-shortcode=\"tcb_post_title\" data-shortcode-name=\"Post title\"><a href=\"https:\/\/www.kern-unternehmensnachfolge.com\/hu\/pfister-trocknungs-service-gmbh-unternehmensverkauf\/\" title=\"Pfister Trocknungs-Service GmbH \u2013 v\u00e1llalat elad\u00e1sa\" data-css>Pfister Trock\u00adnungs-Service GmbH \u2013 v\u00e1lla\u00adlat elad\u00e1sa<\/a><\/span><\/h2>\n<p>A megb\u00ed\u00adz\u00e1s a teljes ut\u00f3dl\u00e1\u00adsi folyamat k\u00eds\u00e9r\u00e9\u00ads\u00e9t foglal\u00adta mag\u00e1ban.&nbsp;<\/p>\n<p><a href=\"https:\/\/www.kern-unternehmensnachfolge.com\/hu\/pfister-trocknungs-service-gmbh-unternehmensverkauf\/#more-35266\"><\/a><a href=\"https:\/\/www.kern-unternehmensnachfolge.com\/hu\/sorg-elektrotechnik-gmbh-unternehmensverkauf\/\" dynamic-postlink=\"tcb_post_the_permalink\" data-shortcode-id=\"16617\"><\/a><a href=\"https:\/\/www.kern-unternehmensnachfolge.com\/hu\/sorg-elektrotechnik-gmbh-unternehmensverkauf\/\" style><span><\/span><span><span><\/span><\/span><\/a><\/p>\n<h2><span data-attr-css data-attr-link=\"1\" data-attr-rel=\"0\" data-attr-static-link=\"{&quot;className&quot;:&quot;&quot;,&quot;href&quot;:&quot;https:\/\/www.kern-unternehmensnachfolge.com\/pfister-trocknungs-service-gmbh-unternehmensverkauf\/&quot;,&quot;title&quot;:&quot;Pfister Trock\u00adnungs-Service GmbH \u2013 Unternehmensverkauf&quot;,&quot;class&quot;:&quot;&quot;}\" data-attr-target=\"0\" data-extra_key data-option-inline=\"1\" data-shortcode=\"tcb_post_title\" data-shortcode-name=\"Post title\"><a href=\"https:\/\/www.kern-unternehmensnachfolge.com\/hu\/sorg-elektrotechnik-gmbh-unternehmensverkauf\/\" title=\"Sorg Elektrotechnik GmbH \u2013 Unternehmensverkauf\" data-css>Sorg Elektro\u00adtech\u00adnik GmbH \u2013 Unternehmensverkauf<\/a><\/span><\/h2>\n<p>Das Projekt umfass\u00adte den komplet\u00adten Verkaufs\u00adpro\u00adzess, um die siche\u00adre Zukunft des Unter\u00adneh\u00admens zu gew\u00e4hrleisten.&nbsp;<\/p>\n<p><a href=\"https:\/\/www.kern-unternehmensnachfolge.com\/hu\/sorg-elektrotechnik-gmbh-unternehmensverkauf\/#more-35273\"><\/a><a href=\"https:\/\/www.kern-unternehmensnachfolge.com\/hu\/radio-medical-transportgesellschaft-m-b-h-unternehmensverkauf\/\" dynamic-postlink=\"tcb_post_the_permalink\" data-shortcode-id=\"16617\"><\/a><a href=\"https:\/\/www.kern-unternehmensnachfolge.com\/hu\/radio-medical-transportgesellschaft-m-b-h-unternehmensverkauf\/\" style><span><\/span><span><span><\/span><\/span><\/a><\/p>\n<h2><span data-attr-css data-attr-link=\"1\" data-attr-rel=\"0\" data-attr-static-link=\"{&quot;className&quot;:&quot;&quot;,&quot;href&quot;:&quot;https:\/\/www.kern-unternehmensnachfolge.com\/pfister-trocknungs-service-gmbh-unternehmensverkauf\/&quot;,&quot;title&quot;:&quot;Pfister Trock\u00adnungs-Service GmbH \u2013 Unternehmensverkauf&quot;,&quot;class&quot;:&quot;&quot;}\" data-attr-target=\"0\" data-extra_key data-option-inline=\"1\" data-shortcode=\"tcb_post_title\" data-shortcode-name=\"Post title\"><a href=\"https:\/\/www.kern-unternehmensnachfolge.com\/hu\/radio-medical-transportgesellschaft-m-b-h-unternehmensverkauf\/\" title=\"Radio-Medical Transportgesellschaft m.b.H. \u2013 Unternehmensverkauf\" data-css>Radio-Medical Trans\u00adport\u00adge\u00adsell\u00adschaft m.b.H. \u2013 Unternehmensverkauf<\/a><\/span><\/h2>\n<p>Der Verkauf des Spezi\u00adal\u00adlo\u00adgis\u00adti\u00adkers wurde komplett von <span class=\"caps\">KERN<\/span> begleitet.<\/p>\n<p><a href=\"https:\/\/www.kern-unternehmensnachfolge.com\/hu\/radio-medical-transportgesellschaft-m-b-h-unternehmensverkauf\/#more-34994\"><\/a><a href=\"https:\/\/www.kern-unternehmensnachfolge.com\/hu\/custom-bus-gmbh-co-kg-unternehmensverkauf\/\" dynamic-postlink=\"tcb_post_the_permalink\" data-shortcode-id=\"16617\"><\/a><a href=\"https:\/\/www.kern-unternehmensnachfolge.com\/hu\/custom-bus-gmbh-co-kg-unternehmensverkauf\/\" style><span><\/span><span><span><\/span><\/span><\/a><\/p>\n<h2><span data-attr-css data-attr-link=\"1\" data-attr-rel=\"0\" data-attr-static-link=\"{&quot;className&quot;:&quot;&quot;,&quot;href&quot;:&quot;https:\/\/www.kern-unternehmensnachfolge.com\/pfister-trocknungs-service-gmbh-unternehmensverkauf\/&quot;,&quot;title&quot;:&quot;Pfister Trock\u00adnungs-Service GmbH \u2013 Unternehmensverkauf&quot;,&quot;class&quot;:&quot;&quot;}\" data-attr-target=\"0\" data-extra_key data-option-inline=\"1\" data-shortcode=\"tcb_post_title\" data-shortcode-name=\"Post title\"><a href=\"https:\/\/www.kern-unternehmensnachfolge.com\/hu\/custom-bus-gmbh-co-kg-unternehmensverkauf\/\" title=\"Custom Bus GmbH &amp; Co. KG \u2013 Unternehmensverkauf\" data-css>Custom Bus GmbH <span class=\"amp\">&amp;<\/span> Co. <span class=\"caps\">KG<\/span> \u2013 Unternehmensverkauf<\/a><\/span><\/h2>\n<p>Der <span class=\"caps\">KERN<\/span> Stand\u00adort Hanno\u00adver hat den gesam\u00adten Verkaufs\u00adpro\u00adzess begleitet.&nbsp;<\/p>\n<p><a href=\"https:\/\/www.kern-unternehmensnachfolge.com\/hu\/custom-bus-gmbh-co-kg-unternehmensverkauf\/#more-35038\"><\/a><a href=\"https:\/\/www.kern-unternehmensnachfolge.com\/hu\/waegetechnik-heinz-visser-gmbh-unternehmensverkauf\/\" dynamic-postlink=\"tcb_post_the_permalink\" data-shortcode-id=\"16617\"><\/a><a href=\"https:\/\/www.kern-unternehmensnachfolge.com\/hu\/waegetechnik-heinz-visser-gmbh-unternehmensverkauf\/\" style><span><\/span><span><span><\/span><\/span><\/a><\/p>\n<h2><span data-attr-css data-attr-link=\"1\" data-attr-rel=\"0\" data-attr-static-link=\"{&quot;className&quot;:&quot;&quot;,&quot;href&quot;:&quot;https:\/\/www.kern-unternehmensnachfolge.com\/pfister-trocknungs-service-gmbh-unternehmensverkauf\/&quot;,&quot;title&quot;:&quot;Pfister Trock\u00adnungs-Service GmbH \u2013 Unternehmensverkauf&quot;,&quot;class&quot;:&quot;&quot;}\" data-attr-target=\"0\" data-extra_key data-option-inline=\"1\" data-shortcode=\"tcb_post_title\" data-shortcode-name=\"Post title\"><a href=\"https:\/\/www.kern-unternehmensnachfolge.com\/hu\/waegetechnik-heinz-visser-gmbh-unternehmensverkauf\/\" title=\"W\u00e4getechnik Heinz Visser GmbH \u2013 Unternehmensverkauf\" data-css>W\u00e4getech\u00adnik Heinz Visser GmbH \u2013 Unternehmensverkauf<\/a><\/span><\/h2>\n<p>Nach Verkauf solle der Stand\u00adort erhal\u00adten und alle Mitar\u00adbei\u00adter weiter\u00adbe\u00adsch\u00e4f\u00adtigt werden.<\/p>\n<p><a href=\"https:\/\/www.kern-unternehmensnachfolge.com\/hu\/waegetechnik-heinz-visser-gmbh-unternehmensverkauf\/#more-34041\"><\/a><a href=\"https:\/\/www.kern-unternehmensnachfolge.com\/hu\/media-solutions-gmbh-cegertekesites\/\" dynamic-postlink=\"tcb_post_the_permalink\" data-shortcode-id=\"16617\"><\/a><a href=\"https:\/\/www.kern-unternehmensnachfolge.com\/hu\/media-solutions-gmbh-cegertekesites\/\" style><span><\/span><span><span><\/span><\/span><\/a><\/p>\n<h2><span data-attr-css data-attr-link=\"1\" data-attr-rel=\"0\" data-attr-static-link=\"{&quot;className&quot;:&quot;&quot;,&quot;href&quot;:&quot;https:\/\/www.kern-unternehmensnachfolge.com\/pfister-trocknungs-service-gmbh-unternehmensverkauf\/&quot;,&quot;title&quot;:&quot;Pfister Trock\u00adnungs-Service GmbH \u2013 Unternehmensverkauf&quot;,&quot;class&quot;:&quot;&quot;}\" data-attr-target=\"0\" data-extra_key data-option-inline=\"1\" data-shortcode=\"tcb_post_title\" data-shortcode-name=\"Post title\"><a href=\"https:\/\/www.kern-unternehmensnachfolge.com\/hu\/media-solutions-gmbh-cegertekesites\/\" title=\"Wulf Garten- und Landschaftsbau GmbH \u2013 Unternehmensverkauf\" data-css>Wulf Garten- und Landschafts\u00adbau GmbH \u2013 Unternehmensverkauf<\/a><\/span><\/h2>\n<p>Der Wunsch des Kunden war, nach Verkauf noch 3 Jahre  als <span class=\"caps\">GF<\/span> im Unter\u00adneh\u00admen t\u00e4tig zu&nbsp;sein.&nbsp;<\/p>\n<p><a href=\"https:\/\/www.kern-unternehmensnachfolge.com\/hu\/media-solutions-gmbh-cegertekesites\/#more-32384\"><\/a><a href=\"https:\/\/www.kern-unternehmensnachfolge.com\/hu\/media-solutions-gmbh-cegertekesites-7\/\" dynamic-postlink=\"tcb_post_the_permalink\" data-shortcode-id=\"16617\"><\/a><a href=\"https:\/\/www.kern-unternehmensnachfolge.com\/hu\/media-solutions-gmbh-cegertekesites-7\/\" style><span><\/span><span><span><\/span><\/span><\/a><\/p>\n<h2><span data-attr-css data-attr-link=\"1\" data-attr-rel=\"0\" data-attr-static-link=\"{&quot;className&quot;:&quot;&quot;,&quot;href&quot;:&quot;https:\/\/www.kern-unternehmensnachfolge.com\/pfister-trocknungs-service-gmbh-unternehmensverkauf\/&quot;,&quot;title&quot;:&quot;Pfister Trock\u00adnungs-Service GmbH \u2013 Unternehmensverkauf&quot;,&quot;class&quot;:&quot;&quot;}\" data-attr-target=\"0\" data-extra_key data-option-inline=\"1\" data-shortcode=\"tcb_post_title\" data-shortcode-name=\"Post title\"><a href=\"https:\/\/www.kern-unternehmensnachfolge.com\/hu\/media-solutions-gmbh-cegertekesites-7\/\" title=\"Ingenieurb\u00fcro f\u00fcr Bauphysik \u2013 Unternehmensverkauf\" data-css>Ingenieur\u00adb\u00fc\u00adro f\u00fcr Bauphy\u00adsik \u2013 Unternehmensverkauf<\/a><\/span><\/h2>\n<p><span class=\"caps\">KERN<\/span> fand einen strate\u00adgi\u00adschen Partner f\u00fcr Wachstumsherausforderungen!<\/p>\n<p><a href=\"https:\/\/www.kern-unternehmensnachfolge.com\/hu\/media-solutions-gmbh-cegertekesites-7\/#more-32376\"><\/a><a href=\"https:\/\/www.kern-unternehmensnachfolge.com\/hu\/media-solutions-gmbh-cegertekesites-8\/\" dynamic-postlink=\"tcb_post_the_permalink\" data-shortcode-id=\"16617\"><\/a><a href=\"https:\/\/www.kern-unternehmensnachfolge.com\/hu\/media-solutions-gmbh-cegertekesites-8\/\" style><span><\/span><span><span><\/span><\/span><\/a><\/p>\n<h2><span data-attr-css data-attr-link=\"1\" data-attr-rel=\"0\" data-attr-static-link=\"{&quot;className&quot;:&quot;&quot;,&quot;href&quot;:&quot;https:\/\/www.kern-unternehmensnachfolge.com\/pfister-trocknungs-service-gmbh-unternehmensverkauf\/&quot;,&quot;title&quot;:&quot;Pfister Trock\u00adnungs-Service GmbH \u2013 Unternehmensverkauf&quot;,&quot;class&quot;:&quot;&quot;}\" data-attr-target=\"0\" data-extra_key data-option-inline=\"1\" data-shortcode=\"tcb_post_title\" data-shortcode-name=\"Post title\"><a href=\"https:\/\/www.kern-unternehmensnachfolge.com\/hu\/media-solutions-gmbh-cegertekesites-8\/\" title=\"MESSTEC Power Converters GmbH \u2013 Unternehmensverkauf\" data-css><span class=\"caps\">MESSTEC<\/span> Power Conver\u00adters GmbH \u2013 Unternehmensverkauf<\/a><\/span><\/h2>\n<p>A projekt mag\u00e1ban foglal\u00adta a v\u00e1lla\u00adlat elad\u00e1\u00ads\u00e1\u00adnak teljes k\u00f6r\u0171 el\u0151k\u00e9\u00ads\u00adz\u00ed\u00adt\u00e9\u00ads\u00e9t \u00e9s t\u00e1mogat\u00e1s\u00e1t.&nbsp;<\/p>\n<p><a href=\"https:\/\/www.kern-unternehmensnachfolge.com\/hu\/media-solutions-gmbh-cegertekesites-8\/#more-32220\"><\/a><a href=\"https:\/\/www.kern-unternehmensnachfolge.com\/hu\/media-solutions-gmbh-cegertekesites-6\/\" dynamic-postlink=\"tcb_post_the_permalink\" data-shortcode-id=\"16617\"><\/a><a href=\"https:\/\/www.kern-unternehmensnachfolge.com\/hu\/media-solutions-gmbh-cegertekesites-6\/\" style><span><\/span><span><span><\/span><\/span><\/a><\/p>\n<h2><span data-attr-css data-attr-link=\"1\" data-attr-rel=\"0\" data-attr-static-link=\"{&quot;className&quot;:&quot;&quot;,&quot;href&quot;:&quot;https:\/\/www.kern-unternehmensnachfolge.com\/pfister-trocknungs-service-gmbh-unternehmensverkauf\/&quot;,&quot;title&quot;:&quot;Pfister Trock\u00adnungs-Service GmbH \u2013 Unternehmensverkauf&quot;,&quot;class&quot;:&quot;&quot;}\" data-attr-target=\"0\" data-extra_key data-option-inline=\"1\" data-shortcode=\"tcb_post_title\" data-shortcode-name=\"Post title\"><a href=\"https:\/\/www.kern-unternehmensnachfolge.com\/hu\/media-solutions-gmbh-cegertekesites-6\/\" title=\"Kontor Hermsen e.K. \u2013 V\u00e1llalat elad\u00e1sa\" data-css>Kontor Hermsen e.K. \u2013 V\u00e1lla\u00adlat elad\u00e1sa<\/a><\/span><\/h2>\n<p>Auf Wunsch des Kunden sollte <span class=\"caps\">KERN<\/span> das Unter\u00adneh\u00admen z\u00fcgig verkaufen.&nbsp;<\/p>\n<p><a href=\"https:\/\/www.kern-unternehmensnachfolge.com\/hu\/media-solutions-gmbh-cegertekesites-6\/#more-29596\"><\/a><a href=\"https:\/\/www.kern-unternehmensnachfolge.com\/hu\/media-solutions-gmbh-cegertekesites-4\/\" dynamic-postlink=\"tcb_post_the_permalink\" data-shortcode-id=\"16617\"><\/a><a href=\"https:\/\/www.kern-unternehmensnachfolge.com\/hu\/media-solutions-gmbh-cegertekesites-4\/\" style><span><\/span><span><span><\/span><\/span><\/a><\/p>\n<h2><span data-attr-css data-attr-link=\"1\" data-attr-rel=\"0\" data-attr-static-link=\"{&quot;className&quot;:&quot;&quot;,&quot;href&quot;:&quot;https:\/\/www.kern-unternehmensnachfolge.com\/pfister-trocknungs-service-gmbh-unternehmensverkauf\/&quot;,&quot;title&quot;:&quot;Pfister Trock\u00adnungs-Service GmbH \u2013 Unternehmensverkauf&quot;,&quot;class&quot;:&quot;&quot;}\" data-attr-target=\"0\" data-extra_key data-option-inline=\"1\" data-shortcode=\"tcb_post_title\" data-shortcode-name=\"Post title\"><a href=\"https:\/\/www.kern-unternehmensnachfolge.com\/hu\/media-solutions-gmbh-cegertekesites-4\/\" title=\"Caf\u00e9 Kraft \/ Boulderhalle \u2013 V\u00e1llalat elad\u00e1s\" data-css>Caf\u00e9 Kraft \/ Bould\u00ader\u00adhal\u00adle \u2013 V\u00e1lla\u00adlat elad\u00e1s<\/a><\/span><\/h2>\n<p>Die Siche\u00adrung der Unternehmens\u00adnachfolge mit der Ma\u00dfga\u00adbe, dass alle Mitar\u00adbei\u00adter eine Zukunft haben wurde erfolg\u00adreich umgesetzt.&nbsp;<\/p>\n<p><a href=\"https:\/\/www.kern-unternehmensnachfolge.com\/hu\/media-solutions-gmbh-cegertekesites-4\/#more-28923\"><\/a><a href=\"https:\/\/www.kern-unternehmensnachfolge.com\/hu\/media-solutions-gmbh-cegertekesites-3\/\" dynamic-postlink=\"tcb_post_the_permalink\" data-shortcode-id=\"16617\"><\/a><a href=\"https:\/\/www.kern-unternehmensnachfolge.com\/hu\/media-solutions-gmbh-cegertekesites-3\/\" style><span><\/span><span><span><\/span><\/span><\/a><\/p>\n<h2><span data-attr-css data-attr-link=\"1\" data-attr-rel=\"0\" data-attr-static-link=\"{&quot;className&quot;:&quot;&quot;,&quot;href&quot;:&quot;https:\/\/www.kern-unternehmensnachfolge.com\/pfister-trocknungs-service-gmbh-unternehmensverkauf\/&quot;,&quot;title&quot;:&quot;Pfister Trock\u00adnungs-Service GmbH \u2013 Unternehmensverkauf&quot;,&quot;class&quot;:&quot;&quot;}\" data-attr-target=\"0\" data-extra_key data-option-inline=\"1\" data-shortcode=\"tcb_post_title\" data-shortcode-name=\"Post title\"><a href=\"https:\/\/www.kern-unternehmensnachfolge.com\/hu\/media-solutions-gmbh-cegertekesites-3\/\" title=\"FREQCON GmbH \u2013 Unternehmensverkauf\" data-css><span class=\"caps\">FREQCON<\/span> GmbH \u2013 Unternehmensverkauf<\/a><\/span><\/h2>\n<p>A v\u00e1llala\u00adtot a <span class=\"caps\">KERN<\/span> egy szab\u00e1\u00adly\u00ado\u00adzott nyugd\u00ed\u00adjas ut\u00f3dl\u00e1s r\u00e9szek\u00e9nt adta&nbsp;el.&nbsp;<\/p>\n<p><a href=\"https:\/\/www.kern-unternehmensnachfolge.com\/hu\/media-solutions-gmbh-cegertekesites-3\/#more-28100\"><\/a><a href=\"https:\/\/www.kern-unternehmensnachfolge.com\/hu\/lightpartner-light-systems-gmbh-co-kg-company-sale\/\" dynamic-postlink=\"tcb_post_the_permalink\" data-shortcode-id=\"16617\"><\/a><a href=\"https:\/\/www.kern-unternehmensnachfolge.com\/hu\/lightpartner-light-systems-gmbh-co-kg-company-sale\/\" style><span><\/span><span><span><\/span><\/span><\/a><\/p>\n<h2><span data-attr-css data-attr-link=\"1\" data-attr-rel=\"0\" data-attr-static-link=\"{&quot;className&quot;:&quot;&quot;,&quot;href&quot;:&quot;https:\/\/www.kern-unternehmensnachfolge.com\/pfister-trocknungs-service-gmbh-unternehmensverkauf\/&quot;,&quot;title&quot;:&quot;Pfister Trock\u00adnungs-Service GmbH \u2013 Unternehmensverkauf&quot;,&quot;class&quot;:&quot;&quot;}\" data-attr-target=\"0\" data-extra_key data-option-inline=\"1\" data-shortcode=\"tcb_post_title\" data-shortcode-name=\"Post title\"><a href=\"https:\/\/www.kern-unternehmensnachfolge.com\/hu\/lightpartner-light-systems-gmbh-co-kg-company-sale\/\" title=\"LightPartner Lichtsysteme GmbH &amp; Co. KG \u2013 Unternehmensverkauf\" data-css>Light\u00adPart\u00adner Licht\u00adsys\u00adte\u00adme GmbH <span class=\"amp\">&amp;<\/span> Co. <span class=\"caps\">KG<\/span> \u2013 Unternehmensverkauf<\/a><\/span><\/h2>\n<p>A v\u00e1lla\u00adlat elad\u00e1\u00ads\u00e1t a <span class=\"caps\">KERN<\/span> k\u00eds\u00e9r\u00adte \u00e9s hajtot\u00adta&nbsp;v\u00e9gre.&nbsp;<\/p>\n<p><a href=\"https:\/\/www.kern-unternehmensnachfolge.com\/hu\/lightpartner-light-systems-gmbh-co-kg-company-sale\/#more-26890\"><\/a><a href=\"https:\/\/www.kern-unternehmensnachfolge.com\/hu\/media-solutions-gmbh-cegertekesites-2\/\" dynamic-postlink=\"tcb_post_the_permalink\" data-shortcode-id=\"16617\"><\/a><a href=\"https:\/\/www.kern-unternehmensnachfolge.com\/hu\/media-solutions-gmbh-cegertekesites-2\/\" style><span><\/span><span><span><\/span><\/span><\/a><\/p>\n<h2><span data-attr-css data-attr-link=\"1\" data-attr-rel=\"0\" data-attr-static-link=\"{&quot;className&quot;:&quot;&quot;,&quot;href&quot;:&quot;https:\/\/www.kern-unternehmensnachfolge.com\/pfister-trocknungs-service-gmbh-unternehmensverkauf\/&quot;,&quot;title&quot;:&quot;Pfister Trock\u00adnungs-Service GmbH \u2013 Unternehmensverkauf&quot;,&quot;class&quot;:&quot;&quot;}\" data-attr-target=\"0\" data-extra_key data-option-inline=\"1\" data-shortcode=\"tcb_post_title\" data-shortcode-name=\"Post title\"><a href=\"https:\/\/www.kern-unternehmensnachfolge.com\/hu\/media-solutions-gmbh-cegertekesites-2\/\" title=\"Media Solutions GmbH \u2013 Unternehmensverkauf\" data-css>Media Soluti\u00adons GmbH \u2013 Unternehmensverkauf<\/a><\/span><\/h2>\n<p>Klass\u00adzi\u00adkus c\u00e9gela\u00add\u00e1s az el\u00f6re\u00adge\u00add\u0151 ut\u00f3dl\u00e1s miatt.&nbsp;<\/p>\n<p><a href=\"https:\/\/www.kern-unternehmensnachfolge.com\/hu\/media-solutions-gmbh-cegertekesites-2\/#more-26343\"><\/a><a href=\"https:\/\/www.kern-unternehmensnachfolge.com\/hu\/g-on-experience-gmbh-cegertekesites-2\/\" dynamic-postlink=\"tcb_post_the_permalink\" data-shortcode-id=\"16617\"><\/a><a href=\"https:\/\/www.kern-unternehmensnachfolge.com\/hu\/g-on-experience-gmbh-cegertekesites-2\/\" style><span><\/span><span><span><\/span><\/span><\/a><\/p>\n<h2><span data-attr-css data-attr-link=\"1\" data-attr-rel=\"0\" data-attr-static-link=\"{&quot;className&quot;:&quot;&quot;,&quot;href&quot;:&quot;https:\/\/www.kern-unternehmensnachfolge.com\/pfister-trocknungs-service-gmbh-unternehmensverkauf\/&quot;,&quot;title&quot;:&quot;Pfister Trock\u00adnungs-Service GmbH \u2013 Unternehmensverkauf&quot;,&quot;class&quot;:&quot;&quot;}\" data-attr-target=\"0\" data-extra_key data-option-inline=\"1\" data-shortcode=\"tcb_post_title\" data-shortcode-name=\"Post title\"><a href=\"https:\/\/www.kern-unternehmensnachfolge.com\/hu\/g-on-experience-gmbh-cegertekesites-2\/\" title=\"g.on experience GmbH \u2013 Unternehmensverkauf\" data-css>g.on experi\u00adence GmbH \u2013 Unternehmensverkauf<\/a><\/span><\/h2>\n<p>Das Projekt umfass\u00adte die komplet\u00adte Vorbe\u00adrei\u00adtung und Beglei\u00adtung des Unter\u00adneh\u00admens\u00adver\u00adkaufs durch <span class=\"caps\">KERN<\/span> \u2013 Unternehmens\u00adnachfolge M\u00fcnster-Osnabr\u00fcck.&nbsp;<\/p>\n<p><a href=\"https:\/\/www.kern-unternehmensnachfolge.com\/hu\/g-on-experience-gmbh-cegertekesites-2\/#more-25325\"><\/a><a href=\"https:\/\/www.kern-unternehmensnachfolge.com\/hu\/teufel-gerlach-gmbh-company-sale\/\" dynamic-postlink=\"tcb_post_the_permalink\" data-shortcode-id=\"16617\"><\/a><a href=\"https:\/\/www.kern-unternehmensnachfolge.com\/hu\/teufel-gerlach-gmbh-company-sale\/\" style><span><\/span><span><span><\/span><\/span><\/a><\/p>\n<h2><span data-attr-css data-attr-link=\"1\" data-attr-rel=\"0\" data-attr-static-link=\"{&quot;className&quot;:&quot;&quot;,&quot;href&quot;:&quot;https:\/\/www.kern-unternehmensnachfolge.com\/pfister-trocknungs-service-gmbh-unternehmensverkauf\/&quot;,&quot;title&quot;:&quot;Pfister Trock\u00adnungs-Service GmbH \u2013 Unternehmensverkauf&quot;,&quot;class&quot;:&quot;&quot;}\" data-attr-target=\"0\" data-extra_key data-option-inline=\"1\" data-shortcode=\"tcb_post_title\" data-shortcode-name=\"Post title\"><a href=\"https:\/\/www.kern-unternehmensnachfolge.com\/hu\/teufel-gerlach-gmbh-company-sale\/\" title=\"Teufel &amp; Gerlach GmbH \u2013 Unternehmensverkauf\" data-css>Teufel <span class=\"amp\">&amp;<\/span> Gerlach GmbH \u2013 Unternehmensverkauf<\/a><\/span><\/h2>\n<p>A <span class=\"caps\">KERN<\/span> az ad\u00e1sv\u00e9\u00adtel el\u0151k\u00e9\u00ads\u00adz\u00ed\u00adt\u00e9\u00ads\u00e9\u00adt\u0151l az ad\u00e1sv\u00e9\u00adte\u00adli szerz\u0151\u00add\u00e9s sikeres megk\u00f6\u00adt\u00e9\u00ads\u00e9\u00adig k\u00eds\u00e9r\u00adte az \u00e9letkor\u00adral kapcso\u00adla\u00adtos jogut\u00f3dl\u00e1st.&nbsp;<\/p>\n<p><a href=\"https:\/\/www.kern-unternehmensnachfolge.com\/hu\/teufel-gerlach-gmbh-company-sale\/#more-23302\"><\/a><a href=\"https:\/\/www.kern-unternehmensnachfolge.com\/hu\/spedition-knorr-gmbh-cegertekesites\/\" dynamic-postlink=\"tcb_post_the_permalink\" data-shortcode-id=\"16617\"><\/a><a href=\"https:\/\/www.kern-unternehmensnachfolge.com\/hu\/spedition-knorr-gmbh-cegertekesites\/\" style><span><\/span><span><span><\/span><\/span><\/a><\/p>\n<h2><span data-attr-css data-attr-link=\"1\" data-attr-rel=\"0\" data-attr-static-link=\"{&quot;className&quot;:&quot;&quot;,&quot;href&quot;:&quot;https:\/\/www.kern-unternehmensnachfolge.com\/pfister-trocknungs-service-gmbh-unternehmensverkauf\/&quot;,&quot;title&quot;:&quot;Pfister Trock\u00adnungs-Service GmbH \u2013 Unternehmensverkauf&quot;,&quot;class&quot;:&quot;&quot;}\" data-attr-target=\"0\" data-extra_key data-option-inline=\"1\" data-shortcode=\"tcb_post_title\" data-shortcode-name=\"Post title\"><a href=\"https:\/\/www.kern-unternehmensnachfolge.com\/hu\/spedition-knorr-gmbh-cegertekesites\/\" title=\"Spedition Knorr GmbH - A v\u00e1llalat elad\u00e1sa\" data-css>Spedi\u00adti\u00adon Knorr GmbH - A v\u00e1lla\u00adlat elad\u00e1sa<\/a><\/span><\/h2>\n<p>A <span class=\"caps\">KERN<\/span> egy v\u00e1rat\u00adlan ut\u00f3dl\u00e1\u00adsi terv r\u00e9szek\u00e9nt t\u00e1mogat\u00adta ezt a projek\u00adtet, \u00e9s a sikeres \u00e9rt\u00e9ke\u00ads\u00ed\u00adt\u00e9\u00adsi folyama\u00adtot egy strat\u00e9\u00adgiai befektet\u0151nek.&nbsp;<\/p>\n<p><a href=\"https:\/\/www.kern-unternehmensnachfolge.com\/hu\/spedition-knorr-gmbh-cegertekesites\/#more-19924\"><\/a><a href=\"https:\/\/www.kern-unternehmensnachfolge.com\/hu\/sanitaetshaus-gruessing-company-sale\/\" dynamic-postlink=\"tcb_post_the_permalink\" data-shortcode-id=\"16617\"><\/a><a href=\"https:\/\/www.kern-unternehmensnachfolge.com\/hu\/sanitaetshaus-gruessing-company-sale\/\" style><span><\/span><span><span><\/span><\/span><\/a><\/p>\n<h2><span data-attr-css data-attr-link=\"1\" data-attr-rel=\"0\" data-attr-static-link=\"{&quot;className&quot;:&quot;&quot;,&quot;href&quot;:&quot;https:\/\/www.kern-unternehmensnachfolge.com\/pfister-trocknungs-service-gmbh-unternehmensverkauf\/&quot;,&quot;title&quot;:&quot;Pfister Trock\u00adnungs-Service GmbH \u2013 Unternehmensverkauf&quot;,&quot;class&quot;:&quot;&quot;}\" data-attr-target=\"0\" data-extra_key data-option-inline=\"1\" data-shortcode=\"tcb_post_title\" data-shortcode-name=\"Post title\"><a href=\"https:\/\/www.kern-unternehmensnachfolge.com\/hu\/sanitaetshaus-gruessing-company-sale\/\" title=\"Sanit\u00e4tshaus Gr\u00fcssing \u2013 Unternehmensverkauf\" data-css>Sanit\u00e4ts\u00adhaus Gr\u00fcssing \u2013 Unternehmensverkauf<\/a><\/span><\/h2>\n<p>Dieses Gesund\u00adheits\u00adun\u00adter\u00adneh\u00admen wurde im Rahmen einer klassi\u00adschen Nachfol\u00adge\u00adre\u00adge\u00adlung an einen branchen\u00ader\u00adfah\u00adre\u00adnen <span class=\"caps\">MBI<\/span> ver\u00e4u\u00dfert.&nbsp;<\/p>\n<p><a href=\"https:\/\/www.kern-unternehmensnachfolge.com\/hu\/sanitaetshaus-gruessing-company-sale\/#more-23253\"><\/a><a href=\"https:\/\/www.kern-unternehmensnachfolge.com\/hu\/krauss-coll-geoconsult-gmbh-co-kg-company-sale\/\" dynamic-postlink=\"tcb_post_the_permalink\" data-shortcode-id=\"16617\"><\/a><a href=\"https:\/\/www.kern-unternehmensnachfolge.com\/hu\/krauss-coll-geoconsult-gmbh-co-kg-company-sale\/\" style><span><\/span><span><span><\/span><\/span><\/a><\/p>\n<h2><span data-attr-css data-attr-link=\"1\" data-attr-rel=\"0\" data-attr-static-link=\"{&quot;className&quot;:&quot;&quot;,&quot;href&quot;:&quot;https:\/\/www.kern-unternehmensnachfolge.com\/pfister-trocknungs-service-gmbh-unternehmensverkauf\/&quot;,&quot;title&quot;:&quot;Pfister Trock\u00adnungs-Service GmbH \u2013 Unternehmensverkauf&quot;,&quot;class&quot;:&quot;&quot;}\" data-attr-target=\"0\" data-extra_key data-option-inline=\"1\" data-shortcode=\"tcb_post_title\" data-shortcode-name=\"Post title\"><a href=\"https:\/\/www.kern-unternehmensnachfolge.com\/hu\/krauss-coll-geoconsult-gmbh-co-kg-company-sale\/\" title=\"Krauss &amp; Coll Geoconsult GmbH &amp; Co. KG \u2013 Unternehmensverkauf\" data-css>Krauss <span class=\"amp\">&amp;<\/span> Coll Geocon\u00adsult GmbH <span class=\"amp\">&amp;<\/span> Co. <span class=\"caps\">KG<\/span> \u2013 Unternehmensverkauf<\/a><\/span><\/h2>\n<p><span class=\"caps\">KERN<\/span> hat den Kunden bei der Suche nach einem geeig\u00adne\u00adten Nachfol\u00adger beglei\u00adtet. Die Aufga\u00adben\u00adstel\u00adlung umfass\u00adte die Vorbe\u00adrei\u00adtung, Umset\u00adzung, K\u00e4ufer\u00adiden\u00adti\u00adfi\u00adzie\u00adrung inkl. aller Aufga\u00adben bis zur \u00dcbergabe.<\/p>\n<p><a href=\"https:\/\/www.kern-unternehmensnachfolge.com\/hu\/krauss-coll-geoconsult-gmbh-co-kg-company-sale\/#more-21973\"><\/a><a href=\"https:\/\/www.kern-unternehmensnachfolge.com\/hu\/spectromat-mass-spectrometer-gmbh-company-sale\/\" dynamic-postlink=\"tcb_post_the_permalink\" data-shortcode-id=\"16617\"><\/a><a href=\"https:\/\/www.kern-unternehmensnachfolge.com\/hu\/spectromat-mass-spectrometer-gmbh-company-sale\/\" style><span><\/span><span><span><\/span><\/span><\/a><\/p>\n<h2><span data-attr-css data-attr-link=\"1\" data-attr-rel=\"0\" data-attr-static-link=\"{&quot;className&quot;:&quot;&quot;,&quot;href&quot;:&quot;https:\/\/www.kern-unternehmensnachfolge.com\/pfister-trocknungs-service-gmbh-unternehmensverkauf\/&quot;,&quot;title&quot;:&quot;Pfister Trock\u00adnungs-Service GmbH \u2013 Unternehmensverkauf&quot;,&quot;class&quot;:&quot;&quot;}\" data-attr-target=\"0\" data-extra_key data-option-inline=\"1\" data-shortcode=\"tcb_post_title\" data-shortcode-name=\"Post title\"><a href=\"https:\/\/www.kern-unternehmensnachfolge.com\/hu\/spectromat-mass-spectrometer-gmbh-company-sale\/\" title=\"Spectromat \u2013 Massenspektrometer GmbH \u2013 Unternehmensverkauf\" data-css>Spectro\u00admat \u2013 Massen\u00adspek\u00adtro\u00adme\u00adter GmbH \u2013 Unternehmensverkauf<\/a><\/span><\/h2>\n<p>A <span class=\"caps\">KERN<\/span> v\u00e9gig\u00adk\u00ed\u00ads\u00e9r\u00adte az eg\u00e9sz \u00e9rt\u00e9ke\u00ads\u00ed\u00adt\u00e9\u00adsi folyama\u00adtot eg\u00e9szen a z\u00e1r\u00e1sig.<\/p>\n<p><a href=\"https:\/\/www.kern-unternehmensnachfolge.com\/hu\/spectromat-mass-spectrometer-gmbh-company-sale\/#more-21635\"><\/a><a href=\"https:\/\/www.kern-unternehmensnachfolge.com\/hu\/hms-sonosystems-gmbh-cegertekesites\/\" dynamic-postlink=\"tcb_post_the_permalink\" data-shortcode-id=\"16617\"><\/a><a href=\"https:\/\/www.kern-unternehmensnachfolge.com\/hu\/hms-sonosystems-gmbh-cegertekesites\/\" style><span><\/span><span><span><\/span><\/span><\/a><\/p>\n<h2><span data-attr-css data-attr-link=\"1\" data-attr-rel=\"0\" data-attr-static-link=\"{&quot;className&quot;:&quot;&quot;,&quot;href&quot;:&quot;https:\/\/www.kern-unternehmensnachfolge.com\/pfister-trocknungs-service-gmbh-unternehmensverkauf\/&quot;,&quot;title&quot;:&quot;Pfister Trock\u00adnungs-Service GmbH \u2013 Unternehmensverkauf&quot;,&quot;class&quot;:&quot;&quot;}\" data-attr-target=\"0\" data-extra_key data-option-inline=\"1\" data-shortcode=\"tcb_post_title\" data-shortcode-name=\"Post title\"><a href=\"https:\/\/www.kern-unternehmensnachfolge.com\/hu\/hms-sonosystems-gmbh-cegertekesites\/\" title=\"hms sonosystems GmbH - C\u00e9gelad\u00e1s\" data-css>hms sonosys\u00adtems GmbH - C\u00e9gelad\u00e1s<\/a><\/span><\/h2>\n<p><span class=\"caps\">KERN<\/span> hat \u00fcber die Verkaufs\u00advor\u00adbe\u00adrei\u00adtung, der Suche nach den Kaufkan\u00addi\u00adda\u00adten bis zu den Verkaufs\u00adver\u00adhand\u00adlun\u00adgen den Prozess begleitet.<\/p>\n<p><a href=\"https:\/\/www.kern-unternehmensnachfolge.com\/hu\/hms-sonosystems-gmbh-cegertekesites\/#more-20612\"><\/a><a href=\"https:\/\/www.kern-unternehmensnachfolge.com\/hu\/klink-betriebe-gmbh-co-kg-company-sale\/\" dynamic-postlink=\"tcb_post_the_permalink\" data-shortcode-id=\"16617\"><\/a><a href=\"https:\/\/www.kern-unternehmensnachfolge.com\/hu\/klink-betriebe-gmbh-co-kg-company-sale\/\" style><span><\/span><span><span><\/span><\/span><\/a><\/p>\n<h2><span data-attr-css data-attr-link=\"1\" data-attr-rel=\"0\" data-attr-static-link=\"{&quot;className&quot;:&quot;&quot;,&quot;href&quot;:&quot;https:\/\/www.kern-unternehmensnachfolge.com\/pfister-trocknungs-service-gmbh-unternehmensverkauf\/&quot;,&quot;title&quot;:&quot;Pfister Trock\u00adnungs-Service GmbH \u2013 Unternehmensverkauf&quot;,&quot;class&quot;:&quot;&quot;}\" data-attr-target=\"0\" data-extra_key data-option-inline=\"1\" data-shortcode=\"tcb_post_title\" data-shortcode-name=\"Post title\"><a href=\"https:\/\/www.kern-unternehmensnachfolge.com\/hu\/klink-betriebe-gmbh-co-kg-company-sale\/\" title=\"Klink Betriebe GmbH &amp; Co. KG- C\u00e9gelad\u00e1s\" data-css>Klink Betrie\u00adbe GmbH <span class=\"amp\">&amp;<\/span> Co. <span class=\"caps\">KG<\/span>\u2013 Unternehmensverkauf<\/a><\/span><\/h2>\n<p>Der gesam\u00adte Prozess \u00fcber die Verkaufs\u00advor\u00adbe\u00adrei\u00adtung, die Suche nach den Kaufkan\u00addi\u00adda\u00adten bis zu den Verkaufs\u00adver\u00adhand\u00adlun\u00adgen wurde von <span class=\"caps\">KERN<\/span> begleitet.&nbsp;<\/p>\n<p><a href=\"https:\/\/www.kern-unternehmensnachfolge.com\/hu\/klink-betriebe-gmbh-co-kg-company-sale\/#more-19231\"><\/a><a href=\"https:\/\/www.kern-unternehmensnachfolge.com\/hu\/pohlmannbindel-gmbhco-kg-vallalat-vasarlas-2\/\" dynamic-postlink=\"tcb_post_the_permalink\" data-shortcode-id=\"16617\"><\/a><a href=\"https:\/\/www.kern-unternehmensnachfolge.com\/hu\/pohlmannbindel-gmbhco-kg-vallalat-vasarlas-2\/\" style><span><\/span><span><span><\/span><\/span><\/a><\/p>\n<h2><span data-attr-css data-attr-link=\"1\" data-attr-rel=\"0\" data-attr-static-link=\"{&quot;className&quot;:&quot;&quot;,&quot;href&quot;:&quot;https:\/\/www.kern-unternehmensnachfolge.com\/pfister-trocknungs-service-gmbh-unternehmensverkauf\/&quot;,&quot;title&quot;:&quot;Pfister Trock\u00adnungs-Service GmbH \u2013 Unternehmensverkauf&quot;,&quot;class&quot;:&quot;&quot;}\" data-attr-target=\"0\" data-extra_key data-option-inline=\"1\" data-shortcode=\"tcb_post_title\" data-shortcode-name=\"Post title\"><a href=\"https:\/\/www.kern-unternehmensnachfolge.com\/hu\/pohlmannbindel-gmbhco-kg-vallalat-vasarlas-2\/\" title=\"Pohlmann+Bindel GmbH&amp;Co.KG - C\u00e9gv\u00e1s\u00e1rl\u00e1s\" data-css>Pohlmann+Bindel GmbH<span class=\"amp\">&amp;<\/span>Co.<span class=\"caps\">KG<\/span> \u2013 Unternehmenskauf<\/a><\/span><\/h2>\n<p>Im Rahmen der Unter\u00adneh\u00admens\u00adstra\u00adte\u00adgie war ein Unter\u00adnehmens\u00adkauf die favori\u00adsier\u00adte Option f\u00fcr k\u00fcnfti\u00adges Wachstum.<\/p>\n<p><a href=\"https:\/\/www.kern-unternehmensnachfolge.com\/hu\/pohlmannbindel-gmbhco-kg-vallalat-vasarlas-2\/#more-18284\"><\/a><a href=\"https:\/\/www.kern-unternehmensnachfolge.com\/hu\/gygma-gmbh-co-kg-cegertekesites\/\" dynamic-postlink=\"tcb_post_the_permalink\" data-shortcode-id=\"16617\"><\/a><a href=\"https:\/\/www.kern-unternehmensnachfolge.com\/hu\/gygma-gmbh-co-kg-cegertekesites\/\" style><span><\/span><span><span><\/span><\/span><\/a><\/p>\n<h2><span data-attr-css data-attr-link=\"1\" data-attr-rel=\"0\" data-attr-static-link=\"{&quot;className&quot;:&quot;&quot;,&quot;href&quot;:&quot;https:\/\/www.kern-unternehmensnachfolge.com\/pfister-trocknungs-service-gmbh-unternehmensverkauf\/&quot;,&quot;title&quot;:&quot;Pfister Trock\u00adnungs-Service GmbH \u2013 Unternehmensverkauf&quot;,&quot;class&quot;:&quot;&quot;}\" data-attr-target=\"0\" data-extra_key data-option-inline=\"1\" data-shortcode=\"tcb_post_title\" data-shortcode-name=\"Post title\"><a href=\"https:\/\/www.kern-unternehmensnachfolge.com\/hu\/gygma-gmbh-co-kg-cegertekesites\/\" title=\"GygMa GmbH- C\u00e9gelad\u00e1s\" data-css>GygMa GmbH- C\u00e9gelad\u00e1s<\/a><\/span><\/h2>\n<p><span class=\"caps\">KERN<\/span> hat \u00fcber die Verkaufs\u00advor\u00adbe\u00adrei\u00adtung, der Suche nach den Kaufkan\u00addi\u00adda\u00adten bis zu den Verkaufs\u00adver\u00adhand\u00adlun\u00adgen den Prozess begleitet.&nbsp;<\/p>\n<p><a href=\"https:\/\/www.kern-unternehmensnachfolge.com\/hu\/gygma-gmbh-co-kg-cegertekesites\/#more-16617\"><\/a><a href=\"https:\/\/www.kern-unternehmensnachfolge.com\/hu\/wink-gmbh-co-kg-company-sale\/\" dynamic-postlink=\"tcb_post_the_permalink\" data-shortcode-id=\"16617\"><\/a><a href=\"https:\/\/www.kern-unternehmensnachfolge.com\/hu\/wink-gmbh-co-kg-company-sale\/\" style><span><\/span><span><span><\/span><\/span><\/a><\/p>\n<h2><span data-attr-css data-attr-link=\"1\" data-attr-rel=\"0\" data-attr-static-link=\"{&quot;className&quot;:&quot;&quot;,&quot;href&quot;:&quot;https:\/\/www.kern-unternehmensnachfolge.com\/pfister-trocknungs-service-gmbh-unternehmensverkauf\/&quot;,&quot;title&quot;:&quot;Pfister Trock\u00adnungs-Service GmbH \u2013 Unternehmensverkauf&quot;,&quot;class&quot;:&quot;&quot;}\" data-attr-target=\"0\" data-extra_key data-option-inline=\"1\" data-shortcode=\"tcb_post_title\" data-shortcode-name=\"Post title\"><a href=\"https:\/\/www.kern-unternehmensnachfolge.com\/hu\/wink-gmbh-co-kg-company-sale\/\" title=\"Wink GmbH &amp; Co. KG - C\u00e9gelad\u00e1s\" data-css>Wink GmbH <span class=\"amp\">&amp;<\/span> Co. <span class=\"caps\">KG<\/span> \u2013 Unternehmensverkauf<\/a><\/span><\/h2>\n<p>A teljes \u00e9rt\u00e9ke\u00ads\u00ed\u00adt\u00e9\u00adsi folyama\u00adtot a <span class=\"caps\">KERN<\/span> k\u00eds\u00e9r\u00adte \u00e9s sikere\u00adsen lez\u00e1rta.<\/p>\n<p><a href=\"https:\/\/www.kern-unternehmensnachfolge.com\/hu\/wink-gmbh-co-kg-company-sale\/#more-16274\"><\/a><\/p>\n<h4>Endlich Zeit f\u00fcr eine neue Lebensplanung<\/h4>\n<p><span>Stefan Krebs<\/span><span>GEON-Geb\u00e4u\u00adde\u00adma\u00adnage\u00adment<\/span><\/p>\n<p>Auf stets angeneh\u00adme und sehr kompe\u00adten\u00adte Art und Weise hat mich Herr Grepp\u00admair von <span class=\"caps\">KERN<\/span> beim Verkauf meines Hausmeis\u00adter\u00adser\u00advices in M\u00fcnchen beglei\u00adtet. In nur neun Monaten ist es Ihm trotz fallen\u00adder Ums\u00e4t\u00adzen und Corona-Krise gelun\u00adgen mein Unter\u00adneh\u00admen zu einem zufrie\u00adden\u00adstel\u00adlen\u00adden Preis an den Mann zu bringen. Damit hat er einen entschei\u00adden\u00adden Beitrag zu einer seit langem herbei\u00adge\u00adsehn\u00adten neuen Lebens\u00adpla\u00adnung geleis\u00adtet. Herzli\u00adchen Dank&nbsp;daf\u00fcr!<\/p>\n<h4>\u2026 wie wichtig Ihre Themen sind und dass Sie als Referent sehr \u00fcberzeugt haben.<\/h4>\n<p><span>Lothar Sand<\/span><span>B\u00f6rsen\u00adver\u00adein des Deutschen Buchhandels<\/span><\/p>\n<p>Herzli\u00adchen Dank f\u00fcr Ihren Vortrag auf unserer Tagung. Das einhel\u00adlig positi\u00adve Feedback der 150 Zuh\u00f6rer hat uns best\u00e4\u00adtigt, wie wichtig Ihre Themen sind und dass Sie als Referent von <span class=\"caps\">KERN<\/span> sehr \u00fcberzeugt haben.<\/p>\n<h4>Ohne den Blick von au\u00dfen w\u00e4ren wir wohl nie so schnell und sicher zum Ziel gekommen<\/h4>\n<p><span>J.K. V\u00e1llal\u00adko\u00adz\u00f3 Berlin\u00adb\u0151l<\/span><span>Handel und Dienstleistungen<\/span><\/p>\n<p><\/p><p align=\"justify\">Im Rahmen meiner Unternehmens\u00adnachfolge war die Fusion mit einem Wettbe\u00adwerbs\u00adun\u00adter\u00adneh\u00admen die ideale L\u00f6sung. Das KERN-Team, und ganz beson\u00adders Herr Koerber, hat uns als Modera\u00adtor und Prozess\u00adbe\u00adglei\u00adter sensi\u00adbel beglei\u00adtet und die Inter\u00ades\u00adsen beider Verhand\u00adlungs\u00adpart\u00adner gut mitein\u00adan\u00adder verbun\u00adden. Ohne den Blick von au\u00dfen und die Verhand\u00adlungs\u00ader\u00adfah\u00adrung, w\u00e4ren wir wohl nie so schnell und sicher zum Ziel gekommen!<\/p>\n\n<h3 style=\"text-align: left;\">\u00dcgyfelek aj\u00e1nl\u00e1\u00adsai<\/h3>\n<h4>Beson\u00adders beein\u00addruckt hat mich die Schnel\u00adlig\u00adkeit und Zielstre\u00adbig\u00adkeit des gesam\u00adten Prozesses<\/h4>\n<p>Der Verkauf der <b>Formtei\u00adle B\u00e4rmann<\/b> inklu\u00adsi\u00adve Immobi\u00adlie und Solar\u00adan\u00adla\u00adge war f\u00fcr mich als Unter\u00adneh\u00admer und Mensch ein sehr gro\u00dfer Schritt. Umso wichti\u00adger war es f\u00fcr mich, einen Berater an meiner Seite zu haben, dem ich voll und ganz vertrau\u00aden konnte.<\/p>\n<p>Mit <b>Reto Faulen\u00adbach<\/b> a  c\u00edmr\u0151l <b><span class=\"caps\">KERN<\/span> <\/b>habe ich genau diese Unter\u00adst\u00fct\u00adzung gefun\u00adden. Seine hohe fachli\u00adche Kompe\u00adtenz, die klare Struk\u00adtur im Prozess und sein Gesp\u00fcr f\u00fcr die richti\u00adgen L\u00f6sun\u00adgen haben mir von Anfang an Sicher\u00adheit gegeben.<\/p>\n<p>Beson\u00adders beein\u00addruckt hat mich die Schnel\u00adlig\u00adkeit und Zielstre\u00adbig\u00adkeit des gesam\u00adten Prozes\u00adses: Vom Start der Zusam\u00admen\u00adar\u00adbeit bis zum erfolg\u00adrei\u00adchen Closing vergin\u00adgen ledig\u00adlich <b>sieben Monate<\/b>. In dieser Zeit habe ich mich jeder\u00adzeit bestens beglei\u00adtet, verstan\u00adden und vertre\u00adten gef\u00fchlt.<\/p>\n<p>Dank der profes\u00adsio\u00adnel\u00adlen Vorbe\u00adrei\u00adtung und der souve\u00adr\u00e4\u00adnen Verhand\u00adlungs\u00adf\u00fch\u00adrung konnte ein passen\u00adder priva\u00adter Inves\u00adtor gefun\u00adden werden, der das Unter\u00adneh\u00admen in meinem Sinne weiter\u00adf\u00fchrt. R\u00fcckbli\u00adckend bin ich sehr dankbar f\u00fcr diese Zusam\u00admen\u00adar\u00adbeit und kann <span class=\"caps\">KERN<\/span> unein\u00adge\u00adschr\u00e4nkt weiterempfehlen.<\/p>\n<p><span>Marco B\u00e4rmann<\/span><span><\/span><\/p>\n<h4>F\u00fcr uns als Famili\u00aden\u00adun\u00adter\u00adneh\u00admen war die Beglei\u00adtung durch Herrn Koerber ein gro\u00dfer Gewinn<\/h4>\n<p align=\"justify\">F\u00fcr uns als Famili\u00aden\u00adun\u00adter\u00adneh\u00admen, verbun\u00adden mit den vielf\u00e4l\u00adti\u00adgen Heraus\u00adfor\u00adde\u00adrun\u00adgen des zuk\u00fcnf\u00adti\u00adgen Genera\u00adti\u00adons\u00adwech\u00adsels, war die Beglei\u00adtung durch Herrn Koerber ein gro\u00dfer Gewinn. Beson\u00adders durch die Media\u00adti\u00adon k\u00f6nnen wir uns heute gegen\u00adsei\u00adtig besser verste\u00adhen und mit Konflik\u00adten anders umgehen. Wir empfeh\u00adlen bei Proble\u00admen in der Nachfol\u00adge die Zusam\u00admen\u00adar\u00adbeit mit den Exper\u00adten von K.E.R.N!<\/p>\n<p><span>J.M., Unter\u00adneh\u00admer aus Osnabr\u00fcck<\/span><span>,Produ\u00adzie\u00adren\u00addes Handwerk, Gro\u00df- und Einzelhandel<\/span><\/p>\n<h4>Sie haben dieses Jahr zu einem beson\u00adde\u00adren Jahr f\u00fcr mich werden lassen<\/h4>\n<p>Sie, liebe Frau Kalon\u00adda, haben dieses Jahr zu einem beson\u00adde\u00adren Jahr f\u00fcr mich werden lassen. Daf\u00fcr danke ich Ihnen. Bei unserem ersten Kontakt konnte ich nicht ann\u00e4hernd erken\u00adnen wie wichtig und wie wegwei\u00adsend sie f\u00fcr mich werden w\u00fcrden. Dieses Jahr wurde durch sie zu einem neuen Anfang f\u00fcr mich. Mental haben sie einen sehr gro\u00dfen Anteil daran, dass es aufw\u00e4rts geht und ich freier in meinen Gedan\u00adken und Entschei\u00addun\u00adgen bin. Auch wenn ich mich zum Sklaven meiner eigenen Firma und meiner Mitar\u00adbei\u00adten\u00adden und Anwesen\u00adden gemacht habe, haben sie mich daraus befreit. Daf\u00fcr mein beson\u00adde\u00adrer&nbsp;Dank.&nbsp;<\/p>\n<p><span>Karsten K\u00fchlmann<\/span><span><\/span><\/p>\n<h4>Auch die beson\u00adders schwie\u00adri\u00adgen Aufga\u00adben\u00adstel\u00adlun\u00adgen \u2026 wurden optimal gel\u00f6st<\/h4>\n<p>Ich bin froh, mich f\u00fcr <span class=\"caps\">KERN<\/span> als Berater in meinem Nachfol\u00adge\u00adpro\u00adzess entschie\u00adden zu haben. Im Vorfeld habe ich auch andere Angebo\u00adte gepr\u00fcft und f\u00fcr mich war ganz beson\u00adders die Serio\u00adsi\u00adt\u00e4t und und Sicher\u00adheit bei <span class=\"caps\">KERN<\/span> das ausschlag\u00adge\u00adben\u00adde Krite\u00adri\u00adum. Ich f\u00fchlte mich zu jedem Zeitpunkt von meinem <span class=\"caps\">KERN<\/span> \u2013 Berater optimal betreut. Auch die beson\u00adders schwie\u00adri\u00adgen Aufga\u00adben\u00adstel\u00adlun\u00adgen, bei Finan\u00adzie\u00adrungs\u00adfra\u00adgen und der Vertrags\u00adge\u00adstal\u00adtung, wurden optimal gel\u00f6st. Von mir aus immer wieder!<\/p>\n<p><span>M.M., v\u00e1llal\u00adko\u00adz\u00f3 a Frank\u00adfurt mellet\u00adti Hanau\u00adban \u00e9s k\u00f6rny\u00e9\u00adk\u00e9n<\/span><span>,Markt\u00adf\u00fch\u00adrer f\u00fcr Spezi\u00adal\u00addienst\u00adleis\u00adtun\u00adgen und Online-Handelshaus<\/span><\/p>\n<h4>Angeneh\u00admes Gef\u00fchl, sich nicht get\u00e4uscht zu&nbsp;haben!<\/h4>\n<p style=\"margin: 0cm; margin-bottom: .0001pt;\"><span style=\"color: black;\"><span class=\"dquo\">\u201e<\/span>Vielen Dank Herr Lang f\u00fcr die zuver\u00adl\u00e4s\u00adsi\u00adge, angeneh\u00adme Zusam\u00admen\u00adar\u00adbeit. Ich habe das angeneh\u00adme Gef\u00fchl, mich nicht get\u00e4uscht zu haben und kann und werde Sie jeder\u00adzeit weiter\u00ademp\u00adfeh\u00adlen. L.&nbsp;K.\u201c<\/span><\/p>\n<p><span>L.K.<\/span><span><\/span><\/p>\n<h4>Herr Rehfu\u00df von <span class=\"caps\">KERN<\/span> stand uns zu jedem Zeitpunkt kompe\u00adtent und profes\u00adsio\u00adnell zur&nbsp;Seite<\/h4>\n<p>Herr Rehfu\u00df vom <span class=\"caps\">KERN<\/span> Stand\u00adort Stutt\u00adgart stand uns zu jedem Zeitpunkt der Firmen\u00ad\u00fcber\u00adnah\u00adme kompe\u00adtent und mit fachli\u00adchen Wissen profes\u00adsio\u00adnell zur Seite. Auch schwie\u00adri\u00adge Phasen wurden erfolg\u00adreich und zeitnah abgewi\u00adckelt. Die Beratung <span class=\"amp\">&amp;<\/span> Unter\u00adst\u00fct\u00adzung war wichtig und hat uns in allen Belan\u00adgen in diesem sehr komple\u00adxen Thema weiter geholfen.<\/p>\n<p><span>Gilbert Di Zillo<\/span><span><span class=\"caps\">IGZ<\/span> GmbH<\/span><\/p>\n<h4>Organi\u00adsa\u00adti\u00adon einer erfolg\u00adrei\u00adchen Nachfol\u00adge f\u00fcr einen Handwerksbetrieb<\/h4>\n<p>Wir waren mit Herrn Claus von der Firma <span class=\"caps\">KERN<\/span> sehr zufrie\u00adden. Insbe\u00adson\u00adde\u00adre hat uns sein Einsatz bei der Organi\u00adsa\u00adti\u00adon einer erfolg\u00adrei\u00adchen Nachfol\u00adge f\u00fcr einen Handwerks\u00adbe\u00adtrieb sehr gehol\u00adfen. Wir empfeh\u00adlen Herrn Claus gern weiter.<\/p>\n<p><span>Herbert Seus<\/span><span>Wilhelms\u00adha\u00adve\u00adni v\u00e1llalkoz\u00f3<\/span><\/p>\n<h4>Profes\u00adsio\u00adnell und zuver\u00adl\u00e4s\u00adsig bis zum erfolg\u00adrei\u00adchen Abschluss<\/h4>\n<p>Gerade in den schwie\u00adri\u00adgen Phasen hat mein Berater die L\u00fccken geschlos\u00adsen und einer Weiter\u00adver\u00adhand\u00adlung den Weg berei\u00adtet .Alles war profes\u00adsio\u00adnell und zuver\u00adl\u00e4s\u00adsig , Bespre\u00adchun\u00adgen auch au\u00dfer\u00adhalb der gew\u00f6hn\u00adli\u00adchen Gesch\u00e4fts\u00adzei\u00adten waren jeder Zeit m\u00f6glich .Fachlich f\u00fchle ich mich umfang\u00adreich und gut aufge\u00adho\u00adben, der erfolg\u00adrei\u00adche Abschluss ist Ausdruck der KERN-Kompetenz!<\/p>\n<p><span>J.M.<\/span><span><\/span><\/p>\n<h4>Nagyon \u00e9lvez\u00adtem a KERN-nel val\u00f3 egy\u00fcttm\u0171k\u00f6d\u00e9st.<\/h4>\n<p align=\"justify\">Nagyon \u00e9lvez\u00adtem az egy\u00fctt\u00adm\u0171\u00adk\u00f6\u00add\u00e9st a KERN-nel, \u00e9s mint a vev\u0151 oldal k\u00e9pvi\u00adsel\u0151\u00adje mindig \u00f6r\u00fcl\u00f6k, ha az elad\u00f3k \u2013 k\u00fcl\u00f6n\u00f6\u00adsen a csal\u00e1\u00addi v\u00e1llal\u00adko\u00adz\u00e1\u00adsok \u2013 \u00e1tfog\u00f3 tan\u00e1c\u00adsa\u00add\u00e1st kapnak \u00e9s c\u00e9lzot\u00adtan felk\u00e9s\u00adz\u00fcl\u00adnek az elad\u00e1sra.<\/p>\n<p><span>F.H., verant\u00adwortl. M<span class=\"amp\">&amp;<\/span>A-Manager in <span class=\"caps\">NRW<\/span><\/span><span>Nemzet\u00adk\u00f6\u00adzi szolg\u00e1l\u00adta\u00adt\u00e1\u00adsi csoport<\/span><\/p>\n<h4>Spannen\u00adde Metho\u00adde f\u00fcr einen nachhal\u00adti\u00adgen F\u00fchrungswechsel<\/h4>\n<p dir=\"ltr\">MeinST\u00adABWECH\u00adSEL ist eine spannen\u00adde Metho\u00adde f\u00fcr einen nachhal\u00adti\u00adgen F\u00fchrungs\u00adwech\u00adsel in Famili\u00aden\u00adun\u00adter\u00adneh\u00admen. Mit erstaun\u00adli\u00adcher Leich\u00adtig\u00adkeit findet man zu eigenen Werten und Bed\u00fcrfnissen.Ziel, Weg und Zeitrah\u00admen erschie\u00adnen mir am Ende der Reise als 3D-Vision f\u00fcr meinen pers\u00f6n\u00adli\u00adchen Stabwech\u00adsel. So habe ich mir in bester Atmosph\u00e4\u00adre und Beglei\u00adtung durch <span class=\"caps\">KERN<\/span> meine \u201eto do-Liste\u201c selbst erarbeitet.<\/p>\n<p><span>Klaus-Peter Gust<\/span><span>V\u00e1llal\u00adko\u00adz\u00f3<\/span><\/p>\n<h4>Rem\u00e9lem, hogy a csal\u00e1\u00addi v\u00e1llal\u00adko\u00adz\u00e1\u00adsok \u00e9lni fognak az \u00d6n aj\u00e1nl\u00e1\u00adsainak el\u0151nyeivel.<\/h4>\n<p>Ritk\u00e1n volt ilyen egy\u00f6n\u00adte\u00adt\u0171en pozit\u00edv a k\u00f6z\u00f6n\u00ads\u00e9g vissza\u00adjel\u00adz\u00e9\u00adse! Minden tekin\u00adtet\u00adben hitele\u00adsen \u00e9s sz\u00edvb\u0151l adtad \u00e1t a t\u00e9m\u00e1t. Rem\u00e9lem, hogy a csal\u00e1\u00addi v\u00e1llal\u00adko\u00adz\u00e1\u00adsok \u00e9lni fognak az aj\u00e1nl\u00e1saiddal.<\/p>\n<p><span>Ingrid Marten<\/span><span>,Wirtschafts\u00adf\u00f6r\u00adde\u00adrung Wesermarsch<\/span><\/p>\n<h4>A <span class=\"caps\">KERN<\/span> hozz\u00e1\u00adj\u00e1\u00adrul\u00e1\u00adsa az orsz\u00e1\u00adgos akci\u00f3na\u00adpunk\u00adhoz a v\u00e1llala\u00adti ut\u00f3dl\u00e1s\u00adsal kapcsolatban<\/h4>\n<p>Vielen Dank f\u00fcr Ihren innova\u00adti\u00adven Beitrag zu unserem bundes\u00adwei\u00adten <span class=\"caps\">DIHK<\/span> Aktions\u00adtag Unternehmens\u00adnachfolge. Den Fokus auf die \u201eweichen\u201c Themen zu setzen deckt sich ganz mit unserer Erfah\u00adrung,  was eine Nachfol\u00adge erfolg\u00adreich macht. Die vier Phasen geben Struk\u00adtur und Orien\u00adtie\u00adrung in einem sehr komple\u00adxen Prozess. Gerne wieder bei anderer Gelegenheit.<\/p>\n<p><span>Markus Neuner<\/span><span>,<span class=\"caps\">IHK<\/span>&nbsp;f\u00fcr M\u00fcnchen und Oberbayern<\/span><\/p>\n<h4>Die Hilfe, Beratung <span class=\"amp\">&amp;<\/span> Unter\u00adst\u00fct\u00adzung von <span class=\"caps\">KERN<\/span> ist Gold&nbsp;wert<\/h4>\n<p>Als Unter\u00adneh\u00admer mit \u00fcber 40 Jahren Berufs\u00ader\u00adfah\u00adrung hat man sicher\u00adlich von vielem Ahnung, jedoch in keins\u00adter Weise von der \u201c Nachfol\u00adge \u201e. :-). Ich kann Nils Koerber und Ingo Claus nur bestens empfeh\u00adlen. Emotio\u00adnal, mensch\u00adlich und fachlich ist die Nachfol\u00adge eine der schwie\u00adrigs\u00adten Aufga\u00adben, die ein Unter\u00adneh\u00admer zu l\u00f6sen hat. Die Hilfe, Beratung <span class=\"amp\">&amp;<\/span> Unter\u00adst\u00fct\u00adzung ist Gold wert und hat uns in allen Belan\u00adgen in diesem sehr komple\u00adxen Thema richtig gehol\u00adfen. Und es hat alles geklappt.<\/p>\n<p><span>Klaus Bronder \u2013 vom Hove<\/span><span>,Unter\u00adneh\u00admer aus Enniger\u00adloh \u2013 Inhaber eines Premi\u00adum M\u00f6belhauses<\/span><\/p>\n<h4>Ohne Karl Rehfu\u00df w\u00e4re ich vermut\u00adlich schon lange an der Geschich\u00adte verzweifelt<\/h4>\n<p>Ohne Karl Rehfu\u00df und seinen oft selbst\u00adlo\u00adsen und immer optimis\u00adti\u00adschen Einsatz w\u00e4re ich vermut\u00adlich schon lange an der Geschich\u00adte verzwei\u00adfelt. Wir alle hier sind richtig froh, genau diesen KERN-Exper\u00adten in diesen vergan\u00adge\u00adnen schwie\u00adri\u00adgen Zeiten an unserer Seite gehabt zu&nbsp;haben.<\/p>\n<p><span>J\u00fcrgen Bantel<\/span><span><\/span><\/p>\n<h4>Stand in einem st\u00e4ndi\u00adgen Dialog zwischen mir als Verk\u00e4u\u00adfer und den poten\u00adzi\u00adel\u00adlen Erwerbern<\/h4>\n<p>Beson\u00adders gut an <span class=\"caps\">KERN<\/span> und Herrn Ingo Claus hat mir der sehr profes\u00adsio\u00adnel\u00adle und vertrau\u00adens\u00advol\u00adle Umgang mit mir als Unter\u00adneh\u00admens\u00adver\u00adk\u00e4u\u00adfer und den Inter\u00ades\u00adsen\u00adten gefal\u00adlen. Herr Claus handel\u00adte stets l\u00f6sungs\u00adori\u00aden\u00adtiert und stand in einem st\u00e4ndi\u00adgen Dialog zwischen mir als Verk\u00e4u\u00adfer und den poten\u00adzi\u00adel\u00adlen Erwer\u00adbern. Auch wenn es am Ende zwar nicht zu einem Verkaufs\u00adab\u00adschluss gekom\u00admen ist, was \u00e4u\u00dferen Umst\u00e4n\u00adden geschul\u00addet war, so bin ich mit der geleis\u00adte\u00adten Arbeit von Kern, Herrn Claus sehr zufrie\u00adden gewesen und w\u00fcrde Kern und ihn jeder\u00adzeit und unein\u00adge\u00adschr\u00e4nkt weiterempfehlen.<\/p>\n<p><span>M.B. \u2013 Projekt\u00adent\u00adwick\u00adler aus Buxte\u00adhu\u00adde<\/span><span>,Inhaber eines Bautr\u00e4gerunternehmens<\/span><\/p>\n<h4>Geschwin\u00addig\u00adkeit beein\u00addru\u00adckend,&nbsp;Form immer der Situa\u00adti\u00adon angebracht, Verhal\u00adten ehrlich&nbsp;\u2026<\/h4>\n<p>Ich m\u00f6chte mich ganz herzlich f\u00fcr die Beglei\u00adtung des Unter\u00adneh\u00admens\u00adver\u00adkaufs bedan\u00adken. Geschwin\u00addig\u00adkeit beein\u00addru\u00adckend, Form immer der Situa\u00adti\u00adon angebracht, Verhal\u00adten ehrlich und unauf\u00adge\u00adsetzt \u2013 es h\u00e4tte nicht besser passen k\u00f6nnen! Dank Ihrer Unter\u00adst\u00fct\u00adzung konnten wir dieses Projekt f\u00fcr uns alle zufrie\u00adden stellend abschlie\u00dfen.<\/p>\n<p><span>C.K., v\u00e1llal\u00adko\u00adz\u00f3 a Weser-Ems r\u00e9gi\u00f3\u00adb\u00f3l<\/span><span>Gy\u00e1rt\u00f3 \u00e9s keres\u00adke\u00addel\u00admi v\u00e1llalat<\/span><\/p>\n<h4>\u2026 sehr zufrie\u00adden und w\u00fcrde Kern jeder\u00adzeit und unein\u00adge\u00adschr\u00e4nkt weiterempfehlen<\/h4>\n<p style=\"text-align: left;\" align=\"justify\">Beson\u00adders gut an <span class=\"caps\">KERN<\/span> und Herrn Ingo Claus hat mir der sehr profes\u00adsio\u00adnel\u00adle und vertrau\u00adens\u00advol\u00adle Umgang mit mir als Unter\u00adneh\u00admens\u00adver\u00adk\u00e4u\u00adfer und den Inter\u00ades\u00adsen\u00adten gefal\u00adlen. Herr Claus handel\u00adte stets l\u00f6sungs\u00adori\u00aden\u00adtiert und stand in einem st\u00e4ndi\u00adgen Dialog zwischen mir als Verk\u00e4u\u00adfer und den poten\u00adzi\u00adel\u00adlen Erwer\u00adbern. Auch wenn es am Ende zwar nicht zu einem Verkaufs\u00adab\u00adschluss gekom\u00admen ist, was \u00e4u\u00dferen Umst\u00e4n\u00adden geschul\u00addet war, so bin ich mit der geleis\u00adte\u00adten Arbeit von <span class=\"caps\">KERN<\/span>, Herrn Claus, sehr zufrie\u00adden gewesen und w\u00fcrde <span class=\"caps\">KERN<\/span> und ihn jeder\u00adzeit und unein\u00adge\u00adschr\u00e4nkt weiterempfehlen.<\/p>\n<p><span>M.B., als\u00f3-sz\u00e1szor\u00adsz\u00e1\u00adgi v\u00e1llal\u00adko\u00adz\u00f3<\/span><span>,Inhaber einer Bautr\u00e4gergesellschaft<\/span><\/p>\n<h4>Sz\u00e1mos p\u00e9ld\u00e1n keresz\u00adt\u00fcl, nagyon gyakor\u00adla\u00adti\u00ada\u00adsan \u00edrta le az ut\u00f3dke\u00adre\u00ads\u00e9s \u00f6ssze\u00adtett folyamat\u00e1t.<\/h4>\n<p>Ingo Claus-t a KERN-t\u0151l egy nagyon aj\u00e1nlott workshop el\u0151ad\u00f3\u00adjak\u00e9nt ismer\u00adtem meg a c\u00e9gela\u00add\u00e1s t\u00e9m\u00e1j\u00e1\u00adban. Sz\u00e1mos p\u00e9ld\u00e1n keresz\u00adt\u00fcl, nagyon gyakor\u00adla\u00adti\u00ada\u00adsan mutat\u00adta be az ut\u00f3dke\u00adre\u00ads\u00e9s \u00f6ssze\u00adtett folyamat\u00e1t.<\/p>\n<p><span>T.M. \u2013 Unter\u00adneh\u00admens\u00adver\u00adk\u00e4u\u00adfer aus Osnabr\u00fcck<\/span><span><\/span><\/p>\n<h4>\u2026 wie wichtig Ihre Themen sind und dass Sie als Referent sehr \u00fcberzeugt haben.<\/h4>\n<p>Herzli\u00adchen Dank f\u00fcr Ihren Vortrag auf unserer Tagung. Das einhel\u00adlig positi\u00adve Feedback der 150 Zuh\u00f6rer hat uns best\u00e4\u00adtigt, wie wichtig Ihre Themen sind und dass Sie als Referent von <span class=\"caps\">KERN<\/span> sehr \u00fcberzeugt haben.<\/p>\n<p><span>Lothar Sand<\/span><span>,B\u00f6rsen\u00adver\u00adein des Deutschen Buchhandels<\/span><\/p>\n<h4>C\u00e9g\u00e9rt\u00e9\u00adke\u00ads\u00ed\u00adt\u00e9s szaks\u00adzer\u0171en k\u00eds\u00e9rve \u00e9s v\u00e9gre\u00adhajt\u00adva az elej\u00e9\u00adt\u0151l a v\u00e9g\u00e9ig<\/h4>\n<p align=\"justify\"><span class=\"caps\">KERN<\/span> hat meinen Unter\u00adnehmens\u00adverkauf vom Anfang bis zum Ende profes\u00adsio\u00adnell beglei\u00adtet und umgesetzt. Die K\u00e4ufer\u00adfin\u00addung war erstaun\u00adlich schnell und der anschlie\u00ad\u00dfen\u00adde Nachfol\u00adge\u00adpro\u00adzess wurde zu jedem Zeitpunkt kompe\u00adtent beglei\u00adtet und moderiert.<\/p>\n<p><span>H-J. N., v\u00e1llal\u00adko\u00adz\u00f3 Neuss\u00adb\u00f3l<\/span><span>,gr\u00f6\u00dfter deutscher H\u00e4ndler einer Premi\u00adum\u00admar\u00adke f\u00fcr Kopie\u00adrer und&nbsp;<span class=\"caps\">DMS<\/span><\/span><\/p>\n<h4>Es hilft enorm, eine neutra\u00adle Pers\u00f6n\u00adlich\u00adkeit als Ansprech\u00adpart\u00adner f\u00fcr alle Mitglie\u00adder der Familie zu&nbsp;haben.<\/h4>\n<p align=\"justify\">Unsere inner\u00adfa\u00admi\u00adli\u00e4\u00adre Nachfol\u00adge und das Coaching meiner S\u00f6hne wurde von Herrn Koerber sehr einf\u00fchl\u00adsam und engagiert betreut. Viele Einsich\u00adten und Aktivi\u00adt\u00e4\u00adten w\u00e4ren in unserer Familie ohne die KERN-Beglei\u00adtung unseres Genera\u00adti\u00adons\u00adwech\u00adsels au\u00dfen vor geblie\u00adben. Es hilft enorm, einen Blick\u00adwin\u00adkel von au\u00dfen zu erhal\u00adten und eine neutra\u00adle Pers\u00f6n\u00adlich\u00adkeit, als Ansprech\u00adpart\u00adner f\u00fcr alle Mitglie\u00adder der Familie, zur Verf\u00fc\u00adgung zu&nbsp;haben.<\/p>\n<p><span>K.S., v\u00e1llal\u00adko\u00adz\u00f3 Essen\u00adb\u0151l<\/span><span>Szem\u00e9\u00adly\u00adze\u00adti szolg\u00e1ltat\u00f3<\/span><\/p>\n<h4>Ingo Claus a KERN-t\u0151l optim\u00e1\u00adli\u00adsan k\u00e9pvi\u00adselt engem \u00e9s az \u00e9rdekeimet.<\/h4>\n<p>Als es im Verlauf der Verhand\u00adlung um eine Praxis\u00ad\u00fcber\u00adnah\u00adme zu unerwar\u00adte\u00adten Kompli\u00adka\u00adtio\u00adnen kam, habe ich mich an <span class=\"caps\">KERN<\/span> und Herrn Ingo Claus gewandt. Von Beginn an habe ich mich von Herrn Claus profes\u00adsio\u00adnell beglei\u00adtet gef\u00fchlt und mich und meine Inter\u00ades\u00adsen optimal vertre\u00adten gesehen. Dank des Verhand\u00adlungs\u00adge\u00adschicks von Herrn Claus, seiner sachli\u00adchen, klaren, zielori\u00aden\u00adtier\u00adten Kommu\u00adni\u00adka\u00adti\u00adon, dem Bestre\u00adben, eine f\u00fcr beide Vertrags\u00adpar\u00adtei\u00aden gute L\u00f6sung zu finden und seiner ausge\u00adspro\u00adche\u00adnen F\u00e4hig\u00adkeit, ruhig zu vermit\u00adteln und den \u00dcberblick zu behal\u00adten, konnte f\u00fcr die Praxis\u00ad\u00fcber\u00adnah\u00adme schnell eine f\u00fcr beide Seiten (!) zufrie\u00adden\u00adstel\u00adlen\u00adde L\u00f6sung gefun\u00adden werden. Vielen Dank!<\/p>\n<p><span>A.P. \u2013 Fach\u00e4rz\u00adtin aus Bramsche<\/span><span>,Egy szakren\u00addel\u0151 tulajdonosa<\/span><\/p>\n<h4>Das komple\u00adxe Thema wurde von <span class=\"caps\">KERN<\/span>. sehr gut veran\u00adschau\u00adlicht und verst\u00e4nd\u00adlich dargestellt.<\/h4>\n<p>Wir haben <span class=\"caps\">KERN<\/span> im Rahmen eines Seminars engagiert, um unseren Verband\u00admit\u00adglie\u00addern die verschie\u00adde\u00adnen M\u00f6glich\u00adkei\u00adten der Nachfol\u00adge\u00adre\u00adge\u00adlung aufzu\u00adzei\u00adgen. Das komple\u00adxe Thema wurde von <span class=\"caps\">KERN<\/span> sehr gut veran\u00adschau\u00adlicht und verst\u00e4nd\u00adlich darge\u00adstellt. Die R\u00fcckmel\u00addun\u00adgen der Seminar\u00adteil\u00adneh\u00admer waren durch\u00adweg positiv. Auch wir als Veran\u00adstal\u00adter haben nur positi\u00adve Erfah\u00adrun\u00adgen gemacht.<\/p>\n<p><span>VdAW e.V.<\/span><span><\/span><\/p>\n<h4>A <span class=\"caps\">KERN<\/span> kever\u00ad\u00e9\u00adke eddig egyed\u00fcl\u00e1l\u00adl\u00f3 volt a maga nem\u00e9ben, ez\u00e9rt k\u00fcl\u00f6n\u00f6\u00adsen \u00e9rt\u00e9kes.<\/h4>\n<p>Besten Dank f\u00fcr Ihren leben\u00addi\u00adgen Beitrag zu der BVMW-Veran\u00adstal\u00adtung Unternehmens\u00adnachfolge in der Praxis. In beson\u00adde\u00adrer Weise ist es Ihnen, Herr Grepp\u00admair, gelun\u00adgen in die Welt der Zuh\u00f6rer \u2013 der von der Nachfol\u00adge betrof\u00adfe\u00adnen Unter\u00adneh\u00admer \u2013 einzu\u00adtau\u00adschen und sie dort abzuho\u00adlen, wo sie beson\u00adders emotio\u00adnal stehen. Die Mischung aus Vortrag und Rollen\u00adspiel war so bisher einzig\u00adar\u00adtig in seiner Art und damit beson\u00adders wertvoll.<\/p>\n\n<p><span>Achim von Michel<\/span><span>,Bundes\u00adver\u00adband mittel\u00adst\u00e4n\u00addi\u00adsche Wirtschaft e.V.<\/span><\/p>\n<h4>Ohne den Blick von au\u00dfen w\u00e4ren wir wohl nie so schnell und sicher zum Ziel gekommen<\/h4>\n<p align=\"justify\">Im Rahmen meiner Unternehmens\u00adnachfolge war die Fusion mit einem Wettbe\u00adwerbs\u00adun\u00adter\u00adneh\u00admen die ideale L\u00f6sung. Das KERN-Team, und ganz beson\u00adders Herr Koerber, hat uns als Modera\u00adtor und Prozess\u00adbe\u00adglei\u00adter sensi\u00adbel beglei\u00adtet und die Inter\u00ades\u00adsen beider Verhand\u00adlungs\u00adpart\u00adner gut mitein\u00adan\u00adder verbun\u00adden. Ohne den Blick von au\u00dfen und die Verhand\u00adlungs\u00ader\u00adfah\u00adrung, w\u00e4ren wir wohl nie so schnell und sicher zum Ziel gekommen!<\/p>\n<p><span>J.K. V\u00e1llal\u00adko\u00adz\u00f3 Berlin\u00adb\u0151l<\/span><span>Keres\u00adke\u00adde\u00adlem \u00e9s szolg\u00e1ltat\u00e1sok<\/span><\/p>\n<h4>Seine F\u00e4hig\u00adkeit, sich in die Beson\u00adder\u00adhei\u00adten von Famili\u00aden\u00adun\u00adter\u00adneh\u00admen einzu\u00adar\u00adbei\u00adten, sehr zu sch\u00e4t\u00adzen gelernt<\/h4>\n<p>Ich habe Herrn Claus 2010 im Rahmen eines Expan\u00adsi\u00adons\u00adpro\u00adjek\u00adtes f\u00fcr ein inhaber\u00adge\u00adf\u00fchr\u00adtes Unter\u00adneh\u00admen kennen\u00adge\u00adlernt. W\u00e4hrend dieser Zeit habe ich seine zielori\u00aden\u00adtier\u00adte Arbeits\u00adwei\u00adse und seine F\u00e4hig\u00adkeit, sich in die Beson\u00adder\u00adhei\u00adten von Famili\u00aden\u00adun\u00adter\u00adneh\u00admen einzu\u00adar\u00adbei\u00adten, sehr zu sch\u00e4t\u00adzen gelernt. Ich empfeh\u00adle ihn gern weiter.<\/p>\n<p><span>Petra Rausch \u2013 Unter\u00adneh\u00adme\u00adrin aus Lohmar<\/span><span>,Ber\u00e4t Famili\u00aden\u00adun\u00adter\u00adneh\u00admen bei Internationalisierungsprojekten<\/span><\/p>\n<h4>Endlich Zeit f\u00fcr eine neue Lebensplanung<\/h4>\n<p>Auf stets angeneh\u00adme und sehr kompe\u00adten\u00adte Art und Weise hat mich Herr Grepp\u00admair von <span class=\"caps\">KERN<\/span> beim Verkauf meines Hausmeis\u00adter\u00adser\u00advices in M\u00fcnchen beglei\u00adtet. In nur neun Monaten ist es Ihm trotz fallen\u00adder Ums\u00e4t\u00adzen und Corona-Krise gelun\u00adgen mein Unter\u00adneh\u00admen zu einem zufrie\u00adden\u00adstel\u00adlen\u00adden Preis an den Mann zu bringen. Damit hat er einen entschei\u00adden\u00adden Beitrag zu einer seit langem herbei\u00adge\u00adsehn\u00adten neuen Lebens\u00adpla\u00adnung geleis\u00adtet. Herzli\u00adchen Dank&nbsp;daf\u00fcr!<\/p>\n<p><span>Stefan Krebs<\/span><span>,GEON-Geb\u00e4u\u00adde\u00adma\u00adnage\u00adment<\/span><\/p>\n<h4>Wenn <span class=\"caps\">KERN<\/span> beglei\u00adtet steigen die Chancen deutlich, dass die Commerz\u00adbank zur Verf\u00fc\u00adgung&nbsp;steht<\/h4>\n<p>Wenn <span class=\"caps\">KERN<\/span> einen Inves\u00adtor beglei\u00adtet und mit dem <span class=\"caps\">MBI<\/span>\/<span class=\"caps\">MBO<\/span> einen Business Plan erarbei\u00adtet, steigen die Chancen deutlich, dass die Commerz\u00adbank mit einer Finan\u00adzie\u00adrung zur Verf\u00fc\u00adgung&nbsp;steht.<\/p>\n<p><span>Commerz\u00adbank Bajor\u00ador\u00adsz\u00e1g<\/span><span>V\u00e1llala\u00adti \u00fcgyf\u00e9ltan\u00e1csad\u00f3<\/span><\/p>\n<h4><span class=\"caps\">KERN<\/span> hat meinem Sohn ganz klar einen Weg ge\u00f6ffnet<\/h4>\n<p>Das Coaching von <span class=\"caps\">KERN<\/span> hat meinem Sohn ganz klar einen Weg ge\u00f6ff\u00adnet, mit dem wir uns heute gemein\u00adsam dem Projekt Generations\u00adwechsel, im Sinne einer Fortf\u00fch\u00adrung des Famili\u00aden\u00adun\u00adter\u00adneh\u00admens, widmen k\u00f6nnen. Wir als Eltern k\u00f6nnen manche Dinge einfach nicht so \u00fcbermit\u00adteln und helfen zu erken\u00adnen, wie es ein profes\u00adsio\u00adnel\u00adler Coach&nbsp;kann.<\/p>\n<p><span>K.V., v\u00e1llal\u00adko\u00adz\u00f3 Frank\u00adfurt\u00adb\u00f3l<\/span><span>,H\u00e4ndler und Dienst\u00adleis\u00adter im IT-Segment<\/span><\/p>\n<h4>Zusam\u00admen\u00adar\u00adbeit der letzten Monate war gepr\u00e4gt von Profes\u00adsio\u00adna\u00adli\u00adt\u00e4t und Vertrauen<\/h4>\n<p>Die Zusam\u00admen\u00adar\u00adbeit der letzten Monate war gepr\u00e4gt von Profes\u00adsio\u00adna\u00adli\u00adt\u00e4t und Vertrau\u00aden; auch ich habe mich von Ihnen stets gut vertre\u00adten gef\u00fchlt, obwohl ich <strong>nem<\/strong> Ihr Auftrag\u00adge\u00adber war. Umso gr\u00f6\u00dfer das Kompli\u00adment! <span class=\"caps\">VIELEN<\/span> <span class=\"caps\">DANK<\/span>!<\/p>\n<p><span>U.S., Unter\u00adneh\u00admer und K\u00e4ufer einer Firma in Bayern<\/span><span><span class=\"caps\">IT<\/span> szolg\u00e1l\u00adta\u00adt\u00e1\u00adsok<\/span><\/p>\n<h4>Nach einem l\u00e4nge\u00adren Auswahl\u00adpro\u00adzess haben wir uns f\u00fcr <span class=\"caps\">KERN<\/span> entschieden<\/h4>\n<p align=\"justify\">Bei einem Unter\u00adnehmens\u00adverkauf gibt es natur\u00adge\u00adm\u00e4\u00df nicht mehre\u00adre Chancen. Deswe\u00adgen ist die Wahl des richti\u00adgen Unter\u00adneh\u00admens\u00adbe\u00adra\u00adters so wichtig. Nach einem l\u00e4nge\u00adren Auswahl\u00adpro\u00adzess haben wir uns f\u00fcr <span class=\"caps\">KERN<\/span> und Holger Haber\u00admann entschie\u00adden. Mit sehr gro\u00dfem und pers\u00f6n\u00adli\u00adchen Engage\u00adment hat Herr Haber\u00admann alle inhalt\u00adli\u00adchen wie auch f\u00fchrungs\u00adtech\u00adni\u00adschen Aufga\u00adben erfolg\u00adreich gemeis\u00adtert. Beson\u00adders hervor\u00adhe\u00adben m\u00f6chte ich die weitrei\u00adchen\u00adde Sachkennt\u00adnis, das metho\u00addi\u00adsche Heran\u00adge\u00adhen, die sachli\u00adche, ruhige Art und Weise und die Gerad\u00adli\u00adnig\u00adkeit in der Diskussion.<\/p>\n<p><span>H.K., v\u00e1llal\u00adko\u00adz\u00f3 Bajor\u00ador\u00adsz\u00e1g\u00adb\u00f3l<\/span><span>,Inhaber eines Unter\u00adneh\u00admens f\u00fcr Informationstechnologie<\/span><\/p>\n<h4>Und kurze Zeit sp\u00e4ter konnte ich die Praxis an einen kompe\u00adten\u00adten Nachfol\u00adger \u00fcbergeben<\/h4>\n<p>Mein gro\u00dfer Wunsch, meine Physio\u00adthe\u00adra\u00adpie-Praxis zu verkau\u00adfen, blieb trotz aller Bem\u00fchun\u00adgen und auch etlichen Bewer\u00adbungs\u00adge\u00adspr\u00e4\u00adchen ohne Erfolg. Mit seiner gro\u00dfar\u00adti\u00adgen, einf\u00fchl\u00adsa\u00admen Art hat Herr Grepp\u00admair mir schnell gehol\u00adfen, den wahren Grund zu erken\u00adnen. Ich erkann\u00adte, dass die Ursache an mir liegt und ich unbewusst noch nicht bereit war loszu\u00adlas\u00adsen. Das hat sich mit seiner Hilfe schnell ge\u00e4ndert und kurze Zeit sp\u00e4ter konnte ich die Praxis an einen kompe\u00adten\u00adten Nachfol\u00adger \u00fcberge\u00adben. Herzli\u00adchen Dank&nbsp;daf\u00fcr!<\/p>\n\n<p><span>Ursula Herzog<\/span><span>Fizio\u00adter\u00ada\u00adpeu\u00adta<\/span><\/p>\n<h4>\u2026 ist es uns gelun\u00adgen, genau das richti\u00adge Unter\u00adneh\u00admen f\u00fcr unsere beson\u00adde\u00adre Nische zu finden<\/h4>\n<p>Wir haben unsere Wachs\u00adtums\u00adstra\u00adte\u00adgie durch die Spezia\u00adlis\u00adten von <span class=\"caps\">KERN<\/span> beglei\u00adten lassen. Mit einer genau\u00aden Target-Analy\u00adse und der detail\u00adlier\u00adten Markt\u00adre\u00adcher\u00adche ist es uns gelun\u00adgen, genau das richti\u00adge Unter\u00adneh\u00admen f\u00fcr unsere beson\u00adde\u00adre Nische zu finden. Dabei ist nicht zu unter\u00adsch\u00e4t\u00adzen, mit welchem Aufwand ein solcher Schritt verbun\u00adden ist. Mit <span class=\"caps\">KERN<\/span> haben wir eine profes\u00adsio\u00adnel\u00adle Unter\u00adst\u00fct\u00adzung gefun\u00adden. Gleich\u00adzei\u00adtig konnte das Nachfol\u00adge\u00adpro\u00adblem des zu \u00fcberneh\u00admen\u00adden Unter\u00adneh\u00admens langfris\u00adtig und substan\u00adti\u00adell gel\u00f6st werden.<\/p>\n<p><span>W.S., Gesch\u00e4fts\u00adf\u00fch\u00adrer aus dem Raum Frankfurt\/Main<\/span><span>,Entsor\u00adgungs\u00addienst\u00adleis\u00adter, Markt\u00adf\u00fch\u00adrer in einem Nischensegment<\/span><\/p>\n<h4>\u2026 sind \u00fcberrascht, welch tolle Energien in allen von uns freige\u00adsetzt worden sind<\/h4>\n<p align=\"justify\">A v\u00e1lto\u00adz\u00e1\u00adsok felt\u00e9\u00adte\u00adlei k\u00f6z\u00f6tt szere\u00adpel az is, hogy megis\u00admer\u00adj\u00fck a v\u00e1lla\u00adlat kult\u00far\u00e1\u00adj\u00e1t, c\u00e9lja\u00adit, felel\u0151s\u00ads\u00e9\u00adg\u00e9t \u00e9s \u201ej\u00e1t\u00e9ks\u00adza\u00adb\u00e1\u00adly\u00adait\u201c. A <span class=\"caps\">KERN<\/span> seg\u00edt\u00ads\u00e9\u00adg\u00e9\u00advel egy izgal\u00admas \u00fatra indul\u00adtunk, amely\u00adnek c\u00e9lja egy saj\u00e1t, egyedi v\u00e1llala\u00adti filoz\u00f3\u00adfia kidol\u00adgo\u00adz\u00e1\u00adsa, \u00e9s meglep\u0151d\u00adt\u00fcnk, milyen fantasz\u00adti\u00adkus energi\u00e1k szabadul\u00adtak fel mindan\u00adnyiunk\u00adban. \u00dcgyfel\u00adeink, munka\u00adt\u00e1r\u00adsaink \u00e9s az eg\u00e9sz v\u00e1lla\u00adlat jav\u00e1ra. K\u00f6sz\u00f6n\u00adj\u00fck a KERN-nek a c\u00e9lori\u00aden\u00adt\u00e1lt \u00e9s profess\u00adzion\u00e1\u00adlis moder\u00e1\u00adl\u00e1st \u00e9s fejleszt\u00e9st.<\/p>\n<p><span>G-O.B, v\u00e1llal\u00adko\u00adz\u00f3 Koblenz\u00adb\u0151l<\/span><span>,H\u00e4ndler und Dienst\u00adleis\u00adter Hard- und Softwarebereich<\/span><\/p>\n<h4>A <span class=\"caps\">KERN<\/span> az els\u0151 pillana\u00adt\u00adt\u00f3l kezdve meg\u00e9rtet\u00adte, hogyan lehet a projekt sz\u00e1m\u00e1\u00adra egy nagyon bizalom\u00adtel\u00adjes alapot teremteni.<\/h4>\n<p>Herr Ingo Claus hat es vom ersten Moment an verstan\u00adden, eine sehr vertrau\u00adens\u00advol\u00adle Basis zum Beginn des Projek\u00adtes zu schaf\u00adfen \u2013 eine Gespr\u00e4chs\u00adba\u00adsis f\u00fcr die Gesell\u00adschaf\u00adter unter\u00adein\u00adan\u00adder im Rahmen eines Workshops zu bilden, so dass hieraus eine sehr effizi\u00aden\u00adte Weiter\u00adent\u00adwick\u00adlung der Vorstel\u00adlun\u00adgen betriebs\u00adin\u00adtern statt\u00adfin\u00adden konnte. Wir bedan\u00adken uns f\u00fcr diese sehr angeneh\u00adme und vertrau\u00adens\u00advol\u00adle Zusam\u00admen\u00adar\u00adbeit und werden Ihre Unter\u00adneh\u00admens\u00adgrup\u00adpe gerne weiterempfehlen.<\/p>\n<p><span>I.K. \u2013 Unter\u00adneh\u00admer aus Flens\u00adburg<\/span><span>Egy csator\u00adna\u00adtisz\u00adt\u00ed\u00adt\u00f3 c\u00e9g t\u00e1rstulajdonosa<\/span><\/p>\n<h4>\u2026 unser Ziel erreicht und k\u00f6nnen eine Zusam\u00admen\u00adar\u00adbeit mit <span class=\"caps\">KERN<\/span> unbedingt empfehlen<\/h4>\n<p align=\"justify\">Mir wurde im Rahmen unseres Unter\u00adneh\u00admens\u00adver\u00adkaufs das Team von <span class=\"caps\">KERN<\/span> empfoh\u00adlen und wir sind im R\u00fcckblick sehr froh, diesen Tipp bekom\u00admen zu haben. Der Verhand\u00adlungs\u00adpro\u00adzess beim Verkauf war komplex, langwie\u00adrig und manch\u00admal von emotio\u00adna\u00adlen Missver\u00adst\u00e4nd\u00adnis\u00adsen im Ergeb\u00adnis bedroht. Dank der gro\u00dfen Erfah\u00adrung und dem Geschick unseres KERN-Beraters haben wir jedoch unser Ziel erreicht und k\u00f6nnen eine Zusam\u00admen\u00adar\u00adbeit mit <span class=\"caps\">KERN<\/span> unbedingt empfehlen.<\/p>\n<p><span>J.F.&nbsp;, Unter\u00adneh\u00admer im Raum Osnabr\u00fcck<\/span><span>Keres\u00adke\u00addel\u00admi \u00e9s m\u0171sza\u00adki szolg\u00e1ltat\u00e1sok<\/span><\/p>\n<h4>Ingo Claus von <span class=\"caps\">KERN<\/span> verdan\u00adken wir die unerwar\u00adtet erfolg\u00adrei\u00adche Ver\u00e4u\u00ad\u00dfe\u00adrung unseres Unternehmens<\/h4>\n<p>Herr Ingo Claus hatte uns bei der schwie\u00adri\u00adgen Aufga\u00adbe einen geeig\u00adne\u00adten Nachfol\u00adger f\u00fcr unser Sachver\u00adst\u00e4n\u00addi\u00adgen-B\u00fcro zu finden beglei\u00adtet. Ihm verdan\u00adken wir die unerwar\u00adtet erfolg\u00adrei\u00adche Ver\u00e4u\u00ad\u00dfe\u00adrung unseres Unter\u00adneh\u00admens. Herr Claus besitzt einen feinen Sp\u00fcrsinn f\u00fcr brenz\u00adli\u00adche Verhand\u00adlungs\u00adsi\u00adtua\u00adtio\u00adnen, geschickt und ruhig findet er die richti\u00adgen L\u00f6sungs\u00adideen, die f\u00fcr beide Vertrags\u00adpart\u00adner akzep\u00adta\u00adbel sind. Herr Claus beglei\u00adte\u00adte das Projekt mit gro\u00dfem Erfah\u00adrungs\u00adschatz, Menschen\u00adkennt\u00adnis und Verhand\u00adlungs\u00adge\u00adschick.  Gerne empfeh\u00adlen wir ihn weiter.<\/p>\n<p><span>Katha\u00adri\u00adna Leisner \u2013 Fachpla\u00adne\u00adrin aus Harse\u00adwin\u00adkel<\/span><span>,Inhabe\u00adrin eines Ingenieur- und Planungsb\u00fcros<\/span><\/p>\n<h4>Und tats\u00e4ch\u00adlich war mir nicht zu viel verspro\u00adchen worden,&nbsp;\u2026<\/h4>\n<p>Auf der Suche nach einem kompe\u00adten\u00adten Berater der mich beim Verkauf meines Unter\u00adneh\u00admens profes\u00adsio\u00adnell unter\u00adst\u00fctzt, wurde mir Norbert Lang empfoh\u00adlen. Und tats\u00e4ch\u00adlich war mir nicht zu viel verspro\u00adchen worden, von der Wertermitt\u00adlung \u00fcber alle Stufen des Prozes\u00adses der Verkaufs\u00advor\u00adbe\u00adrei\u00adtung bis zur Unter\u00adschrift unter die Vertr\u00e4\u00adge, Herr Lang war ein stets ein sehr fachkun\u00addi\u00adger Beglei\u00adter und Berater. Ich kann ihn mit gutem Gewis\u00adsen weiterempfehlen!<\/p>\n<p><span>Klaus Markstahler<\/span><span><\/span><\/p>\n<h4>In der Beglei\u00adtung von Nachfol\u00adge\u00adpro\u00adzes\u00adsen ein \u00e4u\u00dferst seri\u00f6\u00adser und kompe\u00adten\u00adter Ansprechpartner.<\/h4>\n<p>Wir haben spezi\u00adell mit Norbert Lang sehr gute Erfah\u00adrun\u00adgen gesam\u00admelt. Er ist in der Beglei\u00adtung von Nachfol\u00adge\u00adpro\u00adzes\u00adsen ein \u00e4u\u00dferst seri\u00f6\u00adser und kompe\u00adten\u00adter Ansprech\u00adpart\u00adner. Als Dozent bei Vortrags\u00adver\u00adan\u00adstal\u00adtun\u00adgen besticht er durch seinen sehr leben\u00addi\u00adgen und authen\u00adti\u00adschen&nbsp;Stil.<\/p>\n<p><span>J. K.<\/span><span><\/span><\/p>\n<h4>A csal\u00e1\u00addi v\u00e1llal\u00adko\u00adz\u00e1\u00adsok sz\u00fclei \u00e9s gyerme\u00adkei nagyon konkr\u00e9t el\u0151ny\u00f6k\u00adkel j\u00e1rnak ebb\u0151l<\/h4>\n<p align=\"justify\">Unsere Kunden sind mittel\u00adst\u00e4n\u00addi\u00adsche Unter\u00adneh\u00admen und die Heraus\u00adfor\u00adde\u00adrun\u00adgen in Sachen Generations\u00adwechsel, Unter\u00adnehmens\u00adverkauf oder Notfall\u00advor\u00adsor\u00adge sind bei uns \u201eDauer\u00adbren\u00adner\u201c. Wir arbei\u00adten seit Jahren mit Herrn Koerber und <span class=\"caps\">KERN<\/span> zusam\u00admen und sch\u00e4t\u00adzen sein Praxis\u00adwis\u00adsen und das orien\u00adtier\u00adte Training sowie Coaching. Eltern und Kinder aus Famili\u00aden\u00adun\u00adter\u00adneh\u00admen haben daraus einen ganz konkre\u00adten Nutzen.<\/p>\n<p><span>W.S., Weiter\u00adbil\u00addungs\u00adin\u00adsti\u00adtut aus Rheda-Wieden\u00adbr\u00fcck<\/span><span>,Leiter einer bundes\u00adweit t\u00e4tigen Akade\u00admie f\u00fcr Handelsunternehmen<\/span><\/p>\n<h4>Beson\u00adders die Serio\u00adsi\u00adt\u00e4t und Profes\u00adsio\u00adna\u00adli\u00adt\u00e4t haben mir jeder\u00adzeit ein siche\u00adres Gef\u00fchl gegeben<\/h4>\n<p>Meine Entschei\u00addung in der Vor-Auswahl hat sich zu 100% als richtig erwie\u00adsen. <span class=\"caps\">KERN<\/span> hat von der Aufbe\u00adrei\u00adtung meines Unter\u00adneh\u00admens in einem Expos\u00e9, \u00fcber die K\u00e4ufer\u00adsu\u00adche, bis hin zur Verhand\u00adlungs\u00admo\u00adde\u00adra\u00adti\u00adon und der komplet\u00adten Umset\u00adzung meiner Nachfol\u00adge, wirklich gute Arbeit geleis\u00adtet. Beson\u00adders die Serio\u00adsi\u00adt\u00e4t und Profes\u00adsio\u00adna\u00adli\u00adt\u00e4t haben mir jeder\u00adzeit ein siche\u00adres Gef\u00fchl gegeben. In gut 8 Monaten war unser Ziel erfolg\u00adreich erreicht. Ich empfeh\u00adle <span class=\"caps\">KERN<\/span> gerne weiter.<\/p>\n<p><span>G.O.K., hambur\u00adgi v\u00e1llal\u00adko\u00adz\u00f3<\/span><span>Saj\u00e1t fi\u00f3kkal rendel\u00adke\u00adz\u0151 szolg\u00e1ltat\u00f3k<\/span><\/p>","protected":false},"excerpt":{"rendered":"<p>Das sagen Kunden und Gesch\u00e4ftspartner \u00fcber uns \u2605\u2605\u2605\u2605\u2605 &nbsp;5.0 Sterne aus Kundenbewertungen auf Provenexpert&nbsp; \u2715 UDZ Siegel Nils K\u00f6rber \u2715 [&hellip;]<\/p>\n","protected":false},"author":1,"featured_media":0,"parent":0,"menu_order":0,"comment_status":"closed","ping_status":"closed","template":"","meta":{"wp_typography_post_enhancements_disabled":false,"_kad_blocks_custom_css":"","_kad_blocks_head_custom_js":"","_kad_blocks_body_custom_js":"","_kad_blocks_footer_custom_js":"","site-sidebar-layout":"no-sidebar","site-content-layout":"plain-container","ast-site-content-layout":"default","site-content-style":"default","site-sidebar-style":"default","ast-global-header-display":"","ast-banner-title-visibility":"","ast-main-header-display":"","ast-hfb-above-header-display":"","ast-hfb-below-header-display":"","ast-hfb-mobile-header-display":"","site-post-title":"disabled","ast-breadcrumbs-content":"","ast-featured-img":"disabled","footer-sml-layout":"","ast-disable-related-posts":"","theme-transparent-header-meta":"default","adv-header-id-meta":"","stick-header-meta":"default","header-above-stick-meta":"","header-main-stick-meta":"","header-below-stick-meta":"","astra-migrate-meta-layouts":"default","ast-page-background-enabled":"default","ast-page-background-meta":{"desktop":{"background-color":"","background-image":"","background-repeat":"repeat","background-position":"center center","background-size":"auto","background-attachment":"scroll","background-type":"","background-media":"","overlay-type":"","overlay-color":"","overlay-opacity":"","overlay-gradient":""},"tablet":{"background-color":"","background-image":"","background-repeat":"repeat","background-position":"center center","background-size":"auto","background-attachment":"scroll","background-type":"","background-media":"","overlay-type":"","overlay-color":"","overlay-opacity":"","overlay-gradient":""},"mobile":{"background-color":"","background-image":"","background-repeat":"repeat","background-position":"center center","background-size":"auto","background-attachment":"scroll","background-type":"","background-media":"","overlay-type":"","overlay-color":"","overlay-opacity":"","overlay-gradient":""}},"ast-content-background-meta":{"desktop":{"background-color":"var(--ast-global-color-5)","background-image":"","background-repeat":"repeat","background-position":"center center","background-size":"auto","background-attachment":"scroll","background-type":"","background-media":"","overlay-type":"","overlay-color":"","overlay-opacity":"","overlay-gradient":""},"tablet":{"background-color":"var(--ast-global-color-5)","background-image":"","background-repeat":"repeat","background-position":"center center","background-size":"auto","background-attachment":"scroll","background-type":"","background-media":"","overlay-type":"","overlay-color":"","overlay-opacity":"","overlay-gradient":""},"mobile":{"background-color":"var(--ast-global-color-5)","background-image":"","background-repeat":"repeat","background-position":"center center","background-size":"auto","background-attachment":"scroll","background-type":"","background-media":"","overlay-type":"","overlay-color":"","overlay-opacity":"","overlay-gradient":""}},"iawp_total_views":418,"footnotes":""},"class_list":["post-10075","page","type-page","status-publish","hentry"],"taxonomy_info":[],"featured_image_src_large":false,"author_info":{"display_name":"filialleiter","author_link":"https:\/\/www.kern-unternehmensnachfolge.com\/hu\/author\/filialleiter\/"},"comment_info":0,"_links":{"self":[{"href":"https:\/\/www.kern-unternehmensnachfolge.com\/hu\/wp-json\/wp\/v2\/pages\/10075","targetHints":{"allow":["GET"]}}],"collection":[{"href":"https:\/\/www.kern-unternehmensnachfolge.com\/hu\/wp-json\/wp\/v2\/pages"}],"about":[{"href":"https:\/\/www.kern-unternehmensnachfolge.com\/hu\/wp-json\/wp\/v2\/types\/page"}],"author":[{"embeddable":true,"href":"https:\/\/www.kern-unternehmensnachfolge.com\/hu\/wp-json\/wp\/v2\/users\/1"}],"replies":[{"embeddable":true,"href":"https:\/\/www.kern-unternehmensnachfolge.com\/hu\/wp-json\/wp\/v2\/comments?post=10075"}],"version-history":[{"count":0,"href":"https:\/\/www.kern-unternehmensnachfolge.com\/hu\/wp-json\/wp\/v2\/pages\/10075\/revisions"}],"wp:attachment":[{"href":"https:\/\/www.kern-unternehmensnachfolge.com\/hu\/wp-json\/wp\/v2\/media?parent=10075"}],"curies":[{"name":"wp","href":"https:\/\/api.w.org\/{rel}","templated":true}]}}