{"id":9111,"date":"2020-03-20T16:07:48","date_gmt":"2020-03-20T15:07:48","guid":{"rendered":"https:\/\/great-kare.185-125-174-66.plesk.page\/?page_id=9111"},"modified":"2025-01-15T20:18:25","modified_gmt":"2025-01-15T19:18:25","slug":"study-company-succession-germany-2020","status":"publish","type":"page","link":"https:\/\/www.kern-unternehmensnachfolge.com\/en\/studie-unternehmensnachfolge-deutschland-2020\/","title":{"rendered":"Study Compa\u00adny Succes\u00adsi\u00adon Germa\u00adny&nbsp;2020"},"content":{"rendered":"<p><a data-id-d=\"1\" data-img-style=\"\"><img loading=\"lazy\" decoding=\"async\" src=\"https:\/\/www.kern-unternehmensnachfolge.com\/wp-content\/uploads\/2023\/05\/kern_logo2023_rgb_weiss_transparent.png\" height=\"502\" width=\"1317\" alt=\"KERN Schrift-Logo in wei\u00df mit KERN Delphin\" style=\"\"><\/img><\/a><\/p>\n<h1 style=\"text-align: center;\">Unternehmensnachfolge Deutschland: Gr\u00f6\u00dfte deutsche Studie deckt <strong>brisante Entwicklung bis 2025<\/strong> auf<\/h1>\n<ul>\n<li style=\"\"><span style=\"color: rgb(255, 255, 255) !important; --tcb-applied-color: rgb(255, 255, 255) !important;\"><strong>Mehr als 580.000 untersuchte Unternehmen<\/strong> in der Umsatzklasse von 250.000 Euro bis zu 50 Millionen Euro \u2013 analog der IHK-Bezirke in Deutschland.<\/span><\/li>\n<li style=\"\"><span style=\"color: rgb(255, 255, 255) !important; --tcb-applied-color: rgb(255, 255, 255) !important;\"><strong>Interaktive digitale Landkarte<\/strong> zeigt Unternehmen, die in den n\u00e4chsten 5 Jahren von Unternehmensnachfolge betroffen sein werden.<\/span><\/li>\n<li style=\"\"><span style=\"color: rgb(255, 255, 255) !important; --tcb-applied-color: rgb(255, 255, 255) !important;\"><strong>GRATIS Download PDF<\/strong> inklusive Herausforderungen &nbsp;und Forderungen zum Erhalt unseres Wohlstands<\/span><\/li>\n<\/ul>\n<p><span><img decoding=\"async\" alt=\"studie-untenehmensnachfolge2020b\" data-id=\"32624\" width=\"458\" height=\"379\" title=\"studie-untenehmensnachfolge2020b\" src=\"https:\/\/www.kern-unternehmensnachfolge.com\/wp-content\/uploads\/2025\/01\/studie-untenehmensnachfolge2020b.png\" data-width=\"458\" data-height=\"379\" data-init-width=\"500\" data-init-height=\"413\" loading=\"lazy\" style=\"aspect-ratio: auto 500 \/ 413;\"><\/span><\/p>\n<h2 style=\"\"><span style=\"font-weight: normal;\">Digitale Landkarte zeigt wie \u00dcberalterung Druck auf Familienunternehmen erh\u00f6ht<\/span><\/h2>\n<h3 style=\"text-align: center;\"><strong>GRATIS ZUGRIFF + PDF DOWNLOAD<\/strong><\/h3>\n<p><span><img decoding=\"async\" alt=\"\" data-id=\"32625\" width=\"1024\" height=\"532\" title=\"Screenshot-2020-04-04-02.22.26\" src=\"https:\/\/www.kern-unternehmensnachfolge.com\/wp-content\/uploads\/2025\/01\/Screenshot-2020-04-04-02.22.26.jpg\" data-width=\"1024\" data-height=\"532\" data-init-width=\"1400\" data-init-height=\"727\" loading=\"lazy\" style=\"aspect-ratio: auto 1400 \/ 727;\"><\/span><\/p>\n<h2><strong><\/strong><strong>Was Autoren und Leser \u00fcber die Studie Unternehmensnachfolge in Deutschland sagen<\/strong><\/h2>\n<p><span style=\"width: 100%;\"><img decoding=\"async\" alt=\"\" width=\"160\" height=\"160\" title=\"Ingo-Claus-Unternehmensverkauf-Osnabr\u00fcck-M\u00fcnster-OWL\" data-id=\"32622\" src=\"https:\/\/www.kern-unternehmensnachfolge.com\/wp-content\/uploads\/2025\/01\/Ingo-Claus-Unternehmensverkauf-Osnabrueck-Muenster-OWL.jpg\" style=\"aspect-ratio: auto 300 \/ 300;\" data-width=\"160\" data-init-width=\"300\" data-init-height=\"300\" loading=\"lazy\" data-height=\"160\"><\/span><\/p>\n<h3><strong><strong>Woher kommen die zuk\u00fcnftigen Unternehmensnachfolger in Deutschland?<\/strong><\/strong><\/h3>\n<p>\u201eDie geburtenschwachen Jahrg\u00e4nge erzeugen bereits heute einen dramatischen Fachkr\u00e4ftemangel und ziehen automatisch einen Unternehmermangel nach sich. Wir brauchen einen neuen Gr\u00fcndergeist!\u201c<\/p>\n<\/p>\n<p>Ingo Claus, Autor und Partner von KERN in Osnabr\u00fcck<\/p>\n<p><span style=\"width: 100%;\"><img decoding=\"async\" alt=\"\" width=\"160\" height=\"160\" title=\"Nils-Koerber-kerngruender-300x300\" data-id=\"32620\" src=\"https:\/\/www.kern-unternehmensnachfolge.com\/wp-content\/uploads\/2025\/01\/Nils-Koerber-kerngruender-300x300-1.jpg\" style=\"aspect-ratio: auto 300 \/ 300;\" data-width=\"160\" data-init-width=\"300\" data-init-height=\"300\" loading=\"lazy\" data-height=\"160\"><\/span><\/p>\n<h3><strong>Was mich am meisten beeindruckt hat<\/strong><\/h3>\n<p>\u201eUns ist als Spezialisten die dramatische Perspektive seit Jahren bekannt. Mit der interaktiven Landkarte wird mir noch einmal viel deutlicher, welche Auswirkungen die \u00dcberalterung der Familienunternehmen f\u00fcr uns alle haben wird\u201c<\/p>\n<\/p>\n<p>Nils Koerber, Autor und Gr\u00fcnder von KERN<\/p>\n<p><span style=\"width: 100%;\"><img decoding=\"async\" alt=\"\" width=\"160\" height=\"160\" title=\"ayse-mese\" data-id=\"26140\" src=\"https:\/\/www.kern-unternehmensnachfolge.com\/wp-content\/uploads\/2023\/04\/ayse-mese.jpg\" style=\"aspect-ratio: auto 210 \/ 211;\" data-width=\"160\" data-init-width=\"210\" data-init-height=\"211\" loading=\"lazy\" data-height=\"160\"><\/span><\/p>\n<h3><strong>Hoffnung macht, dass immer mehr Unternehmer&#8230;<\/strong><\/h3>\n<p>\u201eDie Tatsache, dass uns eine Welle an \u00dcbergaben bevorsteht, macht die Studie sehr klar deutlich. Hoffnung macht, dass immer mehr Unternehmer die Antwort auf die Nachfolgerfrage in einer externen Nachfolge suchen und die oftmals \u00fcberforderten Familien die Herausforderung auf diesem Weg erfolgreich meistern k\u00f6nnen.\u201c<\/p>\n<\/p>\n<p>Ayse Mese, Gesch\u00e4ftsf\u00fchrerin DUB Unternehmensb\u00f6rse<\/p>\n<p><span><img decoding=\"async\" alt=\"studie-untenehmensnachfolge2020b\" data-id=\"32624\" width=\"316\" height=\"261\" title=\"studie-untenehmensnachfolge2020b\" src=\"https:\/\/www.kern-unternehmensnachfolge.com\/wp-content\/uploads\/2025\/01\/studie-untenehmensnachfolge2020b.png\" data-width=\"316\" data-height=\"261\" data-init-width=\"500\" data-init-height=\"413\" loading=\"lazy\" style=\"aspect-ratio: auto 500 \/ 413;\"><\/span><\/p>\n<p style=\"text-align: center;\"><strong>Sie erhalten GRATIS Zugriff auf den PDF-Download und die digitale interaktive Landkarte!<\/strong> Informieren Sie sich rechtzeitig \u00fcber die Entwicklung in Ihrem IHK-Bezirk!<\/p>\n<p style=\"\">\u00a9 2020,&nbsp;<span data-attr-id=\"1\" data-extra_key=\"1\" data-shortcode=\"thrive_global_fields\" data-shortcode-name=\"[Company] Company Name\" style=\"\">KERN Unternehmensnachfolge<\/span><\/p>\n<p style=\"\"><a href=\"\/impressum\" target=\"_blank\" style=\"outline: currentcolor;\">Impressum<\/a> &nbsp;| &nbsp;<a href=\"https:\/\/www.kern-unternehmensnachfolge.com\/datenschutz\/\" target=\"_blank\" style=\"outline: currentcolor;\">Datenschutz<\/a><\/p>\n","protected":false},"excerpt":{"rendered":"<p>Unternehmensnachfolge Deutschland: Gr\u00f6\u00dfte deutsche Studie deckt brisante Entwicklung bis 2025 auf Mehr als 580.000 untersuchte Unternehmen in der Umsatzklasse von [&hellip;]<\/p>\n","protected":false},"author":2,"featured_media":0,"parent":0,"menu_order":0,"comment_status":"closed","ping_status":"closed","template":"","meta":{"wp_typography_post_enhancements_disabled":false,"_kad_blocks_custom_css":"","_kad_blocks_head_custom_js":"","_kad_blocks_body_custom_js":"","_kad_blocks_footer_custom_js":"","site-sidebar-layout":"no-sidebar","site-content-layout":"plain-container","ast-site-content-layout":"default","site-content-style":"default","site-sidebar-style":"default","ast-global-header-display":"","ast-banner-title-visibility":"","ast-main-header-display":"","ast-hfb-above-header-display":"","ast-hfb-below-header-display":"","ast-hfb-mobile-header-display":"","site-post-title":"","ast-breadcrumbs-content":"","ast-featured-img":"","footer-sml-layout":"","ast-disable-related-posts":"","theme-transparent-header-meta":"default","adv-header-id-meta":"","stick-header-meta":"default","header-above-stick-meta":"","header-main-stick-meta":"","header-below-stick-meta":"","astra-migrate-meta-layouts":"default","ast-page-background-enabled":"default","ast-page-background-meta":{"desktop":{"background-color":"","background-image":"","background-repeat":"repeat","background-position":"center center","background-size":"auto","background-attachment":"scroll","background-type":"","background-media":"","overlay-type":"","overlay-color":"","overlay-opacity":"","overlay-gradient":""},"tablet":{"background-color":"","background-image":"","background-repeat":"repeat","background-position":"center center","background-size":"auto","background-attachment":"scroll","background-type":"","background-media":"","overlay-type":"","overlay-color":"","overlay-opacity":"","overlay-gradient":""},"mobile":{"background-color":"","background-image":"","background-repeat":"repeat","background-position":"center center","background-size":"auto","background-attachment":"scroll","background-type":"","background-media":"","overlay-type":"","overlay-color":"","overlay-opacity":"","overlay-gradient":""}},"ast-content-background-meta":{"desktop":{"background-color":"var(--ast-global-color-5)","background-image":"","background-repeat":"repeat","background-position":"center center","background-size":"auto","background-attachment":"scroll","background-type":"","background-media":"","overlay-type":"","overlay-color":"","overlay-opacity":"","overlay-gradient":""},"tablet":{"background-color":"var(--ast-global-color-5)","background-image":"","background-repeat":"repeat","background-position":"center center","background-size":"auto","background-attachment":"scroll","background-type":"","background-media":"","overlay-type":"","overlay-color":"","overlay-opacity":"","overlay-gradient":""},"mobile":{"background-color":"var(--ast-global-color-5)","background-image":"","background-repeat":"repeat","background-position":"center center","background-size":"auto","background-attachment":"scroll","background-type":"","background-media":"","overlay-type":"","overlay-color":"","overlay-opacity":"","overlay-gradient":""}},"iawp_total_views":14,"footnotes":""},"class_list":["post-9111","page","type-page","status-publish","hentry"],"taxonomy_info":[],"featured_image_src_large":false,"author_info":{"display_name":"Ingo Claus","author_link":"https:\/\/www.kern-unternehmensnachfolge.com\/en\/author\/ingoclaus2\/"},"comment_info":0,"_links":{"self":[{"href":"https:\/\/www.kern-unternehmensnachfolge.com\/en\/wp-json\/wp\/v2\/pages\/9111","targetHints":{"allow":["GET"]}}],"collection":[{"href":"https:\/\/www.kern-unternehmensnachfolge.com\/en\/wp-json\/wp\/v2\/pages"}],"about":[{"href":"https:\/\/www.kern-unternehmensnachfolge.com\/en\/wp-json\/wp\/v2\/types\/page"}],"author":[{"embeddable":true,"href":"https:\/\/www.kern-unternehmensnachfolge.com\/en\/wp-json\/wp\/v2\/users\/2"}],"replies":[{"embeddable":true,"href":"https:\/\/www.kern-unternehmensnachfolge.com\/en\/wp-json\/wp\/v2\/comments?post=9111"}],"version-history":[{"count":1,"href":"https:\/\/www.kern-unternehmensnachfolge.com\/en\/wp-json\/wp\/v2\/pages\/9111\/revisions"}],"predecessor-version":[{"id":36722,"href":"https:\/\/www.kern-unternehmensnachfolge.com\/en\/wp-json\/wp\/v2\/pages\/9111\/revisions\/36722"}],"wp:attachment":[{"href":"https:\/\/www.kern-unternehmensnachfolge.com\/en\/wp-json\/wp\/v2\/media?parent=9111"}],"curies":[{"name":"wp","href":"https:\/\/api.w.org\/{rel}","templated":true}]}}