{"id":5990,"date":"2019-02-13T12:48:26","date_gmt":"2019-02-13T11:48:26","guid":{"rendered":"https:\/\/great-kare.185-125-174-66.plesk.page\/?page_id=5990"},"modified":"2026-03-12T13:19:31","modified_gmt":"2026-03-12T12:19:31","slug":"timetable-market-value-check","status":"publish","type":"page","link":"https:\/\/www.kern-unternehmensnachfolge.com\/en\/fahrplan-marktwertcheck\/","title":{"rendered":"Your perso\u00adnal roadmap for the K.E.R.N. Market Value&nbsp;Check"},"content":{"rendered":"<h1>Ihr pers\u00f6nlicher Fahrplan zum anonymen KERN &#8211; MarktWertCheck<\/h1>\n<ul>\n<li><span>Wir sind spezialisiert auf die Begleitung von mittelst\u00e4ndischen Unternehmen in allen Aufgabenstellungen von Unternehmensnachfolgen und M&amp;A.<\/span><\/li>\n<li><span>Wir maximieren mit unserem Know-How die Erfolgswahrscheinlichkeit bei Unternehmenstransaktionen.<\/span><\/li>\n<li><span>KERN verf\u00fcgt im Partnerkreis \u00fcber ein professionelles Team von \u00fcber 45 Spezialisten mit eigener, operativer und unternehmerischer Erfahrung.<\/span><\/li>\n<li><span>Wir pflegen \u00fcber 6.000 laufende Kontakte zu Kaufinteressenten in einer eigenen Datenbank zu Beteiligungsunternehmen, Finanzinvestoren, VC-Gesellschaften (Risiko-Kapital), MBI \u2013 Kandidaten (Einzelk\u00e4ufer), Banken und strategischen Investoren.<\/span><\/li>\n<li><span>National und international sind wir mit den renommiertesten Netzwerken f\u00fcr den Kauf und Verkauf von Firmen verbunden. Dahinter stehen weit \u00fcber 500.000 Kontakte zu Investoren f\u00fcr Ihren erfolgreichen Unternehmensverkauf. Einer der gr\u00f6\u00dften und schnellsten Marktzug\u00e4nge in der DACH-Region.<\/span><\/li>\n<\/ul>\n<p>     <!-- Original logos -->  <a href=\"#lightbox-1\" data-lightbox=\"lightbox-1\" data-img=\"https:\/\/www.kern-unternehmensnachfolge.com\/wp-content\/uploads\/2025\/03\/UDZ-Siegel_Nils-Koerber.webp\" target=\"_blank\" > <img decoding=\"async\" src=\"https:\/\/www.kern-unternehmensnachfolge.com\/wp-content\/uploads\/2025\/03\/UDZ-Siegel_Nils-Koerber.webp\" alt=\"UDZ Siegel Nils K\u00f6rber\" \/> <\/a>   <a href=\"#lightbox-2\" data-lightbox=\"lightbox-2\" data-img=\"https:\/\/www.kern-unternehmensnachfolge.com\/wp-content\/uploads\/2024\/05\/german-customer-arwards2024-150x150.jpeg\" target=\"_blank\" > <img decoding=\"async\" src=\"https:\/\/www.kern-unternehmensnachfolge.com\/wp-content\/uploads\/2024\/05\/german-customer-arwards2024-150x150.jpeg\" alt=\"German Customer Awards 2024\" \/> <\/a>   <a href=\"https:\/\/www.provenexpert.com\/kern-zukunft-fuer-lebenswerke\/\" target=\"_blank\" rel=\"noopener\"> <img decoding=\"async\" src=\"https:\/\/www.kern-unternehmensnachfolge.com\/wp-content\/uploads\/2025\/10\/Proven-Expert-Von-Kunden-Empfohlen-2025.webp\" alt=\"Proven Expert - Von Kunden Empfohlen 2025\" \/> <\/a>   <a href=\"https:\/\/die-deutsche-wirtschaft.de\/top-mittelstand-deutschland-kern-zukunft-fuer-lebenswerke\/\" target=\"_blank\" rel=\"noopener\"> <img decoding=\"async\" src=\"https:\/\/www.kern-unternehmensnachfolge.com\/wp-content\/uploads\/2025\/08\/Top-Branche-Siegel-KERN.webp\" alt=\"TOP mittelst\u00e4ndisches Unternehmen\" \/> <\/a>   <a href=\"https:\/\/die-deutsche-wirtschaft.de\/exzellenzberater\/kern-unternehmensnachfolge-erfolgreicher\/\" target=\"_blank\" rel=\"noopener\"> <img decoding=\"async\" src=\"https:\/\/www.kern-unternehmensnachfolge.com\/wp-content\/uploads\/2025\/03\/Exzellenzberater-Deutscher-Mittelstand-2023.webp\" alt=\"Exzellenzberater 2023\" \/> <\/a>   <a href=\"https:\/\/die-deutsche-wirtschaft.de\/exzellenzberater\/kern-unternehmensnachfolge-erfolgreicher\/\" target=\"_blank\" rel=\"noopener\"> <img decoding=\"async\" src=\"https:\/\/www.kern-unternehmensnachfolge.com\/wp-content\/uploads\/2025\/03\/Exzellenzberater-Deutscher-Mittelstand-2024.webp\" alt=\"Exzellenzberater 2024\" \/> <\/a>   <a href=\"#lightbox-6\" data-lightbox=\"lightbox-6\" data-img=\"https:\/\/www.kern-unternehmensnachfolge.com\/wp-content\/uploads\/2025\/09\/Exzellenter-Nachfolgeberater-Award-2025.webp\" target=\"_blank\" > <img decoding=\"async\" src=\"https:\/\/www.kern-unternehmensnachfolge.com\/wp-content\/uploads\/2025\/09\/Exzellenter-Nachfolgeberater-Award-2025.webp\" alt=\"Exzellenter Nachfolgeberater Award 2025\" \/> <\/a>   <a href=\"https:\/\/vimeo.com\/775891851\" target=\"_blank\" rel=\"noopener\"> <img decoding=\"async\" src=\"https:\/\/www.kern-unternehmensnachfolge.com\/wp-content\/uploads\/2023\/07\/kern-german-brand-award-2021-132x300.jpeg\" alt=\"German Brand Award 2021\" \/> <\/a>   <a href=\"https:\/\/vimeo.com\/787837024\" target=\"_blank\" rel=\"noopener\"> <img decoding=\"async\" src=\"https:\/\/www.kern-unternehmensnachfolge.com\/wp-content\/uploads\/2025\/03\/Innovator-des-Jahres-2021.webp\" alt=\"Innovator 2021\" \/> <\/a>   <a href=\"#lightbox-3\" data-lightbox=\"lightbox-3\" data-img=\"https:\/\/www.kern-unternehmensnachfolge.com\/wp-content\/uploads\/2023\/06\/TC_19_Member_Strich-211x300.jpg\" target=\"_blank\" > <img decoding=\"async\" src=\"https:\/\/www.kern-unternehmensnachfolge.com\/wp-content\/uploads\/2023\/06\/TC_19_Member_Strich-211x300.jpg\" alt=\"TC 19 Member\" \/> <\/a>   <a href=\"https:\/\/vimeo.com\/775920300\" target=\"_blank\" rel=\"noopener\"> <img decoding=\"async\" src=\"https:\/\/www.kern-unternehmensnachfolge.com\/wp-content\/uploads\/2023\/06\/TC_20_Member_Strich-210x300.jpg\" alt=\"TC 20 Member\" \/> <\/a>   <a href=\"https:\/\/www.top-consultant.de\/kern-unternehmensnachfolge-erfolgreicher-2023\/\" target=\"_blank\" rel=\"noopener\"> <img decoding=\"async\" src=\"https:\/\/www.kern-unternehmensnachfolge.com\/wp-content\/uploads\/2023\/06\/tc_23_member_strich-210x300.jpg\" alt=\"TC 23 Member\" \/> <\/a>   <a href=\"#lightbox-4\" data-lightbox=\"lightbox-4\" data-img=\"https:\/\/www.kern-unternehmensnachfolge.com\/wp-content\/uploads\/2025\/04\/SZ-Institut-Beste-Berater-Mittelstand.webp\" target=\"_blank\" > <img decoding=\"async\" src=\"https:\/\/www.kern-unternehmensnachfolge.com\/wp-content\/uploads\/2025\/04\/SZ-Institut-Beste-Berater-Mittelstand.webp\" alt=\"SZ Beste Berater Mittelstand\" \/> <\/a>   <a href=\"#lightbox-5\" data-lightbox=\"lightbox-5\" data-img=\"https:\/\/www.kern-unternehmensnachfolge.com\/wp-content\/uploads\/2025\/06\/WirtschaftsWoche-Beste-Berater-Mittelstand.webp\" target=\"_blank\" > <img decoding=\"async\" src=\"https:\/\/www.kern-unternehmensnachfolge.com\/wp-content\/uploads\/2025\/06\/WirtschaftsWoche-Beste-Berater-Mittelstand.webp\" alt=\"WirtschaftsWoche Beste Berater Mittelstand\" \/> <\/a>  <!-- Duplicate logos for seamless loop -->  <a href=\"#lightbox-1\" data-lightbox=\"lightbox-1\" data-img=\"https:\/\/www.kern-unternehmensnachfolge.com\/wp-content\/uploads\/2025\/03\/UDZ-Siegel_Nils-Koerber.webp\" target=\"_blank\" > <img decoding=\"async\" src=\"https:\/\/www.kern-unternehmensnachfolge.com\/wp-content\/uploads\/2025\/03\/UDZ-Siegel_Nils-Koerber.webp\" alt=\"UDZ Siegel Nils K\u00f6rber\" \/> <\/a>   <a href=\"#lightbox-2\" data-lightbox=\"lightbox-2\" data-img=\"https:\/\/www.kern-unternehmensnachfolge.com\/wp-content\/uploads\/2024\/05\/german-customer-arwards2024-150x150.jpeg\" target=\"_blank\" > <img decoding=\"async\" src=\"https:\/\/www.kern-unternehmensnachfolge.com\/wp-content\/uploads\/2024\/05\/german-customer-arwards2024-150x150.jpeg\" alt=\"German Customer Awards 2024\" \/> <\/a>   <a href=\"https:\/\/www.provenexpert.com\/kern-zukunft-fuer-lebenswerke\/\" target=\"_blank\" rel=\"noopener\"> <img decoding=\"async\" src=\"https:\/\/www.kern-unternehmensnachfolge.com\/wp-content\/uploads\/2025\/10\/Proven-Expert-Von-Kunden-Empfohlen-2025.webp\" alt=\"Proven Expert - Von Kunden Empfohlen 2025\" \/> <\/a>   <a href=\"https:\/\/die-deutsche-wirtschaft.de\/top-mittelstand-deutschland-kern-zukunft-fuer-lebenswerke\/\" target=\"_blank\" rel=\"noopener\"> <img decoding=\"async\" src=\"https:\/\/www.kern-unternehmensnachfolge.com\/wp-content\/uploads\/2025\/08\/Top-Branche-Siegel-KERN.webp\" alt=\"TOP mittelst\u00e4ndisches Unternehmen\" \/> <\/a>   <a href=\"https:\/\/die-deutsche-wirtschaft.de\/exzellenzberater\/kern-unternehmensnachfolge-erfolgreicher\/\" target=\"_blank\" rel=\"noopener\"> <img decoding=\"async\" src=\"https:\/\/www.kern-unternehmensnachfolge.com\/wp-content\/uploads\/2025\/03\/Exzellenzberater-Deutscher-Mittelstand-2023.webp\" alt=\"Exzellenzberater 2023\" \/> <\/a>   <a href=\"https:\/\/die-deutsche-wirtschaft.de\/exzellenzberater\/kern-unternehmensnachfolge-erfolgreicher\/\" target=\"_blank\" rel=\"noopener\"> <img decoding=\"async\" src=\"https:\/\/www.kern-unternehmensnachfolge.com\/wp-content\/uploads\/2025\/03\/Exzellenzberater-Deutscher-Mittelstand-2024.webp\" alt=\"Exzellenzberater 2024\" \/> <\/a>   <a href=\"#lightbox-6\" data-lightbox=\"lightbox-6\" data-img=\"https:\/\/www.kern-unternehmensnachfolge.com\/wp-content\/uploads\/2025\/09\/Exzellenter-Nachfolgeberater-Award-2025.webp\" target=\"_blank\" > <img decoding=\"async\" src=\"https:\/\/www.kern-unternehmensnachfolge.com\/wp-content\/uploads\/2025\/09\/Exzellenter-Nachfolgeberater-Award-2025.webp\" alt=\"Exzellenter Nachfolgeberater Award 2025\" \/> <\/a>   <a href=\"https:\/\/vimeo.com\/775891851\" target=\"_blank\" rel=\"noopener\"> <img decoding=\"async\" src=\"https:\/\/www.kern-unternehmensnachfolge.com\/wp-content\/uploads\/2023\/07\/kern-german-brand-award-2021-132x300.jpeg\" alt=\"German Brand Award 2021\" \/> <\/a>   <a href=\"https:\/\/vimeo.com\/787837024\" target=\"_blank\" rel=\"noopener\"> <img decoding=\"async\" src=\"https:\/\/www.kern-unternehmensnachfolge.com\/wp-content\/uploads\/2025\/03\/Innovator-des-Jahres-2021.webp\" alt=\"Innovator 2021\" \/> <\/a>   <a href=\"#lightbox-3\" data-lightbox=\"lightbox-3\" data-img=\"https:\/\/www.kern-unternehmensnachfolge.com\/wp-content\/uploads\/2023\/06\/TC_19_Member_Strich-211x300.jpg\" target=\"_blank\" > <img decoding=\"async\" src=\"https:\/\/www.kern-unternehmensnachfolge.com\/wp-content\/uploads\/2023\/06\/TC_19_Member_Strich-211x300.jpg\" alt=\"TC 19 Member\" \/> <\/a>   <a href=\"https:\/\/vimeo.com\/775920300\" target=\"_blank\" rel=\"noopener\"> <img decoding=\"async\" src=\"https:\/\/www.kern-unternehmensnachfolge.com\/wp-content\/uploads\/2023\/06\/TC_20_Member_Strich-210x300.jpg\" alt=\"TC 20 Member\" \/> <\/a>   <a href=\"https:\/\/www.top-consultant.de\/kern-unternehmensnachfolge-erfolgreicher-2023\/\" target=\"_blank\" rel=\"noopener\"> <img decoding=\"async\" src=\"https:\/\/www.kern-unternehmensnachfolge.com\/wp-content\/uploads\/2023\/06\/tc_23_member_strich-210x300.jpg\" alt=\"TC 23 Member\" \/> <\/a>   <a href=\"#lightbox-4\" data-lightbox=\"lightbox-4\" data-img=\"https:\/\/www.kern-unternehmensnachfolge.com\/wp-content\/uploads\/2025\/04\/SZ-Institut-Beste-Berater-Mittelstand.webp\" target=\"_blank\" > <img decoding=\"async\" src=\"https:\/\/www.kern-unternehmensnachfolge.com\/wp-content\/uploads\/2025\/04\/SZ-Institut-Beste-Berater-Mittelstand.webp\" alt=\"SZ Beste Berater Mittelstand\" \/> <\/a>   <a href=\"#lightbox-5\" data-lightbox=\"lightbox-5\" data-img=\"https:\/\/www.kern-unternehmensnachfolge.com\/wp-content\/uploads\/2025\/06\/WirtschaftsWoche-Beste-Berater-Mittelstand.webp\" target=\"_blank\" > <img decoding=\"async\" src=\"https:\/\/www.kern-unternehmensnachfolge.com\/wp-content\/uploads\/2025\/06\/WirtschaftsWoche-Beste-Berater-Mittelstand.webp\" alt=\"WirtschaftsWoche Beste Berater Mittelstand\" \/> <\/a>    <!-- Lightbox containers -->   <span>\u2715<\/span> <img decoding=\"async\" src=\"https:\/\/www.kern-unternehmensnachfolge.com\/wp-content\/uploads\/2025\/03\/UDZ-Siegel_Nils-Koerber.webp\" alt=\"UDZ Siegel Nils K\u00f6rber\" \/> UDZ Siegel Nils K\u00f6rber     <span>\u2715<\/span> <img decoding=\"async\" src=\"https:\/\/www.kern-unternehmensnachfolge.com\/wp-content\/uploads\/2024\/05\/german-customer-arwards2024-150x150.jpeg\" alt=\"German Customer Awards 2024\" \/> German Customer Awards 2024     <span>\u2715<\/span> <img decoding=\"async\" src=\"https:\/\/www.kern-unternehmensnachfolge.com\/wp-content\/uploads\/2023\/06\/TC_19_Member_Strich-211x300.jpg\" alt=\"TC 19 Member\" \/> TC 19 Member     <span>\u2715<\/span> <img decoding=\"async\" src=\"https:\/\/www.kern-unternehmensnachfolge.com\/wp-content\/uploads\/2025\/04\/SZ-Institut-Beste-Berater-Mittelstand.webp\" alt=\"SZ - Beste Berater Mittelstand\" \/>  Beste Berater Mittelstand &#8211; SZ Institut      <span>\u2715<\/span> <img decoding=\"async\" src=\"https:\/\/www.kern-unternehmensnachfolge.com\/wp-content\/uploads\/2025\/06\/WirtschaftsWoche-Beste-Berater-Mittelstand.webp\" alt=\"WirtschaftsWoche - Beste Berater Mittelstand\" \/>  Beste Berater Mittelstand &#8211; WirtschaftsWoche      <span>\u2715<\/span> <img decoding=\"async\" src=\"https:\/\/www.kern-unternehmensnachfolge.com\/wp-content\/uploads\/2025\/09\/Exzellenter-Nachfolgeberater-Award-2025.webp\" alt=\"Exzellenter Nachfolgeberater Award 2025\" \/>  Exzellenter Nachfolgeberater Award 2025    <!-- JavaScript for lightbox functionality -->  <\/p>\n<ul>\n<li data-id=\"filter-5868_5906\">                                            <span><span>Warum jetzt?<\/span><\/span>                <span><\/span>\n<p><p>In der DACH-Region sind in allen drei L\u00e4ndern inzwischen \u00fcber 50% der Familienunternehmen Richtung Unternehmensnachfolge unterwegs<\/p>\n<p>(Quelle DIHK Studien, IFM-Bonn und KERN-Nachfolgestudien).<\/p>\n<p>Das Tempo der \u00dcberalterung der Inhaber und Gesellschafter nimmt so schnell zu,<\/p>\n<p>dass in 2028 bereits knapp 70% der Unternehmenslenker:innen \u00fcber 55 Jahre alt sein werden werden.<\/p>\n<p>Die Herausforderung: Mit dem Ausscheiden der geburtenstarken Jahrg\u00e4nge gibt es einen dramatischen Einbruch in der demographischen Nachfolge. Es fehlen nicht nur Mitarbeiter auf allen Ebenen, sondern ebenso Gr\u00fcnder und Nachfolger als Unternehmenslenker.<\/p>\n<p>Und das Wirtschaftsklima wird rauher und tendenziell unangenehmer. Schleichend, aber sichtbar.<\/p>\n<p>Sichern Sie Ihre Verm\u00f6genswerte, sichern Sie die Arbeitspl\u00e4tze Ihrer Mitarbeiter und starten Sie Ihr Nachfolgeprojekt! Pr\u00fcfen Sie anonym mit dem KERN-MarktWertCheck Ihren idealen Verkaufszeitpunkt.<\/p>\n<p>Wenn nicht jetzt, wann dann?<\/p>\n<\/p>\n<p>                                                                                                <a href=\"https:\/\/www.kern-unternehmensnachfolge.com\/timeline\/der-richtige-zeitpunkt-2-2\/\" title=\"1 Der anonyme KERN-MarktWertCheck &#8211; Warum ist jetzt der richtige Zeitpunkt f\u00fcr einen Verkauf?\"><\/a>            <span>Der richtige Zeitpunkt<\/span>    <\/li>\n<li data-id=\"filter-5868_5905\">                                            <span><span>Begeisterte Kunden<\/span><\/span>                <span><\/span>                                                            <a href=\"https:\/\/www.kern-unternehmensnachfolge.com\/wp-content\/uploads\/2019\/02\/Doppelsignet-Wiwo-und-TC.jpg\" title=\"2 Der anonyme KERN-MarktWertCheck &#8211; Referenzen f\u00fcr Ihre Sicherheit\">                        <span><img width=\"230\" height=\"144\" src=\"https:\/\/www.kern-unternehmensnachfolge.com\/wp-content\/uploads\/2019\/02\/Doppelsignet-Wiwo-und-TC.jpg\" alt=\"Screenshot der KERN Auszeichnungen beste Berater und Top Consultant 2019\" decoding=\"async\" loading=\"lazy\" \/>                        <\/span>                    <\/a>\n<p><p>Die Pr\u00fcfung Ihres m\u00f6glichen Unternehmensverkaufs bedarf h\u00f6chster Professionalit\u00e4t und Diskretion zugleich. Vertrauen Sie den <a href=\"https:\/\/www.kern-unternehmensnachfolge.com\/kundenstimmen\/\" target=\"_blank\" rel=\"noopener noreferrer\">Aussagen unserer Kunden<\/a>\u00a0oder schauen Sie sich eine unsere <a href=\"https:\/\/www.nachfolge.commerzbank.de\/#ubersicht\" target=\"_blank\" rel=\"noopener noreferrer\">nationalen Kooperationen\u00a0<\/a>an. Gerne nennen wir Ihnen auf Wunsch konkrete Ansprechpartner, die Ihnen eine pers\u00f6nliche Aussage zu unserer Leistung geben k\u00f6nnen. Pr\u00fcfen Sie <a href=\"https:\/\/www.kern-unternehmensnachfolge.com\/leitbild\/\" target=\"_blank\" rel=\"noopener noreferrer\">unsere Werte<\/a> f\u00fcr eine Zusammenarbeit.<\/p>\n<\/p>\n<p>                                                                                                <a href=\"https:\/\/www.kern-unternehmensnachfolge.com\/timeline\/referenzen-fuer-ihre-sicherheit-2-2\/\" title=\"2 Der anonyme KERN-MarktWertCheck &#8211; Referenzen f\u00fcr Ihre Sicherheit\"><\/a>            <span>Referenzen f\u00fcr Ihre Sicherheit<\/span>    <\/li>\n<li data-id=\"filter-5868_5904\">                                            <span><span>Die Analyse<\/span><\/span>                <span><\/span>                                                            <a href=\"https:\/\/www.kern-unternehmensnachfolge.com\/wp-content\/uploads\/2019\/01\/Fotolia_94026155_S.jpg\" title=\"3 Der KERN-MarktWertCheck &#8211; Der Start unserer Zusammenarbeit\">                        <span><img width=\"320\" height=\"220\" src=\"https:\/\/www.kern-unternehmensnachfolge.com\/wp-content\/uploads\/2019\/01\/Fotolia_94026155_S-320x220.jpg\" alt=\"Zoom-Ansicht eines Mitarbeiters w\u00e4hrend der Arbeit am Laptop\" decoding=\"async\" loading=\"lazy\" \/>                        <\/span>                    <\/a>\n<p><p>Sie erl\u00e4utern uns Ihr Unternehmen, die Geschichte und benennen uns die Basis Ihrer Unternehmenskonzeption und die Ziele Ihres anonymen MarktWertChecks. M\u00f6chten Sie verkaufen oder den aktuellen Marktwert f\u00fcr Ihre Firma pr\u00fcfen?<\/p>\n<p>Ab wann und zu welchem Wert w\u00e4re ein Verkauf f\u00fcr Sie interessant und unter welchen Pr\u00e4missen w\u00fcrden Sie Ihre Unternehmung ersteinmal weiter f\u00fchren wollen?<\/p>\n<p>In diesem ausf\u00fchrlichen Auftakt unserer Zusammenarbeit wollen wir Ihr Unternehmen und die dazu geh\u00f6rigen Zahlen umfassend verstehen.<\/p>\n<\/p>\n<p>                                                                                                <a href=\"https:\/\/www.kern-unternehmensnachfolge.com\/timeline\/schritt1-1-2-2-2\/\" title=\"3 Der KERN-MarktWertCheck &#8211; Der Start unserer Zusammenarbeit\"><\/a>            <span>Der Start unserer Zusammenarbeit<\/span>    <\/li>\n<li data-id=\"filter-5868_5903\">                                            <span><span>Insiderwissen<\/span><\/span>                <span><\/span>                                                            <a href=\"https:\/\/www.kern-unternehmensnachfolge.com\/wp-content\/uploads\/2019\/01\/Fotolia_36214031_M.jpg\" title=\"4 KERN-Markwert-Check &#8211; Schritt 1.2\">                        <span><img width=\"320\" height=\"220\" src=\"https:\/\/www.kern-unternehmensnachfolge.com\/wp-content\/uploads\/2019\/01\/Fotolia_36214031_M-320x220.jpg\" alt=\"Das Entscheider Seminar zur pers\u00f6nlichen Vorbereitung einer Unternehmensnachfolge\" decoding=\"async\" loading=\"lazy\" \/>                        <\/span>                    <\/a>\n<p><p>Soweit bekannt, geben Sie uns die f\u00fcr die Vermarktung notwendigen Insiderinformationen \u00fcber die Branche und den Markt. Wir erg\u00e4nzen diese Hinweise um Fakten aus unserem Expertennetzwerk und Datenbanken.<\/p>\n<\/p>\n<p>                                                                                                <a href=\"https:\/\/www.kern-unternehmensnachfolge.com\/timeline\/5653-2-2\/\" title=\"4 KERN-Markwert-Check &#8211; Schritt 1.2\"><\/a>                <\/li>\n<li data-id=\"filter-5868_5902\">                                            <span><span>Marktbetrachtung<\/span><\/span>                <span><\/span>                                                            <a href=\"https:\/\/www.kern-unternehmensnachfolge.com\/wp-content\/uploads\/2019\/01\/Fotolia_5184563_M.jpg\" title=\"5 KERN-Markwert-Check &#8211; Schritt 1.3\">                        <span><img width=\"320\" height=\"220\" src=\"https:\/\/www.kern-unternehmensnachfolge.com\/wp-content\/uploads\/2019\/01\/Fotolia_5184563_M-320x220.jpg\" alt=\"Ein Mann im Anzug schaut durch ein Fernglas\" decoding=\"async\" loading=\"lazy\" \/>                        <\/span>                    <\/a>\n<p><p>Wir verschaffen uns ein Bild \u00fcber die Branche, die Verh\u00e4ltnisse im Markt\u00a0sowie die zuk\u00fcnftige Marktentwicklung in Verbindung zu den m\u00f6glichen K\u00e4uferzielgruppen.<\/p>\n<\/p>\n<p>                                                                                                <a href=\"https:\/\/www.kern-unternehmensnachfolge.com\/timeline\/5654-2-2\/\" title=\"5 KERN-Markwert-Check &#8211; Schritt 1.3\"><\/a>                <\/li>\n<li data-id=\"filter-5868_5901\">                                            <span><span>Verkaufsstrategie<\/span><\/span>                <span><\/span>                                                            <a href=\"https:\/\/www.kern-unternehmensnachfolge.com\/wp-content\/uploads\/2019\/01\/Fotolia_196990765_M.jpg\" title=\"6 KERN-Markwert-Check &#8211; Schritt 1.4\">                        <span><img width=\"320\" height=\"220\" src=\"https:\/\/www.kern-unternehmensnachfolge.com\/wp-content\/uploads\/2019\/01\/Fotolia_196990765_M-320x220.jpg\" alt=\"Mindmap zu Strategie mit Planung, Kompetenz, Weitsicht, Zielen, Finanzen uvm.\" decoding=\"async\" loading=\"lazy\" \/>                        <\/span>                    <\/a>\n<p><p>Wir sichten Ihre Unterlagen und besprechen mit Ihnen die n\u00e4chsten Schritte\u00a0 des anonymen KERN-MarktWertChecks (Stolpersteine f\u00fcr einen Verkauf, Ma\u00dfnahmen zur Vorbereitung, Besonderheiten im anonymen Bieterverfahren, Datenaufbereitung f\u00fcr eine m\u00f6gliche, sp\u00e4tere K\u00e4uferpr\u00fcfung, Definition des Verkaufsumfangs usw.) Was soll verkauft werden, was soll m\u00f6glicherweise nicht verkauft werden?<\/p>\n<\/p>\n<p>                                                                                                <a href=\"https:\/\/www.kern-unternehmensnachfolge.com\/timeline\/5655-2-2\/\" title=\"6 KERN-Markwert-Check &#8211; Schritt 1.4\"><\/a>                <\/li>\n<li data-id=\"filter-5868_5899\">                                            <span><span>Wertindikation aus K\u00e4ufersicht<\/span><\/span>                <span><\/span>                                                            <a href=\"https:\/\/www.kern-unternehmensnachfolge.com\/wp-content\/uploads\/2019\/01\/Fotolia_53282796_XS.jpg\" title=\"7 KERN-Markwert-Check &#8211; Schritt 2\">                        <span><img width=\"320\" height=\"220\" src=\"https:\/\/www.kern-unternehmensnachfolge.com\/wp-content\/uploads\/2019\/01\/Fotolia_53282796_XS-320x220.jpg\" alt=\"\" decoding=\"async\" loading=\"lazy\" \/>                        <\/span>                    <\/a>\n<p><p>Bei einem &#8222;direkten&#8220; Verkauf einer Firma w\u00fcrden wir Sie jetzt an dieser Stelle \u00fcber Bewertungsverfahren informieren.<\/p>\n<p>&nbsp;<\/p>\n<p>Beim anonymen KERN-MarktWertCheck entf\u00e4llt der Aufwand und die Investition f\u00fcr diese Ermittlung. Wir lassen die m\u00f6glichen Investoren und K\u00e4ufer den Preis Ihrer Firma f\u00fcr einen m\u00f6glichen Verkauf einsch\u00e4tzen und begr\u00fcnden.<\/p>\n<p>&nbsp;<\/p>\n<p>Wir fordern jeden Interessenten auf, mehrstufig und je nach Erhalt von anonymisierten Informationen indikative Angebote abzugeben.<\/p>\n<p>So erhalten Sie sich in diesem besonderen Verfahren die Freiheit, sich die m\u00f6glichen K\u00e4ufer auszusuchen, die Ihnen nicht nur einen soliden und fairen Kaufpreis anbieten, sondern erweitert auch ein gutes Konzept f\u00fcr die Fortf\u00fchrung Ihrer Unternehmung vorlegen. Das in Ihrem Fall eingesetzte Bieterverfahren &#8222;garantiert&#8220; den m\u00f6glichen, maximalen Preis aus der Sicht des Marktes.<\/p>\n<p>Wir informieren Sie \u00fcber unsere pers\u00f6nliche Wert-Einsch\u00e4tzung aus den uns bekannten Zahlen Ihrer Firma und gleichen im Austausch mit Ihnen diese Preisperspektive ab.<\/p>\n<\/p>\n<p>                                                                                                <a href=\"https:\/\/www.kern-unternehmensnachfolge.com\/timeline\/schritt-2-2-2\/\" title=\"7 KERN-Markwert-Check &#8211; Schritt 2\"><\/a>            <span>Werteinsch\u00e4tzung <\/span>    <\/li>\n<li data-id=\"filter-5868_5898\">                                            <span><span>Anonymes Firmenportr\u00e4t<\/span><\/span>                <span><\/span>                                                            <a href=\"https:\/\/www.kern-unternehmensnachfolge.com\/wp-content\/uploads\/2019\/02\/AdobeStock_46402337.jpeg\" title=\"8 KERN-Markwert-Check &#8211; Schritt 3.1\">                        <span><img width=\"320\" height=\"220\" src=\"https:\/\/www.kern-unternehmensnachfolge.com\/wp-content\/uploads\/2019\/02\/AdobeStock_46402337-320x220.jpeg\" alt=\"Eine wei\u00dfe Tastatur mit einem orangenem Klebezettel darauf: Anonym\" decoding=\"async\" loading=\"lazy\" srcset=\"https:\/\/www.kern-unternehmensnachfolge.com\/wp-content\/uploads\/2019\/02\/AdobeStock_46402337-320x220.jpeg 320w, https:\/\/www.kern-unternehmensnachfolge.com\/wp-content\/uploads\/2019\/02\/AdobeStock_46402337-474x324.jpeg 474w\" sizes=\"auto, (max-width: 320px) 100vw, 320px\" \/>                        <\/span>                    <\/a>\n<p><p>Wir bereiten Ihre Daten in diskussionsf\u00e4higer Gliederung, Form und Struktur auf (Vorbereitung analog zum Inhalt des zuk\u00fcnftigen Expos\u00e9s Ihres Unternehmens \u2013 Sie erhalten eine Checkliste zur Unterst\u00fctzung von KERN).<\/p>\n<p>Aus der Beantwortung unserer Fragen und den von Ihnen zur Verf\u00fcgung gestellten Daten, entsteht so in einem der n\u00e4chsten Schritte ein komplett anonymes Verkaufsexpos\u00e9.<\/p>\n<\/p>\n<p>                                                                                                <a href=\"https:\/\/www.kern-unternehmensnachfolge.com\/timeline\/schritt-3-1-2-2\/\" title=\"8 KERN-Markwert-Check &#8211; Schritt 3.1\"><\/a>            <span>Verkaufsunterlagen und Vertrieb<\/span>    <\/li>\n<li data-id=\"filter-5868_5896\">                                            <span><span>\u00dcberzeugen<\/span><\/span>                <span><\/span>                                                            <a href=\"https:\/\/www.kern-unternehmensnachfolge.com\/wp-content\/uploads\/2019\/01\/Fotolia_244938981_M.jpg\" title=\"9 KERN-Markwert-Check &#8211; Schritt 3.2\">                        <span><img width=\"320\" height=\"220\" src=\"https:\/\/www.kern-unternehmensnachfolge.com\/wp-content\/uploads\/2019\/01\/Fotolia_244938981_M-320x220.jpg\" alt=\"Stark l\u00e4chelnder Mann, der die Hand zur italienisches Geste f\u00fcr bene hebt\" decoding=\"async\" loading=\"lazy\" \/>                        <\/span>                    <\/a>\n<p><p>Wir erarbeiten mit Ihnen Argumente f\u00fcr m\u00f6gliche Investorenfragen zu den anonymen Unterlagen und pr\u00fcfen gemeinsam die Nachhaltigkeit der Argumente.<\/p>\n<\/p>\n<p>                                                                                                <a href=\"https:\/\/www.kern-unternehmensnachfolge.com\/timeline\/schritt-3-2-2-2\/\" title=\"9 KERN-Markwert-Check &#8211; Schritt 3.2\"><\/a>                <\/li>\n<li data-id=\"filter-5868_5894\">                                            <span><span>Das Auge isst mit<\/span><\/span>                <span><\/span>                                                            <a href=\"https:\/\/www.kern-unternehmensnachfolge.com\/wp-content\/uploads\/2019\/01\/26.01.jpg\" title=\"10 K.E.R.N.-Markwert-Check &#8211; Schritt 3.4\">                        <span><img width=\"320\" height=\"220\" src=\"https:\/\/www.kern-unternehmensnachfolge.com\/wp-content\/uploads\/2019\/01\/26.01-320x220.jpg\" alt=\"Expos\u00e9-Deckblatt der Time Work GmbH mit Foto einer Industrielandschaft\" decoding=\"async\" loading=\"lazy\" \/>                        <\/span>                    <\/a>\n<p><p>Wir erstellen ein anonymes Informations-Memorandum (Expos\u00e9), ggf. auch in Fremdsprachen Ihrer Wahl bzw. Notwendigkeit der Zielgruppe (nach Aufwand). Darin werden auch die wichtigsten betriebswirtschaftlichen Kennzahlen der Vergangenheit, Gegenwart und Zukunft integriert.<\/p>\n<p>Wir achten auf eine eher abstrakte Beschreibung Ihres Gesch\u00e4ftsmodells, so dass keine Identifizierung erfolgen kann. Es kann also i.d.R. kein Wettbewerber am Markt erkennen, dass Sie mit Ihrem Unternehmen in einer m\u00f6glichen Nachfolgesicherung unterwegs sind.<\/p>\n<p>Dieses Memorandum wird von Ihnen gepr\u00fcft und freigegeben.<\/p>\n<\/p>\n<p>                                                                                                <a href=\"https:\/\/www.kern-unternehmensnachfolge.com\/timeline\/schritt-3-4-2-2\/\" title=\"10 K.E.R.N.-Markwert-Check &#8211; Schritt 3.4\"><\/a>                <\/li>\n<li data-id=\"filter-5868_5893\">                                            <span><span>Klarheit<\/span><\/span>                <span><\/span>                                                            <a href=\"https:\/\/www.kern-unternehmensnachfolge.com\/wp-content\/uploads\/2019\/01\/F\u00fcsse-Entscheidung.jpg\" title=\"11 K.E.R.N.-Markwert-Check &#8211; Schritt 3.5\">                        <span><img width=\"320\" height=\"220\" src=\"https:\/\/www.kern-unternehmensnachfolge.com\/wp-content\/uploads\/2019\/01\/F\u00fcsse-Entscheidung-320x220.jpg\" alt=\"Blick auf ein paar F\u00fc\u00dfe an einem Scheideweg stehend\" decoding=\"async\" loading=\"lazy\" \/>                        <\/span>                    <\/a>\n<p><p>Wir besprechen vorsorglich ein \u201eDeal Design\u201c mit Varianten f\u00fcr Sie und potenzielle K\u00e4ufer. Sollten Sie sich nach dem MarktWertCheck f\u00fcr eine Transaktion entscheiden, sind Sie gut vorbereitet und schnell entscheidungsf\u00e4hig.<\/p>\n<p>Dazu geh\u00f6rt u.a.: Wie k\u00f6nnen unterschiedliche Szenarien f\u00fcr unterschiedliche K\u00e4ufer aussehen?<\/p>\n<p>Was hat dabei juristisch und steuerlich eine Bedeutung und Auswirkung?<\/p>\n<p>&nbsp;<\/p>\n<\/p>\n<p>                                                                                                <a href=\"https:\/\/www.kern-unternehmensnachfolge.com\/timeline\/schritt-3-5-2-2\/\" title=\"11 K.E.R.N.-Markwert-Check &#8211; Schritt 3.5\"><\/a>                <\/li>\n<li data-id=\"filter-5868_5892\">                                            <span><span>Wer, wo und wie<\/span><\/span>                <span><\/span>                                                            <a href=\"https:\/\/www.kern-unternehmensnachfolge.com\/wp-content\/uploads\/2019\/01\/Fotolia_5996483_XS.jpg\" title=\"12 K.E.R.N.-Markwert-Check &#8211; Schritt 3.6\">                        <span><img width=\"320\" height=\"220\" src=\"https:\/\/www.kern-unternehmensnachfolge.com\/wp-content\/uploads\/2019\/01\/Fotolia_5996483_XS-320x220.jpg\" alt=\"Grafik von 7 schwarzen M\u00e4nnchen mit einem orangenen M\u00e4nnchen in der Mitte\" decoding=\"async\" loading=\"lazy\" \/>                        <\/span>                    <\/a>\n<p><p>Aus unseren Vorgespr\u00e4chen definieren\u00a0 wir jetzt final die prim\u00e4ren und sekund\u00e4ren K\u00e4ufergruppen und erstellen eine Liste aller potenziellen Interessenten.<\/p>\n<p>Diese umfangreiche Vorbereitung dient der passgenauen Ansprache von strategischen Kaufinteressenten und m\u00f6glichen Finanz- und Privatinvestoren.<\/p>\n<p>Diese Liste wird ebenfalls von Ihnen gepr\u00fcft und freigegeben.<\/p>\n<p>So stellen wir sicher, dass nur die m\u00f6glichen K\u00e4ufer angesprochen werden, die Sie im Idealfall auch akzeptieren w\u00fcrden.<\/p>\n<\/p>\n<p>                                                                                                <a href=\"https:\/\/www.kern-unternehmensnachfolge.com\/timeline\/schritt-3-6-2-2\/\" title=\"12 K.E.R.N.-Markwert-Check &#8211; Schritt 3.6\"><\/a>                <\/li>\n<li data-id=\"filter-5868_5890\">                                            <span><span>Sie entscheiden. Immer.<\/span><\/span>                <span><\/span>                                                            <a href=\"https:\/\/www.kern-unternehmensnachfolge.com\/wp-content\/uploads\/2019\/01\/Fotolia_128376149_M.jpg\" title=\"13 K.E.R.N.-Markwert-Check &#8211; Schritt 3.8\">                        <span><img width=\"320\" height=\"220\" src=\"https:\/\/www.kern-unternehmensnachfolge.com\/wp-content\/uploads\/2019\/01\/Fotolia_128376149_M-320x220.jpg\" alt=\"Eine Hand hakt Punkte einer Liste mit H\u00e4kchen ab\" decoding=\"async\" loading=\"lazy\" \/>                        <\/span>                    <\/a>\n<p><p>Da Sicherheit und Diskretion in diesem Verfahren oberste Priorit\u00e4t genie\u00dfen, unterstreichen wir an dieser Stelle noch einmal die Absicherung durch Ihre Kontrolle der Unterlagen: S\u00e4mtliche anonymen Darstellungen Ihrer Firma werden von Ihnen gepr\u00fcft und explizit freigegeben. So wissen Sie genau was andere \u00fcber Ihre Firma erfahren k\u00f6nnen und bleiben auch an dieser Stelle im Prozess immer die Entscheiderin\/der Entscheider des Verfahrens.<\/p>\n<p>Parallel informieren wir Sie auf Wunsch schon jetzt \u00fcber m\u00f6gliche Pr\u00fcfungsverfahren eines \u00dcbernehmers und bereiten Sie mit ausf\u00fchrlichen Checklisten f\u00fcr eine professionelle Datenpr\u00e4sentation vor.<\/p>\n<\/p>\n<p>                                                                                                <a href=\"https:\/\/www.kern-unternehmensnachfolge.com\/timeline\/schritt-3-8-2-2\/\" title=\"13 K.E.R.N.-Markwert-Check &#8211; Schritt 3.8\"><\/a>                <\/li>\n<li data-id=\"filter-5868_5889\">                                            <span><span>International und\/oder national<\/span><\/span>                <span><\/span>                                                            <a href=\"https:\/\/www.kern-unternehmensnachfolge.com\/wp-content\/uploads\/2019\/01\/Fotolia_40471867_M.jpg\" title=\"14 K.E.R.N.-Markwert-Check &#8211; Schritt 4.1\">                        <span><img width=\"320\" height=\"220\" src=\"https:\/\/www.kern-unternehmensnachfolge.com\/wp-content\/uploads\/2019\/01\/Fotolia_40471867_M-320x220.jpg\" alt=\"Eine Nadel mit blauem Kopf im Heuhaufen steckend\" decoding=\"async\" loading=\"lazy\" \/>                        <\/span>                    <\/a>\n<p><p>Wir sprechen die potenziellen Kaufinteressenten schriftlich und ggf. telefonisch an und \u00fcbermitteln erste anonyme Daten in Form einer erweiterten Kurzbeschreibung (Teaser).<\/p>\n<p>Erweitert durch Einzel- bzw. Telefoninterviews.<\/p>\n<p>Hierauf m\u00fcssen die angesprochen K\u00e4uferzielgruppen bis zu einem vorgegebenen Datum ein erstes, indikatives Angebot f\u00fcr Ihre Firma abgeben. Wer kein Interesse hat, ist dann an dieser Stelle aus dem anonymen Bieterverfahren raus.<\/p>\n<\/p>\n<p>                                                                                                <a href=\"https:\/\/www.kern-unternehmensnachfolge.com\/timeline\/schritt-4-1-2-2\/\" title=\"14 K.E.R.N.-Markwert-Check &#8211; Schritt 4.1\"><\/a>            <span>Die Stecknadel im Heuhaufen<\/span>    <\/li>\n<li data-id=\"filter-5868_5888\">                                            <span><span>Gezielt Quellen anzapfen<\/span><\/span>                <span><\/span>                                                            <a href=\"https:\/\/www.kern-unternehmensnachfolge.com\/wp-content\/uploads\/2019\/01\/Fotolia_29029727_M.jpg\" title=\"15 K.E.R.N.-Markwert-Check &#8211; Schritt 4.2\">                        <span><img width=\"320\" height=\"220\" src=\"https:\/\/www.kern-unternehmensnachfolge.com\/wp-content\/uploads\/2019\/01\/Fotolia_29029727_M-320x220.jpg\" alt=\"Mann im h\u00e4lt links eine Packung Eier mit Fragezeichen und rechts eine Lupe hoch\" decoding=\"async\" loading=\"lazy\" \/>                        <\/span>                    <\/a>\n<p><p>Neben der zuvor erw\u00e4hnten, gezielten Einzelansprache, nutzen wir auf Wunsch unsere Kontakte zu Partnern, Banken und mehreren tausend geeigneten MBI-Kandidaten sowie nationalen und internationalen M&amp;A-Netzwerken mit gut 500.000 gepr\u00fcften Interessenten. Optional nutzen wir anonym auch die wichtigsten Firmen-B\u00f6rsen. Nur mit der reduzierten Kurzbeschreibung (Teaser).\u00a0 Sie erhalten immer, vor einer m\u00f6glichen \u00dcbergabe des ausf\u00fchrlichen und anonymisierten Informationsmemorandums,\u00a0 die Lebensl\u00e4ufe oder weiteren Firmenangaben von Investoren.<\/p>\n<p>Erst mit Ihrer Freigabe, vertiefen wir den Informationsaustausch. Durch den klar strukturieren Prozessablauf und vorgegebenen Zeiten, m\u00fcssen sich alle angesprochen Interessenten f\u00fcr oder gegen ein Interesse und eine Wertindikation entscheiden.<\/p>\n<\/p>\n<p>                                                                                                <a href=\"https:\/\/www.kern-unternehmensnachfolge.com\/timeline\/schritt-4-2-2-2\/\" title=\"15 K.E.R.N.-Markwert-Check &#8211; Schritt 4.2\"><\/a>                <\/li>\n<li data-id=\"filter-5868_5887\">                                            <span><span>Verpflichtung zur Vertraulichkeit<\/span><\/span>                <span><\/span>                                                            <a href=\"https:\/\/www.kern-unternehmensnachfolge.com\/wp-content\/uploads\/2019\/01\/Fotolia_79729651_M.jpg\" title=\"16 K.E.R.N.-Markwert-Check &#8211; Schritt 4.3\">                        <span><img width=\"320\" height=\"220\" src=\"https:\/\/www.kern-unternehmensnachfolge.com\/wp-content\/uploads\/2019\/01\/Fotolia_79729651_M-320x220.jpg\" alt=\"Eine Tastatur mit einer leuchtend roten Taste und der Aufschrift &quot;Datenschutz&quot;\" decoding=\"async\" loading=\"lazy\" \/>                        <\/span>                    <\/a>\n<p><p>Zus\u00e4tzlich, zur Anonymit\u00e4t der Unterlagen gilt: Mit der ersten Wertindikation durch den m\u00f6glichen K\u00e4ufer und einer weiteren Freigabe Ihrerseits, kann der Interessent gegen Unterzeichnung einer separaten Geheimhaltungsvereinbarung, die weiteren, anonymen Unternehmensdaten aus dem Memorandum f\u00fcr eine weitere Wertindikation erhalten.<\/p>\n<p>&nbsp;<\/p>\n<p>Es gibt also zwei Abfrage-Runden:<\/p>\n<p>Runde 1 per Teaser ergibt die erste, grobe Wertindikation.<\/p>\n<p>Runde 2 mit Geheimhaltungserkl\u00e4rung und dem Memorandum, ergibt das zweite, belastbarere Kaufpreisangebot durch den m\u00f6glichen K\u00e4ufer.<\/p>\n<p>&nbsp;<\/p>\n<p>Danach entscheiden Sie \u00fcber weitere Schritte oder brechen den Prozess ab.<\/p>\n<\/p>\n<p>                                                                                                <a href=\"https:\/\/www.kern-unternehmensnachfolge.com\/timeline\/schritt-4-3-2-2\/\" title=\"16 K.E.R.N.-Markwert-Check &#8211; Schritt 4.3\"><\/a>                <\/li>\n<li data-id=\"filter-5868_5885\">                                            <span><span>Kritische Selektion<\/span><\/span>                <span><\/span>                                                            <a href=\"https:\/\/www.kern-unternehmensnachfolge.com\/wp-content\/uploads\/2019\/01\/Fotolia_24287277_S.jpg\" title=\"17 K.E.R.N.-Markwert-Check &#8211; Schritt 4.5\">                        <span><img width=\"320\" height=\"220\" src=\"https:\/\/www.kern-unternehmensnachfolge.com\/wp-content\/uploads\/2019\/01\/Fotolia_24287277_S-320x220.jpg\" alt=\"Nahaufnahme eine Weizen\u00e4hre vor blauem Himmel\" decoding=\"async\" loading=\"lazy\" \/>                        <\/span>                    <\/a>\n<p><p>Wir selektieren und qualifizieren die Interessenten \u00fcber die abgegebenen Kaufpreisangebote. Sie erhalten alle Angebote \u00fcbersichtlich zusammen gestellt und haben damit eine reale Markteinsch\u00e4tzung zum m\u00f6glichen Wert und Kaufpreis Ihres Unternehmens.<\/p>\n<p>Durch die erhaltenen Kaufpreisangebote, die Herleitungsdarstellung der K\u00e4ufer zu deren Preisvorstellung und m\u00f6glichen Hinweisen zur weiteren Ausrichtung Ihrer Firma nach einer \u00dcbergabe, ergibt sich f\u00fcr Sie ein \u00fcbersichtliches Bild f\u00fcr eine m\u00f6gliche Entscheidung.<\/p>\n<p>Nun hat sich die Spreu vom Weizen getrennt.<\/p>\n<\/p>\n<p>                                                                                                <a href=\"https:\/\/www.kern-unternehmensnachfolge.com\/timeline\/schritt-4-5-2-2\/\" title=\"17 K.E.R.N.-Markwert-Check &#8211; Schritt 4.5\"><\/a>                <\/li>\n<li data-id=\"filter-5868_5884\">                                            <span><span>Die Entscheidung<\/span><\/span>                <span><\/span>                                                            <a href=\"https:\/\/www.kern-unternehmensnachfolge.com\/wp-content\/uploads\/2019\/02\/Fotolia_55172101_XS.jpg\" title=\"18 K.E.R.N.-Markwert-Check &#8211; Schritt 5.1\">                        <span><img width=\"320\" height=\"220\" src=\"https:\/\/www.kern-unternehmensnachfolge.com\/wp-content\/uploads\/2019\/02\/Fotolia_55172101_XS-320x220.jpg\" alt=\"Hand schreibt mit blauem Marker an eine Scheibe: What\u00b4s your Dream?\" decoding=\"async\" loading=\"lazy\" \/>                        <\/span>                    <\/a>\n<p><p>Der Prozess des KERN-MarktWertChecks ist nun abgeschlossen.<\/p>\n<p>Sie sind in der komfortablen Situation, die Marktlage zu einem Verkauf Ihrer Unternehmung realistisch einsch\u00e4tzen zu k\u00f6nnen und haben Zeit um in Ruhe eine Entscheidung zu f\u00e4llen.<\/p>\n<p>Durch die komplette Anonymit\u00e4t dieses Verfahrens, k\u00f6nnen Sie Ihr Unternehmen weiter fortf\u00fchren oder entscheiden sich direkt f\u00fcr einen Verkauf und konkrete Verhandlungen mit den interessantesten K\u00e4ufern.<\/p>\n<p>Eine angenehme Auswahl!<\/p>\n<\/p>\n<p>                                                                                                <a href=\"https:\/\/www.kern-unternehmensnachfolge.com\/timeline\/schritt-5-1-2-2\/\" title=\"18 K.E.R.N.-Markwert-Check &#8211; Schritt 5.1\"><\/a>            <span>Pause oder Verkauf?<\/span>    <\/li>\n<li data-id=\"filter-5868_5883\">                                            <span><span>Freiheit<\/span><\/span>                <span><\/span>                                                            <a href=\"https:\/\/www.kern-unternehmensnachfolge.com\/wp-content\/uploads\/2019\/02\/Fotolia_83979575_S.jpg\" title=\"19 K.E.R.N.-Markwert-Check &#8211; Schritt 5.2\">                        <span><img width=\"320\" height=\"220\" src=\"https:\/\/www.kern-unternehmensnachfolge.com\/wp-content\/uploads\/2019\/02\/Fotolia_83979575_S-320x220.jpg\" alt=\"Ein Berater sch\u00fcttelt einem Kunden die Hand und l\u00e4chelt dabei\" decoding=\"async\" loading=\"lazy\" srcset=\"https:\/\/www.kern-unternehmensnachfolge.com\/wp-content\/uploads\/2019\/02\/Fotolia_83979575_S-320x220.jpg 320w, https:\/\/www.kern-unternehmensnachfolge.com\/wp-content\/uploads\/2019\/02\/Fotolia_83979575_S-474x324.jpg 474w\" sizes=\"auto, (max-width: 320px) 100vw, 320px\" \/>                        <\/span>                    <\/a>\n<p><p>Wenn Sie jetzt mit einem zeitnahen Verkauf lieb\u00e4ugeln, k\u00f6nnen Sie sich \u00fcber den folgenden Link zu den weiteren Prozess-Schritten f\u00fcr eine gew\u00fcnschte Transaktion informieren:<a href=\"https:\/\/www.kern-unternehmensnachfolge.com\/fahrplan\/\"> Information Verkauf<\/a><\/p>\n<p>&nbsp;<\/p>\n<p>Wir bleiben gerne weiter an Ihrer Seite und k\u00f6nnen auf Wunsch nahtlos den Verkauf Ihrer Unternehmung umsetzen.<\/p>\n<\/p>\n<p>                                                                                                <a href=\"https:\/\/www.kern-unternehmensnachfolge.com\/timeline\/schritt-5-2-2-2\/\" title=\"19 K.E.R.N.-Markwert-Check &#8211; Schritt 5.2\"><\/a>                <\/li>\n<li data-id=\"filter-5868_5873\">                                            <span><span>Klarheit &#8211; So oder so!<\/span><\/span>                <span><\/span>                                        <a href=\"https:\/\/www.kern-unternehmensnachfolge.com\/wp-content\/uploads\/2019\/01\/Fotolia_177244082_V_S.mp4\">https:\/\/www.kern-unternehmensnachfolge.com\/wp-content\/uploads\/2019\/01\/Fotolia_177244082_V_S.mp4<\/a>\n<p><p>Sie haben Ihr Ziel erfolgreich erreicht \u2013 Sie wissen was der Markt real bereit ist in Ihre Firma bei einem Verkauf zu investieren.<\/p>\n<p>&nbsp;<\/p>\n<p>Oder Sie haben sich entschieden, jetzt gleich den Verkauf umzusetzen.<\/p>\n<p>&nbsp;<\/p>\n<p>So oder so &#8211; Mit dem KERN-MarktWertCheck haben Sie Fakten erhalten, sind anonym geblieben und konnten mit dem Ergebnis in Freiheit Ihre Entscheidung f\u00e4llen.<\/p>\n<p>Gl\u00fcckwunsch zu dieser strategisch bedeutsamen Zielerreichung und Umsetzung.<\/p>\n<p> [\/video]<\/p>\n<\/p>\n<p>                                                                                                <a href=\"https:\/\/www.kern-unternehmensnachfolge.com\/timeline\/ziel-erreicht-2-2\/\" title=\"20 K.E.R.N.-Markwert-Check &#8211; Sie haben Ihr Ziel erfolgreich erreicht\"><\/a>            <span>Herzlichen Gl\u00fcckwunsch!<\/span>    <\/li>\n<\/ul>\n<p>            <span data-id=\"timeline-5868\"><\/span><span id=\"filter-5868_5906\">Warum jetzt?<\/span><span id=\"filter-5868_5905\">Begeisterte Kunden<\/span><span id=\"filter-5868_5904\">Die Analyse<\/span><span id=\"filter-5868_5903\">Insiderwissen<\/span><span id=\"filter-5868_5902\">Marktbetrachtung<\/span><span id=\"filter-5868_5901\">Verkaufsstrategie<\/span><span id=\"filter-5868_5899\">Wertindikation aus K\u00e4ufersicht<\/span><span id=\"filter-5868_5898\">Anonymes Firmenportr\u00e4t<\/span><span id=\"filter-5868_5896\">\u00dcberzeugen<\/span><span id=\"filter-5868_5894\">Das Auge isst mit<\/span><span id=\"filter-5868_5893\">Klarheit<\/span><span id=\"filter-5868_5892\">Wer, wo und wie<\/span><span id=\"filter-5868_5890\">Sie entscheiden. Immer.<\/span><span id=\"filter-5868_5889\">International und\/oder national<\/span><span id=\"filter-5868_5888\">Gezielt Quellen anzapfen<\/span><span id=\"filter-5868_5887\">Verpflichtung zur Vertraulichkeit<\/span><span id=\"filter-5868_5885\">Kritische Selektion<\/span><span id=\"filter-5868_5884\">Die Entscheidung<\/span><span id=\"filter-5868_5883\">Freiheit<\/span><span id=\"filter-5868_5873\">Klarheit &#8211; So oder so!<\/span>                <\/p>\n<p><span style=\"width: 100%;\"><img loading=\"lazy\" decoding=\"async\" alt=\"\" width=\"1280\" height=\"720\" title=\"KERN-Webinare\" data-id=\"4807\" src=\"https:\/\/www.kern-unternehmensnachfolge.com\/wp-content\/uploads\/2018\/12\/KERN-Webinare.png\" style=\"\"><\/span><\/p>\n<h3>Die 7 teuersten Fehler bei der Unternehmensbewertung f\u00fcr K\u00e4ufer oder Verk\u00e4ufer<\/h3>\n<p>Sie lernen, welche Faktoren die Wertetreiber und Wertvernichter sind. Und Sie erfahren, wie Sie die 7 teuersten Fehler in einer <a href=\"https:\/\/www.kern-unternehmensnachfolge.com\/unternehmensbewertung-so-viel-ist-ihre-firma-wert\/\" target=\"_blank\" style=\"outline: none;\" data-lt-tmp-id=\"lt-939499\" spellcheck=\"false\">Unternehmensbewertung<\/a> aus der Sicht als K\u00e4ufer oder Verk\u00e4ufer vermeiden k\u00f6nnen.&nbsp;<\/p>\n","protected":false},"excerpt":{"rendered":"<p>Ihr pers\u00f6nlicher Fahrplan zum anonymen KERN &#8211; MarktWertCheck Wir sind spezialisiert auf die Begleitung von mittelst\u00e4ndischen Unternehmen in allen Aufgabenstellungen [&hellip;]<\/p>\n","protected":false},"author":1,"featured_media":0,"parent":0,"menu_order":0,"comment_status":"closed","ping_status":"closed","template":"","meta":{"wp_typography_post_enhancements_disabled":false,"_kad_blocks_custom_css":"","_kad_blocks_head_custom_js":"","_kad_blocks_body_custom_js":"","_kad_blocks_footer_custom_js":"","site-sidebar-layout":"no-sidebar","site-content-layout":"plain-container","ast-site-content-layout":"default","site-content-style":"default","site-sidebar-style":"default","ast-global-header-display":"","ast-banner-title-visibility":"","ast-main-header-display":"","ast-hfb-above-header-display":"","ast-hfb-below-header-display":"","ast-hfb-mobile-header-display":"","site-post-title":"disabled","ast-breadcrumbs-content":"","ast-featured-img":"","footer-sml-layout":"","ast-disable-related-posts":"","theme-transparent-header-meta":"default","adv-header-id-meta":"","stick-header-meta":"default","header-above-stick-meta":"","header-main-stick-meta":"","header-below-stick-meta":"","astra-migrate-meta-layouts":"default","ast-page-background-enabled":"default","ast-page-background-meta":{"desktop":{"background-color":"","background-image":"","background-repeat":"repeat","background-position":"center center","background-size":"auto","background-attachment":"scroll","background-type":"","background-media":"","overlay-type":"","overlay-color":"","overlay-opacity":"","overlay-gradient":""},"tablet":{"background-color":"","background-image":"","background-repeat":"repeat","background-position":"center center","background-size":"auto","background-attachment":"scroll","background-type":"","background-media":"","overlay-type":"","overlay-color":"","overlay-opacity":"","overlay-gradient":""},"mobile":{"background-color":"","background-image":"","background-repeat":"repeat","background-position":"center center","background-size":"auto","background-attachment":"scroll","background-type":"","background-media":"","overlay-type":"","overlay-color":"","overlay-opacity":"","overlay-gradient":""}},"ast-content-background-meta":{"desktop":{"background-color":"var(--ast-global-color-5)","background-image":"","background-repeat":"repeat","background-position":"center center","background-size":"auto","background-attachment":"scroll","background-type":"","background-media":"","overlay-type":"","overlay-color":"","overlay-opacity":"","overlay-gradient":""},"tablet":{"background-color":"var(--ast-global-color-5)","background-image":"","background-repeat":"repeat","background-position":"center center","background-size":"auto","background-attachment":"scroll","background-type":"","background-media":"","overlay-type":"","overlay-color":"","overlay-opacity":"","overlay-gradient":""},"mobile":{"background-color":"var(--ast-global-color-5)","background-image":"","background-repeat":"repeat","background-position":"center center","background-size":"auto","background-attachment":"scroll","background-type":"","background-media":"","overlay-type":"","overlay-color":"","overlay-opacity":"","overlay-gradient":""}},"iawp_total_views":3,"footnotes":""},"class_list":["post-5990","page","type-page","status-publish","hentry"],"taxonomy_info":[],"featured_image_src_large":false,"author_info":{"display_name":"filialleiter","author_link":"https:\/\/www.kern-unternehmensnachfolge.com\/en\/author\/filialleiter\/"},"comment_info":0,"_links":{"self":[{"href":"https:\/\/www.kern-unternehmensnachfolge.com\/en\/wp-json\/wp\/v2\/pages\/5990","targetHints":{"allow":["GET"]}}],"collection":[{"href":"https:\/\/www.kern-unternehmensnachfolge.com\/en\/wp-json\/wp\/v2\/pages"}],"about":[{"href":"https:\/\/www.kern-unternehmensnachfolge.com\/en\/wp-json\/wp\/v2\/types\/page"}],"author":[{"embeddable":true,"href":"https:\/\/www.kern-unternehmensnachfolge.com\/en\/wp-json\/wp\/v2\/users\/1"}],"replies":[{"embeddable":true,"href":"https:\/\/www.kern-unternehmensnachfolge.com\/en\/wp-json\/wp\/v2\/comments?post=5990"}],"version-history":[{"count":0,"href":"https:\/\/www.kern-unternehmensnachfolge.com\/en\/wp-json\/wp\/v2\/pages\/5990\/revisions"}],"wp:attachment":[{"href":"https:\/\/www.kern-unternehmensnachfolge.com\/en\/wp-json\/wp\/v2\/media?parent=5990"}],"curies":[{"name":"wp","href":"https:\/\/api.w.org\/{rel}","templated":true}]}}