{"id":36711,"date":"2026-03-31T13:50:34","date_gmt":"2026-03-31T11:50:34","guid":{"rendered":"https:\/\/www.kern-unternehmensnachfolge.com\/?page_id=36711"},"modified":"2026-04-10T09:15:26","modified_gmt":"2026-04-10T07:15:26","slug":"podcast-uebergabereif","status":"publish","type":"page","link":"https:\/\/www.kern-unternehmensnachfolge.com\/en\/podcast-uebergabereif\/","title":{"rendered":"Podcast \u2013 \u00dcbergabereif"},"content":{"rendered":"<p data-pm-slice=\"1 1 []\" style=\"text-align: left;\"><span style=\"font-weight: normal;\">Wann ist ein Unternehmen eigentlich \u00fcbergabereif?<\/span><\/p>\n<p data-pm-slice=\"1 1 []\" style=\"text-align: left;\"><span style=\"color: rgb(246, 246, 246) !important;\"><span style=\"--tcb-applied-color: rgb(246, 246, 246) !important;\"><\/span><\/span><span style=\"font-weight: normal;\"><span style=\"color: rgb(246, 246, 246) !important;\"><span style=\"--tcb-applied-color: rgb(246, 246, 246) !important;\">Gen<\/span><\/span>au darum geht\u2019s hier!<\/span><\/p>\n<h1 style=\"text-align: left;\"><span style=\"--tcb-text-highlight-color: rgba(177, 77, 77, 0) !important;\">\u00dcbergabereif<\/span><\/h1>\n<h2 style=\"text-align: left;\">Der Podcast f\u00fcr Unternehmensnachfolge<\/h2>\n<p><span><img decoding=\"async\" alt=\"\u00dcbergabereif - Unternehmer Podcast\" data-id=\"36723\" width=\"723\" data-init-width=\"1800\" height=\"512\" data-init-height=\"1273\" title=\"\u00dcbergabereif - Unternehmer Podcast\" src=\"https:\/\/www.kern-unternehmensnachfolge.com\/wp-content\/uploads\/2026\/03\/Uebergabereif-Unternehmer-Podcast.webp\" data-width=\"723\" data-height=\"512\" style=\"aspect-ratio: auto 1800 \/ 1273;\" loading=\"lazy\"><\/span><\/p>\n<h2 style=\"\"><strong>Steht bei Ihnen die n\u00e4chste gro\u00dfe Entscheidung an?<\/strong><\/h2>\n<p style=\"\">Die Regelung der Unternehmensnachfolge geh\u00f6rt zu den wichtigsten und gleichzeitig komplexesten Schritten im Unternehmertum. \u00dcbergabereif nimmt Sie mit in genau diese Phase: <strong>ehrlich und praxisnah<\/strong>.<\/p>\n<p style=\"\">Jede Folge beleuchtet einen zentralen Aspekt der Nachfolge von Unternehmensbewertung und Exit-Strategien bis hin zu rechtlichen und pers\u00f6nlichen Fragen.<\/p>\n<p style=\"\">Sie h\u00f6ren <strong>echte Erfahrungen, konkrete Einblicke und Perspektiven<\/strong> von Menschen, die diesen Weg bereits gegangen sind oder ihn t\u00e4glich begleiten.<\/p>\n<p style=\"\"><strong>F\u00fcr alle, die ihr Lebenswerk bewusst weitergeben und fundierte Entscheidungen treffen wollen.<\/strong><\/p>\n<p><span><a href=\"https:\/\/open.spotify.com\/show\/0hXLWhUX7Fq7srBW7xhJbs\" target=\"_blank\" rel=\"noopener\"><img decoding=\"async\" alt=\"spotify podcasts\" data-id=\"32481\" width=\"240\" height=\"58\" title=\"spotify podcasts\" src=\"https:\/\/www.kern-unternehmensnachfolge.com\/wp-content\/uploads\/2025\/01\/spotify-podcasts.png\" data-link-wrap=\"true\" data-width=\"240\" data-height=\"58\" data-init-width=\"456\" data-init-height=\"110\" style=\"aspect-ratio: auto 456 \/ 110;\" loading=\"lazy\"><\/a><\/span><span><a href=\"https:\/\/podcasts.google.com\/?feed=aHR0cHM6Ly9mZWVkLnBvZC5jby91bnRlcm5laG1lbnNuYWNoZm9sZ2U=\" target=\"_blank\" rel=\"noopener\"><img decoding=\"async\" alt=\"google podcasts\" data-id=\"32482\" width=\"240\" height=\"87\" title=\"google podcasts\" src=\"https:\/\/www.kern-unternehmensnachfolge.com\/wp-content\/uploads\/2025\/01\/google-podcasts.png\" data-link-wrap=\"true\" data-width=\"240\" data-height=\"87\" data-init-width=\"550\" data-init-height=\"200\" style=\"aspect-ratio: auto 550 \/ 200;\" loading=\"lazy\"><\/a><\/span><span><a href=\"https:\/\/music.amazon.de\/podcasts\/5ab4a8b2-858b-49d7-8602-eef6e32103e7\/kern---zukunft-f%C3%BCr-lebenswerke---unternehmensnachfolge-im-mittelstand\" target=\"_blank\" rel=\"noopener\"><img decoding=\"async\" alt=\"\" data-id=\"29998\" width=\"240\" height=\"58\" title=\"Bei amazon music anh\u00f6ren\" src=\"https:\/\/www.kern-unternehmensnachfolge.com\/wp-content\/uploads\/2024\/03\/DE_DE_ListenOn_AmazonMusic_Button_Charcoal.4980cd84.png\" style=\"aspect-ratio: auto 1377 \/ 334;\" data-link-wrap=\"true\" data-width=\"240\" data-height=\"58\" data-init-width=\"1377\" data-init-height=\"334\" loading=\"lazy\"><\/a><\/span><span><a href=\"https:\/\/podcasts.apple.com\/gb\/podcast\/kern-unternehmensnachfolge-erfolgreicher\/id1505493409\" target=\"_blank\" rel=\"noopener\"><img decoding=\"async\" alt=\"apple podcasts\" data-id=\"32483\" width=\"240\" height=\"61\" title=\"apple podcasts\" src=\"https:\/\/www.kern-unternehmensnachfolge.com\/wp-content\/uploads\/2025\/01\/apple-podcasts.jpg\" style=\"aspect-ratio: auto 2048 \/ 524;\" data-link-wrap=\"true\" data-width=\"240\" data-height=\"61\" data-init-width=\"2048\" data-init-height=\"524\" loading=\"lazy\"><\/a><\/span><span><a href=\"https:\/\/www.youtube.com\/playlist?list=PLDFgKUXk4_rtBbZ8Gb_5fgqCIsA8D7dv3\" target=\"_blank\" rel=\"noopener\"><img decoding=\"async\" alt=\"Youtube Podcasts\" data-id=\"32364\" width=\"238\" height=\"57\" title=\"Youtube Podcasts\" src=\"https:\/\/www.kern-unternehmensnachfolge.com\/wp-content\/uploads\/2025\/01\/Youtube-Podcasts.png\" data-link-wrap=\"true\" data-width=\"238\" data-height=\"57\" data-init-width=\"456\" data-init-height=\"110\" style=\"aspect-ratio: auto 456 \/ 110;\" loading=\"lazy\"><\/a><\/span><span><a href=\"https:\/\/www.podcast.de\/podcast\/1211912\/kern-zukunft-fuer-lebenswerke-unternehmensnachfolge-im-mittelstand\" target=\"_blank\" rel=\"noopener\"><img decoding=\"async\" alt=\"Podcast.de\" data-id=\"32366\" width=\"240\" height=\"58\" title=\"Podcast.de\" src=\"https:\/\/www.kern-unternehmensnachfolge.com\/wp-content\/uploads\/2025\/01\/Podcast-de.png\" data-link-wrap=\"true\" data-width=\"240\" data-height=\"58\" data-init-width=\"456\" data-init-height=\"110\" style=\"aspect-ratio: auto 456 \/ 110;\" loading=\"lazy\"><\/a><\/span><\/p>\n<h2 style=\"text-align: left;\"><span style=\"font-weight: normal;\">F\u00fcr Unternehmer, die weiterdenken!<\/span><\/h2>\n<p style=\"\"><strong>\u00dcbergabereif richtet sich an Unternehmer, Selbstst\u00e4ndige und Gr\u00fcnder, die sich aktiv mit ihrer Zukunft besch\u00e4ftigen.<\/strong><\/p>\n<p style=\"\">Jede Episode taucht tief in einen konkreten Aspekt der Unternehmensnachfolge ein.<\/p>\n<p style=\"\">Hier geht es um <strong>Klarheit, Orientierung <\/strong>und<strong>&nbsp;<\/strong><span style=\"font-weight: normal;\">um<\/span><strong> Entscheidungen<\/strong>, die wirklich tragen.<\/p>\n<p style=\"\">Video starten<\/p>\n<h2 data-pm-slice=\"1 1 []\"><span style=\"font-weight: normal;\">Diese Episoden bieten einen idealen Einstieg in das Thema Unternehmensnachfolge.<\/span><\/h2>\n<p style=\"\">Im Fokus stehen zentrale Fragen:<br \/>Wie wird ein Unternehmen bewertet?<br \/>Was macht eine gute \u00dcbergabestrategie aus?<br \/>Worauf kommt es in Verhandlungen wirklich an?<\/p>\n<p style=\"\">Jede Folge liefert konkrete Einblicke und hilft, ein besseres Verst\u00e4ndnis f\u00fcr die entscheidenden Stellschrauben zu entwickeln.<\/p>\n<p style=\"\"><strong>Jetzt reinh\u00f6ren und keine Folge verpassen!<\/strong><\/p>\n<p>[tcb-script src=&#8220;https:\/\/play.pod.co\/embed\/frame-v1.js&#8220;][\/tcb-script]<\/p>\n<h2>Werden Sie Gast im Podcast!<\/h2>\n<h4>Lust auf Austausch, Diskussion und vielleicht auch kontroversen Dialog?<\/h4>\n<h4>Direkt bewerben und vielleicht sehen und h\u00f6ren wir uns in einer der n\u00e4chsten Ausgaben. <br \/>Melden Sie sich ganz einfach hier mit Ihrem Thema bei uns!<\/h4>\n<h2><span style=\"font-weight: normal;\">Podcast f\u00fcr Unternehmer \u2013 Ihre Vorteile<\/span><\/h2>\n<p data-pm-slice=\"1 1 []\" style=\"\">Als Business Podcaster verstehen wir die Herausforderungen und Chancen, die Social Media f\u00fcr Unternehmer bereith\u00e4lt. Wir bieten Ihnen fundierte Gedanken und L\u00f6sungen, die Ihnen helfen als Unternehmer erfolgreich zu sein.<\/p>\n<h3 data-pm-slice=\"1 1 []\" style=\"text-align: left;\">Warum \u00dcbergabereif h\u00f6ren?<\/h3>\n<h2 style=\"text-align: left;\">1<\/h2>\n<p id=\"t-1697638135221\" style=\"text-align: left;\"><span style=\"font-weight: normal;\">Klarheit statt Theorie<\/span><\/p>\n<p style=\"\">Verst\u00e4ndliche Einblicke in ein komplexes Thema auf den Punkt gebracht.<\/p>\n<h2 style=\"text-align: left;\">2<\/h2>\n<p id=\"t-1697638135221\" style=\"text-align: left;\"><span style=\"font-weight: normal;\">Relevante Perspektiven<\/span><\/p>\n<p style=\"\">Erfahrungen, Einsch\u00e4tzungen und Denkweisen aus der Praxis.<\/p>\n<h2 style=\"text-align: left;\">3<\/h2>\n<p id=\"t-1697638135221\" style=\"text-align: left;\"><span style=\"font-weight: normal;\">Bessere Entscheidungen<\/span><\/p>\n<p style=\"line-height: 1.65em !important;\">Impulse, die helfen, die eigene Nachfolge aktiv zu gestalten.<\/p>\n<h2 style=\"text-align: left;\">4<\/h2>\n<p id=\"t-1697638135221\" style=\"text-align: left;\"><span style=\"font-weight: normal;\">Flexibel h\u00f6r<span style=\"\">e<\/span>n<\/span><\/p>\n<p style=\"line-height: 1.65em !important;\">Wann und wo es f\u00fcr Sie passt.<\/p>\n<h2 data-pm-slice=\"1 1 []\" style=\"text-align: center;\"><span style=\"font-weight: normal;\"><span style=\"--tcb-applied-color: rgb(12, 50, 110) !important; color: rgb(12, 50, 110) !important;\">FAQ &#8211; Podcast f\u00fcr Unternehmer &#8211; Experten antworten<\/span><\/span><\/h2>\n<h2 style=\"\">Redaktionsteam<\/h2>\n<p><span><img decoding=\"async\" alt=\"Wolfgang B\u00fcrger\" data-id=\"24209\" width=\"285\" data-init-width=\"1680\" height=\"285\" data-init-height=\"1680\" title=\"Wolfgang B\u00fcrger 0223\" src=\"https:\/\/www.kern-unternehmensnachfolge.com\/wp-content\/uploads\/2022\/09\/Wolfgang-Buerger-0223-scaled.jpg\" data-width=\"285\" data-height=\"285\" style=\"aspect-ratio: auto 1680 \/ 1680;\" loading=\"lazy\"><\/span><\/p>\n<p style=\"text-align: center;\">Wolfgang B\u00fcrger<\/p>\n<p><span><img decoding=\"async\" alt=\"Roland Greppmair\" data-id=\"36750\" width=\"285\" data-init-width=\"512\" height=\"285\" data-init-height=\"512\" title=\"Roland Greppmair\" src=\"https:\/\/www.kern-unternehmensnachfolge.com\/wp-content\/uploads\/2026\/03\/Roland-Greppmair.webp\" data-width=\"285\" data-height=\"285\" style=\"aspect-ratio: auto 512 \/ 512;\" loading=\"lazy\"><\/span><\/p>\n<p style=\"text-align: center;\">Roland Greppmair<\/p>\n<p><span><img decoding=\"async\" alt=\"Holger Habermann\" data-id=\"36751\" width=\"285\" data-init-width=\"512\" height=\"285\" data-init-height=\"512\" title=\"Holger Habermann\" src=\"https:\/\/www.kern-unternehmensnachfolge.com\/wp-content\/uploads\/2026\/03\/Holger-Habermann.webp\" data-width=\"285\" data-height=\"285\" style=\"aspect-ratio: auto 512 \/ 512;\" loading=\"lazy\"><\/span><\/p>\n<p style=\"text-align: center;\">Holger Habermann<\/p>\n<p><span><img decoding=\"async\" alt=\"KERN - Nils Koerber\" data-id=\"36766\" width=\"272\" data-init-width=\"450\" height=\"272\" data-init-height=\"450\" title=\"KERN - Nils Koerber\" src=\"https:\/\/www.kern-unternehmensnachfolge.com\/wp-content\/uploads\/2026\/04\/KERN-Nils-Koerber.webp\" data-width=\"272\" data-height=\"272\" style=\"aspect-ratio: auto 450 \/ 450;\" loading=\"lazy\"><\/span><\/p>\n<p style=\"text-align: center;\">Nils Koerber<\/p>\n","protected":false},"excerpt":{"rendered":"<p>Wann ist ein Unternehmen eigentlich \u00fcbergabereif? Genau darum geht\u2019s hier! \u00dcbergabereif Der Podcast f\u00fcr Unternehmensnachfolge Steht bei Ihnen die n\u00e4chste [&hellip;]<\/p>\n","protected":false},"author":84,"featured_media":31004,"parent":0,"menu_order":0,"comment_status":"closed","ping_status":"closed","template":"","meta":{"wp_typography_post_enhancements_disabled":false,"_kad_blocks_custom_css":"","_kad_blocks_head_custom_js":"","_kad_blocks_body_custom_js":"","_kad_blocks_footer_custom_js":"","site-sidebar-layout":"no-sidebar","site-content-layout":"plain-container","ast-site-content-layout":"normal-width-container","site-content-style":"unboxed","site-sidebar-style":"unboxed","ast-global-header-display":"disabled","ast-banner-title-visibility":"","ast-main-header-display":"","ast-hfb-above-header-display":"","ast-hfb-below-header-display":"","ast-hfb-mobile-header-display":"","site-post-title":"disabled","ast-breadcrumbs-content":"","ast-featured-img":"disabled","footer-sml-layout":"","ast-disable-related-posts":"","theme-transparent-header-meta":"default","adv-header-id-meta":"","stick-header-meta":"default","header-above-stick-meta":"","header-main-stick-meta":"","header-below-stick-meta":"","astra-migrate-meta-layouts":"set","ast-page-background-enabled":"default","ast-page-background-meta":{"desktop":{"background-color":"","background-image":"","background-repeat":"repeat","background-position":"center center","background-size":"auto","background-attachment":"scroll","background-type":"","background-media":"","overlay-type":"","overlay-color":"","overlay-opacity":"","overlay-gradient":""},"tablet":{"background-color":"","background-image":"","background-repeat":"repeat","background-position":"center center","background-size":"auto","background-attachment":"scroll","background-type":"","background-media":"","overlay-type":"","overlay-color":"","overlay-opacity":"","overlay-gradient":""},"mobile":{"background-color":"","background-image":"","background-repeat":"repeat","background-position":"center center","background-size":"auto","background-attachment":"scroll","background-type":"","background-media":"","overlay-type":"","overlay-color":"","overlay-opacity":"","overlay-gradient":""}},"ast-content-background-meta":{"desktop":{"background-color":"var(--ast-global-color-5)","background-image":"","background-repeat":"repeat","background-position":"center center","background-size":"auto","background-attachment":"scroll","background-type":"","background-media":"","overlay-type":"","overlay-color":"","overlay-opacity":"","overlay-gradient":""},"tablet":{"background-color":"var(--ast-global-color-5)","background-image":"","background-repeat":"repeat","background-position":"center center","background-size":"auto","background-attachment":"scroll","background-type":"","background-media":"","overlay-type":"","overlay-color":"","overlay-opacity":"","overlay-gradient":""},"mobile":{"background-color":"var(--ast-global-color-5)","background-image":"","background-repeat":"repeat","background-position":"center center","background-size":"auto","background-attachment":"scroll","background-type":"","background-media":"","overlay-type":"","overlay-color":"","overlay-opacity":"","overlay-gradient":""}},"iawp_total_views":18,"footnotes":""},"class_list":["post-36711","page","type-page","status-publish","has-post-thumbnail","hentry"],"taxonomy_info":[],"featured_image_src_large":["https:\/\/www.kern-unternehmensnachfolge.com\/wp-content\/uploads\/2024\/06\/Der-KERN-Podcast-fuer-Unternehmer-von-Unternehmern.jpg",600,257,false],"author_info":{"display_name":"Benjamin","author_link":"https:\/\/www.kern-unternehmensnachfolge.com\/en\/author\/benjamin-onestop\/"},"comment_info":0,"_links":{"self":[{"href":"https:\/\/www.kern-unternehmensnachfolge.com\/en\/wp-json\/wp\/v2\/pages\/36711","targetHints":{"allow":["GET"]}}],"collection":[{"href":"https:\/\/www.kern-unternehmensnachfolge.com\/en\/wp-json\/wp\/v2\/pages"}],"about":[{"href":"https:\/\/www.kern-unternehmensnachfolge.com\/en\/wp-json\/wp\/v2\/types\/page"}],"author":[{"embeddable":true,"href":"https:\/\/www.kern-unternehmensnachfolge.com\/en\/wp-json\/wp\/v2\/users\/84"}],"replies":[{"embeddable":true,"href":"https:\/\/www.kern-unternehmensnachfolge.com\/en\/wp-json\/wp\/v2\/comments?post=36711"}],"version-history":[{"count":47,"href":"https:\/\/www.kern-unternehmensnachfolge.com\/en\/wp-json\/wp\/v2\/pages\/36711\/revisions"}],"predecessor-version":[{"id":36772,"href":"https:\/\/www.kern-unternehmensnachfolge.com\/en\/wp-json\/wp\/v2\/pages\/36711\/revisions\/36772"}],"wp:featuredmedia":[{"embeddable":true,"href":"https:\/\/www.kern-unternehmensnachfolge.com\/en\/wp-json\/wp\/v2\/media\/31004"}],"wp:attachment":[{"href":"https:\/\/www.kern-unternehmensnachfolge.com\/en\/wp-json\/wp\/v2\/media?parent=36711"}],"curies":[{"name":"wp","href":"https:\/\/api.w.org\/{rel}","templated":true}]}}