{"id":36658,"date":"2026-03-23T20:46:19","date_gmt":"2026-03-23T19:46:19","guid":{"rendered":"https:\/\/www.kern-unternehmensnachfolge.com\/?page_id=36658"},"modified":"2026-03-23T20:58:07","modified_gmt":"2026-03-23T19:58:07","slug":"company-succession-wiesbaden3-3","status":"publish","type":"page","link":"https:\/\/www.kern-unternehmensnachfolge.com\/en\/standort\/hannover-greve\/","title":{"rendered":"Hanno\u00adver \u2013 J\u00f6rn&nbsp;Greve"},"content":{"rendered":"<p><a target=\"_blank\" href=\"https:\/\/www.kern-unternehmensnachfolge.com\" data-id-d=\"0\" data-img-style=\"width: 100%;\"><img decoding=\"async\" src=\"https:\/\/www.kern-unternehmensnachfolge.com\/wp-content\/uploads\/2023\/05\/kern_logo2023_rgb_farbig_transparent.png\" height=\"502\" width=\"1317\" alt=\"KERN Logo\" style=\"width: 100%;\" loading=\"lazy\"><\/img><\/a><\/p>\n<h2>J\u00f6rn Greve \u2013 Ihre Spezialisten f\u00fcr Unternehmensnachfolge<\/h2>\n<h1>KERN &#8211; M&amp;A Beratung f\u00fcr Unternehmensverkauf &amp; Unternehmensnachfolge Hannover<\/h1>\n<p>[tcb-script type=&#8220;application\/ld+json&#8220;]{  &#8222;@context&#8220;: &#8222;https:\/\/schema.org&#8220;,  &#8222;@type&#8220;: &#8222;LocalBusiness&#8220;,  &#8222;name&#8220;: &#8222;KERN &#8211; M&amp;A Beratung f\u00fcr Unternehmensverkauf &amp; Unternehmensnachfolge in Hannover&#8220;,  &#8222;image&#8220;: &#8222;https:\/\/www.kern-unternehmensnachfolge.com\/wp-content\/uploads\/2023\/05\/kern_logo2023_rgb_farbig_transparent.png&#8220;,  &#8222;@id&#8220;: &#8222;&#8220;,  &#8222;url&#8220;: &#8222;https:\/\/www.kern-unternehmensnachfolge.com\/standort\/unternehmensnachfolge-hannover\/&#8220;,  &#8222;telephone&#8220;: &#8222;+49 5721 9383676&#8220;,  &#8222;address&#8220;: {    &#8222;@type&#8220;: &#8222;PostalAddress&#8220;,    &#8222;streetAddress&#8220;: &#8222;Luisenstra\u00dfe 5&#8220;,    &#8222;addressLocality&#8220;: &#8222;Hannover&#8220;,    &#8222;postalCode&#8220;: &#8222;30159&#8220;,    &#8222;addressCountry&#8220;: &#8222;DE&#8220;  },  &#8222;geo&#8220;: {    &#8222;@type&#8220;: &#8222;GeoCoordinates&#8220;,    &#8222;latitude&#8220;: 52.3749102,    &#8222;longitude&#8220;: 9.7412332  },  &#8222;openingHoursSpecification&#8220;: [{    &#8222;@type&#8220;: &#8222;OpeningHoursSpecification&#8220;,    &#8222;dayOfWeek&#8220;: [      &#8222;Monday&#8220;,      &#8222;Tuesday&#8220;,      &#8222;Wednesday&#8220;,      &#8222;Thursday&#8220;    ],    &#8222;opens&#8220;: &#8222;09:00&#8220;,    &#8222;closes&#8220;: &#8222;17:00&#8220;  },{    &#8222;@type&#8220;: &#8222;OpeningHoursSpecification&#8220;,    &#8222;dayOfWeek&#8220;: &#8222;Friday&#8220;,    &#8222;opens&#8220;: &#8222;09:00&#8220;,    &#8222;closes&#8220;: &#8222;15:00&#8220;  }] },  &#8222;sameAs&#8220;: [    &#8222;https:\/\/www.linkedin.com\/in\/axel-bergmann-95343418\/&#8220;,    &#8222;https:\/\/www.youtube.com\/@kern-ma&#8220;,    &#8222;https:\/\/www.facebook.com\/kernunternehmensnachfolge&#8220;  ] }[\/tcb-script]<\/p>\n<h4 style=\"text-align: left;\"><a href=\"https:\/\/www.provenexpert.com\/kern-zukunft-fuer-lebenswerke\/\" style=\"outline: none;\" target=\"_blank\" rel=\"noopener\">\u2605\u2605\u2605\u2605\u2605 &nbsp;5.0 Sterne aus Kundenbewertungen auf Provenexpert<\/a>&nbsp;<\/h4>\n<p><span><a href=\"https:\/\/www.kern-unternehmensnachfolge.com\/erfolgsgarantie\" rel=\"\" target=\"_blank\"><img decoding=\"async\" alt=\"\" data-id=\"31496\" width=\"177\" data-init-width=\"481\" height=\"171\" data-init-height=\"464\" title=\"KERN_Erfolgsgarantie_RGB_weiss_08.24\" src=\"https:\/\/www.kern-unternehmensnachfolge.com\/wp-content\/uploads\/2024\/08\/KERN_Erfolgsgarantie_RGB_weiss_08.24.png\" data-width=\"177\" data-link-wrap=\"true\" style=\"aspect-ratio: auto 481 \/ 464;\" data-height=\"171\" loading=\"lazy\"><\/a><\/span><\/p>\n<p style=\"text-align: center;\">J\u00f6rn Greve &nbsp; kennenlernen<\/p>\n<p>     <!-- Original logos -->  <a href=\"#lightbox-2\" data-lightbox=\"lightbox-2\" data-img=\"https:\/\/www.kern-unternehmensnachfolge.com\/wp-content\/uploads\/2024\/05\/german-customer-arwards2024-150x150.jpeg\" target=\"_blank\" > <img decoding=\"async\" src=\"https:\/\/www.kern-unternehmensnachfolge.com\/wp-content\/uploads\/2024\/05\/german-customer-arwards2024-150x150.jpeg\" alt=\"German Customer Awards 2024\" \/> <\/a>   <a href=\"https:\/\/www.provenexpert.com\/kern-zukunft-fuer-lebenswerke\/\" target=\"_blank\" rel=\"noopener\"> <img decoding=\"async\" src=\"https:\/\/www.kern-unternehmensnachfolge.com\/wp-content\/uploads\/2025\/10\/Proven-Expert-Von-Kunden-Empfohlen-2025.webp\" alt=\"Proven Expert - Von Kunden Empfohlen 2025\" \/> <\/a>   <a href=\"https:\/\/die-deutsche-wirtschaft.de\/top-mittelstand-deutschland-kern-zukunft-fuer-lebenswerke\/\" target=\"_blank\" rel=\"noopener\"> <img decoding=\"async\" src=\"https:\/\/www.kern-unternehmensnachfolge.com\/wp-content\/uploads\/2025\/08\/Top-Branche-Siegel-KERN.webp\" alt=\"TOP mittelst\u00e4ndisches Unternehmen\" \/> <\/a>   <a href=\"https:\/\/die-deutsche-wirtschaft.de\/exzellenzberater\/kern-unternehmensnachfolge-erfolgreicher\/\" target=\"_blank\" rel=\"noopener\"> <img decoding=\"async\" src=\"https:\/\/www.kern-unternehmensnachfolge.com\/wp-content\/uploads\/2025\/03\/Exzellenzberater-Deutscher-Mittelstand-2023.webp\" alt=\"Exzellenzberater 2023\" \/> <\/a>   <a href=\"https:\/\/die-deutsche-wirtschaft.de\/exzellenzberater\/kern-unternehmensnachfolge-erfolgreicher\/\" target=\"_blank\" rel=\"noopener\"> <img decoding=\"async\" src=\"https:\/\/www.kern-unternehmensnachfolge.com\/wp-content\/uploads\/2025\/03\/Exzellenzberater-Deutscher-Mittelstand-2024.webp\" alt=\"Exzellenzberater 2024\" \/> <\/a>   <a href=\"#lightbox-6\" data-lightbox=\"lightbox-6\" data-img=\"https:\/\/www.kern-unternehmensnachfolge.com\/wp-content\/uploads\/2025\/09\/Exzellenter-Nachfolgeberater-Award-2025.webp\" target=\"_blank\" > <img decoding=\"async\" src=\"https:\/\/www.kern-unternehmensnachfolge.com\/wp-content\/uploads\/2025\/09\/Exzellenter-Nachfolgeberater-Award-2025.webp\" alt=\"Exzellenter Nachfolgeberater Award 2025\" \/> <\/a>   <a href=\"https:\/\/vimeo.com\/775891851\" target=\"_blank\" rel=\"noopener\"> <img decoding=\"async\" src=\"https:\/\/www.kern-unternehmensnachfolge.com\/wp-content\/uploads\/2023\/07\/kern-german-brand-award-2021-132x300.jpeg\" alt=\"German Brand Award 2021\" \/> <\/a>   <a href=\"https:\/\/vimeo.com\/787837024\" target=\"_blank\" rel=\"noopener\"> <img decoding=\"async\" src=\"https:\/\/www.kern-unternehmensnachfolge.com\/wp-content\/uploads\/2025\/03\/Innovator-des-Jahres-2021.webp\" alt=\"Innovator 2021\" \/> <\/a>   <a href=\"#lightbox-3\" data-lightbox=\"lightbox-3\" data-img=\"https:\/\/www.kern-unternehmensnachfolge.com\/wp-content\/uploads\/2023\/06\/TC_19_Member_Strich-211x300.jpg\" target=\"_blank\" > <img decoding=\"async\" src=\"https:\/\/www.kern-unternehmensnachfolge.com\/wp-content\/uploads\/2023\/06\/TC_19_Member_Strich-211x300.jpg\" alt=\"TC 19 Member\" \/> <\/a>   <a href=\"https:\/\/vimeo.com\/775920300\" target=\"_blank\" rel=\"noopener\"> <img decoding=\"async\" src=\"https:\/\/www.kern-unternehmensnachfolge.com\/wp-content\/uploads\/2023\/06\/TC_20_Member_Strich-210x300.jpg\" alt=\"TC 20 Member\" \/> <\/a>   <a href=\"https:\/\/www.top-consultant.de\/kern-unternehmensnachfolge-erfolgreicher-2023\/\" target=\"_blank\" rel=\"noopener\"> <img decoding=\"async\" src=\"https:\/\/www.kern-unternehmensnachfolge.com\/wp-content\/uploads\/2023\/06\/tc_23_member_strich-210x300.jpg\" alt=\"TC 23 Member\" \/> <\/a>   <a href=\"#lightbox-4\" data-lightbox=\"lightbox-4\" data-img=\"https:\/\/www.kern-unternehmensnachfolge.com\/wp-content\/uploads\/2025\/04\/SZ-Institut-Beste-Berater-Mittelstand.webp\" target=\"_blank\" > <img decoding=\"async\" src=\"https:\/\/www.kern-unternehmensnachfolge.com\/wp-content\/uploads\/2025\/04\/SZ-Institut-Beste-Berater-Mittelstand.webp\" alt=\"SZ Beste Berater Mittelstand\" \/> <\/a>   <a href=\"#lightbox-5\" data-lightbox=\"lightbox-5\" data-img=\"https:\/\/www.kern-unternehmensnachfolge.com\/wp-content\/uploads\/2025\/06\/WirtschaftsWoche-Beste-Berater-Mittelstand.webp\" target=\"_blank\" > <img decoding=\"async\" src=\"https:\/\/www.kern-unternehmensnachfolge.com\/wp-content\/uploads\/2025\/06\/WirtschaftsWoche-Beste-Berater-Mittelstand.webp\" alt=\"WirtschaftsWoche Beste Berater Mittelstand\" \/> <\/a>  <!-- Duplicate logos for seamless loop -->  <a href=\"#lightbox-2\" data-lightbox=\"lightbox-2\" data-img=\"https:\/\/www.kern-unternehmensnachfolge.com\/wp-content\/uploads\/2024\/05\/german-customer-arwards2024-150x150.jpeg\" target=\"_blank\" > <img decoding=\"async\" src=\"https:\/\/www.kern-unternehmensnachfolge.com\/wp-content\/uploads\/2024\/05\/german-customer-arwards2024-150x150.jpeg\" alt=\"German Customer Awards 2024\" \/> <\/a>   <a href=\"https:\/\/www.provenexpert.com\/kern-zukunft-fuer-lebenswerke\/\" target=\"_blank\" rel=\"noopener\"> <img decoding=\"async\" src=\"https:\/\/www.kern-unternehmensnachfolge.com\/wp-content\/uploads\/2025\/10\/Proven-Expert-Von-Kunden-Empfohlen-2025.webp\" alt=\"Proven Expert - Von Kunden Empfohlen 2025\" \/> <\/a>   <a href=\"https:\/\/die-deutsche-wirtschaft.de\/top-mittelstand-deutschland-kern-zukunft-fuer-lebenswerke\/\" target=\"_blank\" rel=\"noopener\"> <img decoding=\"async\" src=\"https:\/\/www.kern-unternehmensnachfolge.com\/wp-content\/uploads\/2025\/08\/Top-Branche-Siegel-KERN.webp\" alt=\"TOP mittelst\u00e4ndisches Unternehmen\" \/> <\/a>   <a href=\"https:\/\/die-deutsche-wirtschaft.de\/exzellenzberater\/kern-unternehmensnachfolge-erfolgreicher\/\" target=\"_blank\" rel=\"noopener\"> <img decoding=\"async\" src=\"https:\/\/www.kern-unternehmensnachfolge.com\/wp-content\/uploads\/2025\/03\/Exzellenzberater-Deutscher-Mittelstand-2023.webp\" alt=\"Exzellenzberater 2023\" \/> <\/a>   <a href=\"https:\/\/die-deutsche-wirtschaft.de\/exzellenzberater\/kern-unternehmensnachfolge-erfolgreicher\/\" target=\"_blank\" rel=\"noopener\"> <img decoding=\"async\" src=\"https:\/\/www.kern-unternehmensnachfolge.com\/wp-content\/uploads\/2025\/03\/Exzellenzberater-Deutscher-Mittelstand-2024.webp\" alt=\"Exzellenzberater 2024\" \/> <\/a>   <a href=\"#lightbox-6\" data-lightbox=\"lightbox-6\" data-img=\"https:\/\/www.kern-unternehmensnachfolge.com\/wp-content\/uploads\/2025\/09\/Exzellenter-Nachfolgeberater-Award-2025.webp\" target=\"_blank\" > <img decoding=\"async\" src=\"https:\/\/www.kern-unternehmensnachfolge.com\/wp-content\/uploads\/2025\/09\/Exzellenter-Nachfolgeberater-Award-2025.webp\" alt=\"Exzellenter Nachfolgeberater Award 2025\" \/> <\/a>   <a href=\"https:\/\/vimeo.com\/775891851\" target=\"_blank\" rel=\"noopener\"> <img decoding=\"async\" src=\"https:\/\/www.kern-unternehmensnachfolge.com\/wp-content\/uploads\/2023\/07\/kern-german-brand-award-2021-132x300.jpeg\" alt=\"German Brand Award 2021\" \/> <\/a>   <a href=\"https:\/\/vimeo.com\/787837024\" target=\"_blank\" rel=\"noopener\"> <img decoding=\"async\" src=\"https:\/\/www.kern-unternehmensnachfolge.com\/wp-content\/uploads\/2025\/03\/Innovator-des-Jahres-2021.webp\" alt=\"Innovator 2021\" \/> <\/a>   <a href=\"#lightbox-3\" data-lightbox=\"lightbox-3\" data-img=\"https:\/\/www.kern-unternehmensnachfolge.com\/wp-content\/uploads\/2023\/06\/TC_19_Member_Strich-211x300.jpg\" target=\"_blank\" > <img decoding=\"async\" src=\"https:\/\/www.kern-unternehmensnachfolge.com\/wp-content\/uploads\/2023\/06\/TC_19_Member_Strich-211x300.jpg\" alt=\"TC 19 Member\" \/> <\/a>   <a href=\"https:\/\/vimeo.com\/775920300\" target=\"_blank\" rel=\"noopener\"> <img decoding=\"async\" src=\"https:\/\/www.kern-unternehmensnachfolge.com\/wp-content\/uploads\/2023\/06\/TC_20_Member_Strich-210x300.jpg\" alt=\"TC 20 Member\" \/> <\/a>   <a href=\"https:\/\/www.top-consultant.de\/kern-unternehmensnachfolge-erfolgreicher-2023\/\" target=\"_blank\" rel=\"noopener\"> <img decoding=\"async\" src=\"https:\/\/www.kern-unternehmensnachfolge.com\/wp-content\/uploads\/2023\/06\/tc_23_member_strich-210x300.jpg\" alt=\"TC 23 Member\" \/> <\/a>   <a href=\"#lightbox-4\" data-lightbox=\"lightbox-4\" data-img=\"https:\/\/www.kern-unternehmensnachfolge.com\/wp-content\/uploads\/2025\/04\/SZ-Institut-Beste-Berater-Mittelstand.webp\" target=\"_blank\" > <img decoding=\"async\" src=\"https:\/\/www.kern-unternehmensnachfolge.com\/wp-content\/uploads\/2025\/04\/SZ-Institut-Beste-Berater-Mittelstand.webp\" alt=\"SZ Beste Berater Mittelstand\" \/> <\/a>   <a href=\"#lightbox-5\" data-lightbox=\"lightbox-5\" data-img=\"https:\/\/www.kern-unternehmensnachfolge.com\/wp-content\/uploads\/2025\/06\/WirtschaftsWoche-Beste-Berater-Mittelstand.webp\" target=\"_blank\" > <img decoding=\"async\" src=\"https:\/\/www.kern-unternehmensnachfolge.com\/wp-content\/uploads\/2025\/06\/WirtschaftsWoche-Beste-Berater-Mittelstand.webp\" alt=\"WirtschaftsWoche Beste Berater Mittelstand\" \/> <\/a>    <!-- Lightbox containers -->   <span>\u2715<\/span> <img decoding=\"async\" src=\"https:\/\/www.kern-unternehmensnachfolge.com\/wp-content\/uploads\/2024\/05\/german-customer-arwards2024-150x150.jpeg\" alt=\"German Customer Awards 2024\" \/> German Customer Awards 2024     <span>\u2715<\/span> <img decoding=\"async\" src=\"https:\/\/www.kern-unternehmensnachfolge.com\/wp-content\/uploads\/2023\/06\/TC_19_Member_Strich-211x300.jpg\" alt=\"TC 19 Member\" \/> TC 19 Member     <span>\u2715<\/span> <img decoding=\"async\" src=\"https:\/\/www.kern-unternehmensnachfolge.com\/wp-content\/uploads\/2025\/04\/SZ-Institut-Beste-Berater-Mittelstand.webp\" alt=\"SZ - Beste Berater Mittelstand\" \/>  Beste Berater Mittelstand &#8211; SZ Institut      <span>\u2715<\/span> <img decoding=\"async\" src=\"https:\/\/www.kern-unternehmensnachfolge.com\/wp-content\/uploads\/2025\/06\/WirtschaftsWoche-Beste-Berater-Mittelstand.webp\" alt=\"WirtschaftsWoche - Beste Berater Mittelstand\" \/>  Beste Berater Mittelstand &#8211; WirtschaftsWoche      <span>\u2715<\/span> <img decoding=\"async\" src=\"https:\/\/www.kern-unternehmensnachfolge.com\/wp-content\/uploads\/2025\/09\/Exzellenter-Nachfolgeberater-Award-2025.webp\" alt=\"Exzellenter Nachfolgeberater Award 2025\" \/>  Exzellenter Nachfolgeberater Award 2025    <!-- JavaScript for lightbox functionality -->  <\/p>\n<h2 data-pm-slice=\"1 1 []\" style=\"text-align: center;\"><span style=\"--tcb-applied-color: rgb(255, 255, 255) !important; color: rgb(255, 255, 255) !important;\">Nachfolger gesucht? KERN ist der verl\u00e4ssliche Partner f\u00fcr Ihr Unternehmen<\/span><\/h2>\n<p style=\"text-align: center;\"><span style=\"color: rgb(255, 255, 255) !important;\"><span style=\"--tcb-applied-color: rgb(255, 255, 255) !important;\">Steht Ihr Unternehmen vor der Herausforderung, eine passende Unternehmensnachfolge zu finden?<\/span><\/span><\/p>\n<p style=\"text-align: center;\"><span style=\"--tcb-applied-color: rgb(255, 255, 255) !important; color: rgb(255, 255, 255) !important;\"><strong>KERN Unternehmensnachfolge<\/strong> ist seit \u00fcber 20 Jahren auf die Beratung und Begleitung von mittelst\u00e4ndischen Unternehmen bei der Nachfolge spezialisiert. Wir verf\u00fcgen \u00fcber ein breites Netzwerk an Kontakten zu potenziellen K\u00e4ufern und Investoren und kennen die Herausforderungen des Unternehmensverkaufs genau.<\/span><\/p>\n<h2 style=\"text-align: left;\">J\u00f6rn Greves Expertise f\u00fcr Ihren Unternehmensverkauf in der Region Niedersachsen<\/h2>\n<p data-pm-slice=\"1 1 []\">J\u00f6rn Greve Jahrgang 1964, Ausbildung zum Industriekaufmann, Studium BWL mit Abschluss Diplom-Kaufmann an der Universit\u00e4t L\u00fcneburg, spezialisiert auf mittelst\u00e4ndische Wirtschaft.<\/p>\n<p data-pm-slice=\"1 1 []\">Langj\u00e4hrige Erfahrung in Familienunternehmen als Vertriebsleiter, Prokurist und Gesch\u00e4ftsf\u00fchrer innerhalb der Baubranche und deren Umfeld. Umfassende F\u00fchrungserfahrung mit Schwerpunkt nationaler und internationaler Vertrieb sowie strategisches Management.<\/p>\n<p data-pm-slice=\"1 1 []\">Praktische Erfahrungen beim Generationswechsel und Unternehmenskauf sowie dem Integrationsprozess in eine internationale, mittelst\u00e4ndische Unternehmensgruppe. Sein Fokus liegt auf der umfassenden Beratung und Begleitung bei Nachfolgeprozessen f\u00fcr den Verkauf und Kauf von mittelst\u00e4ndischen Familienunternehmen. Wirtschaftsmediator sowie autorisierter Berater und Dozent der OFFENSIVE MITTELSTAND f\u00fcr Unternehmensnachfolge.<\/p>\n<p><span><img decoding=\"async\" alt=\"Exzellenter Nachfolgeberater Award 2025\" data-id=\"35007\" width=\"180\" data-init-width=\"0\" height=\"180\" data-init-height=\"0\" title=\"Exzellenter Nachfolgeberater Award 2025\" src=\"https:\/\/www.kern-unternehmensnachfolge.com\/wp-content\/uploads\/2025\/10\/Exzellenter-Nachfolgeberater-Award-2025.svg\" data-width=\"180\" data-height=\"180\" style=\"aspect-ratio: auto 0 \/ 0;\" loading=\"lazy\"><\/span><\/p>\n<p style=\"\">Expertentipp starten<\/p>\n<p><span style=\"width: 100%;\"><img decoding=\"async\" alt=\"\" title=\"Greve-22\" data-id=\"32456\" src=\"https:\/\/www.kern-unternehmensnachfolge.com\/wp-content\/uploads\/2025\/01\/Greve-22.jpg\" style=\"aspect-ratio: auto 800 \/ 394;\" data-width=\"212\" data-height=\"105\" data-init-width=\"800\" data-init-height=\"394\" ml-d=\"-55\" center-h-d=\"false\" mt-d=\"0\" width=\"212\" height=\"105\" loading=\"lazy\"><\/span><\/p>\n<h2 data-hide=\"true\" id=\"t-1654808931768\" style=\"text-align: center;\">Sie haben vertrauliche Fragen?&nbsp;<br \/>Buchen Sie direkt online Ihren Gratis-Wunschtermin<\/h2>\n<h2 data-pm-slice=\"1 1 []\" style=\"text-align: center;\"><span style=\"--tcb-applied-color: rgb(12, 50, 110) !important; color: rgb(12, 50, 110) !important;\">Unsere Erfolgsgeschichten f\u00fcr Ihren Unternehmensnachfolge Prozess<\/span><\/h2>\n<p style=\"text-align: center;\"><span style=\"color: rgb(100, 100, 100) !important;\"><span style=\"--tcb-applied-color: rgb(100, 100, 100) !important;\"><strong>Der Verkauf des eigenen Lebenswerks ist ein wichtiger Schritt im Leben eines Unternehmers.<\/strong> Umso wichtiger ist es, dass dieser Prozess reibungslos und erfolgreich abl\u00e4uft.<\/span><\/span><\/p>\n<p style=\"text-align: center;\"><span style=\"color: rgb(100, 100, 100) !important;\"><span style=\"--tcb-applied-color: rgb(100, 100, 100) !important;\"><strong>KERN Unternehmensnachfolge<\/strong> hat bereits zahlreiche Unternehmen bei der Suche nach einem geeigneten Nachfolger erfolgreich begleitet. In unseren Erfolgsgeschichten lesen Sie, wie wir unseren Kunden geholfen haben, ihre Unternehmensnachfolge erfolgreich zu gestalten.<\/span><\/span><\/p>\n<h4>Besonders die Seriosit\u00e4t und Professionalit\u00e4t haben mir jederzeit ein sicheres Gef\u00fchl gegeben<\/h4>\n<p>Meine Entscheidung in der Vor-Auswahl hat sich zu 100% als richtig erwiesen. KERN hat von der Aufbereitung meines Unternehmens in einem Expos\u00e9, \u00fcber die K\u00e4ufersuche, bis hin zur Verhandlungsmoderation und der kompletten Umsetzung meiner Nachfolge, wirklich gute Arbeit geleistet. Besonders die Seriosit\u00e4t und Professionalit\u00e4t haben mir jederzeit ein sicheres Gef\u00fchl gegeben. In gut 8 Monaten war unser Ziel erfolgreich erreicht. Ich empfehle KERN gerne weiter.<\/p>\n<p><span>G.O.K., Unternehmer aus Hamburg<\/span><span>,Dienstleister mit eigenen Filialstandorten<\/span><\/p>\n<h4>&#8230; ist es uns gelungen, genau das richtige Unternehmen f\u00fcr unsere besondere Nische zu finden<\/h4>\n<p>Wir haben unsere Wachstumsstrategie durch die Spezialisten von KERN begleiten lassen. Mit einer genauen Target-Analyse und der detaillierten Marktrecherche ist es uns gelungen, genau das richtige Unternehmen f\u00fcr unsere besondere Nische zu finden. Dabei ist nicht zu untersch\u00e4tzen, mit welchem Aufwand ein solcher Schritt verbunden ist. Mit KERN haben wir eine professionelle Unterst\u00fctzung gefunden. Gleichzeitig konnte das Nachfolgeproblem des zu \u00fcbernehmenden Unternehmens langfristig und substantiell gel\u00f6st werden.<\/p>\n<p><span>W.S., Gesch\u00e4ftsf\u00fchrer aus dem Raum Frankfurt\/Main<\/span><span>,Entsorgungsdienstleister, Marktf\u00fchrer in einem Nischensegment<\/span><\/p>\n<h4>Auch die besonders schwierigen Aufgabenstellungen &#8230; wurden optimal gel\u00f6st<\/h4>\n<p>Ich bin froh, mich f\u00fcr KERN als Berater in meinem Nachfolgeprozess entschieden zu haben. Im Vorfeld habe ich auch andere Angebote gepr\u00fcft und f\u00fcr mich war ganz besonders die Seriosit\u00e4t und und Sicherheit bei KERN das ausschlaggebende Kriterium. Ich f\u00fchlte mich zu jedem Zeitpunkt von meinem KERN \u2013 Berater optimal betreut. Auch die besonders schwierigen Aufgabenstellungen, bei Finanzierungsfragen und der Vertragsgestaltung, wurden optimal gel\u00f6st. Von mir aus immer wieder!<\/p>\n<p><span>M.M., Unternehmer im Raum Hanau bei Frankfurt<\/span><span>,Marktf\u00fchrer f\u00fcr Spezialdienstleistungen und Online-Handelshaus<\/span><\/p>\n<h4>&#8230; unser Ziel erreicht und k\u00f6nnen eine Zusammenarbeit mit KERN unbedingt empfehlen<\/h4>\n<p><p align=\"justify\">Mir wurde im Rahmen unseres Unternehmensverkaufs das Team von KERN empfohlen und wir sind im R\u00fcckblick sehr froh, diesen Tipp bekommen zu haben. Der Verhandlungsprozess beim Verkauf war komplex, langwierig und manchmal von emotionalen Missverst\u00e4ndnissen im Ergebnis bedroht. Dank der gro\u00dfen Erfahrung und dem Geschick unseres KERN-Beraters haben wir jedoch unser Ziel erreicht und k\u00f6nnen eine Zusammenarbeit mit KERN unbedingt empfehlen.<\/p>\n<\/p>\n<p><span>J.F.\u00a0, Unternehmer im Raum Osnabr\u00fcck<\/span><span>,Handel und technische Dienstleistungen<\/span><\/p>\n<h4>KERN hat meinem Sohn ganz klar einen Weg ge\u00f6ffnet<\/h4>\n<p>Das Coaching von KERN hat meinem Sohn ganz klar einen Weg ge\u00f6ffnet, mit dem wir uns heute gemeinsam dem Projekt Generationswechsel, im Sinne einer Fortf\u00fchrung des Familienunternehmens, widmen k\u00f6nnen. Wir als Eltern k\u00f6nnen manche Dinge einfach nicht so \u00fcbermitteln und helfen zu erkennen, wie es ein professioneller Coach kann.<\/p>\n<p><span>K.V., Unternehmer aus Frankfurt<\/span><span>,H\u00e4ndler und Dienstleister im IT-Segment<\/span><\/p>\n<h4>Unternehmensverkauf vom Anfang bis zum Ende professionell begleitet und umgesetzt<\/h4>\n<p><p align=\"justify\">KERN hat meinen Unternehmensverkauf vom Anfang bis zum Ende professionell begleitet und umgesetzt. Die K\u00e4uferfindung war erstaunlich schnell und der anschlie\u00dfende Nachfolgeprozess wurde zu jedem Zeitpunkt kompetent begleitet und moderiert.<\/p>\n<\/p>\n<p><span>H-J. N., Unternehmer aus Neuss<\/span><span>,gr\u00f6\u00dfter deutscher H\u00e4ndler einer Premiummarke f\u00fcr Kopierer und DMS<\/span><\/p>\n<h4>Zusammenarbeit der letzten Monate war gepr\u00e4gt von Professionalit\u00e4t und Vertrauen<\/h4>\n<p>Die Zusammenarbeit der letzten Monate war gepr\u00e4gt von Professionalit\u00e4t und Vertrauen; auch ich habe mich von Ihnen stets gut vertreten gef\u00fchlt, obwohl ich <strong>nicht<\/strong> Ihr Auftraggeber war. Umso gr\u00f6\u00dfer das Kompliment! VIELEN DANK!<\/p>\n<p><span>U.S., Unternehmer und K\u00e4ufer einer Firma in Bayern<\/span><span>,IT-Dienstleistungen<\/span><\/p>\n<h4>Sie haben dieses Jahr zu einem besonderen Jahr f\u00fcr mich werden lassen<\/h4>\n<p>Sie, liebe Frau Kalonda, haben dieses Jahr zu einem besonderen Jahr f\u00fcr mich werden lassen. Daf\u00fcr danke ich Ihnen. Bei unserem ersten Kontakt konnte ich nicht ann\u00e4hernd erkennen wie wichtig und wie wegweisend sie f\u00fcr mich werden w\u00fcrden. Dieses Jahr wurde durch sie zu einem neuen Anfang f\u00fcr mich. Mental haben sie einen sehr gro\u00dfen Anteil daran, dass es aufw\u00e4rts geht und ich freier in meinen Gedanken und Entscheidungen bin. Auch wenn ich mich zum Sklaven meiner eigenen Firma und meiner Mitarbeitenden und Anwesenden gemacht habe, haben sie mich daraus befreit. Daf\u00fcr mein besonderer Dank. <\/p>\n<p><span>Karsten K\u00fchlmann<\/span><span><\/span><\/p>\n<h4>Professionell und zuverl\u00e4ssig bis zum erfolgreichen Abschluss<\/h4>\n<p>Gerade in den schwierigen Phasen hat mein Berater die L\u00fccken geschlossen und einer Weiterverhandlung den Weg bereitet .<br \/>Alles war professionell und zuverl\u00e4ssig , Besprechungen auch au\u00dferhalb der gew\u00f6hnlichen Gesch\u00e4ftszeiten waren jeder Zeit m\u00f6glich .<br \/>Fachlich f\u00fchle ich mich umfangreich und gut aufgehoben, der erfolgreiche Abschluss ist Ausdruck der KERN-Kompetenz!<\/p>\n<p><span>J.M.<\/span><span><\/span><\/p>\n<h4>Von Anfang bis Ende war die Zusammenarbeit mit Frau Kalonda zuverl\u00e4ssig und professionell<\/h4>\n<p>Von Anfang bis Ende, von der Suche nach dem passenden Unternehmen bis zum erfolgreichen<br \/>Abschluss, war die Zusammenarbeit mit Frau Kalonda zuverl\u00e4ssig und professionell.<br \/>Beim Auf und Ab eines Unternehmenskaufs war die Einbindung eines KERN Beraters als<br \/>Sparringspartner und l\u00f6sungsorientierter Wegbereiter in den vielen Verhandlungssituationen sehr<br \/>hilfreich.<br \/>Ich f\u00fchlte mich fachlich sehr gut aufgehoben und auch pers\u00f6nlich in jeder Situation ausgezeichnet<br \/>betreut.<br \/>Ein gro\u00dfes Dankessch\u00f6n f\u00fcr die professionelle und mit einem Abschluss gekr\u00f6nte Zusammenarbeit.<\/p>\n<p><span>B. Wollborn<\/span><span><\/span><\/p>\n<h4>Ich habe\u00a0die Zusammenarbeit mit KERN sehr genossen<\/h4>\n<p><p align=\"justify\">Ich habe die Zusammenarbeit mit KERN sehr genossen und freue mich als Vertreter der K\u00e4uferseite immer, wenn Verk\u00e4ufer \u2013 insbesondere Familienunternehmen \u2013 ganzheitlich beraten werden und gezielt auf einen Verkauf vorbereitet werden.<\/p>\n<\/p>\n<p><span>F.H., verantwortl. M&#038;A-Manager in NRW<\/span><span>,Internationaler Dienstleistungskonzern<\/span><\/p>\n<h4>&#8230; sind \u00fcberrascht, welch tolle Energien in allen von uns freigesetzt worden sind<\/h4>\n<p><p align=\"justify\">Ver\u00e4nderungen bedingungen auch, sich mit der Kultur, den Zielen, der Veranwortung und den \u201eSpielregeln\u201c in einem Unternehmen auseinander zusetzen. Mit KERN haben wir uns auf den spannenden Weg einer eigenen, individuellen Unternehmensphilosophie begeben und sind \u00fcberrascht, welch tolle Energien in allen von uns freigesetzt worden sind. Zum Wohle unserer Kunden, Mitarbeiter und des gesamten Unternehmens. Danke an KERN f\u00fcr die zielgerichtete und professionelle Moderation und Entwicklung.<\/p>\n<\/p>\n<p><span>G-O.B, Unternehmer aus Koblenz<\/span><span>,H\u00e4ndler und Dienstleister Hard- und Softwarebereich<\/span><\/p>\n<h4>Ohne den Blick von au\u00dfen w\u00e4ren wir wohl nie so schnell und sicher zum Ziel gekommen<\/h4>\n<p><p align=\"justify\">Im Rahmen meiner Unternehmensnachfolge war die Fusion mit einem Wettbewerbsunternehmen die ideale L\u00f6sung. Das KERN-Team, und ganz besonders Herr Koerber, hat uns als Moderator und Prozessbegleiter sensibel begleitet und die Interessen beider Verhandlungspartner gut miteinander verbunden. Ohne den Blick von au\u00dfen und die Verhandlungserfahrung, w\u00e4ren wir wohl nie so schnell und sicher zum Ziel gekommen!<\/p>\n<\/p>\n<p><span>J.K. Unternehmer aus Berlin<\/span><span>,Handel und Dienstleistungen<\/span><\/p>\n<h4>&#8230; wie wichtig Ihre Themen sind und dass Sie als Referent sehr \u00fcberzeugt haben.<\/h4>\n<p>Herzlichen Dank f\u00fcr Ihren Vortrag auf unserer Tagung. Das einhellig positive Feedback der 150 Zuh\u00f6rer hat uns best\u00e4tigt, wie wichtig Ihre Themen sind und dass Sie als Referent von KERN sehr \u00fcberzeugt haben.<\/p>\n<p><span>Lothar Sand<\/span><span>,B\u00f6rsenverein des Deutschen Buchhandels<\/span><\/p>\n<h4>Mit der Professionalit\u00e4t und der motivierenden Begleitung durch Herrn Kehrein war ich w\u00e4hrend meines Unternehmensverkaufes bestens aufgehoben!<\/h4>\n<p>Den Umfang und die Tiefe der erforderlichen Aufarbeitung der Unternehmensdaten f\u00fcr einen Verkauf habe ich untersch\u00e4tzt. Ohne die hoch kompetente und jederzeit unterst\u00fctzende und motivierende Begleitung meines Beraters, Herrn Kehrein, w\u00e4re die erfolgreiche Ver\u00e4u\u00dferung meiner Firma so nicht m\u00f6glich gewesen. Zudem habe ich sehr von der &#8222;Au\u00dfensicht&#8220; auf das Unternehmen profitiert sowie selbstverst\u00e4ndlich von dem Know-How, welche Quellen mit Interessenten es geben kann. Die Betreuung war derart umf\u00e4nglich und zu jeder Zeit pr\u00e4sent, dass ich nicht nur den notwendigen Experten an meiner Seite hatte, sondern einen echten Partner, der meine Interessen zu seinen gemacht hat. Das ist neben aller Professionalit\u00e4t, die man erwarten sollte, sicher mehr als die meisten Berater in diesem Segment leisten.<\/p>\n<p><span>M.R., Unternehmerin aus Hamburg<\/span><span>,Zulieferunternehmen Automotive<\/span><\/p>\n<h4>Spannende Methode f\u00fcr einen nachhaltigen F\u00fchrungswechsel<\/h4>\n<p><p dir=\"ltr\">MeinSTABWECHSEL ist eine spannende Methode f\u00fcr einen nachhaltigen F\u00fchrungswechsel in Familienunternehmen. Mit erstaunlicher Leichtigkeit findet man zu eigenen Werten und Bed\u00fcrfnissen.<br \/>Ziel, Weg und Zeitrahmen erschienen mir am Ende der Reise als 3D-Vision f\u00fcr meinen pers\u00f6nlichen Stabwechsel. So habe ich mir in bester Atmosph\u00e4re und Begleitung durch KERN meine \u201eto do-Liste\u201c selbst erarbeitet.<\/p>\n<\/p>\n<p><span>Klaus-Peter Gust<\/span><span>,Unternehmer<\/span><\/p>\n<h4>Ich hoffe, dass sich die Familienunternehmen Ihre Empfehlungen zunutze machen<\/h4>\n<p>Selten war das Feedback aus dem Publikum so einhellig positiv! Sie haben das Thema in jeder Hinsicht authentisch und mit Herz vermittelt. Ich hoffe, dass sich die Familienunternehmen Ihre Empfehlungen zunutze machen werden.<\/p>\n<p><span>Ingrid Marten<\/span><span>,Wirtschaftsf\u00f6rderung Wesermarsch<\/span><\/p>\n<h4>Endlich Zeit f\u00fcr eine neue Lebensplanung<\/h4>\n<p>Auf stets angenehme und sehr kompetente Art und Weise hat mich Herr Greppmair von KERN beim Verkauf meines Hausmeisterservices in M\u00fcnchen begleitet. In nur neun Monaten ist es Ihm trotz fallender Ums\u00e4tzen und Corona-Krise gelungen mein Unternehmen zu einem zufriedenstellenden Preis an den Mann zu bringen. Damit hat er einen entscheidenden Beitrag zu einer seit langem herbeigesehnten neuen Lebensplanung geleistet. Herzlichen Dank daf\u00fcr!<\/p>\n<p><span>Stefan Krebs<\/span><span>,GEON-Geb\u00e4udemanagement<\/span><\/p>\n<h4>Geschwindigkeit beeindruckend,\u00a0Form immer der Situation angebracht, Verhalten ehrlich &#8230;<\/h4>\n<p>Ich m\u00f6chte mich ganz herzlich f\u00fcr die Begleitung des Unternehmensverkaufs bedanken. Geschwindigkeit beeindruckend, Form immer der Situation angebracht, Verhalten ehrlich und unaufgesetzt \u2013 es h\u00e4tte nicht besser passen k\u00f6nnen! Dank Ihrer Unterst\u00fctzung konnten wir dieses Projekt f\u00fcr uns alle zufrieden stellend abschlie\u00dfen.<\/p>\n<p><span>C.K., Unternehmer aus dem Weser-Ems-Raum<\/span><span>,Produktionsbetrieb und Handelsunternehmen<\/span><span><\/span><span><\/span><\/p>\n<h4>Ich habe\u00a0die Zusammenarbeit mit KERN sehr genossen<\/h4>\n<p><span>F.H., verantwortl. M&#038;A-Manager in NRW<\/span><span>Internationaler Dienstleistungskonzern<\/span><\/p>\n<p><p align=\"justify\">Ich habe die Zusammenarbeit mit KERN sehr genossen und freue mich als Vertreter der K\u00e4uferseite immer, wenn Verk\u00e4ufer \u2013 insbesondere Familienunternehmen \u2013 ganzheitlich beraten werden und gezielt auf einen Verkauf vorbereitet werden.<\/p>\n<\/p>\n<h4>Ich hoffe, dass sich die Familienunternehmen Ihre Empfehlungen zunutze machen<\/h4>\n<p><span>Ingrid Marten<\/span><span>Wirtschaftsf\u00f6rderung Wesermarsch<\/span><\/p>\n<p>Selten war das Feedback aus dem Publikum so einhellig positiv! Sie haben das Thema in jeder Hinsicht authentisch und mit Herz vermittelt. Ich hoffe, dass sich die Familienunternehmen Ihre Empfehlungen zunutze machen werden.<\/p>\n<h4>Ohne den Blick von au\u00dfen w\u00e4ren wir wohl nie so schnell und sicher zum Ziel gekommen<\/h4>\n<p><span>J.K. Unternehmer aus Berlin<\/span><span>Handel und Dienstleistungen<\/span><\/p>\n<p><p align=\"justify\">Im Rahmen meiner Unternehmensnachfolge war die Fusion mit einem Wettbewerbsunternehmen die ideale L\u00f6sung. Das KERN-Team, und ganz besonders Herr Koerber, hat uns als Moderator und Prozessbegleiter sensibel begleitet und die Interessen beider Verhandlungspartner gut miteinander verbunden. Ohne den Blick von au\u00dfen und die Verhandlungserfahrung, w\u00e4ren wir wohl nie so schnell und sicher zum Ziel gekommen!<\/p>\n<\/p>\n<h2 dir=\"ltr\" id=\"t-1697887591219\" style=\"text-align: center;\"><span style=\"font-weight: normal;\">Unternehmenswert-Berechnung GRATIS starten<\/span><\/h2>\n<h3 data-pm-slice=\"1 1 []\" style=\"text-align: center;\">Aus welchem Anlass wollen Sie den Unternehmenswert berechnen?<\/h3>\n<h3 dir=\"ltr\" style=\"text-align: center;\"><span style=\"font-weight: normal;\">Aktuelles in unserem Blog<\/span><\/h3>\n<h2 style=\"text-align: left;\">Was k\u00f6nnen wir f\u00fcr Sie tun?<\/h2>\n<p>J\u00f6rn Greve ist Ihr kompetenten Experte f\u00fcr Unternehmensnachfolge in Hannover und Umgebung.<br \/>Mit \u00fcber 40 Standorten in der gesamten DACH-Region und Europa sind wir seit \u00fcber 20 Jahren die Spezialisten f\u00fcr den Mittelstand.<br \/>Wir verkaufen Ihr Lebenswerk, begleiten innerfamili\u00e4re Prozesse im Generationswechsel oder sind beim Kauf von Firmen an Ihrer Seite.<br \/>Lassen Sie uns zu Ihren Anliegen jetzt in den Austausch kommen.<\/p>\n<p><span style=\"width: 100%;\"><img decoding=\"async\" alt=\"\" title=\"Greve-22\" data-id=\"32456\" src=\"https:\/\/www.kern-unternehmensnachfolge.com\/wp-content\/uploads\/2025\/01\/Greve-22.jpg\" style=\"aspect-ratio: auto 800 \/ 394;\" width=\"335\" height=\"165\" data-width=\"335\" data-height=\"165\" data-init-width=\"800\" data-init-height=\"394\" loading=\"lazy\"><\/span><\/p>\n<p style=\"text-align: left;\"><strong><span data-sheets-formula=\"=&quot;KERN \u2013 M&amp;A Beratung f\u00fcr Unternehmensnachfolge &amp; Unternehmensverkauf&quot;&amp;&quot; &quot;&amp;R[0]C[-4]\" data-sheets-userformat=\"{&quot;2&quot;:2,&quot;4&quot;:{&quot;1&quot;:2,&quot;2&quot;:65280}}\" data-sheets-value=\"{&quot;1&quot;:2,&quot;2&quot;:&quot;KERN \u2013 M&amp;A Beratung f\u00fcr Unternehmensnachfolge &amp; Unternehmensverkauf Bremen&quot;}\"><strong>KERN Unternehmensnachfolge Hannover<br \/><\/strong>Rechtlich eigenst\u00e4ndiger Standort<br \/>J\u00f6rn \u200bGreve<br \/>Luisenstra\u00dfe 5<br \/>30159 Hannover<\/span><\/strong><strong><br \/><strong><br \/>Telefon&nbsp;<a data-lt-tmp-id=\"lt-695505\" href=\"tel:+495113075670\" spellcheck=\"false\" target=\"_blank\" style=\"outline: none;\">+49 (0) 511 &#8211; 307 5670<\/a><\/strong><\/strong><br \/><a href=\"mailto:greve@kern-unternehmensnachfolge.com\" target=\"_blank\" style=\"outline: none;\">greve@kern-unternehmensnachfolge.com<\/a><\/p>\n<p><span><a href=\"https:\/\/g.page\/Unternehmensnachfolge-Hannover?gm\" target=\"_blank\"><img decoding=\"async\" alt=\"\" data-id=\"32554\" width=\"219\" data-init-width=\"300\" height=\"219\" data-init-height=\"300\" title=\"bewerten Sie mich - Google\" src=\"https:\/\/www.kern-unternehmensnachfolge.com\/wp-content\/uploads\/2025\/01\/bewerten-Sie-mich-Google.png\" data-width=\"219\" data-height=\"219\" style=\"aspect-ratio: auto 300 \/ 300;\" data-link-wrap=\"true\" loading=\"lazy\"><\/a><\/span><a href=\"https:\/\/de.linkedin.com\/in\/j%C3%B6rn-greve-b3642275\" target=\"_blank\" rel=\"noopener\"><\/a><a href=\"https:\/\/www.xing.com\/profile\/Joern_Greve2\" target=\"_blank\" rel=\"noopener\"><\/a><\/p>\n<h2 data-pm-slice=\"1 1 []\" style=\"text-align: center;\"><span style=\"--tcb-applied-color: rgb(12, 50, 110) !important; color: rgb(12, 50, 110) !important;\">FAQ \u2013 Die h\u00e4ufigsten Fragen an unsere M&amp;A Berater<\/span><\/h2>\n","protected":false},"excerpt":{"rendered":"<p>J\u00f6rn Greve \u2013 Ihre Spezialisten f\u00fcr Unternehmensnachfolge KERN &#8211; M&amp;A Beratung f\u00fcr Unternehmensverkauf &amp; Unternehmensnachfolge Hannover [tcb-script type=&#8220;application\/ld+json&#8220;]{ &#8222;@context&#8220;: &#8222;https:\/\/schema.org&#8220;, [&hellip;]<\/p>\n","protected":false},"author":84,"featured_media":32574,"parent":27709,"menu_order":0,"comment_status":"closed","ping_status":"closed","template":"","meta":{"wp_typography_post_enhancements_disabled":false,"_kad_blocks_custom_css":"","_kad_blocks_head_custom_js":"","_kad_blocks_body_custom_js":"","_kad_blocks_footer_custom_js":"","site-sidebar-layout":"no-sidebar","site-content-layout":"page-builder","ast-site-content-layout":"full-width-container","site-content-style":"unboxed","site-sidebar-style":"unboxed","ast-global-header-display":"disabled","ast-banner-title-visibility":"disabled","ast-main-header-display":"","ast-hfb-above-header-display":"","ast-hfb-below-header-display":"","ast-hfb-mobile-header-display":"","site-post-title":"","ast-breadcrumbs-content":"","ast-featured-img":"","footer-sml-layout":"disabled","ast-disable-related-posts":"","theme-transparent-header-meta":"","adv-header-id-meta":"","stick-header-meta":"","header-above-stick-meta":"","header-main-stick-meta":"","header-below-stick-meta":"","astra-migrate-meta-layouts":"set","ast-page-background-enabled":"default","ast-page-background-meta":{"desktop":{"background-color":"","background-image":"","background-repeat":"repeat","background-position":"center center","background-size":"auto","background-attachment":"scroll","background-type":"","background-media":"","overlay-type":"","overlay-color":"","overlay-opacity":"","overlay-gradient":""},"tablet":{"background-color":"","background-image":"","background-repeat":"repeat","background-position":"center center","background-size":"auto","background-attachment":"scroll","background-type":"","background-media":"","overlay-type":"","overlay-color":"","overlay-opacity":"","overlay-gradient":""},"mobile":{"background-color":"","background-image":"","background-repeat":"repeat","background-position":"center center","background-size":"auto","background-attachment":"scroll","background-type":"","background-media":"","overlay-type":"","overlay-color":"","overlay-opacity":"","overlay-gradient":""}},"ast-content-background-meta":{"desktop":{"background-color":"var(--ast-global-color-5)","background-image":"","background-repeat":"repeat","background-position":"center center","background-size":"auto","background-attachment":"scroll","background-type":"","background-media":"","overlay-type":"","overlay-color":"","overlay-opacity":"","overlay-gradient":""},"tablet":{"background-color":"var(--ast-global-color-5)","background-image":"","background-repeat":"repeat","background-position":"center center","background-size":"auto","background-attachment":"scroll","background-type":"","background-media":"","overlay-type":"","overlay-color":"","overlay-opacity":"","overlay-gradient":""},"mobile":{"background-color":"var(--ast-global-color-5)","background-image":"","background-repeat":"repeat","background-position":"center center","background-size":"auto","background-attachment":"scroll","background-type":"","background-media":"","overlay-type":"","overlay-color":"","overlay-opacity":"","overlay-gradient":""}},"iawp_total_views":28,"footnotes":""},"class_list":["post-36658","page","type-page","status-publish","has-post-thumbnail","hentry"],"taxonomy_info":[],"featured_image_src_large":["https:\/\/www.kern-unternehmensnachfolge.com\/wp-content\/uploads\/2025\/01\/Header.09.00.jpg",1206,807,false],"author_info":{"display_name":"Benjamin","author_link":"https:\/\/www.kern-unternehmensnachfolge.com\/en\/author\/benjamin-onestop\/"},"comment_info":0,"_links":{"self":[{"href":"https:\/\/www.kern-unternehmensnachfolge.com\/en\/wp-json\/wp\/v2\/pages\/36658","targetHints":{"allow":["GET"]}}],"collection":[{"href":"https:\/\/www.kern-unternehmensnachfolge.com\/en\/wp-json\/wp\/v2\/pages"}],"about":[{"href":"https:\/\/www.kern-unternehmensnachfolge.com\/en\/wp-json\/wp\/v2\/types\/page"}],"author":[{"embeddable":true,"href":"https:\/\/www.kern-unternehmensnachfolge.com\/en\/wp-json\/wp\/v2\/users\/84"}],"replies":[{"embeddable":true,"href":"https:\/\/www.kern-unternehmensnachfolge.com\/en\/wp-json\/wp\/v2\/comments?post=36658"}],"version-history":[{"count":0,"href":"https:\/\/www.kern-unternehmensnachfolge.com\/en\/wp-json\/wp\/v2\/pages\/36658\/revisions"}],"up":[{"embeddable":true,"href":"https:\/\/www.kern-unternehmensnachfolge.com\/en\/wp-json\/wp\/v2\/pages\/27709"}],"wp:featuredmedia":[{"embeddable":true,"href":"https:\/\/www.kern-unternehmensnachfolge.com\/en\/wp-json\/wp\/v2\/media\/32574"}],"wp:attachment":[{"href":"https:\/\/www.kern-unternehmensnachfolge.com\/en\/wp-json\/wp\/v2\/media?parent=36658"}],"curies":[{"name":"wp","href":"https:\/\/api.w.org\/{rel}","templated":true}]}}