{"id":29944,"date":"2024-02-26T10:35:41","date_gmt":"2024-02-26T09:35:41","guid":{"rendered":"https:\/\/kern-unternehmensnachfolge.com\/?page_id=29944"},"modified":"2026-02-27T10:53:33","modified_gmt":"2026-02-27T09:53:33","slug":"company-succession-wiesbaden3-46","status":"publish","type":"page","link":"https:\/\/www.kern-unternehmensnachfolge.com\/en\/standort\/bayreuth-faulenbach\/","title":{"rendered":"<span class=\"caps\">KERN<\/span> Business Succes\u00adsi\u00adon in Bayreuth \u2013 M<span class=\"amp\">&amp;<\/span>A Consul\u00adting, Business Acqui\u00adsi\u00adti\u00adon Reto Faulenbach"},"content":{"rendered":"<p><a target=\"_blank\" href=\"https:\/\/www.kern-unternehmensnachfolge.com\/en\/\" data-id-d=\"0\" data-img-style=\"width: 100%;\"><img decoding=\"async\" src=\"https:\/\/www.kern-unternehmensnachfolge.com\/wp-content\/uploads\/2023\/05\/kern_logo2023_rgb_farbig_transparent.png\" height=\"502\" width=\"1317\" alt=\"KERN logo\" style=\"width: 100%;\" loading=\"lazy\"><\/a><\/p>\n<h2>Firmen\u00adnach\u00adfol\u00adger gesucht?&nbsp; <span class=\"caps\">KERN<\/span> ist Ihr zuver\u00adl\u00e4s\u00adsi\u00adger Partner<\/h2>\n<h1><a href=\"https:\/\/www.kern-unternehmensnachfolge.com\/en\/success-guarantee\/\" target=\"_blank\" style=\"outline: none;\">Reto Faulen\u00adbach \u2013 M<span class=\"amp\">&amp;<\/span>A Beratung f\u00fcr Unternehmens\u00adnachfolge <span class=\"amp\">&amp;<\/span> Unter\u00adnehmens\u00adverkauf in Bayreuth<\/a><\/h1>\n<h4 style=\"text-align: left;\"><a href=\"https:\/\/www.provenexpert.com\/kern-zukunft-fuer-lebenswerke\/\" style=\"outline: none;\" target=\"_blank\" rel=\"noopener\">\u2605\u2605\u2605\u2605\u2605  5.0 stars from custo\u00admer reviews on Proven\u00adex\u00adpert<\/a>&nbsp;<\/h4>\n<p><span><a href=\"https:\/\/www.kern-unternehmensnachfolge.com\/en\/success-guarantee\/\" rel target=\"_blank\"><img decoding=\"async\" alt data-id=\"31496\" width=\"177\" data-init-width=\"481\" height=\"171\" data-init-height=\"464\" title=\"KERN_Erfolgsgarantie_RGB_weiss_08.24\" src=\"https:\/\/www.kern-unternehmensnachfolge.com\/wp-content\/uploads\/2024\/08\/KERN_Erfolgsgarantie_RGB_weiss_08.24.png\" data-width=\"177\" data-link-wrap=\"true\" style=\"aspect-ratio: auto 481 \/ 464;\" data-height=\"171\" loading=\"lazy\"><\/a><\/span><\/p>\n<p style>Start get-to-know video<\/p>\n<p>     <!-- Original logos -->  <a href=\"#lightbox-1\" data-lightbox=\"lightbox-1\" data-img=\"https:\/\/www.kern-unternehmensnachfolge.com\/wp-content\/uploads\/2025\/03\/UDZ-Siegel_Nils-Koerber.webp\" target=\"_blank\"> <img decoding=\"async\" src=\"https:\/\/www.kern-unternehmensnachfolge.com\/wp-content\/uploads\/2025\/03\/UDZ-Siegel_Nils-Koerber.webp\" alt=\"UDZ Seal Nils K\u00f6rber\"> <\/a>   <a href=\"#lightbox-2\" data-lightbox=\"lightbox-2\" data-img=\"https:\/\/www.kern-unternehmensnachfolge.com\/wp-content\/uploads\/2024\/05\/german-customer-arwards2024-150x150.jpeg\" target=\"_blank\"> <img decoding=\"async\" src=\"https:\/\/www.kern-unternehmensnachfolge.com\/wp-content\/uploads\/2024\/05\/german-customer-arwards2024-150x150.jpeg\" alt=\"German Customer Awards 2024\"> <\/a>   <a href=\"https:\/\/www.provenexpert.com\/kern-zukunft-fuer-lebenswerke\/\" target=\"_blank\" rel=\"noopener\"> <img decoding=\"async\" src=\"https:\/\/www.kern-unternehmensnachfolge.com\/wp-content\/uploads\/2025\/10\/Proven-Expert-Von-Kunden-Empfohlen-2025.webp\" alt=\"Proven Expert - Recommended by Customers 2025\"> <\/a>   <a href=\"https:\/\/die-deutsche-wirtschaft.de\/top-mittelstand-deutschland-kern-zukunft-fuer-lebenswerke\/\" target=\"_blank\" rel=\"noopener\"> <img decoding=\"async\" src=\"https:\/\/www.kern-unternehmensnachfolge.com\/wp-content\/uploads\/2025\/08\/Top-Branche-Siegel-KERN.webp\" alt=\"TOP medium-sized company\"> <\/a>   <a href=\"https:\/\/die-deutsche-wirtschaft.de\/exzellenzberater\/kern-unternehmensnachfolge-erfolgreicher\/\" target=\"_blank\" rel=\"noopener\"> <img decoding=\"async\" src=\"https:\/\/www.kern-unternehmensnachfolge.com\/wp-content\/uploads\/2025\/03\/Exzellenzberater-Deutscher-Mittelstand-2023.webp\" alt=\"Excellence Advisor 2023\"> <\/a>   <a href=\"https:\/\/die-deutsche-wirtschaft.de\/exzellenzberater\/kern-unternehmensnachfolge-erfolgreicher\/\" target=\"_blank\" rel=\"noopener\"> <img decoding=\"async\" src=\"https:\/\/www.kern-unternehmensnachfolge.com\/wp-content\/uploads\/2025\/03\/Exzellenzberater-Deutscher-Mittelstand-2024.webp\" alt=\"Excellence Advisor 2024\"> <\/a>   <a href=\"#lightbox-6\" data-lightbox=\"lightbox-6\" data-img=\"https:\/\/www.kern-unternehmensnachfolge.com\/wp-content\/uploads\/2025\/09\/Exzellenter-Nachfolgeberater-Award-2025.webp\" target=\"_blank\"> <img decoding=\"async\" src=\"https:\/\/www.kern-unternehmensnachfolge.com\/wp-content\/uploads\/2025\/09\/Exzellenter-Nachfolgeberater-Award-2025.webp\" alt=\"Excellent Succession Advisor Award 2025\"> <\/a>   <a href=\"https:\/\/vimeo.com\/775891851\" target=\"_blank\" rel=\"noopener\"> <img decoding=\"async\" src=\"https:\/\/www.kern-unternehmensnachfolge.com\/wp-content\/uploads\/2023\/07\/kern-german-brand-award-2021-132x300.jpeg\" alt=\"German Brand Award 2021\"> <\/a>   <a href=\"https:\/\/vimeo.com\/787837024\" target=\"_blank\" rel=\"noopener\"> <img decoding=\"async\" src=\"https:\/\/www.kern-unternehmensnachfolge.com\/wp-content\/uploads\/2025\/03\/Innovator-des-Jahres-2021.webp\" alt=\"Innovator 2021\"> <\/a>   <a href=\"#lightbox-3\" data-lightbox=\"lightbox-3\" data-img=\"https:\/\/www.kern-unternehmensnachfolge.com\/wp-content\/uploads\/2023\/06\/TC_19_Member_Strich-211x300.jpg\" target=\"_blank\"> <img decoding=\"async\" src=\"https:\/\/www.kern-unternehmensnachfolge.com\/wp-content\/uploads\/2023\/06\/TC_19_Member_Strich-211x300.jpg\" alt=\"TC 19 Member\"> <\/a>   <a href=\"https:\/\/vimeo.com\/775920300\" target=\"_blank\" rel=\"noopener\"> <img decoding=\"async\" src=\"https:\/\/www.kern-unternehmensnachfolge.com\/wp-content\/uploads\/2023\/06\/TC_20_Member_Strich-210x300.jpg\" alt=\"TC 20 Member\"> <\/a>   <a href=\"https:\/\/www.top-consultant.de\/kern-unternehmensnachfolge-erfolgreicher-2023\/\" target=\"_blank\" rel=\"noopener\"> <img decoding=\"async\" src=\"https:\/\/www.kern-unternehmensnachfolge.com\/wp-content\/uploads\/2023\/06\/tc_23_member_strich-210x300.jpg\" alt=\"TC 23 Member\"> <\/a>   <a href=\"#lightbox-4\" data-lightbox=\"lightbox-4\" data-img=\"https:\/\/www.kern-unternehmensnachfolge.com\/wp-content\/uploads\/2025\/04\/SZ-Institut-Beste-Berater-Mittelstand.webp\" target=\"_blank\"> <img decoding=\"async\" src=\"https:\/\/www.kern-unternehmensnachfolge.com\/wp-content\/uploads\/2025\/04\/SZ-Institut-Beste-Berater-Mittelstand.webp\" alt=\"SZ Best Advisors for Small and Medium-Sized Businesses\"> <\/a>   <a href=\"#lightbox-5\" data-lightbox=\"lightbox-5\" data-img=\"https:\/\/www.kern-unternehmensnachfolge.com\/wp-content\/uploads\/2025\/06\/WirtschaftsWoche-Beste-Berater-Mittelstand.webp\" target=\"_blank\"> <img decoding=\"async\" src=\"https:\/\/www.kern-unternehmensnachfolge.com\/wp-content\/uploads\/2025\/06\/WirtschaftsWoche-Beste-Berater-Mittelstand.webp\" alt=\"WirtschaftsWoche Best Consultants for Small and Medium-Sized Businesses\"> <\/a>  <!-- Duplicate logos for seamless loop -->  <a href=\"#lightbox-1\" data-lightbox=\"lightbox-1\" data-img=\"https:\/\/www.kern-unternehmensnachfolge.com\/wp-content\/uploads\/2025\/03\/UDZ-Siegel_Nils-Koerber.webp\" target=\"_blank\"> <img decoding=\"async\" src=\"https:\/\/www.kern-unternehmensnachfolge.com\/wp-content\/uploads\/2025\/03\/UDZ-Siegel_Nils-Koerber.webp\" alt=\"UDZ Seal Nils K\u00f6rber\"> <\/a>   <a href=\"#lightbox-2\" data-lightbox=\"lightbox-2\" data-img=\"https:\/\/www.kern-unternehmensnachfolge.com\/wp-content\/uploads\/2024\/05\/german-customer-arwards2024-150x150.jpeg\" target=\"_blank\"> <img decoding=\"async\" src=\"https:\/\/www.kern-unternehmensnachfolge.com\/wp-content\/uploads\/2024\/05\/german-customer-arwards2024-150x150.jpeg\" alt=\"German Customer Awards 2024\"> <\/a>   <a href=\"https:\/\/www.provenexpert.com\/kern-zukunft-fuer-lebenswerke\/\" target=\"_blank\" rel=\"noopener\"> <img decoding=\"async\" src=\"https:\/\/www.kern-unternehmensnachfolge.com\/wp-content\/uploads\/2025\/10\/Proven-Expert-Von-Kunden-Empfohlen-2025.webp\" alt=\"Proven Expert - Recommended by Customers 2025\"> <\/a>   <a href=\"https:\/\/die-deutsche-wirtschaft.de\/top-mittelstand-deutschland-kern-zukunft-fuer-lebenswerke\/\" target=\"_blank\" rel=\"noopener\"> <img decoding=\"async\" src=\"https:\/\/www.kern-unternehmensnachfolge.com\/wp-content\/uploads\/2025\/08\/Top-Branche-Siegel-KERN.webp\" alt=\"TOP medium-sized company\"> <\/a>   <a href=\"https:\/\/die-deutsche-wirtschaft.de\/exzellenzberater\/kern-unternehmensnachfolge-erfolgreicher\/\" target=\"_blank\" rel=\"noopener\"> <img decoding=\"async\" src=\"https:\/\/www.kern-unternehmensnachfolge.com\/wp-content\/uploads\/2025\/03\/Exzellenzberater-Deutscher-Mittelstand-2023.webp\" alt=\"Excellence Advisor 2023\"> <\/a>   <a href=\"https:\/\/die-deutsche-wirtschaft.de\/exzellenzberater\/kern-unternehmensnachfolge-erfolgreicher\/\" target=\"_blank\" rel=\"noopener\"> <img decoding=\"async\" src=\"https:\/\/www.kern-unternehmensnachfolge.com\/wp-content\/uploads\/2025\/03\/Exzellenzberater-Deutscher-Mittelstand-2024.webp\" alt=\"Excellence Advisor 2024\"> <\/a>   <a href=\"#lightbox-6\" data-lightbox=\"lightbox-6\" data-img=\"https:\/\/www.kern-unternehmensnachfolge.com\/wp-content\/uploads\/2025\/09\/Exzellenter-Nachfolgeberater-Award-2025.webp\" target=\"_blank\"> <img decoding=\"async\" src=\"https:\/\/www.kern-unternehmensnachfolge.com\/wp-content\/uploads\/2025\/09\/Exzellenter-Nachfolgeberater-Award-2025.webp\" alt=\"Excellent Succession Advisor Award 2025\"> <\/a>   <a href=\"https:\/\/vimeo.com\/775891851\" target=\"_blank\" rel=\"noopener\"> <img decoding=\"async\" src=\"https:\/\/www.kern-unternehmensnachfolge.com\/wp-content\/uploads\/2023\/07\/kern-german-brand-award-2021-132x300.jpeg\" alt=\"German Brand Award 2021\"> <\/a>   <a href=\"https:\/\/vimeo.com\/787837024\" target=\"_blank\" rel=\"noopener\"> <img decoding=\"async\" src=\"https:\/\/www.kern-unternehmensnachfolge.com\/wp-content\/uploads\/2025\/03\/Innovator-des-Jahres-2021.webp\" alt=\"Innovator 2021\"> <\/a>   <a href=\"#lightbox-3\" data-lightbox=\"lightbox-3\" data-img=\"https:\/\/www.kern-unternehmensnachfolge.com\/wp-content\/uploads\/2023\/06\/TC_19_Member_Strich-211x300.jpg\" target=\"_blank\"> <img decoding=\"async\" src=\"https:\/\/www.kern-unternehmensnachfolge.com\/wp-content\/uploads\/2023\/06\/TC_19_Member_Strich-211x300.jpg\" alt=\"TC 19 Member\"> <\/a>   <a href=\"https:\/\/vimeo.com\/775920300\" target=\"_blank\" rel=\"noopener\"> <img decoding=\"async\" src=\"https:\/\/www.kern-unternehmensnachfolge.com\/wp-content\/uploads\/2023\/06\/TC_20_Member_Strich-210x300.jpg\" alt=\"TC 20 Member\"> <\/a>   <a href=\"https:\/\/www.top-consultant.de\/kern-unternehmensnachfolge-erfolgreicher-2023\/\" target=\"_blank\" rel=\"noopener\"> <img decoding=\"async\" src=\"https:\/\/www.kern-unternehmensnachfolge.com\/wp-content\/uploads\/2023\/06\/tc_23_member_strich-210x300.jpg\" alt=\"TC 23 Member\"> <\/a>   <a href=\"#lightbox-4\" data-lightbox=\"lightbox-4\" data-img=\"https:\/\/www.kern-unternehmensnachfolge.com\/wp-content\/uploads\/2025\/04\/SZ-Institut-Beste-Berater-Mittelstand.webp\" target=\"_blank\"> <img decoding=\"async\" src=\"https:\/\/www.kern-unternehmensnachfolge.com\/wp-content\/uploads\/2025\/04\/SZ-Institut-Beste-Berater-Mittelstand.webp\" alt=\"SZ Best Advisors for Small and Medium-Sized Businesses\"> <\/a>   <a href=\"#lightbox-5\" data-lightbox=\"lightbox-5\" data-img=\"https:\/\/www.kern-unternehmensnachfolge.com\/wp-content\/uploads\/2025\/06\/WirtschaftsWoche-Beste-Berater-Mittelstand.webp\" target=\"_blank\"> <img decoding=\"async\" src=\"https:\/\/www.kern-unternehmensnachfolge.com\/wp-content\/uploads\/2025\/06\/WirtschaftsWoche-Beste-Berater-Mittelstand.webp\" alt=\"WirtschaftsWoche Best Consultants for Small and Medium-Sized Businesses\"> <\/a>    <!-- Lightbox containers -->   <span>\u2715<\/span> <img decoding=\"async\" src=\"https:\/\/www.kern-unternehmensnachfolge.com\/wp-content\/uploads\/2025\/03\/UDZ-Siegel_Nils-Koerber.webp\" alt=\"UDZ Seal Nils K\u00f6rber\"> <span class=\"caps\">UDZ<\/span> Seal Nils K\u00f6rber     <span>\u2715<\/span> <img decoding=\"async\" src=\"https:\/\/www.kern-unternehmensnachfolge.com\/wp-content\/uploads\/2024\/05\/german-customer-arwards2024-150x150.jpeg\" alt=\"German Customer Awards 2024\"> German Custo\u00admer Awards 2024     <span>\u2715<\/span> <img decoding=\"async\" src=\"https:\/\/www.kern-unternehmensnachfolge.com\/wp-content\/uploads\/2023\/06\/TC_19_Member_Strich-211x300.jpg\" alt=\"TC 19 Member\"> <span class=\"caps\">TC<\/span> 19 Member     <span>\u2715<\/span> <img decoding=\"async\" src=\"https:\/\/www.kern-unternehmensnachfolge.com\/wp-content\/uploads\/2025\/04\/SZ-Institut-Beste-Berater-Mittelstand.webp\" alt=\"SZ - Best consultants for small and medium-sized enterprises\">  Beste Berater Mittel\u00adstand \u2013 <span class=\"caps\">SZ<\/span> Insti\u00adtut      <span>\u2715<\/span> <img decoding=\"async\" src=\"https:\/\/www.kern-unternehmensnachfolge.com\/wp-content\/uploads\/2025\/06\/WirtschaftsWoche-Beste-Berater-Mittelstand.webp\" alt=\"WirtschaftsWoche \u2013 Best consultants for small and medium-sized enterprises\">  Beste Berater Mittel\u00adstand \u2013 Wirtschafts\u00adWo\u00adche      <span>\u2715<\/span> <img decoding=\"async\" src=\"https:\/\/www.kern-unternehmensnachfolge.com\/wp-content\/uploads\/2025\/09\/Exzellenter-Nachfolgeberater-Award-2025.webp\" alt=\"Excellent Succession Advisor Award 2025\">  Excel\u00adlent Succes\u00adsi\u00adon Advisor Award 2025    <!-- JavaScript for lightbox functionality -->  <\/p>\n<h2 style=\"text-align: left;\">Reto Faulen\u00adbach \u2013 Fachli\u00adche Kompe\u00adtenz f\u00fcr ihren Unternehmensverkauf<\/h2>\n<p>Jahrgang 1974, Sport\u00f6ko\u00adnom und Spezia\u00adlist f\u00fcr Nachfol\u00adge\u00adl\u00f6\u00adsun\u00adgen. In seinen F\u00fchrungs\u00adauf\u00adga\u00adben hat er mehrfach erfolg\u00adreich selbst den Prozess des Verkaufs erlebt und gestal\u00adtet. Urspr\u00fcng\u00adlich aus dem Rhein\u00adland ist er ber\u00fcch\u00adtigt von der Ostsee bis ins Franken gewan\u00addert und hat \u00fcberall seine Fu\u00dfspu\u00adren hinterlassen.<\/p>\n<p>Seine Arbeit wurde 2013 mit dem IHK-Gr\u00fcnder\u00adpreis ausge\u00adzeich\u00adnet. Umfang\u00adrei\u00adche Erfah\u00adrung im Bereich der Unter\u00adneh\u00admens\ufb01nan\u00adzie\u00adrung und im Contro\u00adling. Reto Faulen\u00adbach ist ihr M<span class=\"amp\">&amp;<\/span>A-Experte von <span class=\"caps\">KERN<\/span> in Bayreuth und der Region N\u00fcrnberg.<\/p>\n<p><span><img decoding=\"async\" alt=\"Excellent Succession Advisor Award 2025\" data-id=\"35007\" width=\"240\" data-init-width=\"0\" height=\"240\" data-init-height=\"0\" title=\"Excellent Succession Advisor Award 2025\" loading=\"lazy\" src=\"https:\/\/www.kern-unternehmensnachfolge.com\/wp-content\/uploads\/2025\/10\/Exzellenter-Nachfolgeberater-Award-2025.svg\" data-width=\"240\" data-height=\"240\" style=\"aspect-ratio: auto 0 \/ 0;\"><\/span><\/p>\n<p style>Start expert tip<\/p>\n<p><span style=\"width: 100%;\"><img decoding=\"async\" alt title=\"reto-faulenbach-profile-square\" data-id=\"29952\" src=\"https:\/\/www.kern-unternehmensnachfolge.com\/wp-content\/uploads\/2024\/02\/reto-faulenbach-profil-quadratisch.jpg\" style=\"aspect-ratio: auto 500 \/ 500;\" width=\"110\" height=\"110\" data-width=\"110\" data-height=\"110\" data-init-width=\"500\" data-init-height=\"500\" loading=\"lazy\"><\/span><\/p>\n<h2 data-hide=\"true\" id=\"t-1654808931768\" style=\"text-align: center;\">Sie haben vertrau\u00adli\u00adche Fragen?&nbsp; Buchen Sie direkt online Ihren Gratis-Wunschtermin<\/h2>\n<h4>Coope\u00adra\u00adti\u00adon in recent months has been charac\u00adte\u00adri\u00adsed by profes\u00adsio\u00adna\u00adlism and&nbsp;trust<\/h4>\n<p>The coope\u00adra\u00adti\u00adon over the past months has been charac\u00adte\u00adri\u00adsed by profes\u00adsio\u00adna\u00adlism and trust; I, too, have always felt well repre\u00adsen\u00adted by you, even though I have been <strong>not<\/strong> was your client. All the greater the compli\u00adment! <span class=\"caps\">MANY<\/span> <span class=\"caps\">THANKS<\/span>!<\/p>\n<p><span>U.S., entre\u00adpre\u00adneur and buyer of a compa\u00adny in Bavaria<\/span><span>,<span class=\"caps\">IT<\/span> services<\/span><\/p>\n<h4>I hope that family businesses will take advan\u00adta\u00adge of your recommendations<\/h4>\n<p>Rarely has the feedback from the audience been so unani\u00admously positi\u00adve! You convey\u00aded the topic authen\u00adti\u00adcal\u00adly and with heart in every respect. I hope that family businesses will take advan\u00adta\u00adge of your recommendations.<\/p>\n<p><span>Ingrid Marten<\/span><span>,Wirtschafts\u00adf\u00f6r\u00adde\u00adrung Wesermarsch<\/span><\/p>\n<h4>Exciting method for sustainable leader\u00adship change<\/h4>\n<p><\/p><p dir=\"ltr\">MeinST\u00adABWECH\u00adSEL ist eine spannen\u00adde Metho\u00adde f\u00fcr einen nachhal\u00adti\u00adgen F\u00fchrungs\u00adwech\u00adsel in Famili\u00aden\u00adun\u00adter\u00adneh\u00admen. Mit erstaun\u00adli\u00adcher Leich\u00adtig\u00adkeit findet man zu eigenen Werten und Bed\u00fcrfnissen.Ziel, Weg und Zeitrah\u00admen erschie\u00adnen mir am Ende der Reise als 3D-Vision f\u00fcr meinen pers\u00f6n\u00adli\u00adchen Stabwech\u00adsel. So habe ich mir in bester Atmosph\u00e4\u00adre und Beglei\u00adtung durch <span class=\"caps\">KERN<\/span> meine \u201eto do-Liste\u201c selbst erarbeitet.<\/p>\n\n<p><span>Klaus-Peter Gust<\/span><span>,Entre\u00adpre\u00adneur<\/span><\/p>\n<h4>Compa\u00adny sale profes\u00adsio\u00adnal\u00adly accom\u00adpa\u00adnied and imple\u00admen\u00adted from start to finish<\/h4>\n<p><\/p><p align=\"justify\"><span class=\"caps\">KERN<\/span> profes\u00adsio\u00adnal\u00adly accom\u00adpa\u00adnied and imple\u00admen\u00adted my compa\u00adny sale from start to finish. Finding a buyer was surpri\u00adsin\u00adgly quick and the subse\u00adquent succes\u00adsi\u00adon process was compe\u00adtent\u00adly accom\u00adpa\u00adnied and modera\u00adted at all&nbsp;times.<\/p>\n\n<p><span>H-J. N., entre\u00adpre\u00adneur from Neuss<\/span><span>,gr\u00f6\u00dfter deutscher H\u00e4ndler einer Premi\u00adum\u00admar\u00adke f\u00fcr Kopie\u00adrer und&nbsp;<span class=\"caps\">DMS<\/span><\/span><\/p>\n<h4>I have enjoy\u00aded working with <span class=\"caps\">KERN<\/span> very&nbsp;much<\/h4>\n<p><\/p><p align=\"justify\">I have very much enjoy\u00aded working with <span class=\"caps\">KERN<\/span> and, as a repre\u00adsen\u00adta\u00adti\u00adve of the buyer side, am always pleased when sellers - especi\u00adal\u00adly family businesses - recei\u00adve holistic advice and are speci\u00adfi\u00adcal\u00adly prepared for a&nbsp;sale.<\/p>\n\n<p><span>F.H., verant\u00adwortl. M<span class=\"amp\">&amp;<\/span>A-Manager in <span class=\"caps\">NRW<\/span><\/span><span>Inter\u00adna\u00adtio\u00adnal services group<\/span><\/p>\n<h4>\u2026 ist es uns gelun\u00adgen, genau das richti\u00adge Unter\u00adneh\u00admen f\u00fcr unsere beson\u00adde\u00adre Nische zu finden<\/h4>\n<p>We had our growth strategy accom\u00adpa\u00adnied by the specia\u00adlists from <span class=\"caps\">KERN<\/span>. With a precise target analy\u00adsis and detail\u00aded market research, we succee\u00added in finding exact\u00adly the right compa\u00adny for our parti\u00adcu\u00adlar niche. The effort invol\u00adved in such a step should not be undere\u00adsti\u00adma\u00adted. With <span class=\"caps\">KERN<\/span>, we have found profes\u00adsio\u00adnal support. At the same time, the succes\u00adsi\u00adon problem of the compa\u00adny to be taken over could be solved substan\u00adti\u00adal\u00adly and in the long&nbsp;term.<\/p>\n<p><span>W.S., Managing Direc\u00adtor from the Frankfurt\/Main area<\/span><span>,Entsor\u00adgungs\u00addienst\u00adleis\u00adter, Markt\u00adf\u00fch\u00adrer in einem Nischensegment<\/span><\/p>\n<h4>\u2026 unser Ziel erreicht und k\u00f6nnen eine Zusam\u00admen\u00adar\u00adbeit mit <span class=\"caps\">KERN<\/span> unbedingt empfehlen<\/h4>\n<p><\/p><p align=\"justify\">The <span class=\"caps\">KERN<\/span> team was recom\u00admen\u00added to me as part of our compa\u00adny sale and, in retro\u00ads\u00adpect, we are very glad to have recei\u00adved this tip. The negotia\u00adti\u00adon process for the sale was complex, lengthy and someti\u00admes threa\u00adten\u00aded by emotio\u00adnal misun\u00adderstan\u00addings in the outco\u00adme. However, thanks to the great experi\u00adence and skill of our <span class=\"caps\">KERN<\/span> consul\u00adtant, we achie\u00adved our goal and can defini\u00adte\u00adly recom\u00admend working with&nbsp;<span class=\"caps\">KERN<\/span>.<\/p>\n\n<p><span>J.F. , Entre\u00adpre\u00adneur in the Osnabr\u00fcck area<\/span><span>,Trade and techni\u00adcal services<\/span><\/p>\n<h4>Final\u00adly time for a new life&nbsp;plan<\/h4>\n<p>Mr Grepp\u00admair from <span class=\"caps\">KERN<\/span> assis\u00adted me with the sale of my caret\u00ada\u00adker service in Munich in an always pleasant and very compe\u00adtent manner. In just nine months, he managed to sell my compa\u00adny at a satis\u00adfac\u00adto\u00adry price despi\u00adte falling sales and the Corona crisis. In doing so, he made a decisi\u00adve contri\u00adbu\u00adti\u00adon to a new life plan that I had longed for for a long time. Many thanks for&nbsp;that!<\/p>\n<p><span>Stefan Krebs<\/span><span>,GEON-Geb\u00e4u\u00adde\u00adma\u00adnage\u00adment<\/span><\/p>\n<h4>Beson\u00adders beein\u00addruckt hat mich die Schnel\u00adlig\u00adkeit und Zielstre\u00adbig\u00adkeit des gesam\u00adten Prozesses<\/h4>\n<p><\/p><p>Der Verkauf der <b>Formtei\u00adle B\u00e4rmann<\/b> inklu\u00adsi\u00adve Immobi\u00adlie und Solar\u00adan\u00adla\u00adge war f\u00fcr mich als Unter\u00adneh\u00admer und Mensch ein sehr gro\u00dfer Schritt. Umso wichti\u00adger war es f\u00fcr mich, einen Berater an meiner Seite zu haben, dem ich voll und ganz vertrau\u00aden konnte.<\/p>\n<p>Mit <b>Reto Faulen\u00adbach<\/b> from <b><span class=\"caps\">KERN<\/span> <\/b>habe ich genau diese Unter\u00adst\u00fct\u00adzung gefun\u00adden. Seine hohe fachli\u00adche Kompe\u00adtenz, die klare Struk\u00adtur im Prozess und sein Gesp\u00fcr f\u00fcr die richti\u00adgen L\u00f6sun\u00adgen haben mir von Anfang an Sicher\u00adheit gegeben.<\/p>\n<p>Beson\u00adders beein\u00addruckt hat mich die Schnel\u00adlig\u00adkeit und Zielstre\u00adbig\u00adkeit des gesam\u00adten Prozes\u00adses: Vom Start der Zusam\u00admen\u00adar\u00adbeit bis zum erfolg\u00adrei\u00adchen Closing vergin\u00adgen ledig\u00adlich <b>sieben Monate<\/b>. In dieser Zeit habe ich mich jeder\u00adzeit bestens beglei\u00adtet, verstan\u00adden und vertre\u00adten gef\u00fchlt.<\/p>\n<p>Dank der profes\u00adsio\u00adnel\u00adlen Vorbe\u00adrei\u00adtung und der souve\u00adr\u00e4\u00adnen Verhand\u00adlungs\u00adf\u00fch\u00adrung konnte ein passen\u00adder priva\u00adter Inves\u00adtor gefun\u00adden werden, der das Unter\u00adneh\u00admen in meinem Sinne weiter\u00adf\u00fchrt. R\u00fcckbli\u00adckend bin ich sehr dankbar f\u00fcr diese Zusam\u00admen\u00adar\u00adbeit und kann <span class=\"caps\">KERN<\/span> unein\u00adge\u00adschr\u00e4nkt weiterempfehlen.<\/p>\n\n<p><span>Marco B\u00e4rmann<\/span><span><\/span><\/p>\n<h4>\u2026 wie wichtig Ihre Themen sind und dass Sie als Referent sehr \u00fcberzeugt haben.<\/h4>\n<p>Thank you very much for your presen\u00adta\u00adti\u00adon at our confe\u00adrence. The unani\u00admously positi\u00adve feedback from the 150 members of the audience confirm\u00aded how important your topics are and that you were very convin\u00adcing as a speak\u00ader from&nbsp;<span class=\"caps\">KERN<\/span>.<\/p>\n<p><span>Lothar Sand<\/span><span>,B\u00f6rsen\u00adver\u00adein des Deutschen Buchhandels<\/span><\/p>\n<h4>Especi\u00adal\u00adly the serious\u00adness and profes\u00adsio\u00adna\u00adlism gave me a safe feeling at all&nbsp;times<\/h4>\n<p>My pre-selec\u00adtion decis\u00adi\u00adon to 100% proved to be the right one. <span class=\"caps\">KERN<\/span> did a really good job from the prepa\u00adra\u00adti\u00adon of my compa\u00adny in an expos\u00e9, to the search for buyers, to the facili\u00adta\u00adti\u00adon of negotia\u00adti\u00adons and the comple\u00adte imple\u00admen\u00adta\u00adti\u00adon of my succes\u00adsi\u00adon. In parti\u00adcu\u00adlar, the serious\u00adness and profes\u00adsio\u00adna\u00adlism gave me a secure feeling at all times. Our goal was successful\u00adly achie\u00adved in a good 8 months. I am happy to recom\u00admend <span class=\"caps\">KERN<\/span> to others.<\/p>\n<p><span>G.O.K., entre\u00adpre\u00adneur from Hamburg<\/span><span>,Service provi\u00adders with own branch locations<\/span><\/p>\n<h4>Auch die beson\u00adders schwie\u00adri\u00adgen Aufga\u00adben\u00adstel\u00adlun\u00adgen \u2026 wurden optimal gel\u00f6st<\/h4>\n<p>I am happy to have chosen <span class=\"caps\">KERN<\/span> as my advisor in my succes\u00adsi\u00adon process. I also checked out other offers before\u00adhand and the relia\u00adbi\u00adli\u00adty and securi\u00adty of <span class=\"caps\">KERN<\/span> was the decisi\u00adve criter\u00adion for me. I felt optimal\u00adly support\u00aded by my <span class=\"caps\">KERN<\/span> consul\u00adtant at all times. Even the parti\u00adcu\u00adlar\u00adly diffi\u00adcult tasks, such as finan\u00adcing questi\u00adons and the drafting of contracts, were solved in the best possi\u00adble way. From me again and&nbsp;again!<\/p>\n<p><span>M.M., entre\u00adpre\u00adneur in the Hanau area near Frank\u00adfurt<\/span><span>,Markt\u00adf\u00fch\u00adrer f\u00fcr Spezi\u00adal\u00addienst\u00adleis\u00adtun\u00adgen und Online-Handelshaus<\/span><\/p>\n<h4><span class=\"caps\">KERN<\/span> has clear\u00adly opened a path for my&nbsp;son<\/h4>\n<p><span class=\"caps\">KERN<\/span>\u2019s coaching has clear\u00adly opened up a path for my son, with which we can now dedica\u00adte oursel\u00adves together to the project of genera\u00adtio\u00adnal change, in the sense of conti\u00adnuing the family business. We as parents simply cannot convey some things in the same way and help to reali\u00adse how a profes\u00adsio\u00adnal coach&nbsp;can.<\/p>\n<p><span>K.V., entre\u00adpre\u00adneur from Frank\u00adfurt<\/span><span>,H\u00e4ndler und Dienst\u00adleis\u00adter im IT-Segment<\/span><\/p>\n<h4>Without the view from outside, we would proba\u00adb\u00adly never have reached our goal so quick\u00adly and safely<\/h4>\n<p><\/p><p align=\"justify\">In the context of my compa\u00adny succes\u00adsi\u00adon, the merger with a compe\u00adti\u00adtor compa\u00adny was the ideal soluti\u00adon. The <span class=\"caps\">KERN<\/span> team, and especi\u00adal\u00adly Mr. Koerber, accom\u00adpa\u00adnied us sensi\u00adtively as a modera\u00adtor and process facili\u00adta\u00adtor and combi\u00adned the interests of both negotia\u00adting partners well. Without the view from outside and the negotia\u00adting experi\u00adence, we would proba\u00adb\u00adly never have reached our goal so quick\u00adly and safely!<\/p>\n\n<p><span>J.K. Entre\u00adpre\u00adneur from Berlin<\/span><span>,Trade and services<\/span><\/p>\n<h4>Profes\u00adsio\u00adnal and relia\u00adble until successful completion<\/h4>\n<p>Gerade in den schwie\u00adri\u00adgen Phasen hat mein Berater die L\u00fccken geschlos\u00adsen und einer Weiter\u00adver\u00adhand\u00adlung den Weg berei\u00adtet .Alles war profes\u00adsio\u00adnell und zuver\u00adl\u00e4s\u00adsig , Bespre\u00adchun\u00adgen auch au\u00dfer\u00adhalb der gew\u00f6hn\u00adli\u00adchen Gesch\u00e4fts\u00adzei\u00adten waren jeder Zeit m\u00f6glich .Fachlich f\u00fchle ich mich umfang\u00adreich und gut aufge\u00adho\u00adben, der erfolg\u00adrei\u00adche Abschluss ist Ausdruck der KERN-Kompetenz!<\/p>\n<p><span>J.M.<\/span><span><\/span><\/p>\n<h4>Geschwin\u00addig\u00adkeit beein\u00addru\u00adckend,&nbsp;Form immer der Situa\u00adti\u00adon angebracht, Verhal\u00adten ehrlich&nbsp;\u2026<\/h4>\n<p>I would like to thank you very much for your support during the sale of the compa\u00adny. The speed was impres\u00adsi\u00adve, the form always appro\u00adpria\u00adte to the situa\u00adti\u00adon, the behaviour honest and unpre\u00adten\u00adtious - it could\u00adn\u2019t have been better! Thanks to your support, we were able to conclude this project satis\u00adfac\u00adto\u00adri\u00adly for all of&nbsp;us.<\/p>\n<p><span>C.K., entre\u00adpre\u00adneur from the Weser-Ems region<\/span><span>,Produc\u00adtion compa\u00adny and trading company<\/span><\/p>\n<h4>\u2026 sind \u00fcberrascht, welch tolle Energien in allen von uns freige\u00adsetzt worden sind<\/h4>\n<p><\/p><p align=\"justify\">Change also means dealing with the cultu\u00adre, the goals, the respon\u00adsi\u00adbi\u00adli\u00adties and the \u201crules of the game\u201d in a compa\u00adny. With <span class=\"caps\">KERN<\/span>, we have embark\u00aded on the exciting path of creating our own indivi\u00addu\u00adal corpo\u00adra\u00adte philo\u00adso\u00adphy and have been surpri\u00adsed at the great energies that have been released in all of us. For the benefit of our custo\u00admers, employees and the entire compa\u00adny. Thanks to <span class=\"caps\">KERN<\/span> for the targe\u00adted and profes\u00adsio\u00adnal modera\u00adti\u00adon and development.<\/p>\n\n<p><span>G-O.B, entre\u00adpre\u00adneur from Koblenz<\/span><span>,H\u00e4ndler und Dienst\u00adleis\u00adter Hard- und Softwarebereich<\/span><span><\/span><span><\/span><\/p>\n<h4>I have enjoy\u00aded working with <span class=\"caps\">KERN<\/span> very&nbsp;much<\/h4>\n<p><span>F.H., verant\u00adwortl. M<span class=\"amp\">&amp;<\/span>A-Manager in <span class=\"caps\">NRW<\/span><\/span><span>Inter\u00adna\u00adtio\u00adnal services group<\/span><\/p>\n<p><\/p><p align=\"justify\">I have very much enjoy\u00aded working with <span class=\"caps\">KERN<\/span> and, as a repre\u00adsen\u00adta\u00adti\u00adve of the buyer side, am always pleased when sellers - especi\u00adal\u00adly family businesses - recei\u00adve holistic advice and are speci\u00adfi\u00adcal\u00adly prepared for a&nbsp;sale.<\/p>\n\n<h4>Coope\u00adra\u00adti\u00adon in recent months has been charac\u00adte\u00adri\u00adsed by profes\u00adsio\u00adna\u00adlism and&nbsp;trust<\/h4>\n<p><span>U.S., entre\u00adpre\u00adneur and buyer of a compa\u00adny in Bavaria<\/span><span><span class=\"caps\">IT<\/span> services<\/span><\/p>\n<p>The coope\u00adra\u00adti\u00adon over the past months has been charac\u00adte\u00adri\u00adsed by profes\u00adsio\u00adna\u00adlism and trust; I, too, have always felt well repre\u00adsen\u00adted by you, even though I have been <strong>not<\/strong> was your client. All the greater the compli\u00adment! <span class=\"caps\">MANY<\/span> <span class=\"caps\">THANKS<\/span>!<\/p>\n<h4>I hope that family businesses will take advan\u00adta\u00adge of your recommendations<\/h4>\n<p><span>Ingrid Marten<\/span><span>Wirtschafts\u00adf\u00f6r\u00adde\u00adrung Wesermarsch<\/span><\/p>\n<p>Rarely has the feedback from the audience been so unani\u00admously positi\u00adve! You convey\u00aded the topic authen\u00adti\u00adcal\u00adly and with heart in every respect. I hope that family businesses will take advan\u00adta\u00adge of your recommendations.<\/p>\n<h2 style=\"text-align: left;\">What can we do for&nbsp;you?<\/h2>\n<p>Reto Faulen\u00adbach ist Ihr kompe\u00adten\u00adter Exper\u00adte f\u00fcr Unternehmens\u00adnachfolge in Bayreuth.Mit \u00fcber 40 Stand\u00ador\u00adten in der gesam\u00adten DACH-Region und Europa sind wir seit \u00fcber 20 Jahren die Spezia\u00adlis\u00adten f\u00fcr den Mittelstand.Wir verkau\u00adfen Ihr Lebens\u00adwerk, beglei\u00adten inner\u00adfa\u00admi\u00adli\u00e4\u00adre Prozes\u00adse im Generations\u00adwechsel oder sind beim Kauf von Firmen an Ihrer Seite.Lassen Sie uns zu Ihren Anlie\u00adgen jetzt in den Austausch kommen.<\/p>\n<p><span style=\"width: 100%;\"><img decoding=\"async\" alt title=\"reto-faulenbach-profile-transverse\" data-id=\"29951\" src=\"https:\/\/www.kern-unternehmensnachfolge.com\/wp-content\/uploads\/2024\/02\/reto-faulenbach-profil-quer.jpg\" style=\"aspect-ratio: auto 800 \/ 394;\" width=\"363\" height=\"179\" data-width=\"363\" data-height=\"179\" data-init-width=\"800\" data-init-height=\"394\" loading=\"lazy\"><\/span><\/p>\n<p style=\"text-align: left;\"><strong>M<span class=\"amp\">&amp;<\/span>A Beratung f\u00fcr Unternehmens\u00adnachfolge <span class=\"amp\">&amp;<\/span> Unter\u00adnehmens\u00adverkauf in Bayreuth<\/strong> Recht\u00adlich unabh\u00e4n\u00adgi\u00adger Stand\u00adort Reto Faulen\u00adbach Oberkon\u00adners\u00adreu\u00adther Stra\u00dfe <span class=\"caps\">6A<\/span> 95448 Bayreuth<\/p>\n<p style=\"text-align: left;\">Phone <a href=\"tel:+4915129059311\" target=\"_blank\" style=\"outline: none;\">+49 151-29 05 93 11<\/a>&nbsp;<a href=\"mailto:bayreuth@kern-unternehmensnachfolge.com\" style=\"outline: none; color: rgb(0, 115, 198) !important;\" target=\"_blank\">bayreuth@kern-unternehmensnachfolge.com<\/a><\/p>\n<p><span style=\"width: 100%;\"><img decoding=\"async\" alt title=\"rate me - Google\" data-id=\"32554\" src=\"https:\/\/www.kern-unternehmensnachfolge.com\/wp-content\/uploads\/2025\/01\/bewerten-Sie-mich-Google.png\" style=\"aspect-ratio: auto 300 \/ 300;\" width=\"220\" height=\"220\" data-width=\"220\" data-height=\"220\" data-init-width=\"300\" data-init-height=\"300\" loading=\"lazy\"><\/span><a href=\"https:\/\/www.linkedin.com\/in\/reto-faulenbach-30a28b1a0\/\" target=\"_blank\" rel=\"noopener\"><\/a><\/p>","protected":false},"excerpt":{"rendered":"<p>Firmennachfolger gesucht?&nbsp; KERN ist Ihr zuverl\u00e4ssiger Partner Reto Faulenbach &#8211; M&amp;A Beratung f\u00fcr Unternehmensnachfolge &amp; Unternehmensverkauf in Bayreuth \u2605\u2605\u2605\u2605\u2605 &nbsp;5.0 [&hellip;]<\/p>\n","protected":false},"author":1,"featured_media":0,"parent":27709,"menu_order":0,"comment_status":"closed","ping_status":"closed","template":"","meta":{"wp_typography_post_enhancements_disabled":false,"_kad_blocks_custom_css":"","_kad_blocks_head_custom_js":"","_kad_blocks_body_custom_js":"","_kad_blocks_footer_custom_js":"","site-sidebar-layout":"no-sidebar","site-content-layout":"page-builder","ast-site-content-layout":"full-width-container","site-content-style":"unboxed","site-sidebar-style":"unboxed","ast-global-header-display":"disabled","ast-banner-title-visibility":"disabled","ast-main-header-display":"","ast-hfb-above-header-display":"","ast-hfb-below-header-display":"","ast-hfb-mobile-header-display":"","site-post-title":"","ast-breadcrumbs-content":"","ast-featured-img":"","footer-sml-layout":"disabled","ast-disable-related-posts":"","theme-transparent-header-meta":"","adv-header-id-meta":"","stick-header-meta":"","header-above-stick-meta":"","header-main-stick-meta":"","header-below-stick-meta":"","astra-migrate-meta-layouts":"set","ast-page-background-enabled":"default","ast-page-background-meta":{"desktop":{"background-color":"","background-image":"","background-repeat":"repeat","background-position":"center center","background-size":"auto","background-attachment":"scroll","background-type":"","background-media":"","overlay-type":"","overlay-color":"","overlay-opacity":"","overlay-gradient":""},"tablet":{"background-color":"","background-image":"","background-repeat":"repeat","background-position":"center center","background-size":"auto","background-attachment":"scroll","background-type":"","background-media":"","overlay-type":"","overlay-color":"","overlay-opacity":"","overlay-gradient":""},"mobile":{"background-color":"","background-image":"","background-repeat":"repeat","background-position":"center center","background-size":"auto","background-attachment":"scroll","background-type":"","background-media":"","overlay-type":"","overlay-color":"","overlay-opacity":"","overlay-gradient":""}},"ast-content-background-meta":{"desktop":{"background-color":"var(--ast-global-color-5)","background-image":"","background-repeat":"repeat","background-position":"center center","background-size":"auto","background-attachment":"scroll","background-type":"","background-media":"","overlay-type":"","overlay-color":"","overlay-opacity":"","overlay-gradient":""},"tablet":{"background-color":"var(--ast-global-color-5)","background-image":"","background-repeat":"repeat","background-position":"center center","background-size":"auto","background-attachment":"scroll","background-type":"","background-media":"","overlay-type":"","overlay-color":"","overlay-opacity":"","overlay-gradient":""},"mobile":{"background-color":"var(--ast-global-color-5)","background-image":"","background-repeat":"repeat","background-position":"center center","background-size":"auto","background-attachment":"scroll","background-type":"","background-media":"","overlay-type":"","overlay-color":"","overlay-opacity":"","overlay-gradient":""}},"iawp_total_views":55,"footnotes":""},"class_list":["post-29944","page","type-page","status-publish","hentry"],"taxonomy_info":[],"featured_image_src_large":false,"author_info":{"display_name":"filialleiter","author_link":"https:\/\/www.kern-unternehmensnachfolge.com\/en\/author\/filialleiter\/"},"comment_info":0,"_links":{"self":[{"href":"https:\/\/www.kern-unternehmensnachfolge.com\/en\/wp-json\/wp\/v2\/pages\/29944","targetHints":{"allow":["GET"]}}],"collection":[{"href":"https:\/\/www.kern-unternehmensnachfolge.com\/en\/wp-json\/wp\/v2\/pages"}],"about":[{"href":"https:\/\/www.kern-unternehmensnachfolge.com\/en\/wp-json\/wp\/v2\/types\/page"}],"author":[{"embeddable":true,"href":"https:\/\/www.kern-unternehmensnachfolge.com\/en\/wp-json\/wp\/v2\/users\/1"}],"replies":[{"embeddable":true,"href":"https:\/\/www.kern-unternehmensnachfolge.com\/en\/wp-json\/wp\/v2\/comments?post=29944"}],"version-history":[{"count":0,"href":"https:\/\/www.kern-unternehmensnachfolge.com\/en\/wp-json\/wp\/v2\/pages\/29944\/revisions"}],"up":[{"embeddable":true,"href":"https:\/\/www.kern-unternehmensnachfolge.com\/en\/wp-json\/wp\/v2\/pages\/27709"}],"wp:attachment":[{"href":"https:\/\/www.kern-unternehmensnachfolge.com\/en\/wp-json\/wp\/v2\/media?parent=29944"}],"curies":[{"name":"wp","href":"https:\/\/api.w.org\/{rel}","templated":true}]}}